{"id":4011,"date":"2017-10-05T12:41:49","date_gmt":"2017-10-05T10:41:49","guid":{"rendered":"https:\/\/www.parola.it\/home\/"},"modified":"2024-10-30T14:26:27","modified_gmt":"2024-10-30T13:26:27","slug":"home","status":"publish","type":"page","link":"https:\/\/www.parola.it\/tr\/","title":{"rendered":"HOME"},"content":{"rendered":"<p>[et_pb_section fb_built=&#8221;1&#8243; fullwidth=&#8221;on&#8221; _builder_version=&#8221;4.16&#8243; global_colors_info=&#8221;{}&#8221;][et_pb_fullwidth_slider show_content_on_mobile=&#8221;off&#8221; show_cta_on_mobile=&#8221;off&#8221; _builder_version=&#8221;4.16&#8243; header_font_size=&#8221;40&#8243; background_position=&#8221;top_left&#8221; custom_padding=&#8221;|||&#8221; auto=&#8221;on&#8221; auto_speed=&#8221;3000&#8243; auto_ignore_hover=&#8221;on&#8221; global_colors_info=&#8221;{}&#8221; button_text_size__hover_enabled=&#8221;off&#8221; button_text_size__hover=&#8221;null&#8221; button_one_text_size__hover_enabled=&#8221;off&#8221; button_one_text_size__hover=&#8221;null&#8221; button_two_text_size__hover_enabled=&#8221;off&#8221; button_two_text_size__hover=&#8221;null&#8221; button_text_color__hover_enabled=&#8221;off&#8221; button_text_color__hover=&#8221;null&#8221; button_one_text_color__hover_enabled=&#8221;off&#8221; button_one_text_color__hover=&#8221;null&#8221; button_two_text_color__hover_enabled=&#8221;off&#8221; button_two_text_color__hover=&#8221;null&#8221; button_border_width__hover_enabled=&#8221;off&#8221; button_border_width__hover=&#8221;null&#8221; button_one_border_width__hover_enabled=&#8221;off&#8221; button_one_border_width__hover=&#8221;null&#8221; button_two_border_width__hover_enabled=&#8221;off&#8221; button_two_border_width__hover=&#8221;null&#8221; button_border_color__hover_enabled=&#8221;off&#8221; button_border_color__hover=&#8221;null&#8221; button_one_border_color__hover_enabled=&#8221;off&#8221; button_one_border_color__hover=&#8221;null&#8221; button_two_border_color__hover_enabled=&#8221;off&#8221; button_two_border_color__hover=&#8221;null&#8221; button_border_radius__hover_enabled=&#8221;off&#8221; button_border_radius__hover=&#8221;null&#8221; button_one_border_radius__hover_enabled=&#8221;off&#8221; button_one_border_radius__hover=&#8221;null&#8221; button_two_border_radius__hover_enabled=&#8221;off&#8221; button_two_border_radius__hover=&#8221;null&#8221; button_letter_spacing__hover_enabled=&#8221;off&#8221; button_letter_spacing__hover=&#8221;null&#8221; button_one_letter_spacing__hover_enabled=&#8221;off&#8221; button_one_letter_spacing__hover=&#8221;null&#8221; button_two_letter_spacing__hover_enabled=&#8221;off&#8221; button_two_letter_spacing__hover=&#8221;null&#8221; button_bg_color__hover_enabled=&#8221;off&#8221; button_bg_color__hover=&#8221;null&#8221; button_one_bg_color__hover_enabled=&#8221;off&#8221; button_one_bg_color__hover=&#8221;null&#8221; button_two_bg_color__hover_enabled=&#8221;off&#8221; button_two_bg_color__hover=&#8221;null&#8221;][et_pb_slide heading=&#8221;Parola Dil Okulu ile Floransa&#8217;da Italyanca \u00d6\u011frenin&#8221; button_text=&#8221;DAHA FAZLA&#8221; button_link=&#8221;https:\/\/www.parola.it\/tr\/tr_floransa_italyanca_kursu&#8221; use_bg_overlay=&#8221;off&#8221; use_text_overlay=&#8221;off&#8221; _builder_version=&#8221;4.16&#8243; background_image=&#8221;https:\/\/www.parola.it\/wp-content\/uploads\/2019\/01\/italian-language-school-florence-1.jpg&#8221; button_on_hover=&#8221;on&#8221; global_colors_info=&#8221;{}&#8221; sticky_transition=&#8221;on&#8221;][\/et_pb_slide][\/et_pb_fullwidth_slider][\/et_pb_section][et_pb_section fb_built=&#8221;1&#8243; specialty=&#8221;on&#8221; _builder_version=&#8221;4.16&#8243; custom_padding=&#8221;0|0px|41px|0px|false|false&#8221; global_colors_info=&#8221;{}&#8221;][et_pb_column type=&#8221;3_4&#8243; specialty_columns=&#8221;3&#8243; _builder_version=&#8221;4.16&#8243; custom_padding=&#8221;|||&#8221; global_colors_info=&#8221;{}&#8221; custom_padding__hover=&#8221;|||&#8221;][et_pb_row_inner admin_label=&#8221;Riga&#8221; _builder_version=&#8221;4.16&#8243; custom_padding=&#8221;13px|0px|0px|0px|false|false&#8221; global_colors_info=&#8221;{}&#8221;][et_pb_column_inner saved_specialty_column_type=&#8221;3_4&#8243; _builder_version=&#8221;4.16&#8243; custom_padding=&#8221;|||&#8221; global_colors_info=&#8221;{}&#8221; custom_padding__hover=&#8221;|||&#8221;][et_pb_text admin_label=&#8221;Testo TUr&#8221; _builder_version=&#8221;4.16&#8243; text_orientation=&#8221;justified&#8221; module_alignment=&#8221;left&#8221; global_colors_info=&#8221;{}&#8221;]<\/p>\n<h1 style=\"text-align: left;\">Parola. Floransa&#8217;da \u0130talyanca dil okulu<\/h1>\n<h2 style=\"text-align: left;\">Floransa&#8217;da yabancilar i\u00e7in italyanca kursu<\/h2>\n<p>Floransa&#8217;daki <strong>\u0130talyanca dil okulu Parola<\/strong>&#8216;ya ho\u015f geldiniz!<\/p>\n<p>Italyanca dil okulu Parola, Floransa&#8217;nin tarihi merkezinde yer alir ve italyanca dil okullari arasinda \u00e7ok \u00fcnl\u00fc ve taninmistir.<\/p>\n<p><strong>Okul ortami \u00e7ok hos ve arkadas\u00e7adir<\/strong>, ayni zamanda \u00f6gretmenler nazik ve profesyoneldir.<\/p>\n<p>Okul Santa Croce b\u00f6lgesinde bulunur, birka\u00e7 metre \u00f6tede muazzam Santa Croce Kilise&#8217;si yer alir. Burada italyan sanati ve k\u00fclt\u00fcr\u00fcn\u00fcn en b\u00fcy\u00fck artistleri g\u00f6m\u00fclm\u00fcst\u00fcr; heykeltras Michelangelo&#8217;dan bilimadami Galileo Galilei&#8217;ye, besteci Rossini&#8217; den sair Ugo Foscolo&#8217;ya kadar.<\/p>\n<p>[\/et_pb_text][et_pb_button button_url=&#8221;https:\/\/www.parola.it\/tr\/tr-2010-fiyat-listemiz&#8221; button_text=&#8221;FIYAT LISTESI&#8221; button_alignment=&#8221;left&#8221; _builder_version=&#8221;4.16&#8243; background_layout=&#8221;dark&#8221; global_colors_info=&#8221;{}&#8221; button_text_size__hover_enabled=&#8221;off&#8221; button_text_size__hover=&#8221;null&#8221; button_one_text_size__hover_enabled=&#8221;off&#8221; button_one_text_size__hover=&#8221;null&#8221; button_two_text_size__hover_enabled=&#8221;off&#8221; button_two_text_size__hover=&#8221;null&#8221; button_text_color__hover_enabled=&#8221;off&#8221; button_text_color__hover=&#8221;null&#8221; button_one_text_color__hover_enabled=&#8221;off&#8221; button_one_text_color__hover=&#8221;null&#8221; button_two_text_color__hover_enabled=&#8221;off&#8221; button_two_text_color__hover=&#8221;null&#8221; button_border_width__hover_enabled=&#8221;off&#8221; button_border_width__hover=&#8221;null&#8221; button_one_border_width__hover_enabled=&#8221;off&#8221; button_one_border_width__hover=&#8221;null&#8221; button_two_border_width__hover_enabled=&#8221;off&#8221; button_two_border_width__hover=&#8221;null&#8221; button_border_color__hover_enabled=&#8221;off&#8221; button_border_color__hover=&#8221;null&#8221; button_one_border_color__hover_enabled=&#8221;off&#8221; button_one_border_color__hover=&#8221;null&#8221; button_two_border_color__hover_enabled=&#8221;off&#8221; button_two_border_color__hover=&#8221;null&#8221; button_border_radius__hover_enabled=&#8221;off&#8221; button_border_radius__hover=&#8221;null&#8221; button_one_border_radius__hover_enabled=&#8221;off&#8221; button_one_border_radius__hover=&#8221;null&#8221; button_two_border_radius__hover_enabled=&#8221;off&#8221; button_two_border_radius__hover=&#8221;null&#8221; button_letter_spacing__hover_enabled=&#8221;off&#8221; button_letter_spacing__hover=&#8221;null&#8221; button_one_letter_spacing__hover_enabled=&#8221;off&#8221; button_one_letter_spacing__hover=&#8221;null&#8221; button_two_letter_spacing__hover_enabled=&#8221;off&#8221; button_two_letter_spacing__hover=&#8221;null&#8221; button_bg_color__hover_enabled=&#8221;off&#8221; button_bg_color__hover=&#8221;null&#8221; button_one_bg_color__hover_enabled=&#8221;off&#8221; button_one_bg_color__hover=&#8221;null&#8221; button_two_bg_color__hover_enabled=&#8221;off&#8221; button_two_bg_color__hover=&#8221;null&#8221;]<br \/>\n[\/et_pb_button][\/et_pb_column_inner][\/et_pb_row_inner][et_pb_row_inner admin_label=&#8221;Riga&#8221; _builder_version=&#8221;4.16&#8243; custom_padding=&#8221;26.9375px|0px|0px|0px&#8221; global_colors_info=&#8221;{}&#8221;][et_pb_column_inner saved_specialty_column_type=&#8221;3_4&#8243; _builder_version=&#8221;4.16&#8243; custom_padding=&#8221;|||&#8221; global_colors_info=&#8221;{}&#8221; custom_padding__hover=&#8221;|||&#8221;][et_pb_text _builder_version=&#8221;4.16&#8243; text_orientation=&#8221;justified&#8221; module_alignment=&#8221;justified&#8221; global_colors_info=&#8221;{}&#8221;]<\/p>\n<h3>Okul ile Floransa&#8217;da \u0130talyanca kurslar\u0131<\/h3>\n<p>Italyanca dil kurslari b\u00fct\u00fcn yil boyunca pazartesiden cumaya yapilmaktadir. Parola dil okulu bireysel italyanca kurslarinin yani sira ayrica tarih, sanat, \u00e7izim teknigi ve m\u00fczik gibi ek kurslar da g\u00f6stermektedir.<\/p>\n<p>Italyanca egitimi her yastan \u00f6grenci i\u00e7in yapilmaktadir. Italyanca dili diplomasi isteyen \u00f6grenciler i\u00e7in Parola dil okulu ayni zamanda\u00a0<strong>CILS<\/strong>\u00a0sinavi i\u00e7in hazirlik kursu da yapmaktadir.<\/p>\n<p>[\/et_pb_text][et_pb_button button_url=&#8221;https:\/\/www.parola.it\/tr\/tr_floransa_italyanca_kursu&#8221; button_text=&#8221;ITALYANCA KURSLAR\u0130&#8221; button_alignment=&#8221;left&#8221; _builder_version=&#8221;4.16&#8243; background_layout=&#8221;dark&#8221; global_colors_info=&#8221;{}&#8221; button_text_size__hover_enabled=&#8221;off&#8221; button_text_size__hover=&#8221;null&#8221; button_one_text_size__hover_enabled=&#8221;off&#8221; button_one_text_size__hover=&#8221;null&#8221; button_two_text_size__hover_enabled=&#8221;off&#8221; button_two_text_size__hover=&#8221;null&#8221; button_text_color__hover_enabled=&#8221;off&#8221; button_text_color__hover=&#8221;null&#8221; button_one_text_color__hover_enabled=&#8221;off&#8221; button_one_text_color__hover=&#8221;null&#8221; button_two_text_color__hover_enabled=&#8221;off&#8221; button_two_text_color__hover=&#8221;null&#8221; button_border_width__hover_enabled=&#8221;off&#8221; button_border_width__hover=&#8221;null&#8221; button_one_border_width__hover_enabled=&#8221;off&#8221; button_one_border_width__hover=&#8221;null&#8221; button_two_border_width__hover_enabled=&#8221;off&#8221; button_two_border_width__hover=&#8221;null&#8221; button_border_color__hover_enabled=&#8221;off&#8221; button_border_color__hover=&#8221;null&#8221; button_one_border_color__hover_enabled=&#8221;off&#8221; button_one_border_color__hover=&#8221;null&#8221; button_two_border_color__hover_enabled=&#8221;off&#8221; button_two_border_color__hover=&#8221;null&#8221; button_border_radius__hover_enabled=&#8221;off&#8221; button_border_radius__hover=&#8221;null&#8221; button_one_border_radius__hover_enabled=&#8221;off&#8221; button_one_border_radius__hover=&#8221;null&#8221; button_two_border_radius__hover_enabled=&#8221;off&#8221; button_two_border_radius__hover=&#8221;null&#8221; button_letter_spacing__hover_enabled=&#8221;off&#8221; button_letter_spacing__hover=&#8221;null&#8221; button_one_letter_spacing__hover_enabled=&#8221;off&#8221; button_one_letter_spacing__hover=&#8221;null&#8221; button_two_letter_spacing__hover_enabled=&#8221;off&#8221; button_two_letter_spacing__hover=&#8221;null&#8221; button_bg_color__hover_enabled=&#8221;off&#8221; button_bg_color__hover=&#8221;null&#8221; button_one_bg_color__hover_enabled=&#8221;off&#8221; button_one_bg_color__hover=&#8221;null&#8221; button_two_bg_color__hover_enabled=&#8221;off&#8221; button_two_bg_color__hover=&#8221;null&#8221;]<br \/>\n[\/et_pb_button][\/et_pb_column_inner][\/et_pb_row_inner][et_pb_row_inner admin_label=&#8221;Riga&#8221; _builder_version=&#8221;4.16&#8243; custom_padding=&#8221;29.5313px|0px|0px|0px&#8221; global_colors_info=&#8221;{}&#8221;][et_pb_column_inner saved_specialty_column_type=&#8221;3_4&#8243; _builder_version=&#8221;4.16&#8243; custom_padding=&#8221;|||&#8221; global_colors_info=&#8221;{}&#8221; custom_padding__hover=&#8221;|||&#8221;][et_pb_text admin_label=&#8221;Testo + Foto&#8221; _builder_version=&#8221;4.16&#8243; text_orientation=&#8221;justified&#8221; module_alignment=&#8221;left&#8221; global_colors_info=&#8221;{}&#8221;]<\/p>\n<h3>Italyanca&#8217;yi Parola dil okulu ile \u00f6grenmek<\/h3>\n<p>[\/et_pb_text][et_pb_image src=&#8221;https:\/\/www.parola.it\/wp-content\/uploads\/2017\/10\/IMG_0880-2.jpg&#8221; alt=&#8221;Individual Italian language course in Florence at Parola&#8221; align_tablet=&#8221;center&#8221; align_phone=&#8221;&#8221; align_last_edited=&#8221;on|desktop&#8221; _builder_version=&#8221;4.16&#8243; border_style=&#8221;solid&#8221; global_colors_info=&#8221;{}&#8221;]<br \/>\n[\/et_pb_image][et_pb_text admin_label=&#8221;Testo + Foto&#8221; _builder_version=&#8221;4.16&#8243; text_orientation=&#8221;justified&#8221; module_alignment=&#8221;left&#8221; global_colors_info=&#8221;{}&#8221;]<\/p>\n<p>Parola dil okulu, italyanca dil kursunun yani sira \u00f6grencilere Floransa&#8217;nin i\u00e7inde ve etrafindaki b\u00f6lgelerde eglendirici aktiviteler ve haftasonu gezileri d\u00fczenlemektedir.<\/p>\n<p>Okulumuz, italyanca dil \u00f6grenimini kolaylastirmak i\u00e7in sosyal bir ortam saglar ve unutulmaz tecr\u00fcbelerin yani sira m\u00fckemmel arkadasliklar olusturur.<\/p>\n<p>Parola dil okulunun italyanca dil kursu fiyatlari olduk\u00e7a uygundur. Son 7 yilki fiyatlarimiz aynidir ve 2020 yili i\u00e7inde ayni fiyatlarimizi s\u00fcrd\u00fcrmekteyiz. Ayrica, okulumuz \u00e7ok uluslu bir okuldur ve \u00f6grencilerimiz d\u00fcnyanin d\u00f6rt bir yanindan, 50 \u00fclkeden italyanca \u00f6grenmek i\u00e7in kursumuza gelmektedir.<\/p>\n<p>[\/et_pb_text][\/et_pb_column_inner][\/et_pb_row_inner][et_pb_row_inner admin_label=&#8221;Riga&#8221; _builder_version=&#8221;4.16&#8243; global_colors_info=&#8221;{}&#8221;][et_pb_column_inner saved_specialty_column_type=&#8221;3_4&#8243; _builder_version=&#8221;4.16&#8243; custom_padding=&#8221;|||&#8221; global_colors_info=&#8221;{}&#8221; custom_padding__hover=&#8221;|||&#8221;][et_pb_text _builder_version=&#8221;4.16&#8243; text_orientation=&#8221;justified&#8221; module_alignment=&#8221;left&#8221; global_colors_info=&#8221;{}&#8221;]<\/p>\n<h3>Italyanca kurslari s\u00fcresince Floransa&#8217;daki konut ve daireler<\/h3>\n<p>Kurs sekreterligi \u00f6grenciler i\u00e7in daireler bulabilir. Bunlar; aile yani, apartman dairesi (self-catering) , otel ve pansiyonlardir. Elbette kayit ve \u00f6deme konusunda bilgi verilecektir.<\/p>\n<p>[\/et_pb_text][et_pb_text _builder_version=&#8221;4.16&#8243; text_orientation=&#8221;justified&#8221; module_alignment=&#8221;left&#8221; global_colors_info=&#8221;{}&#8221;]<\/p>\n<h3>\u00d6grenci apartman daireleri<\/h3>\n<p>Kendi \u00f6zg\u00fcrl\u00fcg\u00fcn\u00fc seven \u00f6grenciler i\u00e7in ideal \u00e7\u00f6z\u00fcmd\u00fcr. Genellikle b\u00f6lgenin merkezinde yer alir ve kolaylikla kamusal alanlara ulasilabilinir.<\/p>\n<p>[\/et_pb_text][et_pb_text _builder_version=&#8221;4.16&#8243; text_orientation=&#8221;justified&#8221; module_alignment=&#8221;left&#8221; global_colors_info=&#8221;{}&#8221;]<\/p>\n<h3>Aile yaninda odalar<\/h3>\n<p>Italyan ailelerinin yasam tarzlarini tanimak ve kurs egitimi boyunca italyanca dilini aile ile beraber kullanmak isteyen \u00f6grenciler i\u00e7in ideal \u00e7\u00f6z\u00fcmd\u00fcr.<\/p>\n<p>[\/et_pb_text][et_pb_text admin_label=&#8221;Testo + Foto&#8221; _builder_version=&#8221;4.16&#8243; text_orientation=&#8221;justified&#8221; module_alignment=&#8221;left&#8221; global_colors_info=&#8221;{}&#8221;]<\/p>\n<h3>\u00d6grenci istegine g\u00f6re<\/h3>\n<p>[\/et_pb_text][et_pb_image src=&#8221;https:\/\/www.parola.it\/wp-content\/uploads\/2017\/10\/IMG_0859.jpg&#8221; alt=&#8221;Teacher Nadia in an Italan grammar class in Florence&#8221; align_tablet=&#8221;center&#8221; align_phone=&#8221;&#8221; align_last_edited=&#8221;on|desktop&#8221; _builder_version=&#8221;4.16&#8243; border_style=&#8221;solid&#8221; global_colors_info=&#8221;{}&#8221;]<br \/>\n[\/et_pb_image][et_pb_text admin_label=&#8221;Testo + Foto&#8221; _builder_version=&#8221;4.16&#8243; text_orientation=&#8221;justified&#8221; module_alignment=&#8221;left&#8221; global_colors_info=&#8221;{}&#8221;]<\/p>\n<h3>Otel veya pansiyon bulmak m\u00fcmk\u00fcnd\u00fcr.<\/h3>\n<p>Daire fiyatlarini \u00f6grenmek i\u00e7in l\u00fctfen ingilizce sitemizde yer alan\u00a0<a href=\"https:\/\/www.parola.it\/school-parola-location\"><strong>Floransa&#8217;da Konaklama<\/strong><\/a> b\u00f6l\u00fcm\u00fcne bakiniz.<\/p>\n<p>[\/et_pb_text][\/et_pb_column_inner][\/et_pb_row_inner][et_pb_row_inner admin_label=&#8221;Riga&#8221; _builder_version=&#8221;4.16&#8243; custom_padding=&#8221;0px|0px|0px|0px&#8221; global_colors_info=&#8221;{}&#8221;][et_pb_column_inner saved_specialty_column_type=&#8221;3_4&#8243; _builder_version=&#8221;4.16&#8243; custom_padding=&#8221;|||&#8221; global_colors_info=&#8221;{}&#8221; custom_padding__hover=&#8221;|||&#8221;][et_pb_text admin_label=&#8221;Testo + Foto&#8221; _builder_version=&#8221;4.16&#8243; text_orientation=&#8221;justified&#8221; module_alignment=&#8221;left&#8221; global_colors_info=&#8221;{}&#8221;]<\/p>\n<h3 style=\"text-align: left;\">Okuldan arta kalan bos zamanlar i\u00e7in etkinlikler ve faaliyetler<\/h3>\n<p>Okulun en \u00f6nemli karakteristik \u00f6zelligi s\u00fcrekli olarak yapilan ek kurslar ve okulla ilgili ekstra aktivitelerdir. Bu aktiviteler sayesinde italyan k\u00fclt\u00fcr\u00fcn\u00fc, yasam stilini ve geleneklerini okulumuz \u00f6gretmenleri esliginde, ayrica; film g\u00f6sterimleri, toplantilar ve kitap okumalari gibi bir\u00e7ok organizasyon okulumuz tarafindan saglanmaktadir.<\/p>\n<p>Okulumuz ayrica Florence for fun isimli organizasyon sirketiyle birlikte Italya&#8217;nin en g\u00fczel sehirlerine ve b\u00f6lgelerine geziler d\u00fczenlemektedir. Bunlar; Chianti, Floransa&#8217;nin \u00e7evresi, San Gimignano, Pisa, Lucca, Perugia, Assisi, Venezia ve Cinque Terre.<\/p>\n<p>[\/et_pb_text][et_pb_divider color=&#8221;#d6d6d6&#8243; admin_label=&#8221;Modulo separatore giusto&#8221; _builder_version=&#8221;4.16&#8243; background_color=&#8221;#ffffff&#8221; min_height=&#8221;0px&#8221; height=&#8221;3px&#8221; custom_margin=&#8221;27px||24px||false|false&#8221; border_color_all=&#8221;rgba(0,0,0,0)&#8221; border_style_all=&#8221;none&#8221; border_color_top=&#8221;#999999&#8243; border_style_top=&#8221;solid&#8221; border_style_left=&#8221;outset&#8221; saved_tabs=&#8221;all&#8221; global_colors_info=&#8221;{}&#8221;][\/et_pb_divider][et_pb_text _builder_version=&#8221;4.16&#8243; _module_preset=&#8221;default&#8221; global_colors_info=&#8221;{}&#8221;]<\/p>\n<p>Okulumuzdan bir \u00f6gretmenimiz daima gruplara sorumlu olarak eslik etmektedir. Okulumuz aksam yemekleri, okuma dersleri, kitap tanitimlari ve de resim kurslari gibi bazi tamamlayici aktiviteler de d\u00fczenlemektedir.<\/p>\n<p>Parola dil okulunda Italya&#8217;daki yasam stilini ve italyan dilini en iyi sekilde ilerletmek ve gelistirmek isteyenler i\u00e7in italyanca kurslari mevcuttur.<\/p>\n<p>[\/et_pb_text][\/et_pb_column_inner][\/et_pb_row_inner][et_pb_row_inner admin_label=&#8221;Riga&#8221; _builder_version=&#8221;4.16&#8243; custom_padding=&#8221;27.8281px|0px|0px|0px&#8221; global_colors_info=&#8221;{}&#8221;][et_pb_column_inner saved_specialty_column_type=&#8221;3_4&#8243; _builder_version=&#8221;4.16&#8243; custom_padding=&#8221;|||&#8221; global_colors_info=&#8221;{}&#8221; custom_padding__hover=&#8221;|||&#8221;][et_pb_text _builder_version=&#8221;4.16&#8243; text_orientation=&#8221;justified&#8221; module_alignment=&#8221;left&#8221; global_colors_info=&#8221;{}&#8221;]<\/p>\n<h3>Kay\u0131t ve \u00f6deme bilgileri<\/h3>\n<p>Floransa Parola dil kursunda \u0130talyanca kurs kay\u0131tlar\u0131m\u0131z iki basit a\u015famada ger\u00e7ekle\u015fmektedir:<\/p>\n<ul>\n<li>Kay\u0131t formunun doldurulup, Parola Dil okuluna yollanmas\u0131 ve okulun kurs tarihlerinizi \u00f6\u011frendikten sonra mail g\u00f6ndererek onay vermesi<\/li>\n<li>Parola dil okulunun onay\u0131ndan sonra, \u00f6\u011frencilerden\u00a0<strong>pasaportlar\u0131n\u0131n bir kopyas\u0131n\u0131<\/strong>\u00a0fax (+39 055-241914) veya posta yoluyla okulumuza g\u00f6ndermelerini rica ediyoruz<\/li>\n<\/ul>\n<p>[\/et_pb_text][et_pb_button button_url=&#8221;https:\/\/www.parola.it\/tr\/tr-floransa-kurs-kayit&#8221; button_text=&#8221;KURS KAY\u0130TLAR\u0130&#8221; button_alignment=&#8221;left&#8221; _builder_version=&#8221;4.16&#8243; background_layout=&#8221;dark&#8221; global_colors_info=&#8221;{}&#8221; button_text_size__hover_enabled=&#8221;off&#8221; button_text_size__hover=&#8221;null&#8221; button_one_text_size__hover_enabled=&#8221;off&#8221; button_one_text_size__hover=&#8221;null&#8221; button_two_text_size__hover_enabled=&#8221;off&#8221; button_two_text_size__hover=&#8221;null&#8221; button_text_color__hover_enabled=&#8221;off&#8221; button_text_color__hover=&#8221;null&#8221; button_one_text_color__hover_enabled=&#8221;off&#8221; button_one_text_color__hover=&#8221;null&#8221; button_two_text_color__hover_enabled=&#8221;off&#8221; button_two_text_color__hover=&#8221;null&#8221; button_border_width__hover_enabled=&#8221;off&#8221; button_border_width__hover=&#8221;null&#8221; button_one_border_width__hover_enabled=&#8221;off&#8221; button_one_border_width__hover=&#8221;null&#8221; button_two_border_width__hover_enabled=&#8221;off&#8221; button_two_border_width__hover=&#8221;null&#8221; button_border_color__hover_enabled=&#8221;off&#8221; button_border_color__hover=&#8221;null&#8221; button_one_border_color__hover_enabled=&#8221;off&#8221; button_one_border_color__hover=&#8221;null&#8221; button_two_border_color__hover_enabled=&#8221;off&#8221; button_two_border_color__hover=&#8221;null&#8221; button_border_radius__hover_enabled=&#8221;off&#8221; button_border_radius__hover=&#8221;null&#8221; button_one_border_radius__hover_enabled=&#8221;off&#8221; button_one_border_radius__hover=&#8221;null&#8221; button_two_border_radius__hover_enabled=&#8221;off&#8221; button_two_border_radius__hover=&#8221;null&#8221; button_letter_spacing__hover_enabled=&#8221;off&#8221; button_letter_spacing__hover=&#8221;null&#8221; button_one_letter_spacing__hover_enabled=&#8221;off&#8221; button_one_letter_spacing__hover=&#8221;null&#8221; button_two_letter_spacing__hover_enabled=&#8221;off&#8221; button_two_letter_spacing__hover=&#8221;null&#8221; button_bg_color__hover_enabled=&#8221;off&#8221; button_bg_color__hover=&#8221;null&#8221; button_one_bg_color__hover_enabled=&#8221;off&#8221; button_one_bg_color__hover=&#8221;null&#8221; button_two_bg_color__hover_enabled=&#8221;off&#8221; button_two_bg_color__hover=&#8221;null&#8221;]<br \/>\n[\/et_pb_button][\/et_pb_column_inner][\/et_pb_row_inner][et_pb_row_inner admin_label=&#8221;Riga&#8221; _builder_version=&#8221;4.16&#8243; custom_padding=&#8221;26.9375px|0px|0px|0px&#8221; global_colors_info=&#8221;{}&#8221;][et_pb_column_inner saved_specialty_column_type=&#8221;3_4&#8243; _builder_version=&#8221;4.16&#8243; custom_padding=&#8221;|||&#8221; global_colors_info=&#8221;{}&#8221; custom_padding__hover=&#8221;|||&#8221;][et_pb_text _builder_version=&#8221;4.16&#8243; text_orientation=&#8221;justified&#8221; module_alignment=&#8221;left&#8221; global_colors_info=&#8221;{}&#8221;]<\/p>\n<h4>Parola dil okulu ile nasil baglanti kurulur?<\/h4>\n<p>Eger Floransa&#8217;da italyanca kursu almayi planliyorsaniz, Toscana b\u00f6lgesindeki kurslarimiz hakkinda e-mail yoluyla bros\u00fcr almak istiyorsaniz veya Montecatini Terme ve Pistoia&#8217;daki kurslarimiz hakkinda bilgi almak istiyorsaniz, Floransa&#8217;daki okulumuz ile baglantiya ge\u00e7ebilirsiniz.<\/p>\n<p>[\/et_pb_text][et_pb_divider color=&#8221;#d6d6d6&#8243; admin_label=&#8221;Modulo separatore giusto&#8221; _builder_version=&#8221;4.16&#8243; background_color=&#8221;#ffffff&#8221; min_height=&#8221;0px&#8221; height=&#8221;3px&#8221; custom_margin=&#8221;27px||24px||false|false&#8221; border_color_all=&#8221;rgba(0,0,0,0)&#8221; border_style_all=&#8221;none&#8221; border_color_top=&#8221;#999999&#8243; border_style_top=&#8221;solid&#8221; border_style_left=&#8221;outset&#8221; saved_tabs=&#8221;all&#8221; global_colors_info=&#8221;{}&#8221;][\/et_pb_divider][et_pb_text _builder_version=&#8221;4.16&#8243; _module_preset=&#8221;default&#8221; global_colors_info=&#8221;{}&#8221;]<\/p>\n<p>Floransa&#8217;da italyancayi bizim dil kursumuzla gelistirmek istiyorsaniz ayrintili bilgi i\u00e7in<strong>\u00a0<\/strong><strong><a href=\"mailto:info@parola.it\">info@parola.it<\/a><\/strong>\u00a0e-mail adresi ile direk olarak temasa ge\u00e7ebilirsiniz.<\/p>\n<p>Kalacak yer ve dil kurslari hakkindaki t\u00fcm sorulariniz i\u00e7in yanit alabilirsiz.<\/p>\n<p>Sitemizdeki\u00a0<strong><a href=\"https:\/\/www.parola.it\/tr\/tr_floransa_italyanca_kursu\">Italyanca Kurslari<\/a><\/strong>\u00a0b\u00f6l\u00fcm\u00fcne daha ayrintili bilgi almak i\u00e7in g\u00f6z atabilirsiniz. Yada Floransa&#8217;daki okulumuzun sekreterligi ile irtibata ge\u00e7ebilirsiniz.<\/p>\n<p>[\/et_pb_text][et_pb_button button_url=&#8221;https:\/\/www.parola.it\/tr\/tr_temas_parola&#8221; button_text=&#8221;ILTESIM&#8221; button_alignment=&#8221;left&#8221; _builder_version=&#8221;4.16&#8243; background_layout=&#8221;dark&#8221; global_colors_info=&#8221;{}&#8221; button_text_size__hover_enabled=&#8221;off&#8221; button_text_size__hover=&#8221;null&#8221; button_one_text_size__hover_enabled=&#8221;off&#8221; button_one_text_size__hover=&#8221;null&#8221; button_two_text_size__hover_enabled=&#8221;off&#8221; button_two_text_size__hover=&#8221;null&#8221; button_text_color__hover_enabled=&#8221;off&#8221; button_text_color__hover=&#8221;null&#8221; button_one_text_color__hover_enabled=&#8221;off&#8221; button_one_text_color__hover=&#8221;null&#8221; button_two_text_color__hover_enabled=&#8221;off&#8221; button_two_text_color__hover=&#8221;null&#8221; button_border_width__hover_enabled=&#8221;off&#8221; button_border_width__hover=&#8221;null&#8221; button_one_border_width__hover_enabled=&#8221;off&#8221; button_one_border_width__hover=&#8221;null&#8221; button_two_border_width__hover_enabled=&#8221;off&#8221; button_two_border_width__hover=&#8221;null&#8221; button_border_color__hover_enabled=&#8221;off&#8221; button_border_color__hover=&#8221;null&#8221; button_one_border_color__hover_enabled=&#8221;off&#8221; button_one_border_color__hover=&#8221;null&#8221; button_two_border_color__hover_enabled=&#8221;off&#8221; button_two_border_color__hover=&#8221;null&#8221; button_border_radius__hover_enabled=&#8221;off&#8221; button_border_radius__hover=&#8221;null&#8221; button_one_border_radius__hover_enabled=&#8221;off&#8221; button_one_border_radius__hover=&#8221;null&#8221; button_two_border_radius__hover_enabled=&#8221;off&#8221; button_two_border_radius__hover=&#8221;null&#8221; button_letter_spacing__hover_enabled=&#8221;off&#8221; button_letter_spacing__hover=&#8221;null&#8221; button_one_letter_spacing__hover_enabled=&#8221;off&#8221; button_one_letter_spacing__hover=&#8221;null&#8221; button_two_letter_spacing__hover_enabled=&#8221;off&#8221; button_two_letter_spacing__hover=&#8221;null&#8221; button_bg_color__hover_enabled=&#8221;off&#8221; button_bg_color__hover=&#8221;null&#8221; button_one_bg_color__hover_enabled=&#8221;off&#8221; button_one_bg_color__hover=&#8221;null&#8221; button_two_bg_color__hover_enabled=&#8221;off&#8221; button_two_bg_color__hover=&#8221;null&#8221;]<br \/>\n[\/et_pb_button][\/et_pb_column_inner][\/et_pb_row_inner][\/et_pb_column][et_pb_column type=&#8221;1_4&#8243; _builder_version=&#8221;4.16&#8243; custom_padding=&#8221;|||&#8221; global_colors_info=&#8221;{}&#8221; custom_padding__hover=&#8221;|||&#8221;][et_pb_text admin_label=&#8221;CHIEDI INFO&#8221; _builder_version=&#8221;4.9.10&#8243; module_alignment=&#8221;left&#8221; global_module=&#8221;28248&#8243; saved_tabs=&#8221;all&#8221; global_colors_info=&#8221;{}&#8221;]<\/p>\n<h5><span style=\"color: #0c71c3;\">B\u0130Z\u0130MLE \u0130LET\u0130\u015e\u0130ME GE\u00c7\u0130N<\/span><\/h5>\n<p><strong>Biraz bilgi ister misin?<\/strong><\/p>\n<p><img loading=\"lazy\" decoding=\"async\" class=\"size-full wp-image-164 alignnone\" src=\"https:\/\/www.parola.it\/wp-content\/uploads\/2017\/10\/MAIL.png\" alt=\"\" width=\"20\" height=\"13\" \/>\u00a0\u00a0<strong><a href=\"mailto:info@parola.it\">info@parola.it<\/a><\/strong><\/p>\n<p><img loading=\"lazy\" decoding=\"async\" class=\"alignnone size-full wp-image-167\" src=\"https:\/\/www.parola.it\/wp-content\/uploads\/2017\/10\/TEL.png\" alt=\"\" width=\"20\" height=\"20\" \/>\u00a0 Bizi aray\u0131n<\/p>\n<p><a href=\"tel:+39055242182\"><span style=\"color: #ff6600;\"><strong>+39 055242182<\/strong><\/span><\/a>\u00a0veya<\/p>\n<p><a href=\"tel:+393288997420\"><span style=\"color: #ff6600;\"><strong>+39 328 8997420<\/strong><\/span><\/a><\/p>\n<p><img loading=\"lazy\" decoding=\"async\" class=\"alignnone size-full wp-image-165\" src=\"https:\/\/www.parola.it\/wp-content\/uploads\/2017\/10\/PIN.png\" alt=\"\" width=\"20\" height=\"20\" \/>\u00a0Bizimle bulu\u015f:<\/p>\n<p><a href=\"#\"><span style=\"color: #ff6600;\"><strong>Borgo Santa Croce, 17 <\/strong><\/span><\/a><\/p>\n<p><a href=\"#\"><span style=\"color: #ff6600;\"><strong>50122 Florence<\/strong><\/span><\/a><\/p>\n<p>[\/et_pb_text][et_pb_text admin_label=&#8221;TITOLO SOCIAL&#8221; _builder_version=&#8221;3.21&#8243; background_size=&#8221;initial&#8221; background_position=&#8221;top_left&#8221; background_repeat=&#8221;repeat&#8221; module_alignment=&#8221;left&#8221; global_module=&#8221;28249&#8243; saved_tabs=&#8221;all&#8221; global_colors_info=&#8221;{}&#8221;]<\/p>\n<p><span style=\"color: #0c71c3;\"><strong>SOSYAL A\u011e<\/strong><\/span><\/p>\n<p>[\/et_pb_text][et_pb_social_media_follow _builder_version=&#8221;4.5.1&#8243; background_layout=&#8221;dark&#8221; border_radii=&#8221;on|100%|100%|100%|100%&#8221; link_shape=&#8221;circle&#8221; global_module=&#8221;28252&#8243; saved_tabs=&#8221;all&#8221; global_colors_info=&#8221;{}&#8221;][et_pb_social_media_follow_network social_network=&#8221;facebook&#8221; url=&#8221;https:\/\/www.facebook.com\/Italian.language.school.florence%20\/&#8221; _builder_version=&#8221;4.16&#8243; background_color=&#8221;#3b5998&#8243; bg_color=&#8221;#3b5998&#8243; global_colors_info=&#8221;{}&#8221; follow_button=&#8221;off&#8221; url_new_window=&#8221;on&#8221;]<\/p>\n<p>Facebook<\/p>\n<p>[\/et_pb_social_media_follow_network][et_pb_social_media_follow_network social_network=&#8221;twitter&#8221; url=&#8221;https:\/\/twitter.com\/&#8221; _builder_version=&#8221;4.22.2&#8243; background_color=&#8221;#000000&#8243; bg_color=&#8221;#00aced&#8221; global_colors_info=&#8221;{}&#8221; follow_button=&#8221;off&#8221; url_new_window=&#8221;on&#8221;]<\/p>\n<p>Twitter<\/p>\n<p>[\/et_pb_social_media_follow_network][et_pb_social_media_follow_network social_network=&#8221;linkedin&#8221; url=&#8221;https:\/\/www.linkedin.com\/feed\/&#8221; _builder_version=&#8221;4.16&#8243; background_color=&#8221;#007bb6&#8243; bg_color=&#8221;#007bb6&#8243; global_colors_info=&#8221;{}&#8221; follow_button=&#8221;off&#8221; url_new_window=&#8221;on&#8221;]<\/p>\n<p>LinkedIn<\/p>\n<p>[\/et_pb_social_media_follow_network][et_pb_social_media_follow_network social_network=&#8221;instagram&#8221; url=&#8221;https:\/\/www.instagram.com\/scuola_parola\/?hl=it&#8221; _builder_version=&#8221;4.16&#8243; background_color=&#8221;#ea2c59&#8243; global_colors_info=&#8221;{}&#8221; follow_button=&#8221;off&#8221; url_new_window=&#8221;on&#8221;]<\/p>\n<p>Instagram<\/p>\n<p>[\/et_pb_social_media_follow_network][\/et_pb_social_media_follow][et_pb_image src=&#8221;https:\/\/www.parola.it\/wp-content\/uploads\/2019\/11\/cils-certified-center.png&#8221; alt=&#8221;CILS logo of Parola Italian language school&#8221; url=&#8221;https:\/\/www.unistrasi.it\/2\/531\/2761\/CILS_centre.htm&#8221; admin_label=&#8221;CILS Certified&#8221; _builder_version=&#8221;4.16&#8243; custom_margin=&#8221;||10px|0px|false|false&#8221; custom_padding=&#8221;|||26px|false|false&#8221; z_index_tablet=&#8221;500&#8243; box_shadow_horizontal_tablet=&#8221;0px&#8221; box_shadow_vertical_tablet=&#8221;0px&#8221; box_shadow_blur_tablet=&#8221;40px&#8221; box_shadow_spread_tablet=&#8221;0px&#8221; saved_tabs=&#8221;all&#8221; global_colors_info=&#8221;{}&#8221;][\/et_pb_image][et_pb_text admin_label=&#8221;Language international&#8221; _builder_version=&#8221;4.16&#8243; z_index_tablet=&#8221;500&#8243; text_text_shadow_horizontal_length_tablet=&#8221;0px&#8221; text_text_shadow_vertical_length_tablet=&#8221;0px&#8221; text_text_shadow_blur_strength_tablet=&#8221;1px&#8221; link_text_shadow_horizontal_length_tablet=&#8221;0px&#8221; link_text_shadow_vertical_length_tablet=&#8221;0px&#8221; link_text_shadow_blur_strength_tablet=&#8221;1px&#8221; ul_text_shadow_horizontal_length_tablet=&#8221;0px&#8221; ul_text_shadow_vertical_length_tablet=&#8221;0px&#8221; ul_text_shadow_blur_strength_tablet=&#8221;1px&#8221; ol_text_shadow_horizontal_length_tablet=&#8221;0px&#8221; ol_text_shadow_vertical_length_tablet=&#8221;0px&#8221; ol_text_shadow_blur_strength_tablet=&#8221;1px&#8221; quote_text_shadow_horizontal_length_tablet=&#8221;0px&#8221; quote_text_shadow_vertical_length_tablet=&#8221;0px&#8221; quote_text_shadow_blur_strength_tablet=&#8221;1px&#8221; header_text_shadow_horizontal_length_tablet=&#8221;0px&#8221; header_text_shadow_vertical_length_tablet=&#8221;0px&#8221; header_text_shadow_blur_strength_tablet=&#8221;1px&#8221; header_2_text_shadow_horizontal_length_tablet=&#8221;0px&#8221; header_2_text_shadow_vertical_length_tablet=&#8221;0px&#8221; header_2_text_shadow_blur_strength_tablet=&#8221;1px&#8221; header_3_text_shadow_horizontal_length_tablet=&#8221;0px&#8221; header_3_text_shadow_vertical_length_tablet=&#8221;0px&#8221; header_3_text_shadow_blur_strength_tablet=&#8221;1px&#8221; header_4_text_shadow_horizontal_length_tablet=&#8221;0px&#8221; header_4_text_shadow_vertical_length_tablet=&#8221;0px&#8221; header_4_text_shadow_blur_strength_tablet=&#8221;1px&#8221; header_5_text_shadow_horizontal_length_tablet=&#8221;0px&#8221; header_5_text_shadow_vertical_length_tablet=&#8221;0px&#8221; header_5_text_shadow_blur_strength_tablet=&#8221;1px&#8221; header_6_text_shadow_horizontal_length_tablet=&#8221;0px&#8221; header_6_text_shadow_vertical_length_tablet=&#8221;0px&#8221; header_6_text_shadow_blur_strength_tablet=&#8221;1px&#8221; box_shadow_horizontal_tablet=&#8221;0px&#8221; box_shadow_vertical_tablet=&#8221;0px&#8221; box_shadow_blur_tablet=&#8221;40px&#8221; box_shadow_spread_tablet=&#8221;0px&#8221; text_text_align=&#8221;left&#8221; saved_tabs=&#8221;all&#8221; global_colors_info=&#8221;{}&#8221;]<\/p>\n<div id=\"LI-CEO\"><script src=\"https:\/\/www.languageinternational.com\/badge\/coe?id=68832\"><\/script><\/div>\n<p>[\/et_pb_text][et_pb_text admin_label=&#8221;Corsi&#8221; _builder_version=&#8221;4.16&#8243; module_alignment=&#8221;left&#8221; custom_margin=&#8221;40px|||&#8221; global_colors_info=&#8221;{}&#8221;]<\/p>\n<p><span style=\"color: #0c71c3;\"><strong>KURSLAR\u0130 <\/strong><\/span><\/p>\n<p><a href=\"https:\/\/www.parola.it\/tr\/tr_floransa_italyanca_kursu\"><strong>ITALYANCA KURSLAR\u0130<\/strong><\/a><\/p>\n<p><a href=\"https:\/\/www.parola.it\/tr\/tr-floransada-aksam-kurslari\"><strong>AK\u015e\u200bAM KURSLAR\u0130<\/strong><\/a><\/p>\n<p><a href=\"https:\/\/www.parola.it\/tr\/tr-floransada-resim-kursu\"><strong>RESIM KURSLAR\u0130<\/strong><\/a><\/p>\n<p><a href=\"https:\/\/www.parola.it\/tr\/tr-floransada-yemek-kursu\"><strong>YEMEK KURSLAR\u0130<\/strong><\/a><\/p>\n<p><a href=\"https:\/\/www.parola.it\/tr\/tr-2010-fiyat-listemiz\"><strong>FIYAT LISTESI<\/strong><\/a><\/p>\n<p><a href=\"https:\/\/www.parola.it\/tr\/tr_temas_parola\"><strong>ILETI\u015eIM<\/strong><\/a><\/p>\n<p>[\/et_pb_text][et_pb_text _builder_version=&#8221;4.16&#8243; text_orientation=&#8221;justified&#8221; module_alignment=&#8221;left&#8221; custom_padding=&#8221;20px|||&#8221; global_colors_info=&#8221;{}&#8221;]<\/p>\n<h5><span style=\"color: #0c71c3;\"><strong>OKULU PAROLA<\/strong><\/span><\/h5>\n<p style=\"text-align: left;\"><img loading=\"lazy\" decoding=\"async\" class=\"size-medium wp-image-196 alignnone\" src=\"https:\/\/www.parola.it\/wp-content\/uploads\/2017\/10\/FOTO6-300x200.jpg\" alt=\"\" width=\"300\" height=\"200\" \/><\/p>\n<p style=\"text-align: left;\"><strong>Parola \u0130talyanca kursu<\/strong>, 6 tane gramer seviyesini birle\u015ftiren, Floransa&#8217;da bulunan dil okuludur. Parola \u0130talyanca dil okulunda 19 \u00e7e\u015fit dil kursu ve CILS s\u0131navlar\u0131na haz\u0131rl\u0131k kursu vard\u0131r.<\/p>\n<p>[\/et_pb_text][et_pb_text _builder_version=&#8221;4.16&#8243; text_orientation=&#8221;justified&#8221; module_alignment=&#8221;left&#8221; custom_padding=&#8221;20px|||&#8221; border_style=&#8221;solid&#8221; global_colors_info=&#8221;{}&#8221;]<\/p>\n<h5><strong>DERS ORTAMI<\/strong><\/h5>\n<p style=\"text-align: left;\"><img loading=\"lazy\" decoding=\"async\" class=\"alignnone wp-image-5570 size-medium\" src=\"https:\/\/www.parola.it\/wp-content\/uploads\/2017\/12\/florence-1608115_1920-300x169.jpg\" alt=\"\" width=\"300\" height=\"169\" srcset=\"https:\/\/www.parola.it\/wp-content\/uploads\/2017\/12\/florence-1608115_1920-300x169.jpg 300w, https:\/\/www.parola.it\/wp-content\/uploads\/2017\/12\/florence-1608115_1920-768x432.jpg 768w, https:\/\/www.parola.it\/wp-content\/uploads\/2017\/12\/florence-1608115_1920-1024x576.jpg 1024w, https:\/\/www.parola.it\/wp-content\/uploads\/2017\/12\/florence-1608115_1920-1080x608.jpg 1080w, https:\/\/www.parola.it\/wp-content\/uploads\/2017\/12\/florence-1608115_1920.jpg 1920w\" sizes=\"(max-width: 300px) 100vw, 300px\" \/><\/p>\n<p style=\"text-align: left;\">Floransa&#8217;daki okulumuzda, yabanc\u0131 \u00f6\u011frenciler \u00f6\u011fretmenlerin samimiyetine, co\u015fkusuna son derece g\u00fcvenirler. Okulumuzdaki bu samimi ortam sayesinde \u00f6\u011frencilerimiz derslerde olduk\u00e7a e\u011flenir.<\/p>\n<p>[\/et_pb_text][et_pb_text _builder_version=&#8221;4.16&#8243; background_size=&#8221;initial&#8221; background_position=&#8221;top_left&#8221; background_repeat=&#8221;repeat&#8221; text_orientation=&#8221;justified&#8221; module_alignment=&#8221;left&#8221; custom_padding=&#8221;20px|||&#8221; border_style=&#8221;solid&#8221; global_colors_info=&#8221;{}&#8221;]<\/p>\n<h5><span style=\"color: #0c71c3;\"><strong>OKUL KONUMU<\/strong><\/span><\/h5>\n<p style=\"text-align: left;\"><img loading=\"lazy\" decoding=\"async\" class=\"alignnone wp-image-1531 size-medium\" src=\"https:\/\/www.parola.it\/wp-content\/uploads\/2017\/10\/IMG_0883-2-300x200.jpg\" alt=\"\" width=\"300\" height=\"200\" srcset=\"https:\/\/www.parola.it\/wp-content\/uploads\/2017\/10\/IMG_0883-2-300x200.jpg 300w, https:\/\/www.parola.it\/wp-content\/uploads\/2017\/10\/IMG_0883-2-768x512.jpg 768w, https:\/\/www.parola.it\/wp-content\/uploads\/2017\/10\/IMG_0883-2.jpg 1000w\" sizes=\"(max-width: 300px) 100vw, 300px\" \/><\/p>\n<p style=\"text-align: left;\">\u0130talyanca kurslar\u0131m\u0131z, tarihi merkezin en ilgin\u00e7 ve canl\u0131 yerlerinden birinde ger\u00e7ekle\u015ftirilmektedir. Kurslardan sonra \u00f6\u011frencilerimiz Floransa&#8217;da yeni insanlar tan\u0131ma f\u0131rsat\u0131 bulurlar.<\/p>\n<p><a href=\"tr-floransada-aksam-kurslari\"><strong>DAHA FAZLA OKU<\/strong><\/a><\/p>\n<p>[\/et_pb_text][et_pb_text _builder_version=&#8221;4.16&#8243; background_size=&#8221;initial&#8221; background_position=&#8221;top_left&#8221; background_repeat=&#8221;repeat&#8221; text_orientation=&#8221;justified&#8221; module_alignment=&#8221;left&#8221; custom_padding=&#8221;20px|||&#8221; border_style=&#8221;solid&#8221; global_colors_info=&#8221;{}&#8221;]<\/p>\n<h5><span style=\"color: #0c71c3;\"><strong>K \u00dc LT \u00dc R<\/strong><\/span><\/h5>\n<p style=\"text-align: left;\"><img loading=\"lazy\" decoding=\"async\" class=\"alignnone wp-image-1101 size-medium\" src=\"https:\/\/www.parola.it\/wp-content\/uploads\/2017\/10\/IMG_0823-300x200.jpg\" alt=\"\" width=\"300\" height=\"200\" srcset=\"https:\/\/www.parola.it\/wp-content\/uploads\/2017\/10\/IMG_0823-300x200.jpg 300w, https:\/\/www.parola.it\/wp-content\/uploads\/2017\/10\/IMG_0823-768x512.jpg 768w, https:\/\/www.parola.it\/wp-content\/uploads\/2017\/10\/IMG_0823.jpg 1000w\" sizes=\"(max-width: 300px) 100vw, 300px\" \/><\/p>\n<p style=\"text-align: left;\">Floransa&#8217;daki \u0130talyan dili okulumuzda cok \u00e7e\u015fitli kurslar bulunmaktad\u0131r. \u00d6\u011frenciler ayn\u0131 zamanda \u0130talyan mutfa\u011f\u0131 kurslar\u0131na veya resim kurslar\u0131na da kat\u0131labilirler.<\/p>\n<p><a href=\"tr_floransa_italyanca_kursu\"><strong>DAHA FAZLA OKU<\/strong><\/a><\/p>\n<p>[\/et_pb_text][\/et_pb_column][\/et_pb_section][et_pb_section fb_built=&#8221;1&#8243; fullwidth=&#8221;on&#8221; _builder_version=&#8221;4.16&#8243; _module_preset=&#8221;default&#8221; global_colors_info=&#8221;{}&#8221;][et_pb_fullwidth_menu menu_id=&#8221;2097&#8243; _builder_version=&#8221;4.16&#8243; _module_preset=&#8221;default&#8221; global_colors_info=&#8221;{}&#8221;][\/et_pb_fullwidth_menu][\/et_pb_section]<\/p>\n","protected":false},"excerpt":{"rendered":"<p>Parola. Floransa&#8217;da \u0130talyanca dil okulu Floransa&#8217;da yabancilar i\u00e7in italyanca kursu Floransa&#8217;daki \u0130talyanca dil okulu Parola&#8217;ya ho\u015f geldiniz! Italyanca dil okulu Parola, Floransa&#8217;nin tarihi merkezinde yer alir ve italyanca dil okullari arasinda \u00e7ok \u00fcnl\u00fc ve taninmistir. Okul ortami \u00e7ok hos ve arkadas\u00e7adir, ayni zamanda \u00f6gretmenler nazik ve profesyoneldir. Okul Santa Croce b\u00f6lgesinde bulunur, birka\u00e7 metre \u00f6tede [&hellip;]<\/p>\n","protected":false},"author":1,"featured_media":28002,"parent":0,"menu_order":0,"comment_status":"closed","ping_status":"closed","template":"","meta":{"_et_pb_use_builder":"on","_et_pb_old_content":"","_et_gb_content_width":"","footnotes":""},"class_list":["post-4011","page","type-page","status-publish","has-post-thumbnail","hentry"],"yoast_head":"<!-- This site is optimized with the Yoast SEO plugin v27.4 - https:\/\/yoast.com\/product\/yoast-seo-wordpress\/ -->\n<title>Floransa&#039;da \u0130talyanca dil okulu | Parola Okulu<\/title>\n<meta name=\"description\" content=\"Floransa&#039;da italyanca dil okuluna lasim, Floransa Parola italyanca kurslar ulasim ve Floransa&#039;n\u00b9n tarihi merkezine ulasim.\" \/>\n<meta name=\"robots\" content=\"index, follow, max-snippet:-1, max-image-preview:large, max-video-preview:-1\" \/>\n<link rel=\"canonical\" href=\"https:\/\/www.parola.it\/tr\/\" \/>\n<meta property=\"og:locale\" content=\"tr_TR\" \/>\n<meta property=\"og:type\" content=\"article\" \/>\n<meta property=\"og:title\" content=\"Floransa&#039;da \u0130talyanca dil okulu | Parola Okulu\" \/>\n<meta property=\"og:description\" content=\"Floransa&#039;da italyanca dil okuluna lasim, Floransa Parola italyanca kurslar ulasim ve Floransa&#039;n\u00b9n tarihi merkezine ulasim.\" \/>\n<meta property=\"og:url\" content=\"https:\/\/www.parola.it\/tr\/\" \/>\n<meta property=\"og:site_name\" content=\"Italian Language School in Florence | Parola School\" \/>\n<meta property=\"article:publisher\" content=\"https:\/\/www.facebook.com\/Italian.language.school.florence\/\" \/>\n<meta property=\"article:modified_time\" content=\"2024-10-30T13:26:27+00:00\" \/>\n<meta property=\"og:image\" content=\"https:\/\/www.parola.it\/wp-content\/uploads\/2019\/06\/italian-language-school-florence.jpg\" \/>\n\t<meta property=\"og:image:width\" content=\"1920\" \/>\n\t<meta property=\"og:image:height\" content=\"1080\" \/>\n\t<meta property=\"og:image:type\" content=\"image\/jpeg\" \/>\n<meta name=\"twitter:card\" content=\"summary_large_image\" \/>\n<meta name=\"twitter:site\" content=\"@Parola_School\" \/>\n<meta name=\"twitter:label1\" content=\"Tahmini okuma s\u00fcresi\" \/>\n\t<meta name=\"twitter:data1\" content=\"20 dakika\" \/>\n<script type=\"application\/ld+json\" class=\"yoast-schema-graph\">{\"@context\":\"https:\\\/\\\/schema.org\",\"@graph\":[{\"@type\":\"WebPage\",\"@id\":\"https:\\\/\\\/www.parola.it\\\/tr\\\/\",\"url\":\"https:\\\/\\\/www.parola.it\\\/tr\\\/\",\"name\":\"Floransa'da \u0130talyanca dil okulu | Parola Okulu\",\"isPartOf\":{\"@id\":\"https:\\\/\\\/www.parola.it\\\/#website\"},\"primaryImageOfPage\":{\"@id\":\"https:\\\/\\\/www.parola.it\\\/tr\\\/#primaryimage\"},\"image\":{\"@id\":\"https:\\\/\\\/www.parola.it\\\/tr\\\/#primaryimage\"},\"thumbnailUrl\":\"https:\\\/\\\/www.parola.it\\\/wp-content\\\/uploads\\\/2019\\\/06\\\/italian-language-school-florence.jpg\",\"datePublished\":\"2017-10-05T10:41:49+00:00\",\"dateModified\":\"2024-10-30T13:26:27+00:00\",\"description\":\"Floransa'da italyanca dil okuluna lasim, Floransa Parola italyanca kurslar ulasim ve Floransa'n\u00b9n tarihi merkezine ulasim.\",\"breadcrumb\":{\"@id\":\"https:\\\/\\\/www.parola.it\\\/tr\\\/#breadcrumb\"},\"inLanguage\":\"tr\",\"potentialAction\":[{\"@type\":\"ReadAction\",\"target\":[\"https:\\\/\\\/www.parola.it\\\/tr\\\/\"]}]},{\"@type\":\"ImageObject\",\"inLanguage\":\"tr\",\"@id\":\"https:\\\/\\\/www.parola.it\\\/tr\\\/#primaryimage\",\"url\":\"https:\\\/\\\/www.parola.it\\\/wp-content\\\/uploads\\\/2019\\\/06\\\/italian-language-school-florence.jpg\",\"contentUrl\":\"https:\\\/\\\/www.parola.it\\\/wp-content\\\/uploads\\\/2019\\\/06\\\/italian-language-school-florence.jpg\",\"width\":1920,\"height\":1080,\"caption\":\"Parola Italian language school in Florence\"},{\"@type\":\"BreadcrumbList\",\"@id\":\"https:\\\/\\\/www.parola.it\\\/tr\\\/#breadcrumb\",\"itemListElement\":[{\"@type\":\"ListItem\",\"position\":1,\"name\":\"Accueil\",\"item\":\"https:\\\/\\\/www.parola.it\\\/tr\\\/\"},{\"@type\":\"ListItem\",\"position\":2,\"name\":\"HOME\"}]},{\"@type\":\"WebSite\",\"@id\":\"https:\\\/\\\/www.parola.it\\\/#website\",\"url\":\"https:\\\/\\\/www.parola.it\\\/\",\"name\":\"Italian Language School in Florence | Parola School\",\"description\":\"Learn Italian with Parola Italian language school in Florence. Language courses at a competitive price with quality teaching.\",\"publisher\":{\"@id\":\"https:\\\/\\\/www.parola.it\\\/#organization\"},\"alternateName\":\"Parola School\",\"potentialAction\":[{\"@type\":\"SearchAction\",\"target\":{\"@type\":\"EntryPoint\",\"urlTemplate\":\"https:\\\/\\\/www.parola.it\\\/?s={search_term_string}\"},\"query-input\":{\"@type\":\"PropertyValueSpecification\",\"valueRequired\":true,\"valueName\":\"search_term_string\"}}],\"inLanguage\":\"tr\"},{\"@type\":\"Organization\",\"@id\":\"https:\\\/\\\/www.parola.it\\\/#organization\",\"name\":\"Parola Italian Language School in Florence\",\"alternateName\":\"Italian Language Courses in Florence\",\"url\":\"https:\\\/\\\/www.parola.it\\\/\",\"logo\":{\"@type\":\"ImageObject\",\"inLanguage\":\"tr\",\"@id\":\"https:\\\/\\\/www.parola.it\\\/#\\\/schema\\\/logo\\\/image\\\/\",\"url\":\"https:\\\/\\\/www.parola.it\\\/wp-content\\\/uploads\\\/2019\\\/03\\\/logo-parola-language-school-1-e1721760774400.png\",\"contentUrl\":\"https:\\\/\\\/www.parola.it\\\/wp-content\\\/uploads\\\/2019\\\/03\\\/logo-parola-language-school-1-e1721760774400.png\",\"width\":145,\"height\":53,\"caption\":\"Parola Italian Language School in Florence\"},\"image\":{\"@id\":\"https:\\\/\\\/www.parola.it\\\/#\\\/schema\\\/logo\\\/image\\\/\"},\"sameAs\":[\"https:\\\/\\\/www.facebook.com\\\/Italian.language.school.florence\\\/\",\"https:\\\/\\\/x.com\\\/Parola_School\",\"https:\\\/\\\/www.instagram.com\\\/scuola_parola\\\/?hl=it\",\"https:\\\/\\\/www.linkedin.com\\\/in\\\/parola-italian-language-school-0a504114\\\/\",\"https:\\\/\\\/it.pinterest.com\\\/pin\\\/10344274122092210\\\/\",\"https:\\\/\\\/www.youtube.com\\\/channel\\\/UCKQkiBkXnIh9Df27KWD66rA?view_as=subscriber\",\"https:\\\/\\\/www.tripadvisor.com\\\/Attraction_Review-g187895-d4133618-Reviews-Parola_Italian_Language_School-Florence_Tuscany\"]}]}<\/script>\n<!-- \/ Yoast SEO plugin. -->","yoast_head_json":{"title":"Floransa'da \u0130talyanca dil okulu | Parola Okulu","description":"Floransa'da italyanca dil okuluna lasim, Floransa Parola italyanca kurslar ulasim ve Floransa'n\u00b9n tarihi merkezine ulasim.","robots":{"index":"index","follow":"follow","max-snippet":"max-snippet:-1","max-image-preview":"max-image-preview:large","max-video-preview":"max-video-preview:-1"},"canonical":"https:\/\/www.parola.it\/tr\/","og_locale":"tr_TR","og_type":"article","og_title":"Floransa'da \u0130talyanca dil okulu | Parola Okulu","og_description":"Floransa'da italyanca dil okuluna lasim, Floransa Parola italyanca kurslar ulasim ve Floransa'n\u00b9n tarihi merkezine ulasim.","og_url":"https:\/\/www.parola.it\/tr\/","og_site_name":"Italian Language School in Florence | Parola School","article_publisher":"https:\/\/www.facebook.com\/Italian.language.school.florence\/","article_modified_time":"2024-10-30T13:26:27+00:00","og_image":[{"width":1920,"height":1080,"url":"https:\/\/www.parola.it\/wp-content\/uploads\/2019\/06\/italian-language-school-florence.jpg","type":"image\/jpeg"}],"twitter_card":"summary_large_image","twitter_site":"@Parola_School","twitter_misc":{"Tahmini okuma s\u00fcresi":"20 dakika"},"schema":{"@context":"https:\/\/schema.org","@graph":[{"@type":"WebPage","@id":"https:\/\/www.parola.it\/tr\/","url":"https:\/\/www.parola.it\/tr\/","name":"Floransa'da \u0130talyanca dil okulu | Parola Okulu","isPartOf":{"@id":"https:\/\/www.parola.it\/#website"},"primaryImageOfPage":{"@id":"https:\/\/www.parola.it\/tr\/#primaryimage"},"image":{"@id":"https:\/\/www.parola.it\/tr\/#primaryimage"},"thumbnailUrl":"https:\/\/www.parola.it\/wp-content\/uploads\/2019\/06\/italian-language-school-florence.jpg","datePublished":"2017-10-05T10:41:49+00:00","dateModified":"2024-10-30T13:26:27+00:00","description":"Floransa'da italyanca dil okuluna lasim, Floransa Parola italyanca kurslar ulasim ve Floransa'n\u00b9n tarihi merkezine ulasim.","breadcrumb":{"@id":"https:\/\/www.parola.it\/tr\/#breadcrumb"},"inLanguage":"tr","potentialAction":[{"@type":"ReadAction","target":["https:\/\/www.parola.it\/tr\/"]}]},{"@type":"ImageObject","inLanguage":"tr","@id":"https:\/\/www.parola.it\/tr\/#primaryimage","url":"https:\/\/www.parola.it\/wp-content\/uploads\/2019\/06\/italian-language-school-florence.jpg","contentUrl":"https:\/\/www.parola.it\/wp-content\/uploads\/2019\/06\/italian-language-school-florence.jpg","width":1920,"height":1080,"caption":"Parola Italian language school in Florence"},{"@type":"BreadcrumbList","@id":"https:\/\/www.parola.it\/tr\/#breadcrumb","itemListElement":[{"@type":"ListItem","position":1,"name":"Accueil","item":"https:\/\/www.parola.it\/tr\/"},{"@type":"ListItem","position":2,"name":"HOME"}]},{"@type":"WebSite","@id":"https:\/\/www.parola.it\/#website","url":"https:\/\/www.parola.it\/","name":"Italian Language School in Florence | Parola School","description":"Learn Italian with Parola Italian language school in Florence. Language courses at a competitive price with quality teaching.","publisher":{"@id":"https:\/\/www.parola.it\/#organization"},"alternateName":"Parola School","potentialAction":[{"@type":"SearchAction","target":{"@type":"EntryPoint","urlTemplate":"https:\/\/www.parola.it\/?s={search_term_string}"},"query-input":{"@type":"PropertyValueSpecification","valueRequired":true,"valueName":"search_term_string"}}],"inLanguage":"tr"},{"@type":"Organization","@id":"https:\/\/www.parola.it\/#organization","name":"Parola Italian Language School in Florence","alternateName":"Italian Language Courses in Florence","url":"https:\/\/www.parola.it\/","logo":{"@type":"ImageObject","inLanguage":"tr","@id":"https:\/\/www.parola.it\/#\/schema\/logo\/image\/","url":"https:\/\/www.parola.it\/wp-content\/uploads\/2019\/03\/logo-parola-language-school-1-e1721760774400.png","contentUrl":"https:\/\/www.parola.it\/wp-content\/uploads\/2019\/03\/logo-parola-language-school-1-e1721760774400.png","width":145,"height":53,"caption":"Parola Italian Language School in Florence"},"image":{"@id":"https:\/\/www.parola.it\/#\/schema\/logo\/image\/"},"sameAs":["https:\/\/www.facebook.com\/Italian.language.school.florence\/","https:\/\/x.com\/Parola_School","https:\/\/www.instagram.com\/scuola_parola\/?hl=it","https:\/\/www.linkedin.com\/in\/parola-italian-language-school-0a504114\/","https:\/\/it.pinterest.com\/pin\/10344274122092210\/","https:\/\/www.youtube.com\/channel\/UCKQkiBkXnIh9Df27KWD66rA?view_as=subscriber","https:\/\/www.tripadvisor.com\/Attraction_Review-g187895-d4133618-Reviews-Parola_Italian_Language_School-Florence_Tuscany"]}]}},"_links":{"self":[{"href":"https:\/\/www.parola.it\/tr\/wp-json\/wp\/v2\/pages\/4011","targetHints":{"allow":["GET"]}}],"collection":[{"href":"https:\/\/www.parola.it\/tr\/wp-json\/wp\/v2\/pages"}],"about":[{"href":"https:\/\/www.parola.it\/tr\/wp-json\/wp\/v2\/types\/page"}],"author":[{"embeddable":true,"href":"https:\/\/www.parola.it\/tr\/wp-json\/wp\/v2\/users\/1"}],"replies":[{"embeddable":true,"href":"https:\/\/www.parola.it\/tr\/wp-json\/wp\/v2\/comments?post=4011"}],"version-history":[{"count":2,"href":"https:\/\/www.parola.it\/tr\/wp-json\/wp\/v2\/pages\/4011\/revisions"}],"predecessor-version":[{"id":73118,"href":"https:\/\/www.parola.it\/tr\/wp-json\/wp\/v2\/pages\/4011\/revisions\/73118"}],"wp:featuredmedia":[{"embeddable":true,"href":"https:\/\/www.parola.it\/tr\/wp-json\/wp\/v2\/media\/28002"}],"wp:attachment":[{"href":"https:\/\/www.parola.it\/tr\/wp-json\/wp\/v2\/media?parent=4011"}],"curies":[{"name":"wp","href":"https:\/\/api.w.org\/{rel}","templated":true}]}}