{"id":2069,"date":"2017-11-06T21:04:45","date_gmt":"2017-11-06T20:04:45","guid":{"rendered":"https:\/\/www.parola.it\/combined-italian-courses\/"},"modified":"2025-03-17T15:19:48","modified_gmt":"2025-03-17T14:19:48","slug":"pt-cursos-italiano-combinados","status":"publish","type":"page","link":"https:\/\/www.parola.it\/pt-pt\/pt-cursos-italiano-combinados\/","title":{"rendered":"CURSOS COMBINADOS"},"content":{"rendered":"<p>[et_pb_section fb_built=&#8221;1&#8243; fullwidth=&#8221;on&#8221; _builder_version=&#8221;4.16&#8243; global_colors_info=&#8221;{}&#8221;][et_pb_fullwidth_slider show_content_on_mobile=&#8221;off&#8221; show_cta_on_mobile=&#8221;off&#8221; _builder_version=&#8221;4.16&#8243; background_size=&#8221;initial&#8221; background_position=&#8221;top_left&#8221; background_repeat=&#8221;repeat&#8221; auto=&#8221;on&#8221; auto_speed=&#8221;3000&#8243; auto_ignore_hover=&#8221;on&#8221; global_colors_info=&#8221;{}&#8221; button_text_size__hover_enabled=&#8221;off&#8221; button_one_text_size__hover_enabled=&#8221;off&#8221; button_two_text_size__hover_enabled=&#8221;off&#8221; button_text_color__hover_enabled=&#8221;off&#8221; button_one_text_color__hover_enabled=&#8221;off&#8221; button_two_text_color__hover_enabled=&#8221;off&#8221; button_border_width__hover_enabled=&#8221;off&#8221; button_one_border_width__hover_enabled=&#8221;off&#8221; button_two_border_width__hover_enabled=&#8221;off&#8221; button_border_color__hover_enabled=&#8221;off&#8221; button_one_border_color__hover_enabled=&#8221;off&#8221; button_two_border_color__hover_enabled=&#8221;off&#8221; button_border_radius__hover_enabled=&#8221;off&#8221; button_one_border_radius__hover_enabled=&#8221;off&#8221; button_two_border_radius__hover_enabled=&#8221;off&#8221; button_letter_spacing__hover_enabled=&#8221;off&#8221; button_one_letter_spacing__hover_enabled=&#8221;off&#8221; button_two_letter_spacing__hover_enabled=&#8221;off&#8221; button_bg_color__hover_enabled=&#8221;off&#8221; button_one_bg_color__hover_enabled=&#8221;off&#8221; button_two_bg_color__hover_enabled=&#8221;off&#8221;][et_pb_slide heading=&#8221;Cursos de italiano combinados em Floren\u00e7a da escola Parola&#8221; use_bg_overlay=&#8221;on&#8221; bg_overlay_color=&#8221;rgba(0,0,0,0.1)&#8221; use_text_overlay=&#8221;off&#8221; _builder_version=&#8221;4.16&#8243; header_font=&#8221;||||&#8221; body_font=&#8221;||||&#8221; background_color=&#8221;#ffffff&#8221; background_image=&#8221;https:\/\/www.parola.it\/wp-content\/uploads\/2018\/11\/student-parola-italian-school-1.jpg&#8221; background_position=&#8221;top_left&#8221; button_on_hover=&#8221;on&#8221; global_colors_info=&#8221;{}&#8221; button_text_size__hover_enabled=&#8221;off&#8221; button_one_text_size__hover_enabled=&#8221;off&#8221; button_two_text_size__hover_enabled=&#8221;off&#8221; button_text_color__hover_enabled=&#8221;off&#8221; button_one_text_color__hover_enabled=&#8221;off&#8221; button_two_text_color__hover_enabled=&#8221;off&#8221; button_border_width__hover_enabled=&#8221;off&#8221; button_one_border_width__hover_enabled=&#8221;off&#8221; button_two_border_width__hover_enabled=&#8221;off&#8221; button_border_color__hover_enabled=&#8221;off&#8221; button_one_border_color__hover_enabled=&#8221;off&#8221; button_two_border_color__hover_enabled=&#8221;off&#8221; button_border_radius__hover_enabled=&#8221;off&#8221; button_one_border_radius__hover_enabled=&#8221;off&#8221; button_two_border_radius__hover_enabled=&#8221;off&#8221; button_letter_spacing__hover_enabled=&#8221;off&#8221; button_one_letter_spacing__hover_enabled=&#8221;off&#8221; button_two_letter_spacing__hover_enabled=&#8221;off&#8221; button_bg_color__hover_enabled=&#8221;off&#8221; button_one_bg_color__hover_enabled=&#8221;off&#8221; button_two_bg_color__hover_enabled=&#8221;off&#8221; sticky_transition=&#8221;on&#8221;][\/et_pb_slide][\/et_pb_fullwidth_slider][\/et_pb_section][et_pb_section fb_built=&#8221;1&#8243; specialty=&#8221;on&#8221; _builder_version=&#8221;4.16&#8243; global_colors_info=&#8221;{}&#8221;][et_pb_column type=&#8221;3_4&#8243; specialty_columns=&#8221;3&#8243; _builder_version=&#8221;4.16&#8243; custom_padding=&#8221;|||&#8221; global_colors_info=&#8221;{}&#8221; custom_padding__hover=&#8221;|||&#8221;][et_pb_row_inner _builder_version=&#8221;4.16&#8243; custom_padding=&#8221;27.375px|0px|0px|0px&#8221; global_colors_info=&#8221;{}&#8221;][et_pb_column_inner saved_specialty_column_type=&#8221;3_4&#8243; _builder_version=&#8221;4.16&#8243; custom_padding=&#8221;|||&#8221; global_colors_info=&#8221;{}&#8221; custom_padding__hover=&#8221;|||&#8221;][et_pb_text admin_label=&#8221;TITOLO PAGINA&#8221; _builder_version=&#8221;4.16&#8243; header_text_color=&#8221;#ff6600&#8243; text_orientation=&#8221;justified&#8221; custom_margin=&#8221;||-2px|||&#8221; global_colors_info=&#8221;{}&#8221;]<\/p>\n<h1>Cursos combinados de italiano em Floren\u00e7a<\/h1>\n<h2>Cursos em grupo com aulas individuales<\/h2>\n<p>[\/et_pb_text][et_pb_text _builder_version=&#8221;4.16&#8243; text_orientation=&#8221;justified&#8221; global_colors_info=&#8221;{}&#8221;]<\/p>\n<p>Os<strong>\u00a0cursos de italiano combinados<\/strong> de escola Parola em aulas de italiano consistem em um grupo combinado de aulas de l\u00edngua italiana que s\u00e3o <strong>realizadas separadamente, durante a tarde<\/strong>, em nossa sede, no centro hist\u00f3rico de Floren\u00e7a, Borgo Santa Croce, 17.<\/p>\n<p>O estudante pode <strong>aprender italiano\u00a0em um curso em grupo<\/strong> e depois, geralmente na sess\u00e3o da tarde, continue com uma<strong> li\u00e7\u00e3o individual<\/strong>, assim como revisar a gram\u00e1tica, ampliar o vocabul\u00e1rio e melhorar a flu\u00eancia da fala na linguagem.<\/p>\n<p>[\/et_pb_text][\/et_pb_column_inner][\/et_pb_row_inner][et_pb_row_inner _builder_version=&#8221;4.16&#8243; custom_padding=&#8221;||14px|||&#8221; global_colors_info=&#8221;{}&#8221;][et_pb_column_inner saved_specialty_column_type=&#8221;3_4&#8243; _builder_version=&#8221;4.16&#8243; custom_padding=&#8221;|||&#8221; global_colors_info=&#8221;{}&#8221; custom_padding__hover=&#8221;|||&#8221;][et_pb_text _builder_version=&#8221;4.16&#8243; global_colors_info=&#8221;{}&#8221;]<\/p>\n<h2>Cursos combinados de idiomas para estudantes universit\u00e1rios\u00a0<\/h2>\n<p>Os cursos de italiano combinados da escola Parola s\u00e3o especialmente escolhidos por adultos ou estudantes universit\u00e1rios que estudam outros assuntos em Floren\u00e7a, e descobriram que a linguagem do grupo com as aulas de italiano individuais eficazes para a\u00a0<strong>aprendizagem da l\u00edngua italiana com bons resultados<\/strong>.<\/p>\n<p>[\/et_pb_text][et_pb_pricing_tables header_background_color=&#8221;#ff6600&#8243; show_bullet=&#8221;off&#8221; featured_table_bullet_color=&#8221;rgba(255,255,255,0)&#8221; show_featured_drop_shadow=&#8221;off&#8221; admin_label=&#8221;Standard Combined Language Courses&#8221; _builder_version=&#8221;4.16&#8243; header_font_size=&#8221;15&#8243; body_text_align=&#8221;center&#8221; text_orientation=&#8221;center&#8221; custom_padding=&#8221;||-10px|&#8221; center_list_items=&#8221;on&#8221; global_colors_info=&#8221;{}&#8221; button_text_size__hover_enabled=&#8221;off&#8221; button_one_text_size__hover_enabled=&#8221;off&#8221; button_two_text_size__hover_enabled=&#8221;off&#8221; button_text_color__hover_enabled=&#8221;off&#8221; button_one_text_color__hover_enabled=&#8221;off&#8221; button_two_text_color__hover_enabled=&#8221;off&#8221; button_border_width__hover_enabled=&#8221;off&#8221; button_one_border_width__hover_enabled=&#8221;off&#8221; button_two_border_width__hover_enabled=&#8221;off&#8221; button_border_color__hover_enabled=&#8221;off&#8221; button_one_border_color__hover_enabled=&#8221;off&#8221; button_two_border_color__hover_enabled=&#8221;off&#8221; button_border_radius__hover_enabled=&#8221;off&#8221; button_one_border_radius__hover_enabled=&#8221;off&#8221; button_two_border_radius__hover_enabled=&#8221;off&#8221; button_letter_spacing__hover_enabled=&#8221;off&#8221; button_one_letter_spacing__hover_enabled=&#8221;off&#8221; button_two_letter_spacing__hover_enabled=&#8221;off&#8221; button_bg_color__hover_enabled=&#8221;off&#8221; button_one_bg_color__hover_enabled=&#8221;off&#8221; button_two_bg_color__hover_enabled=&#8221;off&#8221;][et_pb_pricing_table title=&#8221;A tempo&#8221; sum=&#8221;Light&#8221; _builder_version=&#8221;4.16&#8243; header_font=&#8221;||||&#8221; header_font_size=&#8221;20&#8243; body_font=&#8221;||||&#8221; body_text_align=&#8221;center&#8221; body_line_height=&#8221;18px&#8221; subheader_font=&#8221;||||&#8221; subheader_text_align=&#8221;center&#8221; subheader_font_size=&#8221;14&#8243; price_font=&#8221;|on|||&#8221; price_text_align=&#8221;center&#8221; price_font_size=&#8221;16&#8243; price_line_height=&#8221;16px&#8221; currency_frequency_font=&#8221;||||&#8221; custom_button=&#8221;on&#8221; button_border_width=&#8221;4&#8243; button_font=&#8221;||||&#8221; button_use_icon=&#8221;on&#8221; button_icon=&#8221;&#xe025;||divi||400&#8243; button_icon_placement=&#8221;right&#8221; button_on_hover=&#8221;on&#8221; button_alignment=&#8221;center&#8221; text_orientation=&#8221;center&#8221; header_font_size_tablet=&#8221;20&#8243; header_font_size_phone=&#8221;20&#8243; body_line_height_tablet=&#8221;16px&#8221; body_line_height_phone=&#8221;16px&#8221; subheader_font_size_tablet=&#8221;14&#8243; subheader_font_size_phone=&#8221;14&#8243; price_font_size_tablet=&#8221;16&#8243; price_font_size_phone=&#8221;16&#8243; price_line_height_tablet=&#8221;16px&#8221; price_line_height_phone=&#8221;16px&#8221; global_colors_info=&#8221;{}&#8221; button_text_size__hover_enabled=&#8221;off&#8221; button_one_text_size__hover_enabled=&#8221;off&#8221; button_two_text_size__hover_enabled=&#8221;off&#8221; button_text_color__hover_enabled=&#8221;off&#8221; button_one_text_color__hover_enabled=&#8221;off&#8221; button_two_text_color__hover_enabled=&#8221;off&#8221; button_border_width__hover_enabled=&#8221;off&#8221; button_one_border_width__hover_enabled=&#8221;off&#8221; button_two_border_width__hover_enabled=&#8221;off&#8221; button_border_color__hover_enabled=&#8221;off&#8221; button_one_border_color__hover_enabled=&#8221;off&#8221; button_two_border_color__hover_enabled=&#8221;off&#8221; button_border_radius__hover_enabled=&#8221;off&#8221; button_one_border_radius__hover_enabled=&#8221;off&#8221; button_two_border_radius__hover_enabled=&#8221;off&#8221; button_letter_spacing__hover_enabled=&#8221;off&#8221; button_one_letter_spacing__hover_enabled=&#8221;off&#8221; button_two_letter_spacing__hover_enabled=&#8221;off&#8221; button_bg_color__hover_enabled=&#8221;off&#8221; button_one_bg_color__hover_enabled=&#8221;off&#8221; button_two_bg_color__hover_enabled=&#8221;off&#8221; sticky_transition=&#8221;on&#8221;] 30 hours\u00a0(20 h. group lessons + 10 h. one-on-one) [\/et_pb_pricing_table][et_pb_pricing_table title=&#8221;Allegretto&#8221; sum=&#8221;Semi-intensive&#8221; _builder_version=&#8221;4.16&#8243; header_font=&#8221;||||&#8221; header_font_size=&#8221;20&#8243; body_font=&#8221;||||&#8221; body_text_align=&#8221;center&#8221; body_line_height=&#8221;18px&#8221; subheader_font=&#8221;||||&#8221; subheader_text_align=&#8221;center&#8221; subheader_font_size=&#8221;14&#8243; price_font=&#8221;|on|||&#8221; price_text_align=&#8221;center&#8221; price_font_size=&#8221;16&#8243; price_line_height=&#8221;16px&#8221; currency_frequency_font=&#8221;||||&#8221; custom_button=&#8221;on&#8221; button_border_width=&#8221;4&#8243; button_font=&#8221;||||&#8221; button_use_icon=&#8221;on&#8221; button_icon=&#8221;&#xe025;||divi||400&#8243; button_icon_placement=&#8221;right&#8221; button_on_hover=&#8221;on&#8221; button_alignment=&#8221;center&#8221; text_orientation=&#8221;center&#8221; header_font_size_tablet=&#8221;20&#8243; header_font_size_phone=&#8221;20&#8243; body_line_height_tablet=&#8221;16px&#8221; body_line_height_phone=&#8221;16px&#8221; subheader_font_size_tablet=&#8221;14&#8243; subheader_font_size_phone=&#8221;14&#8243; price_font_size_tablet=&#8221;16&#8243; price_font_size_phone=&#8221;16&#8243; price_line_height_tablet=&#8221;16px&#8221; price_line_height_phone=&#8221;16px&#8221; global_colors_info=&#8221;{}&#8221; button_text_size__hover_enabled=&#8221;off&#8221; button_one_text_size__hover_enabled=&#8221;off&#8221; button_two_text_size__hover_enabled=&#8221;off&#8221; button_text_color__hover_enabled=&#8221;off&#8221; button_one_text_color__hover_enabled=&#8221;off&#8221; button_two_text_color__hover_enabled=&#8221;off&#8221; button_border_width__hover_enabled=&#8221;off&#8221; button_one_border_width__hover_enabled=&#8221;off&#8221; button_two_border_width__hover_enabled=&#8221;off&#8221; button_border_color__hover_enabled=&#8221;off&#8221; button_one_border_color__hover_enabled=&#8221;off&#8221; button_two_border_color__hover_enabled=&#8221;off&#8221; button_border_radius__hover_enabled=&#8221;off&#8221; button_one_border_radius__hover_enabled=&#8221;off&#8221; button_two_border_radius__hover_enabled=&#8221;off&#8221; button_letter_spacing__hover_enabled=&#8221;off&#8221; button_one_letter_spacing__hover_enabled=&#8221;off&#8221; button_two_letter_spacing__hover_enabled=&#8221;off&#8221; button_bg_color__hover_enabled=&#8221;off&#8221; button_one_bg_color__hover_enabled=&#8221;off&#8221; button_two_bg_color__hover_enabled=&#8221;off&#8221; sticky_transition=&#8221;on&#8221;] 92 hours (80 h. group lessons + 12 h. one-on-one) [\/et_pb_pricing_table][et_pb_pricing_table title=&#8221;Vivace&#8221; sum=&#8221;Intensive&#8221; _builder_version=&#8221;4.16&#8243; header_font=&#8221;||||&#8221; header_font_size=&#8221;20&#8243; body_font=&#8221;||||&#8221; body_text_align=&#8221;center&#8221; body_line_height=&#8221;18px&#8221; subheader_font=&#8221;||||&#8221; subheader_text_align=&#8221;center&#8221; subheader_font_size=&#8221;14&#8243; price_font=&#8221;|on|||&#8221; price_text_align=&#8221;center&#8221; price_font_size=&#8221;16&#8243; price_line_height=&#8221;16px&#8221; currency_frequency_font=&#8221;||||&#8221; custom_button=&#8221;on&#8221; button_border_width=&#8221;4&#8243; button_font=&#8221;||||&#8221; button_use_icon=&#8221;on&#8221; button_icon=&#8221;&#xe025;||divi||400&#8243; button_icon_placement=&#8221;right&#8221; button_on_hover=&#8221;on&#8221; button_alignment=&#8221;center&#8221; text_orientation=&#8221;center&#8221; header_font_size_tablet=&#8221;20&#8243; header_font_size_phone=&#8221;20&#8243; body_line_height_tablet=&#8221;16px&#8221; body_line_height_phone=&#8221;16px&#8221; subheader_font_size_tablet=&#8221;14&#8243; subheader_font_size_phone=&#8221;14&#8243; price_font_size_tablet=&#8221;16&#8243; price_font_size_phone=&#8221;16&#8243; price_line_height_tablet=&#8221;16px&#8221; price_line_height_phone=&#8221;16px&#8221; global_colors_info=&#8221;{}&#8221; button_text_size__hover_enabled=&#8221;off&#8221; button_one_text_size__hover_enabled=&#8221;off&#8221; button_two_text_size__hover_enabled=&#8221;off&#8221; button_text_color__hover_enabled=&#8221;off&#8221; button_one_text_color__hover_enabled=&#8221;off&#8221; button_two_text_color__hover_enabled=&#8221;off&#8221; button_border_width__hover_enabled=&#8221;off&#8221; button_one_border_width__hover_enabled=&#8221;off&#8221; button_two_border_width__hover_enabled=&#8221;off&#8221; button_border_color__hover_enabled=&#8221;off&#8221; button_one_border_color__hover_enabled=&#8221;off&#8221; button_two_border_color__hover_enabled=&#8221;off&#8221; button_border_radius__hover_enabled=&#8221;off&#8221; button_one_border_radius__hover_enabled=&#8221;off&#8221; button_two_border_radius__hover_enabled=&#8221;off&#8221; button_letter_spacing__hover_enabled=&#8221;off&#8221; button_one_letter_spacing__hover_enabled=&#8221;off&#8221; button_two_letter_spacing__hover_enabled=&#8221;off&#8221; button_bg_color__hover_enabled=&#8221;off&#8221; button_one_bg_color__hover_enabled=&#8221;off&#8221; button_two_bg_color__hover_enabled=&#8221;off&#8221; sticky_transition=&#8221;on&#8221;] 100 hours (80 h. group lessons + 20 h. one-on-one) [\/et_pb_pricing_table][et_pb_pricing_table title=&#8221;Presto&#8221; sum=&#8221;Intensive&#8221; _builder_version=&#8221;4.16&#8243; header_font=&#8221;||||&#8221; header_font_size=&#8221;20&#8243; body_font=&#8221;||||&#8221; body_text_align=&#8221;center&#8221; body_line_height=&#8221;18px&#8221; subheader_font=&#8221;||||&#8221; subheader_text_align=&#8221;center&#8221; subheader_font_size=&#8221;14&#8243; price_font=&#8221;|on|||&#8221; price_text_align=&#8221;center&#8221; price_font_size=&#8221;16&#8243; price_line_height=&#8221;16px&#8221; currency_frequency_font=&#8221;||||&#8221; custom_button=&#8221;on&#8221; button_border_width=&#8221;4&#8243; button_font=&#8221;||||&#8221; button_use_icon=&#8221;on&#8221; button_icon=&#8221;&#xe025;||divi||400&#8243; button_icon_placement=&#8221;right&#8221; button_on_hover=&#8221;on&#8221; button_alignment=&#8221;center&#8221; text_orientation=&#8221;center&#8221; header_font_size_tablet=&#8221;20&#8243; header_font_size_phone=&#8221;20&#8243; body_line_height_tablet=&#8221;16px&#8221; body_line_height_phone=&#8221;16px&#8221; subheader_font_size_tablet=&#8221;14&#8243; subheader_font_size_phone=&#8221;14&#8243; price_font_size_tablet=&#8221;16&#8243; price_font_size_phone=&#8221;16&#8243; price_line_height_tablet=&#8221;16px&#8221; price_line_height_phone=&#8221;16px&#8221; global_colors_info=&#8221;{}&#8221; button_text_size__hover_enabled=&#8221;off&#8221; button_one_text_size__hover_enabled=&#8221;off&#8221; button_two_text_size__hover_enabled=&#8221;off&#8221; button_text_color__hover_enabled=&#8221;off&#8221; button_one_text_color__hover_enabled=&#8221;off&#8221; button_two_text_color__hover_enabled=&#8221;off&#8221; button_border_width__hover_enabled=&#8221;off&#8221; button_one_border_width__hover_enabled=&#8221;off&#8221; button_two_border_width__hover_enabled=&#8221;off&#8221; button_border_color__hover_enabled=&#8221;off&#8221; button_one_border_color__hover_enabled=&#8221;off&#8221; button_two_border_color__hover_enabled=&#8221;off&#8221; button_border_radius__hover_enabled=&#8221;off&#8221; button_one_border_radius__hover_enabled=&#8221;off&#8221; button_two_border_radius__hover_enabled=&#8221;off&#8221; button_letter_spacing__hover_enabled=&#8221;off&#8221; button_one_letter_spacing__hover_enabled=&#8221;off&#8221; button_two_letter_spacing__hover_enabled=&#8221;off&#8221; button_bg_color__hover_enabled=&#8221;off&#8221; button_one_bg_color__hover_enabled=&#8221;off&#8221; button_two_bg_color__hover_enabled=&#8221;off&#8221; sticky_transition=&#8221;on&#8221;] 120 hours (80 h. group lessons + 40 h. one-on-one) [\/et_pb_pricing_table][\/et_pb_pricing_tables][et_pb_text _builder_version=&#8221;4.16&#8243; custom_margin=&#8221;||-15px|&#8221; custom_padding=&#8221;0px|||||&#8221; global_colors_info=&#8221;{}&#8221;]<\/p>\n<h4>Curso de Italiano e Cultura<\/h4>\n<p>&nbsp;<\/p>\n<p>[\/et_pb_text][et_pb_pricing_tables header_background_color=&#8221;#ff6600&#8243; show_bullet=&#8221;off&#8221; featured_table_bullet_color=&#8221;rgba(255,255,255,0)&#8221; show_featured_drop_shadow=&#8221;off&#8221; admin_label=&#8221;Italian Language And Culture. Mixed Courses&#8221; _builder_version=&#8221;4.16&#8243; header_font_size=&#8221;15&#8243; body_text_align=&#8221;center&#8221; text_orientation=&#8221;center&#8221; custom_margin=&#8221;0px|||&#8221; custom_padding=&#8221;||-10px|&#8221; center_list_items=&#8221;on&#8221; global_colors_info=&#8221;{}&#8221; button_text_size__hover_enabled=&#8221;off&#8221; button_one_text_size__hover_enabled=&#8221;off&#8221; button_two_text_size__hover_enabled=&#8221;off&#8221; button_text_color__hover_enabled=&#8221;off&#8221; button_one_text_color__hover_enabled=&#8221;off&#8221; button_two_text_color__hover_enabled=&#8221;off&#8221; button_border_width__hover_enabled=&#8221;off&#8221; button_one_border_width__hover_enabled=&#8221;off&#8221; button_two_border_width__hover_enabled=&#8221;off&#8221; button_border_color__hover_enabled=&#8221;off&#8221; button_one_border_color__hover_enabled=&#8221;off&#8221; button_two_border_color__hover_enabled=&#8221;off&#8221; button_border_radius__hover_enabled=&#8221;off&#8221; button_one_border_radius__hover_enabled=&#8221;off&#8221; button_two_border_radius__hover_enabled=&#8221;off&#8221; button_letter_spacing__hover_enabled=&#8221;off&#8221; button_one_letter_spacing__hover_enabled=&#8221;off&#8221; button_two_letter_spacing__hover_enabled=&#8221;off&#8221; button_bg_color__hover_enabled=&#8221;off&#8221; button_one_bg_color__hover_enabled=&#8221;off&#8221; button_two_bg_color__hover_enabled=&#8221;off&#8221;][et_pb_pricing_table title=&#8221;Italian and Cooking&#8221; sum=&#8221;Light&#8221; _builder_version=&#8221;4.16&#8243; header_font=&#8221;||||&#8221; header_font_size=&#8221;20&#8243; body_font=&#8221;||||&#8221; body_text_align=&#8221;center&#8221; body_line_height=&#8221;18px&#8221; subheader_font=&#8221;||||&#8221; subheader_text_align=&#8221;center&#8221; subheader_font_size=&#8221;14&#8243; price_font=&#8221;|on|||&#8221; price_text_align=&#8221;center&#8221; price_font_size=&#8221;16&#8243; price_line_height=&#8221;16px&#8221; currency_frequency_font=&#8221;||||&#8221; custom_button=&#8221;on&#8221; button_border_width=&#8221;4&#8243; button_font=&#8221;||||&#8221; button_use_icon=&#8221;on&#8221; button_icon=&#8221;&#xe025;||divi||400&#8243; button_icon_placement=&#8221;right&#8221; button_on_hover=&#8221;on&#8221; button_alignment=&#8221;center&#8221; text_orientation=&#8221;center&#8221; header_font_size_tablet=&#8221;20&#8243; header_font_size_phone=&#8221;20&#8243; body_line_height_tablet=&#8221;16px&#8221; body_line_height_phone=&#8221;16px&#8221; subheader_font_size_tablet=&#8221;14&#8243; subheader_font_size_phone=&#8221;14&#8243; price_font_size_tablet=&#8221;16&#8243; price_font_size_phone=&#8221;16&#8243; price_line_height_tablet=&#8221;16px&#8221; price_line_height_phone=&#8221;16px&#8221; global_colors_info=&#8221;{}&#8221; button_text_size__hover_enabled=&#8221;off&#8221; button_one_text_size__hover_enabled=&#8221;off&#8221; button_two_text_size__hover_enabled=&#8221;off&#8221; button_text_color__hover_enabled=&#8221;off&#8221; button_one_text_color__hover_enabled=&#8221;off&#8221; button_two_text_color__hover_enabled=&#8221;off&#8221; button_border_width__hover_enabled=&#8221;off&#8221; button_one_border_width__hover_enabled=&#8221;off&#8221; button_two_border_width__hover_enabled=&#8221;off&#8221; button_border_color__hover_enabled=&#8221;off&#8221; button_one_border_color__hover_enabled=&#8221;off&#8221; button_two_border_color__hover_enabled=&#8221;off&#8221; button_border_radius__hover_enabled=&#8221;off&#8221; button_one_border_radius__hover_enabled=&#8221;off&#8221; button_two_border_radius__hover_enabled=&#8221;off&#8221; button_letter_spacing__hover_enabled=&#8221;off&#8221; button_one_letter_spacing__hover_enabled=&#8221;off&#8221; button_two_letter_spacing__hover_enabled=&#8221;off&#8221; button_bg_color__hover_enabled=&#8221;off&#8221; button_one_bg_color__hover_enabled=&#8221;off&#8221; button_two_bg_color__hover_enabled=&#8221;off&#8221; sticky_transition=&#8221;on&#8221;] 56 hours (40 h. group lessons + 16 h. cooking) [\/et_pb_pricing_table][et_pb_pricing_table title=&#8221;Italian and Drawing&#8221; sum=&#8221;Light&#8221; _builder_version=&#8221;4.16&#8243; header_font=&#8221;||||&#8221; header_font_size=&#8221;20&#8243; body_font=&#8221;||||&#8221; body_text_align=&#8221;center&#8221; body_line_height=&#8221;18px&#8221; subheader_font=&#8221;||||&#8221; subheader_text_align=&#8221;center&#8221; subheader_font_size=&#8221;14&#8243; price_font=&#8221;|on|||&#8221; price_text_align=&#8221;center&#8221; price_font_size=&#8221;16&#8243; price_line_height=&#8221;16px&#8221; currency_frequency_font=&#8221;||||&#8221; custom_button=&#8221;on&#8221; button_border_width=&#8221;4&#8243; button_font=&#8221;||||&#8221; button_use_icon=&#8221;on&#8221; button_icon=&#8221;&#xe025;||divi||400&#8243; button_icon_placement=&#8221;right&#8221; button_on_hover=&#8221;on&#8221; button_alignment=&#8221;center&#8221; text_orientation=&#8221;center&#8221; header_font_size_tablet=&#8221;20&#8243; header_font_size_phone=&#8221;20&#8243; body_line_height_tablet=&#8221;16px&#8221; body_line_height_phone=&#8221;16px&#8221; subheader_font_size_tablet=&#8221;14&#8243; subheader_font_size_phone=&#8221;14&#8243; price_font_size_tablet=&#8221;16&#8243; price_font_size_phone=&#8221;16&#8243; price_line_height_tablet=&#8221;16px&#8221; price_line_height_phone=&#8221;16px&#8221; global_colors_info=&#8221;{}&#8221; button_text_size__hover_enabled=&#8221;off&#8221; button_one_text_size__hover_enabled=&#8221;off&#8221; button_two_text_size__hover_enabled=&#8221;off&#8221; button_text_color__hover_enabled=&#8221;off&#8221; button_one_text_color__hover_enabled=&#8221;off&#8221; button_two_text_color__hover_enabled=&#8221;off&#8221; button_border_width__hover_enabled=&#8221;off&#8221; button_one_border_width__hover_enabled=&#8221;off&#8221; button_two_border_width__hover_enabled=&#8221;off&#8221; button_border_color__hover_enabled=&#8221;off&#8221; button_one_border_color__hover_enabled=&#8221;off&#8221; button_two_border_color__hover_enabled=&#8221;off&#8221; button_border_radius__hover_enabled=&#8221;off&#8221; button_one_border_radius__hover_enabled=&#8221;off&#8221; button_two_border_radius__hover_enabled=&#8221;off&#8221; button_letter_spacing__hover_enabled=&#8221;off&#8221; button_one_letter_spacing__hover_enabled=&#8221;off&#8221; button_two_letter_spacing__hover_enabled=&#8221;off&#8221; button_bg_color__hover_enabled=&#8221;off&#8221; button_one_bg_color__hover_enabled=&#8221;off&#8221; button_two_bg_color__hover_enabled=&#8221;off&#8221; sticky_transition=&#8221;on&#8221;] 48 hours (40 h. group lessons + 8 h. drawing) [\/et_pb_pricing_table][et_pb_pricing_table title=&#8221;Italian and Art&#8221; sum=&#8221;Light&#8221; _builder_version=&#8221;4.16&#8243; header_font=&#8221;||||&#8221; header_font_size=&#8221;20&#8243; body_font=&#8221;||||&#8221; body_text_align=&#8221;center&#8221; body_line_height=&#8221;18px&#8221; subheader_font=&#8221;||||&#8221; subheader_text_align=&#8221;center&#8221; subheader_font_size=&#8221;14&#8243; price_font=&#8221;|on|||&#8221; price_text_align=&#8221;center&#8221; price_font_size=&#8221;16&#8243; price_line_height=&#8221;16px&#8221; currency_frequency_font=&#8221;||||&#8221; custom_button=&#8221;on&#8221; button_border_width=&#8221;4&#8243; button_font=&#8221;||||&#8221; button_use_icon=&#8221;on&#8221; button_icon=&#8221;&#xe025;||divi||400&#8243; button_icon_placement=&#8221;right&#8221; button_on_hover=&#8221;on&#8221; button_alignment=&#8221;center&#8221; text_orientation=&#8221;center&#8221; header_font_size_tablet=&#8221;20&#8243; header_font_size_phone=&#8221;20&#8243; body_line_height_tablet=&#8221;16px&#8221; body_line_height_phone=&#8221;16px&#8221; subheader_font_size_tablet=&#8221;14&#8243; subheader_font_size_phone=&#8221;14&#8243; price_font_size_tablet=&#8221;16&#8243; price_font_size_phone=&#8221;16&#8243; price_line_height_tablet=&#8221;16px&#8221; price_line_height_phone=&#8221;16px&#8221; global_colors_info=&#8221;{}&#8221; button_text_size__hover_enabled=&#8221;off&#8221; button_one_text_size__hover_enabled=&#8221;off&#8221; button_two_text_size__hover_enabled=&#8221;off&#8221; button_text_color__hover_enabled=&#8221;off&#8221; button_one_text_color__hover_enabled=&#8221;off&#8221; button_two_text_color__hover_enabled=&#8221;off&#8221; button_border_width__hover_enabled=&#8221;off&#8221; button_one_border_width__hover_enabled=&#8221;off&#8221; button_two_border_width__hover_enabled=&#8221;off&#8221; button_border_color__hover_enabled=&#8221;off&#8221; button_one_border_color__hover_enabled=&#8221;off&#8221; button_two_border_color__hover_enabled=&#8221;off&#8221; button_border_radius__hover_enabled=&#8221;off&#8221; button_one_border_radius__hover_enabled=&#8221;off&#8221; button_two_border_radius__hover_enabled=&#8221;off&#8221; button_letter_spacing__hover_enabled=&#8221;off&#8221; button_one_letter_spacing__hover_enabled=&#8221;off&#8221; button_two_letter_spacing__hover_enabled=&#8221;off&#8221; button_bg_color__hover_enabled=&#8221;off&#8221; button_one_bg_color__hover_enabled=&#8221;off&#8221; button_two_bg_color__hover_enabled=&#8221;off&#8221; sticky_transition=&#8221;on&#8221;] 56 hours (40 h. group lessons + 16 h. art) [\/et_pb_pricing_table][\/et_pb_pricing_tables][et_pb_text admin_label=&#8221;Contatta&#8221; _builder_version=&#8221;4.16&#8243; custom_margin=&#8221;|||&#8221; custom_padding=&#8221;20px|||&#8221; global_colors_info=&#8221;{}&#8221;]<\/p>\n<h2><\/h2>\n<h2>Contacte a escola Parola de l\u00edngua italiana\u00a0<\/h2>\n<p><strong>Contactar<\/strong> a nossa escola para mais informa\u00e7\u00f5es sobre os nossos cursos combinados de italiano.<\/p>\n<p>[\/et_pb_text][\/et_pb_column_inner][\/et_pb_row_inner][et_pb_row_inner _builder_version=&#8221;4.16&#8243; custom_padding=&#8221;1px|0px|0px|0px&#8221; global_colors_info=&#8221;{}&#8221;][et_pb_column_inner saved_specialty_column_type=&#8221;3_4&#8243; _builder_version=&#8221;4.16&#8243; custom_padding=&#8221;|||&#8221; global_colors_info=&#8221;{}&#8221; custom_padding__hover=&#8221;|||&#8221;][et_pb_text _builder_version=&#8221;4.16&#8243; global_colors_info=&#8221;{}&#8221;]<\/p>\n<h4 class=\"style25;\"><span style=\"color: #ff6600;\">ALLEGRETTO &#8211;\u00a0<span class=\"style14 style51\">92 horas \/ 4 semanas<\/span><\/span><\/h4>\n<p>4 horas de aulas por dia e 3 horas de aulas por semana, num total de 90 horas de aulas mais 40 horas facultativas\u00a0<strong>de atividades culturais e recreativas.<\/strong><\/p>\n<h4 class=\"style35\"><span style=\"color: #0c71c3;\">Programa<\/span><\/h4>\n<p>4 horas na manh\u00e3 + 1 indiv\u00edduo no per\u00edodo da tarde, tr\u00eas vezes por semana.<\/p>\n<h4>Por que participar deste curso combinado italiano<\/h4>\n<p>O curso combinado \u00e9 geralmente uma boa solu\u00e7\u00e3o para\u00a0<strong>os estudantes que querem melhorar rapidamente<\/strong>, gra\u00e7as \u00e0s horas individuais \u00e0 tarde. As 3 horas da tarde pode ser usado para defici\u00eancias gramaticais do aluno.<\/p>\n<p>[\/et_pb_text][et_pb_text _builder_version=&#8221;4.16&#8243; global_colors_info=&#8221;{}&#8221;]<\/p>\n<h4 class=\"style25;\"><span style=\"color: #ff6600;\">VIVACE &#8211;<span class=\"style14 style51\">\u00a0100 horas \/ 4 semanas<\/span><\/span><\/h4>\n<p>Aula de grupo de 4 horas e 1 hora de aula individual por dia para um total de\u00a0<strong>100 horas de ensino mais 40 horas facultativas de atividades culturais e recreativas,<\/strong>\u00a0em Floren\u00e7a. Voc\u00ea tamb\u00e9m pode fazer o curso h\u00e1 menos de um m\u00eas, por favor, entre em contato com nossa escola de l\u00edngua italiana para obter mais informa\u00e7\u00f5es.<\/p>\n<h4 class=\"style35\"><span style=\"color: #0c71c3;\">Programa<\/span><\/h4>\n<p>4 horas na manh\u00e3 + 1 indiv\u00edduo no per\u00edodo da tarde, 5 vezes por semana.<\/p>\n<h4>Por que participar deste curso combinado italiano<\/h4>\n<p>O objetivo deste curso \u00e9 para resumir o que um aluno aprendeu durante a manh\u00e3.<\/p>\n<p>Este curso \u00e9 muito \u00fatil se voc\u00ea tem d\u00favidas e incertezas sobre a l\u00edngua italiana e gram\u00e1tica, se voc\u00ea quiser expandir o seu vocabul\u00e1rio. Excelente tamb\u00e9m no caso em que h\u00e1 um aluno\u00a0<strong>adulto que precisa aprender a velocidade<\/strong>\u00a0com a l\u00edngua italiana.<\/p>\n<p>[\/et_pb_text][et_pb_text _builder_version=&#8221;4.16&#8243; global_colors_info=&#8221;{}&#8221;]<\/p>\n<h4 class=\"style25;\"><span style=\"color: #ff6600;\">PRESTO &#8211;<span class=\"style14 style51\">\u00a0120 horas \/ m\u00eas<\/span><\/span><\/h4>\n<p>4 horas de aulas em grupo e aulas individuais duas horas por dia para um total de\u00a0<strong>120 horas de aulas te\u00f3ricas + 40 horas de atividades culturais e recreativas opcionais em Floren\u00e7a<\/strong>. Voc\u00ea tamb\u00e9m pode fazer o curso h\u00e1 menos de um m\u00eas, entre em contato com a escola Parola para obter mais informa\u00e7\u00f5es.<\/p>\n<h3 class=\"style35\"><span style=\"color: #0c71c3;\">Programa<\/span><\/h3>\n<p>4 horas na manh\u00e3 + 2 horas individuais \u00e0 tarde, 5 vezes por semana.<\/p>\n<h3>Por que participar deste curso combinado italiano<\/h3>\n<p>Este \u00e9 um curso intensivo de idioma, se voc\u00ea precisar de gram\u00e1tica, conversa\u00e7\u00e3o e vocabul\u00e1rio, tudo \u00e9 combinado em grupos e individualmente. Esta \u00e9 uma combina\u00e7\u00e3o perfeita para os alunos que querem\u00a0<strong>aprender italiano com resultados muito eficazes<\/strong>.<\/p>\n<p>[\/et_pb_text][\/et_pb_column_inner][\/et_pb_row_inner][et_pb_row_inner admin_label=&#8221;Riga&#8221; _builder_version=&#8221;4.16&#8243; global_colors_info=&#8221;{}&#8221;][et_pb_column_inner saved_specialty_column_type=&#8221;3_4&#8243; _builder_version=&#8221;4.16&#8243; custom_padding=&#8221;|||&#8221; global_colors_info=&#8221;{}&#8221; custom_padding__hover=&#8221;|||&#8221;][et_pb_text admin_label=&#8221;Mixed course&#8221; _builder_version=&#8221;4.16&#8243; custom_margin=&#8221;||1px|||&#8221; global_colors_info=&#8221;{}&#8221;]<\/p>\n<h3 class=\"style35 style101\">L\u00edngua italiana e arte<\/h3>\n<p>[\/et_pb_text][et_pb_text _builder_version=&#8221;4.16&#8243; inline_fonts=&#8221;Abhaya Libre&#8221; global_colors_info=&#8221;{}&#8221;]<\/p>\n<h3 class=\"style35 style101\"><span style=\"color: #ff6600;\">L\u00edngua italiana e COZINHA &#8211; 96 horas por 4 semanas<\/span><\/h3>\n<p>Este curso de l\u00edngua italiana<strong>\u00a0<a href=\"https:\/\/www.parola.it\/pt-pt\/pt-curso-italiano-culinaria\/?et_fb=1\">combina idioma com aulas de culin\u00e1ria italiana<\/a><\/strong><a href=\"https:\/\/www.parola.it\/pt-pt\/pt-curso-italiano-culinaria\/?et_fb=1\">.<\/a> \u00c9 composto por 2 horas de gram\u00e1tica ou conversa\u00e7\u00e3o italiano em italiano na parte da manh\u00e3, cinco dias por semana, e 2 horas de aulas de culin\u00e1ria para 2 dias por semana (total de 4 horas por semana), que s\u00e3o realizadas no per\u00edodo da tarde, geralmente toda ter\u00e7a-feira e quinta-feira.<\/p>\n<h3><span style=\"font-family: inherit; font-weight: normal;\">Programa<\/span><\/h3>\n<p>2 horas por dia no per\u00edodo da manh\u00e3 + 2 horas individuais de aulas de culin\u00e1ria para 2 vezes por semana.<\/p>\n<h3>Por que fazer este curso de italiano combinado<\/h3>\n<p>Parola usa uma escola com um restaurante, em seguida, um contexto estrutural apropriado para ensinar culin\u00e1ria e permitir que os alunos para a pr\u00e1tica de culin\u00e1ria italiana e, ao mesmo tempo.<\/p>\n<p>Este \u00e9 um curso\u00a0<strong>ideal para aprender italiano em sala de aula e para se divertir com a l\u00edngua e a culin\u00e1ria italiana<\/strong>.<\/p>\n<p>[\/et_pb_text][et_pb_text _builder_version=&#8221;4.16&#8243; global_colors_info=&#8221;{}&#8221;]<\/p>\n<h3 class=\"style35 style101\"><span style=\"color: #ff6600;\">Aprenda a desenhar na escola Parola em Floren\u00e7a<\/span><\/h3>\n<p>A escola Parola criou um\u00a0<b><a href=\"pt-desenho-florenca?et_fb=1\">curso especial de t\u00e9cnicas de desenho<\/a>\u00a0<\/b>a ser estudada em conjunto ou isoladamente\u00a0<b>com um de nossos cursos de italiano em Floren\u00e7a<\/b>.<\/p>\n<p>Se o estudante s\u00f3 est\u00e1 interessado em aprender a desenhar em Floren\u00e7a &#8211; sem o curso de idioma italiano &#8211; \u00e9 preciso lembrar que para este tipo de curso de arte, que inclui explica\u00e7\u00f5es sobre t\u00e9cnicas de desenho e desenho pr\u00e1tico, \u00e9<b>\u00a0recomenadavel\u00a0um n\u00edvel suficiente de italiano<\/b>\u00a0a fim de eficientemente se comunicar com os professores.<span style=\"font-size: 14px;\">\u00a0<\/span><\/p>\n<p>[\/et_pb_text][et_pb_text _builder_version=&#8221;4.16&#8243; global_colors_info=&#8221;{}&#8221;]<\/p>\n<h4>Contacte a escola Parola de l\u00edngua italiana para obter mais informa\u00e7\u00f5es<\/h4>\n<p>Entre em\u00a0<a title=\"Contactar a escola de italiano Parola\" href=\"https:\/\/www.parola.it\/pt-pt\/pt_contactar\/\"><strong>contacto<\/strong><\/a>\u00a0com a escola Parola em Floren\u00e7a<strong>\u00a0para obter mais informa\u00e7\u00f5es sobre nossos cursos combinados<\/strong>\u00a0de l\u00edngua italiana ou quaisquer outros cursos de l\u00edngua italiana no centro hist\u00f3rico de Floren\u00e7a.<\/p>\n<p>[\/et_pb_text][\/et_pb_column_inner][\/et_pb_row_inner][\/et_pb_column][et_pb_column type=&#8221;1_4&#8243; _builder_version=&#8221;4.16&#8243; custom_padding=&#8221;|||&#8221; global_colors_info=&#8221;{}&#8221; custom_padding__hover=&#8221;|||&#8221;][et_pb_text _builder_version=&#8221;4.25.1&#8243; module_alignment=&#8221;left&#8221; hover_enabled=&#8221;0&#8243; global_colors_info=&#8221;{}&#8221; sticky_enabled=&#8221;0&#8243;]<\/p>\n<h5><span style=\"color: #0c71c3; font-size: x-large;\">CONTATE-NOS<\/span><\/h5>\n<h5><span style=\"color: #000000; font-size: medium;\">Para saber mais sobre nossos cursos.<\/span><\/h5>\n<p>Enviar um e-mail\u00a0\u00a0<strong><a href=\"mailto:info@parola.it\">info@parola.it<\/a><\/strong><\/p>\n<p>Contate-nos\u00a0<a href=\"tel:+39055242182\"><strong>+39 055242182<\/strong><\/a> or <a href=\"tel:+393288997420\"><strong>+39 328 8997420<\/strong><\/a><\/p>\n<p>Visite nos:<\/p>\n<p><strong>Borgo Santa Croce, 17<\/strong><\/p>\n<p><strong>50122 Florence<\/strong><\/p>\n<p>[\/et_pb_text][et_pb_social_media_follow url_new_window=&#8221;off&#8221; _builder_version=&#8221;4.16&#8243; background_layout=&#8221;dark&#8221; global_colors_info=&#8221;{}&#8221;][et_pb_social_media_follow_network social_network=&#8221;facebook&#8221; _builder_version=&#8221;4.16&#8243; background_color=&#8221;#3b5998&#8243; global_colors_info=&#8221;{}&#8221; follow_button=&#8221;off&#8221; url_new_window=&#8221;off&#8221;] Facebook [\/et_pb_social_media_follow_network][et_pb_social_media_follow_network social_network=&#8221;twitter&#8221; _builder_version=&#8221;4.22.2&#8243; background_color=&#8221;#000000&#8243; global_colors_info=&#8221;{}&#8221; follow_button=&#8221;off&#8221; url_new_window=&#8221;off&#8221;] Twitter [\/et_pb_social_media_follow_network][et_pb_social_media_follow_network social_network=&#8221;linkedin&#8221; _builder_version=&#8221;4.16&#8243; background_color=&#8221;#007bb6&#8243; global_colors_info=&#8221;{}&#8221; follow_button=&#8221;off&#8221; url_new_window=&#8221;off&#8221;] LinkedIn [\/et_pb_social_media_follow_network][et_pb_social_media_follow_network social_network=&#8221;instagram&#8221; _builder_version=&#8221;4.16&#8243; background_color=&#8221;#ea2c59&#8243; global_colors_info=&#8221;{}&#8221; follow_button=&#8221;off&#8221; url_new_window=&#8221;off&#8221;] Instagram [\/et_pb_social_media_follow_network][\/et_pb_social_media_follow][et_pb_text admin_label=&#8221;Cursos da escola &#8211; portoghese&#8221; _builder_version=&#8221;4.22.2&#8243; module_alignment=&#8221;left&#8221; custom_margin=&#8221;-1px|||||&#8221; global_module=&#8221;45838&#8243; locked=&#8221;off&#8221; global_colors_info=&#8221;{}&#8221;]<\/p>\n<p><strong><span style=\"font-size: x-large; color: #0c71c3;\">CURSOS DA ESCOLA<\/span><\/strong><\/p>\n<p><a href=\"pt-cursos-italiano-grupo\"><strong>CURSOS\u00a0<\/strong><strong>DE GRUPO<\/strong><\/a><\/p>\n<p><a href=\"pt-cursos-italiano-individuais?et_fb=1\"><strong>CURSOS\u00a0<\/strong><strong>INDIVIDUAIS\u00a0<\/strong><\/a><\/p>\n<p><strong><a title=\"Curso online\" href=\"https:\/\/www.parola.it\/pt-pt\/curso-italiano-online\">CURSOS ONLINE\u00a0<\/a><\/strong><\/p>\n<p><a href=\"pt-cursos-italiano-combinados?et_fb=1\"><strong>CURSOS\u00a0<\/strong><strong>COMBINADOS<\/strong><\/a><\/p>\n<p><strong><a title=\"Curso noturnos \" href=\"https:\/\/www.parola.it\/pt-pt\/pt-cursos-italiano-noturnos-firenze\">CURSO NOTURNOS<\/a><\/strong><\/p>\n<p><strong><a title=\"Exame CILS \" href=\"https:\/\/www.parola.it\/pt-pt\/pt-curso-cils-italia\">CURSOS CILS<\/a><\/strong><\/p>\n<p><a href=\"pt_cursos_italiano\"><strong>CURSOS DE ITALIANO<\/strong><\/a><\/p>\n<p><strong><span style=\"font-size: x-large; color: #0c71c3;\">OUTRA INFORMA\u00c7\u00c3O<\/span><\/strong><\/p>\n<p><strong><a href=\"pt_precos_cursos\">PRE\u00c7OS<\/a><\/strong><\/p>\n<p><strong><a href=\"https:\/\/www.parola.it\/pt-pt\/datas-dos-cursos\">DATAS<\/a><\/strong><\/p>\n<p><a href=\"pt_contactar\"><strong>CONTATO<\/strong><\/a><\/p>\n<p><strong><a href=\"https:\/\/www.parola.it\/pt-pt\/pt-escola-italiano-parola\">NOSSA ESCOLA\u00a0<\/a><\/strong><\/p>\n<p>[\/et_pb_text][et_pb_image src=&#8221;https:\/\/www.parola.it\/wp-content\/uploads\/2017\/10\/IMG_0880.jpg&#8221; align_tablet=&#8221;center&#8221; align_phone=&#8221;&#8221; align_last_edited=&#8221;on|desktop&#8221; _builder_version=&#8221;4.16&#8243; global_colors_info=&#8221;{}&#8221;][\/et_pb_image][et_pb_image src=&#8221;https:\/\/www.parola.it\/wp-content\/uploads\/2021\/02\/scuola-parola-scritta.jpg&#8221; alt=&#8221;Scritta verticale della scuola Parola di Firenze&#8221; title_text=&#8221;Logo striscia della scuola Parola&#8221; admin_label=&#8221;Parola verticale&#8221; _builder_version=&#8221;4.16&#8243; _module_preset=&#8221;default&#8221; global_colors_info=&#8221;{}&#8221;][\/et_pb_image][\/et_pb_column][\/et_pb_section][et_pb_section fb_built=&#8221;1&#8243; fullwidth=&#8221;on&#8221; _builder_version=&#8221;4.16&#8243; _module_preset=&#8221;default&#8221; global_colors_info=&#8221;{}&#8221;][et_pb_fullwidth_menu _builder_version=&#8221;4.16&#8243; _module_preset=&#8221;default&#8221; global_colors_info=&#8221;{}&#8221;][\/et_pb_fullwidth_menu][\/et_pb_section]<\/p>\n","protected":false},"excerpt":{"rendered":"<p>Cursos combinados de italiano em Floren\u00e7a Cursos em grupo com aulas individualesOs\u00a0cursos de italiano combinados de escola Parola em aulas de italiano consistem em um grupo combinado de aulas de l\u00edngua italiana que s\u00e3o realizadas separadamente, durante a tarde, em nossa sede, no centro hist\u00f3rico de Floren\u00e7a, Borgo Santa Croce, 17. O estudante pode aprender [&hellip;]<\/p>\n","protected":false},"author":1,"featured_media":31456,"parent":0,"menu_order":0,"comment_status":"closed","ping_status":"closed","template":"","meta":{"_et_pb_use_builder":"on","_et_pb_old_content":"","_et_gb_content_width":"","footnotes":""},"class_list":["post-2069","page","type-page","status-publish","has-post-thumbnail","hentry"],"yoast_head":"<!-- This site is optimized with the Yoast SEO plugin v27.4 - https:\/\/yoast.com\/product\/yoast-seo-wordpress\/ -->\n<title>Cursos combinados de italiano em Floren\u00e7a | Escola Parola<\/title>\n<meta name=\"description\" content=\"Cursos combinados de italiano na escola Parola em Floren\u00e7a. Curso em grupo ou aulas individuais de italiano no corazon da cidade.\" \/>\n<meta name=\"robots\" content=\"index, follow, max-snippet:-1, max-image-preview:large, max-video-preview:-1\" \/>\n<link rel=\"canonical\" href=\"https:\/\/www.parola.it\/pt-pt\/pt-cursos-italiano-combinados\/\" \/>\n<meta property=\"og:locale\" content=\"pt_PT\" \/>\n<meta property=\"og:type\" content=\"article\" \/>\n<meta property=\"og:title\" content=\"Cursos combinados de italiano em Floren\u00e7a | Escola Parola\" \/>\n<meta property=\"og:description\" content=\"Cursos combinados de italiano na escola Parola em Floren\u00e7a. Curso em grupo ou aulas individuais de italiano no corazon da cidade.\" \/>\n<meta property=\"og:url\" content=\"https:\/\/www.parola.it\/pt-pt\/pt-cursos-italiano-combinados\/\" \/>\n<meta property=\"og:site_name\" content=\"Italian Language School in Florence | Parola School\" \/>\n<meta property=\"article:publisher\" content=\"https:\/\/www.facebook.com\/Italian.language.school.florence\/\" \/>\n<meta property=\"article:modified_time\" content=\"2025-03-17T14:19:48+00:00\" \/>\n<meta property=\"og:image\" content=\"https:\/\/www.parola.it\/wp-content\/uploads\/2019\/09\/italian-language-school.jpg\" \/>\n\t<meta property=\"og:image:width\" content=\"1920\" \/>\n\t<meta property=\"og:image:height\" content=\"1080\" \/>\n\t<meta property=\"og:image:type\" content=\"image\/jpeg\" \/>\n<meta name=\"twitter:card\" content=\"summary_large_image\" \/>\n<meta name=\"twitter:site\" content=\"@Parola_School\" \/>\n<meta name=\"twitter:label1\" content=\"Tempo estimado de leitura\" \/>\n\t<meta name=\"twitter:data1\" content=\"22 minutos\" \/>\n<script type=\"application\/ld+json\" class=\"yoast-schema-graph\">{\"@context\":\"https:\\\/\\\/schema.org\",\"@graph\":[{\"@type\":\"WebPage\",\"@id\":\"https:\\\/\\\/www.parola.it\\\/pt-pt\\\/pt-cursos-italiano-combinados\\\/\",\"url\":\"https:\\\/\\\/www.parola.it\\\/pt-pt\\\/pt-cursos-italiano-combinados\\\/\",\"name\":\"Cursos combinados de italiano em Floren\u00e7a | Escola Parola\",\"isPartOf\":{\"@id\":\"https:\\\/\\\/www.parola.it\\\/#website\"},\"primaryImageOfPage\":{\"@id\":\"https:\\\/\\\/www.parola.it\\\/pt-pt\\\/pt-cursos-italiano-combinados\\\/#primaryimage\"},\"image\":{\"@id\":\"https:\\\/\\\/www.parola.it\\\/pt-pt\\\/pt-cursos-italiano-combinados\\\/#primaryimage\"},\"thumbnailUrl\":\"https:\\\/\\\/www.parola.it\\\/wp-content\\\/uploads\\\/2019\\\/09\\\/italian-language-school.jpg\",\"datePublished\":\"2017-11-06T20:04:45+00:00\",\"dateModified\":\"2025-03-17T14:19:48+00:00\",\"description\":\"Cursos combinados de italiano na escola Parola em Floren\u00e7a. Curso em grupo ou aulas individuais de italiano no corazon da cidade.\",\"breadcrumb\":{\"@id\":\"https:\\\/\\\/www.parola.it\\\/pt-pt\\\/pt-cursos-italiano-combinados\\\/#breadcrumb\"},\"inLanguage\":\"pt-PT\",\"potentialAction\":[{\"@type\":\"ReadAction\",\"target\":[\"https:\\\/\\\/www.parola.it\\\/pt-pt\\\/pt-cursos-italiano-combinados\\\/\"]}]},{\"@type\":\"ImageObject\",\"inLanguage\":\"pt-PT\",\"@id\":\"https:\\\/\\\/www.parola.it\\\/pt-pt\\\/pt-cursos-italiano-combinados\\\/#primaryimage\",\"url\":\"https:\\\/\\\/www.parola.it\\\/wp-content\\\/uploads\\\/2019\\\/09\\\/italian-language-school.jpg\",\"contentUrl\":\"https:\\\/\\\/www.parola.it\\\/wp-content\\\/uploads\\\/2019\\\/09\\\/italian-language-school.jpg\",\"width\":1920,\"height\":1080,\"caption\":\"Italian language course in Florence at Parola school\"},{\"@type\":\"BreadcrumbList\",\"@id\":\"https:\\\/\\\/www.parola.it\\\/pt-pt\\\/pt-cursos-italiano-combinados\\\/#breadcrumb\",\"itemListElement\":[{\"@type\":\"ListItem\",\"position\":1,\"name\":\"Accueil\",\"item\":\"https:\\\/\\\/www.parola.it\\\/pt-pt\\\/\"},{\"@type\":\"ListItem\",\"position\":2,\"name\":\"CURSOS COMBINADOS\"}]},{\"@type\":\"WebSite\",\"@id\":\"https:\\\/\\\/www.parola.it\\\/#website\",\"url\":\"https:\\\/\\\/www.parola.it\\\/\",\"name\":\"Italian Language School in Florence | Parola School\",\"description\":\"Learn Italian with Parola Italian language school in Florence. Language courses at a competitive price with quality teaching.\",\"publisher\":{\"@id\":\"https:\\\/\\\/www.parola.it\\\/#organization\"},\"alternateName\":\"Parola School\",\"potentialAction\":[{\"@type\":\"SearchAction\",\"target\":{\"@type\":\"EntryPoint\",\"urlTemplate\":\"https:\\\/\\\/www.parola.it\\\/?s={search_term_string}\"},\"query-input\":{\"@type\":\"PropertyValueSpecification\",\"valueRequired\":true,\"valueName\":\"search_term_string\"}}],\"inLanguage\":\"pt-PT\"},{\"@type\":\"Organization\",\"@id\":\"https:\\\/\\\/www.parola.it\\\/#organization\",\"name\":\"Parola Italian Language School in Florence\",\"alternateName\":\"Italian Language Courses in Florence\",\"url\":\"https:\\\/\\\/www.parola.it\\\/\",\"logo\":{\"@type\":\"ImageObject\",\"inLanguage\":\"pt-PT\",\"@id\":\"https:\\\/\\\/www.parola.it\\\/#\\\/schema\\\/logo\\\/image\\\/\",\"url\":\"https:\\\/\\\/www.parola.it\\\/wp-content\\\/uploads\\\/2019\\\/03\\\/logo-parola-language-school-1-e1721760774400.png\",\"contentUrl\":\"https:\\\/\\\/www.parola.it\\\/wp-content\\\/uploads\\\/2019\\\/03\\\/logo-parola-language-school-1-e1721760774400.png\",\"width\":145,\"height\":53,\"caption\":\"Parola Italian Language School in Florence\"},\"image\":{\"@id\":\"https:\\\/\\\/www.parola.it\\\/#\\\/schema\\\/logo\\\/image\\\/\"},\"sameAs\":[\"https:\\\/\\\/www.facebook.com\\\/Italian.language.school.florence\\\/\",\"https:\\\/\\\/x.com\\\/Parola_School\",\"https:\\\/\\\/www.instagram.com\\\/scuola_parola\\\/?hl=it\",\"https:\\\/\\\/www.linkedin.com\\\/in\\\/parola-italian-language-school-0a504114\\\/\",\"https:\\\/\\\/it.pinterest.com\\\/pin\\\/10344274122092210\\\/\",\"https:\\\/\\\/www.youtube.com\\\/channel\\\/UCKQkiBkXnIh9Df27KWD66rA?view_as=subscriber\",\"https:\\\/\\\/www.tripadvisor.com\\\/Attraction_Review-g187895-d4133618-Reviews-Parola_Italian_Language_School-Florence_Tuscany\"]}]}<\/script>\n<!-- \/ Yoast SEO plugin. -->","yoast_head_json":{"title":"Cursos combinados de italiano em Floren\u00e7a | Escola Parola","description":"Cursos combinados de italiano na escola Parola em Floren\u00e7a. Curso em grupo ou aulas individuais de italiano no corazon da cidade.","robots":{"index":"index","follow":"follow","max-snippet":"max-snippet:-1","max-image-preview":"max-image-preview:large","max-video-preview":"max-video-preview:-1"},"canonical":"https:\/\/www.parola.it\/pt-pt\/pt-cursos-italiano-combinados\/","og_locale":"pt_PT","og_type":"article","og_title":"Cursos combinados de italiano em Floren\u00e7a | Escola Parola","og_description":"Cursos combinados de italiano na escola Parola em Floren\u00e7a. Curso em grupo ou aulas individuais de italiano no corazon da cidade.","og_url":"https:\/\/www.parola.it\/pt-pt\/pt-cursos-italiano-combinados\/","og_site_name":"Italian Language School in Florence | Parola School","article_publisher":"https:\/\/www.facebook.com\/Italian.language.school.florence\/","article_modified_time":"2025-03-17T14:19:48+00:00","og_image":[{"width":1920,"height":1080,"url":"https:\/\/www.parola.it\/wp-content\/uploads\/2019\/09\/italian-language-school.jpg","type":"image\/jpeg"}],"twitter_card":"summary_large_image","twitter_site":"@Parola_School","twitter_misc":{"Tempo estimado de leitura":"22 minutos"},"schema":{"@context":"https:\/\/schema.org","@graph":[{"@type":"WebPage","@id":"https:\/\/www.parola.it\/pt-pt\/pt-cursos-italiano-combinados\/","url":"https:\/\/www.parola.it\/pt-pt\/pt-cursos-italiano-combinados\/","name":"Cursos combinados de italiano em Floren\u00e7a | Escola Parola","isPartOf":{"@id":"https:\/\/www.parola.it\/#website"},"primaryImageOfPage":{"@id":"https:\/\/www.parola.it\/pt-pt\/pt-cursos-italiano-combinados\/#primaryimage"},"image":{"@id":"https:\/\/www.parola.it\/pt-pt\/pt-cursos-italiano-combinados\/#primaryimage"},"thumbnailUrl":"https:\/\/www.parola.it\/wp-content\/uploads\/2019\/09\/italian-language-school.jpg","datePublished":"2017-11-06T20:04:45+00:00","dateModified":"2025-03-17T14:19:48+00:00","description":"Cursos combinados de italiano na escola Parola em Floren\u00e7a. Curso em grupo ou aulas individuais de italiano no corazon da cidade.","breadcrumb":{"@id":"https:\/\/www.parola.it\/pt-pt\/pt-cursos-italiano-combinados\/#breadcrumb"},"inLanguage":"pt-PT","potentialAction":[{"@type":"ReadAction","target":["https:\/\/www.parola.it\/pt-pt\/pt-cursos-italiano-combinados\/"]}]},{"@type":"ImageObject","inLanguage":"pt-PT","@id":"https:\/\/www.parola.it\/pt-pt\/pt-cursos-italiano-combinados\/#primaryimage","url":"https:\/\/www.parola.it\/wp-content\/uploads\/2019\/09\/italian-language-school.jpg","contentUrl":"https:\/\/www.parola.it\/wp-content\/uploads\/2019\/09\/italian-language-school.jpg","width":1920,"height":1080,"caption":"Italian language course in Florence at Parola school"},{"@type":"BreadcrumbList","@id":"https:\/\/www.parola.it\/pt-pt\/pt-cursos-italiano-combinados\/#breadcrumb","itemListElement":[{"@type":"ListItem","position":1,"name":"Accueil","item":"https:\/\/www.parola.it\/pt-pt\/"},{"@type":"ListItem","position":2,"name":"CURSOS COMBINADOS"}]},{"@type":"WebSite","@id":"https:\/\/www.parola.it\/#website","url":"https:\/\/www.parola.it\/","name":"Italian Language School in Florence | Parola School","description":"Learn Italian with Parola Italian language school in Florence. Language courses at a competitive price with quality teaching.","publisher":{"@id":"https:\/\/www.parola.it\/#organization"},"alternateName":"Parola School","potentialAction":[{"@type":"SearchAction","target":{"@type":"EntryPoint","urlTemplate":"https:\/\/www.parola.it\/?s={search_term_string}"},"query-input":{"@type":"PropertyValueSpecification","valueRequired":true,"valueName":"search_term_string"}}],"inLanguage":"pt-PT"},{"@type":"Organization","@id":"https:\/\/www.parola.it\/#organization","name":"Parola Italian Language School in Florence","alternateName":"Italian Language Courses in Florence","url":"https:\/\/www.parola.it\/","logo":{"@type":"ImageObject","inLanguage":"pt-PT","@id":"https:\/\/www.parola.it\/#\/schema\/logo\/image\/","url":"https:\/\/www.parola.it\/wp-content\/uploads\/2019\/03\/logo-parola-language-school-1-e1721760774400.png","contentUrl":"https:\/\/www.parola.it\/wp-content\/uploads\/2019\/03\/logo-parola-language-school-1-e1721760774400.png","width":145,"height":53,"caption":"Parola Italian Language School in Florence"},"image":{"@id":"https:\/\/www.parola.it\/#\/schema\/logo\/image\/"},"sameAs":["https:\/\/www.facebook.com\/Italian.language.school.florence\/","https:\/\/x.com\/Parola_School","https:\/\/www.instagram.com\/scuola_parola\/?hl=it","https:\/\/www.linkedin.com\/in\/parola-italian-language-school-0a504114\/","https:\/\/it.pinterest.com\/pin\/10344274122092210\/","https:\/\/www.youtube.com\/channel\/UCKQkiBkXnIh9Df27KWD66rA?view_as=subscriber","https:\/\/www.tripadvisor.com\/Attraction_Review-g187895-d4133618-Reviews-Parola_Italian_Language_School-Florence_Tuscany"]}]}},"_links":{"self":[{"href":"https:\/\/www.parola.it\/pt-pt\/wp-json\/wp\/v2\/pages\/2069","targetHints":{"allow":["GET"]}}],"collection":[{"href":"https:\/\/www.parola.it\/pt-pt\/wp-json\/wp\/v2\/pages"}],"about":[{"href":"https:\/\/www.parola.it\/pt-pt\/wp-json\/wp\/v2\/types\/page"}],"author":[{"embeddable":true,"href":"https:\/\/www.parola.it\/pt-pt\/wp-json\/wp\/v2\/users\/1"}],"replies":[{"embeddable":true,"href":"https:\/\/www.parola.it\/pt-pt\/wp-json\/wp\/v2\/comments?post=2069"}],"version-history":[{"count":4,"href":"https:\/\/www.parola.it\/pt-pt\/wp-json\/wp\/v2\/pages\/2069\/revisions"}],"predecessor-version":[{"id":74915,"href":"https:\/\/www.parola.it\/pt-pt\/wp-json\/wp\/v2\/pages\/2069\/revisions\/74915"}],"wp:featuredmedia":[{"embeddable":true,"href":"https:\/\/www.parola.it\/pt-pt\/wp-json\/wp\/v2\/media\/31456"}],"wp:attachment":[{"href":"https:\/\/www.parola.it\/pt-pt\/wp-json\/wp\/v2\/media?parent=2069"}],"curies":[{"name":"wp","href":"https:\/\/api.w.org\/{rel}","templated":true}]}}