{"id":1775,"date":"2017-10-27T15:02:05","date_gmt":"2017-10-27T13:02:05","guid":{"rendered":"https:\/\/www.parola.it\/italian_school_parola\/"},"modified":"2025-03-24T13:13:47","modified_gmt":"2025-03-24T12:13:47","slug":"pt-escola-italiano-parola","status":"publish","type":"page","link":"https:\/\/www.parola.it\/pt-pt\/pt-escola-italiano-parola\/","title":{"rendered":"NOSSA ESCOLA"},"content":{"rendered":"<p>[et_pb_section fb_built=&#8221;1&#8243; fullwidth=&#8221;on&#8221; _builder_version=&#8221;4.16&#8243; global_colors_info=&#8221;{}&#8221;][et_pb_fullwidth_slider show_content_on_mobile=&#8221;off&#8221; show_cta_on_mobile=&#8221;off&#8221; use_bg_overlay=&#8221;off&#8221; use_text_overlay=&#8221;off&#8221; _builder_version=&#8221;4.16&#8243; background_position=&#8221;top_left&#8221; custom_padding=&#8221;|||&#8221; auto=&#8221;on&#8221; auto_speed=&#8221;3000&#8243; auto_ignore_hover=&#8221;on&#8221; z_index_tablet=&#8221;500&#8243; header_text_shadow_horizontal_length_tablet=&#8221;0px&#8221; header_text_shadow_vertical_length_tablet=&#8221;0px&#8221; header_text_shadow_blur_strength_tablet=&#8221;1px&#8221; body_text_shadow_horizontal_length_tablet=&#8221;0px&#8221; body_text_shadow_vertical_length_tablet=&#8221;0px&#8221; body_text_shadow_blur_strength_tablet=&#8221;1px&#8221; body_link_text_shadow_horizontal_length_tablet=&#8221;0px&#8221; body_link_text_shadow_vertical_length_tablet=&#8221;0px&#8221; body_link_text_shadow_blur_strength_tablet=&#8221;1px&#8221; body_ul_text_shadow_horizontal_length_tablet=&#8221;0px&#8221; body_ul_text_shadow_vertical_length_tablet=&#8221;0px&#8221; body_ul_text_shadow_blur_strength_tablet=&#8221;1px&#8221; body_ol_text_shadow_horizontal_length_tablet=&#8221;0px&#8221; body_ol_text_shadow_vertical_length_tablet=&#8221;0px&#8221; body_ol_text_shadow_blur_strength_tablet=&#8221;1px&#8221; body_quote_text_shadow_horizontal_length_tablet=&#8221;0px&#8221; body_quote_text_shadow_vertical_length_tablet=&#8221;0px&#8221; body_quote_text_shadow_blur_strength_tablet=&#8221;1px&#8221; button_text_shadow_horizontal_length_tablet=&#8221;0px&#8221; button_text_shadow_vertical_length_tablet=&#8221;0px&#8221; button_text_shadow_blur_strength_tablet=&#8221;1px&#8221; box_shadow_horizontal_tablet=&#8221;0px&#8221; box_shadow_vertical_tablet=&#8221;0px&#8221; box_shadow_blur_tablet=&#8221;40px&#8221; box_shadow_spread_tablet=&#8221;0px&#8221; box_shadow_horizontal_image_tablet=&#8221;0px&#8221; box_shadow_vertical_image_tablet=&#8221;0px&#8221; box_shadow_blur_image_tablet=&#8221;40px&#8221; box_shadow_spread_image_tablet=&#8221;0px&#8221; box_shadow_horizontal_button_tablet=&#8221;0px&#8221; box_shadow_vertical_button_tablet=&#8221;0px&#8221; box_shadow_blur_button_tablet=&#8221;40px&#8221; box_shadow_spread_button_tablet=&#8221;0px&#8221; text_shadow_horizontal_length_tablet=&#8221;0px&#8221; text_shadow_vertical_length_tablet=&#8221;0px&#8221; text_shadow_blur_strength_tablet=&#8221;1px&#8221; global_colors_info=&#8221;{}&#8221; button_text_size__hover_enabled=&#8221;off&#8221; button_text_size__hover=&#8221;null&#8221; button_one_text_size__hover_enabled=&#8221;off&#8221; button_one_text_size__hover=&#8221;null&#8221; button_two_text_size__hover_enabled=&#8221;off&#8221; button_two_text_size__hover=&#8221;null&#8221; button_text_color__hover_enabled=&#8221;off&#8221; button_text_color__hover=&#8221;null&#8221; button_one_text_color__hover_enabled=&#8221;off&#8221; button_one_text_color__hover=&#8221;null&#8221; button_two_text_color__hover_enabled=&#8221;off&#8221; button_two_text_color__hover=&#8221;null&#8221; button_border_width__hover_enabled=&#8221;off&#8221; button_border_width__hover=&#8221;null&#8221; button_one_border_width__hover_enabled=&#8221;off&#8221; button_one_border_width__hover=&#8221;null&#8221; button_two_border_width__hover_enabled=&#8221;off&#8221; button_two_border_width__hover=&#8221;null&#8221; button_border_color__hover_enabled=&#8221;off&#8221; button_border_color__hover=&#8221;null&#8221; button_one_border_color__hover_enabled=&#8221;off&#8221; button_one_border_color__hover=&#8221;null&#8221; button_two_border_color__hover_enabled=&#8221;off&#8221; button_two_border_color__hover=&#8221;null&#8221; button_border_radius__hover_enabled=&#8221;off&#8221; button_border_radius__hover=&#8221;null&#8221; button_one_border_radius__hover_enabled=&#8221;off&#8221; button_one_border_radius__hover=&#8221;null&#8221; button_two_border_radius__hover_enabled=&#8221;off&#8221; button_two_border_radius__hover=&#8221;null&#8221; button_letter_spacing__hover_enabled=&#8221;off&#8221; button_letter_spacing__hover=&#8221;null&#8221; button_one_letter_spacing__hover_enabled=&#8221;off&#8221; button_one_letter_spacing__hover=&#8221;null&#8221; button_two_letter_spacing__hover_enabled=&#8221;off&#8221; button_two_letter_spacing__hover=&#8221;null&#8221; button_bg_color__hover_enabled=&#8221;off&#8221; button_bg_color__hover=&#8221;null&#8221; button_one_bg_color__hover_enabled=&#8221;off&#8221; button_one_bg_color__hover=&#8221;null&#8221; button_two_bg_color__hover_enabled=&#8221;off&#8221; button_two_bg_color__hover=&#8221;null&#8221;][et_pb_slide heading=&#8221;Venha conhecer a escola de idioma italiano Parola em Floren\u00e7a&#8221; button_text=&#8221;LOCALIZA\u00c7\u00c3O&#8221; button_link=&#8221;https:\/\/www.parola.it\/pt-pt\/onde-escola-italiano&#8221; use_bg_overlay=&#8221;off&#8221; use_text_overlay=&#8221;off&#8221; _builder_version=&#8221;4.16&#8243; header_font=&#8221;||||&#8221; header_font_size=&#8221;39px&#8221; body_font=&#8221;||||&#8221; background_color=&#8221;#ff7700&#8243; background_image=&#8221;https:\/\/www.parola.it\/wp-content\/uploads\/2019\/09\/italian-language-school.jpg&#8221; background_enable_image=&#8221;on&#8221; button_on_hover=&#8221;on&#8221; header_font_size_tablet=&#8221;29px&#8221; header_font_size_phone=&#8221;21px&#8221; header_font_size_last_edited=&#8221;on|desktop&#8221; background_color_gradient_direction_tablet=&#8221;180deg&#8221; background_color_gradient_direction_phone=&#8221;180deg&#8221; background_color_gradient_stops_tablet=&#8221;#2b87da 0%|#29c4a9 100%&#8221; background_color_gradient_stops_phone=&#8221;#2b87da 0%|#29c4a9 100%&#8221; background_color_gradient_start_position_tablet=&#8221;0%&#8221; background_color_gradient_start_position_phone=&#8221;0%&#8221; background_color_gradient_end_position_tablet=&#8221;100%&#8221; background_color_gradient_end_position_phone=&#8221;100%&#8221; child_filter_hue_rotate_tablet=&#8221;0deg&#8221; child_filter_hue_rotate_phone=&#8221;0deg&#8221; child_filter_saturate_tablet=&#8221;100%&#8221; child_filter_saturate_phone=&#8221;100%&#8221; child_filter_brightness_tablet=&#8221;100%&#8221; child_filter_brightness_phone=&#8221;100%&#8221; child_filter_contrast_tablet=&#8221;100%&#8221; child_filter_contrast_phone=&#8221;100%&#8221; child_filter_invert_tablet=&#8221;0%&#8221; child_filter_invert_phone=&#8221;0%&#8221; child_filter_sepia_tablet=&#8221;0%&#8221; child_filter_sepia_phone=&#8221;0%&#8221; child_filter_opacity_tablet=&#8221;100%&#8221; child_filter_opacity_phone=&#8221;100%&#8221; child_filter_blur_tablet=&#8221;0px&#8221; child_filter_blur_phone=&#8221;0px&#8221; hover_transition_duration_tablet=&#8221;300ms&#8221; hover_transition_duration_phone=&#8221;300ms&#8221; hover_transition_delay_tablet=&#8221;0ms&#8221; hover_transition_delay_phone=&#8221;0ms&#8221; header_text_shadow_horizontal_length_tablet=&#8221;0em&#8221; header_text_shadow_horizontal_length_phone=&#8221;0em&#8221; header_text_shadow_vertical_length_tablet=&#8221;0em&#8221; header_text_shadow_vertical_length_phone=&#8221;0em&#8221; header_text_shadow_blur_strength_tablet=&#8221;0em&#8221; header_text_shadow_blur_strength_phone=&#8221;0em&#8221; body_text_shadow_horizontal_length_tablet=&#8221;0em&#8221; body_text_shadow_horizontal_length_phone=&#8221;0em&#8221; body_text_shadow_vertical_length_tablet=&#8221;0em&#8221; body_text_shadow_vertical_length_phone=&#8221;0em&#8221; body_text_shadow_blur_strength_tablet=&#8221;0em&#8221; body_text_shadow_blur_strength_phone=&#8221;0em&#8221; body_link_text_shadow_horizontal_length_tablet=&#8221;0px&#8221; body_link_text_shadow_horizontal_length_phone=&#8221;0px&#8221; body_link_text_shadow_vertical_length_tablet=&#8221;0px&#8221; body_link_text_shadow_vertical_length_phone=&#8221;0px&#8221; body_link_text_shadow_blur_strength_tablet=&#8221;1px&#8221; body_link_text_shadow_blur_strength_phone=&#8221;1px&#8221; body_ul_text_shadow_horizontal_length_tablet=&#8221;0px&#8221; body_ul_text_shadow_horizontal_length_phone=&#8221;0px&#8221; body_ul_text_shadow_vertical_length_tablet=&#8221;0px&#8221; body_ul_text_shadow_vertical_length_phone=&#8221;0px&#8221; body_ul_text_shadow_blur_strength_tablet=&#8221;1px&#8221; body_ul_text_shadow_blur_strength_phone=&#8221;1px&#8221; body_ol_text_shadow_horizontal_length_tablet=&#8221;0px&#8221; body_ol_text_shadow_horizontal_length_phone=&#8221;0px&#8221; body_ol_text_shadow_vertical_length_tablet=&#8221;0px&#8221; body_ol_text_shadow_vertical_length_phone=&#8221;0px&#8221; body_ol_text_shadow_blur_strength_tablet=&#8221;1px&#8221; body_ol_text_shadow_blur_strength_phone=&#8221;1px&#8221; body_quote_text_shadow_horizontal_length_tablet=&#8221;0px&#8221; body_quote_text_shadow_horizontal_length_phone=&#8221;0px&#8221; body_quote_text_shadow_vertical_length_tablet=&#8221;0px&#8221; body_quote_text_shadow_vertical_length_phone=&#8221;0px&#8221; body_quote_text_shadow_blur_strength_tablet=&#8221;1px&#8221; body_quote_text_shadow_blur_strength_phone=&#8221;1px&#8221; button_text_shadow_horizontal_length_tablet=&#8221;0em&#8221; button_text_shadow_horizontal_length_phone=&#8221;0em&#8221; button_text_shadow_vertical_length_tablet=&#8221;0em&#8221; button_text_shadow_vertical_length_phone=&#8221;0em&#8221; button_text_shadow_blur_strength_tablet=&#8221;0em&#8221; button_text_shadow_blur_strength_phone=&#8221;0em&#8221; box_shadow_horizontal_image_tablet=&#8221;0px&#8221; box_shadow_horizontal_image_phone=&#8221;0px&#8221; box_shadow_vertical_image_tablet=&#8221;0px&#8221; box_shadow_vertical_image_phone=&#8221;0px&#8221; box_shadow_blur_image_tablet=&#8221;40px&#8221; box_shadow_blur_image_phone=&#8221;40px&#8221; box_shadow_spread_image_tablet=&#8221;0px&#8221; box_shadow_spread_image_phone=&#8221;0px&#8221; box_shadow_horizontal_button_tablet=&#8221;0px&#8221; box_shadow_horizontal_button_phone=&#8221;0px&#8221; box_shadow_vertical_button_tablet=&#8221;0px&#8221; box_shadow_vertical_button_phone=&#8221;0px&#8221; box_shadow_blur_button_tablet=&#8221;40px&#8221; box_shadow_blur_button_phone=&#8221;40px&#8221; box_shadow_spread_button_tablet=&#8221;0px&#8221; box_shadow_spread_button_phone=&#8221;0px&#8221; text_shadow_horizontal_length_tablet=&#8221;0em&#8221; text_shadow_horizontal_length_phone=&#8221;0em&#8221; text_shadow_vertical_length_tablet=&#8221;0em&#8221; text_shadow_vertical_length_phone=&#8221;0em&#8221; text_shadow_blur_strength_tablet=&#8221;0em&#8221; text_shadow_blur_strength_phone=&#8221;0em&#8221; global_colors_info=&#8221;{}&#8221; sticky_transition=&#8221;on&#8221;][\/et_pb_slide][\/et_pb_fullwidth_slider][\/et_pb_section][et_pb_section fb_built=&#8221;1&#8243; specialty=&#8221;on&#8221; _builder_version=&#8221;4.16&#8243; global_colors_info=&#8221;{}&#8221;][et_pb_column type=&#8221;3_4&#8243; specialty_columns=&#8221;3&#8243; _builder_version=&#8221;4.16&#8243; custom_padding=&#8221;|||&#8221; global_colors_info=&#8221;{}&#8221; custom_padding__hover=&#8221;|||&#8221;][et_pb_row_inner admin_label=&#8221;Riga&#8221; _builder_version=&#8221;4.16&#8243; custom_padding=&#8221;26px|0px|29.6719px|0px&#8221; global_colors_info=&#8221;{}&#8221;][et_pb_column_inner saved_specialty_column_type=&#8221;3_4&#8243; _builder_version=&#8221;4.16&#8243; custom_padding=&#8221;|||&#8221; global_colors_info=&#8221;{}&#8221; custom_padding__hover=&#8221;|||&#8221;][et_pb_text _builder_version=&#8221;4.22.2&#8243; global_colors_info=&#8221;{}&#8221;]<\/p>\n<h1>Escola de l\u00edngua italiana Parola em Floren\u00e7a<\/h1>\n<h2>Nossos cursos de idiomas. Compet\u00eancia, experi\u00eancia e simpatia<\/h2>\n<p>Aproveite a <strong>experi\u00eancia de ensino e a atmosfera positiva<\/strong> da escola Parola!<\/p>\n<p>Por mais de 30 anos <strong>escola Parola\u00a0oferece cursos de idioma italiano no centro hist\u00f3rico<\/strong> de Floren\u00e7a. Nosso instituto italiano oferece\u00a0<strong>tanto cursos de l\u00edngua que atividades sociais<\/strong>\u00a0em Floren\u00e7a e em torno de Toscana.\u00a0<\/p>\n<p>[\/et_pb_text][et_pb_divider color=&#8221;#d6d6d6&#8243; admin_label=&#8221;Modulo separatore giusto&#8221; _builder_version=&#8221;4.16&#8243; background_color=&#8221;#ffffff&#8221; min_height=&#8221;0px&#8221; height=&#8221;3px&#8221; custom_margin=&#8221;27px||24px||false|false&#8221; border_color_all=&#8221;rgba(0,0,0,0)&#8221; border_style_all=&#8221;none&#8221; border_color_top=&#8221;#999999&#8243; border_style_top=&#8221;solid&#8221; border_style_left=&#8221;outset&#8221; saved_tabs=&#8221;all&#8221; global_colors_info=&#8221;{}&#8221;][\/et_pb_divider][et_pb_text _builder_version=&#8221;4.16&#8243; _module_preset=&#8221;default&#8221; global_colors_info=&#8221;{}&#8221;]<\/p>\n<p><span class=\"style14 style51\">Alunos de todas as idades e nacionalidades<\/span>\u00a0est\u00e3o felizes de chamar escola de idioma Parola de sua escolha.\u00a0<\/p>\n<p><b>Compet\u00eancia\u00a0e simpatia<\/b>\u00a0desempenham um papel importante em nossos cursos.<\/p>\n<p>A <strong>abordagem en\u00e9rgica e profissional<\/strong> implementada pela nossa equipe beneficia nossos alunos como eles aprendem a l\u00edngua italiana.<\/p>\n<p>[\/et_pb_text][\/et_pb_column_inner][\/et_pb_row_inner][et_pb_row_inner admin_label=&#8221;Riga&#8221; _builder_version=&#8221;4.16&#8243; custom_padding=&#8221;0px|0px|29.6719px|0px&#8221; global_colors_info=&#8221;{}&#8221;][et_pb_column_inner saved_specialty_column_type=&#8221;3_4&#8243; _builder_version=&#8221;4.16&#8243; custom_padding=&#8221;|||&#8221; global_colors_info=&#8221;{}&#8221; custom_padding__hover=&#8221;|||&#8221;][et_pb_button button_url=&#8221;https:\/\/www.parola.it\/pt-pt\/pt_cursos_italiano&#8221; button_text=&#8221;CURSO DE ITALIANO&#8221; button_alignment=&#8221;left&#8221; _builder_version=&#8221;4.16&#8243; background_layout=&#8221;dark&#8221; global_colors_info=&#8221;{}&#8221; button_text_size__hover_enabled=&#8221;off&#8221; button_text_size__hover=&#8221;null&#8221; button_one_text_size__hover_enabled=&#8221;off&#8221; button_one_text_size__hover=&#8221;null&#8221; button_two_text_size__hover_enabled=&#8221;off&#8221; button_two_text_size__hover=&#8221;null&#8221; button_text_color__hover_enabled=&#8221;off&#8221; button_text_color__hover=&#8221;null&#8221; button_one_text_color__hover_enabled=&#8221;off&#8221; button_one_text_color__hover=&#8221;null&#8221; button_two_text_color__hover_enabled=&#8221;off&#8221; button_two_text_color__hover=&#8221;null&#8221; button_border_width__hover_enabled=&#8221;off&#8221; button_border_width__hover=&#8221;null&#8221; button_one_border_width__hover_enabled=&#8221;off&#8221; button_one_border_width__hover=&#8221;null&#8221; button_two_border_width__hover_enabled=&#8221;off&#8221; button_two_border_width__hover=&#8221;null&#8221; button_border_color__hover_enabled=&#8221;off&#8221; button_border_color__hover=&#8221;null&#8221; button_one_border_color__hover_enabled=&#8221;off&#8221; button_one_border_color__hover=&#8221;null&#8221; button_two_border_color__hover_enabled=&#8221;off&#8221; button_two_border_color__hover=&#8221;null&#8221; button_border_radius__hover_enabled=&#8221;off&#8221; button_border_radius__hover=&#8221;null&#8221; button_one_border_radius__hover_enabled=&#8221;off&#8221; button_one_border_radius__hover=&#8221;null&#8221; button_two_border_radius__hover_enabled=&#8221;off&#8221; button_two_border_radius__hover=&#8221;null&#8221; button_letter_spacing__hover_enabled=&#8221;off&#8221; button_letter_spacing__hover=&#8221;null&#8221; button_one_letter_spacing__hover_enabled=&#8221;off&#8221; button_one_letter_spacing__hover=&#8221;null&#8221; button_two_letter_spacing__hover_enabled=&#8221;off&#8221; button_two_letter_spacing__hover=&#8221;null&#8221; button_bg_color__hover_enabled=&#8221;off&#8221; button_bg_color__hover=&#8221;null&#8221; button_one_bg_color__hover_enabled=&#8221;off&#8221; button_one_bg_color__hover=&#8221;null&#8221; button_two_bg_color__hover_enabled=&#8221;off&#8221; button_two_bg_color__hover=&#8221;null&#8221;]<\/p>\n<p>\n&nbsp;<\/p>\n<p>[\/et_pb_button][et_pb_text _builder_version=&#8221;4.16&#8243; text_orientation=&#8221;justified&#8221; module_alignment=&#8221;left&#8221; global_colors_info=&#8221;{}&#8221;]<\/p>\n<h3 style=\"text-align: left;\">CILS centro autorizado e escola de idiomas<\/h3>\n<p>A escola de l\u00edngua italiana Parola <strong>\u00e9 oficialmente certificada pela Universidade para estrangeiros de Siena\u00a0<\/strong>para a prepara\u00e7\u00e3o e exame final do italiano <strong><a href=\"https:\/\/www.parola.it\/pt-pt\/pt-curso-cils-italia\">Certifica\u00e7\u00e3o CILS<\/a><\/strong>, que \u00e9 realizado duas vezes por ano na nossa escola no centro de Floren\u00e7a.<\/p>\n<p>[\/et_pb_text][et_pb_image src=&#8221;https:\/\/www.parola.it\/wp-content\/uploads\/2019\/09\/italian-language-school.jpg&#8221; alt=&#8221;Parola&#8217;s Italian language course in Florence&#8221; title_text=&#8221;italian-language-school&#8221; _builder_version=&#8221;4.16&#8243; global_colors_info=&#8221;{}&#8221;][\/et_pb_image][\/et_pb_column_inner][\/et_pb_row_inner][et_pb_row_inner admin_label=&#8221;Riga&#8221; _builder_version=&#8221;4.16&#8243; custom_padding=&#8221;0px|0px|0px|0px&#8221; global_colors_info=&#8221;{}&#8221;][et_pb_column_inner saved_specialty_column_type=&#8221;3_4&#8243; _builder_version=&#8221;4.16&#8243; custom_padding=&#8221;|||&#8221; global_colors_info=&#8221;{}&#8221; custom_padding__hover=&#8221;|||&#8221;][et_pb_text admin_label=&#8221;Testo + Foto&#8221; _builder_version=&#8221;4.16&#8243; text_orientation=&#8221;justified&#8221; module_alignment=&#8221;left&#8221; global_colors_info=&#8221;{}&#8221;]<\/p>\n<h3>Vantagens oferecidas pela escola de italiano Parola<\/h3>\n<p>O instituto Parola de l\u00edngua italiana\u00a0<strong>oferece as seguintes vantagens<\/strong>\u00a0e oportunidades de aprendizagem:<\/p>\n<ul>\n<li><strong>Certifica\u00e7\u00e3o CILS<\/strong>\u00a0autorizada pela <em>Universidade de Siena<\/em> (Certificado oficial para a l\u00edngua italiana);<\/li>\n<li>Cursos de italiano<strong>\u00a0<a href=\"https:\/\/www.parola.it\/pt-pt\/pt-cursos-italiano-grupo\">individuais<\/a> ou em <a href=\"https:\/\/www.parola.it\/pt-pt\/pt-cursos-italiano-grupo\">grupo<\/a><\/strong>\u00a0com 6 n\u00edveis ling\u00fc\u00edsticos, do iniciante ao avan\u00e7ado;<\/li>\n<li>M\u00e1ximo de 12 alunos em cada classe (5-7 estudantes em m\u00e9dia);<\/li>\n<li>M\u00e1ximo de 5 alunos em cada <strong><a href=\"https:\/\/www.parola.it\/pt-pt\/curso-italiano-online\">classe online<\/a><\/strong>;\u00a0<\/li>\n<li>Aulas para os alunos de\u00a0<strong>todas as idades<\/strong>;<\/li>\n<li>Aulas de\u00a0<a href=\"https:\/\/www.parola.it\/pt-pt\/pt_precos_cursos\"><strong>pre\u00e7os competitivos<\/strong><\/a>, com atividades de lazer gratuitas na Toscana;<\/li>\n<li><strong>Uma hora de gram\u00e1tica livre<\/strong>\u00a0dispon\u00edvel \u00e0s sextas-feiras;<\/li>\n<li><a href=\"https:\/\/www.parola.it\/pt-pt\/pt-cursos-italiano-noturnos-firenze\"><strong>Cursos noturnos<\/strong><\/a>\u00a0na nossa escola at\u00e9 20.00;<\/li>\n<li>Cursos de l\u00edngua italiana para<strong>\u00a0Au Pairs\u00a0<\/strong>em Floren\u00e7a e Toscana;<\/li>\n<li><strong>Cursos complementares<\/strong>: aulas de hist\u00f3ria italiana, cursos de culin\u00e1ria italiana, as t\u00e9cnicas de desenho e pintura;<\/li>\n<li><a href=\"https:\/\/www.parola.it\/pt-pt\/pt-cursos-italiano-combinados\"><strong>Cursos Combinados<\/strong><\/a>: cursos de italiano combinados com hist\u00f3ria italiana, culin\u00e1ria, desenho ou pintura.<\/li>\n<\/ul>\n<p>[\/et_pb_text][\/et_pb_column_inner][\/et_pb_row_inner][et_pb_row_inner column_structure=&#8221;1_2,1_2&#8243; admin_label=&#8221;Riga&#8221; _builder_version=&#8221;4.16&#8243; custom_padding=&#8221;29px|0px|0px|0px&#8221; global_colors_info=&#8221;{}&#8221;][et_pb_column_inner type=&#8221;1_2&#8243; saved_specialty_column_type=&#8221;3_4&#8243; _builder_version=&#8221;4.16&#8243; custom_padding=&#8221;|||&#8221; global_colors_info=&#8221;{}&#8221; custom_padding__hover=&#8221;|||&#8221;][et_pb_text _builder_version=&#8221;4.16&#8243; text_orientation=&#8221;justified&#8221; module_alignment=&#8221;justified&#8221; global_colors_info=&#8221;{}&#8221;]<\/p>\n<h3>Estamos localizados no cora\u00e7\u00e3o de Floren\u00e7a<\/h3>\n<p>A escola Parola est\u00e1 localizada<strong>\u00a0perto da Piazza Santa Croce<\/strong>. Estamos a uma curta dist\u00e2ncia dos mais importantes monumentos e museus de Floren\u00e7a. A nossa escola encontra-se em\u00a0<strong>um bairro de Floren\u00e7a muito animado<\/strong>, cercada de muitos bons restaurantes, caf\u00e9s e bares.<\/p>\n<p>Gra\u00e7as \u00e0 nossa localiza\u00e7\u00e3o central os nossos estudantes de l\u00edngua podem\u00a0<strong>desfrutar da eventos culturais<\/strong>\u00a0di\u00e1rios e da vida noturna din\u00e2mica em Floren\u00e7a.<\/p>\n<p>[\/et_pb_text][\/et_pb_column_inner][et_pb_column_inner type=&#8221;1_2&#8243; saved_specialty_column_type=&#8221;3_4&#8243; _builder_version=&#8221;4.16&#8243; custom_padding=&#8221;|||&#8221; global_colors_info=&#8221;{}&#8221; custom_padding__hover=&#8221;|||&#8221;][et_pb_image src=&#8221;https:\/\/www.parola.it\/wp-content\/uploads\/2017\/10\/florence-1608113_1920.jpg&#8221; alt=&#8221;Vislumbre da catedral de Floren\u00e7a&#8221; align_tablet=&#8221;center&#8221; align_phone=&#8221;&#8221; align_last_edited=&#8221;on|desktop&#8221; _builder_version=&#8221;4.16&#8243; global_colors_info=&#8221;{}&#8221;]<\/p>\n<p>\n&nbsp;<\/p>\n<p>[\/et_pb_image][\/et_pb_column_inner][\/et_pb_row_inner][et_pb_row_inner admin_label=&#8221;Riga&#8221; _builder_version=&#8221;4.16&#8243; custom_padding=&#8221;27.375px|0px|0px|0px&#8221; global_colors_info=&#8221;{}&#8221;][et_pb_column_inner saved_specialty_column_type=&#8221;3_4&#8243; _builder_version=&#8221;4.16&#8243; custom_padding=&#8221;|||&#8221; global_colors_info=&#8221;{}&#8221; custom_padding__hover=&#8221;|||&#8221;][et_pb_text _builder_version=&#8221;4.16&#8243; text_orientation=&#8221;justified&#8221; module_alignment=&#8221;justified&#8221; global_colors_info=&#8221;{}&#8221;]<\/p>\n<h3>Outros servi\u00e7os oferecidos pela escola Parola<\/h3>\n<p>A escola de italiano Parola oferece <strong>excelentes servi\u00e7os durante a estada do estudante de italiano<\/strong> em Floren\u00e7a:\u00a0<\/p>\n<ul>\n<li><strong>Assist\u00eancia estudantil<\/strong>, 24 horas por dia, 7 dias por semana;<\/li>\n<li><strong>Servi\u00e7os de alojamento<\/strong>\u00a0para estudantes;<\/li>\n<li>Servi\u00e7os de\u00a0<strong>reserva para todos os museus florentinos<\/strong>;<\/li>\n<li>Assist\u00eancia atrav\u00e9s<strong>\u00a0<\/strong>do <strong>processo de VISA<\/strong>\u00a0(autoriza\u00e7\u00e3o de perman\u00eancia);<\/li>\n<li>Centro autorizado para o\u00a0<strong>curso de prepara\u00e7\u00e3o para CILS e <a href=\"https:\/\/www.parola.it\/pt-pt\/pt-curso-cils-italia\">exame CILS<\/a><\/strong> em Floren\u00e7a;<\/li>\n<li>Esta\u00e7\u00f5es com<strong>\u00a0acesso Wi-Fi e Internet<\/strong>\u00a0(Webcams para Skype) na nossa escola;<\/li>\n<li>As\u00a0<strong>salas de aula dispon\u00edveis<\/strong>\u00a0para alugar (Italiano para assistir v\u00eddeos ou usar o <em>Skype<\/em>, <em>Google Hangout<\/em> or <em>Zoom<\/em>);<\/li>\n<li><strong>DVD, MP3 e livros italianos dispon\u00edveis<\/strong>\u00a0para aluguel ou para usar na nossa escola.<\/li>\n<\/ul>\n<p>[\/et_pb_text][et_pb_text _builder_version=&#8221;4.16&#8243; global_colors_info=&#8221;{}&#8221;]<\/p>\n<h3>Sobre as aulas da escola Parola de l\u00edngua italiana<\/h3>\n<p>A escola de l\u00edngua italiana Parola \u00e9 conhecida por nossa\u00a0<strong>atmosfera amig\u00e1vel e acolhedor<\/strong>.<\/p>\n<p>Parola \u00e9 uma\u00a0<strong>escola de tamanho m\u00e9dio<\/strong>\u00a0e os nossos alunos v\u00eam de todo o mundo, incluindo Estados Unidos, Reino Unido, Alemanha, Turquia, \u00c1ustria, Espanha, Dinamarca, China, Jap\u00e3o, M\u00e9xico, Brasil e Am\u00e9rica Latina.<\/p>\n<p>[\/et_pb_text][et_pb_text _builder_version=&#8221;4.16&#8243; global_colors_info=&#8221;{}&#8221;]<\/p>\n<h3>Atividades extracurriculares na Toscana com a escola Parola<\/h3>\n<p>A escola de italiano Parola em Floren\u00e7a oferece n\u00e3o s\u00f3<strong>\u00a0instru\u00e7\u00e3o profissional e amig\u00e1vel<\/strong>, mas tamb\u00e9m organiza atividades divertidas fora da aula.<\/p>\n<p>As nossas atividades noturnas e fim de semana incluem <strong>visitas a museus, passeios educativos em Floren\u00e7a<\/strong>\u00a0com os nossos professores de l\u00ednguas e viagens culturais na regi\u00e3o da Toscana. A maioria das atividades extracurriculares da escola\u00a0<strong>s\u00e3o gratuitos<\/strong>, al\u00e9m de transporte p\u00fablico em Floren\u00e7a ou na Toscana.<\/p>\n<p>[\/et_pb_text][\/et_pb_column_inner][\/et_pb_row_inner][et_pb_row_inner admin_label=&#8221;Riga&#8221; _builder_version=&#8221;4.16&#8243; global_colors_info=&#8221;{}&#8221;][et_pb_column_inner saved_specialty_column_type=&#8221;3_4&#8243; _builder_version=&#8221;4.16&#8243; custom_padding=&#8221;|||&#8221; global_colors_info=&#8221;{}&#8221; custom_padding__hover=&#8221;|||&#8221;][et_pb_text _builder_version=&#8221;4.16&#8243; global_colors_info=&#8221;{}&#8221;]<\/p>\n<h3>Outras informa\u00e7\u00f5es sobre a escola Parola<\/h3>\n<p class=\"style3 style52\"><span style=\"color: #e02b20;\"><strong><em>Hor\u00e1rio de Funcionamento<\/em><\/strong><\/span><\/p>\n<p>A escola de l\u00edngua italiana Parola est\u00e1\u00a0<strong>aberta durante todo o ano<\/strong>:<\/p>\n<p><span style=\"color: #e02b20;\"><strong>Segunda a sexta<\/strong><\/span>\u00a0&#8211; 08.30 &#8211; 17.30<\/p>\n<p><span style=\"color: #e02b20;\"><strong>S\u00e1bado<\/strong><\/span>\u00a0&#8211; 10.00 &#8211; 12.00<\/p>\n<p><span style=\"color: #e02b20;\"><strong>Todo terceiro domingo do m\u00eas<\/strong><\/span> &#8211;\u00a009.00 &#8211; 17.00<\/p>\n<h3 class=\"style3\">ADSL e Wi-Fi Servi\u00e7os<\/h3>\n<p>Escola de italiano Parola oferece acesso\u00a0<strong>Wi-Fi gratuito para os estudantes<\/strong>, bem como o acesso a computadores com processamento de texto e internet com Wi-Fi gratuito.<\/p>\n<h3 class=\"style3\">Aulas de m\u00fasica<\/h3>\n<p>O instituto de idiomas Parola oferece\u00a0<strong>aulas de m\u00fasica<\/strong>, mediante solicita\u00e7\u00e3o. A nossa escola oferece instrumentos para jogar na escola,\u00a0<strong>incluindo guitarras e um piano el\u00e9trico<\/strong>.<\/p>\n<p>Geralmente os instrumentos s\u00e3o usados \u200b\u200bpor cantores de \u00f3pera que aprendem italiano para a sua carreira, mas eles<strong>\u00a0est\u00e3o dispon\u00edveis para todos<\/strong>\u00a0os alunos durante o hor\u00e1rio de funcionamento de forma gratuita.<\/p>\n<p>[\/et_pb_text][et_pb_text _builder_version=&#8221;4.16&#8243; global_colors_info=&#8221;{}&#8221;]<\/p>\n<h4>Entre em contato com a escola de italiano Parola<\/h4>\n<p>Para mais informa\u00e7\u00f5es, por favor entre em <strong><a href=\"https:\/\/www.parola.it\/pt-pt\/pt_contactar\">contato<\/a><\/strong> com a escola de l\u00edngua italiana Parola.<\/p>\n<p>Teremos o maior prazer em\u00a0<strong>responder a todas suas perguntas<\/strong>\u00a0sobre os nossos cursos de italiano e atividades em Floren\u00e7a.<\/p>\n<p>[\/et_pb_text][et_pb_button button_url=&#8221;https:\/\/www.parola.it\/pt-pt\/pt_contactar&#8221; button_text=&#8221;CONTATO&#8221; button_alignment=&#8221;left&#8221; _builder_version=&#8221;4.16&#8243; background_layout=&#8221;dark&#8221; saved_tabs=&#8221;all&#8221; locked=&#8221;off&#8221; global_colors_info=&#8221;{}&#8221; button_text_size__hover_enabled=&#8221;off&#8221; button_text_size__hover=&#8221;null&#8221; button_one_text_size__hover_enabled=&#8221;off&#8221; button_one_text_size__hover=&#8221;null&#8221; button_two_text_size__hover_enabled=&#8221;off&#8221; button_two_text_size__hover=&#8221;null&#8221; button_text_color__hover_enabled=&#8221;off&#8221; button_text_color__hover=&#8221;null&#8221; button_one_text_color__hover_enabled=&#8221;off&#8221; button_one_text_color__hover=&#8221;null&#8221; button_two_text_color__hover_enabled=&#8221;off&#8221; button_two_text_color__hover=&#8221;null&#8221; button_border_width__hover_enabled=&#8221;off&#8221; button_border_width__hover=&#8221;null&#8221; button_one_border_width__hover_enabled=&#8221;off&#8221; button_one_border_width__hover=&#8221;null&#8221; button_two_border_width__hover_enabled=&#8221;off&#8221; button_two_border_width__hover=&#8221;null&#8221; button_border_color__hover_enabled=&#8221;off&#8221; button_border_color__hover=&#8221;null&#8221; button_one_border_color__hover_enabled=&#8221;off&#8221; button_one_border_color__hover=&#8221;null&#8221; button_two_border_color__hover_enabled=&#8221;off&#8221; button_two_border_color__hover=&#8221;null&#8221; button_border_radius__hover_enabled=&#8221;off&#8221; button_border_radius__hover=&#8221;null&#8221; button_one_border_radius__hover_enabled=&#8221;off&#8221; button_one_border_radius__hover=&#8221;null&#8221; button_two_border_radius__hover_enabled=&#8221;off&#8221; button_two_border_radius__hover=&#8221;null&#8221; button_letter_spacing__hover_enabled=&#8221;off&#8221; button_letter_spacing__hover=&#8221;null&#8221; button_one_letter_spacing__hover_enabled=&#8221;off&#8221; button_one_letter_spacing__hover=&#8221;null&#8221; button_two_letter_spacing__hover_enabled=&#8221;off&#8221; button_two_letter_spacing__hover=&#8221;null&#8221; button_bg_color__hover_enabled=&#8221;off&#8221; button_bg_color__hover=&#8221;null&#8221; button_one_bg_color__hover_enabled=&#8221;off&#8221; button_one_bg_color__hover=&#8221;null&#8221; button_two_bg_color__hover_enabled=&#8221;off&#8221; button_two_bg_color__hover=&#8221;null&#8221;][\/et_pb_button][\/et_pb_column_inner][\/et_pb_row_inner][\/et_pb_column][et_pb_column type=&#8221;1_4&#8243; _builder_version=&#8221;4.16&#8243; custom_padding=&#8221;|||&#8221; global_colors_info=&#8221;{}&#8221; custom_padding__hover=&#8221;|||&#8221;][et_pb_text admin_label=&#8221;Info generali portoghese&#8221; _builder_version=&#8221;4.22.2&#8243; module_alignment=&#8221;left&#8221; hover_enabled=&#8221;0&#8243; saved_tabs=&#8221;all&#8221; global_colors_info=&#8221;{}&#8221; sticky_enabled=&#8221;0&#8243;]<\/p>\n<h5><span style=\"font-size: x-large;\"><span style=\"color: #0c71c3;\">CONTATE-NOS<\/span><\/span><\/h5>\n<p><strong><span style=\"font-size: large; color: #000000;\">Para saber mais sobre nossos cursos!<\/span><\/strong><\/p>\n<p>\u00a0\u00a0Enviar um e-mail:<\/p>\n<p><strong><a href=\"mailto:info@parola.it\">info@parola.it<\/a><\/strong><\/p>\n<p>\u00a0 Contate-nos:<\/p>\n<p><a href=\"tel:+39055242182\"><strong>+39 055 242182<\/strong><\/a><\/p>\n<p>or<\/p>\n<p><a href=\"tel:+393288997420\"><strong>+39 328 8997420<\/strong><\/a><\/p>\n<p><strong>\u00a0 Visite nos:<\/strong><\/p>\n<p>Borgo Santa Croce, 17<\/p>\n<p>50122 Florence<\/p>\n<p>[\/et_pb_text][et_pb_social_media_follow url_new_window=&#8221;off&#8221; admin_label=&#8221;SOCIAL MEDIA LOGO&#8221; _builder_version=&#8221;4.16&#8243; background_layout=&#8221;dark&#8221; height=&#8221;50px&#8221; saved_tabs=&#8221;all&#8221; global_colors_info=&#8221;{}&#8221;][et_pb_social_media_follow_network social_network=&#8221;facebook&#8221; url=&#8221;https:\/\/www.facebook.com\/online.italian.course&#8221; _builder_version=&#8221;4.16&#8243; background_color=&#8221;#3b5998&#8243; global_colors_info=&#8221;{}&#8221; follow_button=&#8221;off&#8221; url_new_window=&#8221;off&#8221;]<\/p>\n<p>Facebook<\/p>\n<p>[\/et_pb_social_media_follow_network][et_pb_social_media_follow_network social_network=&#8221;twitter&#8221; url=&#8221;https:\/\/twitter.com\/&#8221; _builder_version=&#8221;4.22.2&#8243; background_color=&#8221;#000000&#8243; global_colors_info=&#8221;{}&#8221; follow_button=&#8221;off&#8221; url_new_window=&#8221;off&#8221;]<\/p>\n<p>Twitter<\/p>\n<p>[\/et_pb_social_media_follow_network][et_pb_social_media_follow_network social_network=&#8221;linkedin&#8221; url=&#8221;https:\/\/www.linkedin.com\/feed\/&#8221; _builder_version=&#8221;4.16&#8243; background_color=&#8221;#007bb6&#8243; global_colors_info=&#8221;{}&#8221; follow_button=&#8221;off&#8221; url_new_window=&#8221;off&#8221;]<\/p>\n<p>LinkedIn<\/p>\n<p>[\/et_pb_social_media_follow_network][et_pb_social_media_follow_network social_network=&#8221;instagram&#8221; url=&#8221;https:\/\/www.instagram.com\/scuola_parola\/?hl=it&#8221; _builder_version=&#8221;4.16&#8243; background_color=&#8221;#ea2c59&#8243; global_colors_info=&#8221;{}&#8221; follow_button=&#8221;off&#8221; url_new_window=&#8221;off&#8221;]<\/p>\n<p>Instagram<\/p>\n<p>[\/et_pb_social_media_follow_network][\/et_pb_social_media_follow][et_pb_image src=&#8221;https:\/\/www.parola.it\/wp-content\/uploads\/2019\/11\/cils-certified-center.png&#8221; alt=&#8221;CILS logo of Parola Italian language school&#8221; url=&#8221;https:\/\/www.unistrasi.it\/2\/531\/2761\/CILS_centre.htm&#8221; admin_label=&#8221;CILS Certified&#8221; _builder_version=&#8221;4.16&#8243; custom_margin=&#8221;||10px|0px|false|false&#8221; custom_padding=&#8221;|||26px|false|false&#8221; z_index_tablet=&#8221;500&#8243; box_shadow_horizontal_tablet=&#8221;0px&#8221; box_shadow_vertical_tablet=&#8221;0px&#8221; box_shadow_blur_tablet=&#8221;40px&#8221; box_shadow_spread_tablet=&#8221;0px&#8221; saved_tabs=&#8221;all&#8221; global_colors_info=&#8221;{}&#8221;][\/et_pb_image][et_pb_text admin_label=&#8221;Language international&#8221; _builder_version=&#8221;4.16&#8243; z_index_tablet=&#8221;500&#8243; text_text_shadow_horizontal_length_tablet=&#8221;0px&#8221; text_text_shadow_vertical_length_tablet=&#8221;0px&#8221; text_text_shadow_blur_strength_tablet=&#8221;1px&#8221; link_text_shadow_horizontal_length_tablet=&#8221;0px&#8221; link_text_shadow_vertical_length_tablet=&#8221;0px&#8221; link_text_shadow_blur_strength_tablet=&#8221;1px&#8221; ul_text_shadow_horizontal_length_tablet=&#8221;0px&#8221; ul_text_shadow_vertical_length_tablet=&#8221;0px&#8221; ul_text_shadow_blur_strength_tablet=&#8221;1px&#8221; ol_text_shadow_horizontal_length_tablet=&#8221;0px&#8221; ol_text_shadow_vertical_length_tablet=&#8221;0px&#8221; ol_text_shadow_blur_strength_tablet=&#8221;1px&#8221; quote_text_shadow_horizontal_length_tablet=&#8221;0px&#8221; quote_text_shadow_vertical_length_tablet=&#8221;0px&#8221; quote_text_shadow_blur_strength_tablet=&#8221;1px&#8221; header_text_shadow_horizontal_length_tablet=&#8221;0px&#8221; header_text_shadow_vertical_length_tablet=&#8221;0px&#8221; header_text_shadow_blur_strength_tablet=&#8221;1px&#8221; header_2_text_shadow_horizontal_length_tablet=&#8221;0px&#8221; header_2_text_shadow_vertical_length_tablet=&#8221;0px&#8221; header_2_text_shadow_blur_strength_tablet=&#8221;1px&#8221; header_3_text_shadow_horizontal_length_tablet=&#8221;0px&#8221; header_3_text_shadow_vertical_length_tablet=&#8221;0px&#8221; header_3_text_shadow_blur_strength_tablet=&#8221;1px&#8221; header_4_text_shadow_horizontal_length_tablet=&#8221;0px&#8221; header_4_text_shadow_vertical_length_tablet=&#8221;0px&#8221; header_4_text_shadow_blur_strength_tablet=&#8221;1px&#8221; header_5_text_shadow_horizontal_length_tablet=&#8221;0px&#8221; header_5_text_shadow_vertical_length_tablet=&#8221;0px&#8221; header_5_text_shadow_blur_strength_tablet=&#8221;1px&#8221; header_6_text_shadow_horizontal_length_tablet=&#8221;0px&#8221; header_6_text_shadow_vertical_length_tablet=&#8221;0px&#8221; header_6_text_shadow_blur_strength_tablet=&#8221;1px&#8221; box_shadow_horizontal_tablet=&#8221;0px&#8221; box_shadow_vertical_tablet=&#8221;0px&#8221; box_shadow_blur_tablet=&#8221;40px&#8221; box_shadow_spread_tablet=&#8221;0px&#8221; text_text_align=&#8221;left&#8221; saved_tabs=&#8221;all&#8221; global_colors_info=&#8221;{}&#8221;]<\/p>\n<div id=\"LI-CEO\"><script src=\"https:\/\/www.languageinternational.com\/badge\/coe?id=68832\"><\/script><\/div>\n<p>[\/et_pb_text][et_pb_text admin_label=&#8221;Cursos da escola &#8211; portoghese&#8221; _builder_version=&#8221;4.9.10&#8243; module_alignment=&#8221;left&#8221; custom_margin=&#8221;-1px|||||&#8221; global_module=&#8221;45838&#8243; locked=&#8221;off&#8221; global_colors_info=&#8221;{}&#8221;]<\/p>\n<p><strong><span style=\"color: #0c71c3;\">CURSOS DA ESCOLA<\/span><\/strong><\/p>\n<p><a href=\"pt-cursos-italiano-grupo\"><strong>CURSOS\u00a0<\/strong><strong>DE GRUPO<\/strong><\/a><\/p>\n<p><a href=\"pt-cursos-italiano-individuais?et_fb=1\"><strong>CURSOS\u00a0<\/strong><strong>INDIVIDUAIS\u00a0<\/strong><\/a><\/p>\n<p><strong><a title=\"Curso online\" href=\"https:\/\/www.parola.it\/pt-pt\/curso-italiano-online\">CURSOS ONLINE\u00a0<\/a><\/strong><\/p>\n<p><a href=\"pt-cursos-italiano-combinados?et_fb=1\"><strong>CURSOS\u00a0<\/strong><strong>COMBINADOS<\/strong><\/a><\/p>\n<p><strong><a title=\"Curso noturnos \" href=\"https:\/\/www.parola.it\/pt-pt\/pt-cursos-italiano-noturnos-firenze\">CURSO NOTURNOS<\/a><\/strong><\/p>\n<p><strong><a title=\"Exame CILS \" href=\"https:\/\/www.parola.it\/pt-pt\/pt-curso-cils-italia\">CURSOS CILS<\/a><\/strong><\/p>\n<p><a href=\"pt_cursos_italiano\"><strong>CURSOS DE ITALIANO<\/strong><\/a><\/p>\n<p><strong><span style=\"color: #0c71c3;\">OUTRA INFORMA\u00c7\u00c3O<\/span><\/strong><\/p>\n<p><strong><a href=\"pt_precos_cursos\">PRE\u00c7OS<\/a><\/strong><\/p>\n<p><strong><a href=\"https:\/\/www.parola.it\/pt-pt\/datas-dos-cursos\">DATAS<\/a><\/strong><\/p>\n<p><a href=\"pt_contactar\"><strong>CONTATO<\/strong><\/a><\/p>\n<p><strong><a href=\"https:\/\/www.parola.it\/pt-pt\/pt-escola-italiano-parola\">NOSSA ESCOLA\u00a0<\/a><\/strong><\/p>\n<p>[\/et_pb_text][et_pb_image src=&#8221;https:\/\/www.parola.it\/wp-content\/uploads\/2021\/02\/scuola-parola-scritta.jpg&#8221; alt=&#8221;Scritta verticale della scuola Parola di Firenze&#8221; title_text=&#8221;Logo striscia della scuola Parola&#8221; admin_label=&#8221;Parola verticale&#8221; _builder_version=&#8221;4.16&#8243; _module_preset=&#8221;default&#8221; global_colors_info=&#8221;{}&#8221;][\/et_pb_image][\/et_pb_column][\/et_pb_section][et_pb_section fb_built=&#8221;1&#8243; fullwidth=&#8221;on&#8221; _builder_version=&#8221;4.16&#8243; global_colors_info=&#8221;{}&#8221;][et_pb_fullwidth_menu menu_id=&#8221;2058&#8243; _builder_version=&#8221;4.16&#8243; global_colors_info=&#8221;{}&#8221;][\/et_pb_fullwidth_menu][\/et_pb_section]<\/p>\n","protected":false},"excerpt":{"rendered":"<p>Escola de l\u00edngua italiana Parola em Floren\u00e7a Nossos cursos de idiomas. Compet\u00eancia, experi\u00eancia e simpatia Aproveite a experi\u00eancia de ensino e a atmosfera positiva da escola Parola! Por mais de 30 anos escola Parola\u00a0oferece cursos de idioma italiano no centro hist\u00f3rico de Floren\u00e7a. Nosso instituto italiano oferece\u00a0tanto cursos de l\u00edngua que atividades sociais\u00a0em Floren\u00e7a e [&hellip;]<\/p>\n","protected":false},"author":1,"featured_media":31397,"parent":0,"menu_order":0,"comment_status":"closed","ping_status":"closed","template":"","meta":{"_et_pb_use_builder":"on","_et_pb_old_content":"","_et_gb_content_width":"","footnotes":""},"class_list":["post-1775","page","type-page","status-publish","has-post-thumbnail","hentry"],"yoast_head":"<!-- This site is optimized with the Yoast SEO plugin v27.4 - https:\/\/yoast.com\/product\/yoast-seo-wordpress\/ -->\n<title>Sobre a escola de italiano Parola em Floren\u00e7a | Escola Parola<\/title>\n<meta name=\"description\" content=\"Informa\u00e7\u00f5es sobre a escola de italiano Parola em Floren\u00e7a. Parola oferece uma ampla gama de cursos de idiomas e ensino de qualidade.\" \/>\n<meta name=\"robots\" content=\"index, follow, max-snippet:-1, max-image-preview:large, max-video-preview:-1\" \/>\n<link rel=\"canonical\" href=\"https:\/\/www.parola.it\/pt-pt\/pt-escola-italiano-parola\/\" \/>\n<meta property=\"og:locale\" content=\"pt_PT\" \/>\n<meta property=\"og:type\" content=\"article\" \/>\n<meta property=\"og:title\" content=\"Sobre a escola de italiano Parola em Floren\u00e7a | Escola Parola\" \/>\n<meta property=\"og:description\" content=\"Informa\u00e7\u00f5es sobre a escola de italiano Parola em Floren\u00e7a. Parola oferece uma ampla gama de cursos de idiomas e ensino de qualidade.\" \/>\n<meta property=\"og:url\" content=\"https:\/\/www.parola.it\/pt-pt\/pt-escola-italiano-parola\/\" \/>\n<meta property=\"og:site_name\" content=\"Italian Language School in Florence | Parola School\" \/>\n<meta property=\"article:publisher\" content=\"https:\/\/www.facebook.com\/Italian.language.school.florence\/\" \/>\n<meta property=\"article:modified_time\" content=\"2025-03-24T12:13:47+00:00\" \/>\n<meta property=\"og:image\" content=\"https:\/\/www.parola.it\/wp-content\/uploads\/2019\/09\/italian-language-course-florence.jpg\" \/>\n\t<meta property=\"og:image:width\" content=\"1920\" \/>\n\t<meta property=\"og:image:height\" content=\"1080\" \/>\n\t<meta property=\"og:image:type\" content=\"image\/jpeg\" \/>\n<meta name=\"twitter:card\" content=\"summary_large_image\" \/>\n<meta name=\"twitter:site\" content=\"@Parola_School\" \/>\n<meta name=\"twitter:label1\" content=\"Tempo estimado de leitura\" \/>\n\t<meta name=\"twitter:data1\" content=\"6 minutos\" \/>\n<script type=\"application\/ld+json\" class=\"yoast-schema-graph\">{\"@context\":\"https:\\\/\\\/schema.org\",\"@graph\":[{\"@type\":\"WebPage\",\"@id\":\"https:\\\/\\\/www.parola.it\\\/pt-pt\\\/pt-escola-italiano-parola\\\/\",\"url\":\"https:\\\/\\\/www.parola.it\\\/pt-pt\\\/pt-escola-italiano-parola\\\/\",\"name\":\"Sobre a escola de italiano Parola em Floren\u00e7a | Escola Parola\",\"isPartOf\":{\"@id\":\"https:\\\/\\\/www.parola.it\\\/#website\"},\"primaryImageOfPage\":{\"@id\":\"https:\\\/\\\/www.parola.it\\\/pt-pt\\\/pt-escola-italiano-parola\\\/#primaryimage\"},\"image\":{\"@id\":\"https:\\\/\\\/www.parola.it\\\/pt-pt\\\/pt-escola-italiano-parola\\\/#primaryimage\"},\"thumbnailUrl\":\"https:\\\/\\\/www.parola.it\\\/wp-content\\\/uploads\\\/2019\\\/09\\\/italian-language-course-florence.jpg\",\"datePublished\":\"2017-10-27T13:02:05+00:00\",\"dateModified\":\"2025-03-24T12:13:47+00:00\",\"description\":\"Informa\u00e7\u00f5es sobre a escola de italiano Parola em Floren\u00e7a. Parola oferece uma ampla gama de cursos de idiomas e ensino de qualidade.\",\"breadcrumb\":{\"@id\":\"https:\\\/\\\/www.parola.it\\\/pt-pt\\\/pt-escola-italiano-parola\\\/#breadcrumb\"},\"inLanguage\":\"pt-PT\",\"potentialAction\":[{\"@type\":\"ReadAction\",\"target\":[\"https:\\\/\\\/www.parola.it\\\/pt-pt\\\/pt-escola-italiano-parola\\\/\"]}]},{\"@type\":\"ImageObject\",\"inLanguage\":\"pt-PT\",\"@id\":\"https:\\\/\\\/www.parola.it\\\/pt-pt\\\/pt-escola-italiano-parola\\\/#primaryimage\",\"url\":\"https:\\\/\\\/www.parola.it\\\/wp-content\\\/uploads\\\/2019\\\/09\\\/italian-language-course-florence.jpg\",\"contentUrl\":\"https:\\\/\\\/www.parola.it\\\/wp-content\\\/uploads\\\/2019\\\/09\\\/italian-language-course-florence.jpg\",\"width\":1920,\"height\":1080,\"caption\":\"Group Italian language course in Florence\"},{\"@type\":\"BreadcrumbList\",\"@id\":\"https:\\\/\\\/www.parola.it\\\/pt-pt\\\/pt-escola-italiano-parola\\\/#breadcrumb\",\"itemListElement\":[{\"@type\":\"ListItem\",\"position\":1,\"name\":\"Accueil\",\"item\":\"https:\\\/\\\/www.parola.it\\\/pt-pt\\\/\"},{\"@type\":\"ListItem\",\"position\":2,\"name\":\"NOSSA ESCOLA\"}]},{\"@type\":\"WebSite\",\"@id\":\"https:\\\/\\\/www.parola.it\\\/#website\",\"url\":\"https:\\\/\\\/www.parola.it\\\/\",\"name\":\"Italian Language School in Florence | Parola School\",\"description\":\"Learn Italian with Parola Italian language school in Florence. Language courses at a competitive price with quality teaching.\",\"publisher\":{\"@id\":\"https:\\\/\\\/www.parola.it\\\/#organization\"},\"alternateName\":\"Parola School\",\"potentialAction\":[{\"@type\":\"SearchAction\",\"target\":{\"@type\":\"EntryPoint\",\"urlTemplate\":\"https:\\\/\\\/www.parola.it\\\/?s={search_term_string}\"},\"query-input\":{\"@type\":\"PropertyValueSpecification\",\"valueRequired\":true,\"valueName\":\"search_term_string\"}}],\"inLanguage\":\"pt-PT\"},{\"@type\":\"Organization\",\"@id\":\"https:\\\/\\\/www.parola.it\\\/#organization\",\"name\":\"Parola Italian Language School in Florence\",\"alternateName\":\"Italian Language Courses in Florence\",\"url\":\"https:\\\/\\\/www.parola.it\\\/\",\"logo\":{\"@type\":\"ImageObject\",\"inLanguage\":\"pt-PT\",\"@id\":\"https:\\\/\\\/www.parola.it\\\/#\\\/schema\\\/logo\\\/image\\\/\",\"url\":\"https:\\\/\\\/www.parola.it\\\/wp-content\\\/uploads\\\/2019\\\/03\\\/logo-parola-language-school-1-e1721760774400.png\",\"contentUrl\":\"https:\\\/\\\/www.parola.it\\\/wp-content\\\/uploads\\\/2019\\\/03\\\/logo-parola-language-school-1-e1721760774400.png\",\"width\":145,\"height\":53,\"caption\":\"Parola Italian Language School in Florence\"},\"image\":{\"@id\":\"https:\\\/\\\/www.parola.it\\\/#\\\/schema\\\/logo\\\/image\\\/\"},\"sameAs\":[\"https:\\\/\\\/www.facebook.com\\\/Italian.language.school.florence\\\/\",\"https:\\\/\\\/x.com\\\/Parola_School\",\"https:\\\/\\\/www.instagram.com\\\/scuola_parola\\\/?hl=it\",\"https:\\\/\\\/www.linkedin.com\\\/in\\\/parola-italian-language-school-0a504114\\\/\",\"https:\\\/\\\/it.pinterest.com\\\/pin\\\/10344274122092210\\\/\",\"https:\\\/\\\/www.youtube.com\\\/channel\\\/UCKQkiBkXnIh9Df27KWD66rA?view_as=subscriber\",\"https:\\\/\\\/www.tripadvisor.com\\\/Attraction_Review-g187895-d4133618-Reviews-Parola_Italian_Language_School-Florence_Tuscany\"]}]}<\/script>\n<!-- \/ Yoast SEO plugin. -->","yoast_head_json":{"title":"Sobre a escola de italiano Parola em Floren\u00e7a | Escola Parola","description":"Informa\u00e7\u00f5es sobre a escola de italiano Parola em Floren\u00e7a. Parola oferece uma ampla gama de cursos de idiomas e ensino de qualidade.","robots":{"index":"index","follow":"follow","max-snippet":"max-snippet:-1","max-image-preview":"max-image-preview:large","max-video-preview":"max-video-preview:-1"},"canonical":"https:\/\/www.parola.it\/pt-pt\/pt-escola-italiano-parola\/","og_locale":"pt_PT","og_type":"article","og_title":"Sobre a escola de italiano Parola em Floren\u00e7a | Escola Parola","og_description":"Informa\u00e7\u00f5es sobre a escola de italiano Parola em Floren\u00e7a. Parola oferece uma ampla gama de cursos de idiomas e ensino de qualidade.","og_url":"https:\/\/www.parola.it\/pt-pt\/pt-escola-italiano-parola\/","og_site_name":"Italian Language School in Florence | Parola School","article_publisher":"https:\/\/www.facebook.com\/Italian.language.school.florence\/","article_modified_time":"2025-03-24T12:13:47+00:00","og_image":[{"width":1920,"height":1080,"url":"https:\/\/www.parola.it\/wp-content\/uploads\/2019\/09\/italian-language-course-florence.jpg","type":"image\/jpeg"}],"twitter_card":"summary_large_image","twitter_site":"@Parola_School","twitter_misc":{"Tempo estimado de leitura":"6 minutos"},"schema":{"@context":"https:\/\/schema.org","@graph":[{"@type":"WebPage","@id":"https:\/\/www.parola.it\/pt-pt\/pt-escola-italiano-parola\/","url":"https:\/\/www.parola.it\/pt-pt\/pt-escola-italiano-parola\/","name":"Sobre a escola de italiano Parola em Floren\u00e7a | Escola Parola","isPartOf":{"@id":"https:\/\/www.parola.it\/#website"},"primaryImageOfPage":{"@id":"https:\/\/www.parola.it\/pt-pt\/pt-escola-italiano-parola\/#primaryimage"},"image":{"@id":"https:\/\/www.parola.it\/pt-pt\/pt-escola-italiano-parola\/#primaryimage"},"thumbnailUrl":"https:\/\/www.parola.it\/wp-content\/uploads\/2019\/09\/italian-language-course-florence.jpg","datePublished":"2017-10-27T13:02:05+00:00","dateModified":"2025-03-24T12:13:47+00:00","description":"Informa\u00e7\u00f5es sobre a escola de italiano Parola em Floren\u00e7a. Parola oferece uma ampla gama de cursos de idiomas e ensino de qualidade.","breadcrumb":{"@id":"https:\/\/www.parola.it\/pt-pt\/pt-escola-italiano-parola\/#breadcrumb"},"inLanguage":"pt-PT","potentialAction":[{"@type":"ReadAction","target":["https:\/\/www.parola.it\/pt-pt\/pt-escola-italiano-parola\/"]}]},{"@type":"ImageObject","inLanguage":"pt-PT","@id":"https:\/\/www.parola.it\/pt-pt\/pt-escola-italiano-parola\/#primaryimage","url":"https:\/\/www.parola.it\/wp-content\/uploads\/2019\/09\/italian-language-course-florence.jpg","contentUrl":"https:\/\/www.parola.it\/wp-content\/uploads\/2019\/09\/italian-language-course-florence.jpg","width":1920,"height":1080,"caption":"Group Italian language course in Florence"},{"@type":"BreadcrumbList","@id":"https:\/\/www.parola.it\/pt-pt\/pt-escola-italiano-parola\/#breadcrumb","itemListElement":[{"@type":"ListItem","position":1,"name":"Accueil","item":"https:\/\/www.parola.it\/pt-pt\/"},{"@type":"ListItem","position":2,"name":"NOSSA ESCOLA"}]},{"@type":"WebSite","@id":"https:\/\/www.parola.it\/#website","url":"https:\/\/www.parola.it\/","name":"Italian Language School in Florence | Parola School","description":"Learn Italian with Parola Italian language school in Florence. Language courses at a competitive price with quality teaching.","publisher":{"@id":"https:\/\/www.parola.it\/#organization"},"alternateName":"Parola School","potentialAction":[{"@type":"SearchAction","target":{"@type":"EntryPoint","urlTemplate":"https:\/\/www.parola.it\/?s={search_term_string}"},"query-input":{"@type":"PropertyValueSpecification","valueRequired":true,"valueName":"search_term_string"}}],"inLanguage":"pt-PT"},{"@type":"Organization","@id":"https:\/\/www.parola.it\/#organization","name":"Parola Italian Language School in Florence","alternateName":"Italian Language Courses in Florence","url":"https:\/\/www.parola.it\/","logo":{"@type":"ImageObject","inLanguage":"pt-PT","@id":"https:\/\/www.parola.it\/#\/schema\/logo\/image\/","url":"https:\/\/www.parola.it\/wp-content\/uploads\/2019\/03\/logo-parola-language-school-1-e1721760774400.png","contentUrl":"https:\/\/www.parola.it\/wp-content\/uploads\/2019\/03\/logo-parola-language-school-1-e1721760774400.png","width":145,"height":53,"caption":"Parola Italian Language School in Florence"},"image":{"@id":"https:\/\/www.parola.it\/#\/schema\/logo\/image\/"},"sameAs":["https:\/\/www.facebook.com\/Italian.language.school.florence\/","https:\/\/x.com\/Parola_School","https:\/\/www.instagram.com\/scuola_parola\/?hl=it","https:\/\/www.linkedin.com\/in\/parola-italian-language-school-0a504114\/","https:\/\/it.pinterest.com\/pin\/10344274122092210\/","https:\/\/www.youtube.com\/channel\/UCKQkiBkXnIh9Df27KWD66rA?view_as=subscriber","https:\/\/www.tripadvisor.com\/Attraction_Review-g187895-d4133618-Reviews-Parola_Italian_Language_School-Florence_Tuscany"]}]}},"_links":{"self":[{"href":"https:\/\/www.parola.it\/pt-pt\/wp-json\/wp\/v2\/pages\/1775","targetHints":{"allow":["GET"]}}],"collection":[{"href":"https:\/\/www.parola.it\/pt-pt\/wp-json\/wp\/v2\/pages"}],"about":[{"href":"https:\/\/www.parola.it\/pt-pt\/wp-json\/wp\/v2\/types\/page"}],"author":[{"embeddable":true,"href":"https:\/\/www.parola.it\/pt-pt\/wp-json\/wp\/v2\/users\/1"}],"replies":[{"embeddable":true,"href":"https:\/\/www.parola.it\/pt-pt\/wp-json\/wp\/v2\/comments?post=1775"}],"version-history":[{"count":5,"href":"https:\/\/www.parola.it\/pt-pt\/wp-json\/wp\/v2\/pages\/1775\/revisions"}],"predecessor-version":[{"id":75450,"href":"https:\/\/www.parola.it\/pt-pt\/wp-json\/wp\/v2\/pages\/1775\/revisions\/75450"}],"wp:featuredmedia":[{"embeddable":true,"href":"https:\/\/www.parola.it\/pt-pt\/wp-json\/wp\/v2\/media\/31397"}],"wp:attachment":[{"href":"https:\/\/www.parola.it\/pt-pt\/wp-json\/wp\/v2\/media?parent=1775"}],"curies":[{"name":"wp","href":"https:\/\/api.w.org\/{rel}","templated":true}]}}