{"id":8664,"date":"2018-01-11T17:05:03","date_gmt":"2018-01-11T16:05:03","guid":{"rendered":"https:\/\/www.parola.it\/school-parola-location\/"},"modified":"2026-04-15T14:10:20","modified_gmt":"2026-04-15T12:10:20","slug":"it-dove-scuola-italiano","status":"publish","type":"page","link":"https:\/\/www.parola.it\/it\/it-dove-scuola-italiano\/","title":{"rendered":"DOVE CI TROVIAMO"},"content":{"rendered":"<p>[et_pb_section fb_built=&#8221;1&#8243; fullwidth=&#8221;on&#8221; _builder_version=&#8221;4.16&#8243; global_colors_info=&#8221;{}&#8221;][et_pb_fullwidth_slider _builder_version=&#8221;4.22.2&#8243; _module_preset=&#8221;default&#8221; background_image=&#8221;https:\/\/www.parola.it\/wp-content\/uploads\/2018\/01\/santa-croce-3072317_1920.jpg&#8221; global_colors_info=&#8221;{}&#8221;][et_pb_slide heading=&#8221;L&#8217;ottima posizione nel centro storico di Firenze di Parola&#8221; button_text=&#8221;LA SCUOLA PAROLA&#8221; button_link=&#8221;https:\/\/www.parola.it\/it\/it-scuola-italiano-parola&#8221; _builder_version=&#8221;4.22.2&#8243; _module_preset=&#8221;default&#8221; global_colors_info=&#8221;{}&#8221; sticky_transition=&#8221;on&#8221;][\/et_pb_slide][\/et_pb_fullwidth_slider][\/et_pb_section][et_pb_section fb_built=&#8221;1&#8243; specialty=&#8221;on&#8221; _builder_version=&#8221;4.16&#8243; z_index_tablet=&#8221;500&#8243; box_shadow_horizontal_tablet=&#8221;0px&#8221; box_shadow_vertical_tablet=&#8221;0px&#8221; box_shadow_blur_tablet=&#8221;40px&#8221; box_shadow_spread_tablet=&#8221;0px&#8221; global_colors_info=&#8221;{}&#8221;][et_pb_column type=&#8221;3_4&#8243; specialty_columns=&#8221;3&#8243; _builder_version=&#8221;4.16&#8243; custom_padding=&#8221;|||&#8221; global_colors_info=&#8221;{}&#8221; custom_padding__hover=&#8221;|||&#8221;][et_pb_row_inner column_structure=&#8221;undefined&#8221; admin_label=&#8221;Riga&#8221; _builder_version=&#8221;4.16&#8243; custom_margin=&#8221;||-3px|||&#8221; custom_padding=&#8221;24px|0px|28.1562px|0px|false|false&#8221; global_colors_info=&#8221;{}&#8221;][et_pb_column_inner type=&#8221;undefined&#8221; saved_specialty_column_type=&#8221;3_4&#8243; _builder_version=&#8221;4.16&#8243; custom_padding=&#8221;|||&#8221; global_colors_info=&#8221;{}&#8221; custom_padding__hover=&#8221;|||&#8221;][et_pb_text admin_label=&#8221;Dove si trova la scuola Parola&#8221; _builder_version=&#8221;4.16&#8243; global_colors_info=&#8221;{}&#8221;]<\/p>\n<h1>Dove si trova la scuola Parola a Firenze<\/h1>\n<h2>L&#8217;ottima posizione della nostra scuola di italiano<\/h2>\n<p>La<strong><a href=\"https:\/\/www.parola.it\/it\/it-scuola-italiano-parola\/\"> scuola di italiano Parola<\/a><\/strong> si trova nel quartiere di <em>Santa Croce<\/em> a Firenze, nel cuore del centro storico della citt\u00e0, in un edificio del 1400, <em>Palazzo Mori Ubaldini degli Alberti<\/em>, che ha, al suo interno, un bellissimo cortile progettato dal grande artista <em>Giuliano da Maiano.<\/em><\/p>\n<p>[\/et_pb_text][et_pb_divider color=&#8221;#d6d6d6&#8243; admin_label=&#8221;Modulo separatore giusto&#8221; _builder_version=&#8221;4.16&#8243; background_color=&#8221;#ffffff&#8221; min_height=&#8221;0px&#8221; height=&#8221;3px&#8221; custom_margin=&#8221;27px||20px||false|false&#8221; custom_padding=&#8221;0px||||false|false&#8221; border_color_all=&#8221;rgba(0,0,0,0)&#8221; border_style_all=&#8221;none&#8221; border_color_top=&#8221;#999999&#8243; border_style_top=&#8221;solid&#8221; border_style_left=&#8221;outset&#8221; saved_tabs=&#8221;all&#8221; locked=&#8221;off&#8221; global_colors_info=&#8221;{}&#8221;][\/et_pb_divider][et_pb_text admin_label=&#8221;Dove si trova la scuola&#8221; _builder_version=&#8221;4.16&#8243; global_colors_info=&#8221;{}&#8221;]<\/p>\n<p>Parola \u00e8 situata<strong>\u00a0a pochi metri dalla bellissima <a href=\"https:\/\/www.santacroceopera.it\/\"><em>Basilica di Santa Croce<\/em><\/a><\/strong>, dove sono sepolti alcuni tra i pi\u00f9 grandi protagonisti dell&#8217;arte e della cultura italiana: da Michelangelo a Galileo Galilei, da Rossini a Ugo Foscolo, da Niccol\u00f2 Machiavelli a Giosu\u00e8 Carducci e cos\u00ec via.<\/p>\n<p>Il nostro centro linguistico \u00e8 anche a <strong>poca distanza da Piazza della Signoria, dagli Uffizi, da Ponte Vecchio<\/strong> e da straordinari monumenti fiorentini come il <em>Duomo di Santa Maria del Fiore<\/em> o <em>Palazzo Pitti<\/em>.<\/p>\n<p>[\/et_pb_text][et_pb_button button_url=&#8221;https:\/\/www.parola.it\/it\/it_contatti_form&#8221; url_new_window=&#8221;on&#8221; button_text=&#8221;CONTATTACI&#8221; button_alignment=&#8221;left&#8221; admin_label=&#8221;CONTATTI&#8221; _builder_version=&#8221;4.22.2&#8243; custom_button=&#8221;on&#8221; button_icon=&#8221;&#x68;||divi||400&#8243; button_icon_placement=&#8221;left&#8221; button_on_hover=&#8221;off&#8221; background_layout=&#8221;dark&#8221; custom_margin=&#8221;30px||30px||false|false&#8221; custom_padding=&#8221;|||27px|false|false&#8221; z_index_tablet=&#8221;500&#8243; button_text_shadow_horizontal_length_tablet=&#8221;0px&#8221; button_text_shadow_vertical_length_tablet=&#8221;0px&#8221; button_text_shadow_blur_strength_tablet=&#8221;1px&#8221; box_shadow_horizontal_tablet=&#8221;0px&#8221; box_shadow_vertical_tablet=&#8221;0px&#8221; box_shadow_blur_tablet=&#8221;40px&#8221; box_shadow_spread_tablet=&#8221;0px&#8221; global_module=&#8221;33338&#8243; saved_tabs=&#8221;all&#8221; locked=&#8221;off&#8221; global_colors_info=&#8221;{}&#8221; button_text_size__hover_enabled=&#8221;off&#8221; button_one_text_size__hover_enabled=&#8221;off&#8221; button_two_text_size__hover_enabled=&#8221;off&#8221; button_text_color__hover_enabled=&#8221;off&#8221; button_one_text_color__hover_enabled=&#8221;off&#8221; button_two_text_color__hover_enabled=&#8221;off&#8221; button_border_width__hover_enabled=&#8221;off&#8221; button_one_border_width__hover_enabled=&#8221;off&#8221; button_two_border_width__hover_enabled=&#8221;off&#8221; button_border_color__hover_enabled=&#8221;off&#8221; button_one_border_color__hover_enabled=&#8221;off&#8221; button_two_border_color__hover_enabled=&#8221;off&#8221; button_border_radius__hover_enabled=&#8221;off&#8221; button_one_border_radius__hover_enabled=&#8221;off&#8221; button_two_border_radius__hover_enabled=&#8221;off&#8221; button_letter_spacing__hover_enabled=&#8221;off&#8221; button_one_letter_spacing__hover_enabled=&#8221;off&#8221; button_two_letter_spacing__hover_enabled=&#8221;off&#8221; button_bg_color__hover_enabled=&#8221;off&#8221; button_one_bg_color__hover_enabled=&#8221;off&#8221; button_two_bg_color__hover_enabled=&#8221;off&#8221;][\/et_pb_button][et_pb_text admin_label=&#8221;Luoghi importanti di Firenze&#8221; _builder_version=&#8221;4.16&#8243; _module_preset=&#8221;default&#8221; global_colors_info=&#8221;{}&#8221;]<\/p>\n<h3>La scuola si trova vicino a luoghi di grande interesse storico e artistico\u00a0<\/h3>\n<p>Come gi\u00e0 accennato, vicino alla nostra scuola, vi sono musei, palazzi e opere d&#8217;arte che sono conosciuti in tutto il mondo.<\/p>\n<p>Tutti i pi\u00f9 <strong>importanti luoghi della Firenze artistica e storica<\/strong> possono essere raggiunti a piedi in pochi minuti:<\/p>\n<ul>\n<li>Basilica di Santa Croce (1 minuto)<\/li>\n<li>Piazza della Signoria (10 minuti)<\/li>\n<li>Ponte Vecchio (12 minuti)<\/li>\n<li>Uffizi (10 minuti)<\/li>\n<li>Duomo (circa 15 minuti)<\/li>\n<li>David di Michelangelo (20 minuti)<\/li>\n<li>fiume Arno (5 minuti)<\/li>\n<li>Piazzale Michelangelo (30 minuti)<\/li>\n<li>stazione Ferroviaria Santa Maria Novella (25 minuti).<\/li>\n<\/ul>\n<p>I <strong>monumenti\u00a0che si trovano nelle vicinanze della scuola Parola<\/strong> sono ricchi di storia e di grandissima arte italiana, come la <strong>Basilica di Santa Croce e gli Uffizi<\/strong>; nella zona della scuola vi sono anche bellissimi negozi e locali divertenti da frequentare durante il tempo libero sia di giorno sia la sera.<\/p>\n<p>[\/et_pb_text][et_pb_divider color=&#8221;#d6d6d6&#8243; admin_label=&#8221;Modulo separatore giusto&#8221; _builder_version=&#8221;4.16&#8243; background_color=&#8221;#ffffff&#8221; min_height=&#8221;0px&#8221; height=&#8221;3px&#8221; custom_margin=&#8221;27px||20px||false|false&#8221; custom_padding=&#8221;0px||||false|false&#8221; border_color_all=&#8221;rgba(0,0,0,0)&#8221; border_style_all=&#8221;none&#8221; border_color_top=&#8221;#999999&#8243; border_style_top=&#8221;solid&#8221; border_style_left=&#8221;outset&#8221; saved_tabs=&#8221;all&#8221; global_colors_info=&#8221;{}&#8221;][\/et_pb_divider][et_pb_text _builder_version=&#8221;4.19.4&#8243; _module_preset=&#8221;default&#8221; global_colors_info=&#8221;{}&#8221;]<\/p>\n<p>Dalla scuola di italiano Parola, che si trova <strong>a pochi passi dal fiume Arno<\/strong>, si possono anche raggiungere facilmente Piazzale Michelangelo e la meravigliosa Chiesa di San Miniato a Firenze.<\/p>\n<p>Inoltre, la posizione ottimale del nostro istituto di lingua italiana consente anche di <strong>raggiungere le zone naturali di Firenze<\/strong> come il parco delle Cascine e la zona fluviale del Varlungo.<\/p>\n<p>[\/et_pb_text][et_pb_button button_url=&#8221;https:\/\/www.parola.it\/it\/corsi-di-italiano&#8221; button_text=&#8221;CORSI DI ITALIANO&#8221; button_alignment=&#8221;left&#8221; admin_label=&#8221;Pulsante &#8211; Corsi di italiano&#8221; _builder_version=&#8221;4.16&#8243; background_layout=&#8221;dark&#8221; custom_margin=&#8221;17px|||||&#8221; custom_padding=&#8221;4px|||||&#8221; locked=&#8221;off&#8221; global_colors_info=&#8221;{}&#8221; button_text_size__hover_enabled=&#8221;off&#8221; button_one_text_size__hover_enabled=&#8221;off&#8221; button_two_text_size__hover_enabled=&#8221;off&#8221; button_text_color__hover_enabled=&#8221;off&#8221; button_one_text_color__hover_enabled=&#8221;off&#8221; button_two_text_color__hover_enabled=&#8221;off&#8221; button_border_width__hover_enabled=&#8221;off&#8221; button_one_border_width__hover_enabled=&#8221;off&#8221; button_two_border_width__hover_enabled=&#8221;off&#8221; button_border_color__hover_enabled=&#8221;off&#8221; button_one_border_color__hover_enabled=&#8221;off&#8221; button_two_border_color__hover_enabled=&#8221;off&#8221; button_border_radius__hover_enabled=&#8221;off&#8221; button_one_border_radius__hover_enabled=&#8221;off&#8221; button_two_border_radius__hover_enabled=&#8221;off&#8221; button_letter_spacing__hover_enabled=&#8221;off&#8221; button_one_letter_spacing__hover_enabled=&#8221;off&#8221; button_two_letter_spacing__hover_enabled=&#8221;off&#8221; button_bg_color__hover_enabled=&#8221;off&#8221; button_one_bg_color__hover_enabled=&#8221;off&#8221; button_two_bg_color__hover_enabled=&#8221;off&#8221;]<br \/>\n[\/et_pb_button][et_pb_image src=&#8221;https:\/\/www.parola.it\/wp-content\/uploads\/2019\/01\/firenze.jpg&#8221; alt=&#8221;Scorcio di Firenze e del fiume Arno&#8221; align_tablet=&#8221;center&#8221; align_phone=&#8221;&#8221; align_last_edited=&#8221;on|desktop&#8221; _builder_version=&#8221;4.16&#8243; global_colors_info=&#8221;{}&#8221;]<\/p>\n<p>\n&nbsp;<\/p>\n<p>[\/et_pb_image][\/et_pb_column_inner][\/et_pb_row_inner][et_pb_row_inner column_structure=&#8221;undefined&#8221; admin_label=&#8221;Riga&#8221; _builder_version=&#8221;4.16&#8243; custom_padding=&#8221;0px|0px|0px|0px&#8221; global_colors_info=&#8221;{}&#8221;][et_pb_column_inner type=&#8221;undefined&#8221; saved_specialty_column_type=&#8221;3_4&#8243; _builder_version=&#8221;4.16&#8243; custom_padding=&#8221;|||&#8221; global_colors_info=&#8221;{}&#8221; custom_padding__hover=&#8221;|||&#8221;][et_pb_text _builder_version=&#8221;4.16&#8243; global_colors_info=&#8221;{}&#8221;]<\/p>\n<h3>Bar e ristoranti di grande qualit\u00e0 vicino alla scuola<\/h3>\n<p>Intorno alla nostra scuola di lingua italiana ci sono diversi<strong> ristoranti e pub conosciutissimi e di grande qualit\u00e0<\/strong>. In pi\u00f9, gli studenti possono anche usufruire di un supermercato e di un alimentari per le spese quotidiane.<\/p>\n<p>Parola consiglia anche agli studenti dei corsi di lingua italiana alcuni <strong>posti a Firenze su dove andare a comprare le cose di prima necessit\u00e0 <\/strong>e su come mangiare a prezzi vantaggiosi nel centro di Firenze.<\/p>\n<p>[\/et_pb_text][et_pb_button button_url=&#8221;https:\/\/www.parola.it\/it\/it_prezzi_corsi&#8221; button_text=&#8221;PREZZI&#8221; admin_label=&#8221;Prezzi&#8221; _builder_version=&#8221;4.16&#8243; background_layout=&#8221;dark&#8221; z_index_tablet=&#8221;500&#8243; button_text_shadow_horizontal_length_tablet=&#8221;0px&#8221; button_text_shadow_vertical_length_tablet=&#8221;0px&#8221; button_text_shadow_blur_strength_tablet=&#8221;1px&#8221; box_shadow_horizontal_tablet=&#8221;0px&#8221; box_shadow_vertical_tablet=&#8221;0px&#8221; box_shadow_blur_tablet=&#8221;40px&#8221; box_shadow_spread_tablet=&#8221;0px&#8221; locked=&#8221;off&#8221; global_colors_info=&#8221;{}&#8221; button_text_size__hover_enabled=&#8221;off&#8221; button_one_text_size__hover_enabled=&#8221;off&#8221; button_two_text_size__hover_enabled=&#8221;off&#8221; button_text_color__hover_enabled=&#8221;off&#8221; button_one_text_color__hover_enabled=&#8221;off&#8221; button_two_text_color__hover_enabled=&#8221;off&#8221; button_border_width__hover_enabled=&#8221;off&#8221; button_one_border_width__hover_enabled=&#8221;off&#8221; button_two_border_width__hover_enabled=&#8221;off&#8221; button_border_color__hover_enabled=&#8221;off&#8221; button_one_border_color__hover_enabled=&#8221;off&#8221; button_two_border_color__hover_enabled=&#8221;off&#8221; button_border_radius__hover_enabled=&#8221;off&#8221; button_one_border_radius__hover_enabled=&#8221;off&#8221; button_two_border_radius__hover_enabled=&#8221;off&#8221; button_letter_spacing__hover_enabled=&#8221;off&#8221; button_one_letter_spacing__hover_enabled=&#8221;off&#8221; button_two_letter_spacing__hover_enabled=&#8221;off&#8221; button_bg_color__hover_enabled=&#8221;off&#8221; button_one_bg_color__hover_enabled=&#8221;off&#8221; button_two_bg_color__hover_enabled=&#8221;off&#8221;]<br \/>\n[\/et_pb_button][et_pb_text _builder_version=&#8221;4.16&#8243; global_colors_info=&#8221;{}&#8221;]<\/p>\n<h3>Mappa del centro di Firenze e dove si trova la scuola Parola<\/h3>\n<p>Il nostro istituto \u00e8 ubicato in una zona molto importante del centro storico.\u00a0<\/p>\n<h4 class=\"style25\"><span style=\"color: #e02b20;\"><strong>Parola<\/strong><\/span><\/h4>\n<p>Borgo Santa Croce, 17<\/p>\n<p>50122 Firenze<\/p>\n<p>Italia<\/p>\n<p>[\/et_pb_text][et_pb_map address=&#8221;Borgo Santa Croce, 17, 50122 Firenze FI, Italia&#8221; address_lat=&#8221;43.7678648&#8243; address_lng=&#8221;11.26014269999996&#8243; _builder_version=&#8221;4.16&#8243; global_colors_info=&#8221;{}&#8221;][et_pb_map_pin pin_address=&#8221;Palazzo Mori Ubaldini degli Alberti, Borgo Santa Croce, 17, 50122 Firenze FI, Italia&#8221; pin_address_lat=&#8221;43.7682782&#8243; pin_address_lng=&#8221;11.2610142&#8243; _builder_version=&#8221;4.5.3&#8243; global_colors_info=&#8221;{}&#8221;][\/et_pb_map_pin][\/et_pb_map][\/et_pb_column_inner][\/et_pb_row_inner][et_pb_row_inner column_structure=&#8221;undefined&#8221; admin_label=&#8221;Riga&#8221; _builder_version=&#8221;4.16&#8243; custom_padding=&#8221;18px|0px|0px|0px&#8221; global_colors_info=&#8221;{}&#8221;][et_pb_column_inner type=&#8221;undefined&#8221; saved_specialty_column_type=&#8221;3_4&#8243; _builder_version=&#8221;4.16&#8243; custom_padding=&#8221;|||&#8221; global_colors_info=&#8221;{}&#8221; custom_padding__hover=&#8221;|||&#8221;][et_pb_text _builder_version=&#8221;4.16&#8243; global_colors_info=&#8221;{}&#8221;]<\/p>\n<h4>Contattaci per sapere come raggiungerci<\/h4>\n<p><strong><a title=\"Contatta la scuola di italiano Parola a Firenze\" href=\"it_contatti_form\">Contattaci<\/a><\/strong> per raggiungerci, se vuoi avere pi\u00f9 <strong>informazioni su dove si trova la scuola Parola e sui luoghi di interesse vicino al nostro centro linguistico <\/strong>di Firenze.<\/p>\n<p>Puoi anche chiamare il <a href=\"tel:+39055242182\"><span style=\"color: #ff6600;\"><strong>+39 055 242182<\/strong><\/span><\/a> o mandarci un messaggio su WhatsApp al <a href=\"tel:+393288997420\"><span style=\"color: #ff6600;\"><strong>+39 328 8997420<\/strong><\/span><\/a>.<\/p>\n<p>[\/et_pb_text][et_pb_button button_url=&#8221;https:\/\/www.parola.it\/it\/it_contatti_form&#8221; button_text=&#8221;CONTATTI&#8221; _builder_version=&#8221;4.19.4&#8243; _module_preset=&#8221;default&#8221; background_layout=&#8221;dark&#8221; global_colors_info=&#8221;{}&#8221;][\/et_pb_button][\/et_pb_column_inner][\/et_pb_row_inner][\/et_pb_column][et_pb_column type=&#8221;1_4&#8243; _builder_version=&#8221;4.16&#8243; custom_padding=&#8221;|||&#8221; global_colors_info=&#8221;{}&#8221; custom_padding__hover=&#8221;|||&#8221;][et_pb_text admin_label=&#8221;INFO ITALIANO&#8221; _builder_version=&#8221;4.27.5&#8243; vertical_offset_tablet=&#8221;0&#8243; horizontal_offset_tablet=&#8221;0&#8243; module_alignment=&#8221;left&#8221; min_height=&#8221;422px&#8221; custom_margin=&#8221;0px||0px||false|false&#8221; custom_padding=&#8221;0px||1px||false|false&#8221; z_index_tablet=&#8221;0&#8243; text_text_shadow_horizontal_length_tablet=&#8221;0px&#8221; text_text_shadow_vertical_length_tablet=&#8221;0px&#8221; text_text_shadow_blur_strength_tablet=&#8221;1px&#8221; link_text_shadow_horizontal_length_tablet=&#8221;0px&#8221; link_text_shadow_vertical_length_tablet=&#8221;0px&#8221; link_text_shadow_blur_strength_tablet=&#8221;1px&#8221; ul_text_shadow_horizontal_length_tablet=&#8221;0px&#8221; ul_text_shadow_vertical_length_tablet=&#8221;0px&#8221; ul_text_shadow_blur_strength_tablet=&#8221;1px&#8221; ol_text_shadow_horizontal_length_tablet=&#8221;0px&#8221; ol_text_shadow_vertical_length_tablet=&#8221;0px&#8221; ol_text_shadow_blur_strength_tablet=&#8221;1px&#8221; quote_text_shadow_horizontal_length_tablet=&#8221;0px&#8221; quote_text_shadow_vertical_length_tablet=&#8221;0px&#8221; quote_text_shadow_blur_strength_tablet=&#8221;1px&#8221; header_text_shadow_horizontal_length_tablet=&#8221;0px&#8221; header_text_shadow_vertical_length_tablet=&#8221;0px&#8221; header_text_shadow_blur_strength_tablet=&#8221;1px&#8221; header_2_text_shadow_horizontal_length_tablet=&#8221;0px&#8221; header_2_text_shadow_vertical_length_tablet=&#8221;0px&#8221; header_2_text_shadow_blur_strength_tablet=&#8221;1px&#8221; header_3_text_shadow_horizontal_length_tablet=&#8221;0px&#8221; header_3_text_shadow_vertical_length_tablet=&#8221;0px&#8221; header_3_text_shadow_blur_strength_tablet=&#8221;1px&#8221; header_4_text_shadow_horizontal_length_tablet=&#8221;0px&#8221; header_4_text_shadow_vertical_length_tablet=&#8221;0px&#8221; header_4_text_shadow_blur_strength_tablet=&#8221;1px&#8221; header_5_text_shadow_horizontal_length_tablet=&#8221;0px&#8221; header_5_text_shadow_vertical_length_tablet=&#8221;0px&#8221; header_5_text_shadow_blur_strength_tablet=&#8221;1px&#8221; header_6_text_shadow_horizontal_length_tablet=&#8221;0px&#8221; header_6_text_shadow_vertical_length_tablet=&#8221;0px&#8221; header_6_text_shadow_blur_strength_tablet=&#8221;1px&#8221; box_shadow_horizontal_tablet=&#8221;0px&#8221; box_shadow_vertical_tablet=&#8221;0px&#8221; box_shadow_blur_tablet=&#8221;40px&#8221; box_shadow_spread_tablet=&#8221;0px&#8221; global_module=&#8221;42854&#8243; saved_tabs=&#8221;all&#8221; locked=&#8221;off&#8221; global_colors_info=&#8221;{}&#8221;]<\/p>\n<h5>CONTATTACI<\/h5>\n<p>Per <strong>ulteriori informazioni<\/strong>, contattaci qui.<\/p>\n<p><img loading=\"lazy\" decoding=\"async\" class=\"wp-image-74603 alignnone size-full\" src=\"https:\/\/www.parola.it\/wp-content\/uploads\/2025\/03\/MAIL.png\" alt=\"\" width=\"20\" height=\"13\" \/> Scrivi un&#8217;e-mail all&#8217;indirizzo <strong><a href=\"mailto:info@parola.it\">info@parola.it<\/a>\u00a0<\/strong><\/p>\n<p><img decoding=\"async\" src=\"https:\/\/www.parola.it\/wp-content\/uploads\/2017\/10\/TEL.png\" alt=\"phone\" \/>\u00a0 Chiamaci al:<\/p>\n<p><a href=\"tel:+39055242182\"><span style=\"color: #ff6600;\"><strong>+39 055 242182<\/strong><\/span><\/a><\/p>\n<p>oppure al:<\/p>\n<p><a href=\"tel:+393288997420\"><span style=\"color: #ff6600;\"><strong>+39 328 8997420<\/strong><\/span><\/a><\/p>\n<p><img decoding=\"async\" src=\"https:\/\/www.parola.it\/wp-content\/uploads\/2025\/03\/PIN.png\" \/> Vieni a <strong>trovarci alla sede della scuola<\/strong> a Firenze:<\/p>\n<p><span style=\"color: #ff6600;\"><strong>Borgo Santa Croce, 17<\/strong><\/span><\/p>\n<p><span style=\"color: #ff6600;\"><strong> 50122 Firenze &#8211; Italia.<\/strong><\/span><\/p>\n<p>[\/et_pb_text][et_pb_button button_url=&#8221;https:\/\/www.parola.it\/it\/it_formulario_registrazione\/&#8221; url_new_window=&#8221;on&#8221; button_text=&#8221;REGISTRAZIONE&#8221; button_alignment=&#8221;left&#8221; _builder_version=&#8221;4.16&#8243; custom_button=&#8221;on&#8221; button_icon=&#8221;&#x68;||divi||400&#8243; button_icon_placement=&#8221;left&#8221; button_on_hover=&#8221;off&#8221; background_layout=&#8221;dark&#8221; custom_margin=&#8221;20px||||false|false&#8221; custom_padding=&#8221;|||30px|false|false&#8221; locked=&#8221;off&#8221; global_colors_info=&#8221;{}&#8221; button_text_size__hover_enabled=&#8221;off&#8221; button_one_text_size__hover_enabled=&#8221;off&#8221; button_two_text_size__hover_enabled=&#8221;off&#8221; button_text_color__hover_enabled=&#8221;off&#8221; button_one_text_color__hover_enabled=&#8221;off&#8221; button_two_text_color__hover_enabled=&#8221;off&#8221; button_border_width__hover_enabled=&#8221;off&#8221; button_one_border_width__hover_enabled=&#8221;off&#8221; button_two_border_width__hover_enabled=&#8221;off&#8221; button_border_color__hover_enabled=&#8221;off&#8221; button_one_border_color__hover_enabled=&#8221;off&#8221; button_two_border_color__hover_enabled=&#8221;off&#8221; button_border_radius__hover_enabled=&#8221;off&#8221; button_one_border_radius__hover_enabled=&#8221;off&#8221; button_two_border_radius__hover_enabled=&#8221;off&#8221; button_letter_spacing__hover_enabled=&#8221;off&#8221; button_one_letter_spacing__hover_enabled=&#8221;off&#8221; button_two_letter_spacing__hover_enabled=&#8221;off&#8221; button_bg_color__hover_enabled=&#8221;off&#8221; button_one_bg_color__hover_enabled=&#8221;off&#8221; button_two_bg_color__hover_enabled=&#8221;off&#8221;]<br \/>\n[\/et_pb_button][et_pb_button button_url=&#8221;https:\/\/www.parola.it\/it\/it_iscrizione_corsi_scuola&#8221; url_new_window=&#8221;on&#8221; button_text=&#8221;ISCRIZIONE&#8221; button_alignment=&#8221;left&#8221; _builder_version=&#8221;4.16&#8243; custom_button=&#8221;on&#8221; button_icon=&#8221;&#x68;||divi||400&#8243; button_icon_placement=&#8221;left&#8221; button_on_hover=&#8221;off&#8221; background_layout=&#8221;dark&#8221; custom_padding=&#8221;|||30px|false|false&#8221; locked=&#8221;off&#8221; global_colors_info=&#8221;{}&#8221; button_text_size__hover_enabled=&#8221;off&#8221; button_one_text_size__hover_enabled=&#8221;off&#8221; button_two_text_size__hover_enabled=&#8221;off&#8221; button_text_color__hover_enabled=&#8221;off&#8221; button_one_text_color__hover_enabled=&#8221;off&#8221; button_two_text_color__hover_enabled=&#8221;off&#8221; button_border_width__hover_enabled=&#8221;off&#8221; button_one_border_width__hover_enabled=&#8221;off&#8221; button_two_border_width__hover_enabled=&#8221;off&#8221; button_border_color__hover_enabled=&#8221;off&#8221; button_one_border_color__hover_enabled=&#8221;off&#8221; button_two_border_color__hover_enabled=&#8221;off&#8221; button_border_radius__hover_enabled=&#8221;off&#8221; button_one_border_radius__hover_enabled=&#8221;off&#8221; button_two_border_radius__hover_enabled=&#8221;off&#8221; button_letter_spacing__hover_enabled=&#8221;off&#8221; button_one_letter_spacing__hover_enabled=&#8221;off&#8221; button_two_letter_spacing__hover_enabled=&#8221;off&#8221; button_bg_color__hover_enabled=&#8221;off&#8221; button_one_bg_color__hover_enabled=&#8221;off&#8221; button_two_bg_color__hover_enabled=&#8221;off&#8221;]<br \/>\n[\/et_pb_button][et_pb_social_media_follow url_new_window=&#8221;off&#8221; admin_label=&#8221;ICONE SOCIAL&#8221; _builder_version=&#8221;4.25.1&#8243; text_orientation=&#8221;left&#8221; background_layout=&#8221;dark&#8221; min_height=&#8221;473px&#8221; custom_margin=&#8221;15px||-400px||false|false&#8221; custom_padding=&#8221;||0px|||&#8221; z_index_tablet=&#8221;500&#8243; button_text_shadow_horizontal_length_tablet=&#8221;0px&#8221; button_text_shadow_vertical_length_tablet=&#8221;0px&#8221; button_text_shadow_blur_strength_tablet=&#8221;1px&#8221; box_shadow_horizontal_tablet=&#8221;0px&#8221; box_shadow_vertical_tablet=&#8221;0px&#8221; box_shadow_blur_tablet=&#8221;40px&#8221; box_shadow_spread_tablet=&#8221;0px&#8221; box_shadow_horizontal_button_tablet=&#8221;0px&#8221; box_shadow_vertical_button_tablet=&#8221;0px&#8221; box_shadow_blur_button_tablet=&#8221;40px&#8221; box_shadow_spread_button_tablet=&#8221;0px&#8221; text_shadow_horizontal_length_tablet=&#8221;0px&#8221; text_shadow_vertical_length_tablet=&#8221;0px&#8221; text_shadow_blur_strength_tablet=&#8221;1px&#8221; global_module=&#8221;33341&#8243; saved_tabs=&#8221;all&#8221; global_colors_info=&#8221;{}&#8221;][et_pb_social_media_follow_network social_network=&#8221;facebook&#8221; url=&#8221;https:\/\/www.facebook.com\/Italian.language.school.florence%20\/&#8221; _builder_version=&#8221;4.16&#8243; background_color=&#8221;#3b5998&#8243; global_colors_info=&#8221;{}&#8221; follow_button=&#8221;off&#8221; url_new_window=&#8221;off&#8221;]Facebook[\/et_pb_social_media_follow_network][et_pb_social_media_follow_network social_network=&#8221;twitter&#8221; url=&#8221;https:\/\/twitter.com\/&#8221; _builder_version=&#8221;4.22.2&#8243; background_color=&#8221;#000000&#8243; global_colors_info=&#8221;{}&#8221; follow_button=&#8221;off&#8221; url_new_window=&#8221;off&#8221;]Twitter[\/et_pb_social_media_follow_network][et_pb_social_media_follow_network social_network=&#8221;linkedin&#8221; url=&#8221;https:\/\/www.linkedin.com\/feed\/&#8221; _builder_version=&#8221;4.16&#8243; background_color=&#8221;#007bb6&#8243; global_colors_info=&#8221;{}&#8221; follow_button=&#8221;off&#8221; url_new_window=&#8221;off&#8221;]LinkedIn[\/et_pb_social_media_follow_network][et_pb_social_media_follow_network social_network=&#8221;instagram&#8221; url=&#8221;https:\/\/www.instagram.com\/scuola_parola\/?hl=it&#8221; _builder_version=&#8221;4.16&#8243; background_color=&#8221;#ea2c59&#8243; custom_margin=&#8221;1px||1px||false|false&#8221; global_colors_info=&#8221;{}&#8221; follow_button=&#8221;off&#8221; url_new_window=&#8221;off&#8221;]Instagram[\/et_pb_social_media_follow_network][\/et_pb_social_media_follow][et_pb_image src=&#8221;https:\/\/www.parola.it\/wp-content\/uploads\/2019\/11\/cils-certified-center.png&#8221; alt=&#8221;Parola is a CILS certified center in Florence. Logo&#8221; admin_label=&#8221;CILS certified&#8221; _builder_version=&#8221;4.25.1&#8243; custom_margin=&#8221;|70px|||false|false&#8221; z_index_tablet=&#8221;500&#8243; box_shadow_horizontal_tablet=&#8221;0px&#8221; box_shadow_vertical_tablet=&#8221;0px&#8221; box_shadow_blur_tablet=&#8221;40px&#8221; box_shadow_spread_tablet=&#8221;0px&#8221; global_module=&#8221;32690&#8243; saved_tabs=&#8221;all&#8221; global_colors_info=&#8221;{}&#8221;][\/et_pb_image][et_pb_text admin_label=&#8221;Language international&#8221; _builder_version=&#8221;4.25.1&#8243; z_index_tablet=&#8221;500&#8243; text_text_shadow_horizontal_length_tablet=&#8221;0px&#8221; text_text_shadow_vertical_length_tablet=&#8221;0px&#8221; text_text_shadow_blur_strength_tablet=&#8221;1px&#8221; link_text_shadow_horizontal_length_tablet=&#8221;0px&#8221; link_text_shadow_vertical_length_tablet=&#8221;0px&#8221; link_text_shadow_blur_strength_tablet=&#8221;1px&#8221; ul_text_shadow_horizontal_length_tablet=&#8221;0px&#8221; ul_text_shadow_vertical_length_tablet=&#8221;0px&#8221; ul_text_shadow_blur_strength_tablet=&#8221;1px&#8221; ol_text_shadow_horizontal_length_tablet=&#8221;0px&#8221; ol_text_shadow_vertical_length_tablet=&#8221;0px&#8221; ol_text_shadow_blur_strength_tablet=&#8221;1px&#8221; quote_text_shadow_horizontal_length_tablet=&#8221;0px&#8221; quote_text_shadow_vertical_length_tablet=&#8221;0px&#8221; quote_text_shadow_blur_strength_tablet=&#8221;1px&#8221; header_text_shadow_horizontal_length_tablet=&#8221;0px&#8221; header_text_shadow_vertical_length_tablet=&#8221;0px&#8221; header_text_shadow_blur_strength_tablet=&#8221;1px&#8221; header_2_text_shadow_horizontal_length_tablet=&#8221;0px&#8221; header_2_text_shadow_vertical_length_tablet=&#8221;0px&#8221; header_2_text_shadow_blur_strength_tablet=&#8221;1px&#8221; header_3_text_shadow_horizontal_length_tablet=&#8221;0px&#8221; header_3_text_shadow_vertical_length_tablet=&#8221;0px&#8221; header_3_text_shadow_blur_strength_tablet=&#8221;1px&#8221; header_4_text_shadow_horizontal_length_tablet=&#8221;0px&#8221; header_4_text_shadow_vertical_length_tablet=&#8221;0px&#8221; header_4_text_shadow_blur_strength_tablet=&#8221;1px&#8221; header_5_text_shadow_horizontal_length_tablet=&#8221;0px&#8221; header_5_text_shadow_vertical_length_tablet=&#8221;0px&#8221; header_5_text_shadow_blur_strength_tablet=&#8221;1px&#8221; header_6_text_shadow_horizontal_length_tablet=&#8221;0px&#8221; header_6_text_shadow_vertical_length_tablet=&#8221;0px&#8221; header_6_text_shadow_blur_strength_tablet=&#8221;1px&#8221; box_shadow_horizontal_tablet=&#8221;0px&#8221; box_shadow_vertical_tablet=&#8221;0px&#8221; box_shadow_blur_tablet=&#8221;40px&#8221; box_shadow_spread_tablet=&#8221;0px&#8221; text_text_align=&#8221;left&#8221; global_module=&#8221;32692&#8243; saved_tabs=&#8221;all&#8221; global_colors_info=&#8221;{}&#8221;]<\/p>\n<div id=\"LI-CEO\"><script src=\"https:\/\/www.languageinternational.com\/badge\/coe?id=68832\"><\/script><\/div>\n<p>[\/et_pb_text][et_pb_text admin_label=&#8221;CORSI DI ITALIANO &#8221; _builder_version=&#8221;4.27.5&#8243; module_alignment=&#8221;left&#8221; custom_margin=&#8221;40px||30px||false|false&#8221; global_module=&#8221;48578&#8243; saved_tabs=&#8221;all&#8221; locked=&#8221;off&#8221; global_colors_info=&#8221;{}&#8221;]<\/p>\n<p><span style=\"font-size: x-large; color: #0c71c3;\"><strong>CORSI DI ITALIANO<\/strong><\/span><\/p>\n<p><a title=\"corsi di italiano di gruppo a Firenze\" href=\"it-corsi-italiano-gruppo-firenze\"><strong>CORSI DI GRUPPO<\/strong><\/a><\/p>\n<p><a title=\"corsi di italiano combinat a Firenzei\" href=\"it-corsi-italiano-combinati\"><strong>CORSI COMBINATI<\/strong><\/a><\/p>\n<p><a title=\"corsi di italiano individuali a Firenze\" href=\"it-corsi-individuali-italiano\"><strong>CORSI INDIVIDUALI<\/strong><\/a><\/p>\n<p><strong><a title=\"corsi di italiano online\" href=\"https:\/\/www.parola.it\/it\/corso-italiano-online\/\">CORSI ONLINE<\/a><\/strong><\/p>\n<p><strong><a title=\"corsi di italiano extracurriculari\" href=\"it_corsi_supplementari_firenze\">CORSI EXTRACURRICULARI<\/a><\/strong><\/p>\n<p><a title=\"Corso per il certificato CILS a Firenze\" href=\"https:\/\/www.parola.it\/it\/it_certificato_cils_firenze\/\"><strong>CERTIFICATO CILS<\/strong><\/a><\/p>\n<p><a title=\"Corsi di italiano serali della scuola Parola di Firenze\" href=\"https:\/\/www.parola.it\/it\/it-corsi-serali-italiano\/\"><strong>CORSI SERALI\u00a0<\/strong><\/a><\/p>\n<p><a title=\"Corsi di italiano per Au Pair\" href=\"https:\/\/www.parola.it\/it\/it_studenti_au-pair\/\"><strong>CORSI PER AU PAIRS<\/strong><\/a><\/p>\n<p><strong><a title=\"corsi di italiano a Firenze di Parola\" href=\"corsi-di-italiano\/\">CORSI DI ITALIANO<\/a><\/strong><\/p>\n<p><span style=\"font-size: x-large; color: #0c71c3;\"><strong>INFORMAZIONI\u00a0<\/strong><\/span><\/p>\n<p><a title=\"&quot;prezzi\" href=\"https:\/\/www.parola.it\/it\/it_prezzi_corsi\/\"><strong>PREZZI<\/strong><\/a><\/p>\n<p><strong><a title=\"date dei corsi di italiano a Firenze\" href=\"it-date-corsi-italiano-2\">DATE<\/a><\/strong><\/p>\n<p><a title=\"contatti per i corsi di italiano a Firenze di Parola\" href=\"it_contatti_form\"><strong>CONTATTI<\/strong>&#8220;<\/a><\/p>\n<p><strong><a title=\"attivit\u00e0 ricreative della scuola di italiano Parola\" href=\"it_attivita_ricreative\">ATTIVIT\u00c0 RICREATIVE<\/a><\/strong><\/p>\n<p><a title=\"formulario di registrazione della scuola Parola\" href=\"it_formulario_registrazione\"><strong>REGISTRAZIONE<\/strong><\/a><\/p>\n<p><a title=\"dove si trova la scuola di italiano Parola a Firenze\" href=\"it-dove-scuola-italiano\/\"><strong>DOVE SI TROVA<\/strong><\/a><\/p>\n<p><strong><a title=\"alloggio a Firenze con la scuola Parola\" href=\"it_alloggio_firenze\/\">ALLOGGIO<\/a><\/strong><\/p>\n<p><strong><span style=\"font-size: x-large; color: #0c71c3;\">INSEGNAMENTO<\/span><\/strong><\/p>\n<p><a title=\"Borse di studio della scuola di italiano Parola\" href=\"it_borse_studio\/\"><strong>BORSE DI STUDIO<\/strong><\/a><\/p>\n<p><strong><a title=\"metodoliga per insegnare italiano di Parola\" href=\"https:\/\/www.parola.it\/it\/it-metodologia-lingue\/\">METODOLOGIA<\/a><\/strong><\/p>\n<p><strong><a title=\"didattica dell'italiano online\" href=\"https:\/\/www.parola.it\/it\/didattica-corsi-italiano-online\/\">DIDATTICA ON LINE<\/a><\/strong><\/p>\n<p><strong><a title=\"livelli grammaticali della scuola Parola\" href=\"https:\/\/www.parola.it\/it\/it-grammatica-italiana-programma\/\">GRAMMATICA ITALIANA<\/a><\/strong><\/p>\n<p><strong><a title=\"test di valutazione della lingua italiana\" href=\"https:\/\/www.parola.it\/test-valutazione\/\">TEST DI ITALIANO<\/a><\/strong><\/p>\n<p>[\/et_pb_text][et_pb_image src=&#8221;https:\/\/www.parola.it\/wp-content\/uploads\/2021\/02\/scuola-parola-scritta.jpg&#8221; alt=&#8221;Scritta verticale della scuola Parola di Firenze&#8221; title_text=&#8221;Copia di Senza titolo&#8221; _builder_version=&#8221;4.16&#8243; _module_preset=&#8221;default&#8221; global_colors_info=&#8221;{}&#8221;][\/et_pb_image][\/et_pb_column][\/et_pb_section][et_pb_section fb_built=&#8221;1&#8243; fullwidth=&#8221;on&#8221; _builder_version=&#8221;4.5.3&#8243; z_index_tablet=&#8221;500&#8243; box_shadow_horizontal_tablet=&#8221;0px&#8221; box_shadow_vertical_tablet=&#8221;0px&#8221; box_shadow_blur_tablet=&#8221;40px&#8221; box_shadow_spread_tablet=&#8221;0px&#8221; global_module=&#8221;29737&#8243; collapsed=&#8221;off&#8221; global_colors_info=&#8221;{}&#8221;][et_pb_fullwidth_menu menu_id=&#8221;2055&#8243; submenu_direction=&#8221;downwards&#8221; fullwidth_menu=&#8221;off&#8221; _builder_version=&#8221;4.19.4&#8243; width=&#8221;100%&#8221; max_width=&#8221;100%&#8221; z_index_tablet=&#8221;500&#8243; menu_text_shadow_horizontal_length_tablet=&#8221;0px&#8221; menu_text_shadow_vertical_length_tablet=&#8221;0px&#8221; menu_text_shadow_blur_strength_tablet=&#8221;1px&#8221; box_shadow_horizontal_tablet=&#8221;0px&#8221; box_shadow_vertical_tablet=&#8221;0px&#8221; box_shadow_blur_tablet=&#8221;40px&#8221; box_shadow_spread_tablet=&#8221;0px&#8221; global_colors_info=&#8221;{}&#8221;][\/et_pb_fullwidth_menu][\/et_pb_section]<\/p>\n","protected":false},"excerpt":{"rendered":"<p>Dove si trova la scuola Parola a Firenze L&#8217;ottima posizione della nostra scuola di italiano La scuola di italiano Parola si trova nel quartiere di Santa Croce a Firenze, nel cuore del centro storico della citt\u00e0, in un edificio del 1400, Palazzo Mori Ubaldini degli Alberti, che ha, al suo interno, un bellissimo cortile progettato [&hellip;]<\/p>\n","protected":false},"author":1,"featured_media":6917,"parent":0,"menu_order":0,"comment_status":"closed","ping_status":"closed","template":"","meta":{"_et_pb_use_builder":"on","_et_pb_old_content":"","_et_gb_content_width":"","footnotes":""},"class_list":["post-8664","page","type-page","status-publish","has-post-thumbnail","hentry"],"yoast_head":"<!-- This site is optimized with the Yoast SEO plugin v27.4 - https:\/\/yoast.com\/product\/yoast-seo-wordpress\/ -->\n<title>Dove si trova la scuola di italiano Parola a Firenze | Scuola Parola<\/title>\n<meta name=\"description\" content=\"Raggiungi facilmente la scuola Parola a Firenze. Parola si trova centro storico di Firenze vicino ai monumenti pi\u00f9 importanti della citt\u00e0.\" \/>\n<meta name=\"robots\" content=\"index, follow, max-snippet:-1, max-image-preview:large, max-video-preview:-1\" \/>\n<link rel=\"canonical\" href=\"https:\/\/www.parola.it\/it\/it-dove-scuola-italiano\/\" \/>\n<meta property=\"og:locale\" content=\"it_IT\" \/>\n<meta property=\"og:type\" content=\"article\" \/>\n<meta property=\"og:title\" content=\"Dove si trova la scuola di italiano Parola a Firenze | Scuola Parola\" \/>\n<meta property=\"og:description\" content=\"Raggiungi facilmente la scuola Parola a Firenze. Parola si trova centro storico di Firenze vicino ai monumenti pi\u00f9 importanti della citt\u00e0.\" \/>\n<meta property=\"og:url\" content=\"https:\/\/www.parola.it\/it\/it-dove-scuola-italiano\/\" \/>\n<meta property=\"og:site_name\" content=\"Italian Language School in Florence | Parola School\" \/>\n<meta property=\"article:publisher\" content=\"https:\/\/www.facebook.com\/Italian.language.school.florence\/\" \/>\n<meta property=\"article:modified_time\" content=\"2026-04-15T12:10:20+00:00\" \/>\n<meta property=\"og:image\" content=\"https:\/\/www.parola.it\/wp-content\/uploads\/2018\/01\/santa-croce-3072317_1920.jpg\" \/>\n\t<meta property=\"og:image:width\" content=\"1920\" \/>\n\t<meta property=\"og:image:height\" content=\"1305\" \/>\n\t<meta property=\"og:image:type\" content=\"image\/jpeg\" \/>\n<meta name=\"twitter:card\" content=\"summary_large_image\" \/>\n<meta name=\"twitter:site\" content=\"@Parola_School\" \/>\n<meta name=\"twitter:label1\" content=\"Tempo di lettura stimato\" \/>\n\t<meta name=\"twitter:data1\" content=\"5 minuti\" \/>\n<script type=\"application\/ld+json\" class=\"yoast-schema-graph\">{\"@context\":\"https:\\\/\\\/schema.org\",\"@graph\":[{\"@type\":\"WebPage\",\"@id\":\"https:\\\/\\\/www.parola.it\\\/it\\\/it-dove-scuola-italiano\\\/\",\"url\":\"https:\\\/\\\/www.parola.it\\\/it\\\/it-dove-scuola-italiano\\\/\",\"name\":\"Dove si trova la scuola di italiano Parola a Firenze | Scuola Parola\",\"isPartOf\":{\"@id\":\"https:\\\/\\\/www.parola.it\\\/#website\"},\"primaryImageOfPage\":{\"@id\":\"https:\\\/\\\/www.parola.it\\\/it\\\/it-dove-scuola-italiano\\\/#primaryimage\"},\"image\":{\"@id\":\"https:\\\/\\\/www.parola.it\\\/it\\\/it-dove-scuola-italiano\\\/#primaryimage\"},\"thumbnailUrl\":\"https:\\\/\\\/www.parola.it\\\/wp-content\\\/uploads\\\/2018\\\/01\\\/santa-croce-3072317_1920.jpg\",\"datePublished\":\"2018-01-11T16:05:03+00:00\",\"dateModified\":\"2026-04-15T12:10:20+00:00\",\"description\":\"Raggiungi facilmente la scuola Parola a Firenze. Parola si trova centro storico di Firenze vicino ai monumenti pi\u00f9 importanti della citt\u00e0.\",\"breadcrumb\":{\"@id\":\"https:\\\/\\\/www.parola.it\\\/it\\\/it-dove-scuola-italiano\\\/#breadcrumb\"},\"inLanguage\":\"it-IT\",\"potentialAction\":[{\"@type\":\"ReadAction\",\"target\":[\"https:\\\/\\\/www.parola.it\\\/it\\\/it-dove-scuola-italiano\\\/\"]}]},{\"@type\":\"ImageObject\",\"inLanguage\":\"it-IT\",\"@id\":\"https:\\\/\\\/www.parola.it\\\/it\\\/it-dove-scuola-italiano\\\/#primaryimage\",\"url\":\"https:\\\/\\\/www.parola.it\\\/wp-content\\\/uploads\\\/2018\\\/01\\\/santa-croce-3072317_1920.jpg\",\"contentUrl\":\"https:\\\/\\\/www.parola.it\\\/wp-content\\\/uploads\\\/2018\\\/01\\\/santa-croce-3072317_1920.jpg\",\"width\":1920,\"height\":1305,\"caption\":\"Basilica di Santa Croce in Florence near Parola school\"},{\"@type\":\"BreadcrumbList\",\"@id\":\"https:\\\/\\\/www.parola.it\\\/it\\\/it-dove-scuola-italiano\\\/#breadcrumb\",\"itemListElement\":[{\"@type\":\"ListItem\",\"position\":1,\"name\":\"Accueil\",\"item\":\"https:\\\/\\\/www.parola.it\\\/it\\\/\"},{\"@type\":\"ListItem\",\"position\":2,\"name\":\"DOVE CI TROVIAMO\"}]},{\"@type\":\"WebSite\",\"@id\":\"https:\\\/\\\/www.parola.it\\\/#website\",\"url\":\"https:\\\/\\\/www.parola.it\\\/\",\"name\":\"Italian Language School in Florence | Parola School\",\"description\":\"Learn Italian with Parola Italian language school in Florence. Language courses at a competitive price with quality teaching.\",\"publisher\":{\"@id\":\"https:\\\/\\\/www.parola.it\\\/#organization\"},\"alternateName\":\"Parola School\",\"potentialAction\":[{\"@type\":\"SearchAction\",\"target\":{\"@type\":\"EntryPoint\",\"urlTemplate\":\"https:\\\/\\\/www.parola.it\\\/?s={search_term_string}\"},\"query-input\":{\"@type\":\"PropertyValueSpecification\",\"valueRequired\":true,\"valueName\":\"search_term_string\"}}],\"inLanguage\":\"it-IT\"},{\"@type\":\"Organization\",\"@id\":\"https:\\\/\\\/www.parola.it\\\/#organization\",\"name\":\"Parola Italian Language School in Florence\",\"alternateName\":\"Italian Language Courses in Florence\",\"url\":\"https:\\\/\\\/www.parola.it\\\/\",\"logo\":{\"@type\":\"ImageObject\",\"inLanguage\":\"it-IT\",\"@id\":\"https:\\\/\\\/www.parola.it\\\/#\\\/schema\\\/logo\\\/image\\\/\",\"url\":\"https:\\\/\\\/www.parola.it\\\/wp-content\\\/uploads\\\/2019\\\/03\\\/logo-parola-language-school-1-e1721760774400.png\",\"contentUrl\":\"https:\\\/\\\/www.parola.it\\\/wp-content\\\/uploads\\\/2019\\\/03\\\/logo-parola-language-school-1-e1721760774400.png\",\"width\":145,\"height\":53,\"caption\":\"Parola Italian Language School in Florence\"},\"image\":{\"@id\":\"https:\\\/\\\/www.parola.it\\\/#\\\/schema\\\/logo\\\/image\\\/\"},\"sameAs\":[\"https:\\\/\\\/www.facebook.com\\\/Italian.language.school.florence\\\/\",\"https:\\\/\\\/x.com\\\/Parola_School\",\"https:\\\/\\\/www.instagram.com\\\/scuola_parola\\\/?hl=it\",\"https:\\\/\\\/www.linkedin.com\\\/in\\\/parola-italian-language-school-0a504114\\\/\",\"https:\\\/\\\/it.pinterest.com\\\/pin\\\/10344274122092210\\\/\",\"https:\\\/\\\/www.youtube.com\\\/channel\\\/UCKQkiBkXnIh9Df27KWD66rA?view_as=subscriber\",\"https:\\\/\\\/www.tripadvisor.com\\\/Attraction_Review-g187895-d4133618-Reviews-Parola_Italian_Language_School-Florence_Tuscany\"]}]}<\/script>\n<!-- \/ Yoast SEO plugin. -->","yoast_head_json":{"title":"Dove si trova la scuola di italiano Parola a Firenze | Scuola Parola","description":"Raggiungi facilmente la scuola Parola a Firenze. Parola si trova centro storico di Firenze vicino ai monumenti pi\u00f9 importanti della citt\u00e0.","robots":{"index":"index","follow":"follow","max-snippet":"max-snippet:-1","max-image-preview":"max-image-preview:large","max-video-preview":"max-video-preview:-1"},"canonical":"https:\/\/www.parola.it\/it\/it-dove-scuola-italiano\/","og_locale":"it_IT","og_type":"article","og_title":"Dove si trova la scuola di italiano Parola a Firenze | Scuola Parola","og_description":"Raggiungi facilmente la scuola Parola a Firenze. Parola si trova centro storico di Firenze vicino ai monumenti pi\u00f9 importanti della citt\u00e0.","og_url":"https:\/\/www.parola.it\/it\/it-dove-scuola-italiano\/","og_site_name":"Italian Language School in Florence | Parola School","article_publisher":"https:\/\/www.facebook.com\/Italian.language.school.florence\/","article_modified_time":"2026-04-15T12:10:20+00:00","og_image":[{"width":1920,"height":1305,"url":"https:\/\/www.parola.it\/wp-content\/uploads\/2018\/01\/santa-croce-3072317_1920.jpg","type":"image\/jpeg"}],"twitter_card":"summary_large_image","twitter_site":"@Parola_School","twitter_misc":{"Tempo di lettura stimato":"5 minuti"},"schema":{"@context":"https:\/\/schema.org","@graph":[{"@type":"WebPage","@id":"https:\/\/www.parola.it\/it\/it-dove-scuola-italiano\/","url":"https:\/\/www.parola.it\/it\/it-dove-scuola-italiano\/","name":"Dove si trova la scuola di italiano Parola a Firenze | Scuola Parola","isPartOf":{"@id":"https:\/\/www.parola.it\/#website"},"primaryImageOfPage":{"@id":"https:\/\/www.parola.it\/it\/it-dove-scuola-italiano\/#primaryimage"},"image":{"@id":"https:\/\/www.parola.it\/it\/it-dove-scuola-italiano\/#primaryimage"},"thumbnailUrl":"https:\/\/www.parola.it\/wp-content\/uploads\/2018\/01\/santa-croce-3072317_1920.jpg","datePublished":"2018-01-11T16:05:03+00:00","dateModified":"2026-04-15T12:10:20+00:00","description":"Raggiungi facilmente la scuola Parola a Firenze. Parola si trova centro storico di Firenze vicino ai monumenti pi\u00f9 importanti della citt\u00e0.","breadcrumb":{"@id":"https:\/\/www.parola.it\/it\/it-dove-scuola-italiano\/#breadcrumb"},"inLanguage":"it-IT","potentialAction":[{"@type":"ReadAction","target":["https:\/\/www.parola.it\/it\/it-dove-scuola-italiano\/"]}]},{"@type":"ImageObject","inLanguage":"it-IT","@id":"https:\/\/www.parola.it\/it\/it-dove-scuola-italiano\/#primaryimage","url":"https:\/\/www.parola.it\/wp-content\/uploads\/2018\/01\/santa-croce-3072317_1920.jpg","contentUrl":"https:\/\/www.parola.it\/wp-content\/uploads\/2018\/01\/santa-croce-3072317_1920.jpg","width":1920,"height":1305,"caption":"Basilica di Santa Croce in Florence near Parola school"},{"@type":"BreadcrumbList","@id":"https:\/\/www.parola.it\/it\/it-dove-scuola-italiano\/#breadcrumb","itemListElement":[{"@type":"ListItem","position":1,"name":"Accueil","item":"https:\/\/www.parola.it\/it\/"},{"@type":"ListItem","position":2,"name":"DOVE CI TROVIAMO"}]},{"@type":"WebSite","@id":"https:\/\/www.parola.it\/#website","url":"https:\/\/www.parola.it\/","name":"Italian Language School in Florence | Parola School","description":"Learn Italian with Parola Italian language school in Florence. Language courses at a competitive price with quality teaching.","publisher":{"@id":"https:\/\/www.parola.it\/#organization"},"alternateName":"Parola School","potentialAction":[{"@type":"SearchAction","target":{"@type":"EntryPoint","urlTemplate":"https:\/\/www.parola.it\/?s={search_term_string}"},"query-input":{"@type":"PropertyValueSpecification","valueRequired":true,"valueName":"search_term_string"}}],"inLanguage":"it-IT"},{"@type":"Organization","@id":"https:\/\/www.parola.it\/#organization","name":"Parola Italian Language School in Florence","alternateName":"Italian Language Courses in Florence","url":"https:\/\/www.parola.it\/","logo":{"@type":"ImageObject","inLanguage":"it-IT","@id":"https:\/\/www.parola.it\/#\/schema\/logo\/image\/","url":"https:\/\/www.parola.it\/wp-content\/uploads\/2019\/03\/logo-parola-language-school-1-e1721760774400.png","contentUrl":"https:\/\/www.parola.it\/wp-content\/uploads\/2019\/03\/logo-parola-language-school-1-e1721760774400.png","width":145,"height":53,"caption":"Parola Italian Language School in Florence"},"image":{"@id":"https:\/\/www.parola.it\/#\/schema\/logo\/image\/"},"sameAs":["https:\/\/www.facebook.com\/Italian.language.school.florence\/","https:\/\/x.com\/Parola_School","https:\/\/www.instagram.com\/scuola_parola\/?hl=it","https:\/\/www.linkedin.com\/in\/parola-italian-language-school-0a504114\/","https:\/\/it.pinterest.com\/pin\/10344274122092210\/","https:\/\/www.youtube.com\/channel\/UCKQkiBkXnIh9Df27KWD66rA?view_as=subscriber","https:\/\/www.tripadvisor.com\/Attraction_Review-g187895-d4133618-Reviews-Parola_Italian_Language_School-Florence_Tuscany"]}]}},"_links":{"self":[{"href":"https:\/\/www.parola.it\/it\/wp-json\/wp\/v2\/pages\/8664","targetHints":{"allow":["GET"]}}],"collection":[{"href":"https:\/\/www.parola.it\/it\/wp-json\/wp\/v2\/pages"}],"about":[{"href":"https:\/\/www.parola.it\/it\/wp-json\/wp\/v2\/types\/page"}],"author":[{"embeddable":true,"href":"https:\/\/www.parola.it\/it\/wp-json\/wp\/v2\/users\/1"}],"replies":[{"embeddable":true,"href":"https:\/\/www.parola.it\/it\/wp-json\/wp\/v2\/comments?post=8664"}],"version-history":[{"count":5,"href":"https:\/\/www.parola.it\/it\/wp-json\/wp\/v2\/pages\/8664\/revisions"}],"predecessor-version":[{"id":77653,"href":"https:\/\/www.parola.it\/it\/wp-json\/wp\/v2\/pages\/8664\/revisions\/77653"}],"wp:featuredmedia":[{"embeddable":true,"href":"https:\/\/www.parola.it\/it\/wp-json\/wp\/v2\/media\/6917"}],"wp:attachment":[{"href":"https:\/\/www.parola.it\/it\/wp-json\/wp\/v2\/media?parent=8664"}],"curies":[{"name":"wp","href":"https:\/\/api.w.org\/{rel}","templated":true}]}}