{"id":9310,"date":"2018-01-11T17:08:43","date_gmt":"2018-01-11T16:08:43","guid":{"rendered":"https:\/\/www.parola.it\/credits_scholarships_florence\/"},"modified":"2025-03-24T13:05:12","modified_gmt":"2025-03-24T12:05:12","slug":"es-becas-cils","status":"publish","type":"page","link":"https:\/\/www.parola.it\/es\/es-becas-cils\/","title":{"rendered":"BECAS"},"content":{"rendered":"<p>[et_pb_section fb_built=\u00bb1&#8243; fullwidth=\u00bbon\u00bb _builder_version=\u00bb4.16&#8243; custom_padding=\u00bb0px|0px|13px|0px\u00bb global_colors_info=\u00bb{}\u00bb][et_pb_fullwidth_slider show_content_on_mobile=\u00bboff\u00bb show_cta_on_mobile=\u00bboff\u00bb _builder_version=\u00bb4.16&#8243; background_position=\u00bbtop_left\u00bb custom_padding=\u00bb|||\u00bb auto=\u00bbon\u00bb auto_speed=\u00bb3000&#8243; auto_ignore_hover=\u00bbon\u00bb global_colors_info=\u00bb{}\u00bb button_text_size__hover_enabled=\u00bboff\u00bb button_one_text_size__hover_enabled=\u00bboff\u00bb button_two_text_size__hover_enabled=\u00bboff\u00bb button_text_color__hover_enabled=\u00bboff\u00bb button_one_text_color__hover_enabled=\u00bboff\u00bb button_two_text_color__hover_enabled=\u00bboff\u00bb button_border_width__hover_enabled=\u00bboff\u00bb button_one_border_width__hover_enabled=\u00bboff\u00bb button_two_border_width__hover_enabled=\u00bboff\u00bb button_border_color__hover_enabled=\u00bboff\u00bb button_one_border_color__hover_enabled=\u00bboff\u00bb button_two_border_color__hover_enabled=\u00bboff\u00bb button_border_radius__hover_enabled=\u00bboff\u00bb button_one_border_radius__hover_enabled=\u00bboff\u00bb button_two_border_radius__hover_enabled=\u00bboff\u00bb button_letter_spacing__hover_enabled=\u00bboff\u00bb button_one_letter_spacing__hover_enabled=\u00bboff\u00bb button_two_letter_spacing__hover_enabled=\u00bboff\u00bb button_bg_color__hover_enabled=\u00bboff\u00bb button_one_bg_color__hover_enabled=\u00bboff\u00bb button_two_bg_color__hover_enabled=\u00bboff\u00bb][et_pb_slide heading=\u00bbBecas en Florencia con Parola y el examen oficial de italiano CILS\u00bb button_text=\u00bbCILS EN FLORENCIA\u00bb button_link=\u00bbhttps:\/\/www.parola.it\/es\/es-cursos-cils-florencia\u00bb use_bg_overlay=\u00bboff\u00bb use_text_overlay=\u00bboff\u00bb _builder_version=\u00bb4.16&#8243; header_font=\u00bb||||\u00bb header_font_size=\u00bb36&#8243; body_font=\u00bb||||\u00bb background_color=\u00bb#ffffff\u00bb background_image=\u00bbhttps:\/\/www.parola.it\/wp-content\/uploads\/2017\/12\/homeparola.jpg\u00bb background_enable_image=\u00bbon\u00bb button_on_hover=\u00bbon\u00bb header_font_size_tablet=\u00bb28&#8243; header_font_size_phone=\u00bb18&#8243; header_font_size_last_edited=\u00bbon|tablet\u00bb global_colors_info=\u00bb{}\u00bb button_text_size__hover_enabled=\u00bboff\u00bb button_one_text_size__hover_enabled=\u00bboff\u00bb button_two_text_size__hover_enabled=\u00bboff\u00bb button_text_color__hover_enabled=\u00bboff\u00bb button_one_text_color__hover_enabled=\u00bboff\u00bb button_two_text_color__hover_enabled=\u00bboff\u00bb button_border_width__hover_enabled=\u00bboff\u00bb button_one_border_width__hover_enabled=\u00bboff\u00bb button_two_border_width__hover_enabled=\u00bboff\u00bb button_border_color__hover_enabled=\u00bboff\u00bb button_one_border_color__hover_enabled=\u00bboff\u00bb button_two_border_color__hover_enabled=\u00bboff\u00bb button_border_radius__hover_enabled=\u00bboff\u00bb button_one_border_radius__hover_enabled=\u00bboff\u00bb button_two_border_radius__hover_enabled=\u00bboff\u00bb button_letter_spacing__hover_enabled=\u00bboff\u00bb button_one_letter_spacing__hover_enabled=\u00bboff\u00bb button_two_letter_spacing__hover_enabled=\u00bboff\u00bb button_bg_color__hover_enabled=\u00bboff\u00bb button_one_bg_color__hover_enabled=\u00bboff\u00bb button_two_bg_color__hover_enabled=\u00bboff\u00bb sticky_transition=\u00bbon\u00bb][\/et_pb_slide][\/et_pb_fullwidth_slider][\/et_pb_section][et_pb_section fb_built=\u00bb1&#8243; specialty=\u00bbon\u00bb _builder_version=\u00bb4.16&#8243; global_colors_info=\u00bb{}\u00bb][et_pb_column type=\u00bb3_4&#8243; specialty_columns=\u00bb3&#8243; _builder_version=\u00bb4.16&#8243; custom_padding=\u00bb|||\u00bb global_colors_info=\u00bb{}\u00bb custom_padding__hover=\u00bb|||\u00bb][et_pb_row_inner admin_label=\u00bbRiga\u00bb _builder_version=\u00bb4.16&#8243; custom_padding=\u00bb20px|0px|28.1562px|0px\u00bb global_colors_info=\u00bb{}\u00bb][et_pb_column_inner saved_specialty_column_type=\u00bb3_4&#8243; _builder_version=\u00bb4.16&#8243; custom_padding=\u00bb|||\u00bb global_colors_info=\u00bb{}\u00bb custom_padding__hover=\u00bb|||\u00bb][et_pb_text _builder_version=\u00bb4.16&#8243; global_colors_info=\u00bb{}\u00bb]<\/p>\n<h1>Becas y examen CILS con la escuela Parola<\/h1>\n<h2 class=\"style106 style169\">Las becas para estudiar con la escuela Parola en Florencia<\/h2>\n<p>La escuela de idioma italiano Parola ofrece <strong>becas a estudiantes que deseen aprender el idioma italiano<\/strong> en Florencia.<\/p>\n<p>Nuestras becas de idiomas son una forma muy importante y beneficiosa de dar a conocer el idioma italiano y su cultura en todo el mundo.<\/p>\n<p>[\/et_pb_text][et_pb_divider color=\u00bb#d6d6d6&#8243; admin_label=\u00bbModulo separatore giusto\u00bb _builder_version=\u00bb4.16&#8243; background_color=\u00bb#ffffff\u00bb min_height=\u00bb0px\u00bb height=\u00bb3px\u00bb custom_margin=\u00bb27px||20px||false|false\u00bb custom_padding=\u00bb0px||||false|false\u00bb border_color_all=\u00bbrgba(0,0,0,0)\u00bb border_style_all=\u00bbnone\u00bb border_color_top=\u00bb#999999&#8243; border_style_top=\u00bbsolid\u00bb border_style_left=\u00bboutset\u00bb saved_tabs=\u00bball\u00bb global_colors_info=\u00bb{}\u00bb][\/et_pb_divider][et_pb_text _builder_version=\u00bb4.16&#8243; global_colors_info=\u00bb{}\u00bb]<\/p>\n<p>El instituto <strong>Parola coopera con muchos institutos culturales<\/strong> y embajadas en todo el mundo, desde Alemania hasta Canad\u00e1, desde Austria hasta Espa\u00f1a, para promover la cultura italiana en todo el mundo.<\/p>\n<p>Las solicitudes de becas se deben dirigir a los\u00a0<em>Institutos Italianos de Cultura<\/em>\u00a0en el extranjero, a los consulados, a las embajadas del pa\u00eds de origen, o directamente al Ministerio de Asuntos Exteriores:<\/p>\n<p class=\"style2\"><span style=\"color: #e02b20;\"><strong>MINISTERO DEGLI AFFARI ESTERI<\/strong><\/span><\/p>\n<p>Dipartimento IX,<\/p>\n<p>Piazzale della Farnesina, 1<\/p>\n<p>00135 Roma<\/p>\n<p>[\/et_pb_text][et_pb_divider color=\u00bb#d6d6d6&#8243; admin_label=\u00bbModulo separatore giusto\u00bb _builder_version=\u00bb4.16&#8243; background_color=\u00bb#ffffff\u00bb min_height=\u00bb0px\u00bb height=\u00bb3px\u00bb custom_margin=\u00bb27px||20px||false|false\u00bb custom_padding=\u00bb0px||||false|false\u00bb border_color_all=\u00bbrgba(0,0,0,0)\u00bb border_style_all=\u00bbnone\u00bb border_color_top=\u00bb#999999&#8243; border_style_top=\u00bbsolid\u00bb border_style_left=\u00bboutset\u00bb saved_tabs=\u00bball\u00bb global_colors_info=\u00bb{}\u00bb][\/et_pb_divider][et_pb_text _builder_version=\u00bb4.16&#8243; global_colors_info=\u00bb{}\u00bb]<\/p>\n<p>La becas se refieren a los\u00a0<a href=\"es-cursos-grupo-italiano-florencia\"><strong>cursos de italiano en grupo<\/strong><\/a>\u00a0\u00abAllegro\u00bb.\u00a0Es muy importante subrayar que s<span style=\"font-size: 18px;\">iempre es posible solicitar las becas\u00a0<\/span><strong style=\"font-size: 18px;\">contactando nuestro instituto\u00a0<\/strong><span style=\"font-size: 18px;\">de lengua italiana.<\/span><\/p>\n<p>Cada\u00a0a\u00f1o\u00a0la escuela concede un cierto n\u00famero de becas para estudiar en Florencia.<\/p>\n<p>[\/et_pb_text][et_pb_button button_url=\u00bbhttps:\/\/www.parola.it\/es\/es-escuela-italiano-florencia\u00bb button_text=\u00bbLA ESCUELA \u00bb _builder_version=\u00bb4.16&#8243; background_layout=\u00bbdark\u00bb global_colors_info=\u00bb{}\u00bb][\/et_pb_button][et_pb_image src=\u00bbhttps:\/\/www.parola.it\/wp-content\/uploads\/2018\/01\/credits-e1519650676704.jpg\u00bb alt=\u00bbEstudiantes escuchan una clase de italiano en Florencia\u00bb align_tablet=\u00bbcenter\u00bb align_phone=\u00bb\u00bb align_last_edited=\u00bbon|desktop\u00bb _builder_version=\u00bb4.16&#8243; global_colors_info=\u00bb{}\u00bb][\/et_pb_image][\/et_pb_column_inner][\/et_pb_row_inner][et_pb_row_inner admin_label=\u00bbRiga\u00bb _builder_version=\u00bb4.16&#8243; custom_padding=\u00bb0px|0px|0px|0px||\u00bb global_colors_info=\u00bb{}\u00bb][et_pb_column_inner saved_specialty_column_type=\u00bb3_4&#8243; _builder_version=\u00bb4.16&#8243; custom_padding=\u00bb|||\u00bb global_colors_info=\u00bb{}\u00bb custom_padding__hover=\u00bb|||\u00bb][et_pb_text admin_label=\u00bbTesto + Foto\u00bb _builder_version=\u00bb4.16&#8243; text_orientation=\u00bbjustified\u00bb module_alignment=\u00bbleft\u00bb global_colors_info=\u00bb{}\u00bb]<\/p>\n<h3>Curso para presentarse al examen del CILS<\/h3>\n<p><span style=\"color: #e02b20;\"><em><span class=\"style2\">Certificato di Italiano come Lingua Straniera<\/span><strong>\u00a0<\/strong><\/em><\/span><\/p>\n<p><span class=\"style5\">Parola es <strong>Centro CILS <\/strong>en Florencia: n<\/span>uestra escuela de lengua italiana est\u00e1 <strong>autorizada para el\u00a0examen CILS\u00a0en Italia<\/strong>.<\/p>\n<p>La escuela de italiano Parola prepara a los estudiantes extranjeros interesados en profundizar su italiano para presentarse al examen del\u00a0CILS en Florencia.<\/p>\n<p>Esto permite a los estudiantes de italiano, obtener un documento oficial del conocimiento de la lengua italiana llamado:\u00a0<em>Certificato di Italiano come Lingua Straniera<\/em>.<\/p>\n<h3>Precio de un curso CILS en la sede de Florencia<\/h3>\n<p>Precio de un curso de preparaci\u00f3n\u00a0para el examen CILS:<\/p>\n<ul>\n<li><span class=\"style5\">210\u20ac<\/span>\u00a0&#8211; 3 veces a la semana (lunes, mi\u00e9rcoles y viernes) 2 horas al d\u00eda<\/li>\n<\/ul>\n<ul>\n<li>El curso CILS tiene una duraci\u00f3n de aproximadamente 2 meses<\/li>\n<\/ul>\n<p>[\/et_pb_text][et_pb_image src=\u00bbhttps:\/\/www.parola.it\/wp-content\/uploads\/2019\/11\/cils-certified-center.png\u00bb alt=\u00bbCILS certified center in Florence\u00bb title_text=\u00bbcils-certified-center\u00bb _builder_version=\u00bb4.16&#8243; global_colors_info=\u00bb{}\u00bb][\/et_pb_image][et_pb_text admin_label=\u00bbTesto + Foto\u00bb _builder_version=\u00bb4.16&#8243; text_orientation=\u00bbjustified\u00bb module_alignment=\u00bbleft\u00bb global_colors_info=\u00bb{}\u00bb]<\/p>\n<h3>M\u00e1s Informaci\u00f3n sobre el curso CILS<\/h3>\n<p>El certificado viene otorgado por la\u00a0<em>Universidad para Extranjeros de Siena<\/em>. <strong>Las pruebas de examen se realizan en la sede de nuestra escuela<\/strong>\u00a0<span class=\"style1\">dos veces al a\u00f1o<\/span>\u00a0en Florencia.<\/p>\n<p>Los ex\u00e1menes para el CILS se realizan en el mes de<strong>\u00a0junio y en diciembre<\/strong>, se asignan las mismas fechas para todos los centros de examen en el mundo.<\/p>\n<p>Los resultados de los ex\u00e1menes CILS se comunicar\u00e1n despu\u00e9s de 2 o 3 meses.<\/p>\n<p>[\/et_pb_text][\/et_pb_column_inner][\/et_pb_row_inner][et_pb_row_inner admin_label=\u00bbRiga\u00bb _builder_version=\u00bb4.16&#8243; global_colors_info=\u00bb{}\u00bb][et_pb_column_inner saved_specialty_column_type=\u00bb3_4&#8243; _builder_version=\u00bb4.16&#8243; custom_padding=\u00bb|||\u00bb global_colors_info=\u00bb{}\u00bb custom_padding__hover=\u00bb|||\u00bb][et_pb_text _builder_version=\u00bb4.16&#8243; global_colors_info=\u00bb{}\u00bb]<\/p>\n<h4>Para m\u00e1s informaci\u00f3n sobre las becas y los cursos CILS<\/h4>\n<p>Para m\u00e1s informaci\u00f3n sobre nuestras becas y\u00a0<b>los cursos CILS en Florencia<\/b>,\u00a0<a href=\"https:\/\/www.parola.it\/es\/es-contactar\/\"><strong>contactar\u00a0<\/strong><\/a>con la escuela de italiano Parola.<\/p>\n<p>[\/et_pb_text][et_pb_button button_url=\u00bbhttps:\/\/www.parola.it\/es\/es-contactar\u00bb button_text=\u00bbCONTACTO\u00bb _builder_version=\u00bb4.16&#8243; background_layout=\u00bbdark\u00bb global_colors_info=\u00bb{}\u00bb][\/et_pb_button][\/et_pb_column_inner][\/et_pb_row_inner][\/et_pb_column][et_pb_column type=\u00bb1_4&#8243; _builder_version=\u00bb4.16&#8243; custom_padding=\u00bb|||\u00bb global_colors_info=\u00bb{}\u00bb custom_padding__hover=\u00bb|||\u00bb][et_pb_text admin_label=\u00bbCONTACTO\u00bb _builder_version=\u00bb4.16&#8243; module_alignment=\u00bbleft\u00bb saved_tabs=\u00bball\u00bb global_colors_info=\u00bb{}\u00bb]<\/p>\n<p><span style=\"color: #0c71c3; font-size: x-large;\"><strong>CONTACTO<\/strong><\/span><\/p>\n<p><strong>Para\u00a0m\u00e1s informaci\u00f3n\u00a0cont\u00e1ctanos aqu\u00ed.<\/strong><\/p>\n<p>\u00a0 Env\u00edanos\u00a0un\u00a0email:<b class=\"b5\">\u00a0<\/b><\/p>\n<p><strong><a href=\"mailto:info@parola.it\">info@parola.it<\/a><\/strong><\/p>\n<p>\u00a0 Ll\u00e1manos:\u00a0<\/p>\n<p><a href=\"tel:+39055242182\"><span style=\"color: #ff6600;\"><strong>+39 055242182<\/strong><\/span><\/a> o\u00a0<\/p>\n<p><a href=\"tel:+393288997420\"><span style=\"color: #ff6600;\"><strong>+39 328 8997420<\/strong><\/span><\/a><\/p>\n<p>\u00a0 Ven a visitarnos:<\/p>\n<p><a href=\"#\"><span style=\"color: #ff6600;\"><strong>Borgo Santa Croce, 17<\/strong><\/span><\/a><\/p>\n<p><a href=\"#\"><span style=\"color: #ff6600;\"><strong>50122 Florencia<\/strong><\/span><\/a><\/p>\n<h2><\/h2>\n<p>[\/et_pb_text][et_pb_text _builder_version=\u00bb4.16&#8243; background_size=\u00bbinitial\u00bb background_position=\u00bbtop_left\u00bb background_repeat=\u00bbrepeat\u00bb module_alignment=\u00bbleft\u00bb saved_tabs=\u00bball\u00bb global_colors_info=\u00bb{}\u00bb]<span style=\"color: #0c71c3;\"><strong>SIGUENOS EN LAS REDES SOCIALES<\/strong><\/span><br \/>\n[\/et_pb_text][et_pb_social_media_follow url_new_window=\u00bboff\u00bb admin_label=\u00bbSOCIAL MEDIA LOGO\u00bb _builder_version=\u00bb4.16&#8243; background_layout=\u00bbdark\u00bb global_colors_info=\u00bb{}\u00bb][et_pb_social_media_follow_network social_network=\u00bbfacebook\u00bb url=\u00bbhttps:\/\/www.facebook.com\/Italian.language.school.florence%20\/\u00bb _builder_version=\u00bb4.16&#8243; background_color=\u00bb#3b5998&#8243; global_colors_info=\u00bb{}\u00bb follow_button=\u00bboff\u00bb url_new_window=\u00bboff\u00bb]<\/p>\n<p>Facebook<\/p>\n<p>[\/et_pb_social_media_follow_network][et_pb_social_media_follow_network social_network=\u00bbtwitter\u00bb url=\u00bbhttps:\/\/twitter.com\/\u00bb _builder_version=\u00bb4.22.2&#8243; background_color=\u00bb#000000&#8243; global_colors_info=\u00bb{}\u00bb follow_button=\u00bboff\u00bb url_new_window=\u00bboff\u00bb]<\/p>\n<p>Twitter<\/p>\n<p>[\/et_pb_social_media_follow_network][et_pb_social_media_follow_network social_network=\u00bblinkedin\u00bb url=\u00bbhttps:\/\/www.linkedin.com\/feed\/\u00bb _builder_version=\u00bb4.16&#8243; background_color=\u00bb#007bb6&#8243; global_colors_info=\u00bb{}\u00bb follow_button=\u00bboff\u00bb url_new_window=\u00bboff\u00bb]<\/p>\n<p>LinkedIn<\/p>\n<p>[\/et_pb_social_media_follow_network][et_pb_social_media_follow_network social_network=\u00bbinstagram\u00bb url=\u00bbhttps:\/\/www.instagram.com\/scuola_parola\/?hl=it\u00bb _builder_version=\u00bb4.16&#8243; background_color=\u00bb#ea2c59&#8243; global_colors_info=\u00bb{}\u00bb follow_button=\u00bboff\u00bb url_new_window=\u00bboff\u00bb]<\/p>\n<p>Instagram<\/p>\n<p>[\/et_pb_social_media_follow_network][\/et_pb_social_media_follow][et_pb_text admin_label=\u00bbLanguage international\u00bb _builder_version=\u00bb4.16&#8243; z_index_tablet=\u00bb500&#8243; text_text_shadow_horizontal_length_tablet=\u00bb0px\u00bb text_text_shadow_vertical_length_tablet=\u00bb0px\u00bb text_text_shadow_blur_strength_tablet=\u00bb1px\u00bb link_text_shadow_horizontal_length_tablet=\u00bb0px\u00bb link_text_shadow_vertical_length_tablet=\u00bb0px\u00bb link_text_shadow_blur_strength_tablet=\u00bb1px\u00bb ul_text_shadow_horizontal_length_tablet=\u00bb0px\u00bb ul_text_shadow_vertical_length_tablet=\u00bb0px\u00bb ul_text_shadow_blur_strength_tablet=\u00bb1px\u00bb ol_text_shadow_horizontal_length_tablet=\u00bb0px\u00bb ol_text_shadow_vertical_length_tablet=\u00bb0px\u00bb ol_text_shadow_blur_strength_tablet=\u00bb1px\u00bb quote_text_shadow_horizontal_length_tablet=\u00bb0px\u00bb quote_text_shadow_vertical_length_tablet=\u00bb0px\u00bb quote_text_shadow_blur_strength_tablet=\u00bb1px\u00bb header_text_shadow_horizontal_length_tablet=\u00bb0px\u00bb header_text_shadow_vertical_length_tablet=\u00bb0px\u00bb header_text_shadow_blur_strength_tablet=\u00bb1px\u00bb header_2_text_shadow_horizontal_length_tablet=\u00bb0px\u00bb header_2_text_shadow_vertical_length_tablet=\u00bb0px\u00bb header_2_text_shadow_blur_strength_tablet=\u00bb1px\u00bb header_3_text_shadow_horizontal_length_tablet=\u00bb0px\u00bb header_3_text_shadow_vertical_length_tablet=\u00bb0px\u00bb header_3_text_shadow_blur_strength_tablet=\u00bb1px\u00bb header_4_text_shadow_horizontal_length_tablet=\u00bb0px\u00bb header_4_text_shadow_vertical_length_tablet=\u00bb0px\u00bb header_4_text_shadow_blur_strength_tablet=\u00bb1px\u00bb header_5_text_shadow_horizontal_length_tablet=\u00bb0px\u00bb header_5_text_shadow_vertical_length_tablet=\u00bb0px\u00bb header_5_text_shadow_blur_strength_tablet=\u00bb1px\u00bb header_6_text_shadow_horizontal_length_tablet=\u00bb0px\u00bb header_6_text_shadow_vertical_length_tablet=\u00bb0px\u00bb header_6_text_shadow_blur_strength_tablet=\u00bb1px\u00bb box_shadow_horizontal_tablet=\u00bb0px\u00bb box_shadow_vertical_tablet=\u00bb0px\u00bb box_shadow_blur_tablet=\u00bb40px\u00bb box_shadow_spread_tablet=\u00bb0px\u00bb text_text_align=\u00bbleft\u00bb saved_tabs=\u00bball\u00bb global_colors_info=\u00bb{}\u00bb]<\/p>\n<div id=\"LI-CEO\"><script src=\"https:\/\/www.languageinternational.com\/badge\/coe?id=68832\"><\/script><\/div>\n<p>[\/et_pb_text][et_pb_image src=\u00bbhttps:\/\/www.parola.it\/wp-content\/uploads\/2019\/11\/cils-certified-center.png\u00bb alt=\u00bbCILS logo of Parola Italian language school\u00bb url=\u00bbhttps:\/\/www.unistrasi.it\/2\/531\/2761\/CILS_centre.htm\u00bb admin_label=\u00bbCILS Certified\u00bb _builder_version=\u00bb4.16&#8243; custom_margin=\u00bb||10px|0px|false|false\u00bb custom_padding=\u00bb|||26px|false|false\u00bb z_index_tablet=\u00bb500&#8243; box_shadow_horizontal_tablet=\u00bb0px\u00bb box_shadow_vertical_tablet=\u00bb0px\u00bb box_shadow_blur_tablet=\u00bb40px\u00bb box_shadow_spread_tablet=\u00bb0px\u00bb saved_tabs=\u00bball\u00bb global_colors_info=\u00bb{}\u00bb][\/et_pb_image][et_pb_text _builder_version=\u00bb4.16&#8243; module_alignment=\u00bbleft\u00bb custom_margin=\u00bb40px|||\u00bb saved_tabs=\u00bball\u00bb global_colors_info=\u00bb{}\u00bb]<\/p>\n<p><span style=\"color: #0c71c3;\"><strong>CURSOS DE LENGUA<\/strong><\/span><\/p>\n<p><a href=\"https:\/\/www.parola.it\/es\/es-cursos-italiano-florencia\/\"><strong>CURSOS DE ITALIANO<\/strong><\/a><\/p>\n<p><strong><a href=\"https:\/\/www.parola.it\/es\/es-cursos-grupo-italiano-florencia\/\">CURSOS\u00a0DE GRUPO<\/a><\/strong><\/p>\n<p><strong><a href=\"https:\/\/www.parola.it\/es\/es-cursos-individuales\/\">CURSOS INDIVIDUALES<\/a><\/strong><\/p>\n<p><strong><a href=\"https:\/\/www.parola.it\/es\/es-cursos-combinados-florencia\/\">CURSOS COMBINADO<\/a><\/strong><\/p>\n<p><strong><a href=\"https:\/\/www.parola.it\/es\/es-cursos-au-pair-florencia\/\">CURSO PARA AU PAIR<\/a><\/strong><\/p>\n<p><a href=\"https:\/\/www.parola.it\/es\/es-cursos-cils-florencia\/\"><strong>EXAMEN CILS<\/strong><\/a><\/p>\n<p>[\/et_pb_text][et_pb_text admin_label=\u00bbINFORMACI\u00d3NES\u00bb _builder_version=\u00bb4.5.3&#8243; text_font=\u00bb||||\u00bb header_font=\u00bb||||\u00bb module_alignment=\u00bbleft\u00bb custom_margin=\u00bb40px||5px|||\u00bb custom_padding=\u00bb||0px|||\u00bb use_border_color=\u00bboff\u00bb global_module=\u00bb9049&#8243; saved_tabs=\u00bball\u00bb global_colors_info=\u00bb{}\u00bb]<\/p>\n<p><span style=\"color: #0c71c3;\"><strong>INFORMACI\u00d3N<\/strong><\/span><\/p>\n<p><strong><a href=\"es-escuela-italiano-florencia\">NUESTRA ESCUELA<\/a><\/strong><\/p>\n<p><strong><a href=\"es-precios-cursos\">PRECIOS\u00a0<\/a><\/strong><\/p>\n<p><strong><a href=\"https:\/\/www.parola.it\/es\/precio-italiano-enlinea\/\">PRECIOS ONLINE<\/a><\/strong><\/p>\n<p><strong><a href=\"es-fechas-cursos-italiano\">FECHAS DE INICIO<\/a><\/strong><\/p>\n<p><strong><a href=\"es-metodos-cursos-italiano\">M\u00c9TODOS <\/a><\/strong><\/p>\n<p><strong><a href=\"https:\/\/www.parola.it\/es\/metodos-ensenanza-en-linea-italiana\/\">M\u00c9TODOS ONLINE<\/a><\/strong><\/p>\n<p><strong><a href=\"es-ubicacion-escuela-italiano\">UBICACI\u00d3N\u00a0<\/a><\/strong><\/p>\n<p><strong><a href=\"es-inscripcion-escuela\">INSCRIPCI\u00d3N <\/a><\/strong><\/p>\n<p><strong><a href=\"es-alojamiento-florencia\">ALOJAMIENTO<\/a><\/strong><\/p>\n<p><strong><a href=\"https:\/\/www.parola.it\/es\/es-niveles-italiano\/\">NIVELES<\/a><\/strong><\/p>\n<p><span style=\"color: #0c71c3;\"><strong>VENTAJAS<\/strong><\/span><\/p>\n<p><strong><a href=\"https:\/\/www.parola.it\/es\/es-becas-cils\/\">BECAS<\/a><\/strong><\/p>\n<p><strong><a href=\"https:\/\/www.parola.it\/es\/es-ofertas-especiales-florencia\/\">DESCUENTOS<\/a><\/strong><\/p>\n<p>[\/et_pb_text][\/et_pb_column][\/et_pb_section][et_pb_section fb_built=\u00bb1&#8243; fullwidth=\u00bbon\u00bb _builder_version=\u00bb4.16&#8243; global_colors_info=\u00bb{}\u00bb][et_pb_fullwidth_menu menu_id=\u00bb2057&#8243; _builder_version=\u00bb4.16&#8243; global_colors_info=\u00bb{}\u00bb][\/et_pb_fullwidth_menu][\/et_pb_section]<\/p>\n","protected":false},"excerpt":{"rendered":"<p>Becas y examen CILS con la escuela Parola Las becas para estudiar con la escuela Parola en Florencia La escuela de idioma italiano Parola ofrece becas a estudiantes que deseen aprender el idioma italiano en Florencia. Nuestras becas de idiomas son una forma muy importante y beneficiosa de dar a conocer el idioma italiano y [&hellip;]<\/p>\n","protected":false},"author":1,"featured_media":5633,"parent":0,"menu_order":0,"comment_status":"closed","ping_status":"closed","template":"","meta":{"_et_pb_use_builder":"on","_et_pb_old_content":"","_et_gb_content_width":"","footnotes":""},"class_list":["post-9310","page","type-page","status-publish","has-post-thumbnail","hentry"],"yoast_head":"<!-- This site is optimized with the Yoast SEO plugin v27.4 - https:\/\/yoast.com\/product\/yoast-seo-wordpress\/ -->\n<title>Becas y CILS examen con la escuela de italiano | Escuela Parola<\/title>\n<meta name=\"description\" content=\"Descubra nuestras becas de lengua italiana para estudiantes extranjeros en Florencia y nuestro examen oficial CILS certificado por la Universidad de Siena.\" \/>\n<meta name=\"robots\" content=\"index, follow, max-snippet:-1, max-image-preview:large, max-video-preview:-1\" \/>\n<link rel=\"canonical\" href=\"https:\/\/www.parola.it\/es\/es-becas-cils\/\" \/>\n<meta property=\"og:locale\" content=\"es_ES\" \/>\n<meta property=\"og:type\" content=\"article\" \/>\n<meta property=\"og:title\" content=\"Becas y CILS examen con la escuela de italiano | Escuela Parola\" \/>\n<meta property=\"og:description\" content=\"Descubra nuestras becas de lengua italiana para estudiantes extranjeros en Florencia y nuestro examen oficial CILS certificado por la Universidad de Siena.\" \/>\n<meta property=\"og:url\" content=\"https:\/\/www.parola.it\/es\/es-becas-cils\/\" \/>\n<meta property=\"og:site_name\" content=\"Italian Language School in Florence\" \/>\n<meta property=\"article:publisher\" content=\"https:\/\/www.facebook.com\/Italian.language.school.florence\/\" \/>\n<meta property=\"article:modified_time\" content=\"2025-03-24T12:05:12+00:00\" \/>\n<meta property=\"og:image\" content=\"https:\/\/www.parola.it\/wp-content\/uploads\/2017\/12\/homeparola.jpg\" \/>\n\t<meta property=\"og:image:width\" content=\"1920\" \/>\n\t<meta property=\"og:image:height\" content=\"1275\" \/>\n\t<meta property=\"og:image:type\" content=\"image\/jpeg\" \/>\n<meta name=\"twitter:card\" content=\"summary_large_image\" \/>\n<meta name=\"twitter:site\" content=\"@Parola_School\" \/>\n<meta name=\"twitter:label1\" content=\"Tiempo de lectura\" \/>\n\t<meta name=\"twitter:data1\" content=\"10 minutos\" \/>\n<script type=\"application\/ld+json\" class=\"yoast-schema-graph\">{\"@context\":\"https:\\\/\\\/schema.org\",\"@graph\":[{\"@type\":\"WebPage\",\"@id\":\"https:\\\/\\\/www.parola.it\\\/es\\\/es-becas-cils\\\/\",\"url\":\"https:\\\/\\\/www.parola.it\\\/es\\\/es-becas-cils\\\/\",\"name\":\"Becas y CILS examen con la escuela de italiano | Escuela Parola\",\"isPartOf\":{\"@id\":\"https:\\\/\\\/www.parola.it\\\/#website\"},\"primaryImageOfPage\":{\"@id\":\"https:\\\/\\\/www.parola.it\\\/es\\\/es-becas-cils\\\/#primaryimage\"},\"image\":{\"@id\":\"https:\\\/\\\/www.parola.it\\\/es\\\/es-becas-cils\\\/#primaryimage\"},\"thumbnailUrl\":\"https:\\\/\\\/www.parola.it\\\/wp-content\\\/uploads\\\/2017\\\/12\\\/homeparola.jpg\",\"datePublished\":\"2018-01-11T16:08:43+00:00\",\"dateModified\":\"2025-03-24T12:05:12+00:00\",\"description\":\"Descubra nuestras becas de lengua italiana para estudiantes extranjeros en Florencia y nuestro examen oficial CILS certificado por la Universidad de Siena.\",\"breadcrumb\":{\"@id\":\"https:\\\/\\\/www.parola.it\\\/es\\\/es-becas-cils\\\/#breadcrumb\"},\"inLanguage\":\"es\",\"potentialAction\":[{\"@type\":\"ReadAction\",\"target\":[\"https:\\\/\\\/www.parola.it\\\/es\\\/es-becas-cils\\\/\"]}]},{\"@type\":\"ImageObject\",\"inLanguage\":\"es\",\"@id\":\"https:\\\/\\\/www.parola.it\\\/es\\\/es-becas-cils\\\/#primaryimage\",\"url\":\"https:\\\/\\\/www.parola.it\\\/wp-content\\\/uploads\\\/2017\\\/12\\\/homeparola.jpg\",\"contentUrl\":\"https:\\\/\\\/www.parola.it\\\/wp-content\\\/uploads\\\/2017\\\/12\\\/homeparola.jpg\",\"width\":1920,\"height\":1275,\"caption\":\"Student with a book near Ponte Vecchio in Florence\"},{\"@type\":\"BreadcrumbList\",\"@id\":\"https:\\\/\\\/www.parola.it\\\/es\\\/es-becas-cils\\\/#breadcrumb\",\"itemListElement\":[{\"@type\":\"ListItem\",\"position\":1,\"name\":\"Accueil\",\"item\":\"https:\\\/\\\/www.parola.it\\\/es\\\/\"},{\"@type\":\"ListItem\",\"position\":2,\"name\":\"BECAS\"}]},{\"@type\":\"WebSite\",\"@id\":\"https:\\\/\\\/www.parola.it\\\/#website\",\"url\":\"https:\\\/\\\/www.parola.it\\\/\",\"name\":\"Italian Language School in Florence | Parola School\",\"description\":\"Learn Italian with Parola Italian Language School\",\"publisher\":{\"@id\":\"https:\\\/\\\/www.parola.it\\\/#organization\"},\"alternateName\":\"Parola School\",\"potentialAction\":[{\"@type\":\"SearchAction\",\"target\":{\"@type\":\"EntryPoint\",\"urlTemplate\":\"https:\\\/\\\/www.parola.it\\\/?s={search_term_string}\"},\"query-input\":{\"@type\":\"PropertyValueSpecification\",\"valueRequired\":true,\"valueName\":\"search_term_string\"}}],\"inLanguage\":\"es\"},{\"@type\":\"Organization\",\"@id\":\"https:\\\/\\\/www.parola.it\\\/#organization\",\"name\":\"Parola Italian Language School in Florence\",\"alternateName\":\"Italian Language Courses in Florence\",\"url\":\"https:\\\/\\\/www.parola.it\\\/\",\"logo\":{\"@type\":\"ImageObject\",\"inLanguage\":\"es\",\"@id\":\"https:\\\/\\\/www.parola.it\\\/#\\\/schema\\\/logo\\\/image\\\/\",\"url\":\"https:\\\/\\\/www.parola.it\\\/wp-content\\\/uploads\\\/2019\\\/03\\\/logo-parola-language-school-1-e1721760774400.png\",\"contentUrl\":\"https:\\\/\\\/www.parola.it\\\/wp-content\\\/uploads\\\/2019\\\/03\\\/logo-parola-language-school-1-e1721760774400.png\",\"width\":145,\"height\":53,\"caption\":\"Parola Italian Language School in Florence\"},\"image\":{\"@id\":\"https:\\\/\\\/www.parola.it\\\/#\\\/schema\\\/logo\\\/image\\\/\"},\"sameAs\":[\"https:\\\/\\\/www.facebook.com\\\/Italian.language.school.florence\\\/\",\"https:\\\/\\\/x.com\\\/Parola_School\",\"https:\\\/\\\/www.instagram.com\\\/scuola_parola\\\/?hl=it\",\"https:\\\/\\\/www.linkedin.com\\\/in\\\/parola-italian-language-school-0a504114\\\/\",\"https:\\\/\\\/it.pinterest.com\\\/pin\\\/10344274122092210\\\/\",\"https:\\\/\\\/www.youtube.com\\\/channel\\\/UCKQkiBkXnIh9Df27KWD66rA?view_as=subscriber\",\"https:\\\/\\\/www.tripadvisor.com\\\/Attraction_Review-g187895-d4133618-Reviews-Parola_Italian_Language_School-Florence_Tuscany\"]}]}<\/script>\n<!-- \/ Yoast SEO plugin. -->","yoast_head_json":{"title":"Becas y CILS examen con la escuela de italiano | Escuela Parola","description":"Descubra nuestras becas de lengua italiana para estudiantes extranjeros en Florencia y nuestro examen oficial CILS certificado por la Universidad de Siena.","robots":{"index":"index","follow":"follow","max-snippet":"max-snippet:-1","max-image-preview":"max-image-preview:large","max-video-preview":"max-video-preview:-1"},"canonical":"https:\/\/www.parola.it\/es\/es-becas-cils\/","og_locale":"es_ES","og_type":"article","og_title":"Becas y CILS examen con la escuela de italiano | Escuela Parola","og_description":"Descubra nuestras becas de lengua italiana para estudiantes extranjeros en Florencia y nuestro examen oficial CILS certificado por la Universidad de Siena.","og_url":"https:\/\/www.parola.it\/es\/es-becas-cils\/","og_site_name":"Italian Language School in Florence","article_publisher":"https:\/\/www.facebook.com\/Italian.language.school.florence\/","article_modified_time":"2025-03-24T12:05:12+00:00","og_image":[{"width":1920,"height":1275,"url":"https:\/\/www.parola.it\/wp-content\/uploads\/2017\/12\/homeparola.jpg","type":"image\/jpeg"}],"twitter_card":"summary_large_image","twitter_site":"@Parola_School","twitter_misc":{"Tiempo de lectura":"10 minutos"},"schema":{"@context":"https:\/\/schema.org","@graph":[{"@type":"WebPage","@id":"https:\/\/www.parola.it\/es\/es-becas-cils\/","url":"https:\/\/www.parola.it\/es\/es-becas-cils\/","name":"Becas y CILS examen con la escuela de italiano | Escuela Parola","isPartOf":{"@id":"https:\/\/www.parola.it\/#website"},"primaryImageOfPage":{"@id":"https:\/\/www.parola.it\/es\/es-becas-cils\/#primaryimage"},"image":{"@id":"https:\/\/www.parola.it\/es\/es-becas-cils\/#primaryimage"},"thumbnailUrl":"https:\/\/www.parola.it\/wp-content\/uploads\/2017\/12\/homeparola.jpg","datePublished":"2018-01-11T16:08:43+00:00","dateModified":"2025-03-24T12:05:12+00:00","description":"Descubra nuestras becas de lengua italiana para estudiantes extranjeros en Florencia y nuestro examen oficial CILS certificado por la Universidad de Siena.","breadcrumb":{"@id":"https:\/\/www.parola.it\/es\/es-becas-cils\/#breadcrumb"},"inLanguage":"es","potentialAction":[{"@type":"ReadAction","target":["https:\/\/www.parola.it\/es\/es-becas-cils\/"]}]},{"@type":"ImageObject","inLanguage":"es","@id":"https:\/\/www.parola.it\/es\/es-becas-cils\/#primaryimage","url":"https:\/\/www.parola.it\/wp-content\/uploads\/2017\/12\/homeparola.jpg","contentUrl":"https:\/\/www.parola.it\/wp-content\/uploads\/2017\/12\/homeparola.jpg","width":1920,"height":1275,"caption":"Student with a book near Ponte Vecchio in Florence"},{"@type":"BreadcrumbList","@id":"https:\/\/www.parola.it\/es\/es-becas-cils\/#breadcrumb","itemListElement":[{"@type":"ListItem","position":1,"name":"Accueil","item":"https:\/\/www.parola.it\/es\/"},{"@type":"ListItem","position":2,"name":"BECAS"}]},{"@type":"WebSite","@id":"https:\/\/www.parola.it\/#website","url":"https:\/\/www.parola.it\/","name":"Italian Language School in Florence | Parola School","description":"Learn Italian with Parola Italian Language School","publisher":{"@id":"https:\/\/www.parola.it\/#organization"},"alternateName":"Parola School","potentialAction":[{"@type":"SearchAction","target":{"@type":"EntryPoint","urlTemplate":"https:\/\/www.parola.it\/?s={search_term_string}"},"query-input":{"@type":"PropertyValueSpecification","valueRequired":true,"valueName":"search_term_string"}}],"inLanguage":"es"},{"@type":"Organization","@id":"https:\/\/www.parola.it\/#organization","name":"Parola Italian Language School in Florence","alternateName":"Italian Language Courses in Florence","url":"https:\/\/www.parola.it\/","logo":{"@type":"ImageObject","inLanguage":"es","@id":"https:\/\/www.parola.it\/#\/schema\/logo\/image\/","url":"https:\/\/www.parola.it\/wp-content\/uploads\/2019\/03\/logo-parola-language-school-1-e1721760774400.png","contentUrl":"https:\/\/www.parola.it\/wp-content\/uploads\/2019\/03\/logo-parola-language-school-1-e1721760774400.png","width":145,"height":53,"caption":"Parola Italian Language School in Florence"},"image":{"@id":"https:\/\/www.parola.it\/#\/schema\/logo\/image\/"},"sameAs":["https:\/\/www.facebook.com\/Italian.language.school.florence\/","https:\/\/x.com\/Parola_School","https:\/\/www.instagram.com\/scuola_parola\/?hl=it","https:\/\/www.linkedin.com\/in\/parola-italian-language-school-0a504114\/","https:\/\/it.pinterest.com\/pin\/10344274122092210\/","https:\/\/www.youtube.com\/channel\/UCKQkiBkXnIh9Df27KWD66rA?view_as=subscriber","https:\/\/www.tripadvisor.com\/Attraction_Review-g187895-d4133618-Reviews-Parola_Italian_Language_School-Florence_Tuscany"]}]}},"_links":{"self":[{"href":"https:\/\/www.parola.it\/es\/wp-json\/wp\/v2\/pages\/9310","targetHints":{"allow":["GET"]}}],"collection":[{"href":"https:\/\/www.parola.it\/es\/wp-json\/wp\/v2\/pages"}],"about":[{"href":"https:\/\/www.parola.it\/es\/wp-json\/wp\/v2\/types\/page"}],"author":[{"embeddable":true,"href":"https:\/\/www.parola.it\/es\/wp-json\/wp\/v2\/users\/1"}],"replies":[{"embeddable":true,"href":"https:\/\/www.parola.it\/es\/wp-json\/wp\/v2\/comments?post=9310"}],"version-history":[{"count":5,"href":"https:\/\/www.parola.it\/es\/wp-json\/wp\/v2\/pages\/9310\/revisions"}],"predecessor-version":[{"id":75177,"href":"https:\/\/www.parola.it\/es\/wp-json\/wp\/v2\/pages\/9310\/revisions\/75177"}],"wp:featuredmedia":[{"embeddable":true,"href":"https:\/\/www.parola.it\/es\/wp-json\/wp\/v2\/media\/5633"}],"wp:attachment":[{"href":"https:\/\/www.parola.it\/es\/wp-json\/wp\/v2\/media?parent=9310"}],"curies":[{"name":"wp","href":"https:\/\/api.w.org\/{rel}","templated":true}]}}