{"id":73238,"date":"2025-02-07T14:21:03","date_gmt":"2025-02-07T13:21:03","guid":{"rendered":"https:\/\/www.parola.it\/?page_id=73238"},"modified":"2026-03-05T14:49:45","modified_gmt":"2026-03-05T13:49:45","slug":"es-precios-cursos","status":"publish","type":"page","link":"https:\/\/www.parola.it\/es\/es-precios-cursos\/","title":{"rendered":"PRECIOS"},"content":{"rendered":"<p>[et_pb_section bb_built=\u00bb1&#8243; fullwidth=\u00bbon\u00bb _builder_version=\u00bb4.22.2&#8243; background_image=\u00bbhttps:\/\/www.parola.it\/wp-content\/uploads\/2023\/11\/curso-italiano-grupo-florencia.jpeg\u00bb custom_margin=\u00bb0px||0px||false|false\u00bb custom_padding=\u00bb0px||||false|false\u00bb global_colors_info=\u00bb{}\u00bb next_background_color=\u00bb#ffffff\u00bb][et_pb_fullwidth_slider admin_label=\u00bbImmagine central\u00bb show_content_on_mobile=\u00bboff\u00bb show_cta_on_mobile=\u00bboff\u00bb use_bg_overlay=\u00bboff\u00bb use_text_overlay=\u00bboff\u00bb _builder_version=\u00bb4.22.2&#8243; background_size=\u00bbinitial\u00bb background_position=\u00bbtop_left\u00bb background_repeat=\u00bbrepeat\u00bb custom_margin=\u00bb|-13px||||\u00bb custom_padding=\u00bb|0px|||false|false\u00bb auto=\u00bbon\u00bb auto_speed=\u00bb3000&#8243; auto_ignore_hover=\u00bbon\u00bb z_index_tablet=\u00bb500&#8243; header_text_shadow_horizontal_length_tablet=\u00bb0px\u00bb header_text_shadow_vertical_length_tablet=\u00bb0px\u00bb header_text_shadow_blur_strength_tablet=\u00bb1px\u00bb body_text_shadow_horizontal_length_tablet=\u00bb0px\u00bb body_text_shadow_vertical_length_tablet=\u00bb0px\u00bb body_text_shadow_blur_strength_tablet=\u00bb1px\u00bb body_link_text_shadow_horizontal_length_tablet=\u00bb0px\u00bb body_link_text_shadow_vertical_length_tablet=\u00bb0px\u00bb body_link_text_shadow_blur_strength_tablet=\u00bb1px\u00bb body_ul_text_shadow_horizontal_length_tablet=\u00bb0px\u00bb body_ul_text_shadow_vertical_length_tablet=\u00bb0px\u00bb body_ul_text_shadow_blur_strength_tablet=\u00bb1px\u00bb body_ol_text_shadow_horizontal_length_tablet=\u00bb0px\u00bb body_ol_text_shadow_vertical_length_tablet=\u00bb0px\u00bb body_ol_text_shadow_blur_strength_tablet=\u00bb1px\u00bb body_quote_text_shadow_horizontal_length_tablet=\u00bb0px\u00bb body_quote_text_shadow_vertical_length_tablet=\u00bb0px\u00bb body_quote_text_shadow_blur_strength_tablet=\u00bb1px\u00bb button_text_shadow_horizontal_length_tablet=\u00bb0px\u00bb button_text_shadow_vertical_length_tablet=\u00bb0px\u00bb button_text_shadow_blur_strength_tablet=\u00bb1px\u00bb box_shadow_horizontal_tablet=\u00bb0px\u00bb box_shadow_vertical_tablet=\u00bb0px\u00bb box_shadow_blur_tablet=\u00bb40px\u00bb box_shadow_spread_tablet=\u00bb0px\u00bb box_shadow_horizontal_image_tablet=\u00bb0px\u00bb box_shadow_vertical_image_tablet=\u00bb0px\u00bb box_shadow_blur_image_tablet=\u00bb40px\u00bb box_shadow_spread_image_tablet=\u00bb0px\u00bb box_shadow_horizontal_button_tablet=\u00bb0px\u00bb box_shadow_vertical_button_tablet=\u00bb0px\u00bb box_shadow_blur_button_tablet=\u00bb40px\u00bb box_shadow_spread_button_tablet=\u00bb0px\u00bb text_shadow_horizontal_length_tablet=\u00bb0px\u00bb text_shadow_vertical_length_tablet=\u00bb0px\u00bb text_shadow_blur_strength_tablet=\u00bb1px\u00bb global_colors_info=\u00bb{}\u00bb button_text_size__hover_enabled=\u00bboff\u00bb button_one_text_size__hover_enabled=\u00bboff\u00bb button_two_text_size__hover_enabled=\u00bboff\u00bb button_text_color__hover_enabled=\u00bboff\u00bb button_one_text_color__hover_enabled=\u00bboff\u00bb button_two_text_color__hover_enabled=\u00bboff\u00bb button_border_width__hover_enabled=\u00bboff\u00bb button_one_border_width__hover_enabled=\u00bboff\u00bb button_two_border_width__hover_enabled=\u00bboff\u00bb button_border_color__hover_enabled=\u00bboff\u00bb button_one_border_color__hover_enabled=\u00bboff\u00bb button_two_border_color__hover_enabled=\u00bboff\u00bb button_border_radius__hover_enabled=\u00bboff\u00bb button_one_border_radius__hover_enabled=\u00bboff\u00bb button_two_border_radius__hover_enabled=\u00bboff\u00bb button_letter_spacing__hover_enabled=\u00bboff\u00bb button_one_letter_spacing__hover_enabled=\u00bboff\u00bb button_two_letter_spacing__hover_enabled=\u00bboff\u00bb button_bg_color__hover_enabled=\u00bboff\u00bb button_one_bg_color__hover_enabled=\u00bboff\u00bb button_two_bg_color__hover_enabled=\u00bboff\u00bb][et_pb_slide heading=\u00bbLos precios asequibles de nuestros cursos de italiano\u00bb button_text=\u00bbCURSOS DE ITALIANO\u00bb button_link=\u00bbhttps:\/\/www.parola.it\/es\/es-cursos-italiano-florencia\u00bb use_bg_overlay=\u00bboff\u00bb use_text_overlay=\u00bboff\u00bb _builder_version=\u00bb4.22.2&#8243; header_font=\u00bb||||\u00bb header_font_size=\u00bb39px\u00bb body_font=\u00bb||||\u00bb background_color=\u00bb#ffffff\u00bb background_image=\u00bbhttps:\/\/www.parola.it\/wp-content\/uploads\/2023\/11\/curso-italiano-grupo-florencia.jpeg\u00bb background_enable_image=\u00bbon\u00bb button_on_hover=\u00bbon\u00bb custom_padding=\u00bb|0px||0px|false|false\u00bb header_font_size_tablet=\u00bb28&#8243; header_font_size_phone=\u00bb28&#8243; header_font_size_last_edited=\u00bbon|desktop\u00bb background_color_gradient_direction_tablet=\u00bb180deg\u00bb background_color_gradient_direction_phone=\u00bb180deg\u00bb background_color_gradient_stops_tablet=\u00bb#2b87da 0%|#29c4a9 100%\u00bb background_color_gradient_stops_phone=\u00bb#2b87da 0%|#29c4a9 100%\u00bb background_color_gradient_start_position_tablet=\u00bb0%\u00bb background_color_gradient_start_position_phone=\u00bb0%\u00bb background_color_gradient_end_position_tablet=\u00bb100%\u00bb background_color_gradient_end_position_phone=\u00bb100%\u00bb child_filter_hue_rotate_tablet=\u00bb0deg\u00bb child_filter_hue_rotate_phone=\u00bb0deg\u00bb child_filter_saturate_tablet=\u00bb100%\u00bb child_filter_saturate_phone=\u00bb100%\u00bb child_filter_brightness_tablet=\u00bb100%\u00bb child_filter_brightness_phone=\u00bb100%\u00bb child_filter_contrast_tablet=\u00bb100%\u00bb child_filter_contrast_phone=\u00bb100%\u00bb child_filter_invert_tablet=\u00bb0%\u00bb child_filter_invert_phone=\u00bb0%\u00bb child_filter_sepia_tablet=\u00bb0%\u00bb child_filter_sepia_phone=\u00bb0%\u00bb child_filter_opacity_tablet=\u00bb100%\u00bb child_filter_opacity_phone=\u00bb100%\u00bb child_filter_blur_tablet=\u00bb0px\u00bb child_filter_blur_phone=\u00bb0px\u00bb hover_transition_duration_tablet=\u00bb300ms\u00bb hover_transition_duration_phone=\u00bb300ms\u00bb hover_transition_delay_tablet=\u00bb0ms\u00bb hover_transition_delay_phone=\u00bb0ms\u00bb header_text_shadow_horizontal_length_tablet=\u00bb0px\u00bb header_text_shadow_horizontal_length_phone=\u00bb0px\u00bb header_text_shadow_vertical_length_tablet=\u00bb0px\u00bb header_text_shadow_vertical_length_phone=\u00bb0px\u00bb header_text_shadow_blur_strength_tablet=\u00bb1px\u00bb header_text_shadow_blur_strength_phone=\u00bb1px\u00bb body_text_shadow_horizontal_length_tablet=\u00bb0px\u00bb body_text_shadow_horizontal_length_phone=\u00bb0px\u00bb body_text_shadow_vertical_length_tablet=\u00bb0px\u00bb body_text_shadow_vertical_length_phone=\u00bb0px\u00bb body_text_shadow_blur_strength_tablet=\u00bb1px\u00bb body_text_shadow_blur_strength_phone=\u00bb1px\u00bb body_link_text_shadow_horizontal_length_tablet=\u00bb0px\u00bb body_link_text_shadow_horizontal_length_phone=\u00bb0px\u00bb body_link_text_shadow_vertical_length_tablet=\u00bb0px\u00bb body_link_text_shadow_vertical_length_phone=\u00bb0px\u00bb body_link_text_shadow_blur_strength_tablet=\u00bb1px\u00bb body_link_text_shadow_blur_strength_phone=\u00bb1px\u00bb body_ul_text_shadow_horizontal_length_tablet=\u00bb0px\u00bb body_ul_text_shadow_horizontal_length_phone=\u00bb0px\u00bb body_ul_text_shadow_vertical_length_tablet=\u00bb0px\u00bb body_ul_text_shadow_vertical_length_phone=\u00bb0px\u00bb body_ul_text_shadow_blur_strength_tablet=\u00bb1px\u00bb body_ul_text_shadow_blur_strength_phone=\u00bb1px\u00bb body_ol_text_shadow_horizontal_length_tablet=\u00bb0px\u00bb body_ol_text_shadow_horizontal_length_phone=\u00bb0px\u00bb body_ol_text_shadow_vertical_length_tablet=\u00bb0px\u00bb body_ol_text_shadow_vertical_length_phone=\u00bb0px\u00bb body_ol_text_shadow_blur_strength_tablet=\u00bb1px\u00bb body_ol_text_shadow_blur_strength_phone=\u00bb1px\u00bb body_quote_text_shadow_horizontal_length_tablet=\u00bb0px\u00bb body_quote_text_shadow_horizontal_length_phone=\u00bb0px\u00bb body_quote_text_shadow_vertical_length_tablet=\u00bb0px\u00bb body_quote_text_shadow_vertical_length_phone=\u00bb0px\u00bb body_quote_text_shadow_blur_strength_tablet=\u00bb1px\u00bb body_quote_text_shadow_blur_strength_phone=\u00bb1px\u00bb button_text_shadow_horizontal_length_tablet=\u00bb0px\u00bb button_text_shadow_horizontal_length_phone=\u00bb0px\u00bb button_text_shadow_vertical_length_tablet=\u00bb0px\u00bb button_text_shadow_vertical_length_phone=\u00bb0px\u00bb button_text_shadow_blur_strength_tablet=\u00bb1px\u00bb button_text_shadow_blur_strength_phone=\u00bb1px\u00bb box_shadow_horizontal_image_tablet=\u00bb0px\u00bb box_shadow_horizontal_image_phone=\u00bb0px\u00bb box_shadow_vertical_image_tablet=\u00bb0px\u00bb box_shadow_vertical_image_phone=\u00bb0px\u00bb box_shadow_blur_image_tablet=\u00bb40px\u00bb box_shadow_blur_image_phone=\u00bb40px\u00bb box_shadow_spread_image_tablet=\u00bb0px\u00bb box_shadow_spread_image_phone=\u00bb0px\u00bb box_shadow_horizontal_button_tablet=\u00bb0px\u00bb box_shadow_horizontal_button_phone=\u00bb0px\u00bb box_shadow_vertical_button_tablet=\u00bb0px\u00bb box_shadow_vertical_button_phone=\u00bb0px\u00bb box_shadow_blur_button_tablet=\u00bb40px\u00bb box_shadow_blur_button_phone=\u00bb40px\u00bb box_shadow_spread_button_tablet=\u00bb0px\u00bb box_shadow_spread_button_phone=\u00bb0px\u00bb text_shadow_horizontal_length_tablet=\u00bb0px\u00bb text_shadow_horizontal_length_phone=\u00bb0px\u00bb text_shadow_vertical_length_tablet=\u00bb0px\u00bb text_shadow_vertical_length_phone=\u00bb0px\u00bb text_shadow_blur_strength_tablet=\u00bb1px\u00bb text_shadow_blur_strength_phone=\u00bb1px\u00bb global_colors_info=\u00bb{}\u00bb button_text_size__hover_enabled=\u00bboff\u00bb button_one_text_size__hover_enabled=\u00bboff\u00bb button_two_text_size__hover_enabled=\u00bboff\u00bb button_text_color__hover_enabled=\u00bboff\u00bb button_one_text_color__hover_enabled=\u00bboff\u00bb button_two_text_color__hover_enabled=\u00bboff\u00bb button_border_width__hover_enabled=\u00bboff\u00bb button_one_border_width__hover_enabled=\u00bboff\u00bb button_two_border_width__hover_enabled=\u00bboff\u00bb button_border_color__hover_enabled=\u00bboff\u00bb button_one_border_color__hover_enabled=\u00bboff\u00bb button_two_border_color__hover_enabled=\u00bboff\u00bb button_border_radius__hover_enabled=\u00bboff\u00bb button_one_border_radius__hover_enabled=\u00bboff\u00bb button_two_border_radius__hover_enabled=\u00bboff\u00bb button_letter_spacing__hover_enabled=\u00bboff\u00bb button_one_letter_spacing__hover_enabled=\u00bboff\u00bb button_two_letter_spacing__hover_enabled=\u00bboff\u00bb button_bg_color__hover_enabled=\u00bboff\u00bb button_one_bg_color__hover_enabled=\u00bboff\u00bb button_two_bg_color__hover_enabled=\u00bboff\u00bb sticky_transition=\u00bbon\u00bb][\/et_pb_slide][\/et_pb_fullwidth_slider][\/et_pb_section][et_pb_section bb_built=\u00bb1&#8243; specialty=\u00bbon\u00bb _builder_version=\u00bb4.16&#8243; custom_padding=\u00bb10px|0px|13px|0px|false|false\u00bb global_colors_info=\u00bb{}\u00bb prev_background_color=\u00bb#000000&#8243; next_background_color=\u00bb#000000&#8243;][et_pb_column type=\u00bb3_4&#8243; specialty_columns=\u00bb3&#8243;][et_pb_row_inner _builder_version=\u00bb4.16&#8243; custom_padding=\u00bb0px|0px|0px|0px\u00bb global_colors_info=\u00bb{}\u00bb column_structure=\u00bbundefined\u00bb][et_pb_column_inner type=\u00bbundefined\u00bb saved_specialty_column_type=\u00bb3_4&#8243; _builder_version=\u00bb4.16&#8243; custom_padding=\u00bb|||\u00bb global_colors_info=\u00bb{}\u00bb custom_padding__hover=\u00bb|||\u00bb saved_specialty_column_type=\u00bb3_4&#8243;][et_pb_text admin_label=\u00bbPrecios\u00bb _builder_version=\u00bb4.27.5&#8243; vertical_offset_tablet=\u00bb0&#8243; horizontal_offset_tablet=\u00bb0&#8243; module_alignment=\u00bbleft\u00bb custom_padding=\u00bb22px|||||\u00bb text_font_last_edited=\u00bbon|phone\u00bb z_index_tablet=\u00bb0&#8243; text_text_shadow_horizontal_length_tablet=\u00bb0px\u00bb text_text_shadow_vertical_length_tablet=\u00bb0px\u00bb text_text_shadow_blur_strength_tablet=\u00bb1px\u00bb link_text_shadow_horizontal_length_tablet=\u00bb0px\u00bb link_text_shadow_vertical_length_tablet=\u00bb0px\u00bb link_text_shadow_blur_strength_tablet=\u00bb1px\u00bb ul_text_shadow_horizontal_length_tablet=\u00bb0px\u00bb ul_text_shadow_vertical_length_tablet=\u00bb0px\u00bb ul_text_shadow_blur_strength_tablet=\u00bb1px\u00bb ol_text_shadow_horizontal_length_tablet=\u00bb0px\u00bb ol_text_shadow_vertical_length_tablet=\u00bb0px\u00bb ol_text_shadow_blur_strength_tablet=\u00bb1px\u00bb quote_text_shadow_horizontal_length_tablet=\u00bb0px\u00bb quote_text_shadow_vertical_length_tablet=\u00bb0px\u00bb quote_text_shadow_blur_strength_tablet=\u00bb1px\u00bb header_text_shadow_horizontal_length_tablet=\u00bb0px\u00bb header_text_shadow_vertical_length_tablet=\u00bb0px\u00bb header_text_shadow_blur_strength_tablet=\u00bb1px\u00bb header_2_text_shadow_horizontal_length_tablet=\u00bb0px\u00bb header_2_text_shadow_vertical_length_tablet=\u00bb0px\u00bb header_2_text_shadow_blur_strength_tablet=\u00bb1px\u00bb header_3_text_shadow_horizontal_length_tablet=\u00bb0px\u00bb header_3_text_shadow_vertical_length_tablet=\u00bb0px\u00bb header_3_text_shadow_blur_strength_tablet=\u00bb1px\u00bb header_4_text_shadow_horizontal_length_tablet=\u00bb0px\u00bb header_4_text_shadow_vertical_length_tablet=\u00bb0px\u00bb header_4_text_shadow_blur_strength_tablet=\u00bb1px\u00bb header_5_text_shadow_horizontal_length_tablet=\u00bb0px\u00bb header_5_text_shadow_vertical_length_tablet=\u00bb0px\u00bb header_5_text_shadow_blur_strength_tablet=\u00bb1px\u00bb header_6_text_shadow_horizontal_length_tablet=\u00bb0px\u00bb header_6_text_shadow_vertical_length_tablet=\u00bb0px\u00bb header_6_text_shadow_blur_strength_tablet=\u00bb1px\u00bb box_shadow_horizontal_tablet=\u00bb0px\u00bb box_shadow_vertical_tablet=\u00bb0px\u00bb box_shadow_blur_tablet=\u00bb40px\u00bb box_shadow_spread_tablet=\u00bb0px\u00bb global_colors_info=\u00bb{}\u00bb background_pattern_color=\u00bbrgba(0,0,0,0.2)\u00bb background_mask_color=\u00bb#ffffff\u00bb text_text_shadow_horizontal_length=\u00bbtext_text_shadow_style,%91object Object%93&#8243; text_text_shadow_vertical_length=\u00bbtext_text_shadow_style,%91object Object%93&#8243; text_text_shadow_blur_strength=\u00bbtext_text_shadow_style,%91object Object%93&#8243; link_text_shadow_horizontal_length=\u00bblink_text_shadow_style,%91object Object%93&#8243; link_text_shadow_vertical_length=\u00bblink_text_shadow_style,%91object Object%93&#8243; link_text_shadow_blur_strength=\u00bblink_text_shadow_style,%91object Object%93&#8243; ul_text_shadow_horizontal_length=\u00bbul_text_shadow_style,%91object Object%93&#8243; ul_text_shadow_vertical_length=\u00bbul_text_shadow_style,%91object Object%93&#8243; ul_text_shadow_blur_strength=\u00bbul_text_shadow_style,%91object Object%93&#8243; ol_text_shadow_horizontal_length=\u00bbol_text_shadow_style,%91object Object%93&#8243; ol_text_shadow_vertical_length=\u00bbol_text_shadow_style,%91object Object%93&#8243; ol_text_shadow_blur_strength=\u00bbol_text_shadow_style,%91object Object%93&#8243; quote_text_shadow_horizontal_length=\u00bbquote_text_shadow_style,%91object Object%93&#8243; quote_text_shadow_vertical_length=\u00bbquote_text_shadow_style,%91object Object%93&#8243; quote_text_shadow_blur_strength=\u00bbquote_text_shadow_style,%91object Object%93&#8243; header_text_shadow_horizontal_length=\u00bbheader_text_shadow_style,%91object Object%93&#8243; header_text_shadow_vertical_length=\u00bbheader_text_shadow_style,%91object Object%93&#8243; header_text_shadow_blur_strength=\u00bbheader_text_shadow_style,%91object Object%93&#8243; header_2_text_shadow_horizontal_length=\u00bbheader_2_text_shadow_style,%91object Object%93&#8243; header_2_text_shadow_vertical_length=\u00bbheader_2_text_shadow_style,%91object Object%93&#8243; header_2_text_shadow_blur_strength=\u00bbheader_2_text_shadow_style,%91object Object%93&#8243; header_3_text_shadow_horizontal_length=\u00bbheader_3_text_shadow_style,%91object Object%93&#8243; header_3_text_shadow_vertical_length=\u00bbheader_3_text_shadow_style,%91object Object%93&#8243; header_3_text_shadow_blur_strength=\u00bbheader_3_text_shadow_style,%91object Object%93&#8243; header_4_text_shadow_horizontal_length=\u00bbheader_4_text_shadow_style,%91object Object%93&#8243; header_4_text_shadow_vertical_length=\u00bbheader_4_text_shadow_style,%91object Object%93&#8243; header_4_text_shadow_blur_strength=\u00bbheader_4_text_shadow_style,%91object Object%93&#8243; header_5_text_shadow_horizontal_length=\u00bbheader_5_text_shadow_style,%91object Object%93&#8243; header_5_text_shadow_vertical_length=\u00bbheader_5_text_shadow_style,%91object Object%93&#8243; header_5_text_shadow_blur_strength=\u00bbheader_5_text_shadow_style,%91object Object%93&#8243; header_6_text_shadow_horizontal_length=\u00bbheader_6_text_shadow_style,%91object Object%93&#8243; header_6_text_shadow_vertical_length=\u00bbheader_6_text_shadow_style,%91object Object%93&#8243; header_6_text_shadow_blur_strength=\u00bbheader_6_text_shadow_style,%91object Object%93&#8243;]<\/p>\n<h1>Precios de los cursos de Parola en Florencia<\/h1>\n<h2>Nuestros cursos de italiano a precios asequibles<\/h2>\n<p>Empieza a aprender italiano con nuestros <strong>convenientes programas de idiomas<\/strong> en Florencia.\u00a0<\/p>\n<p>La escuela Parola ofrece<strong> <a title=\"curso de italiano en Florencia\" href=\"https:\/\/www.parola.it\/es\/es-cursos-italiano-florencia\/\">cursos de italiano<\/a> de calidad en Florencia<\/strong> con una amplia variedad de precios asequibles y una gran flexibilidad.<\/p>\n<p>[\/et_pb_text][et_pb_divider admin_label=\u00bbModulo separatore giusto\u00bb color=\u00bb#d6d6d6&#8243; _builder_version=\u00bb4.16&#8243; background_color=\u00bb#ffffff\u00bb min_height=\u00bb4px\u00bb height=\u00bb3px\u00bb custom_margin=\u00bb27px||24px||false|false\u00bb custom_padding=\u00bb0px||||false|false\u00bb border_color_all=\u00bbrgba(0,0,0,0)\u00bb border_style_all=\u00bbnone\u00bb border_color_top=\u00bb#999999&#8243; border_style_top=\u00bbsolid\u00bb border_style_left=\u00bboutset\u00bb saved_tabs=\u00bball\u00bb global_colors_info=\u00bb{}\u00bb]<\/p>\n<p>[\/et_pb_divider][et_pb_text admin_label=\u00bbPrecios 2&#8243; _builder_version=\u00bb4.25.1&#8243; _module_preset=\u00bbdefault\u00bb vertical_offset_tablet=\u00bb0&#8243; horizontal_offset_tablet=\u00bb0&#8243; z_index_tablet=\u00bb0&#8243; text_text_shadow_horizontal_length_tablet=\u00bb0px\u00bb text_text_shadow_vertical_length_tablet=\u00bb0px\u00bb text_text_shadow_blur_strength_tablet=\u00bb1px\u00bb link_text_shadow_horizontal_length_tablet=\u00bb0px\u00bb link_text_shadow_vertical_length_tablet=\u00bb0px\u00bb link_text_shadow_blur_strength_tablet=\u00bb1px\u00bb ul_text_shadow_horizontal_length_tablet=\u00bb0px\u00bb ul_text_shadow_vertical_length_tablet=\u00bb0px\u00bb ul_text_shadow_blur_strength_tablet=\u00bb1px\u00bb ol_text_shadow_horizontal_length_tablet=\u00bb0px\u00bb ol_text_shadow_vertical_length_tablet=\u00bb0px\u00bb ol_text_shadow_blur_strength_tablet=\u00bb1px\u00bb quote_text_shadow_horizontal_length_tablet=\u00bb0px\u00bb quote_text_shadow_vertical_length_tablet=\u00bb0px\u00bb quote_text_shadow_blur_strength_tablet=\u00bb1px\u00bb header_text_shadow_horizontal_length_tablet=\u00bb0px\u00bb header_text_shadow_vertical_length_tablet=\u00bb0px\u00bb header_text_shadow_blur_strength_tablet=\u00bb1px\u00bb header_2_text_shadow_horizontal_length_tablet=\u00bb0px\u00bb header_2_text_shadow_vertical_length_tablet=\u00bb0px\u00bb header_2_text_shadow_blur_strength_tablet=\u00bb1px\u00bb header_3_text_shadow_horizontal_length_tablet=\u00bb0px\u00bb header_3_text_shadow_vertical_length_tablet=\u00bb0px\u00bb header_3_text_shadow_blur_strength_tablet=\u00bb1px\u00bb header_4_text_shadow_horizontal_length_tablet=\u00bb0px\u00bb header_4_text_shadow_vertical_length_tablet=\u00bb0px\u00bb header_4_text_shadow_blur_strength_tablet=\u00bb1px\u00bb header_5_text_shadow_horizontal_length_tablet=\u00bb0px\u00bb header_5_text_shadow_vertical_length_tablet=\u00bb0px\u00bb header_5_text_shadow_blur_strength_tablet=\u00bb1px\u00bb header_6_text_shadow_horizontal_length_tablet=\u00bb0px\u00bb header_6_text_shadow_vertical_length_tablet=\u00bb0px\u00bb header_6_text_shadow_blur_strength_tablet=\u00bb1px\u00bb box_shadow_horizontal_tablet=\u00bb0px\u00bb box_shadow_vertical_tablet=\u00bb0px\u00bb box_shadow_blur_tablet=\u00bb40px\u00bb box_shadow_spread_tablet=\u00bb0px\u00bb global_colors_info=\u00bb{}\u00bb]<\/p>\n<p>El precio de cada curso de lengua italiana incluye los<strong> libros (gram\u00e1tica y ejercicios) y los certificados finales<\/strong> de Parola.<\/p>\n<p>Y m\u00e1s all\u00e1 de eso, todos los m\u00e9todos de aprendizaje para una experiencia ling\u00fc\u00edstica gratificante en Italia gracias a las <strong><a title=\"fechas dos cursos\" href=\"https:\/\/www.parola.it\/es\/es-fechas-cursos-italiano-2\/\">m\u00faltiples fechas<\/a> que tienes a tu disposici\u00f3n<\/strong>, durante todo el a\u00f1o.<\/p>\n<p><b>\u00a1<\/b>Vamos, ap\u00fantate aqu\u00ed mismo!<\/p>\n<p>[\/et_pb_text][et_pb_button button_url=\u00bbhttps:\/\/www.parola.it\/es\/es-contactar\u00bb button_text=\u00bbCONTACTO\u00bb button_alignment=\u00bbleft\u00bb _builder_version=\u00bb4.16&#8243; background_layout=\u00bbdark\u00bb locked=\u00bboff\u00bb global_colors_info=\u00bb{}\u00bb button_text_size__hover_enabled=\u00bboff\u00bb button_one_text_size__hover_enabled=\u00bboff\u00bb button_two_text_size__hover_enabled=\u00bboff\u00bb button_text_color__hover_enabled=\u00bboff\u00bb button_one_text_color__hover_enabled=\u00bboff\u00bb button_two_text_color__hover_enabled=\u00bboff\u00bb button_border_width__hover_enabled=\u00bboff\u00bb button_one_border_width__hover_enabled=\u00bboff\u00bb button_two_border_width__hover_enabled=\u00bboff\u00bb button_border_color__hover_enabled=\u00bboff\u00bb button_one_border_color__hover_enabled=\u00bboff\u00bb button_two_border_color__hover_enabled=\u00bboff\u00bb button_border_radius__hover_enabled=\u00bboff\u00bb button_one_border_radius__hover_enabled=\u00bboff\u00bb button_two_border_radius__hover_enabled=\u00bboff\u00bb button_letter_spacing__hover_enabled=\u00bboff\u00bb button_one_letter_spacing__hover_enabled=\u00bboff\u00bb button_two_letter_spacing__hover_enabled=\u00bboff\u00bb button_bg_color__hover_enabled=\u00bboff\u00bb button_one_bg_color__hover_enabled=\u00bboff\u00bb button_two_bg_color__hover_enabled=\u00bboff\u00bb]<\/p>\n<p>[\/et_pb_button][et_pb_text admin_label=\u00bbGroup\u00bb _builder_version=\u00bb4.25.1&#8243; vertical_offset_tablet=\u00bb0&#8243; horizontal_offset_tablet=\u00bb0&#8243; width=\u00bb100%\u00bb max_width=\u00bb100%\u00bb hover_enabled=\u00bb0&#8243; z_index_tablet=\u00bb500&#8243; text_text_shadow_horizontal_length_tablet=\u00bb0px\u00bb text_text_shadow_vertical_length_tablet=\u00bb0px\u00bb text_text_shadow_blur_strength_tablet=\u00bb1px\u00bb link_text_shadow_horizontal_length_tablet=\u00bb0px\u00bb link_text_shadow_vertical_length_tablet=\u00bb0px\u00bb link_text_shadow_blur_strength_tablet=\u00bb1px\u00bb ul_text_shadow_horizontal_length_tablet=\u00bb0px\u00bb ul_text_shadow_vertical_length_tablet=\u00bb0px\u00bb ul_text_shadow_blur_strength_tablet=\u00bb1px\u00bb ol_text_shadow_horizontal_length_tablet=\u00bb0px\u00bb ol_text_shadow_vertical_length_tablet=\u00bb0px\u00bb ol_text_shadow_blur_strength_tablet=\u00bb1px\u00bb quote_text_shadow_horizontal_length_tablet=\u00bb0px\u00bb quote_text_shadow_vertical_length_tablet=\u00bb0px\u00bb quote_text_shadow_blur_strength_tablet=\u00bb1px\u00bb header_text_shadow_horizontal_length_tablet=\u00bb0px\u00bb header_text_shadow_vertical_length_tablet=\u00bb0px\u00bb header_text_shadow_blur_strength_tablet=\u00bb1px\u00bb header_2_text_shadow_horizontal_length_tablet=\u00bb0px\u00bb header_2_text_shadow_vertical_length_tablet=\u00bb0px\u00bb header_2_text_shadow_blur_strength_tablet=\u00bb1px\u00bb header_3_text_shadow_horizontal_length_tablet=\u00bb0px\u00bb header_3_text_shadow_vertical_length_tablet=\u00bb0px\u00bb header_3_text_shadow_blur_strength_tablet=\u00bb1px\u00bb header_4_text_shadow_horizontal_length_tablet=\u00bb0px\u00bb header_4_text_shadow_vertical_length_tablet=\u00bb0px\u00bb header_4_text_shadow_blur_strength_tablet=\u00bb1px\u00bb header_5_text_shadow_horizontal_length_tablet=\u00bb0px\u00bb header_5_text_shadow_vertical_length_tablet=\u00bb0px\u00bb header_5_text_shadow_blur_strength_tablet=\u00bb1px\u00bb header_6_text_shadow_horizontal_length_tablet=\u00bb0px\u00bb header_6_text_shadow_vertical_length_tablet=\u00bb0px\u00bb header_6_text_shadow_blur_strength_tablet=\u00bb1px\u00bb box_shadow_horizontal_tablet=\u00bb0px\u00bb box_shadow_vertical_tablet=\u00bb0px\u00bb box_shadow_blur_tablet=\u00bb40px\u00bb box_shadow_spread_tablet=\u00bb0px\u00bb global_colors_info=\u00bb{}\u00bb sticky_enabled=\u00bb0&#8243;]<\/p>\n<h3>Precios de los cursos de italiano de grupo en Florencia<\/h3>\n<p>Aqu\u00ed puedes encontrar los <strong>precios competitivos de nuestros cursos<\/strong> de <strong><a title=\"cursos de grupo de italiano\" href=\"https:\/\/www.parola.it\/es\/es-cursos-grupo-italiano-florencia\/\">italiano en grupo<\/a><\/strong> en Florencia.<\/p>\n<p>Nuestra escuela tambi\u00e9n puede calcular<strong> una tarifa de curso hecha a tu medida,<\/strong> en caso de que no puedas asistir a la clase grupal diariamente.<\/p>\n<p><em>Despl\u00e1zate horizontalmente, adelante y atr\u00e1s, para ver todos los precios.<\/em><\/p>\n\n<table id=\"tablepress-10\" class=\"tablepress tablepress-id-10\">\n<thead>\n<tr class=\"row-1\">\n\t<th class=\"column-1\">DURACI\u00d3N DEL CURSO <\/th><th class=\"column-2\">ALLEGRO (Intensivo)<\/th><th class=\"column-3\">ANDANTE (Semi-Intensivo)<\/th><th class=\"column-4\">MOLTO ALLEGRO<\/th><th class=\"column-5\">TRE VOLTE<\/th><th class=\"column-6\">TRE VOLTE PLUS<\/th><th class=\"column-7\">TONO<\/th>\n<\/tr>\n<\/thead>\n<tbody class=\"row-striping row-hover\">\n<tr class=\"row-2\">\n\t<td class=\"column-1\">1 Semana <\/td><td class=\"column-2\">20 horas - 190 \u20ac <\/td><td class=\"column-3\">10 horas - 120 \u20ac  <\/td><td class=\"column-4\">30 horas - 300 \u20ac <\/td><td class=\"column-5\">6 horas - 100 \u20ac <\/td><td class=\"column-6\">12 horas - 150 \u20ac <\/td><td class=\"column-7\">10 horas - 120 \u20ac <\/td>\n<\/tr>\n<tr class=\"row-3\">\n\t<td class=\"column-1\">2 Semanas<\/td><td class=\"column-2\">40 horas - 370 \u20ac  <\/td><td class=\"column-3\">20 horas - 220 \u20ac <\/td><td class=\"column-4\">60 horas - 480 \u20ac <\/td><td class=\"column-5\">12 horas - 160 \u20ac <\/td><td class=\"column-6\">24 horas - 230 \u20ac <\/td><td class=\"column-7\">20 horas - 190 \u20ac <\/td>\n<\/tr>\n<tr class=\"row-4\">\n\t<td class=\"column-1\">3 Semanas<\/td><td class=\"column-2\">60 horas - 480 \u20ac <\/td><td class=\"column-3\">30 horas - 300 \u20ac  <\/td><td class=\"column-4\">90 horas - 650 \u20ac  <\/td><td class=\"column-5\">18 horas - 210 \u20ac <\/td><td class=\"column-6\">36 horas - 310 \u20ac <\/td><td class=\"column-7\">30 horas - 300 \u20ac  <\/td>\n<\/tr>\n<tr class=\"row-5\">\n\t<td class=\"column-1\">4 Semanas<\/td><td class=\"column-2\">80 horas - 580 \u20ac  <\/td><td class=\"column-3\">40 horas - 370 \u20ac <\/td><td class=\"column-4\">120 horas - 760 \u20ac  <\/td><td class=\"column-5\">24 horas - 260 \u20ac  <\/td><td class=\"column-6\">48 horas - 390 \u20ac <\/td><td class=\"column-7\">40 horas - 370 \u20ac<\/td>\n<\/tr>\n<tr class=\"row-6\">\n\t<td class=\"column-1\">INFO<\/td><td class=\"column-2\"><\/td><td class=\"column-3\"><\/td><td class=\"column-4\"><\/td><td class=\"column-5\"><\/td><td class=\"column-6\">Gram\u00e1tica y Conversaci\u00f3n<\/td><td class=\"column-7\">Solo Conversaci\u00f3n<\/td>\n<\/tr>\n<\/tbody>\n<\/table>\n<!-- #tablepress-10 from cache -->\n<p>[\/et_pb_text][et_pb_image _builder_version=\u00bb4.22.2&#8243; _module_preset=\u00bbdefault\u00bb global_colors_info=\u00bb{}\u00bb]<\/p>\n<p>[\/et_pb_image][\/et_pb_column_inner][\/et_pb_row_inner][et_pb_row_inner _builder_version=\u00bb4.16&#8243; custom_padding=\u00bb0px|0px|0px|0px\u00bb global_colors_info=\u00bb{}\u00bb column_structure=\u00bbundefined\u00bb][et_pb_column_inner type=\u00bbundefined\u00bb saved_specialty_column_type=\u00bb3_4&#8243; _builder_version=\u00bb4.16&#8243; custom_padding=\u00bb|||\u00bb global_colors_info=\u00bb{}\u00bb custom_padding__hover=\u00bb|||\u00bb saved_specialty_column_type=\u00bb3_4&#8243;][et_pb_text admin_label=\u00bbIndividual\u00bb _builder_version=\u00bb4.22.2&#8243; custom_padding=\u00bb||0px|||\u00bb global_colors_info=\u00bb{}\u00bb]<\/p>\n<h3>Precios de los cursos individuales de italiano<\/h3>\n<p>Aqu\u00ed puedes ver los precios de nuestras <strong><a href=\"https:\/\/www.parola.it\/es\/es-cursos-individuales\/\">lecciones individuales<\/a><\/strong>.<\/p>\n<p>Para aquellos estudiantes que quieran hacer menos horas privadas, cada hora (si se toma por separado) tiene un <strong>coste de 30 euros<\/strong>.<\/p>\n<p><em>Despl\u00e1zate horizontalmente, adelante y atr\u00e1s, para ver todos los precios.<\/em><\/p>\n\n<table id=\"tablepress-14\" class=\"tablepress tablepress-id-14\">\n<thead>\n<tr class=\"row-1\">\n\t<th class=\"column-1\">DURACI\u00d3N DEL CURSO <\/th><th class=\"column-2\">PIANISSIMO <\/th><th class=\"column-3\">PIANO<\/th><th class=\"column-4\">MAESTOSO<\/th><th class=\"column-5\">BRIO <\/th><th class=\"column-6\">BRIO 1 <\/th><th class=\"column-7\">PRESTISSIMO <\/th><th class=\"column-8\">PRESTISSIMO 1 <\/th>\n<\/tr>\n<\/thead>\n<tbody class=\"row-striping row-hover\">\n<tr class=\"row-2\">\n\t<td class=\"column-1\">Por semana <\/td><td class=\"column-2\">1 hora<\/td><td class=\"column-3\">2 horas <\/td><td class=\"column-4\">5 horas <\/td><td class=\"column-5\">6 horas diarias<\/td><td class=\"column-6\">6 horas diarias<\/td><td class=\"column-7\">8 horas diarias<\/td><td class=\"column-8\">8 horas diarias<\/td>\n<\/tr>\n<tr class=\"row-3\">\n\t<td class=\"column-1\">Precio <\/td><td class=\"column-2\">150 \u20ac <\/td><td class=\"column-3\">300 \u20ac <\/td><td class=\"column-4\">550 \u20ac <\/td><td class=\"column-5\">850 \u20ac <\/td><td class=\"column-6\">1150 \u20ac <\/td><td class=\"column-7\">1160 \u20ac <\/td><td class=\"column-8\">1600 \u20ac <\/td>\n<\/tr>\n<tr class=\"row-4\">\n\t<td class=\"column-1\">Informaci\u00f3n<\/td><td class=\"column-2\"><\/td><td class=\"column-3\"><\/td><td class=\"column-4\"><\/td><td class=\"column-5\"><\/td><td class=\"column-6\"><\/td><td class=\"column-7\"><\/td><td class=\"column-8\"><\/td>\n<\/tr>\n<tr class=\"row-5\">\n\t<td class=\"column-1\"><\/td><td class=\"column-2\"><\/td><td class=\"column-3\"><\/td><td class=\"column-4\"><\/td><td class=\"column-5\"><\/td><td class=\"column-6\">Con almuerzo<\/td><td class=\"column-7\"><\/td><td class=\"column-8\">Con almuerzo<\/td>\n<\/tr>\n<\/tbody>\n<\/table>\n<!-- #tablepress-14 from cache -->\n<p>[\/et_pb_text][et_pb_button button_url=\u00bbhttps:\/\/www.parola.it\/pt-pt\/pt-recrutamento-form\/\u00bb url_new_window=\u00bbon\u00bb button_text=\u00bbINSCRIPCI\u00d3N\u00bb button_alignment=\u00bbleft\u00bb _builder_version=\u00bb4.22.2&#8243; custom_button=\u00bbon\u00bb button_icon=\u00bb&#x68;||divi||400&#8243; button_icon_placement=\u00bbleft\u00bb button_on_hover=\u00bboff\u00bb background_layout=\u00bbdark\u00bb custom_padding=\u00bb|20px||35px|false|false\u00bb locked=\u00bboff\u00bb global_colors_info=\u00bb{}\u00bb button_text_size__hover_enabled=\u00bboff\u00bb button_text_size__hover=\u00bbnull\u00bb button_one_text_size__hover_enabled=\u00bboff\u00bb button_one_text_size__hover=\u00bbnull\u00bb button_two_text_size__hover_enabled=\u00bboff\u00bb button_two_text_size__hover=\u00bbnull\u00bb button_text_color__hover_enabled=\u00bboff\u00bb button_text_color__hover=\u00bbnull\u00bb button_one_text_color__hover_enabled=\u00bboff\u00bb button_one_text_color__hover=\u00bbnull\u00bb button_two_text_color__hover_enabled=\u00bboff\u00bb button_two_text_color__hover=\u00bbnull\u00bb button_border_width__hover_enabled=\u00bboff\u00bb button_border_width__hover=\u00bbnull\u00bb button_one_border_width__hover_enabled=\u00bboff\u00bb button_one_border_width__hover=\u00bbnull\u00bb button_two_border_width__hover_enabled=\u00bboff\u00bb button_two_border_width__hover=\u00bbnull\u00bb button_border_color__hover_enabled=\u00bboff\u00bb button_border_color__hover=\u00bbnull\u00bb button_one_border_color__hover_enabled=\u00bboff\u00bb button_one_border_color__hover=\u00bbnull\u00bb button_two_border_color__hover_enabled=\u00bboff\u00bb button_two_border_color__hover=\u00bbnull\u00bb button_border_radius__hover_enabled=\u00bboff\u00bb button_border_radius__hover=\u00bbnull\u00bb button_one_border_radius__hover_enabled=\u00bboff\u00bb button_one_border_radius__hover=\u00bbnull\u00bb button_two_border_radius__hover_enabled=\u00bboff\u00bb button_two_border_radius__hover=\u00bbnull\u00bb button_letter_spacing__hover_enabled=\u00bboff\u00bb button_letter_spacing__hover=\u00bbnull\u00bb button_one_letter_spacing__hover_enabled=\u00bboff\u00bb button_one_letter_spacing__hover=\u00bbnull\u00bb button_two_letter_spacing__hover_enabled=\u00bboff\u00bb button_two_letter_spacing__hover=\u00bbnull\u00bb button_bg_color__hover_enabled=\u00bboff\u00bb button_bg_color__hover=\u00bbnull\u00bb button_one_bg_color__hover_enabled=\u00bboff\u00bb button_one_bg_color__hover=\u00bbnull\u00bb button_two_bg_color__hover_enabled=\u00bboff\u00bb button_two_bg_color__hover=\u00bbnull\u00bb]<\/p>\n<p>[\/et_pb_button][et_pb_text admin_label=\u00bbonline\u00bb _builder_version=\u00bb4.16&#8243; global_colors_info=\u00bb{}\u00bb]<\/p>\n<h3>Precios de los cursos de italiano online<\/h3>\n<p>Tambi\u00e9n puedes encontrar los precios de nuestros <a href=\"https:\/\/www.parola.it\/es\/clases-italiano-enlinea\/\"><strong>cursos de italiano online<\/strong><\/a> en Florencia.<\/p>\n\n<table id=\"tablepress-62\" class=\"tablepress tablepress-id-62\">\n<thead>\n<tr class=\"row-1\">\n\t<th class=\"column-1\">CURSOS EN L\u00cdNEA<\/th><th class=\"column-2\">1 HORA<\/th><th class=\"column-3\">5 HORAS<\/th><td class=\"column-4\"><\/td><td class=\"column-5\"><\/td>\n<\/tr>\n<\/thead>\n<tbody>\n<tr class=\"row-2\">\n\t<td class=\"column-1\">CURSOS INDIVIDUALES<\/td><td class=\"column-2\">26 EUROS <\/td><td class=\"column-3\">120 EUROS<\/td><td class=\"column-4\"><\/td><td class=\"column-5\"><\/td>\n<\/tr>\n<tr class=\"row-3\">\n\t<td class=\"column-1\">CURSOS GRUPALES<\/td><td class=\"column-2\">60 EUROS (por semana)<\/td><td class=\"column-3\"><\/td><td class=\"column-4\"><\/td><td class=\"column-5\"><\/td>\n<\/tr>\n<\/tbody>\n<\/table>\n<!-- #tablepress-62 from cache -->\n<p>[\/et_pb_text][\/et_pb_column_inner][\/et_pb_row_inner][et_pb_row_inner _builder_version=\u00bb4.16&#8243; custom_padding=\u00bb0px|0px|0px|0px\u00bb global_colors_info=\u00bb{}\u00bb column_structure=\u00bbundefined\u00bb][et_pb_column_inner type=\u00bbundefined\u00bb saved_specialty_column_type=\u00bb3_4&#8243; _builder_version=\u00bb4.16&#8243; custom_padding=\u00bb|||\u00bb global_colors_info=\u00bb{}\u00bb custom_padding__hover=\u00bb|||\u00bb saved_specialty_column_type=\u00bb3_4&#8243;][et_pb_text _builder_version=\u00bb4.16&#8243; global_colors_info=\u00bb{}\u00bb]<\/p>\n<h3>Precios de los cursos combinados<\/h3>\n<p>Por \u00faltimo, se encuentran los precios de<strong> las clases grupales en combinaci\u00f3n con cursos individuales<\/strong> de italiano.<\/p>\n<p><em>Despl\u00e1zate horizontalmente, adelante y atr\u00e1s, para ver todos los precios.<\/em><\/p>\n\n<table id=\"tablepress-15\" class=\"tablepress tablepress-id-15\">\n<thead>\n<tr class=\"row-1\">\n\t<th class=\"column-1\">DURACI\u00d3N <\/th><th class=\"column-2\">VIVO<\/th><th class=\"column-3\">ALLEGRETTO<\/th><th class=\"column-4\">VIVACE (Intensivo)<\/th><th class=\"column-5\">PRESTO (Super-Intensivo)<\/th>\n<\/tr>\n<\/thead>\n<tbody class=\"row-striping row-hover\">\n<tr class=\"row-2\">\n\t<td class=\"column-1\">2 semanas<\/td><td class=\"column-2\">500 \u20ac <\/td><td class=\"column-3\">46 horas - 530 \u20ac <\/td><td class=\"column-4\">50 horas - 650 \u20ac <\/td><td class=\"column-5\">60 horas - 1080 \u20ac  <\/td>\n<\/tr>\n<tr class=\"row-3\">\n\t<td class=\"column-1\">3 semanas<\/td><td class=\"column-2\">750 \u20ac <\/td><td class=\"column-3\">69 horas - 730 \u20ac <\/td><td class=\"column-4\">75 horas - 910 \u20ac <\/td><td class=\"column-5\">90 horas - 1240 \u20ac  <\/td>\n<\/tr>\n<tr class=\"row-4\">\n\t<td class=\"column-1\">4 semanas<\/td><td class=\"column-2\">920 \u20ac <\/td><td class=\"column-3\">92 horas - 920 \u20ac  <\/td><td class=\"column-4\">100 horas - 1080 \u20ac <\/td><td class=\"column-5\">120 horas - 1560 \u20ac  <\/td>\n<\/tr>\n<tr class=\"row-5\">\n\t<td class=\"column-1\">Informaci\u00f3n<\/td><td class=\"column-2\">2 horas + 1 hora todos los dias<\/td><td class=\"column-3\">4 horas en grupo + 1 hora individual por tres veces a la semana <\/td><td class=\"column-4\">4 horas en grupo + 1 hora individual diarias<\/td><td class=\"column-5\">4 horas en grupo + 2 horas individuales diarias<\/td>\n<\/tr>\n<\/tbody>\n<\/table>\n<!-- #tablepress-15 from cache -->\n<p>[\/et_pb_text][et_pb_text _builder_version=\u00bb4.16&#8243; global_colors_info=\u00bb{}\u00bb]<\/p>\n<h3>Precio de otros cursos combinados en Florencia<\/h3>\n<p>Adem\u00e1s, nuestra escuela tambi\u00e9n ofrece <strong>otros cursos combinados<\/strong> en relaci\u00f3n con la cultura italiana, como el arte, el dibujo o la cocina.<\/p>\n\n<table id=\"tablepress-25\" class=\"tablepress tablepress-id-25\">\n<thead>\n<tr class=\"row-1\">\n\t<th class=\"column-1\">DURACI\u00d3N  <\/th><th class=\"column-2\">CURSO CILS<\/th><th class=\"column-3\">CURSO ITALIANO Y DIBUJO<\/th><th class=\"column-4\">CURSO ITALIANO Y COCINA<\/th><th class=\"column-5\">CURSO ITALIANO Y ARTE<\/th>\n<\/tr>\n<\/thead>\n<tbody>\n<tr class=\"row-2\">\n\t<td class=\"column-1\">1 SEMANA<\/td><td class=\"column-2\">80 Euros<\/td><td class=\"column-3\">270 Euros<\/td><td class=\"column-4\">250 Euros<\/td><td class=\"column-5\">270 Euros<\/td>\n<\/tr>\n<tr class=\"row-3\">\n\t<td class=\"column-1\">2 SEMANAS<\/td><td class=\"column-2\"><\/td><td class=\"column-3\">410 Euros<\/td><td class=\"column-4\">410 Euros<\/td><td class=\"column-5\">410 Euros<\/td>\n<\/tr>\n<tr class=\"row-4\">\n\t<td class=\"column-1\">3 SEMANAS<\/td><td class=\"column-2\"><\/td><td class=\"column-3\">530 Euros<\/td><td class=\"column-4\">530 Euros<\/td><td class=\"column-5\">530 Euros<\/td>\n<\/tr>\n<tr class=\"row-5\">\n\t<td class=\"column-1\">4 SEMANAS<\/td><td class=\"column-2\">210 Euros<\/td><td class=\"column-3\"><\/td><td class=\"column-4\"><\/td><td class=\"column-5\"><\/td>\n<\/tr>\n<\/tbody>\n<\/table>\n<!-- #tablepress-25 from cache -->\n<p>[\/et_pb_text][et_pb_image src=\u00bbhttps:\/\/www.parola.it\/wp-content\/uploads\/2018\/09\/italian-language-lesson-florence-1.jpg\u00bb alt=\u00bbEstudiantes de idioma italiano en Florencia\u00bb _builder_version=\u00bb4.16&#8243; custom_margin=\u00bb||27px||false|false\u00bb global_colors_info=\u00bb{}\u00bb]<\/p>\n<p>[\/et_pb_image][\/et_pb_column_inner][\/et_pb_row_inner][et_pb_row_inner _builder_version=\u00bb4.16&#8243; custom_padding=\u00bb0px|0px|3px|0px|false|false\u00bb global_colors_info=\u00bb{}\u00bb column_structure=\u00bbundefined\u00bb][et_pb_column_inner type=\u00bbundefined\u00bb saved_specialty_column_type=\u00bb3_4&#8243; _builder_version=\u00bb4.16&#8243; custom_padding=\u00bb|||\u00bb global_colors_info=\u00bb{}\u00bb custom_padding__hover=\u00bb|||\u00bb saved_specialty_column_type=\u00bb3_4&#8243;][et_pb_text _builder_version=\u00bb4.16&#8243; global_colors_info=\u00bb{}\u00bb]<\/p>\n<h3>Cursos de italiano en l\u00ednea a un precio razonable<\/h3>\n<p>La escuela Parola\u00a0tambi\u00e9n imparte <strong><a title=\"Clases de italiano\" href=\"https:\/\/www.parola.it\/es\/clases-italiano-enlinea\/\">cursos de italiano en l\u00ednea<\/a><\/strong>, con clases privadas o con clases de italiano en l\u00ednea en grupos.<\/p>\n<p>Contin\u00faa<strong> aprendiendo italiano desde casa<\/strong> con nosotros.<\/p>\n<p>Llama al <strong>+39 055 242182<\/strong> o escribe un correo electr\u00f3nico a &#8211; <strong><a href=\"mailto:info@parola.it\">info@parola.it<\/a><\/strong> &#8211; para obtener m\u00e1s informaci\u00f3n sobre nuestros programas de idiomas en l\u00ednea.<\/p>\n<p>[\/et_pb_text][et_pb_text admin_label=\u00bbCosa include il prezzo\u00bb _builder_version=\u00bb4.16&#8243; text_orientation=\u00bbjustified\u00bb module_alignment=\u00bbleft\u00bb global_colors_info=\u00bb{}\u00bb]<\/p>\n<h3>\u00bfQu\u00e9 incluye el precio de nuestros cursos?<\/h3>\n<p>Los\u00a0<b>precios de los cursos<\/b> de italiano con la escuela Parola incluyen lo siguiente:<\/p>\n<ul>\n<li><strong>Libros desarrollados por la escuela Parola<\/strong> (gram\u00e1tica y ejercicios)<\/li>\n<li><strong>Programas a medida<\/strong> para clases individuales, trabajadores y familias<\/li>\n<li><strong>Servicio de alojamiento para estudiantes<\/strong><\/li>\n<li>Lecciones de lengua italiana<\/li>\n<li>Material did\u00e1ctico y libros exclusivos de la escuela<\/li>\n<li><strong>Actividades culturales\u00a0y recreativas<\/strong><\/li>\n<li>WI-FI e Internet ADSL<\/li>\n<li>Certificados, atestados y diplomas, IVA<\/li>\n<li>Informaci\u00f3n <strong>sobre VISA<\/strong><\/li>\n<\/ul>\n<p>El estudiante debe tener en cuenta que las\u00a0<strong>actividades que organiza nuestro instituto de lengua son libres<\/strong>, aparte del precio de la entrada a los museos y del gasto de transporte.<\/p>\n<p><strong><a title=\"contactar la escuela Parola en Florencia\" href=\"es-contactar?et_fb=1\">Contacta<\/a><\/strong> con la escuela de italiano Parola para obtener m\u00e1s informaci\u00f3n sobre<strong>\u00a0los descuentos especiales para los cursos<\/strong>\u00a0de italiano en Florencia.<\/p>\n<p>[\/et_pb_text][et_pb_text admin_label=\u00bbdescuentos\u00bb _builder_version=\u00bb4.16&#8243; global_colors_info=\u00bb{}\u00bb]<\/p>\n<h3>Descuentos especiales para nuestros cursos de lengua en Florencia<\/h3>\n<p>Nuestra <strong>escuela ofrece <a href=\"https:\/\/www.parola.it\/es\/es-ofertas-especiales-florencia\/\">descuentos especiales<\/a><\/strong> en cursos individuales y de larga duraci\u00f3n.<\/p>\n<p>Los m\u00e1s importantes se enumeran a continuaci\u00f3n:<\/p>\n<ul>\n<li>10% de descuento para un registro de 24 semanas (6 meses), 4 horas cada d\u00eda.<\/li>\n<li>15% de descuento para 4 semanas de curso de idioma italiano individual, 6 horas cada d\u00eda.<\/li>\n<\/ul>\n<p>[\/et_pb_text][et_pb_text _builder_version=\u00bb4.16&#8243; global_colors_info=\u00bb{}\u00bb]<\/p>\n<h4>Contacta con la escuela de italiano Parola en Florencia<\/h4>\n<p>No esperes m\u00e1s y <a title=\"contactar la escuela Parola\" href=\"es-contactar?et_fb=1\"><\/a><strong><a title=\"contactar la escuela Parola\" href=\"es-contactar?et_fb=1\">contacta <\/a><\/strong>con nosotros <strong>para obtener m\u00e1s informaci\u00f3n y detalles sobre los precios<\/strong> de los cursos de italiano en Florencia.<\/p>\n<p>[\/et_pb_text][et_pb_button button_url=\u00bbhttps:\/\/www.parola.it\/es\/es-contactar\u00bb button_text=\u00bbCONTACTO\u00bb button_alignment=\u00bbleft\u00bb _builder_version=\u00bb4.16&#8243; background_layout=\u00bbdark\u00bb locked=\u00bboff\u00bb global_colors_info=\u00bb{}\u00bb button_text_size__hover_enabled=\u00bboff\u00bb button_one_text_size__hover_enabled=\u00bboff\u00bb button_two_text_size__hover_enabled=\u00bboff\u00bb button_text_color__hover_enabled=\u00bboff\u00bb button_one_text_color__hover_enabled=\u00bboff\u00bb button_two_text_color__hover_enabled=\u00bboff\u00bb button_border_width__hover_enabled=\u00bboff\u00bb button_one_border_width__hover_enabled=\u00bboff\u00bb button_two_border_width__hover_enabled=\u00bboff\u00bb button_border_color__hover_enabled=\u00bboff\u00bb button_one_border_color__hover_enabled=\u00bboff\u00bb button_two_border_color__hover_enabled=\u00bboff\u00bb button_border_radius__hover_enabled=\u00bboff\u00bb button_one_border_radius__hover_enabled=\u00bboff\u00bb button_two_border_radius__hover_enabled=\u00bboff\u00bb button_letter_spacing__hover_enabled=\u00bboff\u00bb button_one_letter_spacing__hover_enabled=\u00bboff\u00bb button_two_letter_spacing__hover_enabled=\u00bboff\u00bb button_bg_color__hover_enabled=\u00bboff\u00bb button_one_bg_color__hover_enabled=\u00bboff\u00bb button_two_bg_color__hover_enabled=\u00bboff\u00bb]<\/p>\n<p>[\/et_pb_button][\/et_pb_column_inner][\/et_pb_row_inner][\/et_pb_column][et_pb_column type=\u00bb1_4&#8243;][et_pb_text _builder_version=\u00bb4.16&#8243; module_alignment=\u00bbleft\u00bb min_height=\u00bb488px\u00bb custom_margin=\u00bb-3px||||false|false\u00bb custom_padding=\u00bb0px|||||\u00bb global_colors_info=\u00bb{}\u00bb]<\/p>\n<h5>CONTACTO<\/h5>\n<p>\u00a1Para conseguir m\u00e1s informaci\u00f3n,<strong> cont\u00e1ctanos aqu\u00ed!<\/strong><\/p>\n<p>\u00a0 Env\u00edanos\u00a0un\u00a0email:<b class=\"b5\">\u00a0<\/b><\/p>\n<p><strong><a href=\"mailto:info@parola.it\">info@parola.it<\/a><\/strong><\/p>\n<p>\u00a0 Ll\u00e1manos:<\/p>\n<p><a href=\"tel:+39055242182\"><span style=\"color: #ff6600;\"><strong>+39 055 242182<\/strong><\/span><\/a> o\u00a0<\/p>\n<p><a href=\"tel:+393288997420\"><span style=\"color: #ff6600;\"><strong>+39 328 8997420<\/strong><\/span><\/a><\/p>\n<p>\u00a0 Ven a visitarnos:<\/p>\n<p><a href=\"#\"><span style=\"color: #ff6600;\"><strong>Borgo Santa Croce, 17 <\/strong><\/span><\/a><\/p>\n<p><a href=\"#\"><span style=\"color: #ff6600;\"><strong>50122 Florencia<\/strong><\/span><\/a><\/p>\n<p>[\/et_pb_text][et_pb_button button_url=\u00bbhttps:\/\/www.parola.it\/pt-pt\/pt-recrutamento-form\/\u00bb url_new_window=\u00bbon\u00bb button_text=\u00bbINSCRIPCI\u00d3N\u00bb button_alignment=\u00bbleft\u00bb _builder_version=\u00bb4.22.2&#8243; custom_button=\u00bbon\u00bb button_icon=\u00bb&#x68;||divi||400&#8243; button_icon_placement=\u00bbleft\u00bb button_on_hover=\u00bboff\u00bb background_layout=\u00bbdark\u00bb custom_padding=\u00bb|20px||26px|false|false\u00bb locked=\u00bboff\u00bb global_colors_info=\u00bb{}\u00bb button_text_size__hover_enabled=\u00bboff\u00bb button_text_size__hover=\u00bbnull\u00bb button_one_text_size__hover_enabled=\u00bboff\u00bb button_one_text_size__hover=\u00bbnull\u00bb button_two_text_size__hover_enabled=\u00bboff\u00bb button_two_text_size__hover=\u00bbnull\u00bb button_text_color__hover_enabled=\u00bboff\u00bb button_text_color__hover=\u00bbnull\u00bb button_one_text_color__hover_enabled=\u00bboff\u00bb button_one_text_color__hover=\u00bbnull\u00bb button_two_text_color__hover_enabled=\u00bboff\u00bb button_two_text_color__hover=\u00bbnull\u00bb button_border_width__hover_enabled=\u00bboff\u00bb button_border_width__hover=\u00bbnull\u00bb button_one_border_width__hover_enabled=\u00bboff\u00bb button_one_border_width__hover=\u00bbnull\u00bb button_two_border_width__hover_enabled=\u00bboff\u00bb button_two_border_width__hover=\u00bbnull\u00bb button_border_color__hover_enabled=\u00bboff\u00bb button_border_color__hover=\u00bbnull\u00bb button_one_border_color__hover_enabled=\u00bboff\u00bb button_one_border_color__hover=\u00bbnull\u00bb button_two_border_color__hover_enabled=\u00bboff\u00bb button_two_border_color__hover=\u00bbnull\u00bb button_border_radius__hover_enabled=\u00bboff\u00bb button_border_radius__hover=\u00bbnull\u00bb button_one_border_radius__hover_enabled=\u00bboff\u00bb button_one_border_radius__hover=\u00bbnull\u00bb button_two_border_radius__hover_enabled=\u00bboff\u00bb button_two_border_radius__hover=\u00bbnull\u00bb button_letter_spacing__hover_enabled=\u00bboff\u00bb button_letter_spacing__hover=\u00bbnull\u00bb button_one_letter_spacing__hover_enabled=\u00bboff\u00bb button_one_letter_spacing__hover=\u00bbnull\u00bb button_two_letter_spacing__hover_enabled=\u00bboff\u00bb button_two_letter_spacing__hover=\u00bbnull\u00bb button_bg_color__hover_enabled=\u00bboff\u00bb button_bg_color__hover=\u00bbnull\u00bb button_one_bg_color__hover_enabled=\u00bboff\u00bb button_one_bg_color__hover=\u00bbnull\u00bb button_two_bg_color__hover_enabled=\u00bboff\u00bb button_two_bg_color__hover=\u00bbnull\u00bb]<\/p>\n<p>[\/et_pb_button][et_pb_button admin_label=\u00bbFICHA\u00bb button_url=\u00bbhttps:\/\/www.parola.it\/es\/es-ficha-inscripcion\/\u00bb url_new_window=\u00bbon\u00bb button_text=\u00bbFORMULARIO\u00bb button_alignment=\u00bbleft\u00bb _builder_version=\u00bb4.16&#8243; custom_button=\u00bbon\u00bb button_icon=\u00bb&#x68;||divi||400&#8243; button_icon_placement=\u00bbleft\u00bb button_on_hover=\u00bboff\u00bb background_layout=\u00bbdark\u00bb custom_padding=\u00bb|||27px|false|false\u00bb locked=\u00bboff\u00bb global_colors_info=\u00bb{}\u00bb button_text_size__hover_enabled=\u00bboff\u00bb button_one_text_size__hover_enabled=\u00bboff\u00bb button_two_text_size__hover_enabled=\u00bboff\u00bb button_text_color__hover_enabled=\u00bboff\u00bb button_one_text_color__hover_enabled=\u00bboff\u00bb button_two_text_color__hover_enabled=\u00bboff\u00bb button_border_width__hover_enabled=\u00bboff\u00bb button_one_border_width__hover_enabled=\u00bboff\u00bb button_two_border_width__hover_enabled=\u00bboff\u00bb button_border_color__hover_enabled=\u00bboff\u00bb button_one_border_color__hover_enabled=\u00bboff\u00bb button_two_border_color__hover_enabled=\u00bboff\u00bb button_border_radius__hover_enabled=\u00bboff\u00bb button_one_border_radius__hover_enabled=\u00bboff\u00bb button_two_border_radius__hover_enabled=\u00bboff\u00bb button_letter_spacing__hover_enabled=\u00bboff\u00bb button_one_letter_spacing__hover_enabled=\u00bboff\u00bb button_two_letter_spacing__hover_enabled=\u00bboff\u00bb button_bg_color__hover_enabled=\u00bboff\u00bb button_one_bg_color__hover_enabled=\u00bboff\u00bb button_two_bg_color__hover_enabled=\u00bboff\u00bb]<\/p>\n<p>[\/et_pb_button][et_pb_social_media_follow admin_label=\u00bbSOCIAL MEDIA LOGO\u00bb url_new_window=\u00bboff\u00bb _builder_version=\u00bb4.16&#8243; background_layout=\u00bbdark\u00bb custom_margin=\u00bb20px|||||\u00bb z_index_tablet=\u00bb500&#8243; button_text_shadow_horizontal_length_tablet=\u00bb0px\u00bb button_text_shadow_vertical_length_tablet=\u00bb0px\u00bb button_text_shadow_blur_strength_tablet=\u00bb1px\u00bb box_shadow_horizontal_tablet=\u00bb0px\u00bb box_shadow_vertical_tablet=\u00bb0px\u00bb box_shadow_blur_tablet=\u00bb40px\u00bb box_shadow_spread_tablet=\u00bb0px\u00bb box_shadow_horizontal_button_tablet=\u00bb0px\u00bb box_shadow_vertical_button_tablet=\u00bb0px\u00bb box_shadow_blur_button_tablet=\u00bb40px\u00bb box_shadow_spread_button_tablet=\u00bb0px\u00bb text_shadow_horizontal_length_tablet=\u00bb0px\u00bb text_shadow_vertical_length_tablet=\u00bb0px\u00bb text_shadow_blur_strength_tablet=\u00bb1px\u00bb saved_tabs=\u00bball\u00bb global_colors_info=\u00bb{}\u00bb][et_pb_social_media_follow_network social_network=\u00bbfacebook\u00bb url=\u00bbhttps:\/\/www.facebook.com\/Italian.language.school.florence%20\/\u00bb _builder_version=\u00bb4.16&#8243; background_color=\u00bb#3b5998&#8243; global_colors_info=\u00bb{}\u00bb follow_button=\u00bboff\u00bb url_new_window=\u00bboff\u00bb]<\/p>\n<p>Facebook<\/p>\n<p>[\/et_pb_social_media_follow_network][et_pb_social_media_follow_network social_network=\u00bbtwitter\u00bb url=\u00bbhttps:\/\/twitter.com\/\u00bb _builder_version=\u00bb4.22.2&#8243; background_color=\u00bb#000000&#8243; global_colors_info=\u00bb{}\u00bb follow_button=\u00bboff\u00bb url_new_window=\u00bboff\u00bb]<\/p>\n<p>Twitter<\/p>\n<p>[\/et_pb_social_media_follow_network][et_pb_social_media_follow_network social_network=\u00bblinkedin\u00bb url=\u00bbhttps:\/\/www.linkedin.com\/feed\/\u00bb _builder_version=\u00bb4.16&#8243; background_color=\u00bb#007bb6&#8243; global_colors_info=\u00bb{}\u00bb follow_button=\u00bboff\u00bb url_new_window=\u00bboff\u00bb]<\/p>\n<p>LinkedIn<\/p>\n<p>[\/et_pb_social_media_follow_network][et_pb_social_media_follow_network social_network=\u00bbinstagram\u00bb url=\u00bbhttps:\/\/www.instagram.com\/scuola_parola\/?hl=it\u00bb _builder_version=\u00bb4.16&#8243; background_color=\u00bb#ea2c59&#8243; global_colors_info=\u00bb{}\u00bb follow_button=\u00bboff\u00bb url_new_window=\u00bboff\u00bb]<\/p>\n<p>Instagram<\/p>\n<p>[\/et_pb_social_media_follow_network][\/et_pb_social_media_follow][et_pb_image admin_label=\u00bbCILS Certified\u00bb src=\u00bbhttps:\/\/www.parola.it\/wp-content\/uploads\/2019\/11\/cils-certified-center.png\u00bb alt=\u00bbCILS logo of Parola Italian language school\u00bb _builder_version=\u00bb4.16&#8243; custom_margin=\u00bb||10px|0px|false|false\u00bb custom_padding=\u00bb|||26px|false|false\u00bb z_index_tablet=\u00bb500&#8243; box_shadow_horizontal_tablet=\u00bb0px\u00bb box_shadow_vertical_tablet=\u00bb0px\u00bb box_shadow_blur_tablet=\u00bb40px\u00bb box_shadow_spread_tablet=\u00bb0px\u00bb saved_tabs=\u00bball\u00bb global_colors_info=\u00bb{}\u00bb]<\/p>\n<p>[\/et_pb_image][et_pb_text admin_label=\u00bbLanguage international\u00bb _builder_version=\u00bb4.16&#8243; z_index_tablet=\u00bb500&#8243; text_text_shadow_horizontal_length_tablet=\u00bb0px\u00bb text_text_shadow_vertical_length_tablet=\u00bb0px\u00bb text_text_shadow_blur_strength_tablet=\u00bb1px\u00bb link_text_shadow_horizontal_length_tablet=\u00bb0px\u00bb link_text_shadow_vertical_length_tablet=\u00bb0px\u00bb link_text_shadow_blur_strength_tablet=\u00bb1px\u00bb ul_text_shadow_horizontal_length_tablet=\u00bb0px\u00bb ul_text_shadow_vertical_length_tablet=\u00bb0px\u00bb ul_text_shadow_blur_strength_tablet=\u00bb1px\u00bb ol_text_shadow_horizontal_length_tablet=\u00bb0px\u00bb ol_text_shadow_vertical_length_tablet=\u00bb0px\u00bb ol_text_shadow_blur_strength_tablet=\u00bb1px\u00bb quote_text_shadow_horizontal_length_tablet=\u00bb0px\u00bb quote_text_shadow_vertical_length_tablet=\u00bb0px\u00bb quote_text_shadow_blur_strength_tablet=\u00bb1px\u00bb header_text_shadow_horizontal_length_tablet=\u00bb0px\u00bb header_text_shadow_vertical_length_tablet=\u00bb0px\u00bb header_text_shadow_blur_strength_tablet=\u00bb1px\u00bb header_2_text_shadow_horizontal_length_tablet=\u00bb0px\u00bb header_2_text_shadow_vertical_length_tablet=\u00bb0px\u00bb header_2_text_shadow_blur_strength_tablet=\u00bb1px\u00bb header_3_text_shadow_horizontal_length_tablet=\u00bb0px\u00bb header_3_text_shadow_vertical_length_tablet=\u00bb0px\u00bb header_3_text_shadow_blur_strength_tablet=\u00bb1px\u00bb header_4_text_shadow_horizontal_length_tablet=\u00bb0px\u00bb header_4_text_shadow_vertical_length_tablet=\u00bb0px\u00bb header_4_text_shadow_blur_strength_tablet=\u00bb1px\u00bb header_5_text_shadow_horizontal_length_tablet=\u00bb0px\u00bb header_5_text_shadow_vertical_length_tablet=\u00bb0px\u00bb header_5_text_shadow_blur_strength_tablet=\u00bb1px\u00bb header_6_text_shadow_horizontal_length_tablet=\u00bb0px\u00bb header_6_text_shadow_vertical_length_tablet=\u00bb0px\u00bb header_6_text_shadow_blur_strength_tablet=\u00bb1px\u00bb box_shadow_horizontal_tablet=\u00bb0px\u00bb box_shadow_vertical_tablet=\u00bb0px\u00bb box_shadow_blur_tablet=\u00bb40px\u00bb box_shadow_spread_tablet=\u00bb0px\u00bb saved_tabs=\u00bball\u00bb global_colors_info=\u00bb{}\u00bb]<\/p>\n<div id=\"LI-CEO\"><script src=\"https:\/\/www.languageinternational.com\/badge\/coe?id=68832\"><\/script><\/div>\n<p>[\/et_pb_text][et_pb_text admin_label=\u00bbCURSOS\u00bb _builder_version=\u00bb4.16&#8243; module_alignment=\u00bbleft\u00bb custom_margin=\u00bb40px|||\u00bb saved_tabs=\u00bball\u00bb global_colors_info=\u00bb{}\u00bb]<\/p>\n<p><span style=\"font-size: large; color: #0c71c3;\"><strong>CURSOS DE LENGUA<\/strong><\/span><\/p>\n<p><a href=\"es-cursos-italiano-florencia\"><strong>CURSOS DE ITALIANO<\/strong><\/a><\/p>\n<p><strong><a href=\"es-cursos-grupo-italiano-florencia\">CURSOS\u00a0<\/a><\/strong><a href=\"es-cursos-grupo-italiano-florencia\"><strong>DE GRUPO<\/strong><\/a><\/p>\n<p><strong><a href=\"es-cursos-individuales\">CURSOS\u00a0<\/a><\/strong><a href=\"es-cursos-individuales\"><strong>INDIVIDUALES\u00a0<\/strong><\/a><\/p>\n<p><strong><a href=\"es-cursos-combinados-florencia\">CURSOS\u00a0<\/a><\/strong><strong><a href=\"es-cursos-combinados-florencia\">COMBINADOS<\/a><\/strong><\/p>\n<p><strong><a href=\"https:\/\/www.parola.it\/es\/clases-italiano-enlinea\/\">LECCIONES EN L\u00cdNEA<\/a><\/strong><\/p>\n<p><strong><a href=\"es-cursos-au-pair-florencia\">CURSOS PARA AU PAIR<\/a><\/strong><\/p>\n<p><a href=\"es-cursos-cils-florencia\"><strong>CURSOS CILS <\/strong><\/a><\/p>\n<p>[\/et_pb_text][et_pb_text admin_label=\u00bbINFORMACI\u00d3NES\u00bb _builder_version=\u00bb4.25.1&#8243; text_font=\u00bb||||\u00bb header_font=\u00bb||||\u00bb module_alignment=\u00bbleft\u00bb custom_margin=\u00bb40px||5px|||\u00bb custom_padding=\u00bb||0px|||\u00bb use_border_color=\u00bboff\u00bb global_module=\u00bb9049&#8243; saved_tabs=\u00bball\u00bb global_colors_info=\u00bb{}\u00bb]<\/p>\n<p><span style=\"font-size: x-large; color: #0c71c3;\"><strong>INFORMACI\u00d3N<\/strong><\/span><\/p>\n<p><strong><a href=\"es-escuela-italiano-florencia\">NUESTRA ESCUELA<\/a><\/strong><\/p>\n<p><strong><a href=\"es-precios-cursos\">PRECIOS\u00a0<\/a><\/strong><\/p>\n<p><strong><a href=\"https:\/\/www.parola.it\/es\/precio-italiano-enlinea\">PRECIOS ONLINE<\/a><\/strong><\/p>\n<p><strong><a href=\"https:\/\/www.parola.it\/es\/es-fechas-cursos-italiano-2\">FECHAS DE INICIO<\/a><\/strong><\/p>\n<p><strong><a href=\"es-metodos-cursos-italiano\">M\u00c9TODOS <\/a><\/strong><\/p>\n<p><strong><a href=\"https:\/\/www.parola.it\/es\/metodos-ensenanza-en-linea-italiana\">M\u00c9TODOS ONLINE<\/a><\/strong><\/p>\n<p><strong><a href=\"es-ubicacion-escuela-italiano\">UBICACI\u00d3N\u00a0<\/a><\/strong><\/p>\n<p><strong><a href=\"es-inscripcion-escuela\">INSCRIPCI\u00d3N <\/a><\/strong><\/p>\n<p><strong><a href=\"es-alojamiento-florencia\">ALOJAMIENTO<\/a><\/strong><\/p>\n<p><strong><a href=\"https:\/\/www.parola.it\/es\/es-niveles-italiano\">NIVELES<\/a><\/strong><\/p>\n<p><strong><a href=\"https:\/\/www.parola.it\/test-valutazione\">PRUEBA GRAMATICAL<\/a><\/strong><\/p>\n<p><span style=\"font-size: x-large; color: #0c71c3;\"><strong>VENTAJAS<\/strong><\/span><\/p>\n<p><strong><a href=\"https:\/\/www.parola.it\/es\/es-becas-cils\">BECAS<\/a><\/strong><\/p>\n<p><strong><a href=\"https:\/\/www.parola.it\/es\/es-ofertas-especiales-florencia\">DESCUENTOS<\/a><\/strong><\/p>\n<p>[\/et_pb_text][\/et_pb_column][\/et_pb_section][et_pb_section bb_built=\u00bb1&#8243; fullwidth=\u00bbon\u00bb _builder_version=\u00bb4.16&#8243; global_colors_info=\u00bb{}\u00bb prev_background_color=\u00bb#000000&#8243;][et_pb_fullwidth_menu menu_id=\u00bb2057&#8243; _builder_version=\u00bb4.16&#8243; global_colors_info=\u00bb{}\u00bb]<\/p>\n<p>[\/et_pb_fullwidth_menu][\/et_pb_section]<\/p>\n","protected":false},"excerpt":{"rendered":"<p>Precios de los cursos de Parola en FlorenciaNuestros cursos de italiano a precios asequiblesEmpieza a aprender italiano con nuestros convenientes programas de idiomas en Florencia.\u00a0La escuela Parola ofrece cursos de italiano de calidad en Florencia con una amplia variedad de precios asequibles y una gran flexibilidad. El precio de cada curso de lengua italiana incluye [&hellip;]<\/p>\n","protected":false},"author":2,"featured_media":67924,"parent":0,"menu_order":0,"comment_status":"closed","ping_status":"closed","template":"","meta":{"_et_pb_use_builder":"on","_et_pb_old_content":"","_et_gb_content_width":"","footnotes":""},"class_list":["post-73238","page","type-page","status-publish","has-post-thumbnail","hentry"],"yoast_head":"<!-- This site is optimized with the Yoast SEO plugin v27.4 - https:\/\/yoast.com\/product\/yoast-seo-wordpress\/ -->\n<title>Precios de los cursos de italiano en Florencia | Escuela Parola<\/title>\n<meta name=\"description\" content=\"Precios de los cursos de italiano en la escuela Parola. Tarifas de clases grupales, combinadas y individuales de italiano en Florencia.\" \/>\n<meta name=\"robots\" content=\"index, follow, max-snippet:-1, max-image-preview:large, max-video-preview:-1\" \/>\n<link rel=\"canonical\" href=\"https:\/\/www.parola.it\/es\/es-precios-cursos\/\" \/>\n<meta property=\"og:locale\" content=\"es_ES\" \/>\n<meta property=\"og:type\" content=\"article\" \/>\n<meta property=\"og:title\" content=\"Precios de los cursos de italiano en Florencia | Escuela Parola\" \/>\n<meta property=\"og:description\" content=\"Precios de los cursos de italiano en la escuela Parola. Tarifas de clases grupales, combinadas y individuales de italiano en Florencia.\" \/>\n<meta property=\"og:url\" content=\"https:\/\/www.parola.it\/es\/es-precios-cursos\/\" \/>\n<meta property=\"og:site_name\" content=\"Italian Language School in Florence\" \/>\n<meta property=\"article:publisher\" content=\"https:\/\/www.facebook.com\/Italian.language.school.florence\/\" \/>\n<meta property=\"article:modified_time\" content=\"2026-03-05T13:49:45+00:00\" \/>\n<meta property=\"og:image\" content=\"https:\/\/www.parola.it\/wp-content\/uploads\/2023\/11\/curso-italiano-grupo-florencia.jpeg\" \/>\n\t<meta property=\"og:image:width\" content=\"1920\" \/>\n\t<meta property=\"og:image:height\" content=\"1080\" \/>\n\t<meta property=\"og:image:type\" content=\"image\/jpeg\" \/>\n<meta name=\"twitter:card\" content=\"summary_large_image\" \/>\n<meta name=\"twitter:site\" content=\"@Parola_School\" \/>\n<meta name=\"twitter:label1\" content=\"Tiempo de lectura\" \/>\n\t<meta name=\"twitter:data1\" content=\"6 minutos\" \/>\n<script type=\"application\/ld+json\" class=\"yoast-schema-graph\">{\"@context\":\"https:\\\/\\\/schema.org\",\"@graph\":[{\"@type\":\"WebPage\",\"@id\":\"https:\\\/\\\/www.parola.it\\\/es\\\/es-precios-cursos\\\/\",\"url\":\"https:\\\/\\\/www.parola.it\\\/es\\\/es-precios-cursos\\\/\",\"name\":\"Precios de los cursos de italiano en Florencia | Escuela Parola\",\"isPartOf\":{\"@id\":\"https:\\\/\\\/www.parola.it\\\/#website\"},\"primaryImageOfPage\":{\"@id\":\"https:\\\/\\\/www.parola.it\\\/es\\\/es-precios-cursos\\\/#primaryimage\"},\"image\":{\"@id\":\"https:\\\/\\\/www.parola.it\\\/es\\\/es-precios-cursos\\\/#primaryimage\"},\"thumbnailUrl\":\"https:\\\/\\\/www.parola.it\\\/wp-content\\\/uploads\\\/2023\\\/11\\\/curso-italiano-grupo-florencia.jpeg\",\"datePublished\":\"2025-02-07T13:21:03+00:00\",\"dateModified\":\"2026-03-05T13:49:45+00:00\",\"description\":\"Precios de los cursos de italiano en la escuela Parola. Tarifas de clases grupales, combinadas y individuales de italiano en Florencia.\",\"breadcrumb\":{\"@id\":\"https:\\\/\\\/www.parola.it\\\/es\\\/es-precios-cursos\\\/#breadcrumb\"},\"inLanguage\":\"es\",\"potentialAction\":[{\"@type\":\"ReadAction\",\"target\":[\"https:\\\/\\\/www.parola.it\\\/es\\\/es-precios-cursos\\\/\"]}]},{\"@type\":\"ImageObject\",\"inLanguage\":\"es\",\"@id\":\"https:\\\/\\\/www.parola.it\\\/es\\\/es-precios-cursos\\\/#primaryimage\",\"url\":\"https:\\\/\\\/www.parola.it\\\/wp-content\\\/uploads\\\/2023\\\/11\\\/curso-italiano-grupo-florencia.jpeg\",\"contentUrl\":\"https:\\\/\\\/www.parola.it\\\/wp-content\\\/uploads\\\/2023\\\/11\\\/curso-italiano-grupo-florencia.jpeg\",\"width\":1920,\"height\":1080,\"caption\":\"Estudiantes de la escuela Parola en Florencia\"},{\"@type\":\"BreadcrumbList\",\"@id\":\"https:\\\/\\\/www.parola.it\\\/es\\\/es-precios-cursos\\\/#breadcrumb\",\"itemListElement\":[{\"@type\":\"ListItem\",\"position\":1,\"name\":\"Accueil\",\"item\":\"https:\\\/\\\/www.parola.it\\\/es\\\/\"},{\"@type\":\"ListItem\",\"position\":2,\"name\":\"PRECIOS\"}]},{\"@type\":\"WebSite\",\"@id\":\"https:\\\/\\\/www.parola.it\\\/#website\",\"url\":\"https:\\\/\\\/www.parola.it\\\/\",\"name\":\"Italian Language School in Florence | Parola School\",\"description\":\"Learn Italian with Parola Italian Language School\",\"publisher\":{\"@id\":\"https:\\\/\\\/www.parola.it\\\/#organization\"},\"alternateName\":\"Parola School\",\"potentialAction\":[{\"@type\":\"SearchAction\",\"target\":{\"@type\":\"EntryPoint\",\"urlTemplate\":\"https:\\\/\\\/www.parola.it\\\/?s={search_term_string}\"},\"query-input\":{\"@type\":\"PropertyValueSpecification\",\"valueRequired\":true,\"valueName\":\"search_term_string\"}}],\"inLanguage\":\"es\"},{\"@type\":\"Organization\",\"@id\":\"https:\\\/\\\/www.parola.it\\\/#organization\",\"name\":\"Parola Italian Language School in Florence\",\"alternateName\":\"Italian Language Courses in Florence\",\"url\":\"https:\\\/\\\/www.parola.it\\\/\",\"logo\":{\"@type\":\"ImageObject\",\"inLanguage\":\"es\",\"@id\":\"https:\\\/\\\/www.parola.it\\\/#\\\/schema\\\/logo\\\/image\\\/\",\"url\":\"https:\\\/\\\/www.parola.it\\\/wp-content\\\/uploads\\\/2019\\\/03\\\/logo-parola-language-school-1-e1721760774400.png\",\"contentUrl\":\"https:\\\/\\\/www.parola.it\\\/wp-content\\\/uploads\\\/2019\\\/03\\\/logo-parola-language-school-1-e1721760774400.png\",\"width\":145,\"height\":53,\"caption\":\"Parola Italian Language School in Florence\"},\"image\":{\"@id\":\"https:\\\/\\\/www.parola.it\\\/#\\\/schema\\\/logo\\\/image\\\/\"},\"sameAs\":[\"https:\\\/\\\/www.facebook.com\\\/Italian.language.school.florence\\\/\",\"https:\\\/\\\/x.com\\\/Parola_School\",\"https:\\\/\\\/www.instagram.com\\\/scuola_parola\\\/?hl=it\",\"https:\\\/\\\/www.linkedin.com\\\/in\\\/parola-italian-language-school-0a504114\\\/\",\"https:\\\/\\\/it.pinterest.com\\\/pin\\\/10344274122092210\\\/\",\"https:\\\/\\\/www.youtube.com\\\/channel\\\/UCKQkiBkXnIh9Df27KWD66rA?view_as=subscriber\",\"https:\\\/\\\/www.tripadvisor.com\\\/Attraction_Review-g187895-d4133618-Reviews-Parola_Italian_Language_School-Florence_Tuscany\"]}]}<\/script>\n<!-- \/ Yoast SEO plugin. -->","yoast_head_json":{"title":"Precios de los cursos de italiano en Florencia | Escuela Parola","description":"Precios de los cursos de italiano en la escuela Parola. Tarifas de clases grupales, combinadas y individuales de italiano en Florencia.","robots":{"index":"index","follow":"follow","max-snippet":"max-snippet:-1","max-image-preview":"max-image-preview:large","max-video-preview":"max-video-preview:-1"},"canonical":"https:\/\/www.parola.it\/es\/es-precios-cursos\/","og_locale":"es_ES","og_type":"article","og_title":"Precios de los cursos de italiano en Florencia | Escuela Parola","og_description":"Precios de los cursos de italiano en la escuela Parola. Tarifas de clases grupales, combinadas y individuales de italiano en Florencia.","og_url":"https:\/\/www.parola.it\/es\/es-precios-cursos\/","og_site_name":"Italian Language School in Florence","article_publisher":"https:\/\/www.facebook.com\/Italian.language.school.florence\/","article_modified_time":"2026-03-05T13:49:45+00:00","og_image":[{"width":1920,"height":1080,"url":"https:\/\/www.parola.it\/wp-content\/uploads\/2023\/11\/curso-italiano-grupo-florencia.jpeg","type":"image\/jpeg"}],"twitter_card":"summary_large_image","twitter_site":"@Parola_School","twitter_misc":{"Tiempo de lectura":"6 minutos"},"schema":{"@context":"https:\/\/schema.org","@graph":[{"@type":"WebPage","@id":"https:\/\/www.parola.it\/es\/es-precios-cursos\/","url":"https:\/\/www.parola.it\/es\/es-precios-cursos\/","name":"Precios de los cursos de italiano en Florencia | Escuela Parola","isPartOf":{"@id":"https:\/\/www.parola.it\/#website"},"primaryImageOfPage":{"@id":"https:\/\/www.parola.it\/es\/es-precios-cursos\/#primaryimage"},"image":{"@id":"https:\/\/www.parola.it\/es\/es-precios-cursos\/#primaryimage"},"thumbnailUrl":"https:\/\/www.parola.it\/wp-content\/uploads\/2023\/11\/curso-italiano-grupo-florencia.jpeg","datePublished":"2025-02-07T13:21:03+00:00","dateModified":"2026-03-05T13:49:45+00:00","description":"Precios de los cursos de italiano en la escuela Parola. Tarifas de clases grupales, combinadas y individuales de italiano en Florencia.","breadcrumb":{"@id":"https:\/\/www.parola.it\/es\/es-precios-cursos\/#breadcrumb"},"inLanguage":"es","potentialAction":[{"@type":"ReadAction","target":["https:\/\/www.parola.it\/es\/es-precios-cursos\/"]}]},{"@type":"ImageObject","inLanguage":"es","@id":"https:\/\/www.parola.it\/es\/es-precios-cursos\/#primaryimage","url":"https:\/\/www.parola.it\/wp-content\/uploads\/2023\/11\/curso-italiano-grupo-florencia.jpeg","contentUrl":"https:\/\/www.parola.it\/wp-content\/uploads\/2023\/11\/curso-italiano-grupo-florencia.jpeg","width":1920,"height":1080,"caption":"Estudiantes de la escuela Parola en Florencia"},{"@type":"BreadcrumbList","@id":"https:\/\/www.parola.it\/es\/es-precios-cursos\/#breadcrumb","itemListElement":[{"@type":"ListItem","position":1,"name":"Accueil","item":"https:\/\/www.parola.it\/es\/"},{"@type":"ListItem","position":2,"name":"PRECIOS"}]},{"@type":"WebSite","@id":"https:\/\/www.parola.it\/#website","url":"https:\/\/www.parola.it\/","name":"Italian Language School in Florence | Parola School","description":"Learn Italian with Parola Italian Language School","publisher":{"@id":"https:\/\/www.parola.it\/#organization"},"alternateName":"Parola School","potentialAction":[{"@type":"SearchAction","target":{"@type":"EntryPoint","urlTemplate":"https:\/\/www.parola.it\/?s={search_term_string}"},"query-input":{"@type":"PropertyValueSpecification","valueRequired":true,"valueName":"search_term_string"}}],"inLanguage":"es"},{"@type":"Organization","@id":"https:\/\/www.parola.it\/#organization","name":"Parola Italian Language School in Florence","alternateName":"Italian Language Courses in Florence","url":"https:\/\/www.parola.it\/","logo":{"@type":"ImageObject","inLanguage":"es","@id":"https:\/\/www.parola.it\/#\/schema\/logo\/image\/","url":"https:\/\/www.parola.it\/wp-content\/uploads\/2019\/03\/logo-parola-language-school-1-e1721760774400.png","contentUrl":"https:\/\/www.parola.it\/wp-content\/uploads\/2019\/03\/logo-parola-language-school-1-e1721760774400.png","width":145,"height":53,"caption":"Parola Italian Language School in Florence"},"image":{"@id":"https:\/\/www.parola.it\/#\/schema\/logo\/image\/"},"sameAs":["https:\/\/www.facebook.com\/Italian.language.school.florence\/","https:\/\/x.com\/Parola_School","https:\/\/www.instagram.com\/scuola_parola\/?hl=it","https:\/\/www.linkedin.com\/in\/parola-italian-language-school-0a504114\/","https:\/\/it.pinterest.com\/pin\/10344274122092210\/","https:\/\/www.youtube.com\/channel\/UCKQkiBkXnIh9Df27KWD66rA?view_as=subscriber","https:\/\/www.tripadvisor.com\/Attraction_Review-g187895-d4133618-Reviews-Parola_Italian_Language_School-Florence_Tuscany"]}]}},"_links":{"self":[{"href":"https:\/\/www.parola.it\/es\/wp-json\/wp\/v2\/pages\/73238","targetHints":{"allow":["GET"]}}],"collection":[{"href":"https:\/\/www.parola.it\/es\/wp-json\/wp\/v2\/pages"}],"about":[{"href":"https:\/\/www.parola.it\/es\/wp-json\/wp\/v2\/types\/page"}],"author":[{"embeddable":true,"href":"https:\/\/www.parola.it\/es\/wp-json\/wp\/v2\/users\/2"}],"replies":[{"embeddable":true,"href":"https:\/\/www.parola.it\/es\/wp-json\/wp\/v2\/comments?post=73238"}],"version-history":[{"count":5,"href":"https:\/\/www.parola.it\/es\/wp-json\/wp\/v2\/pages\/73238\/revisions"}],"predecessor-version":[{"id":77087,"href":"https:\/\/www.parola.it\/es\/wp-json\/wp\/v2\/pages\/73238\/revisions\/77087"}],"wp:featuredmedia":[{"embeddable":true,"href":"https:\/\/www.parola.it\/es\/wp-json\/wp\/v2\/media\/67924"}],"wp:attachment":[{"href":"https:\/\/www.parola.it\/es\/wp-json\/wp\/v2\/media?parent=73238"}],"curies":[{"name":"wp","href":"https:\/\/api.w.org\/{rel}","templated":true}]}}