{"id":541,"date":"2017-10-06T13:26:31","date_gmt":"2017-10-06T11:26:31","guid":{"rendered":"https:\/\/www.parola.it\/italian-courses\/"},"modified":"2025-03-24T13:04:36","modified_gmt":"2025-03-24T12:04:36","slug":"es-cursos-italiano-florencia","status":"publish","type":"page","link":"https:\/\/www.parola.it\/es\/es-cursos-italiano-florencia\/","title":{"rendered":"CURSOS DE ITALIANO"},"content":{"rendered":"<p>[et_pb_section fb_built=\u00bb1&#8243; fullwidth=\u00bbon\u00bb _builder_version=\u00bb4.16&#8243; global_colors_info=\u00bb{}\u00bb][et_pb_fullwidth_slider show_content_on_mobile=\u00bboff\u00bb show_cta_on_mobile=\u00bboff\u00bb use_bg_overlay=\u00bboff\u00bb use_text_overlay=\u00bboff\u00bb _builder_version=\u00bb4.22.2&#8243; header_font_size=\u00bb40px\u00bb background_size=\u00bbinitial\u00bb background_position=\u00bbtop_left\u00bb background_repeat=\u00bbrepeat\u00bb auto=\u00bbon\u00bb auto_speed=\u00bb3000&#8243; auto_ignore_hover=\u00bbon\u00bb z_index_tablet=\u00bb500&#8243; header_text_shadow_horizontal_length_tablet=\u00bb0px\u00bb header_text_shadow_vertical_length_tablet=\u00bb0px\u00bb header_text_shadow_blur_strength_tablet=\u00bb1px\u00bb body_text_shadow_horizontal_length_tablet=\u00bb0px\u00bb body_text_shadow_vertical_length_tablet=\u00bb0px\u00bb body_text_shadow_blur_strength_tablet=\u00bb1px\u00bb body_link_text_shadow_horizontal_length_tablet=\u00bb0px\u00bb body_link_text_shadow_vertical_length_tablet=\u00bb0px\u00bb body_link_text_shadow_blur_strength_tablet=\u00bb1px\u00bb body_ul_text_shadow_horizontal_length_tablet=\u00bb0px\u00bb body_ul_text_shadow_vertical_length_tablet=\u00bb0px\u00bb body_ul_text_shadow_blur_strength_tablet=\u00bb1px\u00bb body_ol_text_shadow_horizontal_length_tablet=\u00bb0px\u00bb body_ol_text_shadow_vertical_length_tablet=\u00bb0px\u00bb body_ol_text_shadow_blur_strength_tablet=\u00bb1px\u00bb body_quote_text_shadow_horizontal_length_tablet=\u00bb0px\u00bb body_quote_text_shadow_vertical_length_tablet=\u00bb0px\u00bb body_quote_text_shadow_blur_strength_tablet=\u00bb1px\u00bb button_text_shadow_horizontal_length_tablet=\u00bb0px\u00bb button_text_shadow_vertical_length_tablet=\u00bb0px\u00bb button_text_shadow_blur_strength_tablet=\u00bb1px\u00bb box_shadow_horizontal_tablet=\u00bb0px\u00bb box_shadow_vertical_tablet=\u00bb0px\u00bb box_shadow_blur_tablet=\u00bb40px\u00bb box_shadow_spread_tablet=\u00bb0px\u00bb box_shadow_horizontal_image_tablet=\u00bb0px\u00bb box_shadow_vertical_image_tablet=\u00bb0px\u00bb box_shadow_blur_image_tablet=\u00bb40px\u00bb box_shadow_spread_image_tablet=\u00bb0px\u00bb box_shadow_horizontal_button_tablet=\u00bb0px\u00bb box_shadow_vertical_button_tablet=\u00bb0px\u00bb box_shadow_blur_button_tablet=\u00bb40px\u00bb box_shadow_spread_button_tablet=\u00bb0px\u00bb text_shadow_horizontal_length_tablet=\u00bb0px\u00bb text_shadow_vertical_length_tablet=\u00bb0px\u00bb text_shadow_blur_strength_tablet=\u00bb1px\u00bb global_colors_info=\u00bb{}\u00bb button_text_size__hover_enabled=\u00bboff\u00bb button_one_text_size__hover_enabled=\u00bboff\u00bb button_two_text_size__hover_enabled=\u00bboff\u00bb button_text_color__hover_enabled=\u00bboff\u00bb button_one_text_color__hover_enabled=\u00bboff\u00bb button_two_text_color__hover_enabled=\u00bboff\u00bb button_border_width__hover_enabled=\u00bboff\u00bb button_one_border_width__hover_enabled=\u00bboff\u00bb button_two_border_width__hover_enabled=\u00bboff\u00bb button_border_color__hover_enabled=\u00bboff\u00bb button_one_border_color__hover_enabled=\u00bboff\u00bb button_two_border_color__hover_enabled=\u00bboff\u00bb button_border_radius__hover_enabled=\u00bboff\u00bb button_one_border_radius__hover_enabled=\u00bboff\u00bb button_two_border_radius__hover_enabled=\u00bboff\u00bb button_letter_spacing__hover_enabled=\u00bboff\u00bb button_one_letter_spacing__hover_enabled=\u00bboff\u00bb button_two_letter_spacing__hover_enabled=\u00bboff\u00bb button_bg_color__hover_enabled=\u00bboff\u00bb button_one_bg_color__hover_enabled=\u00bboff\u00bb button_two_bg_color__hover_enabled=\u00bboff\u00bb][et_pb_slide heading=\u00bbAprende italiano con nuestros cursos en el centro de Florencia \u00bb button_text=\u00bbLOS PRECIOS\u00bb button_link=\u00bbhttps:\/\/www.parola.it\/es\/es-precios-cursos\u00bb use_bg_overlay=\u00bbon\u00bb bg_overlay_color=\u00bbrgba(0,0,0,0.1)\u00bb use_text_overlay=\u00bboff\u00bb _builder_version=\u00bb4.22.2&#8243; header_font=\u00bb||||\u00bb body_font=\u00bb||||\u00bb background_color=\u00bb#ffffff\u00bb background_image=\u00bbhttps:\/\/www.parola.it\/wp-content\/uploads\/2023\/11\/estudiantes-escuela-parola.jpeg\u00bb background_enable_image=\u00bbon\u00bb background_position=\u00bbtop_left\u00bb button_on_hover=\u00bbon\u00bb background_color_gradient_direction_tablet=\u00bb180deg\u00bb background_color_gradient_direction_phone=\u00bb180deg\u00bb background_color_gradient_stops_tablet=\u00bb#2b87da 0%|#29c4a9 100%\u00bb background_color_gradient_stops_phone=\u00bb#2b87da 0%|#29c4a9 100%\u00bb background_color_gradient_start_position_tablet=\u00bb0%\u00bb background_color_gradient_start_position_phone=\u00bb0%\u00bb background_color_gradient_end_position_tablet=\u00bb100%\u00bb background_color_gradient_end_position_phone=\u00bb100%\u00bb child_filter_hue_rotate_tablet=\u00bb0deg\u00bb child_filter_hue_rotate_phone=\u00bb0deg\u00bb child_filter_saturate_tablet=\u00bb100%\u00bb child_filter_saturate_phone=\u00bb100%\u00bb child_filter_brightness_tablet=\u00bb100%\u00bb child_filter_brightness_phone=\u00bb100%\u00bb child_filter_contrast_tablet=\u00bb100%\u00bb child_filter_contrast_phone=\u00bb100%\u00bb child_filter_invert_tablet=\u00bb0%\u00bb child_filter_invert_phone=\u00bb0%\u00bb child_filter_sepia_tablet=\u00bb0%\u00bb child_filter_sepia_phone=\u00bb0%\u00bb child_filter_opacity_tablet=\u00bb100%\u00bb child_filter_opacity_phone=\u00bb100%\u00bb child_filter_blur_tablet=\u00bb0px\u00bb child_filter_blur_phone=\u00bb0px\u00bb hover_transition_duration_tablet=\u00bb300ms\u00bb hover_transition_duration_phone=\u00bb300ms\u00bb hover_transition_delay_tablet=\u00bb0ms\u00bb hover_transition_delay_phone=\u00bb0ms\u00bb header_text_shadow_horizontal_length_tablet=\u00bb0px\u00bb header_text_shadow_horizontal_length_phone=\u00bb0px\u00bb header_text_shadow_vertical_length_tablet=\u00bb0px\u00bb header_text_shadow_vertical_length_phone=\u00bb0px\u00bb header_text_shadow_blur_strength_tablet=\u00bb1px\u00bb header_text_shadow_blur_strength_phone=\u00bb1px\u00bb body_text_shadow_horizontal_length_tablet=\u00bb0px\u00bb body_text_shadow_horizontal_length_phone=\u00bb0px\u00bb body_text_shadow_vertical_length_tablet=\u00bb0px\u00bb body_text_shadow_vertical_length_phone=\u00bb0px\u00bb body_text_shadow_blur_strength_tablet=\u00bb1px\u00bb body_text_shadow_blur_strength_phone=\u00bb1px\u00bb body_link_text_shadow_horizontal_length_tablet=\u00bb0px\u00bb body_link_text_shadow_horizontal_length_phone=\u00bb0px\u00bb body_link_text_shadow_vertical_length_tablet=\u00bb0px\u00bb body_link_text_shadow_vertical_length_phone=\u00bb0px\u00bb body_link_text_shadow_blur_strength_tablet=\u00bb1px\u00bb body_link_text_shadow_blur_strength_phone=\u00bb1px\u00bb body_ul_text_shadow_horizontal_length_tablet=\u00bb0px\u00bb body_ul_text_shadow_horizontal_length_phone=\u00bb0px\u00bb body_ul_text_shadow_vertical_length_tablet=\u00bb0px\u00bb body_ul_text_shadow_vertical_length_phone=\u00bb0px\u00bb body_ul_text_shadow_blur_strength_tablet=\u00bb1px\u00bb body_ul_text_shadow_blur_strength_phone=\u00bb1px\u00bb body_ol_text_shadow_horizontal_length_tablet=\u00bb0px\u00bb body_ol_text_shadow_horizontal_length_phone=\u00bb0px\u00bb body_ol_text_shadow_vertical_length_tablet=\u00bb0px\u00bb body_ol_text_shadow_vertical_length_phone=\u00bb0px\u00bb body_ol_text_shadow_blur_strength_tablet=\u00bb1px\u00bb body_ol_text_shadow_blur_strength_phone=\u00bb1px\u00bb body_quote_text_shadow_horizontal_length_tablet=\u00bb0px\u00bb body_quote_text_shadow_horizontal_length_phone=\u00bb0px\u00bb body_quote_text_shadow_vertical_length_tablet=\u00bb0px\u00bb body_quote_text_shadow_vertical_length_phone=\u00bb0px\u00bb body_quote_text_shadow_blur_strength_tablet=\u00bb1px\u00bb body_quote_text_shadow_blur_strength_phone=\u00bb1px\u00bb button_text_shadow_horizontal_length_tablet=\u00bb0px\u00bb button_text_shadow_horizontal_length_phone=\u00bb0px\u00bb button_text_shadow_vertical_length_tablet=\u00bb0px\u00bb button_text_shadow_vertical_length_phone=\u00bb0px\u00bb button_text_shadow_blur_strength_tablet=\u00bb1px\u00bb button_text_shadow_blur_strength_phone=\u00bb1px\u00bb box_shadow_horizontal_image_tablet=\u00bb0px\u00bb box_shadow_horizontal_image_phone=\u00bb0px\u00bb box_shadow_vertical_image_tablet=\u00bb0px\u00bb box_shadow_vertical_image_phone=\u00bb0px\u00bb box_shadow_blur_image_tablet=\u00bb40px\u00bb box_shadow_blur_image_phone=\u00bb40px\u00bb box_shadow_spread_image_tablet=\u00bb0px\u00bb box_shadow_spread_image_phone=\u00bb0px\u00bb box_shadow_horizontal_button_tablet=\u00bb0px\u00bb box_shadow_horizontal_button_phone=\u00bb0px\u00bb box_shadow_vertical_button_tablet=\u00bb0px\u00bb box_shadow_vertical_button_phone=\u00bb0px\u00bb box_shadow_blur_button_tablet=\u00bb40px\u00bb box_shadow_blur_button_phone=\u00bb40px\u00bb box_shadow_spread_button_tablet=\u00bb0px\u00bb box_shadow_spread_button_phone=\u00bb0px\u00bb text_shadow_horizontal_length_tablet=\u00bb0px\u00bb text_shadow_horizontal_length_phone=\u00bb0px\u00bb text_shadow_vertical_length_tablet=\u00bb0px\u00bb text_shadow_vertical_length_phone=\u00bb0px\u00bb text_shadow_blur_strength_tablet=\u00bb1px\u00bb text_shadow_blur_strength_phone=\u00bb1px\u00bb global_colors_info=\u00bb{}\u00bb button_text_size__hover_enabled=\u00bboff\u00bb button_one_text_size__hover_enabled=\u00bboff\u00bb button_two_text_size__hover_enabled=\u00bboff\u00bb button_text_color__hover_enabled=\u00bboff\u00bb button_one_text_color__hover_enabled=\u00bboff\u00bb button_two_text_color__hover_enabled=\u00bboff\u00bb button_border_width__hover_enabled=\u00bboff\u00bb button_one_border_width__hover_enabled=\u00bboff\u00bb button_two_border_width__hover_enabled=\u00bboff\u00bb button_border_color__hover_enabled=\u00bboff\u00bb button_one_border_color__hover_enabled=\u00bboff\u00bb button_two_border_color__hover_enabled=\u00bboff\u00bb button_border_radius__hover_enabled=\u00bboff\u00bb button_one_border_radius__hover_enabled=\u00bboff\u00bb button_two_border_radius__hover_enabled=\u00bboff\u00bb button_letter_spacing__hover_enabled=\u00bboff\u00bb button_one_letter_spacing__hover_enabled=\u00bboff\u00bb button_two_letter_spacing__hover_enabled=\u00bboff\u00bb button_bg_color__hover_enabled=\u00bboff\u00bb button_one_bg_color__hover_enabled=\u00bboff\u00bb button_two_bg_color__hover_enabled=\u00bboff\u00bb sticky_transition=\u00bbon\u00bb][\/et_pb_slide][\/et_pb_fullwidth_slider][\/et_pb_section][et_pb_section fb_built=\u00bb1&#8243; specialty=\u00bbon\u00bb _builder_version=\u00bb4.16&#8243; global_colors_info=\u00bb{}\u00bb][et_pb_column type=\u00bb3_4&#8243; specialty_columns=\u00bb3&#8243; _builder_version=\u00bb4.16&#8243; custom_padding=\u00bb|||\u00bb global_colors_info=\u00bb{}\u00bb custom_padding__hover=\u00bb|||\u00bb][et_pb_row_inner column_structure=\u00bbundefined\u00bb admin_label=\u00bbRiga\u00bb _builder_version=\u00bb4.16&#8243; custom_padding=\u00bb0px|0px|29.6719px|0px\u00bb global_colors_info=\u00bb{}\u00bb][et_pb_column_inner type=\u00bbundefined\u00bb saved_specialty_column_type=\u00bb3_4&#8243; _builder_version=\u00bb4.16&#8243; custom_padding=\u00bb|||\u00bb global_colors_info=\u00bb{}\u00bb custom_padding__hover=\u00bb|||\u00bb][et_pb_text _builder_version=\u00bb4.22.2&#8243; module_alignment=\u00bbleft\u00bb custom_margin=\u00bb30px||2px||false|false\u00bb custom_padding=\u00bb||0px|||\u00bb global_colors_info=\u00bb{}\u00bb]<\/p>\n<h1 style=\"text-align: left;\">Cursos de italiano en Florencia con Parola<\/h1>\n<h2>Los cursos de lengua italiana de calidad con la escuela Parola<\/h2>\n<p>No pierdas la oportunidad de <strong>aprender italiano con buenos resultados a trav\u00e9s de la variedad de cursos y m\u00e9todos de ense\u00f1anza<\/strong> que ofrece la escuela Parola.<\/p>\n<p>Nuestros estudiantes pueden elegir entre una <strong>variedad de cursos de italiano<\/strong> de calidad que se adaptan a sus preferencias de aprendizaje: desde clases en grupo hasta clases individuales o clases combinadas.<\/p>\n<p>[\/et_pb_text][et_pb_divider color=\u00bb#d6d6d6&#8243; admin_label=\u00bbModulo separatore giusto\u00bb _builder_version=\u00bb4.16&#8243; background_color=\u00bb#ffffff\u00bb min_height=\u00bb0px\u00bb height=\u00bb3px\u00bb custom_margin=\u00bb27px||20px||false|false\u00bb custom_padding=\u00bb0px||||false|false\u00bb border_color_all=\u00bbrgba(0,0,0,0)\u00bb border_style_all=\u00bbnone\u00bb border_color_top=\u00bb#999999&#8243; border_style_top=\u00bbsolid\u00bb border_style_left=\u00bboutset\u00bb saved_tabs=\u00bball\u00bb global_colors_info=\u00bb{}\u00bb][\/et_pb_divider][et_pb_text _builder_version=\u00bb4.22.2&#8243; _module_preset=\u00bbdefault\u00bb global_colors_info=\u00bb{}\u00bb]<\/p>\n<p>Los cursos de italiano en Florencia se llevan a cabo durante<strong>\u00a0todo el a\u00f1o<\/strong>, en el centro hist\u00f3rico de Florencia, de lunes a viernes. Est\u00e1n divididos en <strong>6 <a href=\"es-niveles-italiano\">niveles<\/a>, desde el nivel A1 hasta el C2<\/strong>.<\/p>\n<p>Las lecciones se desarrollan durante la ma\u00f1ana o la tarde y duran 2, 3, 4 o m\u00e1s semanas.<\/p>\n<p>[\/et_pb_text][et_pb_button button_url=\u00bbhttps:\/\/www.parola.it\/es\/es-precios-cursos\u00bb button_text=\u00bbPRECIOS\u00bb _builder_version=\u00bb4.22.2&#8243; _module_preset=\u00bbdefault\u00bb background_layout=\u00bbdark\u00bb custom_margin=\u00bb30px||||false|false\u00bb global_colors_info=\u00bb{}\u00bb][\/et_pb_button][et_pb_text _builder_version=\u00bb4.16&#8243; _module_preset=\u00bbdefault\u00bb global_colors_info=\u00bb{}\u00bb]<\/p>\n<h3>Cursos flexibles durante todo el a\u00f1o en el coraz\u00f3n de Florencia<\/h3>\n<p>Los cursos de lengua italiana en la escuela Parola se llevan a cabo durante todo el a\u00f1o, de\u00a0<strong>lunes a viernes<\/strong>, y est\u00e1n abiertos a estudiantes de todas las edades.<\/p>\n<p>La escuela Parola tambi\u00e9n ofrece <strong>cursos de italiano por la tarde\u00a0<\/strong>para estudiantes que trabajan o estudian en Florencia y para nuestros estudiantes que desean profundizar el conocimiento de la lengua.<\/p>\n<p>[\/et_pb_text][et_pb_image src=\u00bbhttps:\/\/www.parola.it\/wp-content\/uploads\/2023\/12\/entrada-escuela-italiano.jpeg\u00bb alt=\u00bbEntrada de la escuela de italiano Parola en Florencia\u00bb title_text=\u00bbentrada-escuela-italiano\u00bb _builder_version=\u00bb4.22.2&#8243; _module_preset=\u00bbdefault\u00bb global_colors_info=\u00bb{}\u00bb][\/et_pb_image][et_pb_divider color=\u00bb#d6d6d6&#8243; admin_label=\u00bbModulo separatore giusto\u00bb _builder_version=\u00bb4.16&#8243; background_color=\u00bb#ffffff\u00bb min_height=\u00bb0px\u00bb height=\u00bb3px\u00bb custom_margin=\u00bb27px||20px||false|false\u00bb custom_padding=\u00bb0px||||false|false\u00bb border_color_all=\u00bbrgba(0,0,0,0)\u00bb border_style_all=\u00bbnone\u00bb border_color_top=\u00bb#999999&#8243; border_style_top=\u00bbsolid\u00bb border_style_left=\u00bboutset\u00bb saved_tabs=\u00bball\u00bb global_colors_info=\u00bb{}\u00bb][\/et_pb_divider][et_pb_text _builder_version=\u00bb4.16&#8243; global_colors_info=\u00bb{}\u00bb]<\/p>\n<p>Nuestro instituto de italiano ofrece <strong>una amplia selecci\u00f3n de cursos de idioma italiano<\/strong> que van desde clases grupales hasta clases individuales, as\u00ed como cursos especializados de italiano.<\/p>\n<p><span>Los programas did\u00e1cticos de italiano pueden durar hasta<\/span><strong>\u00a0seis meses y cubrir los seis niveles\u00a0<\/strong><span>de aprendizaje de la escuela.<\/span><\/p>\n<p>[\/et_pb_text][et_pb_button button_url=\u00bbhttps:\/\/www.parola.it\/es\/es-niveles-italiano\u00bb button_text=\u00bbLOS NIVELES\u00bb _builder_version=\u00bb4.16&#8243; background_layout=\u00bbdark\u00bb z_index_tablet=\u00bb500&#8243; button_text_shadow_horizontal_length_tablet=\u00bb0px\u00bb button_text_shadow_vertical_length_tablet=\u00bb0px\u00bb button_text_shadow_blur_strength_tablet=\u00bb1px\u00bb box_shadow_horizontal_tablet=\u00bb0px\u00bb box_shadow_vertical_tablet=\u00bb0px\u00bb box_shadow_blur_tablet=\u00bb40px\u00bb box_shadow_spread_tablet=\u00bb0px\u00bb global_colors_info=\u00bb{}\u00bb]<br \/>\n[\/et_pb_button][et_pb_text _builder_version=\u00bb4.16&#8243; text_orientation=\u00bbjustified\u00bb module_alignment=\u00bbleft\u00bb z_index_tablet=\u00bb500&#8243; text_text_shadow_horizontal_length_tablet=\u00bb0px\u00bb text_text_shadow_vertical_length_tablet=\u00bb0px\u00bb text_text_shadow_blur_strength_tablet=\u00bb1px\u00bb link_text_shadow_horizontal_length_tablet=\u00bb0px\u00bb link_text_shadow_vertical_length_tablet=\u00bb0px\u00bb link_text_shadow_blur_strength_tablet=\u00bb1px\u00bb ul_text_shadow_horizontal_length_tablet=\u00bb0px\u00bb ul_text_shadow_vertical_length_tablet=\u00bb0px\u00bb ul_text_shadow_blur_strength_tablet=\u00bb1px\u00bb ol_text_shadow_horizontal_length_tablet=\u00bb0px\u00bb ol_text_shadow_vertical_length_tablet=\u00bb0px\u00bb ol_text_shadow_blur_strength_tablet=\u00bb1px\u00bb quote_text_shadow_horizontal_length_tablet=\u00bb0px\u00bb quote_text_shadow_vertical_length_tablet=\u00bb0px\u00bb quote_text_shadow_blur_strength_tablet=\u00bb1px\u00bb header_text_shadow_horizontal_length_tablet=\u00bb0px\u00bb header_text_shadow_vertical_length_tablet=\u00bb0px\u00bb header_text_shadow_blur_strength_tablet=\u00bb1px\u00bb header_2_text_shadow_horizontal_length_tablet=\u00bb0px\u00bb header_2_text_shadow_vertical_length_tablet=\u00bb0px\u00bb header_2_text_shadow_blur_strength_tablet=\u00bb1px\u00bb header_3_text_shadow_horizontal_length_tablet=\u00bb0px\u00bb header_3_text_shadow_vertical_length_tablet=\u00bb0px\u00bb header_3_text_shadow_blur_strength_tablet=\u00bb1px\u00bb header_4_text_shadow_horizontal_length_tablet=\u00bb0px\u00bb header_4_text_shadow_vertical_length_tablet=\u00bb0px\u00bb header_4_text_shadow_blur_strength_tablet=\u00bb1px\u00bb header_5_text_shadow_horizontal_length_tablet=\u00bb0px\u00bb header_5_text_shadow_vertical_length_tablet=\u00bb0px\u00bb header_5_text_shadow_blur_strength_tablet=\u00bb1px\u00bb header_6_text_shadow_horizontal_length_tablet=\u00bb0px\u00bb header_6_text_shadow_vertical_length_tablet=\u00bb0px\u00bb header_6_text_shadow_blur_strength_tablet=\u00bb1px\u00bb box_shadow_horizontal_tablet=\u00bb0px\u00bb box_shadow_vertical_tablet=\u00bb0px\u00bb box_shadow_blur_tablet=\u00bb40px\u00bb box_shadow_spread_tablet=\u00bb0px\u00bb global_colors_info=\u00bb{}\u00bb]<\/p>\n<h3>La categor\u00eda de los cursos de italiano de la escuela<\/h3>\n<p>Los cursos de italiano en la escuela Parola de Florencia son de cuatro categor\u00edas:<\/p>\n<ul>\n<li>Cursos de<strong> italiano de\u00a0grupo<\/strong><\/li>\n<li>Cursos de italiano\u00a0<strong>individuales<\/strong><\/li>\n<li>Cursos de italiano\u00a0<strong>combinados<\/strong><strong><\/strong><\/li>\n<li>Curso de italiano <b>online<\/b><\/li>\n<\/ul>\n<p>La escuela es centro oficial CILS en Italia. El estudiante puede decidir hacer la preparaci\u00f3n para el curso de italiano\u00a0<strong><a title=\"curso de italiano CILS en Florencia\" href=\"es-cursos-cils-florencia?et_fb=1\">CILS en Florencia<\/a><\/strong>.<\/p>\n<p>El <strong>certificado CILS<\/strong> es un t\u00edtulo que certifica el grado de competencia y dominio del\u00a0italiano\u00a0como\u00a0lengua extranjera en nombre del\u00a0<em>Ministerio de Educaci\u00f3n Italiano<\/em>.<\/p>\n<p>[\/et_pb_text][et_pb_button button_url=\u00bbhttps:\/\/www.parola.it\/es\/es-fechas-cursos-italiano-2&#8243; button_text=\u00bbFECHAS\u00bb _builder_version=\u00bb4.25.1&#8243; background_layout=\u00bbdark\u00bb hover_enabled=\u00bb0&#8243; z_index_tablet=\u00bb500&#8243; button_text_shadow_horizontal_length_tablet=\u00bb0px\u00bb button_text_shadow_vertical_length_tablet=\u00bb0px\u00bb button_text_shadow_blur_strength_tablet=\u00bb1px\u00bb box_shadow_horizontal_tablet=\u00bb0px\u00bb box_shadow_vertical_tablet=\u00bb0px\u00bb box_shadow_blur_tablet=\u00bb40px\u00bb box_shadow_spread_tablet=\u00bb0px\u00bb global_colors_info=\u00bb{}\u00bb sticky_enabled=\u00bb0&#8243;]<br \/>\n[\/et_pb_button][et_pb_image src=\u00bbhttps:\/\/www.parola.it\/wp-content\/uploads\/2023\/11\/estudiantes-curso-italiano.jpeg\u00bb alt=\u00bbEstudiantes en un curso de italiano de grupo en Florencia\u00bb title_text=\u00bbestudiantes-curso-italiano\u00bb _builder_version=\u00bb4.22.2&#8243; global_colors_info=\u00bb{}\u00bb][\/et_pb_image][\/et_pb_column_inner][\/et_pb_row_inner][et_pb_row_inner admin_label=\u00bbRiga\u00bb _builder_version=\u00bb4.16&#8243; min_height=\u00bb1522px\u00bb custom_margin=\u00bb||1px||false|false\u00bb custom_padding=\u00bb||12px||false|false\u00bb global_colors_info=\u00bb{}\u00bb][et_pb_column_inner saved_specialty_column_type=\u00bb3_4&#8243; _builder_version=\u00bb4.16&#8243; custom_padding=\u00bb||0px||false|false\u00bb global_colors_info=\u00bb{}\u00bb custom_padding__hover=\u00bb|||\u00bb][et_pb_text admin_label=\u00bbTesto + Tabelle\u00bb _builder_version=\u00bb4.22.2&#8243; text_orientation=\u00bbjustified\u00bb custom_margin=\u00bb-29px|||||\u00bb custom_padding=\u00bb0px|||||\u00bb z_index_tablet=\u00bb500&#8243; text_text_shadow_horizontal_length_tablet=\u00bb0px\u00bb text_text_shadow_vertical_length_tablet=\u00bb0px\u00bb text_text_shadow_blur_strength_tablet=\u00bb1px\u00bb link_text_shadow_horizontal_length_tablet=\u00bb0px\u00bb link_text_shadow_vertical_length_tablet=\u00bb0px\u00bb link_text_shadow_blur_strength_tablet=\u00bb1px\u00bb ul_text_shadow_horizontal_length_tablet=\u00bb0px\u00bb ul_text_shadow_vertical_length_tablet=\u00bb0px\u00bb ul_text_shadow_blur_strength_tablet=\u00bb1px\u00bb ol_text_shadow_horizontal_length_tablet=\u00bb0px\u00bb ol_text_shadow_vertical_length_tablet=\u00bb0px\u00bb ol_text_shadow_blur_strength_tablet=\u00bb1px\u00bb quote_text_shadow_horizontal_length_tablet=\u00bb0px\u00bb quote_text_shadow_vertical_length_tablet=\u00bb0px\u00bb quote_text_shadow_blur_strength_tablet=\u00bb1px\u00bb header_text_shadow_horizontal_length_tablet=\u00bb0px\u00bb header_text_shadow_vertical_length_tablet=\u00bb0px\u00bb header_text_shadow_blur_strength_tablet=\u00bb1px\u00bb header_2_text_shadow_horizontal_length_tablet=\u00bb0px\u00bb header_2_text_shadow_vertical_length_tablet=\u00bb0px\u00bb header_2_text_shadow_blur_strength_tablet=\u00bb1px\u00bb header_3_text_shadow_horizontal_length_tablet=\u00bb0px\u00bb header_3_text_shadow_vertical_length_tablet=\u00bb0px\u00bb header_3_text_shadow_blur_strength_tablet=\u00bb1px\u00bb header_4_text_shadow_horizontal_length_tablet=\u00bb0px\u00bb header_4_text_shadow_vertical_length_tablet=\u00bb0px\u00bb header_4_text_shadow_blur_strength_tablet=\u00bb1px\u00bb header_5_text_shadow_horizontal_length_tablet=\u00bb0px\u00bb header_5_text_shadow_vertical_length_tablet=\u00bb0px\u00bb header_5_text_shadow_blur_strength_tablet=\u00bb1px\u00bb header_6_text_shadow_horizontal_length_tablet=\u00bb0px\u00bb header_6_text_shadow_vertical_length_tablet=\u00bb0px\u00bb header_6_text_shadow_blur_strength_tablet=\u00bb1px\u00bb box_shadow_horizontal_tablet=\u00bb0px\u00bb box_shadow_vertical_tablet=\u00bb0px\u00bb box_shadow_blur_tablet=\u00bb40px\u00bb box_shadow_spread_tablet=\u00bb0px\u00bb global_colors_info=\u00bb{}\u00bb]<\/p>\n<h3>Oportunidades de cursos de italiano con la escuela Parola<\/h3>\n<p>Nuestra escuela de idioma italiano ofrece las siguientes oportunidades:<\/p>\n<ul>\n<li><strong>Cursos de italiano divididos en 6 niveles<\/strong>, que comienzan cada lunes.<\/li>\n<li>Se ofrecen seis niveles ling\u00fc\u00edsticos: Principiantes, Intermedio I y II, Avanzado I, II y III<\/li>\n<li>Nuestros cursos de italiano se pueden <strong>combinar con clases de arte y cocina<\/strong><\/li>\n<li>Actividades culturales de <strong>aprendizaje en el centro de Florencia<\/strong><\/li>\n<li>Cursos individuales de italiano y preparaci\u00f3n para el examen\u00a0<strong><a title=\"CILS con la escuela Parola en Florencia\" href=\"es-cursos-cils-florencia?et_fb=1\">CILS en Florencia<\/a><\/strong><\/li>\n<li>Cursos <strong><a href=\"es-cursos-adicionales\">extracurriculares<\/a><\/strong>, como arte, literatura o lecciones de cocina italiana<\/li>\n<li>Cursos de lengua italiana para\u00a0<strong><a title=\"Cursos para Au Pair de la escuela de italiano Parola\" href=\"es-cursos-au-pair-florencia\">Au Pairs<\/a><\/strong>\u00a0en Florencia<\/li>\n<li>Los precios de los cursos de italiano incluyen\u00a0<strong>actividades<\/strong>\u00a0<strong>culturales y recreativas<\/strong> en Florencia<\/li>\n<li>Curso de italiano a trav\u00e9s de <em>Skype<\/em>, <em>Zoom<\/em> o <em>Google Meet\u00a0<\/em><\/li>\n<li>Cursos cortos para ofrecer <strong>flexibilidad a los estudiantes<\/strong>, como un <strong><a href=\"es-curso-italiano-supervivencia\">curso breve<\/a> <\/strong>de italiano o un <strong><a href=\"es-curso-italiano-semana\">curso de una semana<\/a><\/strong> en Florencia<\/li>\n<\/ul>\n<h3>Los beneficios de nuestros cursos del idioma<\/h3>\n<p>Nuestros cursos de italiano en Florencia ofrecen <strong>las siguientes ventajas <\/strong>a los estudiantes que han elegido Florencia para sus estudios de italiano:<\/p>\n<ul>\n<li>Las clases se mantienen a un <strong>m\u00e1ximo de 12 estudiantes<\/strong>, pero normalmente tienen un promedio de entre 7 y 8 estudiantes<\/li>\n<li>Las clases de italiano online se mantienen hasta con hasta un <strong>m\u00e1ximo de 5 estudiantes<\/strong><\/li>\n<li>Las clases se llevan a cabo, generalmente de lunes a viernes, desde las 9.00 hasta la 13.00, con un peque\u00f1o descanso entre las 10:50 y las 11:10.<\/li>\n<li>El material did\u00e1ctico est\u00e1 proporcionado por la escuela y est\u00e1 incluido en el precio del curso<\/li>\n<\/ul>\n<h3>Nuestros cursos de italiano de grupo en Florencia<\/h3>\n<p>Los\u00a0<strong><a title=\"Curso de italiano de grupo\" href=\"es-cursos-grupo-italiano-florencia?et_fb=1\">cursos de italiano en grupo<\/a><\/strong> son los cursos m\u00e1s frecuentados en la escuela Parola. Nuestros cursos tienen una buena variedad de soluciones para aprender el italiano en Florencia de manera agradable y amena.<\/p>\n<p><strong><a title=\"Contactar con la escuela Parola\" href=\"es-contactar?et_fb=1\">Contacta<\/a><\/strong>\u00a0con la escuela Parola para m\u00e1s informaci\u00f3n.<\/p>\n<h3><span style=\"font-size: x-large;\">Cursos combinados de italiano (italiano en grupo e individual)<\/span><\/h3>\n<p>Estos\u00a0<b>cursos mezclan las lecciones en grupo con lecciones individuales<\/b> donde el profesor ayuda al estudiante en sus necesidades ling\u00fc\u00edsticas y en ampliar un vocabulario espec\u00edfico.<\/p>\n<p>[\/et_pb_text][et_pb_text _builder_version=\u00bb4.16&#8243; global_colors_info=\u00bb{}\u00bb]<\/p>\n<h3>Curso\u00a0de italiano online<\/h3>\n<p>Nuestra escuela de italiano tambi\u00e9n ofrece <strong>cursos de italiano online<\/strong>\u00a0a precios razonables y\u00a0 con profesores expertos.<\/p>\n<p>Nuestras lecciones de idiomas en vivo<strong> se pueden llevar a cabo en privado o en peque\u00f1os grupos<\/strong>\u00a0(con un m\u00e1ximo de 5 estudiantes).<\/p>\n<p>[\/et_pb_text][et_pb_button button_url=\u00bbhttps:\/\/www.parola.it\/es\/clases-italiano-enlinea\u00bb button_text=\u00bbCURSOS EN L\u00cdNEA\u00bb _builder_version=\u00bb4.16&#8243; background_layout=\u00bbdark\u00bb global_colors_info=\u00bb{}\u00bb][\/et_pb_button][et_pb_image src=\u00bbhttps:\/\/www.parola.it\/wp-content\/uploads\/2023\/11\/estudiantes-escuela-italiano.jpeg\u00bb alt=\u00bbEscuela de italano Parola en Florencia\u00bb title_text=\u00bbestudiantes-escuela-italiano\u00bb _builder_version=\u00bb4.22.2&#8243; global_colors_info=\u00bb{}\u00bb][\/et_pb_image][et_pb_text admin_label=\u00bbIndividuales\u00bb _builder_version=\u00bb4.16&#8243; text_orientation=\u00bbjustified\u00bb custom_padding=\u00bb0px|||||\u00bb z_index_tablet=\u00bb500&#8243; text_text_shadow_horizontal_length_tablet=\u00bb0px\u00bb text_text_shadow_vertical_length_tablet=\u00bb0px\u00bb text_text_shadow_blur_strength_tablet=\u00bb1px\u00bb link_text_shadow_horizontal_length_tablet=\u00bb0px\u00bb link_text_shadow_vertical_length_tablet=\u00bb0px\u00bb link_text_shadow_blur_strength_tablet=\u00bb1px\u00bb ul_text_shadow_horizontal_length_tablet=\u00bb0px\u00bb ul_text_shadow_vertical_length_tablet=\u00bb0px\u00bb ul_text_shadow_blur_strength_tablet=\u00bb1px\u00bb ol_text_shadow_horizontal_length_tablet=\u00bb0px\u00bb ol_text_shadow_vertical_length_tablet=\u00bb0px\u00bb ol_text_shadow_blur_strength_tablet=\u00bb1px\u00bb quote_text_shadow_horizontal_length_tablet=\u00bb0px\u00bb quote_text_shadow_vertical_length_tablet=\u00bb0px\u00bb quote_text_shadow_blur_strength_tablet=\u00bb1px\u00bb header_text_shadow_horizontal_length_tablet=\u00bb0px\u00bb header_text_shadow_vertical_length_tablet=\u00bb0px\u00bb header_text_shadow_blur_strength_tablet=\u00bb1px\u00bb header_2_text_shadow_horizontal_length_tablet=\u00bb0px\u00bb header_2_text_shadow_vertical_length_tablet=\u00bb0px\u00bb header_2_text_shadow_blur_strength_tablet=\u00bb1px\u00bb header_3_text_shadow_horizontal_length_tablet=\u00bb0px\u00bb header_3_text_shadow_vertical_length_tablet=\u00bb0px\u00bb header_3_text_shadow_blur_strength_tablet=\u00bb1px\u00bb header_4_text_shadow_horizontal_length_tablet=\u00bb0px\u00bb header_4_text_shadow_vertical_length_tablet=\u00bb0px\u00bb header_4_text_shadow_blur_strength_tablet=\u00bb1px\u00bb header_5_text_shadow_horizontal_length_tablet=\u00bb0px\u00bb header_5_text_shadow_vertical_length_tablet=\u00bb0px\u00bb header_5_text_shadow_blur_strength_tablet=\u00bb1px\u00bb header_6_text_shadow_horizontal_length_tablet=\u00bb0px\u00bb header_6_text_shadow_vertical_length_tablet=\u00bb0px\u00bb header_6_text_shadow_blur_strength_tablet=\u00bb1px\u00bb box_shadow_horizontal_tablet=\u00bb0px\u00bb box_shadow_vertical_tablet=\u00bb0px\u00bb box_shadow_blur_tablet=\u00bb40px\u00bb box_shadow_spread_tablet=\u00bb0px\u00bb global_colors_info=\u00bb{}\u00bb]<\/p>\n<h3>Cursos de italiano individuales en Florencia<\/h3>\n<p>Las lecciones individuales est\u00e1n dirigidas a aquellas personas que tengan que estudiar el italiano espec\u00edficamente por <strong>razones de formaci\u00f3n profesional o de negocios<\/strong>, concentrando el m\u00e1ximo esfuerzo en el menor tiempo.<\/p>\n<p>La elecci\u00f3n del vocabulario de los cursos se basa en las palabras que utilizar\u00eda el estudiante en su propia actividad o formaci\u00f3n. Los cursos incluyen, a petici\u00f3n, el almuerzo junto con el profesor de la lengua italiana.<\/p>\n<p>Se agradecer\u00eda que en el <strong>momento de la <a href=\"es-inscripcion-escuela\">inscripci\u00f3n<\/a> el estudiante especificara<\/strong> el campo en el cual trabaja, para permitir a los profesores del instituto preparar el material did\u00e1ctico siguiendo las exigencias ling\u00fc\u00edsticas espec\u00edficas.<\/p>\n<p><strong>Los cursos individuales<\/strong>\u00a0se pueden comenzar en cualquier \u00e9poca del a\u00f1o.<\/p>\n<p>[\/et_pb_text][et_pb_button button_url=\u00bbhttps:\/\/www.parola.it\/es\/es-cursos-individuales\u00bb button_text=\u00bbCURSOS INDIVIDUALES\u00bb _builder_version=\u00bb4.16&#8243; background_layout=\u00bbdark\u00bb z_index_tablet=\u00bb500&#8243; button_text_shadow_horizontal_length_tablet=\u00bb0px\u00bb button_text_shadow_vertical_length_tablet=\u00bb0px\u00bb button_text_shadow_blur_strength_tablet=\u00bb1px\u00bb box_shadow_horizontal_tablet=\u00bb0px\u00bb box_shadow_vertical_tablet=\u00bb0px\u00bb box_shadow_blur_tablet=\u00bb40px\u00bb box_shadow_spread_tablet=\u00bb0px\u00bb global_colors_info=\u00bb{}\u00bb]<br \/>\n[\/et_pb_button][\/et_pb_column_inner][\/et_pb_row_inner][et_pb_row_inner column_structure=\u00bbundefined\u00bb admin_label=\u00bbRiga\u00bb _builder_version=\u00bb4.16&#8243; custom_padding=\u00bb17px|0px|0px|0px\u00bb global_colors_info=\u00bb{}\u00bb][et_pb_column_inner type=\u00bbundefined\u00bb saved_specialty_column_type=\u00bb3_4&#8243; _builder_version=\u00bb4.16&#8243; custom_padding=\u00bb|||\u00bb global_colors_info=\u00bb{}\u00bb custom_padding__hover=\u00bb|||\u00bb][et_pb_text _builder_version=\u00bb4.16&#8243; text_orientation=\u00bbjustified\u00bb module_alignment=\u00bbleft\u00bb global_colors_info=\u00bb{}\u00bb]<\/p>\n<h4>Contacto con la escuela Parola en Florencia<\/h4>\n<p>Para obtener m\u00e1s<strong>\u00a0informaci\u00f3n sobre los cursos\u00a0de italiano<\/strong> en Florencia con Parola,\u00a0<strong><a title=\"contactar con la escuela de italiano Parola\" href=\"https:\/\/www.parola.it\/es\/es-contactar\/?et_fb=1\">contacta<\/a><\/strong>\u00a0con la secretar\u00eda de la escuela en Florencia.<\/p>\n<p>[\/et_pb_text][et_pb_button button_url=\u00bbhttps:\/\/www.parola.it\/es\/es-contactar?et_fb=1&#8243; button_text=\u00bbCONTACTO\u00bb button_alignment=\u00bbleft\u00bb _builder_version=\u00bb4.16&#8243; background_layout=\u00bbdark\u00bb z_index_tablet=\u00bb500&#8243; button_text_shadow_horizontal_length_tablet=\u00bb0px\u00bb button_text_shadow_vertical_length_tablet=\u00bb0px\u00bb button_text_shadow_blur_strength_tablet=\u00bb1px\u00bb box_shadow_horizontal_tablet=\u00bb0px\u00bb box_shadow_vertical_tablet=\u00bb0px\u00bb box_shadow_blur_tablet=\u00bb40px\u00bb box_shadow_spread_tablet=\u00bb0px\u00bb global_colors_info=\u00bb{}\u00bb button_text_size__hover_enabled=\u00bboff\u00bb button_one_text_size__hover_enabled=\u00bboff\u00bb button_two_text_size__hover_enabled=\u00bboff\u00bb button_text_color__hover_enabled=\u00bboff\u00bb button_one_text_color__hover_enabled=\u00bboff\u00bb button_two_text_color__hover_enabled=\u00bboff\u00bb button_border_width__hover_enabled=\u00bboff\u00bb button_one_border_width__hover_enabled=\u00bboff\u00bb button_two_border_width__hover_enabled=\u00bboff\u00bb button_border_color__hover_enabled=\u00bboff\u00bb button_one_border_color__hover_enabled=\u00bboff\u00bb button_two_border_color__hover_enabled=\u00bboff\u00bb button_border_radius__hover_enabled=\u00bboff\u00bb button_one_border_radius__hover_enabled=\u00bboff\u00bb button_two_border_radius__hover_enabled=\u00bboff\u00bb button_letter_spacing__hover_enabled=\u00bboff\u00bb button_one_letter_spacing__hover_enabled=\u00bboff\u00bb button_two_letter_spacing__hover_enabled=\u00bboff\u00bb button_bg_color__hover_enabled=\u00bboff\u00bb button_one_bg_color__hover_enabled=\u00bboff\u00bb button_two_bg_color__hover_enabled=\u00bboff\u00bb]<\/p>\n<p>&nbsp;<\/p>\n<p>[\/et_pb_button][\/et_pb_column_inner][\/et_pb_row_inner][\/et_pb_column][et_pb_column type=\u00bb1_4&#8243; _builder_version=\u00bb4.16&#8243; custom_padding=\u00bb|||\u00bb global_colors_info=\u00bb{}\u00bb custom_padding__hover=\u00bb|||\u00bb][et_pb_text _builder_version=\u00bb4.16&#8243; module_alignment=\u00bbleft\u00bb global_colors_info=\u00bb{}\u00bb]<\/p>\n<h5>CONTACTO<\/h5>\n<p><strong><b>\u00a1<\/b>Para conseguir m\u00e1s informaci\u00f3n, cont\u00e1ctanos aqu\u00ed!<\/strong><\/p>\n<p>\u00a0 Env\u00edanos un e-mail:<b class=\"b5\">\u00a0<\/b><\/p>\n<p><strong><a href=\"mailto:info@parola.it\">info@parola.it<\/a><\/strong><\/p>\n<p>\u00a0 Ll\u00e1manos:<\/p>\n<p><a href=\"tel:+39055242182\"><span style=\"color: #ff6600;\"><strong>+39 055242182<\/strong><\/span><\/a> o\u00a0<a href=\"tel:+393288997420\"><span style=\"color: #ff6600;\"><strong>+39 328 8997420<\/strong><\/span><\/a><\/p>\n<p>\u00a0 Ven a visitarnos:<\/p>\n<p><a href=\"#\"><span style=\"color: #ff6600;\"><strong>Borgo Santa Croce, 17 50122 Florencia<\/strong><\/span><\/a><\/p>\n<p>[\/et_pb_text][et_pb_social_media_follow url_new_window=\u00bboff\u00bb admin_label=\u00bbSOCIAL MEDIA LOGO\u00bb _builder_version=\u00bb4.16&#8243; background_layout=\u00bbdark\u00bb global_colors_info=\u00bb{}\u00bb][et_pb_social_media_follow_network social_network=\u00bbfacebook\u00bb url=\u00bbhttps:\/\/www.facebook.com\/Italian.language.school.florence%20\/\u00bb _builder_version=\u00bb4.16&#8243; background_color=\u00bb#3b5998&#8243; global_colors_info=\u00bb{}\u00bb follow_button=\u00bboff\u00bb url_new_window=\u00bboff\u00bb]<\/p>\n<p>Facebook<\/p>\n<p>[\/et_pb_social_media_follow_network][et_pb_social_media_follow_network social_network=\u00bbtwitter\u00bb url=\u00bbhttps:\/\/twitter.com\/\u00bb _builder_version=\u00bb4.22.2&#8243; background_color=\u00bb#000000&#8243; global_colors_info=\u00bb{}\u00bb follow_button=\u00bboff\u00bb url_new_window=\u00bboff\u00bb]<\/p>\n<p>Twitter<\/p>\n<p>[\/et_pb_social_media_follow_network][et_pb_social_media_follow_network social_network=\u00bblinkedin\u00bb url=\u00bbhttps:\/\/www.linkedin.com\/feed\/\u00bb _builder_version=\u00bb4.16&#8243; background_color=\u00bb#007bb6&#8243; global_colors_info=\u00bb{}\u00bb follow_button=\u00bboff\u00bb url_new_window=\u00bboff\u00bb]<\/p>\n<p>LinkedIn<\/p>\n<p>[\/et_pb_social_media_follow_network][et_pb_social_media_follow_network social_network=\u00bbinstagram\u00bb url=\u00bbhttps:\/\/www.instagram.com\/scuola_parola\/?hl=it\u00bb _builder_version=\u00bb4.16&#8243; background_color=\u00bb#ea2c59&#8243; global_colors_info=\u00bb{}\u00bb follow_button=\u00bboff\u00bb url_new_window=\u00bboff\u00bb]<\/p>\n<p>Instagram<\/p>\n<p>[\/et_pb_social_media_follow_network][\/et_pb_social_media_follow][et_pb_image src=\u00bbhttps:\/\/www.parola.it\/wp-content\/uploads\/2019\/11\/cils-certified-center.png\u00bb alt=\u00bbCILS logo of Parola Italian language school\u00bb url=\u00bbhttps:\/\/www.unistrasi.it\/2\/531\/2761\/CILS_centre.htm\u00bb admin_label=\u00bbCILS Certified\u00bb _builder_version=\u00bb4.16&#8243; custom_margin=\u00bb||10px|0px|false|false\u00bb custom_padding=\u00bb|||26px|false|false\u00bb z_index_tablet=\u00bb500&#8243; box_shadow_horizontal_tablet=\u00bb0px\u00bb box_shadow_vertical_tablet=\u00bb0px\u00bb box_shadow_blur_tablet=\u00bb40px\u00bb box_shadow_spread_tablet=\u00bb0px\u00bb saved_tabs=\u00bball\u00bb global_colors_info=\u00bb{}\u00bb][\/et_pb_image][et_pb_text admin_label=\u00bbLanguage international\u00bb _builder_version=\u00bb4.16&#8243; z_index_tablet=\u00bb500&#8243; text_text_shadow_horizontal_length_tablet=\u00bb0px\u00bb text_text_shadow_vertical_length_tablet=\u00bb0px\u00bb text_text_shadow_blur_strength_tablet=\u00bb1px\u00bb link_text_shadow_horizontal_length_tablet=\u00bb0px\u00bb link_text_shadow_vertical_length_tablet=\u00bb0px\u00bb link_text_shadow_blur_strength_tablet=\u00bb1px\u00bb ul_text_shadow_horizontal_length_tablet=\u00bb0px\u00bb ul_text_shadow_vertical_length_tablet=\u00bb0px\u00bb ul_text_shadow_blur_strength_tablet=\u00bb1px\u00bb ol_text_shadow_horizontal_length_tablet=\u00bb0px\u00bb ol_text_shadow_vertical_length_tablet=\u00bb0px\u00bb ol_text_shadow_blur_strength_tablet=\u00bb1px\u00bb quote_text_shadow_horizontal_length_tablet=\u00bb0px\u00bb quote_text_shadow_vertical_length_tablet=\u00bb0px\u00bb quote_text_shadow_blur_strength_tablet=\u00bb1px\u00bb header_text_shadow_horizontal_length_tablet=\u00bb0px\u00bb header_text_shadow_vertical_length_tablet=\u00bb0px\u00bb header_text_shadow_blur_strength_tablet=\u00bb1px\u00bb header_2_text_shadow_horizontal_length_tablet=\u00bb0px\u00bb header_2_text_shadow_vertical_length_tablet=\u00bb0px\u00bb header_2_text_shadow_blur_strength_tablet=\u00bb1px\u00bb header_3_text_shadow_horizontal_length_tablet=\u00bb0px\u00bb header_3_text_shadow_vertical_length_tablet=\u00bb0px\u00bb header_3_text_shadow_blur_strength_tablet=\u00bb1px\u00bb header_4_text_shadow_horizontal_length_tablet=\u00bb0px\u00bb header_4_text_shadow_vertical_length_tablet=\u00bb0px\u00bb header_4_text_shadow_blur_strength_tablet=\u00bb1px\u00bb header_5_text_shadow_horizontal_length_tablet=\u00bb0px\u00bb header_5_text_shadow_vertical_length_tablet=\u00bb0px\u00bb header_5_text_shadow_blur_strength_tablet=\u00bb1px\u00bb header_6_text_shadow_horizontal_length_tablet=\u00bb0px\u00bb header_6_text_shadow_vertical_length_tablet=\u00bb0px\u00bb header_6_text_shadow_blur_strength_tablet=\u00bb1px\u00bb box_shadow_horizontal_tablet=\u00bb0px\u00bb box_shadow_vertical_tablet=\u00bb0px\u00bb box_shadow_blur_tablet=\u00bb40px\u00bb box_shadow_spread_tablet=\u00bb0px\u00bb saved_tabs=\u00bball\u00bb global_colors_info=\u00bb{}\u00bb]<\/p>\n<div id=\"LI-CEO\"><script src=\"https:\/\/www.languageinternational.com\/badge\/coe?id=68832\"><\/script><\/div>\n<p>[\/et_pb_text][et_pb_text admin_label=\u00bbCURSOS\u00bb _builder_version=\u00bb4.16&#8243; module_alignment=\u00bbleft\u00bb custom_margin=\u00bb40px|||\u00bb saved_tabs=\u00bball\u00bb global_colors_info=\u00bb{}\u00bb]<\/p>\n<p><span style=\"font-size: large; color: #0c71c3;\"><strong>CURSOS DE LENGUA<\/strong><\/span><\/p>\n<p><a href=\"es-cursos-italiano-florencia\"><strong>CURSOS DE ITALIANO<\/strong><\/a><\/p>\n<p><strong><a href=\"es-cursos-grupo-italiano-florencia\">CURSOS\u00a0<\/a><\/strong><a href=\"es-cursos-grupo-italiano-florencia\"><strong>DE GRUPO<\/strong><\/a><\/p>\n<p><strong><a href=\"es-cursos-individuales\">CURSOS\u00a0<\/a><\/strong><a href=\"es-cursos-individuales\"><strong>INDIVIDUALES\u00a0<\/strong><\/a><\/p>\n<p><strong><a href=\"es-cursos-combinados-florencia\">CURSOS\u00a0<\/a><\/strong><strong><a href=\"es-cursos-combinados-florencia\">COMBINADOS<\/a><\/strong><\/p>\n<p><strong><a href=\"https:\/\/www.parola.it\/es\/clases-italiano-enlinea\/\">LECCIONES EN L\u00cdNEA<\/a><\/strong><\/p>\n<p><strong><a href=\"es-cursos-au-pair-florencia\">CURSOS PARA AU PAIR<\/a><\/strong><\/p>\n<p><a href=\"es-cursos-cils-florencia\"><strong>CURSOS CILS <\/strong><\/a><\/p>\n<p>[\/et_pb_text][et_pb_image src=\u00bbhttps:\/\/www.parola.it\/wp-content\/uploads\/2018\/02\/students-online-courses.jpg\u00bb alt=\u00bbStudents showing grammar books of Parola Italian language school\u00bb title_text=\u00bbstudents-online-courses\u00bb align=\u00bbcenter\u00bb align_tablet=\u00bbcenter\u00bb align_phone=\u00bb\u00bb align_last_edited=\u00bbon|desktop\u00bb _builder_version=\u00bb4.16&#8243; border_style=\u00bbsolid\u00bb global_colors_info=\u00bb{}\u00bb]<\/p>\n<p>&nbsp;<\/p>\n<p>[\/et_pb_image][et_pb_text admin_label=\u00bbINFORMACI\u00d3NES\u00bb _builder_version=\u00bb4.25.1&#8243; text_font=\u00bb||||\u00bb header_font=\u00bb||||\u00bb module_alignment=\u00bbleft\u00bb custom_margin=\u00bb40px||5px|||\u00bb custom_padding=\u00bb||0px|||\u00bb use_border_color=\u00bboff\u00bb global_module=\u00bb9049&#8243; saved_tabs=\u00bball\u00bb global_colors_info=\u00bb{}\u00bb]<\/p>\n<p><span style=\"font-size: x-large; color: #0c71c3;\"><strong>INFORMACI\u00d3N<\/strong><\/span><\/p>\n<p><strong><a href=\"es-escuela-italiano-florencia\">NUESTRA ESCUELA<\/a><\/strong><\/p>\n<p><strong><a href=\"es-precios-cursos\">PRECIOS\u00a0<\/a><\/strong><\/p>\n<p><strong><a href=\"https:\/\/www.parola.it\/es\/precio-italiano-enlinea\/\">PRECIOS ONLINE<\/a><\/strong><\/p>\n<p><strong><a href=\"https:\/\/www.parola.it\/es\/es-fechas-cursos-italiano-2\/\">FECHAS DE INICIO<\/a><\/strong><\/p>\n<p><strong><a href=\"es-metodos-cursos-italiano\">M\u00c9TODOS <\/a><\/strong><\/p>\n<p><strong><a href=\"https:\/\/www.parola.it\/es\/metodos-ensenanza-en-linea-italiana\/\">M\u00c9TODOS ONLINE<\/a><\/strong><\/p>\n<p><strong><a href=\"es-ubicacion-escuela-italiano\">UBICACI\u00d3N\u00a0<\/a><\/strong><\/p>\n<p><strong><a href=\"es-inscripcion-escuela\">INSCRIPCI\u00d3N <\/a><\/strong><\/p>\n<p><strong><a href=\"es-alojamiento-florencia\">ALOJAMIENTO<\/a><\/strong><\/p>\n<p><strong><a href=\"https:\/\/www.parola.it\/es\/es-niveles-italiano\/\">NIVELES<\/a><\/strong><\/p>\n<p><strong><a href=\"https:\/\/www.parola.it\/test-valutazione\/\">PRUEBA GRAMATICAL<\/a><\/strong><\/p>\n<p><span style=\"font-size: x-large; color: #0c71c3;\"><strong>VENTAJAS<\/strong><\/span><\/p>\n<p><strong><a href=\"https:\/\/www.parola.it\/es\/es-becas-cils\/\">BECAS<\/a><\/strong><\/p>\n<p><strong><a href=\"https:\/\/www.parola.it\/es\/es-ofertas-especiales-florencia\/\">DESCUENTOS<\/a><\/strong><\/p>\n<p>[\/et_pb_text][et_pb_image src=\u00bbhttps:\/\/www.parola.it\/wp-content\/uploads\/2021\/02\/scuola-parola-scritta.jpg\u00bb alt=\u00bbStriscia della scuola Parola diFi\u00bb title_text=\u00bbCopia di Senza titolo\u00bb _builder_version=\u00bb4.16&#8243; _module_preset=\u00bbdefault\u00bb global_colors_info=\u00bb{}\u00bb][\/et_pb_image][\/et_pb_column][\/et_pb_section][et_pb_section fb_built=\u00bb1&#8243; fullwidth=\u00bbon\u00bb _builder_version=\u00bb4.16&#8243; global_colors_info=\u00bb{}\u00bb][et_pb_fullwidth_menu menu_id=\u00bb2057&#8243; _builder_version=\u00bb4.16&#8243; global_colors_info=\u00bb{}\u00bb][\/et_pb_fullwidth_menu][\/et_pb_section]<\/p>\n","protected":false},"excerpt":{"rendered":"<p>Cursos de italiano en Florencia con Parola Los cursos de lengua italiana de calidad con la escuela Parola No pierdas la oportunidad de aprender italiano con buenos resultados a trav\u00e9s de la variedad de cursos y m\u00e9todos de ense\u00f1anza que ofrece la escuela Parola. Nuestros estudiantes pueden elegir entre una variedad de cursos de italiano [&hellip;]<\/p>\n","protected":false},"author":1,"featured_media":68014,"parent":0,"menu_order":0,"comment_status":"closed","ping_status":"closed","template":"","meta":{"_et_pb_use_builder":"on","_et_pb_old_content":"","_et_gb_content_width":"","footnotes":""},"class_list":["post-541","page","type-page","status-publish","has-post-thumbnail","hentry"],"yoast_head":"<!-- This site is optimized with the Yoast SEO plugin v27.4 - https:\/\/yoast.com\/product\/yoast-seo-wordpress\/ -->\n<title>Cursos de idioma italiano en Florencia | Escuela Parola<\/title>\n<meta name=\"description\" content=\"Aprende italiano con nuestra escuela de idiomas en Florencia. Parola ofrece una excelente variedad de cursos de italiano a precios asequibles.\" \/>\n<meta name=\"robots\" content=\"index, follow, max-snippet:-1, max-image-preview:large, max-video-preview:-1\" \/>\n<link rel=\"canonical\" href=\"https:\/\/www.parola.it\/es\/es-cursos-italiano-florencia\/\" \/>\n<meta property=\"og:locale\" content=\"es_ES\" \/>\n<meta property=\"og:type\" content=\"article\" \/>\n<meta property=\"og:title\" content=\"Cursos de idioma italiano en Florencia | Escuela Parola\" \/>\n<meta property=\"og:description\" content=\"Aprende italiano con nuestra escuela de idiomas en Florencia. Parola ofrece una excelente variedad de cursos de italiano a precios asequibles.\" \/>\n<meta property=\"og:url\" content=\"https:\/\/www.parola.it\/es\/es-cursos-italiano-florencia\/\" \/>\n<meta property=\"og:site_name\" content=\"Italian Language School in Florence\" \/>\n<meta property=\"article:publisher\" content=\"https:\/\/www.facebook.com\/Italian.language.school.florence\/\" \/>\n<meta property=\"article:modified_time\" content=\"2025-03-24T12:04:36+00:00\" \/>\n<meta property=\"og:image\" content=\"https:\/\/www.parola.it\/wp-content\/uploads\/2023\/11\/estudiantes-escuela-parola.jpeg\" \/>\n\t<meta property=\"og:image:width\" content=\"1920\" \/>\n\t<meta property=\"og:image:height\" content=\"1080\" \/>\n\t<meta property=\"og:image:type\" content=\"image\/jpeg\" \/>\n<meta name=\"twitter:card\" content=\"summary_large_image\" \/>\n<meta name=\"twitter:site\" content=\"@Parola_School\" \/>\n<meta name=\"twitter:label1\" content=\"Tiempo de lectura\" \/>\n\t<meta name=\"twitter:data1\" content=\"8 minutos\" \/>\n<script type=\"application\/ld+json\" class=\"yoast-schema-graph\">{\"@context\":\"https:\\\/\\\/schema.org\",\"@graph\":[{\"@type\":\"WebPage\",\"@id\":\"https:\\\/\\\/www.parola.it\\\/es\\\/es-cursos-italiano-florencia\\\/\",\"url\":\"https:\\\/\\\/www.parola.it\\\/es\\\/es-cursos-italiano-florencia\\\/\",\"name\":\"Cursos de idioma italiano en Florencia | Escuela Parola\",\"isPartOf\":{\"@id\":\"https:\\\/\\\/www.parola.it\\\/#website\"},\"primaryImageOfPage\":{\"@id\":\"https:\\\/\\\/www.parola.it\\\/es\\\/es-cursos-italiano-florencia\\\/#primaryimage\"},\"image\":{\"@id\":\"https:\\\/\\\/www.parola.it\\\/es\\\/es-cursos-italiano-florencia\\\/#primaryimage\"},\"thumbnailUrl\":\"https:\\\/\\\/www.parola.it\\\/wp-content\\\/uploads\\\/2023\\\/11\\\/estudiantes-escuela-parola.jpeg\",\"datePublished\":\"2017-10-06T11:26:31+00:00\",\"dateModified\":\"2025-03-24T12:04:36+00:00\",\"description\":\"Aprende italiano con nuestra escuela de idiomas en Florencia. Parola ofrece una excelente variedad de cursos de italiano a precios asequibles.\",\"breadcrumb\":{\"@id\":\"https:\\\/\\\/www.parola.it\\\/es\\\/es-cursos-italiano-florencia\\\/#breadcrumb\"},\"inLanguage\":\"es\",\"potentialAction\":[{\"@type\":\"ReadAction\",\"target\":[\"https:\\\/\\\/www.parola.it\\\/es\\\/es-cursos-italiano-florencia\\\/\"]}]},{\"@type\":\"ImageObject\",\"inLanguage\":\"es\",\"@id\":\"https:\\\/\\\/www.parola.it\\\/es\\\/es-cursos-italiano-florencia\\\/#primaryimage\",\"url\":\"https:\\\/\\\/www.parola.it\\\/wp-content\\\/uploads\\\/2023\\\/11\\\/estudiantes-escuela-parola.jpeg\",\"contentUrl\":\"https:\\\/\\\/www.parola.it\\\/wp-content\\\/uploads\\\/2023\\\/11\\\/estudiantes-escuela-parola.jpeg\",\"width\":1920,\"height\":1080,\"caption\":\"Estudiantes felices en un curso de italiano en Parola.\"},{\"@type\":\"BreadcrumbList\",\"@id\":\"https:\\\/\\\/www.parola.it\\\/es\\\/es-cursos-italiano-florencia\\\/#breadcrumb\",\"itemListElement\":[{\"@type\":\"ListItem\",\"position\":1,\"name\":\"Accueil\",\"item\":\"https:\\\/\\\/www.parola.it\\\/es\\\/\"},{\"@type\":\"ListItem\",\"position\":2,\"name\":\"CURSOS DE ITALIANO\"}]},{\"@type\":\"WebSite\",\"@id\":\"https:\\\/\\\/www.parola.it\\\/#website\",\"url\":\"https:\\\/\\\/www.parola.it\\\/\",\"name\":\"Italian Language School in Florence | Parola School\",\"description\":\"Learn Italian with Parola Italian Language School\",\"publisher\":{\"@id\":\"https:\\\/\\\/www.parola.it\\\/#organization\"},\"alternateName\":\"Parola School\",\"potentialAction\":[{\"@type\":\"SearchAction\",\"target\":{\"@type\":\"EntryPoint\",\"urlTemplate\":\"https:\\\/\\\/www.parola.it\\\/?s={search_term_string}\"},\"query-input\":{\"@type\":\"PropertyValueSpecification\",\"valueRequired\":true,\"valueName\":\"search_term_string\"}}],\"inLanguage\":\"es\"},{\"@type\":\"Organization\",\"@id\":\"https:\\\/\\\/www.parola.it\\\/#organization\",\"name\":\"Parola Italian Language School in Florence\",\"alternateName\":\"Italian Language Courses in Florence\",\"url\":\"https:\\\/\\\/www.parola.it\\\/\",\"logo\":{\"@type\":\"ImageObject\",\"inLanguage\":\"es\",\"@id\":\"https:\\\/\\\/www.parola.it\\\/#\\\/schema\\\/logo\\\/image\\\/\",\"url\":\"https:\\\/\\\/www.parola.it\\\/wp-content\\\/uploads\\\/2019\\\/03\\\/logo-parola-language-school-1-e1721760774400.png\",\"contentUrl\":\"https:\\\/\\\/www.parola.it\\\/wp-content\\\/uploads\\\/2019\\\/03\\\/logo-parola-language-school-1-e1721760774400.png\",\"width\":145,\"height\":53,\"caption\":\"Parola Italian Language School in Florence\"},\"image\":{\"@id\":\"https:\\\/\\\/www.parola.it\\\/#\\\/schema\\\/logo\\\/image\\\/\"},\"sameAs\":[\"https:\\\/\\\/www.facebook.com\\\/Italian.language.school.florence\\\/\",\"https:\\\/\\\/x.com\\\/Parola_School\",\"https:\\\/\\\/www.instagram.com\\\/scuola_parola\\\/?hl=it\",\"https:\\\/\\\/www.linkedin.com\\\/in\\\/parola-italian-language-school-0a504114\\\/\",\"https:\\\/\\\/it.pinterest.com\\\/pin\\\/10344274122092210\\\/\",\"https:\\\/\\\/www.youtube.com\\\/channel\\\/UCKQkiBkXnIh9Df27KWD66rA?view_as=subscriber\",\"https:\\\/\\\/www.tripadvisor.com\\\/Attraction_Review-g187895-d4133618-Reviews-Parola_Italian_Language_School-Florence_Tuscany\"]}]}<\/script>\n<!-- \/ Yoast SEO plugin. -->","yoast_head_json":{"title":"Cursos de idioma italiano en Florencia | Escuela Parola","description":"Aprende italiano con nuestra escuela de idiomas en Florencia. Parola ofrece una excelente variedad de cursos de italiano a precios asequibles.","robots":{"index":"index","follow":"follow","max-snippet":"max-snippet:-1","max-image-preview":"max-image-preview:large","max-video-preview":"max-video-preview:-1"},"canonical":"https:\/\/www.parola.it\/es\/es-cursos-italiano-florencia\/","og_locale":"es_ES","og_type":"article","og_title":"Cursos de idioma italiano en Florencia | Escuela Parola","og_description":"Aprende italiano con nuestra escuela de idiomas en Florencia. Parola ofrece una excelente variedad de cursos de italiano a precios asequibles.","og_url":"https:\/\/www.parola.it\/es\/es-cursos-italiano-florencia\/","og_site_name":"Italian Language School in Florence","article_publisher":"https:\/\/www.facebook.com\/Italian.language.school.florence\/","article_modified_time":"2025-03-24T12:04:36+00:00","og_image":[{"width":1920,"height":1080,"url":"https:\/\/www.parola.it\/wp-content\/uploads\/2023\/11\/estudiantes-escuela-parola.jpeg","type":"image\/jpeg"}],"twitter_card":"summary_large_image","twitter_site":"@Parola_School","twitter_misc":{"Tiempo de lectura":"8 minutos"},"schema":{"@context":"https:\/\/schema.org","@graph":[{"@type":"WebPage","@id":"https:\/\/www.parola.it\/es\/es-cursos-italiano-florencia\/","url":"https:\/\/www.parola.it\/es\/es-cursos-italiano-florencia\/","name":"Cursos de idioma italiano en Florencia | Escuela Parola","isPartOf":{"@id":"https:\/\/www.parola.it\/#website"},"primaryImageOfPage":{"@id":"https:\/\/www.parola.it\/es\/es-cursos-italiano-florencia\/#primaryimage"},"image":{"@id":"https:\/\/www.parola.it\/es\/es-cursos-italiano-florencia\/#primaryimage"},"thumbnailUrl":"https:\/\/www.parola.it\/wp-content\/uploads\/2023\/11\/estudiantes-escuela-parola.jpeg","datePublished":"2017-10-06T11:26:31+00:00","dateModified":"2025-03-24T12:04:36+00:00","description":"Aprende italiano con nuestra escuela de idiomas en Florencia. Parola ofrece una excelente variedad de cursos de italiano a precios asequibles.","breadcrumb":{"@id":"https:\/\/www.parola.it\/es\/es-cursos-italiano-florencia\/#breadcrumb"},"inLanguage":"es","potentialAction":[{"@type":"ReadAction","target":["https:\/\/www.parola.it\/es\/es-cursos-italiano-florencia\/"]}]},{"@type":"ImageObject","inLanguage":"es","@id":"https:\/\/www.parola.it\/es\/es-cursos-italiano-florencia\/#primaryimage","url":"https:\/\/www.parola.it\/wp-content\/uploads\/2023\/11\/estudiantes-escuela-parola.jpeg","contentUrl":"https:\/\/www.parola.it\/wp-content\/uploads\/2023\/11\/estudiantes-escuela-parola.jpeg","width":1920,"height":1080,"caption":"Estudiantes felices en un curso de italiano en Parola."},{"@type":"BreadcrumbList","@id":"https:\/\/www.parola.it\/es\/es-cursos-italiano-florencia\/#breadcrumb","itemListElement":[{"@type":"ListItem","position":1,"name":"Accueil","item":"https:\/\/www.parola.it\/es\/"},{"@type":"ListItem","position":2,"name":"CURSOS DE ITALIANO"}]},{"@type":"WebSite","@id":"https:\/\/www.parola.it\/#website","url":"https:\/\/www.parola.it\/","name":"Italian Language School in Florence | Parola School","description":"Learn Italian with Parola Italian Language School","publisher":{"@id":"https:\/\/www.parola.it\/#organization"},"alternateName":"Parola School","potentialAction":[{"@type":"SearchAction","target":{"@type":"EntryPoint","urlTemplate":"https:\/\/www.parola.it\/?s={search_term_string}"},"query-input":{"@type":"PropertyValueSpecification","valueRequired":true,"valueName":"search_term_string"}}],"inLanguage":"es"},{"@type":"Organization","@id":"https:\/\/www.parola.it\/#organization","name":"Parola Italian Language School in Florence","alternateName":"Italian Language Courses in Florence","url":"https:\/\/www.parola.it\/","logo":{"@type":"ImageObject","inLanguage":"es","@id":"https:\/\/www.parola.it\/#\/schema\/logo\/image\/","url":"https:\/\/www.parola.it\/wp-content\/uploads\/2019\/03\/logo-parola-language-school-1-e1721760774400.png","contentUrl":"https:\/\/www.parola.it\/wp-content\/uploads\/2019\/03\/logo-parola-language-school-1-e1721760774400.png","width":145,"height":53,"caption":"Parola Italian Language School in Florence"},"image":{"@id":"https:\/\/www.parola.it\/#\/schema\/logo\/image\/"},"sameAs":["https:\/\/www.facebook.com\/Italian.language.school.florence\/","https:\/\/x.com\/Parola_School","https:\/\/www.instagram.com\/scuola_parola\/?hl=it","https:\/\/www.linkedin.com\/in\/parola-italian-language-school-0a504114\/","https:\/\/it.pinterest.com\/pin\/10344274122092210\/","https:\/\/www.youtube.com\/channel\/UCKQkiBkXnIh9Df27KWD66rA?view_as=subscriber","https:\/\/www.tripadvisor.com\/Attraction_Review-g187895-d4133618-Reviews-Parola_Italian_Language_School-Florence_Tuscany"]}]}},"_links":{"self":[{"href":"https:\/\/www.parola.it\/es\/wp-json\/wp\/v2\/pages\/541","targetHints":{"allow":["GET"]}}],"collection":[{"href":"https:\/\/www.parola.it\/es\/wp-json\/wp\/v2\/pages"}],"about":[{"href":"https:\/\/www.parola.it\/es\/wp-json\/wp\/v2\/types\/page"}],"author":[{"embeddable":true,"href":"https:\/\/www.parola.it\/es\/wp-json\/wp\/v2\/users\/1"}],"replies":[{"embeddable":true,"href":"https:\/\/www.parola.it\/es\/wp-json\/wp\/v2\/comments?post=541"}],"version-history":[{"count":5,"href":"https:\/\/www.parola.it\/es\/wp-json\/wp\/v2\/pages\/541\/revisions"}],"predecessor-version":[{"id":75153,"href":"https:\/\/www.parola.it\/es\/wp-json\/wp\/v2\/pages\/541\/revisions\/75153"}],"wp:featuredmedia":[{"embeddable":true,"href":"https:\/\/www.parola.it\/es\/wp-json\/wp\/v2\/media\/68014"}],"wp:attachment":[{"href":"https:\/\/www.parola.it\/es\/wp-json\/wp\/v2\/media?parent=541"}],"curies":[{"name":"wp","href":"https:\/\/api.w.org\/{rel}","templated":true}]}}