{"id":2321,"date":"2017-11-07T13:46:49","date_gmt":"2017-11-07T12:46:49","guid":{"rendered":"https:\/\/www.parola.it\/drawing_course_florence\/"},"modified":"2025-03-24T13:05:06","modified_gmt":"2025-03-24T12:05:06","slug":"es-dibujo-florencia","status":"publish","type":"page","link":"https:\/\/www.parola.it\/es\/es-dibujo-florencia\/","title":{"rendered":"ITALIANO Y DIBUYO"},"content":{"rendered":"<p>[et_pb_section fb_built=\u00bb1&#8243; fullwidth=\u00bbon\u00bb _builder_version=\u00bb4.16&#8243; global_colors_info=\u00bb{}\u00bb][et_pb_fullwidth_slider show_content_on_mobile=\u00bboff\u00bb show_cta_on_mobile=\u00bboff\u00bb _builder_version=\u00bb4.16&#8243; header_font_size=\u00bb36&#8243; background_size=\u00bbinitial\u00bb background_position=\u00bbtop_left\u00bb background_repeat=\u00bbrepeat\u00bb auto=\u00bbon\u00bb auto_speed=\u00bb3000&#8243; auto_ignore_hover=\u00bbon\u00bb header_font_size_tablet=\u00bb28&#8243; header_font_size_phone=\u00bb18&#8243; header_font_size_last_edited=\u00bbon|desktop\u00bb global_colors_info=\u00bb{}\u00bb button_text_size__hover_enabled=\u00bboff\u00bb button_one_text_size__hover_enabled=\u00bboff\u00bb button_two_text_size__hover_enabled=\u00bboff\u00bb button_text_color__hover_enabled=\u00bboff\u00bb button_one_text_color__hover_enabled=\u00bboff\u00bb button_two_text_color__hover_enabled=\u00bboff\u00bb button_border_width__hover_enabled=\u00bboff\u00bb button_one_border_width__hover_enabled=\u00bboff\u00bb button_two_border_width__hover_enabled=\u00bboff\u00bb button_border_color__hover_enabled=\u00bboff\u00bb button_one_border_color__hover_enabled=\u00bboff\u00bb button_two_border_color__hover_enabled=\u00bboff\u00bb button_border_radius__hover_enabled=\u00bboff\u00bb button_one_border_radius__hover_enabled=\u00bboff\u00bb button_two_border_radius__hover_enabled=\u00bboff\u00bb button_letter_spacing__hover_enabled=\u00bboff\u00bb button_one_letter_spacing__hover_enabled=\u00bboff\u00bb button_two_letter_spacing__hover_enabled=\u00bboff\u00bb button_bg_color__hover_enabled=\u00bboff\u00bb button_one_bg_color__hover_enabled=\u00bboff\u00bb button_two_bg_color__hover_enabled=\u00bboff\u00bb][et_pb_slide heading=\u00bbCursos de italiano en la escuela Parola en combinaci\u00f3n con clases de dibujo en Florencia\u00bb use_bg_overlay=\u00bboff\u00bb use_text_overlay=\u00bboff\u00bb _builder_version=\u00bb4.16&#8243; header_font=\u00bb||||\u00bb body_font=\u00bb||||\u00bb background_color=\u00bb#ffffff\u00bb background_image=\u00bbhttps:\/\/www.parola.it\/wp-content\/uploads\/2018\/02\/drawing-florence.jpg\u00bb background_position=\u00bbtop_left\u00bb button_on_hover=\u00bbon\u00bb header_font_size_tablet=\u00bb\u00bb header_font_size_phone=\u00bb\u00bb header_font_size_last_edited=\u00bbon|phone\u00bb global_colors_info=\u00bb{}\u00bb button_text_size__hover_enabled=\u00bboff\u00bb button_one_text_size__hover_enabled=\u00bboff\u00bb button_two_text_size__hover_enabled=\u00bboff\u00bb button_text_color__hover_enabled=\u00bboff\u00bb button_one_text_color__hover_enabled=\u00bboff\u00bb button_two_text_color__hover_enabled=\u00bboff\u00bb button_border_width__hover_enabled=\u00bboff\u00bb button_one_border_width__hover_enabled=\u00bboff\u00bb button_two_border_width__hover_enabled=\u00bboff\u00bb button_border_color__hover_enabled=\u00bboff\u00bb button_one_border_color__hover_enabled=\u00bboff\u00bb button_two_border_color__hover_enabled=\u00bboff\u00bb button_border_radius__hover_enabled=\u00bboff\u00bb button_one_border_radius__hover_enabled=\u00bboff\u00bb button_two_border_radius__hover_enabled=\u00bboff\u00bb button_letter_spacing__hover_enabled=\u00bboff\u00bb button_one_letter_spacing__hover_enabled=\u00bboff\u00bb button_two_letter_spacing__hover_enabled=\u00bboff\u00bb button_bg_color__hover_enabled=\u00bboff\u00bb button_one_bg_color__hover_enabled=\u00bboff\u00bb button_two_bg_color__hover_enabled=\u00bboff\u00bb sticky_transition=\u00bbon\u00bb][\/et_pb_slide][\/et_pb_fullwidth_slider][\/et_pb_section][et_pb_section fb_built=\u00bb1&#8243; specialty=\u00bbon\u00bb _builder_version=\u00bb4.16&#8243; global_colors_info=\u00bb{}\u00bb][et_pb_column type=\u00bb3_4&#8243; specialty_columns=\u00bb3&#8243; _builder_version=\u00bb4.16&#8243; custom_padding=\u00bb|||\u00bb global_colors_info=\u00bb{}\u00bb custom_padding__hover=\u00bb|||\u00bb][et_pb_row_inner _builder_version=\u00bb4.16&#8243; custom_padding=\u00bb0px|0px|0px|0px\u00bb global_colors_info=\u00bb{}\u00bb][et_pb_column_inner saved_specialty_column_type=\u00bb3_4&#8243; _builder_version=\u00bb4.16&#8243; custom_padding=\u00bb|||\u00bb global_colors_info=\u00bb{}\u00bb custom_padding__hover=\u00bb|||\u00bb][et_pb_text admin_label=\u00bbIntro\u00bb _builder_version=\u00bb4.16&#8243; text_orientation=\u00bbjustified\u00bb module_alignment=\u00bbleft\u00bb custom_margin=\u00bb30px||||false|false\u00bb global_colors_info=\u00bb{}\u00bb]<\/p>\n<h1>Curso de italiano y dibujo con la escuela Parola<\/h1>\n<h2>Nuestros cursos de italiano con clases de dibujo<\/h2>\n<p>\u00bfEst\u00e1s listo para embarcarte en una experiencia de aprendizaje \u00fanica en la encantadora ciudad de Florencia? En la escuela Parola <strong>ofrecemos una combinaci\u00f3n \u00fanica de un curso de dibujo t\u00e9cnico y un curso de italiano<\/strong>.<\/p>\n<p>La escuela de italiano Parola ha decidido crear<b>\u00a0un programa de\u00a0<strong>t\u00e9cnica de dibujo<\/strong>\u00a0<\/b>y unirlo a nuestras clases de italiano en Florencia.<\/p>\n<p>Este curso tambi\u00e9n puede considerarse como un \u00fanico curso, el cual se podr\u00e1 realizar\u00a0<strong>a partir de las 2 de la tarde <\/strong>en la sede de\u00a0<a title=\"Instituto de italiano de Florencia\" href=\"https:\/\/www.parola.it\/es\/es-escuela-italiano-florencia\/\"><strong>nuestra escuela de italiano<\/strong><\/a>\u00a0en Florencia.<\/p>\n<p>[\/et_pb_text][et_pb_divider color=\u00bb#d6d6d6&#8243; admin_label=\u00bbModulo separatore giusto\u00bb _builder_version=\u00bb4.16&#8243; background_color=\u00bb#ffffff\u00bb min_height=\u00bb0px\u00bb height=\u00bb3px\u00bb custom_margin=\u00bb27px||20px||false|false\u00bb custom_padding=\u00bb0px||||false|false\u00bb border_color_all=\u00bbrgba(0,0,0,0)\u00bb border_style_all=\u00bbnone\u00bb border_color_top=\u00bb#999999&#8243; border_style_top=\u00bbsolid\u00bb border_style_left=\u00bboutset\u00bb saved_tabs=\u00bball\u00bb global_colors_info=\u00bb{}\u00bb][\/et_pb_divider][et_pb_text _builder_version=\u00bb4.16&#8243; text_orientation=\u00bbjustified\u00bb module_alignment=\u00bbleft\u00bb global_colors_info=\u00bb{}\u00bb]<\/p>\n<p>El curso de dibujo que se ofrece puede ser de tipo cl\u00e1sico o moderno, pero siempre relacionado con la\u00a0<strong>cultura italiana<\/strong>.<\/p>\n<p>A nuestros estudiantes les ense\u00f1amos las reglas b\u00e1sicas del dibujo y el profesor intenta estimular el estilo individual de todos los que participan.<\/p>\n<p>[\/et_pb_text][et_pb_text _builder_version=\u00bb4.16&#8243; global_colors_info=\u00bb{}\u00bb]<\/p>\n<p><span class=\"style2\"><strong><span style=\"color: #e02b20;\">Inicio de los cursos de dibujo:<\/span>\u00a0<\/strong><\/span>cada lunes de la semana.<\/p>\n<h3>Cursos separados en privado o en peque\u00f1os grupos<\/h3>\n<p>Nuestro programa, <strong>italiano m\u00e1s t\u00e9cnicas de dibujo<\/strong>, tiene las siguientes posibilidades:<\/p>\n<ol>\n<li>Cuando un curso de dibujo va unido a otro de italiano, puede hacerse con solo una persona.<\/li>\n<li>Un curso de dibujo que se lleva a cabo independientemente del curso de italiano necesita por lo menos tres personas para iniciarlo.<\/li>\n<\/ol>\n<p>[\/et_pb_text][et_pb_image src=\u00bbhttps:\/\/www.parola.it\/wp-content\/uploads\/2018\/02\/drawing-course-italian.jpg\u00bb alt=\u00bbAu Pair students in a drawing course at Parola in Florence\u00bb title_text=\u00bbdrawing-course-italian\u00bb align_tablet=\u00bbcenter\u00bb align_phone=\u00bb\u00bb align_last_edited=\u00bbon|desktop\u00bb admin_label=\u00bbAu Pair dibujo\u00bb _builder_version=\u00bb4.16&#8243; global_colors_info=\u00bb{}\u00bb]&nbsp;<br \/>\n[\/et_pb_image][et_pb_text _builder_version=\u00bb4.16&#8243; global_colors_info=\u00bb{}\u00bb]<\/p>\n<p>La escuela Parola tambi\u00e9n ofrece clases de italiano con un\u00a0<strong>curso suplementario<\/strong> a\u00f1adido. Esto permite a los estudiantes <strong>aprender varias materias al mismo tiempo que practican el idioma,<\/strong> y tambi\u00e9n les facilita conocer a los dem\u00e1s estudiantes de la escuela.<\/p>\n<p>[\/et_pb_text][et_pb_text _builder_version=\u00bb4.16&#8243; global_colors_info=\u00bb{}\u00bb]<\/p>\n<h3>Curso base de dibujo con la escuela Parola<\/h3>\n<p>El curso finalizar\u00e1 proporcionando a los estudiantes un<strong><span class=\"style1\">\u00a0m\u00e9todo racional para representar la figura humana<\/span><\/strong>, que es uno de los modelos m\u00e1s complejos del estudio art\u00edstico.<\/p>\n<p>La metodolog\u00eda de aprendizaje tendr\u00e1 un soporte con material did\u00e1ctico que trata<strong> estudios de dibujo libre y de un programa de ejercicios para hacer en casa<\/strong>, de modo que sea posible constatar los progresos de los estudiantes.<\/p>\n<p>[\/et_pb_text][\/et_pb_column_inner][\/et_pb_row_inner][et_pb_row_inner _builder_version=\u00bb4.16&#8243; custom_padding=\u00bb27.8281px|0px|0px|0px\u00bb global_colors_info=\u00bb{}\u00bb][et_pb_column_inner saved_specialty_column_type=\u00bb3_4&#8243; _builder_version=\u00bb4.16&#8243; custom_padding=\u00bb|||\u00bb global_colors_info=\u00bb{}\u00bb custom_padding__hover=\u00bb|||\u00bb][et_pb_text _builder_version=\u00bb4.16&#8243; custom_margin=\u00bb||0px|||\u00bb global_colors_info=\u00bb{}\u00bb]<\/p>\n<h3>Precios para nuestros cursos de italiano y dibujo<\/h3>\n<p>Estos son los <strong>precios de nuestros programas<\/strong>, que incluyen <strong><a href=\"https:\/\/www.parola.it\/es\/es-cursos-italiano-florencia\/\">cursos de idioma italiano<\/a><\/strong> en nuestra sede en Florencia y lecciones de t\u00e9cnica de dibujo en el estudio de un pintor cerca de la escuela.<strong><\/strong><\/p>\n<p><strong><\/strong><\/p>\n<p>[\/et_pb_text][et_pb_pricing_tables header_background_color=\u00bb#ff6600&#8243; show_bullet=\u00bboff\u00bb featured_table_bullet_color=\u00bbrgba(255,255,255,0)\u00bb show_featured_drop_shadow=\u00bboff\u00bb admin_label=\u00bbPrecios dos cursos \u00bb _builder_version=\u00bb4.16&#8243; header_text_align=\u00bbcenter\u00bb header_font_size=\u00bb15&#8243; body_text_align=\u00bbcenter\u00bb subheader_text_align=\u00bbcenter\u00bb price_text_align=\u00bbcenter\u00bb text_orientation=\u00bbcenter\u00bb custom_padding=\u00bb||-10px|\u00bb center_list_items=\u00bbon\u00bb global_colors_info=\u00bb{}\u00bb button_text_size__hover_enabled=\u00bboff\u00bb button_one_text_size__hover_enabled=\u00bboff\u00bb button_two_text_size__hover_enabled=\u00bboff\u00bb button_text_color__hover_enabled=\u00bboff\u00bb button_one_text_color__hover_enabled=\u00bboff\u00bb button_two_text_color__hover_enabled=\u00bboff\u00bb button_border_width__hover_enabled=\u00bboff\u00bb button_one_border_width__hover_enabled=\u00bboff\u00bb button_two_border_width__hover_enabled=\u00bboff\u00bb button_border_color__hover_enabled=\u00bboff\u00bb button_one_border_color__hover_enabled=\u00bboff\u00bb button_two_border_color__hover_enabled=\u00bboff\u00bb button_border_radius__hover_enabled=\u00bboff\u00bb button_one_border_radius__hover_enabled=\u00bboff\u00bb button_two_border_radius__hover_enabled=\u00bboff\u00bb button_letter_spacing__hover_enabled=\u00bboff\u00bb button_one_letter_spacing__hover_enabled=\u00bboff\u00bb button_two_letter_spacing__hover_enabled=\u00bboff\u00bb button_bg_color__hover_enabled=\u00bboff\u00bb button_one_bg_color__hover_enabled=\u00bboff\u00bb button_two_bg_color__hover_enabled=\u00bboff\u00bb][et_pb_pricing_table title=\u00bb1 Semana\u00bb sum=\u00bb2 veces a la semana:  lecciones de dibujo\u00bb _builder_version=\u00bb4.22.2&#8243; header_level=\u00bbh3&#8243; header_font=\u00bb||||\u00bb header_text_color=\u00bb#ffffff\u00bb header_font_size=\u00bb20&#8243; body_font=\u00bb||||\u00bb body_text_align=\u00bbcenter\u00bb body_line_height=\u00bb18px\u00bb subheader_font=\u00bb||||\u00bb subheader_text_align=\u00bbcenter\u00bb subheader_font_size=\u00bb14&#8243; price_font=\u00bb|on|||\u00bb price_text_align=\u00bbcenter\u00bb price_font_size=\u00bb16&#8243; price_line_height=\u00bb16px\u00bb currency_frequency_font=\u00bb||||\u00bb custom_button=\u00bbon\u00bb button_border_width=\u00bb4&#8243; button_font=\u00bb||||\u00bb button_use_icon=\u00bbon\u00bb button_icon=\u00bb&#xe025;||divi||400&#8243; button_icon_placement=\u00bbright\u00bb button_on_hover=\u00bbon\u00bb button_alignment=\u00bbcenter\u00bb text_orientation=\u00bbcenter\u00bb header_font_size_tablet=\u00bb20&#8243; header_font_size_phone=\u00bb20&#8243; body_line_height_tablet=\u00bb16px\u00bb body_line_height_phone=\u00bb16px\u00bb subheader_font_size_tablet=\u00bb14&#8243; subheader_font_size_phone=\u00bb14&#8243; price_font_size_tablet=\u00bb16&#8243; price_font_size_phone=\u00bb16&#8243; price_line_height_tablet=\u00bb16px\u00bb price_line_height_phone=\u00bb16px\u00bb global_colors_info=\u00bb{}\u00bb button_text_size__hover_enabled=\u00bboff\u00bb button_one_text_size__hover_enabled=\u00bboff\u00bb button_two_text_size__hover_enabled=\u00bboff\u00bb button_text_color__hover_enabled=\u00bboff\u00bb button_one_text_color__hover_enabled=\u00bboff\u00bb button_two_text_color__hover_enabled=\u00bboff\u00bb button_border_width__hover_enabled=\u00bboff\u00bb button_one_border_width__hover_enabled=\u00bboff\u00bb button_two_border_width__hover_enabled=\u00bboff\u00bb button_border_color__hover_enabled=\u00bboff\u00bb button_one_border_color__hover_enabled=\u00bboff\u00bb button_two_border_color__hover_enabled=\u00bboff\u00bb button_border_radius__hover_enabled=\u00bboff\u00bb button_one_border_radius__hover_enabled=\u00bboff\u00bb button_two_border_radius__hover_enabled=\u00bboff\u00bb button_letter_spacing__hover_enabled=\u00bboff\u00bb button_one_letter_spacing__hover_enabled=\u00bboff\u00bb button_two_letter_spacing__hover_enabled=\u00bboff\u00bb button_bg_color__hover_enabled=\u00bboff\u00bb button_one_bg_color__hover_enabled=\u00bboff\u00bb button_two_bg_color__hover_enabled=\u00bboff\u00bb sticky_transition=\u00bbon\u00bb]<\/p>\n<p><strong>2 horas al d\u00eda de dibujo,<\/strong> 2 veces a la semana, m\u00e1s <strong>lecciones de italiano &#8211; 10 horas<\/strong>.<br \/>250\u20ac por una semana.<\/p>\n<p>[\/et_pb_pricing_table][et_pb_pricing_table title=\u00bb2 Semanas\u00bb sum=\u00bb2 veces a la semana: lecciones de dibujo\u00bb _builder_version=\u00bb4.22.2&#8243; header_level=\u00bbh3&#8243; header_font=\u00bb||||\u00bb header_text_color=\u00bb#ffffff\u00bb header_font_size=\u00bb20&#8243; body_font=\u00bb||||\u00bb body_text_align=\u00bbcenter\u00bb body_line_height=\u00bb18px\u00bb subheader_font=\u00bb||||\u00bb subheader_text_align=\u00bbcenter\u00bb subheader_font_size=\u00bb14&#8243; price_font=\u00bb|on|||\u00bb price_text_align=\u00bbcenter\u00bb price_font_size=\u00bb16&#8243; price_line_height=\u00bb16px\u00bb currency_frequency_font=\u00bb||||\u00bb custom_button=\u00bbon\u00bb button_border_width=\u00bb4&#8243; button_font=\u00bb||||\u00bb button_use_icon=\u00bbon\u00bb button_icon=\u00bb&#xe025;||divi||400&#8243; button_icon_placement=\u00bbright\u00bb button_on_hover=\u00bbon\u00bb button_alignment=\u00bbcenter\u00bb text_orientation=\u00bbcenter\u00bb header_font_size_tablet=\u00bb20&#8243; header_font_size_phone=\u00bb20&#8243; body_line_height_tablet=\u00bb16px\u00bb body_line_height_phone=\u00bb16px\u00bb subheader_font_size_tablet=\u00bb14&#8243; subheader_font_size_phone=\u00bb14&#8243; price_font_size_tablet=\u00bb16&#8243; price_font_size_phone=\u00bb16&#8243; price_line_height_tablet=\u00bb16px\u00bb price_line_height_phone=\u00bb16px\u00bb global_colors_info=\u00bb{}\u00bb button_text_size__hover_enabled=\u00bboff\u00bb button_one_text_size__hover_enabled=\u00bboff\u00bb button_two_text_size__hover_enabled=\u00bboff\u00bb button_text_color__hover_enabled=\u00bboff\u00bb button_one_text_color__hover_enabled=\u00bboff\u00bb button_two_text_color__hover_enabled=\u00bboff\u00bb button_border_width__hover_enabled=\u00bboff\u00bb button_one_border_width__hover_enabled=\u00bboff\u00bb button_two_border_width__hover_enabled=\u00bboff\u00bb button_border_color__hover_enabled=\u00bboff\u00bb button_one_border_color__hover_enabled=\u00bboff\u00bb button_two_border_color__hover_enabled=\u00bboff\u00bb button_border_radius__hover_enabled=\u00bboff\u00bb button_one_border_radius__hover_enabled=\u00bboff\u00bb button_two_border_radius__hover_enabled=\u00bboff\u00bb button_letter_spacing__hover_enabled=\u00bboff\u00bb button_one_letter_spacing__hover_enabled=\u00bboff\u00bb button_two_letter_spacing__hover_enabled=\u00bboff\u00bb button_bg_color__hover_enabled=\u00bboff\u00bb button_one_bg_color__hover_enabled=\u00bboff\u00bb button_two_bg_color__hover_enabled=\u00bboff\u00bb sticky_transition=\u00bbon\u00bb]<\/p>\n<p><strong>2 horas al d\u00eda de dibujo,<\/strong>\u00a02 veces a la semana: <strong>lecciones de\u00a0 italiano &#8211; 20 horas<\/strong>.<\/p>\n<p>500\u20ac por dos semanas.<\/p>\n<p>[\/et_pb_pricing_table][et_pb_pricing_table title=\u00bb3 Semanas\u00bb sum=\u00bb2 veces a la semana: lecciones de dibujo\u00bb _builder_version=\u00bb4.22.2&#8243; header_level=\u00bbh3&#8243; header_font=\u00bb||||\u00bb header_text_color=\u00bb#ffffff\u00bb header_font_size=\u00bb20&#8243; body_font=\u00bb||||\u00bb body_text_align=\u00bbcenter\u00bb body_line_height=\u00bb18px\u00bb subheader_font=\u00bb||||\u00bb subheader_text_align=\u00bbcenter\u00bb subheader_font_size=\u00bb14&#8243; price_font=\u00bb|on|||\u00bb price_text_align=\u00bbcenter\u00bb price_font_size=\u00bb16&#8243; price_line_height=\u00bb16px\u00bb currency_frequency_font=\u00bb||||\u00bb custom_button=\u00bbon\u00bb button_border_width=\u00bb4&#8243; button_font=\u00bb||||\u00bb button_use_icon=\u00bbon\u00bb button_icon=\u00bb&#xe025;||divi||400&#8243; button_icon_placement=\u00bbright\u00bb button_on_hover=\u00bbon\u00bb button_alignment=\u00bbcenter\u00bb text_orientation=\u00bbcenter\u00bb header_font_size_tablet=\u00bb20&#8243; header_font_size_phone=\u00bb20&#8243; body_line_height_tablet=\u00bb16px\u00bb body_line_height_phone=\u00bb16px\u00bb subheader_font_size_tablet=\u00bb14&#8243; subheader_font_size_phone=\u00bb14&#8243; price_font_size_tablet=\u00bb16&#8243; price_font_size_phone=\u00bb16&#8243; price_line_height_tablet=\u00bb16px\u00bb price_line_height_phone=\u00bb16px\u00bb global_colors_info=\u00bb{}\u00bb button_text_size__hover_enabled=\u00bboff\u00bb button_one_text_size__hover_enabled=\u00bboff\u00bb button_two_text_size__hover_enabled=\u00bboff\u00bb button_text_color__hover_enabled=\u00bboff\u00bb button_one_text_color__hover_enabled=\u00bboff\u00bb button_two_text_color__hover_enabled=\u00bboff\u00bb button_border_width__hover_enabled=\u00bboff\u00bb button_one_border_width__hover_enabled=\u00bboff\u00bb button_two_border_width__hover_enabled=\u00bboff\u00bb button_border_color__hover_enabled=\u00bboff\u00bb button_one_border_color__hover_enabled=\u00bboff\u00bb button_two_border_color__hover_enabled=\u00bboff\u00bb button_border_radius__hover_enabled=\u00bboff\u00bb button_one_border_radius__hover_enabled=\u00bboff\u00bb button_two_border_radius__hover_enabled=\u00bboff\u00bb button_letter_spacing__hover_enabled=\u00bboff\u00bb button_one_letter_spacing__hover_enabled=\u00bboff\u00bb button_two_letter_spacing__hover_enabled=\u00bboff\u00bb button_bg_color__hover_enabled=\u00bboff\u00bb button_one_bg_color__hover_enabled=\u00bboff\u00bb button_two_bg_color__hover_enabled=\u00bboff\u00bb sticky_transition=\u00bbon\u00bb]<\/p>\n<p><strong>2 horas al d\u00eda de dibujo,<\/strong>\u00a02 veces a la semana:\u00a0 <strong>lecciones de italiano &#8211; 30 horas<\/strong>.<\/p>\n<p>750\u20ac por tres semanas.<\/p>\n<p>[\/et_pb_pricing_table][et_pb_pricing_table title=\u00bb4 Semanas\u00bb sum=\u00bb2 veces a la semana: lecciones de dibujo\u00bb _builder_version=\u00bb4.22.2&#8243; header_level=\u00bbh3&#8243; header_font=\u00bb||||\u00bb header_text_color=\u00bb#ffffff\u00bb header_font_size=\u00bb20&#8243; body_font=\u00bb||||\u00bb body_text_align=\u00bbcenter\u00bb body_line_height=\u00bb18px\u00bb subheader_font=\u00bb||||\u00bb subheader_text_align=\u00bbcenter\u00bb subheader_font_size=\u00bb14&#8243; price_font=\u00bb|on|||\u00bb price_text_align=\u00bbcenter\u00bb price_font_size=\u00bb16&#8243; price_line_height=\u00bb16px\u00bb currency_frequency_font=\u00bb||||\u00bb custom_button=\u00bbon\u00bb button_border_width=\u00bb4&#8243; button_font=\u00bb||||\u00bb button_use_icon=\u00bbon\u00bb button_icon=\u00bb&#xe025;||divi||400&#8243; button_icon_placement=\u00bbright\u00bb button_on_hover=\u00bbon\u00bb button_alignment=\u00bbcenter\u00bb text_orientation=\u00bbcenter\u00bb header_font_size_tablet=\u00bb20&#8243; header_font_size_phone=\u00bb20&#8243; body_line_height_tablet=\u00bb16px\u00bb body_line_height_phone=\u00bb16px\u00bb subheader_font_size_tablet=\u00bb14&#8243; subheader_font_size_phone=\u00bb14&#8243; price_font_size_tablet=\u00bb16&#8243; price_font_size_phone=\u00bb16&#8243; price_line_height_tablet=\u00bb16px\u00bb price_line_height_phone=\u00bb16px\u00bb global_colors_info=\u00bb{}\u00bb button_text_size__hover_enabled=\u00bboff\u00bb button_one_text_size__hover_enabled=\u00bboff\u00bb button_two_text_size__hover_enabled=\u00bboff\u00bb button_text_color__hover_enabled=\u00bboff\u00bb button_one_text_color__hover_enabled=\u00bboff\u00bb button_two_text_color__hover_enabled=\u00bboff\u00bb button_border_width__hover_enabled=\u00bboff\u00bb button_one_border_width__hover_enabled=\u00bboff\u00bb button_two_border_width__hover_enabled=\u00bboff\u00bb button_border_color__hover_enabled=\u00bboff\u00bb button_one_border_color__hover_enabled=\u00bboff\u00bb button_two_border_color__hover_enabled=\u00bboff\u00bb button_border_radius__hover_enabled=\u00bboff\u00bb button_one_border_radius__hover_enabled=\u00bboff\u00bb button_two_border_radius__hover_enabled=\u00bboff\u00bb button_letter_spacing__hover_enabled=\u00bboff\u00bb button_one_letter_spacing__hover_enabled=\u00bboff\u00bb button_two_letter_spacing__hover_enabled=\u00bboff\u00bb button_bg_color__hover_enabled=\u00bboff\u00bb button_one_bg_color__hover_enabled=\u00bboff\u00bb button_two_bg_color__hover_enabled=\u00bboff\u00bb sticky_transition=\u00bbon\u00bb]<\/p>\n<p><strong>2 horas al d\u00eda de dibujo, <\/strong>2 veces a la semana: <strong>lecciones de italiano &#8211; 40 horas<\/strong>.<\/p>\n<p>950\u20ac por cuatro semanas.<\/p>\n<p>[\/et_pb_pricing_table][\/et_pb_pricing_tables][et_pb_text _builder_version=\u00bb4.16&#8243; global_colors_info=\u00bb{}\u00bb]<\/p>\n<p>A tener en cuenta que<strong> el coste de los materiales no est\u00e1 incluido en la tarifa del curso<\/strong>. Para un curso de dibujo est\u00e1ndar, el coste es de aproximadamente 20\u20ac.<\/p>\n<p>La escuela Parola tambi\u00e9n ofrece clases individuales de dibujo, con un precio de 27\u20ac por hora con un m\u00ednimo de 4 horas de clase.<\/p>\n<p>[\/et_pb_text][\/et_pb_column_inner][\/et_pb_row_inner][et_pb_row_inner _builder_version=\u00bb4.16&#8243; custom_padding=\u00bb1px|0px|42px|0px\u00bb global_colors_info=\u00bb{}\u00bb][et_pb_column_inner saved_specialty_column_type=\u00bb3_4&#8243; _builder_version=\u00bb4.16&#8243; custom_padding=\u00bb|||\u00bb global_colors_info=\u00bb{}\u00bb custom_padding__hover=\u00bb|||\u00bb][et_pb_text _builder_version=\u00bb4.16&#8243; custom_margin=\u00bb15px||||false|false\u00bb global_colors_info=\u00bb{}\u00bb]<\/p>\n<h3>El profesor del curso de dibujo<\/h3>\n<p>Con nuestro profesor de dibujo se puede <strong>elegir entre aprender desde el dibujo cl\u00e1sico al contempor\u00e1neo<\/strong>, hasta la acuarela o, incluso, aprender a dise\u00f1ar vi\u00f1etas y c\u00f3mics.<\/p>\n<p>El profesor de dibujo\u00a0<strong><span class=\"style1\">ense\u00f1a a los estudiantes como alcanzar la sensibilidad<\/span>\u00a0en el arte<\/strong> de componer las l\u00edneas, la composici\u00f3n, la forma y la proporci\u00f3n en el estudio, profundizando en los siguientes conocimientos: \u00a0<\/p>\n<p>&nbsp;<\/p>\n<ul>\n<li>Dibujo libre, dibujo de objetos<\/li>\n<li>Las formas del cuerpo<\/li>\n<li>Formas de la cabeza y de la figura humana<\/li>\n<li>Figura en el espacio<\/li>\n<li>Dise\u00f1o en movimiento<\/li>\n<\/ul>\n<p>[\/et_pb_text][et_pb_text _builder_version=\u00bb4.16&#8243; global_colors_info=\u00bb{}\u00bb]<\/p>\n<p><span style=\"font-size: 18px; color: #e02b20;\">*<\/span><span style=\"font-size: 18px;\"> Los materiales que los estudiantes deseen utilizar por propia pr\u00e1ctica y para su efecto personal correr\u00e1n a <strong>cuenta de los propios estudiantes<\/strong> del curso de debujo.<\/span><\/p>\n<p>[\/et_pb_text][et_pb_text _builder_version=\u00bb4.16&#8243; global_colors_info=\u00bb{}\u00bb]<\/p>\n<h4>M\u00e1s informaci\u00f3n sobre el curso de t\u00e9cnicas de dibujo<\/h4>\n<p>Los cursos de italiano adjuntos a los de dibujo ayudan a aprender a trabajar de un modo que crea una <strong>agradable experiencia en Florencia<\/strong>, un gran centro art\u00edstico mundial.<\/p>\n<p>Para obtener <strong>m\u00e1s\u00a0<span class=\"style1\">informaci\u00f3n sobre los cursos de italiano y dibujo<\/span><\/strong> en Florencia,<strong>\u00a0<a title=\"contactar con la escuela Parola\" href=\"https:\/\/www.parola.it\/es\/es-contactar\/?et_fb=1\">contacta<\/a><\/strong>\u00a0con la escuela de lengua italiana Parola.<\/p>\n<p>[\/et_pb_text][et_pb_button button_url=\u00bbhttps:\/\/www.parola.it\/es\/es-contactar\u00bb button_text=\u00bbCONTACTO\u00bb _builder_version=\u00bb4.16&#8243; background_layout=\u00bbdark\u00bb locked=\u00bboff\u00bb global_colors_info=\u00bb{}\u00bb][\/et_pb_button][\/et_pb_column_inner][\/et_pb_row_inner][\/et_pb_column][et_pb_column type=\u00bb1_4&#8243; _builder_version=\u00bb4.16&#8243; custom_padding=\u00bb|||\u00bb global_colors_info=\u00bb{}\u00bb custom_padding__hover=\u00bb|||\u00bb][et_pb_text _builder_version=\u00bb4.16&#8243; module_alignment=\u00bbleft\u00bb global_colors_info=\u00bb{}\u00bb]<\/p>\n<h5><span style=\"font-size: x-large; color: #0c71c3;\"><strong>CONTACTO<\/strong><\/span><\/h5>\n<p><strong>Para\u00a0m\u00e1s informaci\u00f3n\u00a0cont\u00e1ctanos aqu\u00ed.<\/strong><\/p>\n<p>\u00a0Env\u00edanos\u00a0un\u00a0email:<b class=\"b5\">\u00a0<\/b><\/p>\n<p><strong><a href=\"mailto:info@parola.it\">info@parola.it<\/a><\/strong><\/p>\n<p>\u00a0Ll\u00e1manos:\u00a0<a href=\"tel:+39055242182\"><span style=\"color: #ff6600;\"><strong>+39 055242182<\/strong><\/span><\/a> o\u00a0<a href=\"tel:+393288997420\"><span style=\"color: #ff6600;\"><strong>+39 328 8997420<\/strong><\/span><\/a><\/p>\n<p>\u00a0Ven a visitarnos:<\/p>\n<p><a href=\"#\"><span style=\"color: #ff6600;\"><strong>Borgo Santa Croce, 17<\/strong><\/span><\/a><\/p>\n<p><a href=\"#\"><span style=\"color: #ff6600;\"><strong>50122 Florencia<\/strong><\/span><\/a><\/p>\n<p>[\/et_pb_text][et_pb_social_media_follow url_new_window=\u00bboff\u00bb admin_label=\u00bbSOCIAL MEDIA LOGO\u00bb _builder_version=\u00bb4.16&#8243; background_layout=\u00bbdark\u00bb height=\u00bb50px\u00bb saved_tabs=\u00bball\u00bb global_colors_info=\u00bb{}\u00bb][et_pb_social_media_follow_network social_network=\u00bbfacebook\u00bb url=\u00bbhttps:\/\/www.facebook.com\/online.italian.course\u00bb _builder_version=\u00bb4.16&#8243; background_color=\u00bb#3b5998&#8243; global_colors_info=\u00bb{}\u00bb follow_button=\u00bboff\u00bb url_new_window=\u00bboff\u00bb]<\/p>\n<p>Facebook<\/p>\n<p>[\/et_pb_social_media_follow_network][et_pb_social_media_follow_network social_network=\u00bbtwitter\u00bb url=\u00bbhttps:\/\/twitter.com\/\u00bb _builder_version=\u00bb4.22.2&#8243; background_color=\u00bb#000000&#8243; global_colors_info=\u00bb{}\u00bb follow_button=\u00bboff\u00bb url_new_window=\u00bboff\u00bb]<\/p>\n<p>Twitter<\/p>\n<p>[\/et_pb_social_media_follow_network][et_pb_social_media_follow_network social_network=\u00bblinkedin\u00bb url=\u00bbhttps:\/\/www.linkedin.com\/feed\/\u00bb _builder_version=\u00bb4.16&#8243; background_color=\u00bb#007bb6&#8243; global_colors_info=\u00bb{}\u00bb follow_button=\u00bboff\u00bb url_new_window=\u00bboff\u00bb]<\/p>\n<p>LinkedIn<\/p>\n<p>[\/et_pb_social_media_follow_network][et_pb_social_media_follow_network social_network=\u00bbinstagram\u00bb url=\u00bbhttps:\/\/www.instagram.com\/scuola_parola\/?hl=it\u00bb _builder_version=\u00bb4.16&#8243; background_color=\u00bb#ea2c59&#8243; global_colors_info=\u00bb{}\u00bb follow_button=\u00bboff\u00bb url_new_window=\u00bboff\u00bb]<\/p>\n<p>Instagram<\/p>\n<p>[\/et_pb_social_media_follow_network][\/et_pb_social_media_follow][et_pb_image src=\u00bbhttps:\/\/www.parola.it\/wp-content\/uploads\/2019\/11\/cils-certified-center.png\u00bb alt=\u00bbCILS logo of Parola Italian language school\u00bb url=\u00bbhttps:\/\/www.unistrasi.it\/2\/531\/2761\/CILS_centre.htm\u00bb admin_label=\u00bbCILS Certified\u00bb _builder_version=\u00bb4.16&#8243; custom_margin=\u00bb||10px|0px|false|false\u00bb custom_padding=\u00bb|||26px|false|false\u00bb z_index_tablet=\u00bb500&#8243; box_shadow_horizontal_tablet=\u00bb0px\u00bb box_shadow_vertical_tablet=\u00bb0px\u00bb box_shadow_blur_tablet=\u00bb40px\u00bb box_shadow_spread_tablet=\u00bb0px\u00bb saved_tabs=\u00bball\u00bb global_colors_info=\u00bb{}\u00bb][\/et_pb_image][et_pb_text admin_label=\u00bbCursos links\u00bb _builder_version=\u00bb4.4.8&#8243; module_alignment=\u00bbleft\u00bb custom_margin=\u00bb40px|||\u00bb global_module=\u00bb43826&#8243; saved_tabs=\u00bball\u00bb global_colors_info=\u00bb{}\u00bb]<\/p>\n<p><span style=\"color: #0c71c3;\"><strong>CURSOS DE LENGUA<\/strong><\/span><\/p>\n<p><a href=\"es-cursos-italiano-florencia\"><strong>CURSOS DE ITALIANO<\/strong><\/a><\/p>\n<p><strong><a href=\"es-cursos-grupo-italiano-florencia\">CURSOS\u00a0DE GRUPO<\/a><\/strong><\/p>\n<p><strong><a href=\"es-cursos-individuales\">CURSOS INDIVIDUALES<\/a><\/strong><\/p>\n<p><strong><a href=\"https:\/\/www.parola.it\/es\/clases-italiano-enlinea\/\">CURSOS EN\u00a0 L\u00cdNEA<\/a><\/strong><\/p>\n<p><strong><a href=\"es-cursos-combinados-florencia\">CURSOS COMBINADO<\/a><\/strong><\/p>\n<p><strong><a href=\"es-cursos-au-pair-florencia\">CURSO PARA AU PAIR<\/a><\/strong><\/p>\n<p><a href=\"es-cursos-cils-florencia\"><strong>EXAMEN CILS <\/strong><\/a><\/p>\n<p>[\/et_pb_text][et_pb_text admin_label=\u00bbLanguage international\u00bb _builder_version=\u00bb4.16&#8243; z_index_tablet=\u00bb500&#8243; text_text_shadow_horizontal_length_tablet=\u00bb0px\u00bb text_text_shadow_vertical_length_tablet=\u00bb0px\u00bb text_text_shadow_blur_strength_tablet=\u00bb1px\u00bb link_text_shadow_horizontal_length_tablet=\u00bb0px\u00bb link_text_shadow_vertical_length_tablet=\u00bb0px\u00bb link_text_shadow_blur_strength_tablet=\u00bb1px\u00bb ul_text_shadow_horizontal_length_tablet=\u00bb0px\u00bb ul_text_shadow_vertical_length_tablet=\u00bb0px\u00bb ul_text_shadow_blur_strength_tablet=\u00bb1px\u00bb ol_text_shadow_horizontal_length_tablet=\u00bb0px\u00bb ol_text_shadow_vertical_length_tablet=\u00bb0px\u00bb ol_text_shadow_blur_strength_tablet=\u00bb1px\u00bb quote_text_shadow_horizontal_length_tablet=\u00bb0px\u00bb quote_text_shadow_vertical_length_tablet=\u00bb0px\u00bb quote_text_shadow_blur_strength_tablet=\u00bb1px\u00bb header_text_shadow_horizontal_length_tablet=\u00bb0px\u00bb header_text_shadow_vertical_length_tablet=\u00bb0px\u00bb header_text_shadow_blur_strength_tablet=\u00bb1px\u00bb header_2_text_shadow_horizontal_length_tablet=\u00bb0px\u00bb header_2_text_shadow_vertical_length_tablet=\u00bb0px\u00bb header_2_text_shadow_blur_strength_tablet=\u00bb1px\u00bb header_3_text_shadow_horizontal_length_tablet=\u00bb0px\u00bb header_3_text_shadow_vertical_length_tablet=\u00bb0px\u00bb header_3_text_shadow_blur_strength_tablet=\u00bb1px\u00bb header_4_text_shadow_horizontal_length_tablet=\u00bb0px\u00bb header_4_text_shadow_vertical_length_tablet=\u00bb0px\u00bb header_4_text_shadow_blur_strength_tablet=\u00bb1px\u00bb header_5_text_shadow_horizontal_length_tablet=\u00bb0px\u00bb header_5_text_shadow_vertical_length_tablet=\u00bb0px\u00bb header_5_text_shadow_blur_strength_tablet=\u00bb1px\u00bb header_6_text_shadow_horizontal_length_tablet=\u00bb0px\u00bb header_6_text_shadow_vertical_length_tablet=\u00bb0px\u00bb header_6_text_shadow_blur_strength_tablet=\u00bb1px\u00bb box_shadow_horizontal_tablet=\u00bb0px\u00bb box_shadow_vertical_tablet=\u00bb0px\u00bb box_shadow_blur_tablet=\u00bb40px\u00bb box_shadow_spread_tablet=\u00bb0px\u00bb text_text_align=\u00bbleft\u00bb saved_tabs=\u00bball\u00bb global_colors_info=\u00bb{}\u00bb]<\/p>\n<div id=\"LI-CEO\"><script src=\"https:\/\/www.languageinternational.com\/badge\/coe?id=68832\"><\/script><\/div>\n<p>[\/et_pb_text][et_pb_text admin_label=\u00bbINFORMACI\u00d3NES\u00bb _builder_version=\u00bb4.5.3&#8243; text_font=\u00bb||||\u00bb header_font=\u00bb||||\u00bb module_alignment=\u00bbleft\u00bb custom_margin=\u00bb40px||5px|||\u00bb custom_padding=\u00bb||0px|||\u00bb use_border_color=\u00bboff\u00bb global_module=\u00bb9049&#8243; saved_tabs=\u00bball\u00bb global_colors_info=\u00bb{}\u00bb]<\/p>\n<p><span style=\"color: #0c71c3;\"><strong>INFORMACI\u00d3N<\/strong><\/span><\/p>\n<p><strong><a href=\"es-escuela-italiano-florencia\">NUESTRA ESCUELA<\/a><\/strong><\/p>\n<p><strong><a href=\"es-precios-cursos\">PRECIOS\u00a0<\/a><\/strong><\/p>\n<p><strong><a href=\"https:\/\/www.parola.it\/es\/precio-italiano-enlinea\/\">PRECIOS ONLINE<\/a><\/strong><\/p>\n<p><strong><a href=\"es-fechas-cursos-italiano\">FECHAS DE INICIO<\/a><\/strong><\/p>\n<p><strong><a href=\"es-metodos-cursos-italiano\">M\u00c9TODOS <\/a><\/strong><\/p>\n<p><strong><a href=\"https:\/\/www.parola.it\/es\/metodos-ensenanza-en-linea-italiana\/\">M\u00c9TODOS ONLINE<\/a><\/strong><\/p>\n<p><strong><a href=\"es-ubicacion-escuela-italiano\">UBICACI\u00d3N\u00a0<\/a><\/strong><\/p>\n<p><strong><a href=\"es-inscripcion-escuela\">INSCRIPCI\u00d3N <\/a><\/strong><\/p>\n<p><strong><a href=\"es-alojamiento-florencia\">ALOJAMIENTO<\/a><\/strong><\/p>\n<p><strong><a href=\"https:\/\/www.parola.it\/es\/es-niveles-italiano\/\">NIVELES<\/a><\/strong><\/p>\n<p><span style=\"color: #0c71c3;\"><strong>VENTAJAS<\/strong><\/span><\/p>\n<p><strong><a href=\"https:\/\/www.parola.it\/es\/es-becas-cils\/\">BECAS<\/a><\/strong><\/p>\n<p><strong><a href=\"https:\/\/www.parola.it\/es\/es-ofertas-especiales-florencia\/\">DESCUENTOS<\/a><\/strong><\/p>\n<p>[\/et_pb_text][\/et_pb_column][\/et_pb_section][et_pb_section fb_built=\u00bb1&#8243; fullwidth=\u00bbon\u00bb _builder_version=\u00bb4.16&#8243; global_colors_info=\u00bb{}\u00bb][et_pb_fullwidth_menu menu_id=\u00bb2057&#8243; _builder_version=\u00bb4.16&#8243; global_colors_info=\u00bb{}\u00bb][\/et_pb_fullwidth_menu][\/et_pb_section]<\/p>\n","protected":false},"excerpt":{"rendered":"<p>Curso de italiano y dibujo con la escuela Parola Nuestros cursos de italiano con clases de dibujo \u00bfEst\u00e1s listo para embarcarte en una experiencia de aprendizaje \u00fanica en la encantadora ciudad de Florencia? En la escuela Parola ofrecemos una combinaci\u00f3n \u00fanica de un curso de dibujo t\u00e9cnico y un curso de italiano. La escuela de [&hellip;]<\/p>\n","protected":false},"author":1,"featured_media":10932,"parent":0,"menu_order":0,"comment_status":"closed","ping_status":"closed","template":"","meta":{"_et_pb_use_builder":"on","_et_pb_old_content":"","_et_gb_content_width":"","footnotes":""},"class_list":["post-2321","page","type-page","status-publish","has-post-thumbnail","hentry"],"yoast_head":"<!-- This site is optimized with the Yoast SEO plugin v27.4 - https:\/\/yoast.com\/product\/yoast-seo-wordpress\/ -->\n<title>Clases de italiano y dibujo en Florencia | Escuela Parola<\/title>\n<meta name=\"description\" content=\"Aprende la lengua italiana y el dibujo en Florencia. La escuela Parola ofrece cursos de italiano combinados con clases de dibujo en el centro de Florencia.\" \/>\n<meta name=\"robots\" content=\"index, follow, max-snippet:-1, max-image-preview:large, max-video-preview:-1\" \/>\n<link rel=\"canonical\" href=\"https:\/\/www.parola.it\/es\/es-dibujo-florencia\/\" \/>\n<meta property=\"og:locale\" content=\"es_ES\" \/>\n<meta property=\"og:type\" content=\"article\" \/>\n<meta property=\"og:title\" content=\"Clases de italiano y dibujo en Florencia | Escuela Parola\" \/>\n<meta property=\"og:description\" content=\"Aprende la lengua italiana y el dibujo en Florencia. La escuela Parola ofrece cursos de italiano combinados con clases de dibujo en el centro de Florencia.\" \/>\n<meta property=\"og:url\" content=\"https:\/\/www.parola.it\/es\/es-dibujo-florencia\/\" \/>\n<meta property=\"og:site_name\" content=\"Italian Language School in Florence\" \/>\n<meta property=\"article:publisher\" content=\"https:\/\/www.facebook.com\/Italian.language.school.florence\/\" \/>\n<meta property=\"article:modified_time\" content=\"2025-03-24T12:05:06+00:00\" \/>\n<meta property=\"og:image\" content=\"https:\/\/www.parola.it\/wp-content\/uploads\/2018\/02\/drawing-florence.jpg\" \/>\n\t<meta property=\"og:image:width\" content=\"1920\" \/>\n\t<meta property=\"og:image:height\" content=\"1080\" \/>\n\t<meta property=\"og:image:type\" content=\"image\/jpeg\" \/>\n<meta name=\"twitter:card\" content=\"summary_large_image\" \/>\n<meta name=\"twitter:site\" content=\"@Parola_School\" \/>\n<meta name=\"twitter:label1\" content=\"Tiempo de lectura\" \/>\n\t<meta name=\"twitter:data1\" content=\"18 minutos\" \/>\n<script type=\"application\/ld+json\" class=\"yoast-schema-graph\">{\"@context\":\"https:\\\/\\\/schema.org\",\"@graph\":[{\"@type\":\"WebPage\",\"@id\":\"https:\\\/\\\/www.parola.it\\\/es\\\/es-dibujo-florencia\\\/\",\"url\":\"https:\\\/\\\/www.parola.it\\\/es\\\/es-dibujo-florencia\\\/\",\"name\":\"Clases de italiano y dibujo en Florencia | Escuela Parola\",\"isPartOf\":{\"@id\":\"https:\\\/\\\/www.parola.it\\\/#website\"},\"primaryImageOfPage\":{\"@id\":\"https:\\\/\\\/www.parola.it\\\/es\\\/es-dibujo-florencia\\\/#primaryimage\"},\"image\":{\"@id\":\"https:\\\/\\\/www.parola.it\\\/es\\\/es-dibujo-florencia\\\/#primaryimage\"},\"thumbnailUrl\":\"https:\\\/\\\/www.parola.it\\\/wp-content\\\/uploads\\\/2018\\\/02\\\/drawing-florence.jpg\",\"datePublished\":\"2017-11-07T12:46:49+00:00\",\"dateModified\":\"2025-03-24T12:05:06+00:00\",\"description\":\"Aprende la lengua italiana y el dibujo en Florencia. La escuela Parola ofrece cursos de italiano combinados con clases de dibujo en el centro de Florencia.\",\"breadcrumb\":{\"@id\":\"https:\\\/\\\/www.parola.it\\\/es\\\/es-dibujo-florencia\\\/#breadcrumb\"},\"inLanguage\":\"es\",\"potentialAction\":[{\"@type\":\"ReadAction\",\"target\":[\"https:\\\/\\\/www.parola.it\\\/es\\\/es-dibujo-florencia\\\/\"]}]},{\"@type\":\"ImageObject\",\"inLanguage\":\"es\",\"@id\":\"https:\\\/\\\/www.parola.it\\\/es\\\/es-dibujo-florencia\\\/#primaryimage\",\"url\":\"https:\\\/\\\/www.parola.it\\\/wp-content\\\/uploads\\\/2018\\\/02\\\/drawing-florence.jpg\",\"contentUrl\":\"https:\\\/\\\/www.parola.it\\\/wp-content\\\/uploads\\\/2018\\\/02\\\/drawing-florence.jpg\",\"width\":1920,\"height\":1080,\"caption\":\"Drawing lesson in Florence\"},{\"@type\":\"BreadcrumbList\",\"@id\":\"https:\\\/\\\/www.parola.it\\\/es\\\/es-dibujo-florencia\\\/#breadcrumb\",\"itemListElement\":[{\"@type\":\"ListItem\",\"position\":1,\"name\":\"Accueil\",\"item\":\"https:\\\/\\\/www.parola.it\\\/es\\\/\"},{\"@type\":\"ListItem\",\"position\":2,\"name\":\"ITALIANO Y DIBUYO\"}]},{\"@type\":\"WebSite\",\"@id\":\"https:\\\/\\\/www.parola.it\\\/#website\",\"url\":\"https:\\\/\\\/www.parola.it\\\/\",\"name\":\"Italian Language School in Florence | Parola School\",\"description\":\"Learn Italian with Parola Italian Language School\",\"publisher\":{\"@id\":\"https:\\\/\\\/www.parola.it\\\/#organization\"},\"alternateName\":\"Parola School\",\"potentialAction\":[{\"@type\":\"SearchAction\",\"target\":{\"@type\":\"EntryPoint\",\"urlTemplate\":\"https:\\\/\\\/www.parola.it\\\/?s={search_term_string}\"},\"query-input\":{\"@type\":\"PropertyValueSpecification\",\"valueRequired\":true,\"valueName\":\"search_term_string\"}}],\"inLanguage\":\"es\"},{\"@type\":\"Organization\",\"@id\":\"https:\\\/\\\/www.parola.it\\\/#organization\",\"name\":\"Parola Italian Language School in Florence\",\"alternateName\":\"Italian Language Courses in Florence\",\"url\":\"https:\\\/\\\/www.parola.it\\\/\",\"logo\":{\"@type\":\"ImageObject\",\"inLanguage\":\"es\",\"@id\":\"https:\\\/\\\/www.parola.it\\\/#\\\/schema\\\/logo\\\/image\\\/\",\"url\":\"https:\\\/\\\/www.parola.it\\\/wp-content\\\/uploads\\\/2019\\\/03\\\/logo-parola-language-school-1-e1721760774400.png\",\"contentUrl\":\"https:\\\/\\\/www.parola.it\\\/wp-content\\\/uploads\\\/2019\\\/03\\\/logo-parola-language-school-1-e1721760774400.png\",\"width\":145,\"height\":53,\"caption\":\"Parola Italian Language School in Florence\"},\"image\":{\"@id\":\"https:\\\/\\\/www.parola.it\\\/#\\\/schema\\\/logo\\\/image\\\/\"},\"sameAs\":[\"https:\\\/\\\/www.facebook.com\\\/Italian.language.school.florence\\\/\",\"https:\\\/\\\/x.com\\\/Parola_School\",\"https:\\\/\\\/www.instagram.com\\\/scuola_parola\\\/?hl=it\",\"https:\\\/\\\/www.linkedin.com\\\/in\\\/parola-italian-language-school-0a504114\\\/\",\"https:\\\/\\\/it.pinterest.com\\\/pin\\\/10344274122092210\\\/\",\"https:\\\/\\\/www.youtube.com\\\/channel\\\/UCKQkiBkXnIh9Df27KWD66rA?view_as=subscriber\",\"https:\\\/\\\/www.tripadvisor.com\\\/Attraction_Review-g187895-d4133618-Reviews-Parola_Italian_Language_School-Florence_Tuscany\"]}]}<\/script>\n<!-- \/ Yoast SEO plugin. -->","yoast_head_json":{"title":"Clases de italiano y dibujo en Florencia | Escuela Parola","description":"Aprende la lengua italiana y el dibujo en Florencia. La escuela Parola ofrece cursos de italiano combinados con clases de dibujo en el centro de Florencia.","robots":{"index":"index","follow":"follow","max-snippet":"max-snippet:-1","max-image-preview":"max-image-preview:large","max-video-preview":"max-video-preview:-1"},"canonical":"https:\/\/www.parola.it\/es\/es-dibujo-florencia\/","og_locale":"es_ES","og_type":"article","og_title":"Clases de italiano y dibujo en Florencia | Escuela Parola","og_description":"Aprende la lengua italiana y el dibujo en Florencia. La escuela Parola ofrece cursos de italiano combinados con clases de dibujo en el centro de Florencia.","og_url":"https:\/\/www.parola.it\/es\/es-dibujo-florencia\/","og_site_name":"Italian Language School in Florence","article_publisher":"https:\/\/www.facebook.com\/Italian.language.school.florence\/","article_modified_time":"2025-03-24T12:05:06+00:00","og_image":[{"width":1920,"height":1080,"url":"https:\/\/www.parola.it\/wp-content\/uploads\/2018\/02\/drawing-florence.jpg","type":"image\/jpeg"}],"twitter_card":"summary_large_image","twitter_site":"@Parola_School","twitter_misc":{"Tiempo de lectura":"18 minutos"},"schema":{"@context":"https:\/\/schema.org","@graph":[{"@type":"WebPage","@id":"https:\/\/www.parola.it\/es\/es-dibujo-florencia\/","url":"https:\/\/www.parola.it\/es\/es-dibujo-florencia\/","name":"Clases de italiano y dibujo en Florencia | Escuela Parola","isPartOf":{"@id":"https:\/\/www.parola.it\/#website"},"primaryImageOfPage":{"@id":"https:\/\/www.parola.it\/es\/es-dibujo-florencia\/#primaryimage"},"image":{"@id":"https:\/\/www.parola.it\/es\/es-dibujo-florencia\/#primaryimage"},"thumbnailUrl":"https:\/\/www.parola.it\/wp-content\/uploads\/2018\/02\/drawing-florence.jpg","datePublished":"2017-11-07T12:46:49+00:00","dateModified":"2025-03-24T12:05:06+00:00","description":"Aprende la lengua italiana y el dibujo en Florencia. La escuela Parola ofrece cursos de italiano combinados con clases de dibujo en el centro de Florencia.","breadcrumb":{"@id":"https:\/\/www.parola.it\/es\/es-dibujo-florencia\/#breadcrumb"},"inLanguage":"es","potentialAction":[{"@type":"ReadAction","target":["https:\/\/www.parola.it\/es\/es-dibujo-florencia\/"]}]},{"@type":"ImageObject","inLanguage":"es","@id":"https:\/\/www.parola.it\/es\/es-dibujo-florencia\/#primaryimage","url":"https:\/\/www.parola.it\/wp-content\/uploads\/2018\/02\/drawing-florence.jpg","contentUrl":"https:\/\/www.parola.it\/wp-content\/uploads\/2018\/02\/drawing-florence.jpg","width":1920,"height":1080,"caption":"Drawing lesson in Florence"},{"@type":"BreadcrumbList","@id":"https:\/\/www.parola.it\/es\/es-dibujo-florencia\/#breadcrumb","itemListElement":[{"@type":"ListItem","position":1,"name":"Accueil","item":"https:\/\/www.parola.it\/es\/"},{"@type":"ListItem","position":2,"name":"ITALIANO Y DIBUYO"}]},{"@type":"WebSite","@id":"https:\/\/www.parola.it\/#website","url":"https:\/\/www.parola.it\/","name":"Italian Language School in Florence | Parola School","description":"Learn Italian with Parola Italian Language School","publisher":{"@id":"https:\/\/www.parola.it\/#organization"},"alternateName":"Parola School","potentialAction":[{"@type":"SearchAction","target":{"@type":"EntryPoint","urlTemplate":"https:\/\/www.parola.it\/?s={search_term_string}"},"query-input":{"@type":"PropertyValueSpecification","valueRequired":true,"valueName":"search_term_string"}}],"inLanguage":"es"},{"@type":"Organization","@id":"https:\/\/www.parola.it\/#organization","name":"Parola Italian Language School in Florence","alternateName":"Italian Language Courses in Florence","url":"https:\/\/www.parola.it\/","logo":{"@type":"ImageObject","inLanguage":"es","@id":"https:\/\/www.parola.it\/#\/schema\/logo\/image\/","url":"https:\/\/www.parola.it\/wp-content\/uploads\/2019\/03\/logo-parola-language-school-1-e1721760774400.png","contentUrl":"https:\/\/www.parola.it\/wp-content\/uploads\/2019\/03\/logo-parola-language-school-1-e1721760774400.png","width":145,"height":53,"caption":"Parola Italian Language School in Florence"},"image":{"@id":"https:\/\/www.parola.it\/#\/schema\/logo\/image\/"},"sameAs":["https:\/\/www.facebook.com\/Italian.language.school.florence\/","https:\/\/x.com\/Parola_School","https:\/\/www.instagram.com\/scuola_parola\/?hl=it","https:\/\/www.linkedin.com\/in\/parola-italian-language-school-0a504114\/","https:\/\/it.pinterest.com\/pin\/10344274122092210\/","https:\/\/www.youtube.com\/channel\/UCKQkiBkXnIh9Df27KWD66rA?view_as=subscriber","https:\/\/www.tripadvisor.com\/Attraction_Review-g187895-d4133618-Reviews-Parola_Italian_Language_School-Florence_Tuscany"]}]}},"_links":{"self":[{"href":"https:\/\/www.parola.it\/es\/wp-json\/wp\/v2\/pages\/2321","targetHints":{"allow":["GET"]}}],"collection":[{"href":"https:\/\/www.parola.it\/es\/wp-json\/wp\/v2\/pages"}],"about":[{"href":"https:\/\/www.parola.it\/es\/wp-json\/wp\/v2\/types\/page"}],"author":[{"embeddable":true,"href":"https:\/\/www.parola.it\/es\/wp-json\/wp\/v2\/users\/1"}],"replies":[{"embeddable":true,"href":"https:\/\/www.parola.it\/es\/wp-json\/wp\/v2\/comments?post=2321"}],"version-history":[{"count":5,"href":"https:\/\/www.parola.it\/es\/wp-json\/wp\/v2\/pages\/2321\/revisions"}],"predecessor-version":[{"id":75170,"href":"https:\/\/www.parola.it\/es\/wp-json\/wp\/v2\/pages\/2321\/revisions\/75170"}],"wp:featuredmedia":[{"embeddable":true,"href":"https:\/\/www.parola.it\/es\/wp-json\/wp\/v2\/media\/10932"}],"wp:attachment":[{"href":"https:\/\/www.parola.it\/es\/wp-json\/wp\/v2\/media?parent=2321"}],"curies":[{"name":"wp","href":"https:\/\/api.w.org\/{rel}","templated":true}]}}