{"id":2054,"date":"2017-11-06T21:04:45","date_gmt":"2017-11-06T20:04:45","guid":{"rendered":"https:\/\/www.parola.it\/combined-italian-courses\/"},"modified":"2025-04-29T11:08:22","modified_gmt":"2025-04-29T09:08:22","slug":"es-cursos-combinados-florencia","status":"publish","type":"page","link":"https:\/\/www.parola.it\/es\/es-cursos-combinados-florencia\/","title":{"rendered":"CURSOS COMBINADOS"},"content":{"rendered":"<p>[et_pb_section bb_built=\u00bb1&#8243; fullwidth=\u00bbon\u00bb _builder_version=\u00bb4.16&#8243; global_colors_info=\u00bb{}\u00bb next_background_color=\u00bb#000000&#8243;][et_pb_fullwidth_slider show_content_on_mobile=\u00bboff\u00bb show_cta_on_mobile=\u00bboff\u00bb _builder_version=\u00bb4.22.2&#8243; header_font_size=\u00bb40&#8243; background_size=\u00bbinitial\u00bb background_position=\u00bbtop_left\u00bb background_repeat=\u00bbrepeat\u00bb auto=\u00bbon\u00bb auto_speed=\u00bb3000&#8243; auto_ignore_hover=\u00bbon\u00bb global_colors_info=\u00bb{}\u00bb button_text_size__hover_enabled=\u00bboff\u00bb button_one_text_size__hover_enabled=\u00bboff\u00bb button_two_text_size__hover_enabled=\u00bboff\u00bb button_text_color__hover_enabled=\u00bboff\u00bb button_one_text_color__hover_enabled=\u00bboff\u00bb button_two_text_color__hover_enabled=\u00bboff\u00bb button_border_width__hover_enabled=\u00bboff\u00bb button_one_border_width__hover_enabled=\u00bboff\u00bb button_two_border_width__hover_enabled=\u00bboff\u00bb button_border_color__hover_enabled=\u00bboff\u00bb button_one_border_color__hover_enabled=\u00bboff\u00bb button_two_border_color__hover_enabled=\u00bboff\u00bb button_border_radius__hover_enabled=\u00bboff\u00bb button_one_border_radius__hover_enabled=\u00bboff\u00bb button_two_border_radius__hover_enabled=\u00bboff\u00bb button_letter_spacing__hover_enabled=\u00bboff\u00bb button_one_letter_spacing__hover_enabled=\u00bboff\u00bb button_two_letter_spacing__hover_enabled=\u00bboff\u00bb button_bg_color__hover_enabled=\u00bboff\u00bb button_one_bg_color__hover_enabled=\u00bboff\u00bb button_two_bg_color__hover_enabled=\u00bboff\u00bb][et_pb_slide heading=\u00bbCursos combinados de lengua italiana en Florencia\u00bb button_text=\u00bbCURSOS DE GRUPO\u00bb button_link=\u00bbhttps:\/\/www.parola.it\/es\/es-cursos-grupo-italiano-florencia\u00bb use_bg_overlay=\u00bbon\u00bb bg_overlay_color=\u00bbrgba(0,0,0,0.1)\u00bb use_text_overlay=\u00bboff\u00bb _builder_version=\u00bb4.22.2&#8243; header_font=\u00bb||||\u00bb body_font=\u00bb||||\u00bb background_color=\u00bb#ffffff\u00bb background_image=\u00bbhttps:\/\/www.parola.it\/wp-content\/uploads\/2023\/10\/lezione-italiano-firenze.jpg\u00bb background_enable_image=\u00bbon\u00bb background_position=\u00bbtop_left\u00bb button_on_hover=\u00bbon\u00bb global_colors_info=\u00bb{}\u00bb button_text_size__hover_enabled=\u00bboff\u00bb button_one_text_size__hover_enabled=\u00bboff\u00bb button_two_text_size__hover_enabled=\u00bboff\u00bb button_text_color__hover_enabled=\u00bboff\u00bb button_one_text_color__hover_enabled=\u00bboff\u00bb button_two_text_color__hover_enabled=\u00bboff\u00bb button_border_width__hover_enabled=\u00bboff\u00bb button_one_border_width__hover_enabled=\u00bboff\u00bb button_two_border_width__hover_enabled=\u00bboff\u00bb button_border_color__hover_enabled=\u00bboff\u00bb button_one_border_color__hover_enabled=\u00bboff\u00bb button_two_border_color__hover_enabled=\u00bboff\u00bb button_border_radius__hover_enabled=\u00bboff\u00bb button_one_border_radius__hover_enabled=\u00bboff\u00bb button_two_border_radius__hover_enabled=\u00bboff\u00bb button_letter_spacing__hover_enabled=\u00bboff\u00bb button_one_letter_spacing__hover_enabled=\u00bboff\u00bb button_two_letter_spacing__hover_enabled=\u00bboff\u00bb button_bg_color__hover_enabled=\u00bboff\u00bb button_one_bg_color__hover_enabled=\u00bboff\u00bb button_two_bg_color__hover_enabled=\u00bboff\u00bb sticky_transition=\u00bbon\u00bb][\/et_pb_slide][\/et_pb_fullwidth_slider][\/et_pb_section][et_pb_section bb_built=\u00bb1&#8243; specialty=\u00bbon\u00bb _builder_version=\u00bb4.16&#8243; custom_padding=\u00bb12px|||||\u00bb global_colors_info=\u00bb{}\u00bb prev_background_color=\u00bb#000000&#8243; next_background_color=\u00bb#000000&#8243;][et_pb_column type=\u00bb3_4&#8243; specialty_columns=\u00bb3&#8243;][et_pb_row_inner _builder_version=\u00bb4.16&#8243; custom_padding=\u00bb22px|0px|0px|0px\u00bb global_colors_info=\u00bb{}\u00bb][et_pb_column_inner type=\u00bbundefined\u00bb saved_specialty_column_type=\u00bb3_4&#8243; _builder_version=\u00bb4.16&#8243; custom_padding=\u00bb|||\u00bb global_colors_info=\u00bb{}\u00bb custom_padding__hover=\u00bb|||\u00bb saved_specialty_column_type=\u00bb3_4&#8243;][et_pb_text _builder_version=\u00bb4.25.1&#8243; text_line_height=\u00bb1.9em\u00bb module_alignment=\u00bbleft\u00bb global_colors_info=\u00bb{}\u00bb background_pattern_color=\u00bbrgba(0,0,0,0.2)\u00bb background_mask_color=\u00bb#ffffff\u00bb text_text_shadow_horizontal_length=\u00bbtext_text_shadow_style,%91object Object%93&#8243; text_text_shadow_horizontal_length_tablet=\u00bb0px\u00bb text_text_shadow_vertical_length=\u00bbtext_text_shadow_style,%91object Object%93&#8243; text_text_shadow_vertical_length_tablet=\u00bb0px\u00bb text_text_shadow_blur_strength=\u00bbtext_text_shadow_style,%91object Object%93&#8243; text_text_shadow_blur_strength_tablet=\u00bb1px\u00bb link_text_shadow_horizontal_length=\u00bblink_text_shadow_style,%91object Object%93&#8243; link_text_shadow_horizontal_length_tablet=\u00bb0px\u00bb link_text_shadow_vertical_length=\u00bblink_text_shadow_style,%91object Object%93&#8243; link_text_shadow_vertical_length_tablet=\u00bb0px\u00bb link_text_shadow_blur_strength=\u00bblink_text_shadow_style,%91object Object%93&#8243; link_text_shadow_blur_strength_tablet=\u00bb1px\u00bb ul_text_shadow_horizontal_length=\u00bbul_text_shadow_style,%91object Object%93&#8243; ul_text_shadow_horizontal_length_tablet=\u00bb0px\u00bb ul_text_shadow_vertical_length=\u00bbul_text_shadow_style,%91object Object%93&#8243; ul_text_shadow_vertical_length_tablet=\u00bb0px\u00bb ul_text_shadow_blur_strength=\u00bbul_text_shadow_style,%91object Object%93&#8243; ul_text_shadow_blur_strength_tablet=\u00bb1px\u00bb ol_text_shadow_horizontal_length=\u00bbol_text_shadow_style,%91object Object%93&#8243; ol_text_shadow_horizontal_length_tablet=\u00bb0px\u00bb ol_text_shadow_vertical_length=\u00bbol_text_shadow_style,%91object Object%93&#8243; ol_text_shadow_vertical_length_tablet=\u00bb0px\u00bb ol_text_shadow_blur_strength=\u00bbol_text_shadow_style,%91object Object%93&#8243; ol_text_shadow_blur_strength_tablet=\u00bb1px\u00bb quote_text_shadow_horizontal_length=\u00bbquote_text_shadow_style,%91object Object%93&#8243; quote_text_shadow_horizontal_length_tablet=\u00bb0px\u00bb quote_text_shadow_vertical_length=\u00bbquote_text_shadow_style,%91object Object%93&#8243; quote_text_shadow_vertical_length_tablet=\u00bb0px\u00bb quote_text_shadow_blur_strength=\u00bbquote_text_shadow_style,%91object Object%93&#8243; quote_text_shadow_blur_strength_tablet=\u00bb1px\u00bb header_text_shadow_horizontal_length=\u00bbheader_text_shadow_style,%91object Object%93&#8243; header_text_shadow_horizontal_length_tablet=\u00bb0px\u00bb header_text_shadow_vertical_length=\u00bbheader_text_shadow_style,%91object Object%93&#8243; header_text_shadow_vertical_length_tablet=\u00bb0px\u00bb header_text_shadow_blur_strength=\u00bbheader_text_shadow_style,%91object Object%93&#8243; header_text_shadow_blur_strength_tablet=\u00bb1px\u00bb header_2_text_shadow_horizontal_length=\u00bbheader_2_text_shadow_style,%91object Object%93&#8243; header_2_text_shadow_horizontal_length_tablet=\u00bb0px\u00bb header_2_text_shadow_vertical_length=\u00bbheader_2_text_shadow_style,%91object Object%93&#8243; header_2_text_shadow_vertical_length_tablet=\u00bb0px\u00bb header_2_text_shadow_blur_strength=\u00bbheader_2_text_shadow_style,%91object Object%93&#8243; header_2_text_shadow_blur_strength_tablet=\u00bb1px\u00bb header_3_text_shadow_horizontal_length=\u00bbheader_3_text_shadow_style,%91object Object%93&#8243; header_3_text_shadow_horizontal_length_tablet=\u00bb0px\u00bb header_3_text_shadow_vertical_length=\u00bbheader_3_text_shadow_style,%91object Object%93&#8243; header_3_text_shadow_vertical_length_tablet=\u00bb0px\u00bb header_3_text_shadow_blur_strength=\u00bbheader_3_text_shadow_style,%91object Object%93&#8243; header_3_text_shadow_blur_strength_tablet=\u00bb1px\u00bb header_4_text_shadow_horizontal_length=\u00bbheader_4_text_shadow_style,%91object Object%93&#8243; header_4_text_shadow_horizontal_length_tablet=\u00bb0px\u00bb header_4_text_shadow_vertical_length=\u00bbheader_4_text_shadow_style,%91object Object%93&#8243; header_4_text_shadow_vertical_length_tablet=\u00bb0px\u00bb header_4_text_shadow_blur_strength=\u00bbheader_4_text_shadow_style,%91object Object%93&#8243; header_4_text_shadow_blur_strength_tablet=\u00bb1px\u00bb header_5_text_shadow_horizontal_length=\u00bbheader_5_text_shadow_style,%91object Object%93&#8243; header_5_text_shadow_horizontal_length_tablet=\u00bb0px\u00bb header_5_text_shadow_vertical_length=\u00bbheader_5_text_shadow_style,%91object Object%93&#8243; header_5_text_shadow_vertical_length_tablet=\u00bb0px\u00bb header_5_text_shadow_blur_strength=\u00bbheader_5_text_shadow_style,%91object Object%93&#8243; header_5_text_shadow_blur_strength_tablet=\u00bb1px\u00bb header_6_text_shadow_horizontal_length=\u00bbheader_6_text_shadow_style,%91object Object%93&#8243; header_6_text_shadow_horizontal_length_tablet=\u00bb0px\u00bb header_6_text_shadow_vertical_length=\u00bbheader_6_text_shadow_style,%91object Object%93&#8243; header_6_text_shadow_vertical_length_tablet=\u00bb0px\u00bb header_6_text_shadow_blur_strength=\u00bbheader_6_text_shadow_style,%91object Object%93&#8243; header_6_text_shadow_blur_strength_tablet=\u00bb1px\u00bb box_shadow_horizontal_tablet=\u00bb0px\u00bb box_shadow_vertical_tablet=\u00bb0px\u00bb box_shadow_blur_tablet=\u00bb40px\u00bb box_shadow_spread_tablet=\u00bb0px\u00bb vertical_offset_tablet=\u00bb0&#8243; horizontal_offset_tablet=\u00bb0&#8243; z_index_tablet=\u00bb0&#8243;]<\/p>\n<h1>Cursos combinados de lengua italiana en Parola<\/h1>\n<h2>Clases de grupo y lecciones individuales de Italiano<\/h2>\n<p>Combina la profesionalidad y el ambiente agradable de nuestras <strong>clases grupales de italiano con la flexibilidad y la calidad de nuestras lecciones privadas de italiano<\/strong> para aprender o fortalecer tu competencia en el idioma italiano. Estos <b>cursos de italiano combinan cursos de grupo<\/b>\u00a0y lecciones individuales.<\/p>\n<p>Primero, el estudiante asistir\u00e1 a las <a href=\"https:\/\/www.parola.it\/es\/es-cursos-grupo-italiano-florencia\"><strong>lecciones de grupo<\/strong><\/a>\u00a0y despu\u00e9s tendr\u00e1 una secci\u00f3n\u00a0<strong><a title=\"Clase privadas de lengua italiana\" href=\"https:\/\/www.parola.it\/es\/es-cursos-individuales\">individual<\/a><\/strong>\u00a0donde tendr\u00e1 la oportunidad de repasar la gram\u00e1tica y expandir el vocabulario.<\/p>\n<p>[\/et_pb_text][\/et_pb_column_inner][\/et_pb_row_inner][et_pb_row_inner _builder_version=\u00bb4.16&#8243; global_colors_info=\u00bb{}\u00bb][et_pb_column_inner type=\u00bbundefined\u00bb saved_specialty_column_type=\u00bb3_4&#8243; _builder_version=\u00bb4.16&#8243; custom_padding=\u00bb|||\u00bb global_colors_info=\u00bb{}\u00bb custom_padding__hover=\u00bb|||\u00bb saved_specialty_column_type=\u00bb3_4&#8243;][et_pb_text _builder_version=\u00bb4.16&#8243; global_colors_info=\u00bb{}\u00bb]<\/p>\n<h3>Cursos combinados de Italiano de la escuela Parola<\/h3>\n<p>Nuestros cursos de idiomas combinados est\u00e1ndar duran <strong>4 semanas, pero este tipo de cursos tambi\u00e9n se pueden tomar por m\u00e1s o menos tiempo<\/strong>.<\/p>\n<p>[\/et_pb_text][et_pb_pricing_tables admin_label=\u00bbStandard Combined Language Courses\u00bb header_background_color=\u00bb#ff6600&#8243; show_bullet=\u00bboff\u00bb featured_table_bullet_color=\u00bbrgba(255,255,255,0)\u00bb show_featured_drop_shadow=\u00bboff\u00bb _builder_version=\u00bb4.25.1&#8243; header_text_color=\u00bb#ffffff\u00bb header_level=\u00bbh3&#8243; header_text_align=\u00bbcenter\u00bb header_font_size=\u00bb15&#8243; body_text_align=\u00bbcenter\u00bb subheader_text_align=\u00bbcenter\u00bb price_text_align=\u00bbcenter\u00bb text_orientation=\u00bbcenter\u00bb custom_padding=\u00bb||-10px|\u00bb center_list_items=\u00bbon\u00bb global_colors_info=\u00bb{}\u00bb button_text_size__hover_enabled=\u00bboff\u00bb button_one_text_size__hover_enabled=\u00bboff\u00bb button_two_text_size__hover_enabled=\u00bboff\u00bb button_text_color__hover_enabled=\u00bboff\u00bb button_one_text_color__hover_enabled=\u00bboff\u00bb button_two_text_color__hover_enabled=\u00bboff\u00bb button_border_width__hover_enabled=\u00bboff\u00bb button_one_border_width__hover_enabled=\u00bboff\u00bb button_two_border_width__hover_enabled=\u00bboff\u00bb button_border_color__hover_enabled=\u00bboff\u00bb button_one_border_color__hover_enabled=\u00bboff\u00bb button_two_border_color__hover_enabled=\u00bboff\u00bb button_border_radius__hover_enabled=\u00bboff\u00bb button_one_border_radius__hover_enabled=\u00bboff\u00bb button_two_border_radius__hover_enabled=\u00bboff\u00bb button_letter_spacing__hover_enabled=\u00bboff\u00bb button_one_letter_spacing__hover_enabled=\u00bboff\u00bb button_two_letter_spacing__hover_enabled=\u00bboff\u00bb button_bg_color__hover_enabled=\u00bboff\u00bb button_one_bg_color__hover_enabled=\u00bboff\u00bb button_two_bg_color__hover_enabled=\u00bboff\u00bb][et_pb_pricing_table title=\u00bbA tempo\u00bb sum=\u00bbSemi-Intensivo\u00bb _builder_version=\u00bb4.22.2&#8243; header_font=\u00bb||||\u00bb header_font_size=\u00bb20&#8243; body_font=\u00bb||||\u00bb body_line_height=\u00bb18px\u00bb subheader_font=\u00bb||||\u00bb subheader_font_size=\u00bb14&#8243; price_font=\u00bb|on|||\u00bb price_font_size=\u00bb16&#8243; price_line_height=\u00bb16px\u00bb currency_frequency_font=\u00bb||||\u00bb custom_button=\u00bbon\u00bb button_border_width=\u00bb4&#8243; button_font=\u00bb||||\u00bb button_icon=\u00bb&#xe025;||divi||400&#8243; button_alignment=\u00bbcenter\u00bb header_font_size_tablet=\u00bb20&#8243; header_font_size_phone=\u00bb20&#8243; body_line_height_tablet=\u00bb16px\u00bb body_line_height_phone=\u00bb16px\u00bb subheader_font_size_tablet=\u00bb14&#8243; subheader_font_size_phone=\u00bb14&#8243; price_font_size_tablet=\u00bb16&#8243; price_font_size_phone=\u00bb16&#8243; price_line_height_tablet=\u00bb16px\u00bb price_line_height_phone=\u00bb16px\u00bb global_colors_info=\u00bb{}\u00bb button_text_size__hover_enabled=\u00bboff\u00bb button_one_text_size__hover_enabled=\u00bboff\u00bb button_two_text_size__hover_enabled=\u00bboff\u00bb button_text_color__hover_enabled=\u00bboff\u00bb button_one_text_color__hover_enabled=\u00bboff\u00bb button_two_text_color__hover_enabled=\u00bboff\u00bb button_border_width__hover_enabled=\u00bboff\u00bb button_one_border_width__hover_enabled=\u00bboff\u00bb button_two_border_width__hover_enabled=\u00bboff\u00bb button_border_color__hover_enabled=\u00bboff\u00bb button_one_border_color__hover_enabled=\u00bboff\u00bb button_two_border_color__hover_enabled=\u00bboff\u00bb button_border_radius__hover_enabled=\u00bboff\u00bb button_one_border_radius__hover_enabled=\u00bboff\u00bb button_two_border_radius__hover_enabled=\u00bboff\u00bb button_letter_spacing__hover_enabled=\u00bboff\u00bb button_one_letter_spacing__hover_enabled=\u00bboff\u00bb button_two_letter_spacing__hover_enabled=\u00bboff\u00bb button_bg_color__hover_enabled=\u00bboff\u00bb button_one_bg_color__hover_enabled=\u00bboff\u00bb button_two_bg_color__hover_enabled=\u00bboff\u00bb sticky_transition=\u00bbon\u00bb]<\/p>\n<p>1 semana \u2013 13 horas \u2013 170\u20ac<br \/>2 semanas \u2013 26 horas \u2013 340\u20ac<br \/>3 semanas \u2013 39 horas \u2013 510\u20ac<br \/>4 semanas \u2013 52 horas \u2013 680\u20ac<\/p>\n<p>[\/et_pb_pricing_table][et_pb_pricing_table title=\u00bbAllegretto\u00bb sum=\u00bbSemi-Intensivo\u00bb _builder_version=\u00bb4.16&#8243; header_font=\u00bb||||\u00bb header_font_size=\u00bb20&#8243; body_font=\u00bb||||\u00bb body_line_height=\u00bb18px\u00bb subheader_font=\u00bb||||\u00bb subheader_font_size=\u00bb14&#8243; price_font=\u00bb|on|||\u00bb price_font_size=\u00bb16&#8243; price_line_height=\u00bb16px\u00bb currency_frequency_font=\u00bb||||\u00bb custom_button=\u00bbon\u00bb button_border_width=\u00bb4&#8243; button_font=\u00bb||||\u00bb button_use_icon=\u00bbon\u00bb button_icon=\u00bb&#xe025;||divi||400&#8243; button_on_hover=\u00bbon\u00bb button_alignment=\u00bbcenter\u00bb header_font_size_tablet=\u00bb20&#8243; header_font_size_phone=\u00bb20&#8243; body_line_height_tablet=\u00bb16px\u00bb body_line_height_phone=\u00bb16px\u00bb subheader_font_size_tablet=\u00bb14&#8243; subheader_font_size_phone=\u00bb14&#8243; price_font_size_tablet=\u00bb16&#8243; price_font_size_phone=\u00bb16&#8243; price_line_height_tablet=\u00bb16px\u00bb price_line_height_phone=\u00bb16px\u00bb global_colors_info=\u00bb{}\u00bb button_text_size__hover_enabled=\u00bboff\u00bb button_one_text_size__hover_enabled=\u00bboff\u00bb button_two_text_size__hover_enabled=\u00bboff\u00bb button_text_color__hover_enabled=\u00bboff\u00bb button_one_text_color__hover_enabled=\u00bboff\u00bb button_two_text_color__hover_enabled=\u00bboff\u00bb button_border_width__hover_enabled=\u00bboff\u00bb button_one_border_width__hover_enabled=\u00bboff\u00bb button_two_border_width__hover_enabled=\u00bboff\u00bb button_border_color__hover_enabled=\u00bboff\u00bb button_one_border_color__hover_enabled=\u00bboff\u00bb button_two_border_color__hover_enabled=\u00bboff\u00bb button_border_radius__hover_enabled=\u00bboff\u00bb button_one_border_radius__hover_enabled=\u00bboff\u00bb button_two_border_radius__hover_enabled=\u00bboff\u00bb button_letter_spacing__hover_enabled=\u00bboff\u00bb button_one_letter_spacing__hover_enabled=\u00bboff\u00bb button_two_letter_spacing__hover_enabled=\u00bboff\u00bb button_bg_color__hover_enabled=\u00bboff\u00bb button_one_bg_color__hover_enabled=\u00bboff\u00bb button_two_bg_color__hover_enabled=\u00bboff\u00bb sticky_transition=\u00bbon\u00bb]<\/p>\n<p style=\"text-align: center;\">2 semanas- 30 horas &#8211; 470 \u20ac<\/p>\n<p style=\"text-align: center;\">3 semanas- 60 horas &#8211; 670 \u20ac<\/p>\n<p style=\"text-align: center;\">4 semanas- 90 horas &#8211; 770 \u20ac<\/p>\n<p>[\/et_pb_pricing_table][et_pb_pricing_table title=\u00bbVivace\u00bb sum=\u00bbIntensivo\u00bb _builder_version=\u00bb4.16&#8243; header_font=\u00bb||||\u00bb header_font_size=\u00bb20&#8243; body_font=\u00bb||||\u00bb body_line_height=\u00bb18px\u00bb subheader_font=\u00bb||||\u00bb subheader_font_size=\u00bb14&#8243; price_font=\u00bb|on|||\u00bb price_font_size=\u00bb16&#8243; price_line_height=\u00bb16px\u00bb currency_frequency_font=\u00bb||||\u00bb custom_button=\u00bbon\u00bb button_border_width=\u00bb4&#8243; button_font=\u00bb||||\u00bb button_use_icon=\u00bbon\u00bb button_icon=\u00bb&#xe025;||divi||400&#8243; button_on_hover=\u00bbon\u00bb button_alignment=\u00bbcenter\u00bb header_font_size_tablet=\u00bb20&#8243; header_font_size_phone=\u00bb20&#8243; body_line_height_tablet=\u00bb16px\u00bb body_line_height_phone=\u00bb16px\u00bb subheader_font_size_tablet=\u00bb14&#8243; subheader_font_size_phone=\u00bb14&#8243; price_font_size_tablet=\u00bb16&#8243; price_font_size_phone=\u00bb16&#8243; price_line_height_tablet=\u00bb16px\u00bb price_line_height_phone=\u00bb16px\u00bb global_colors_info=\u00bb{}\u00bb button_text_size__hover_enabled=\u00bboff\u00bb button_one_text_size__hover_enabled=\u00bboff\u00bb button_two_text_size__hover_enabled=\u00bboff\u00bb button_text_color__hover_enabled=\u00bboff\u00bb button_one_text_color__hover_enabled=\u00bboff\u00bb button_two_text_color__hover_enabled=\u00bboff\u00bb button_border_width__hover_enabled=\u00bboff\u00bb button_one_border_width__hover_enabled=\u00bboff\u00bb button_two_border_width__hover_enabled=\u00bboff\u00bb button_border_color__hover_enabled=\u00bboff\u00bb button_one_border_color__hover_enabled=\u00bboff\u00bb button_two_border_color__hover_enabled=\u00bboff\u00bb button_border_radius__hover_enabled=\u00bboff\u00bb button_one_border_radius__hover_enabled=\u00bboff\u00bb button_two_border_radius__hover_enabled=\u00bboff\u00bb button_letter_spacing__hover_enabled=\u00bboff\u00bb button_one_letter_spacing__hover_enabled=\u00bboff\u00bb button_two_letter_spacing__hover_enabled=\u00bboff\u00bb button_bg_color__hover_enabled=\u00bboff\u00bb button_one_bg_color__hover_enabled=\u00bboff\u00bb button_two_bg_color__hover_enabled=\u00bboff\u00bb sticky_transition=\u00bbon\u00bb]<\/p>\n<p style=\"text-align: center;\">2 semanas &#8211; 50 h &#8211; 570 \u20ac<\/p>\n<p style=\"text-align: center;\">3 semanas- 75 h &#8211; 770 \u20ac<\/p>\n<p style=\"text-align: center;\">4 semanas &#8211; 100 h &#8211; 920 \u20ac<\/p>\n<p>[\/et_pb_pricing_table][et_pb_pricing_table title=\u00bbPresto\u00bb sum=\u00bbIntensivo\u00bb _builder_version=\u00bb4.16&#8243; header_font=\u00bb||||\u00bb header_font_size=\u00bb20&#8243; body_font=\u00bb||||\u00bb body_line_height=\u00bb18px\u00bb subheader_font=\u00bb||||\u00bb subheader_font_size=\u00bb14&#8243; price_font=\u00bb|on|||\u00bb price_font_size=\u00bb16&#8243; price_line_height=\u00bb16px\u00bb currency_frequency_font=\u00bb||||\u00bb custom_button=\u00bbon\u00bb button_border_width=\u00bb4&#8243; button_font=\u00bb||||\u00bb button_use_icon=\u00bbon\u00bb button_icon=\u00bb&#xe025;||divi||400&#8243; button_on_hover=\u00bbon\u00bb button_alignment=\u00bbcenter\u00bb header_font_size_tablet=\u00bb20&#8243; header_font_size_phone=\u00bb20&#8243; body_line_height_tablet=\u00bb16px\u00bb body_line_height_phone=\u00bb16px\u00bb subheader_font_size_tablet=\u00bb14&#8243; subheader_font_size_phone=\u00bb14&#8243; price_font_size_tablet=\u00bb16&#8243; price_font_size_phone=\u00bb16&#8243; price_line_height_tablet=\u00bb16px\u00bb price_line_height_phone=\u00bb16px\u00bb global_colors_info=\u00bb{}\u00bb button_text_size__hover_enabled=\u00bboff\u00bb button_one_text_size__hover_enabled=\u00bboff\u00bb button_two_text_size__hover_enabled=\u00bboff\u00bb button_text_color__hover_enabled=\u00bboff\u00bb button_one_text_color__hover_enabled=\u00bboff\u00bb button_two_text_color__hover_enabled=\u00bboff\u00bb button_border_width__hover_enabled=\u00bboff\u00bb button_one_border_width__hover_enabled=\u00bboff\u00bb button_two_border_width__hover_enabled=\u00bboff\u00bb button_border_color__hover_enabled=\u00bboff\u00bb button_one_border_color__hover_enabled=\u00bboff\u00bb button_two_border_color__hover_enabled=\u00bboff\u00bb button_border_radius__hover_enabled=\u00bboff\u00bb button_one_border_radius__hover_enabled=\u00bboff\u00bb button_two_border_radius__hover_enabled=\u00bboff\u00bb button_letter_spacing__hover_enabled=\u00bboff\u00bb button_one_letter_spacing__hover_enabled=\u00bboff\u00bb button_two_letter_spacing__hover_enabled=\u00bboff\u00bb button_bg_color__hover_enabled=\u00bboff\u00bb button_one_bg_color__hover_enabled=\u00bboff\u00bb button_two_bg_color__hover_enabled=\u00bboff\u00bb sticky_transition=\u00bbon\u00bb]<\/p>\n<p style=\"text-align: center;\">2 semanas &#8211; 60 h &#8211; 990 \u20ac<\/p>\n<p style=\"text-align: center;\">3 semanas &#8211; 90 h &#8211; 1160 \u20ac<\/p>\n<p style=\"text-align: center;\">4 semanas &#8211; 120 h &#8211; 1500 \u20ac<\/p>\n<p>[\/et_pb_pricing_table][\/et_pb_pricing_tables][et_pb_text _builder_version=\u00bb4.16&#8243; custom_padding=\u00bb3px|||||\u00bb global_colors_info=\u00bb{}\u00bb]<\/p>\n<h3>Cursos de italiano y cultura en Florencia<\/h3>\n<p>El italiano tambi\u00e9n <strong>puede combinarse con algunas materias<\/strong> que est\u00e1n estrictamente relacionadas con la cultura italiana.<\/p>\n<p>[\/et_pb_text][et_pb_pricing_tables admin_label=\u00bbItalian Language And Culture. Mixed Courses\u00bb header_background_color=\u00bb#ff6600&#8243; show_bullet=\u00bboff\u00bb featured_table_bullet_color=\u00bbrgba(255,255,255,0)\u00bb show_featured_drop_shadow=\u00bboff\u00bb _builder_version=\u00bb4.16&#8243; header_text_color=\u00bb#ffffff\u00bb header_level=\u00bbh3&#8243; header_text_align=\u00bbcenter\u00bb header_font_size=\u00bb15&#8243; body_text_align=\u00bbcenter\u00bb subheader_text_align=\u00bbcenter\u00bb price_text_align=\u00bbcenter\u00bb text_orientation=\u00bbcenter\u00bb custom_margin=\u00bb0px|||\u00bb custom_padding=\u00bb||-10px|\u00bb center_list_items=\u00bbon\u00bb global_colors_info=\u00bb{}\u00bb button_text_size__hover_enabled=\u00bboff\u00bb button_one_text_size__hover_enabled=\u00bboff\u00bb button_two_text_size__hover_enabled=\u00bboff\u00bb button_text_color__hover_enabled=\u00bboff\u00bb button_one_text_color__hover_enabled=\u00bboff\u00bb button_two_text_color__hover_enabled=\u00bboff\u00bb button_border_width__hover_enabled=\u00bboff\u00bb button_one_border_width__hover_enabled=\u00bboff\u00bb button_two_border_width__hover_enabled=\u00bboff\u00bb button_border_color__hover_enabled=\u00bboff\u00bb button_one_border_color__hover_enabled=\u00bboff\u00bb button_two_border_color__hover_enabled=\u00bboff\u00bb button_border_radius__hover_enabled=\u00bboff\u00bb button_one_border_radius__hover_enabled=\u00bboff\u00bb button_two_border_radius__hover_enabled=\u00bboff\u00bb button_letter_spacing__hover_enabled=\u00bboff\u00bb button_one_letter_spacing__hover_enabled=\u00bboff\u00bb button_two_letter_spacing__hover_enabled=\u00bboff\u00bb button_bg_color__hover_enabled=\u00bboff\u00bb button_one_bg_color__hover_enabled=\u00bboff\u00bb button_two_bg_color__hover_enabled=\u00bboff\u00bb][et_pb_pricing_table title=\u00bbItaliano y Cocina\u00bb sum=\u00bbLigero\u00bb _builder_version=\u00bb4.16&#8243; header_font=\u00bb||||\u00bb header_font_size=\u00bb20&#8243; body_font=\u00bb||||\u00bb body_text_align=\u00bbcenter\u00bb body_line_height=\u00bb18px\u00bb subheader_font=\u00bb||||\u00bb subheader_text_align=\u00bbcenter\u00bb subheader_font_size=\u00bb14&#8243; price_font=\u00bb|on|||\u00bb price_text_align=\u00bbcenter\u00bb price_font_size=\u00bb16&#8243; price_line_height=\u00bb16px\u00bb currency_frequency_font=\u00bb||||\u00bb custom_button=\u00bbon\u00bb button_border_width=\u00bb4&#8243; button_font=\u00bb||||\u00bb button_use_icon=\u00bbon\u00bb button_icon=\u00bb&#xe025;||divi||400&#8243; button_on_hover=\u00bbon\u00bb button_alignment=\u00bbcenter\u00bb header_font_size_tablet=\u00bb20&#8243; header_font_size_phone=\u00bb20&#8243; body_line_height_tablet=\u00bb16px\u00bb body_line_height_phone=\u00bb16px\u00bb subheader_font_size_tablet=\u00bb14&#8243; subheader_font_size_phone=\u00bb14&#8243; price_font_size_tablet=\u00bb16&#8243; price_font_size_phone=\u00bb16&#8243; price_line_height_tablet=\u00bb16px\u00bb price_line_height_phone=\u00bb16px\u00bb global_colors_info=\u00bb{}\u00bb button_text_size__hover_enabled=\u00bboff\u00bb button_one_text_size__hover_enabled=\u00bboff\u00bb button_two_text_size__hover_enabled=\u00bboff\u00bb button_text_color__hover_enabled=\u00bboff\u00bb button_one_text_color__hover_enabled=\u00bboff\u00bb button_two_text_color__hover_enabled=\u00bboff\u00bb button_border_width__hover_enabled=\u00bboff\u00bb button_one_border_width__hover_enabled=\u00bboff\u00bb button_two_border_width__hover_enabled=\u00bboff\u00bb button_border_color__hover_enabled=\u00bboff\u00bb button_one_border_color__hover_enabled=\u00bboff\u00bb button_two_border_color__hover_enabled=\u00bboff\u00bb button_border_radius__hover_enabled=\u00bboff\u00bb button_one_border_radius__hover_enabled=\u00bboff\u00bb button_two_border_radius__hover_enabled=\u00bboff\u00bb button_letter_spacing__hover_enabled=\u00bboff\u00bb button_one_letter_spacing__hover_enabled=\u00bboff\u00bb button_two_letter_spacing__hover_enabled=\u00bboff\u00bb button_bg_color__hover_enabled=\u00bboff\u00bb button_one_bg_color__hover_enabled=\u00bboff\u00bb button_two_bg_color__hover_enabled=\u00bboff\u00bb sticky_transition=\u00bbon\u00bb]56 horas (40 horas de clase de grupo + 16 horas de clase de Cocina)<br \/>\n[\/et_pb_pricing_table][et_pb_pricing_table title=\u00bbItaliano y Dibujo\u00bb sum=\u00bbLigero\u00bb _builder_version=\u00bb4.16&#8243; header_font=\u00bb||||\u00bb header_font_size=\u00bb20&#8243; body_font=\u00bb||||\u00bb body_text_align=\u00bbcenter\u00bb body_line_height=\u00bb18px\u00bb subheader_font=\u00bb||||\u00bb subheader_text_align=\u00bbcenter\u00bb subheader_font_size=\u00bb14&#8243; price_font=\u00bb|on|||\u00bb price_text_align=\u00bbcenter\u00bb price_font_size=\u00bb16&#8243; price_line_height=\u00bb16px\u00bb currency_frequency_font=\u00bb||||\u00bb custom_button=\u00bbon\u00bb button_border_width=\u00bb4&#8243; button_font=\u00bb||||\u00bb button_use_icon=\u00bbon\u00bb button_icon=\u00bb&#xe025;||divi||400&#8243; button_on_hover=\u00bbon\u00bb button_alignment=\u00bbcenter\u00bb header_font_size_tablet=\u00bb20&#8243; header_font_size_phone=\u00bb20&#8243; body_line_height_tablet=\u00bb16px\u00bb body_line_height_phone=\u00bb16px\u00bb subheader_font_size_tablet=\u00bb14&#8243; subheader_font_size_phone=\u00bb14&#8243; price_font_size_tablet=\u00bb16&#8243; price_font_size_phone=\u00bb16&#8243; price_line_height_tablet=\u00bb16px\u00bb price_line_height_phone=\u00bb16px\u00bb global_colors_info=\u00bb{}\u00bb button_text_size__hover_enabled=\u00bboff\u00bb button_one_text_size__hover_enabled=\u00bboff\u00bb button_two_text_size__hover_enabled=\u00bboff\u00bb button_text_color__hover_enabled=\u00bboff\u00bb button_one_text_color__hover_enabled=\u00bboff\u00bb button_two_text_color__hover_enabled=\u00bboff\u00bb button_border_width__hover_enabled=\u00bboff\u00bb button_one_border_width__hover_enabled=\u00bboff\u00bb button_two_border_width__hover_enabled=\u00bboff\u00bb button_border_color__hover_enabled=\u00bboff\u00bb button_one_border_color__hover_enabled=\u00bboff\u00bb button_two_border_color__hover_enabled=\u00bboff\u00bb button_border_radius__hover_enabled=\u00bboff\u00bb button_one_border_radius__hover_enabled=\u00bboff\u00bb button_two_border_radius__hover_enabled=\u00bboff\u00bb button_letter_spacing__hover_enabled=\u00bboff\u00bb button_one_letter_spacing__hover_enabled=\u00bboff\u00bb button_two_letter_spacing__hover_enabled=\u00bboff\u00bb button_bg_color__hover_enabled=\u00bboff\u00bb button_one_bg_color__hover_enabled=\u00bboff\u00bb button_two_bg_color__hover_enabled=\u00bboff\u00bb sticky_transition=\u00bbon\u00bb]48 horas (40 horas de clase de grupo + 8 horas de dibujo)<br \/>\n[\/et_pb_pricing_table][et_pb_pricing_table title=\u00bbItaliano y Arte\u00bb sum=\u00bbLigero\u00bb _builder_version=\u00bb4.16&#8243; header_font=\u00bb||||\u00bb header_font_size=\u00bb20&#8243; body_font=\u00bb||||\u00bb body_text_align=\u00bbcenter\u00bb body_line_height=\u00bb18px\u00bb subheader_font=\u00bb||||\u00bb subheader_text_align=\u00bbcenter\u00bb subheader_font_size=\u00bb14&#8243; price_font=\u00bb|on|||\u00bb price_text_align=\u00bbcenter\u00bb price_font_size=\u00bb16&#8243; price_line_height=\u00bb16px\u00bb currency_frequency_font=\u00bb||||\u00bb custom_button=\u00bbon\u00bb button_border_width=\u00bb4&#8243; button_font=\u00bb||||\u00bb button_use_icon=\u00bbon\u00bb button_icon=\u00bb&#xe025;||divi||400&#8243; button_on_hover=\u00bbon\u00bb button_alignment=\u00bbcenter\u00bb header_font_size_tablet=\u00bb20&#8243; header_font_size_phone=\u00bb20&#8243; body_line_height_tablet=\u00bb16px\u00bb body_line_height_phone=\u00bb16px\u00bb subheader_font_size_tablet=\u00bb14&#8243; subheader_font_size_phone=\u00bb14&#8243; price_font_size_tablet=\u00bb16&#8243; price_font_size_phone=\u00bb16&#8243; price_line_height_tablet=\u00bb16px\u00bb price_line_height_phone=\u00bb16px\u00bb global_colors_info=\u00bb{}\u00bb button_text_size__hover_enabled=\u00bboff\u00bb button_one_text_size__hover_enabled=\u00bboff\u00bb button_two_text_size__hover_enabled=\u00bboff\u00bb button_text_color__hover_enabled=\u00bboff\u00bb button_one_text_color__hover_enabled=\u00bboff\u00bb button_two_text_color__hover_enabled=\u00bboff\u00bb button_border_width__hover_enabled=\u00bboff\u00bb button_one_border_width__hover_enabled=\u00bboff\u00bb button_two_border_width__hover_enabled=\u00bboff\u00bb button_border_color__hover_enabled=\u00bboff\u00bb button_one_border_color__hover_enabled=\u00bboff\u00bb button_two_border_color__hover_enabled=\u00bboff\u00bb button_border_radius__hover_enabled=\u00bboff\u00bb button_one_border_radius__hover_enabled=\u00bboff\u00bb button_two_border_radius__hover_enabled=\u00bboff\u00bb button_letter_spacing__hover_enabled=\u00bboff\u00bb button_one_letter_spacing__hover_enabled=\u00bboff\u00bb button_two_letter_spacing__hover_enabled=\u00bboff\u00bb button_bg_color__hover_enabled=\u00bboff\u00bb button_one_bg_color__hover_enabled=\u00bboff\u00bb button_two_bg_color__hover_enabled=\u00bboff\u00bb sticky_transition=\u00bbon\u00bb]56 horas (40 horas de clase de grupo+ 16 horas de arte)<br \/>\n[\/et_pb_pricing_table][\/et_pb_pricing_tables][et_pb_text _builder_version=\u00bb4.16&#8243; custom_margin=\u00bb|||\u00bb custom_padding=\u00bb20px|||\u00bb global_colors_info=\u00bb{}\u00bb]<\/p>\n<p><strong><span style=\"color: #e02b20;\">A tener en cuenta:<\/span><\/strong><strong class=\"style13\">\u00a0<\/strong>en general, la parte cultural de las clases mencionadas anteriormente se realiza en un \u00e1rea de estudio individual.<\/p>\n<p>Estos cursos est\u00e1n disponibles para grupos de al menos 3 personas, en caso de que un peque\u00f1o grupo de dos estudiantes solicite una clase combinada, se establecer\u00e1 un precio especial a trav\u00e9s de la<strong><a title=\"Italian language school Parola in Florence\" href=\"es-escuela-italiano-florencia\">\u00a0escuela Parola<\/a><\/strong>.<\/p>\n<p>[\/et_pb_text][et_pb_text admin_label=\u00bbContatta\u00bb _builder_version=\u00bb4.16&#8243; global_colors_info=\u00bb{}\u00bb]<\/p>\n<h3>Contacto para los cursos de italiano combinados<\/h3>\n<p><strong><a title=\"contacte con la escuela Parola en Florencia\" href=\"es-contactar?et_fb=1\">Contacta<\/a><\/strong> con la escuela Parola en Florencia para obtener m\u00e1s informaci\u00f3n <b>sobre los cursos combinados de italiano<\/b>. Aqu\u00ed puedes ver las <a title=\"Fechas de la escuela Parola\" href=\"es-precios-cursos?et_fb=1\"><strong>fechas<\/strong>\u00a0<\/a>de inicio de los cursos.<\/p>\n<p>[\/et_pb_text][\/et_pb_column_inner][\/et_pb_row_inner][et_pb_row_inner _builder_version=\u00bb4.16&#8243; custom_padding=\u00bb1px|0px|21.4px|0px||\u00bb global_colors_info=\u00bb{}\u00bb][et_pb_column_inner type=\u00bbundefined\u00bb saved_specialty_column_type=\u00bb3_4&#8243; _builder_version=\u00bb4.16&#8243; custom_padding=\u00bb|||\u00bb global_colors_info=\u00bb{}\u00bb custom_padding__hover=\u00bb|||\u00bb saved_specialty_column_type=\u00bb3_4&#8243;][et_pb_text _builder_version=\u00bb4.16&#8243; global_colors_info=\u00bb{}\u00bb]<\/p>\n<h3><span style=\"color: #ff6600;\">A TEMPO &#8211; 20 horas + 1 hora de curso individual &#8211; 2 semanas<\/span><\/h3>\n<p class=\"style25;\">Este curso de italiano tiene la misma cantidad de horas al d\u00eda que el curso\u00a0<em>Andante<\/em>\u00a0pero se ejerce en 2 semanas con la adjunta de una hora de clase individual por d\u00eda.<\/p>\n<h3 class=\"style35\"><span style=\"color: #ff6600;\">Programa del curso de italiano<\/span><\/h3>\n<p>2 horas de gram\u00e1tica Italiana por la ma\u00f1ana m\u00e1s una hora individual por la tarde.<\/p>\n<p>[\/et_pb_text][et_pb_text _builder_version=\u00bb4.16&#8243; global_colors_info=\u00bb{}\u00bb]<\/p>\n<h3 class=\"style25;\"><span style=\"color: #0c71c3;\">ALLEGRETTO &#8211;\u00a080 horas + 12 horas de curso individual &#8211; 4 semanas<\/span><\/h3>\n<p>En este curso de italiano hay\u00a0<strong>4 horas de lecciones de grupo al d\u00eda y 3 horas de lecciones individuales\u00a0<\/strong>a la semana por un total de 92 horas de lecciones, m\u00e1s horas opcionales de actividades culturales y recreativas.<\/p>\n<p>Las 3 horas pueden ser utilizadas para mejorar las faltas que el estudiante pueda tener en gram\u00e1tica.<\/p>\n<h3 class=\"style35\"><span style=\"color: #ff6600;\">Programa del curso de italiano<\/span><\/h3>\n<p>3 horas en la ma\u00f1ana m\u00e1s 1 hora en la tarde, 3 veces a la semana.<\/p>\n<h3 class=\"style35\"><span style=\"color: #ff6600;\">\u00bfPor qu\u00e9 tomar este curso combinado de Italiano?<\/span><\/h3>\n<p>Este curso es una buena opci\u00f3n para aquellos estudiantes que quieren\u00a0<strong>aprender r\u00e1pidamente, gracias a las clases individuales de italiano por la tarde.<\/strong> Es tambi\u00e9n un buen m\u00e9todo para ampliar el vocabulario del estudiante de idioma.<\/p>\n<p>[\/et_pb_text][et_pb_text _builder_version=\u00bb4.16&#8243; global_colors_info=\u00bb{}\u00bb]<\/p>\n<h3><span style=\"color: #0c71c3;\">VIVACE &#8211;<span class=\"style28\">\u00a080 horas de grupo + 20 horas de curso individual &#8211; 4 semanas<\/span><\/span><\/h3>\n<p>En este curso de italiano hay\u00a0<strong>4 horas de lecciones de grupo y 1 hora de lecciones individuales<\/strong> al d\u00eda por un total de 100 horas de lecciones, m\u00e1s horas opcionales de actividades culturales y recreativas gratuitas en Florencia.<\/p>\n<p>Es posible tomar el curso por menos de un mes. Contacta con la escuela Parola para m\u00e1s informaci\u00f3n.<\/p>\n<h3 class=\"style35\"><span style=\"color: #ff6600;\">Programa del curso de italiano<\/span><\/h3>\n<p>4 horas por la ma\u00f1ana + 1 hora por la tarde, 5 veces a la semana.<\/p>\n<h3 class=\"style35\"><span style=\"color: #ff6600;\"><strong>\u00bfPor qu\u00e9 tomar este curso combinado de Italiano?<\/strong><\/span><\/h3>\n<p>Este curso ayuda a repasar lo que el estudiante ha aprendido por la ma\u00f1ana. Es\u00a0<strong>muy \u00fatil si se tienen dudas\u00a0<\/strong>respecto a la gram\u00e1tica y para ampliar el vocabulario.<\/p>\n<p>[\/et_pb_text][et_pb_text _builder_version=\u00bb4.16&#8243; global_colors_info=\u00bb{}\u00bb]<\/p>\n<h4 class=\"style25;\"><span style=\"color: #0c71c3;\">PRESTO &#8211; 80 horas de grupo + 40 horas de curso individual &#8211; 4 semanas<\/span><\/h4>\n<p>Curso de italiano intensivo: <strong>4 horas de lecciones de grupo y 2 horas de lecciones individuales<\/strong> al d\u00eda por un total de 120 horas de lecciones, m\u00e1s horas opcionales de actividades culturales y recreativas gratuitas en Florencia.<\/p>\n<p>Es posible tomar el curso por menos de un mes. para m\u00e1s informaci\u00f3n, <a title=\"contacte con la escuela Parola en Florencia\" href=\"es-contactar?et_fb=1\"><strong>contacta <\/strong><\/a>por favor con la escuela.<\/p>\n<h3><span style=\"color: #ff6600;\">Programa del curso de italiano<\/span><\/h3>\n<p>4 horas por la ma\u00f1ana m\u00e1s 2 horas por la tarde, 5 veces a la semana.<\/p>\n<h3><span style=\"color: #ff6600;\">\u00bfPor qu\u00e9 tomar este curso combinado de Italiano?<\/span><\/h3>\n<p>Este es un <strong>curso intensivo para aquellos estudiantes que necesitan estudiar gram\u00e1tica<\/strong>, conversaci\u00f3n y vocabulario, todo combinado en las lecciones de grupo y en las individuales.<\/p>\n<p>Es posible realizar el curso por menos de 4 semanas o por m\u00e1s de 4 semanas.<\/p>\n<p>[\/et_pb_text][et_pb_text _builder_version=\u00bb4.16&#8243; global_colors_info=\u00bb{}\u00bb]<\/p>\n<h3>Cursos de cocina e Italiano en Florencia<\/h3>\n<p><span style=\"color: #ff6600;\">40 o 80 horas de italiano + 16 horas de cocina<\/span><\/p>\n<p>Este curso combina lecciones de lengua italiana con\u00a0<strong><a title=\"Clase cocina italiana en Florencia\" href=\"https:\/\/www.parola.it\/es\/es-cocina-italiana-curso\">cursos de cocina italiana<\/a><\/strong>.<\/p>\n<p>Consiste en 2 o 4 horas de idioma italiano por la ma\u00f1ana por 5 d\u00edas a la semana, y 2 horas de lecciones de cocina 2 veces a la semana, las cuales se llevan a cabo por la tarde: cada martes y jueves.<\/p>\n<h3><span class=\"style10\">Programa del curso de cocina y dibujo<\/span><\/h3>\n<p>2 o 4 horas por la ma\u00f1ana m\u00e1s 2 lecciones de cocina 2 veces a la semana.<\/p>\n<h3>\u00bfPor qu\u00e9 tomar este curso combinado de Italiano?<\/h3>\n<p>Los estudiantes aprenden a preparar comida italiana como pasta, pizza o \u201cbruschette\u201d en un escuela de cocina.<\/p>\n<p>Es un modo excelente para aprender el Italiano en clase y un modo divertido para practicar el idioma a trav\u00e9s de la cocina.<\/p>\n<p>[\/et_pb_text][\/et_pb_column_inner][\/et_pb_row_inner][et_pb_row_inner admin_label=\u00bbRiga\u00bb _builder_version=\u00bb4.16&#8243; custom_padding=\u00bb2px||0px|||\u00bb global_colors_info=\u00bb{}\u00bb][et_pb_column_inner type=\u00bbundefined\u00bb saved_specialty_column_type=\u00bb3_4&#8243; _builder_version=\u00bb4.16&#8243; custom_padding=\u00bb|||\u00bb global_colors_info=\u00bb{}\u00bb custom_padding__hover=\u00bb|||\u00bb saved_specialty_column_type=\u00bb3_4&#8243;][et_pb_text _builder_version=\u00bb4.16&#8243; global_colors_info=\u00bb{}\u00bb]<\/p>\n<h3 class=\"style35 style101\"><span style=\"color: #ff6600;\">Cursos de dibujo y Italiano con la escuela &#8211;\u00a040 horas de italiano + 40 horas de dibujo &#8211; 4 semanas<\/span><\/h3>\n<p>A nuestros estudiantes les ense\u00f1amos las reglas b\u00e1sicas del dibujo en combinaci\u00f3n con la lengua italiana. Nuestro profesor intenta estimular el estilo individual.<\/p>\n<p>Es posible realizar el curso por menos de 4 semanas o por m\u00e1s de 4 semanas.<\/p>\n<p>[\/et_pb_text][\/et_pb_column_inner][\/et_pb_row_inner][et_pb_row_inner admin_label=\u00bbRiga\u00bb _builder_version=\u00bb4.16&#8243; global_colors_info=\u00bb{}\u00bb][et_pb_column_inner type=\u00bbundefined\u00bb saved_specialty_column_type=\u00bb3_4&#8243; _builder_version=\u00bb4.16&#8243; custom_padding=\u00bb|||\u00bb global_colors_info=\u00bb{}\u00bb custom_padding__hover=\u00bb|||\u00bb saved_specialty_column_type=\u00bb3_4&#8243;][et_pb_text _builder_version=\u00bb4.16&#8243; global_colors_info=\u00bb{}\u00bb]<\/p>\n<h4>Informaci\u00f3n sobre nuestros cursos combinados en Florencia<\/h4>\n<p>Por favor,<strong>\u00a0<a title=\"contactar la escuela Parola\" href=\"https:\/\/www.parola.it\/es\/es-cocina-italiana-curso\">contacta<\/a>\u00a0con la escuela de italiano Parola de Florencia<\/strong> para obtener m\u00e1s informaci\u00f3n sobre nuestros cursos de lengua combinados.<\/p>\n<p>[\/et_pb_text][et_pb_button button_url=\u00bbhttps:\/\/www.parola.it\/es\/es-contactar\u00bb button_text=\u00bbCONTACTO\u00bb _builder_version=\u00bb4.16&#8243; _module_preset=\u00bbdefault\u00bb background_layout=\u00bbdark\u00bb global_colors_info=\u00bb{}\u00bb]<\/p>\n<p><\/p>\n<p>[\/et_pb_button][\/et_pb_column_inner][\/et_pb_row_inner][\/et_pb_column][et_pb_column type=\u00bb1_4&#8243;][et_pb_text admin_label=\u00bbInformacion\u00bb _builder_version=\u00bb4.16&#8243; module_alignment=\u00bbleft\u00bb saved_tabs=\u00bball\u00bb global_colors_info=\u00bb{}\u00bb]<\/p>\n<h5><span style=\"font-size: x-large; color: #0c71c3;\">CONTACTO<\/span><\/h5>\n<p><strong>Para obtener m\u00e1s informaci\u00f3n, \u00a1cont\u00e1ctanos aqu\u00ed!<\/strong><\/p>\n<p><img loading=\"lazy\" decoding=\"async\" class=\"size-full wp-image-164 alignnone\" src=\"..\/wp-content\/uploads\/2017\/10\/MAIL.png\" alt=\"\" width=\"20\" height=\"13\" \/>\u00a0 Env\u00edanos\u00a0un\u00a0email:<b class=\"b5\">\u00a0<\/b><\/p>\n<p><strong><a href=\"mailto:info@parola.it\">info@parola.it<\/a><\/strong><\/p>\n<p><img loading=\"lazy\" decoding=\"async\" class=\"alignnone size-full wp-image-167\" src=\"..\/wp-content\/uploads\/2017\/10\/TEL.png\" alt=\"\" width=\"20\" height=\"20\" \/>\u00a0 Ll\u00e1manos:<\/p>\n<p><a href=\"tel:+39055242182\"><span style=\"color: #ff6600;\"><strong>+39 055 242182<\/strong><\/span><\/a> o<\/p>\n<p><a href=\"tel:+393288997420\"><span style=\"color: #ff6600;\"><strong>+39 328 8997420<\/strong><\/span><\/a><\/p>\n<p><img loading=\"lazy\" decoding=\"async\" class=\"alignnone size-full wp-image-165\" src=\"..\/wp-content\/uploads\/2017\/10\/PIN.png\" alt=\"\" width=\"20\" height=\"20\" \/>\u00a0 Ven a visitarnos:<\/p>\n<p><a href=\"#\"><span style=\"color: #ff6600;\"><strong>Borgo Santa Croce, 17<\/strong><\/span><\/a><\/p>\n<p><a href=\"#\"><span style=\"color: #ff6600;\"><strong>50122 Florencia<\/strong><\/span><\/a><\/p>\n<p>[\/et_pb_text][et_pb_social_media_follow admin_label=\u00bbSOCIAL MEDIA LOGO\u00bb url_new_window=\u00bboff\u00bb _builder_version=\u00bb4.16&#8243; background_layout=\u00bbdark\u00bb height=\u00bb50px\u00bb saved_tabs=\u00bball\u00bb global_colors_info=\u00bb{}\u00bb][et_pb_social_media_follow_network social_network=\u00bbfacebook\u00bb url=\u00bbhttps:\/\/www.facebook.com\/online.italian.course\u00bb _builder_version=\u00bb4.16&#8243; background_color=\u00bb#3b5998&#8243; global_colors_info=\u00bb{}\u00bb follow_button=\u00bboff\u00bb url_new_window=\u00bboff\u00bb]<\/p>\n<p>Facebook<\/p>\n<p>[\/et_pb_social_media_follow_network][et_pb_social_media_follow_network social_network=\u00bbtwitter\u00bb url=\u00bbhttps:\/\/twitter.com\/\u00bb _builder_version=\u00bb4.22.2&#8243; background_color=\u00bb#000000&#8243; global_colors_info=\u00bb{}\u00bb follow_button=\u00bboff\u00bb url_new_window=\u00bboff\u00bb]<\/p>\n<p>Twitter<\/p>\n<p>[\/et_pb_social_media_follow_network][et_pb_social_media_follow_network social_network=\u00bblinkedin\u00bb url=\u00bbhttps:\/\/www.linkedin.com\/feed\/\u00bb _builder_version=\u00bb4.16&#8243; background_color=\u00bb#007bb6&#8243; global_colors_info=\u00bb{}\u00bb follow_button=\u00bboff\u00bb url_new_window=\u00bboff\u00bb]<\/p>\n<p>LinkedIn<\/p>\n<p>[\/et_pb_social_media_follow_network][et_pb_social_media_follow_network social_network=\u00bbinstagram\u00bb url=\u00bbhttps:\/\/www.instagram.com\/scuola_parola\/?hl=it\u00bb _builder_version=\u00bb4.16&#8243; background_color=\u00bb#ea2c59&#8243; global_colors_info=\u00bb{}\u00bb follow_button=\u00bboff\u00bb url_new_window=\u00bboff\u00bb]<\/p>\n<p>Instagram<\/p>\n<p>[\/et_pb_social_media_follow_network][\/et_pb_social_media_follow][et_pb_text admin_label=\u00bbLanguage international\u00bb _builder_version=\u00bb4.16&#8243; z_index_tablet=\u00bb500&#8243; text_text_shadow_horizontal_length_tablet=\u00bb0px\u00bb text_text_shadow_vertical_length_tablet=\u00bb0px\u00bb text_text_shadow_blur_strength_tablet=\u00bb1px\u00bb link_text_shadow_horizontal_length_tablet=\u00bb0px\u00bb link_text_shadow_vertical_length_tablet=\u00bb0px\u00bb link_text_shadow_blur_strength_tablet=\u00bb1px\u00bb ul_text_shadow_horizontal_length_tablet=\u00bb0px\u00bb ul_text_shadow_vertical_length_tablet=\u00bb0px\u00bb ul_text_shadow_blur_strength_tablet=\u00bb1px\u00bb ol_text_shadow_horizontal_length_tablet=\u00bb0px\u00bb ol_text_shadow_vertical_length_tablet=\u00bb0px\u00bb ol_text_shadow_blur_strength_tablet=\u00bb1px\u00bb quote_text_shadow_horizontal_length_tablet=\u00bb0px\u00bb quote_text_shadow_vertical_length_tablet=\u00bb0px\u00bb quote_text_shadow_blur_strength_tablet=\u00bb1px\u00bb header_text_shadow_horizontal_length_tablet=\u00bb0px\u00bb header_text_shadow_vertical_length_tablet=\u00bb0px\u00bb header_text_shadow_blur_strength_tablet=\u00bb1px\u00bb header_2_text_shadow_horizontal_length_tablet=\u00bb0px\u00bb header_2_text_shadow_vertical_length_tablet=\u00bb0px\u00bb header_2_text_shadow_blur_strength_tablet=\u00bb1px\u00bb header_3_text_shadow_horizontal_length_tablet=\u00bb0px\u00bb header_3_text_shadow_vertical_length_tablet=\u00bb0px\u00bb header_3_text_shadow_blur_strength_tablet=\u00bb1px\u00bb header_4_text_shadow_horizontal_length_tablet=\u00bb0px\u00bb header_4_text_shadow_vertical_length_tablet=\u00bb0px\u00bb header_4_text_shadow_blur_strength_tablet=\u00bb1px\u00bb header_5_text_shadow_horizontal_length_tablet=\u00bb0px\u00bb header_5_text_shadow_vertical_length_tablet=\u00bb0px\u00bb header_5_text_shadow_blur_strength_tablet=\u00bb1px\u00bb header_6_text_shadow_horizontal_length_tablet=\u00bb0px\u00bb header_6_text_shadow_vertical_length_tablet=\u00bb0px\u00bb header_6_text_shadow_blur_strength_tablet=\u00bb1px\u00bb box_shadow_horizontal_tablet=\u00bb0px\u00bb box_shadow_vertical_tablet=\u00bb0px\u00bb box_shadow_blur_tablet=\u00bb40px\u00bb box_shadow_spread_tablet=\u00bb0px\u00bb saved_tabs=\u00bball\u00bb global_colors_info=\u00bb{}\u00bb]<\/p>\n<div id=\"LI-CEO\"><script src=\"https:\/\/www.languageinternational.com\/badge\/coe?id=68832\"><\/script><\/div>\n<p>[\/et_pb_text][et_pb_image admin_label=\u00bbCILS Certified\u00bb src=\u00bbhttps:\/\/www.parola.it\/wp-content\/uploads\/2019\/11\/cils-certified-center.png\u00bb alt=\u00bbCILS logo of Parola Italian language school\u00bb url=\u00bbhttps:\/\/www.unistrasi.it\/2\/531\/2761\/CILS_centre.htm\u00bb _builder_version=\u00bb4.16&#8243; custom_margin=\u00bb||10px|0px|false|false\u00bb custom_padding=\u00bb|||26px|false|false\u00bb z_index_tablet=\u00bb500&#8243; box_shadow_horizontal_tablet=\u00bb0px\u00bb box_shadow_vertical_tablet=\u00bb0px\u00bb box_shadow_blur_tablet=\u00bb40px\u00bb box_shadow_spread_tablet=\u00bb0px\u00bb saved_tabs=\u00bball\u00bb global_colors_info=\u00bb{}\u00bb]<\/p>\n<p><\/p>\n<p>[\/et_pb_image][et_pb_text admin_label=\u00bbCURSOS\u00bb _builder_version=\u00bb4.16&#8243; module_alignment=\u00bbleft\u00bb custom_margin=\u00bb40px|||\u00bb saved_tabs=\u00bball\u00bb global_colors_info=\u00bb{}\u00bb]<\/p>\n<p><span style=\"font-size: large; color: #0c71c3;\"><strong>CURSOS DE LENGUA<\/strong><\/span><\/p>\n<p><a href=\"es-cursos-italiano-florencia\"><strong>CURSOS DE ITALIANO<\/strong><\/a><\/p>\n<p><strong><a href=\"es-cursos-grupo-italiano-florencia\">CURSOS\u00a0<\/a><\/strong><a href=\"es-cursos-grupo-italiano-florencia\"><strong>DE GRUPO<\/strong><\/a><\/p>\n<p><strong><a href=\"es-cursos-individuales\">CURSOS\u00a0<\/a><\/strong><a href=\"es-cursos-individuales\"><strong>INDIVIDUALES\u00a0<\/strong><\/a><\/p>\n<p><strong><a href=\"es-cursos-combinados-florencia\">CURSOS\u00a0<\/a><\/strong><strong><a href=\"es-cursos-combinados-florencia\">COMBINADOS<\/a><\/strong><\/p>\n<p><strong><a href=\"https:\/\/www.parola.it\/es\/clases-italiano-enlinea\">LECCIONES ONLINE<\/a><\/strong><\/p>\n<p><strong><a href=\"es-cursos-au-pair-florencia\">CURSOS PARA AU PAIR<\/a><\/strong><\/p>\n<p><a href=\"es-cursos-cils-florencia\"><strong>CURSOS CILS <\/strong><\/a><\/p>\n<p>[\/et_pb_text][et_pb_text admin_label=\u00bbINFORMACI\u00d3NES\u00bb _builder_version=\u00bb4.5.3&#8243; text_font=\u00bb||||\u00bb header_font=\u00bb||||\u00bb module_alignment=\u00bbleft\u00bb custom_margin=\u00bb40px||5px|||\u00bb custom_padding=\u00bb||0px|||\u00bb use_border_color=\u00bboff\u00bb global_module=\u00bb9049&#8243; saved_tabs=\u00bball\u00bb global_colors_info=\u00bb{}\u00bb]<\/p>\n<p><span style=\"color: #0c71c3;\"><strong>INFORMACI\u00d3N<\/strong><\/span><\/p>\n<p><strong><a href=\"es-escuela-italiano-florencia\">NUESTRA ESCUELA<\/a><\/strong><\/p>\n<p><strong><a href=\"es-precios-cursos\">PRECIOS\u00a0<\/a><\/strong><\/p>\n<p><strong><a href=\"https:\/\/www.parola.it\/es\/precio-italiano-enlinea\">PRECIOS ONLINE<\/a><\/strong><\/p>\n<p><strong><a href=\"es-fechas-cursos-italiano\">FECHAS DE INICIO<\/a><\/strong><\/p>\n<p><strong><a href=\"es-metodos-cursos-italiano\">M\u00c9TODOS <\/a><\/strong><\/p>\n<p><strong><a href=\"https:\/\/www.parola.it\/es\/metodos-ensenanza-en-linea-italiana\">M\u00c9TODOS ONLINE<\/a><\/strong><\/p>\n<p><strong><a href=\"es-ubicacion-escuela-italiano\">UBICACI\u00d3N\u00a0<\/a><\/strong><\/p>\n<p><strong><a href=\"es-inscripcion-escuela\">INSCRIPCI\u00d3N <\/a><\/strong><\/p>\n<p><strong><a href=\"es-alojamiento-florencia\">ALOJAMIENTO<\/a><\/strong><\/p>\n<p><strong><a href=\"https:\/\/www.parola.it\/es\/es-niveles-italiano\">NIVELES<\/a><\/strong><\/p>\n<p><span style=\"color: #0c71c3;\"><strong>VENTAJAS<\/strong><\/span><\/p>\n<p><strong><a href=\"https:\/\/www.parola.it\/es\/es-becas-cils\">BECAS<\/a><\/strong><\/p>\n<p><strong><a href=\"https:\/\/www.parola.it\/es\/es-ofertas-especiales-florencia\">DESCUENTOS<\/a><\/strong><\/p>\n<p>[\/et_pb_text][et_pb_image src=\u00bbhttps:\/\/www.parola.it\/wp-content\/uploads\/2021\/02\/scuola-parola-scritta.jpg\u00bb alt=\u00bbStriscia della scuola Parola diFi\u00bb title_text=\u00bbCopia di Senza titolo\u00bb _builder_version=\u00bb4.16&#8243; _module_preset=\u00bbdefault\u00bb global_colors_info=\u00bb{}\u00bb]<\/p>\n<p><\/p>\n<p>[\/et_pb_image][\/et_pb_column][\/et_pb_section][et_pb_section bb_built=\u00bb1&#8243; fullwidth=\u00bbon\u00bb _builder_version=\u00bb4.16&#8243; _module_preset=\u00bbdefault\u00bb global_colors_info=\u00bb{}\u00bb prev_background_color=\u00bb#000000&#8243;][et_pb_fullwidth_menu menu_id=\u00bb2057&#8243; _builder_version=\u00bb4.22.2&#8243; _module_preset=\u00bbdefault\u00bb hover_enabled=\u00bb0&#8243; global_colors_info=\u00bb{}\u00bb sticky_enabled=\u00bb0&#8243;]<\/p>\n<p><\/p>\n<p>[\/et_pb_fullwidth_menu][\/et_pb_section]<\/p>\n","protected":false},"excerpt":{"rendered":"<p>Cursos combinados de lengua italiana en ParolaClases de grupo y lecciones individuales de ItalianoCombina la profesionalidad y el ambiente agradable de nuestras clases grupales de italiano con la flexibilidad y la calidad de nuestras lecciones privadas de italiano para aprender o fortalecer tu competencia en el idioma italiano. Estos cursos de italiano combinan cursos de [&hellip;]<\/p>\n","protected":false},"author":1,"featured_media":66316,"parent":0,"menu_order":0,"comment_status":"closed","ping_status":"closed","template":"","meta":{"_et_pb_use_builder":"on","_et_pb_old_content":"","_et_gb_content_width":"","footnotes":""},"class_list":["post-2054","page","type-page","status-publish","has-post-thumbnail","hentry"],"yoast_head":"<!-- This site is optimized with the Yoast SEO plugin v27.4 - https:\/\/yoast.com\/product\/yoast-seo-wordpress\/ -->\n<title>Cursos combinados de italiano en Florencia | Escuela Parola<\/title>\n<meta name=\"description\" content=\"Aprenda el italiano con nuestros cursos combinados. Parola combina cursos de grupo y lecciones individuales de lengua italiana en Florencia.\" \/>\n<meta name=\"robots\" content=\"index, follow, max-snippet:-1, max-image-preview:large, max-video-preview:-1\" \/>\n<link rel=\"canonical\" href=\"https:\/\/www.parola.it\/es\/es-cursos-combinados-florencia\/\" \/>\n<meta property=\"og:locale\" content=\"es_ES\" \/>\n<meta property=\"og:type\" content=\"article\" \/>\n<meta property=\"og:title\" content=\"Cursos combinados de italiano en Florencia | Escuela Parola\" \/>\n<meta property=\"og:description\" content=\"Aprenda el italiano con nuestros cursos combinados. Parola combina cursos de grupo y lecciones individuales de lengua italiana en Florencia.\" \/>\n<meta property=\"og:url\" content=\"https:\/\/www.parola.it\/es\/es-cursos-combinados-florencia\/\" \/>\n<meta property=\"og:site_name\" content=\"Italian Language School in Florence\" \/>\n<meta property=\"article:publisher\" content=\"https:\/\/www.facebook.com\/Italian.language.school.florence\/\" \/>\n<meta property=\"article:modified_time\" content=\"2025-04-29T09:08:22+00:00\" \/>\n<meta property=\"og:image\" content=\"https:\/\/www.parola.it\/wp-content\/uploads\/2023\/10\/lezione-italiano-firenze.jpg\" \/>\n\t<meta property=\"og:image:width\" content=\"1920\" \/>\n\t<meta property=\"og:image:height\" content=\"1080\" \/>\n\t<meta property=\"og:image:type\" content=\"image\/jpeg\" \/>\n<meta name=\"twitter:card\" content=\"summary_large_image\" \/>\n<meta name=\"twitter:site\" content=\"@Parola_School\" \/>\n<meta name=\"twitter:label1\" content=\"Tiempo de lectura\" \/>\n\t<meta name=\"twitter:data1\" content=\"8 minutos\" \/>\n<script type=\"application\/ld+json\" class=\"yoast-schema-graph\">{\"@context\":\"https:\\\/\\\/schema.org\",\"@graph\":[{\"@type\":\"WebPage\",\"@id\":\"https:\\\/\\\/www.parola.it\\\/es\\\/es-cursos-combinados-florencia\\\/\",\"url\":\"https:\\\/\\\/www.parola.it\\\/es\\\/es-cursos-combinados-florencia\\\/\",\"name\":\"Cursos combinados de italiano en Florencia | Escuela Parola\",\"isPartOf\":{\"@id\":\"https:\\\/\\\/www.parola.it\\\/#website\"},\"primaryImageOfPage\":{\"@id\":\"https:\\\/\\\/www.parola.it\\\/es\\\/es-cursos-combinados-florencia\\\/#primaryimage\"},\"image\":{\"@id\":\"https:\\\/\\\/www.parola.it\\\/es\\\/es-cursos-combinados-florencia\\\/#primaryimage\"},\"thumbnailUrl\":\"https:\\\/\\\/www.parola.it\\\/wp-content\\\/uploads\\\/2023\\\/10\\\/lezione-italiano-firenze.jpg\",\"datePublished\":\"2017-11-06T20:04:45+00:00\",\"dateModified\":\"2025-04-29T09:08:22+00:00\",\"description\":\"Aprenda el italiano con nuestros cursos combinados. Parola combina cursos de grupo y lecciones individuales de lengua italiana en Florencia.\",\"breadcrumb\":{\"@id\":\"https:\\\/\\\/www.parola.it\\\/es\\\/es-cursos-combinados-florencia\\\/#breadcrumb\"},\"inLanguage\":\"es\",\"potentialAction\":[{\"@type\":\"ReadAction\",\"target\":[\"https:\\\/\\\/www.parola.it\\\/es\\\/es-cursos-combinados-florencia\\\/\"]}]},{\"@type\":\"ImageObject\",\"inLanguage\":\"es\",\"@id\":\"https:\\\/\\\/www.parola.it\\\/es\\\/es-cursos-combinados-florencia\\\/#primaryimage\",\"url\":\"https:\\\/\\\/www.parola.it\\\/wp-content\\\/uploads\\\/2023\\\/10\\\/lezione-italiano-firenze.jpg\",\"contentUrl\":\"https:\\\/\\\/www.parola.it\\\/wp-content\\\/uploads\\\/2023\\\/10\\\/lezione-italiano-firenze.jpg\",\"width\":1920,\"height\":1080,\"caption\":\"Lezioni di lingua italiana alla scuola Parola\"},{\"@type\":\"BreadcrumbList\",\"@id\":\"https:\\\/\\\/www.parola.it\\\/es\\\/es-cursos-combinados-florencia\\\/#breadcrumb\",\"itemListElement\":[{\"@type\":\"ListItem\",\"position\":1,\"name\":\"Accueil\",\"item\":\"https:\\\/\\\/www.parola.it\\\/es\\\/\"},{\"@type\":\"ListItem\",\"position\":2,\"name\":\"CURSOS COMBINADOS\"}]},{\"@type\":\"WebSite\",\"@id\":\"https:\\\/\\\/www.parola.it\\\/#website\",\"url\":\"https:\\\/\\\/www.parola.it\\\/\",\"name\":\"Italian Language School in Florence | Parola School\",\"description\":\"Learn Italian with Parola Italian Language School\",\"publisher\":{\"@id\":\"https:\\\/\\\/www.parola.it\\\/#organization\"},\"alternateName\":\"Parola School\",\"potentialAction\":[{\"@type\":\"SearchAction\",\"target\":{\"@type\":\"EntryPoint\",\"urlTemplate\":\"https:\\\/\\\/www.parola.it\\\/?s={search_term_string}\"},\"query-input\":{\"@type\":\"PropertyValueSpecification\",\"valueRequired\":true,\"valueName\":\"search_term_string\"}}],\"inLanguage\":\"es\"},{\"@type\":\"Organization\",\"@id\":\"https:\\\/\\\/www.parola.it\\\/#organization\",\"name\":\"Parola Italian Language School in Florence\",\"alternateName\":\"Italian Language Courses in Florence\",\"url\":\"https:\\\/\\\/www.parola.it\\\/\",\"logo\":{\"@type\":\"ImageObject\",\"inLanguage\":\"es\",\"@id\":\"https:\\\/\\\/www.parola.it\\\/#\\\/schema\\\/logo\\\/image\\\/\",\"url\":\"https:\\\/\\\/www.parola.it\\\/wp-content\\\/uploads\\\/2019\\\/03\\\/logo-parola-language-school-1-e1721760774400.png\",\"contentUrl\":\"https:\\\/\\\/www.parola.it\\\/wp-content\\\/uploads\\\/2019\\\/03\\\/logo-parola-language-school-1-e1721760774400.png\",\"width\":145,\"height\":53,\"caption\":\"Parola Italian Language School in Florence\"},\"image\":{\"@id\":\"https:\\\/\\\/www.parola.it\\\/#\\\/schema\\\/logo\\\/image\\\/\"},\"sameAs\":[\"https:\\\/\\\/www.facebook.com\\\/Italian.language.school.florence\\\/\",\"https:\\\/\\\/x.com\\\/Parola_School\",\"https:\\\/\\\/www.instagram.com\\\/scuola_parola\\\/?hl=it\",\"https:\\\/\\\/www.linkedin.com\\\/in\\\/parola-italian-language-school-0a504114\\\/\",\"https:\\\/\\\/it.pinterest.com\\\/pin\\\/10344274122092210\\\/\",\"https:\\\/\\\/www.youtube.com\\\/channel\\\/UCKQkiBkXnIh9Df27KWD66rA?view_as=subscriber\",\"https:\\\/\\\/www.tripadvisor.com\\\/Attraction_Review-g187895-d4133618-Reviews-Parola_Italian_Language_School-Florence_Tuscany\"]}]}<\/script>\n<!-- \/ Yoast SEO plugin. -->","yoast_head_json":{"title":"Cursos combinados de italiano en Florencia | Escuela Parola","description":"Aprenda el italiano con nuestros cursos combinados. Parola combina cursos de grupo y lecciones individuales de lengua italiana en Florencia.","robots":{"index":"index","follow":"follow","max-snippet":"max-snippet:-1","max-image-preview":"max-image-preview:large","max-video-preview":"max-video-preview:-1"},"canonical":"https:\/\/www.parola.it\/es\/es-cursos-combinados-florencia\/","og_locale":"es_ES","og_type":"article","og_title":"Cursos combinados de italiano en Florencia | Escuela Parola","og_description":"Aprenda el italiano con nuestros cursos combinados. Parola combina cursos de grupo y lecciones individuales de lengua italiana en Florencia.","og_url":"https:\/\/www.parola.it\/es\/es-cursos-combinados-florencia\/","og_site_name":"Italian Language School in Florence","article_publisher":"https:\/\/www.facebook.com\/Italian.language.school.florence\/","article_modified_time":"2025-04-29T09:08:22+00:00","og_image":[{"width":1920,"height":1080,"url":"https:\/\/www.parola.it\/wp-content\/uploads\/2023\/10\/lezione-italiano-firenze.jpg","type":"image\/jpeg"}],"twitter_card":"summary_large_image","twitter_site":"@Parola_School","twitter_misc":{"Tiempo de lectura":"8 minutos"},"schema":{"@context":"https:\/\/schema.org","@graph":[{"@type":"WebPage","@id":"https:\/\/www.parola.it\/es\/es-cursos-combinados-florencia\/","url":"https:\/\/www.parola.it\/es\/es-cursos-combinados-florencia\/","name":"Cursos combinados de italiano en Florencia | Escuela Parola","isPartOf":{"@id":"https:\/\/www.parola.it\/#website"},"primaryImageOfPage":{"@id":"https:\/\/www.parola.it\/es\/es-cursos-combinados-florencia\/#primaryimage"},"image":{"@id":"https:\/\/www.parola.it\/es\/es-cursos-combinados-florencia\/#primaryimage"},"thumbnailUrl":"https:\/\/www.parola.it\/wp-content\/uploads\/2023\/10\/lezione-italiano-firenze.jpg","datePublished":"2017-11-06T20:04:45+00:00","dateModified":"2025-04-29T09:08:22+00:00","description":"Aprenda el italiano con nuestros cursos combinados. Parola combina cursos de grupo y lecciones individuales de lengua italiana en Florencia.","breadcrumb":{"@id":"https:\/\/www.parola.it\/es\/es-cursos-combinados-florencia\/#breadcrumb"},"inLanguage":"es","potentialAction":[{"@type":"ReadAction","target":["https:\/\/www.parola.it\/es\/es-cursos-combinados-florencia\/"]}]},{"@type":"ImageObject","inLanguage":"es","@id":"https:\/\/www.parola.it\/es\/es-cursos-combinados-florencia\/#primaryimage","url":"https:\/\/www.parola.it\/wp-content\/uploads\/2023\/10\/lezione-italiano-firenze.jpg","contentUrl":"https:\/\/www.parola.it\/wp-content\/uploads\/2023\/10\/lezione-italiano-firenze.jpg","width":1920,"height":1080,"caption":"Lezioni di lingua italiana alla scuola Parola"},{"@type":"BreadcrumbList","@id":"https:\/\/www.parola.it\/es\/es-cursos-combinados-florencia\/#breadcrumb","itemListElement":[{"@type":"ListItem","position":1,"name":"Accueil","item":"https:\/\/www.parola.it\/es\/"},{"@type":"ListItem","position":2,"name":"CURSOS COMBINADOS"}]},{"@type":"WebSite","@id":"https:\/\/www.parola.it\/#website","url":"https:\/\/www.parola.it\/","name":"Italian Language School in Florence | Parola School","description":"Learn Italian with Parola Italian Language School","publisher":{"@id":"https:\/\/www.parola.it\/#organization"},"alternateName":"Parola School","potentialAction":[{"@type":"SearchAction","target":{"@type":"EntryPoint","urlTemplate":"https:\/\/www.parola.it\/?s={search_term_string}"},"query-input":{"@type":"PropertyValueSpecification","valueRequired":true,"valueName":"search_term_string"}}],"inLanguage":"es"},{"@type":"Organization","@id":"https:\/\/www.parola.it\/#organization","name":"Parola Italian Language School in Florence","alternateName":"Italian Language Courses in Florence","url":"https:\/\/www.parola.it\/","logo":{"@type":"ImageObject","inLanguage":"es","@id":"https:\/\/www.parola.it\/#\/schema\/logo\/image\/","url":"https:\/\/www.parola.it\/wp-content\/uploads\/2019\/03\/logo-parola-language-school-1-e1721760774400.png","contentUrl":"https:\/\/www.parola.it\/wp-content\/uploads\/2019\/03\/logo-parola-language-school-1-e1721760774400.png","width":145,"height":53,"caption":"Parola Italian Language School in Florence"},"image":{"@id":"https:\/\/www.parola.it\/#\/schema\/logo\/image\/"},"sameAs":["https:\/\/www.facebook.com\/Italian.language.school.florence\/","https:\/\/x.com\/Parola_School","https:\/\/www.instagram.com\/scuola_parola\/?hl=it","https:\/\/www.linkedin.com\/in\/parola-italian-language-school-0a504114\/","https:\/\/it.pinterest.com\/pin\/10344274122092210\/","https:\/\/www.youtube.com\/channel\/UCKQkiBkXnIh9Df27KWD66rA?view_as=subscriber","https:\/\/www.tripadvisor.com\/Attraction_Review-g187895-d4133618-Reviews-Parola_Italian_Language_School-Florence_Tuscany"]}]}},"_links":{"self":[{"href":"https:\/\/www.parola.it\/es\/wp-json\/wp\/v2\/pages\/2054","targetHints":{"allow":["GET"]}}],"collection":[{"href":"https:\/\/www.parola.it\/es\/wp-json\/wp\/v2\/pages"}],"about":[{"href":"https:\/\/www.parola.it\/es\/wp-json\/wp\/v2\/types\/page"}],"author":[{"embeddable":true,"href":"https:\/\/www.parola.it\/es\/wp-json\/wp\/v2\/users\/1"}],"replies":[{"embeddable":true,"href":"https:\/\/www.parola.it\/es\/wp-json\/wp\/v2\/comments?post=2054"}],"version-history":[{"count":5,"href":"https:\/\/www.parola.it\/es\/wp-json\/wp\/v2\/pages\/2054\/revisions"}],"predecessor-version":[{"id":75690,"href":"https:\/\/www.parola.it\/es\/wp-json\/wp\/v2\/pages\/2054\/revisions\/75690"}],"wp:featuredmedia":[{"embeddable":true,"href":"https:\/\/www.parola.it\/es\/wp-json\/wp\/v2\/media\/66316"}],"wp:attachment":[{"href":"https:\/\/www.parola.it\/es\/wp-json\/wp\/v2\/media?parent=2054"}],"curies":[{"name":"wp","href":"https:\/\/api.w.org\/{rel}","templated":true}]}}