{"id":9681,"date":"2018-01-11T15:27:23","date_gmt":"2018-01-11T14:27:23","guid":{"rendered":"https:\/\/www.parola.it\/italian-courses-adults\/"},"modified":"2025-03-24T13:04:12","modified_gmt":"2025-03-24T12:04:12","slug":"de_italienischkurse_50","status":"publish","type":"page","link":"https:\/\/www.parola.it\/de\/de_italienischkurse_50\/","title":{"rendered":"SPRACHKURSE F\u00dcR FAMILIEN"},"content":{"rendered":"<p>[et_pb_section fb_built=&#8220;1&#8243; fullwidth=&#8220;on&#8220; _builder_version=&#8220;4.16&#8243; global_colors_info=&#8220;{}&#8220;][et_pb_fullwidth_slider show_content_on_mobile=&#8220;off&#8220; show_cta_on_mobile=&#8220;off&#8220; _builder_version=&#8220;4.22.2&#8243; header_font_size=&#8220;40&#8243; background_image=&#8220;https:\/\/www.parola.it\/wp-content\/uploads\/2018\/01\/men-2425121_1920.jpg&#8220; background_position=&#8220;top_left&#8220; auto=&#8220;on&#8220; auto_speed=&#8220;3000&#8243; auto_ignore_hover=&#8220;on&#8220; hover_enabled=&#8220;0&#8243; global_colors_info=&#8220;{}&#8220; button_text_size__hover_enabled=&#8220;off&#8220; button_one_text_size__hover_enabled=&#8220;off&#8220; button_two_text_size__hover_enabled=&#8220;off&#8220; button_text_color__hover_enabled=&#8220;off&#8220; button_one_text_color__hover_enabled=&#8220;off&#8220; button_two_text_color__hover_enabled=&#8220;off&#8220; button_border_width__hover_enabled=&#8220;off&#8220; button_one_border_width__hover_enabled=&#8220;off&#8220; button_two_border_width__hover_enabled=&#8220;off&#8220; button_border_color__hover_enabled=&#8220;off&#8220; button_one_border_color__hover_enabled=&#8220;off&#8220; button_two_border_color__hover_enabled=&#8220;off&#8220; button_border_radius__hover_enabled=&#8220;off&#8220; button_one_border_radius__hover_enabled=&#8220;off&#8220; button_two_border_radius__hover_enabled=&#8220;off&#8220; button_letter_spacing__hover_enabled=&#8220;off&#8220; button_one_letter_spacing__hover_enabled=&#8220;off&#8220; button_two_letter_spacing__hover_enabled=&#8220;off&#8220; button_bg_color__hover_enabled=&#8220;off&#8220; button_one_bg_color__hover_enabled=&#8220;off&#8220; button_two_bg_color__hover_enabled=&#8220;off&#8220; sticky_enabled=&#8220;0&#8243;][et_pb_slide heading=&#8220;Italienischkurse f\u00fcr Familien in Florenz an der Parola-Sprachschule &#8220; use_bg_overlay=&#8220;on&#8220; bg_overlay_color=&#8220;rgba(0,0,0,0.1)&#8220; use_text_overlay=&#8220;off&#8220; _builder_version=&#8220;4.22.2&#8243; header_font=&#8220;||||&#8220; body_font=&#8220;||||&#8220; background_color=&#8220;#ffffff&#8220; background_image=&#8220;https:\/\/www.parola.it\/wp-content\/uploads\/2018\/02\/kids-learning-italian.jpg&#8220; button_on_hover=&#8220;on&#8220; hover_enabled=&#8220;0&#8243; global_colors_info=&#8220;{}&#8220; button_text_size__hover_enabled=&#8220;off&#8220; button_one_text_size__hover_enabled=&#8220;off&#8220; button_two_text_size__hover_enabled=&#8220;off&#8220; button_text_color__hover_enabled=&#8220;off&#8220; button_one_text_color__hover_enabled=&#8220;off&#8220; button_two_text_color__hover_enabled=&#8220;off&#8220; button_border_width__hover_enabled=&#8220;off&#8220; button_one_border_width__hover_enabled=&#8220;off&#8220; button_two_border_width__hover_enabled=&#8220;off&#8220; button_border_color__hover_enabled=&#8220;off&#8220; button_one_border_color__hover_enabled=&#8220;off&#8220; button_two_border_color__hover_enabled=&#8220;off&#8220; button_border_radius__hover_enabled=&#8220;off&#8220; button_one_border_radius__hover_enabled=&#8220;off&#8220; button_two_border_radius__hover_enabled=&#8220;off&#8220; button_letter_spacing__hover_enabled=&#8220;off&#8220; button_one_letter_spacing__hover_enabled=&#8220;off&#8220; button_two_letter_spacing__hover_enabled=&#8220;off&#8220; button_bg_color__hover_enabled=&#8220;off&#8220; button_one_bg_color__hover_enabled=&#8220;off&#8220; button_two_bg_color__hover_enabled=&#8220;off&#8220; sticky_transition=&#8220;on&#8220; sticky_enabled=&#8220;0&#8243;][\/et_pb_slide][\/et_pb_fullwidth_slider][\/et_pb_section][et_pb_section fb_built=&#8220;1&#8243; specialty=&#8220;on&#8220; _builder_version=&#8220;4.16&#8243; global_colors_info=&#8220;{}&#8220;][et_pb_column type=&#8220;3_4&#8243; specialty_columns=&#8220;3&#8243; _builder_version=&#8220;4.16&#8243; custom_padding=&#8220;|||&#8220; global_colors_info=&#8220;{}&#8220; custom_padding__hover=&#8220;|||&#8220;][et_pb_row_inner _builder_version=&#8220;4.16&#8243; custom_padding=&#8220;25px|0px|0px|0px&#8220; global_colors_info=&#8220;{}&#8220;][et_pb_column_inner saved_specialty_column_type=&#8220;3_4&#8243; _builder_version=&#8220;4.16&#8243; custom_padding=&#8220;|||&#8220; global_colors_info=&#8220;{}&#8220; custom_padding__hover=&#8220;|||&#8220;][et_pb_text _builder_version=&#8220;4.16&#8243; global_colors_info=&#8220;{}&#8220;]<\/p>\n<h1>Italienischkurse f\u00fcr Familien in Florenz<\/h1>\n<h2>Ein Italienischkurs f\u00fcr Familien, die Italienisch lernen m\u00f6chten<\/h2>\n<p><span class=\"style102\">Ausl\u00e4ndische Familien, deren Kinder Italienisch lernen sollen oder die selbst einen Sprachkurs in Florenz machen wollen,\u00a0 k\u00f6nnen\u00a0 sich \u00fcber einen Sprachkurs <strong>in einer kleineren Gruppe informieren<\/strong>, f\u00fcr ihre Kinder, aber auch f\u00fcr die Eltern.<\/span><\/p>\n<h2><span class=\"style102\">Leichtes und unterhaltsames Sprachprogramm in Florenz<\/span><\/h2>\n<p><span class=\"style102\">Unsere <strong>Sprachkurse f\u00fcr ausl\u00e4ndische Familien<\/strong> sind besonders darauf ausgerichtet, ein leichtes und engagiertes Sprachprogramm anzubieten &#8211; insbesondere f\u00fcr Kinder &#8211; oder f\u00fcr alle erwachsenen Lernenden, die ihren Urlaub in Florenz oder Montecatini Terme mit Italienischunterricht kombinieren m\u00f6chten.<\/span><\/p>\n<p>Diese Art von Sprachprogramm deckt alle <strong><a href=\"de_stufe\">Niveaus<\/a> <\/strong>des Italienischen ab.<\/p>\n<p>[\/et_pb_text][et_pb_button button_url=&#8220;https:\/\/www.parola.it\/de\/de_kontakt&#8220; button_text=&#8220;KONTAKT&#8220; admin_label=&#8220;Pulsante Kontakt&#8220; _builder_version=&#8220;4.5.3&#8243; background_layout=&#8220;dark&#8220; global_module=&#8220;43015&#8243; saved_tabs=&#8220;all&#8220; global_colors_info=&#8220;{}&#8220;][\/et_pb_button][et_pb_text _builder_version=&#8220;4.16&#8243; global_colors_info=&#8220;{}&#8220;]<\/p>\n<h3>Preise unserer Lektionen f\u00fcr Familien<\/h3>\n<p>Unser <strong>Kurs f\u00fcr Familien ist angemessen<\/strong> und beinhaltet auch Aktivit\u00e4ten mit den anderen Sch\u00fclern der Schule.<\/p>\n<p>[\/et_pb_text][\/et_pb_column_inner][\/et_pb_row_inner][et_pb_row_inner _builder_version=&#8220;4.16&#8243; global_colors_info=&#8220;{}&#8220;][et_pb_column_inner saved_specialty_column_type=&#8220;3_4&#8243; _builder_version=&#8220;4.16&#8243; custom_padding=&#8220;|||&#8220; global_colors_info=&#8220;{}&#8220; custom_padding__hover=&#8220;|||&#8220;][et_pb_pricing_tables header_background_color=&#8220;#ff6600&#8243; show_bullet=&#8220;off&#8220; featured_table_bullet_color=&#8220;rgba(255,255,255,0)&#8220; show_featured_drop_shadow=&#8220;off&#8220; admin_label=&#8220;Tabella 1week&#8220; _builder_version=&#8220;4.16&#8243; header_font_size=&#8220;15&#8243; body_text_align=&#8220;center&#8220; text_orientation=&#8220;center&#8220; custom_padding=&#8220;||-10px|&#8220; border_style=&#8220;solid&#8220; center_list_items=&#8220;on&#8220; global_colors_info=&#8220;{}&#8220; button_text_size__hover_enabled=&#8220;off&#8220; button_one_text_size__hover_enabled=&#8220;off&#8220; button_two_text_size__hover_enabled=&#8220;off&#8220; button_text_color__hover_enabled=&#8220;off&#8220; button_one_text_color__hover_enabled=&#8220;off&#8220; button_two_text_color__hover_enabled=&#8220;off&#8220; button_border_width__hover_enabled=&#8220;off&#8220; button_one_border_width__hover_enabled=&#8220;off&#8220; button_two_border_width__hover_enabled=&#8220;off&#8220; button_border_color__hover_enabled=&#8220;off&#8220; button_one_border_color__hover_enabled=&#8220;off&#8220; button_two_border_color__hover_enabled=&#8220;off&#8220; button_border_radius__hover_enabled=&#8220;off&#8220; button_one_border_radius__hover_enabled=&#8220;off&#8220; button_two_border_radius__hover_enabled=&#8220;off&#8220; button_letter_spacing__hover_enabled=&#8220;off&#8220; button_one_letter_spacing__hover_enabled=&#8220;off&#8220; button_two_letter_spacing__hover_enabled=&#8220;off&#8220; button_bg_color__hover_enabled=&#8220;off&#8220; button_one_bg_color__hover_enabled=&#8220;off&#8220; button_two_bg_color__hover_enabled=&#8220;off&#8220;][et_pb_pricing_table title=&#8220;10 Stunden Kurs&#8220; sum=&#8220;Kleine Gruppe (min 2 Personen)&#8220; _builder_version=&#8220;4.16&#8243; header_level=&#8220;h3&#8243; header_font=&#8220;||||&#8220; header_text_color=&#8220;#ffffff&#8220; header_font_size=&#8220;20&#8243; body_font=&#8220;||||&#8220; body_text_align=&#8220;center&#8220; body_line_height=&#8220;18px&#8220; subheader_font=&#8220;||||&#8220; subheader_text_align=&#8220;center&#8220; subheader_font_size=&#8220;14&#8243; price_font=&#8220;|on|||&#8220; price_text_align=&#8220;center&#8220; price_font_size=&#8220;16&#8243; price_line_height=&#8220;16px&#8220; currency_frequency_font=&#8220;||||&#8220; custom_button=&#8220;on&#8220; button_border_width=&#8220;4&#8243; button_font=&#8220;||||&#8220; button_use_icon=&#8220;on&#8220; button_icon=&#8220;&#xe025;||divi||400&#8243; button_icon_placement=&#8220;right&#8220; button_on_hover=&#8220;on&#8220; button_alignment=&#8220;center&#8220; text_orientation=&#8220;center&#8220; header_font_size_tablet=&#8220;20&#8243; header_font_size_phone=&#8220;20&#8243; body_line_height_tablet=&#8220;16px&#8220; body_line_height_phone=&#8220;16px&#8220; subheader_font_size_tablet=&#8220;14&#8243; subheader_font_size_phone=&#8220;14&#8243; price_font_size_tablet=&#8220;16&#8243; price_font_size_phone=&#8220;16&#8243; price_line_height_tablet=&#8220;16px&#8220; price_line_height_phone=&#8220;16px&#8220; global_colors_info=&#8220;{}&#8220; button_text_size__hover_enabled=&#8220;off&#8220; button_one_text_size__hover_enabled=&#8220;off&#8220; button_two_text_size__hover_enabled=&#8220;off&#8220; button_text_color__hover_enabled=&#8220;off&#8220; button_one_text_color__hover_enabled=&#8220;off&#8220; button_two_text_color__hover_enabled=&#8220;off&#8220; button_border_width__hover_enabled=&#8220;off&#8220; button_one_border_width__hover_enabled=&#8220;off&#8220; button_two_border_width__hover_enabled=&#8220;off&#8220; button_border_color__hover_enabled=&#8220;off&#8220; button_one_border_color__hover_enabled=&#8220;off&#8220; button_two_border_color__hover_enabled=&#8220;off&#8220; button_border_radius__hover_enabled=&#8220;off&#8220; button_one_border_radius__hover_enabled=&#8220;off&#8220; button_two_border_radius__hover_enabled=&#8220;off&#8220; button_letter_spacing__hover_enabled=&#8220;off&#8220; button_one_letter_spacing__hover_enabled=&#8220;off&#8220; button_two_letter_spacing__hover_enabled=&#8220;off&#8220; button_bg_color__hover_enabled=&#8220;off&#8220; button_one_bg_color__hover_enabled=&#8220;off&#8220; button_two_bg_color__hover_enabled=&#8220;off&#8220; sticky_transition=&#8220;on&#8220;]<\/p>\n<p>2 Stunden pro Tag , \u20ac 200 pro Erwachsener (1 Woche) + \u20ac 100 pro Kind.<\/p>\n<p>[\/et_pb_pricing_table][et_pb_pricing_table title=&#8220;10 Stunden Kurs&#8220; sum=&#8220;Kleine Gruppe (min 2 Personen)&#8220; _builder_version=&#8220;4.16&#8243; header_level=&#8220;h3&#8243; header_font=&#8220;||||&#8220; header_text_color=&#8220;#ffffff&#8220; header_font_size=&#8220;20&#8243; body_font=&#8220;||||&#8220; body_text_align=&#8220;center&#8220; body_line_height=&#8220;18px&#8220; subheader_font=&#8220;||||&#8220; subheader_text_align=&#8220;center&#8220; subheader_font_size=&#8220;14&#8243; price_font=&#8220;|on|||&#8220; price_text_align=&#8220;center&#8220; price_font_size=&#8220;16&#8243; price_line_height=&#8220;16px&#8220; currency_frequency_font=&#8220;||||&#8220; custom_button=&#8220;on&#8220; button_border_width=&#8220;4&#8243; button_font=&#8220;||||&#8220; button_use_icon=&#8220;on&#8220; button_icon=&#8220;&#xe025;||divi||400&#8243; button_icon_placement=&#8220;right&#8220; button_on_hover=&#8220;on&#8220; button_alignment=&#8220;center&#8220; text_orientation=&#8220;center&#8220; header_font_size_tablet=&#8220;20&#8243; header_font_size_phone=&#8220;20&#8243; body_line_height_tablet=&#8220;16px&#8220; body_line_height_phone=&#8220;16px&#8220; subheader_font_size_tablet=&#8220;14&#8243; subheader_font_size_phone=&#8220;14&#8243; price_font_size_tablet=&#8220;16&#8243; price_font_size_phone=&#8220;16&#8243; price_line_height_tablet=&#8220;16px&#8220; price_line_height_phone=&#8220;16px&#8220; global_colors_info=&#8220;{}&#8220; button_text_size__hover_enabled=&#8220;off&#8220; button_one_text_size__hover_enabled=&#8220;off&#8220; button_two_text_size__hover_enabled=&#8220;off&#8220; button_text_color__hover_enabled=&#8220;off&#8220; button_one_text_color__hover_enabled=&#8220;off&#8220; button_two_text_color__hover_enabled=&#8220;off&#8220; button_border_width__hover_enabled=&#8220;off&#8220; button_one_border_width__hover_enabled=&#8220;off&#8220; button_two_border_width__hover_enabled=&#8220;off&#8220; button_border_color__hover_enabled=&#8220;off&#8220; button_one_border_color__hover_enabled=&#8220;off&#8220; button_two_border_color__hover_enabled=&#8220;off&#8220; button_border_radius__hover_enabled=&#8220;off&#8220; button_one_border_radius__hover_enabled=&#8220;off&#8220; button_two_border_radius__hover_enabled=&#8220;off&#8220; button_letter_spacing__hover_enabled=&#8220;off&#8220; button_one_letter_spacing__hover_enabled=&#8220;off&#8220; button_two_letter_spacing__hover_enabled=&#8220;off&#8220; button_bg_color__hover_enabled=&#8220;off&#8220; button_one_bg_color__hover_enabled=&#8220;off&#8220; button_two_bg_color__hover_enabled=&#8220;off&#8220; sticky_transition=&#8220;on&#8220;]<\/p>\n<p>2 Stunden pro Tag, \u20ac 400 pro Erwachsener (1 Woche) + \u20ac 150 pro Kind.<\/p>\n<p>[\/et_pb_pricing_table][\/et_pb_pricing_tables][et_pb_text _builder_version=&#8220;4.16&#8243; global_colors_info=&#8220;{}&#8220;]<\/p>\n<h3>Italienisch lernen f\u00fcr zwei Stunden pro Tag<\/h3>\n<p>Es geht nicht um anstrengendes Lernen, sondern Sie k\u00f6nnen sich zwei Stunden am Tag der Sprache widmen und danach an\u00a0<strong>Aktivit\u00e4ten der Sprachschule Parola teilnehmen<\/strong>, die speziell f\u00fcr die Leute organisiert sind, die Italienisch lernen wollen, aber auch\u00a0<strong>gleichzeitig Kultur und Gesellschaft in Italien<\/strong>\u00a0erleben wollen.<\/p>\n<p>[\/et_pb_text][\/et_pb_column_inner][\/et_pb_row_inner][et_pb_row_inner _builder_version=&#8220;4.16&#8243; custom_padding=&#8220;1px|0px|0px|0px&#8220; global_colors_info=&#8220;{}&#8220;][et_pb_column_inner saved_specialty_column_type=&#8220;3_4&#8243; _builder_version=&#8220;4.16&#8243; custom_padding=&#8220;|||&#8220; global_colors_info=&#8220;{}&#8220; custom_padding__hover=&#8220;|||&#8220;][et_pb_text _builder_version=&#8220;4.16&#8243; global_colors_info=&#8220;{}&#8220;]<\/p>\n<h3>Italienisch-Sprachkurse in Montecatini Terme<\/h3>\n<p>Die Kurse in\u00a0<strong>Montecatini Terme sind speziell f\u00fcr Erwachsene<\/strong> konzipiert. Die Kurse finden normalerweise nicht in Florenz statt.<\/p>\n<p>Nur wenn sich weniger als drei Teilnehmer anmelden, wird der Kurs in unseren Hauptsitz nach Florenz verlegt. In diesem Fall, k\u00f6nnen Sie einen Rabatt bekommen: die Anmeldegeb\u00fchr \u00fcber 60 Euro entf\u00e4llt, wenn Sie beschlie\u00dfen, den gleichen Kurs in Florenz statt in Montecatini Terme zu besuchen.<\/p>\n<p>Wir bitten Sie, alle Ihre Fragen zu unseren\u00a0<a title=\"Italienischkurse in Florenz\" href=\"de_italienisch_kurse\"><strong>Italienischkursen<\/strong>\u00a0<\/a>in Montecatini vor der Einschreibung zu kl\u00e4ren.<\/p>\n<p>[\/et_pb_text][et_pb_image src=&#8220;https:\/\/www.parola.it\/wp-content\/uploads\/2017\/12\/Montecatini_Alto.jpg&#8220; alt=&#8220;Montecatini Terme in der Toskane&#8220; align_tablet=&#8220;center&#8220; align_phone=&#8220;&#8220; align_last_edited=&#8220;on|desktop&#8220; _builder_version=&#8220;4.16&#8243; global_colors_info=&#8220;{}&#8220;][\/et_pb_image][et_pb_text _builder_version=&#8220;4.16&#8243; global_colors_info=&#8220;{}&#8220;]<\/p>\n<p><span style=\"color: #e02b20;\"><strong>ACHTUNG:<\/strong><\/span><\/p>\n<p>Unsere Italienischkurse f\u00fcr <strong>Familien m\u00fcssen genehmigt werden<\/strong>, wenn Kinder \u00e4lter als 3 Jahre sind.<\/p>\n<p>[\/et_pb_text][\/et_pb_column_inner][\/et_pb_row_inner][et_pb_row_inner _builder_version=&#8220;4.16&#8243; custom_padding=&#8220;0px|0px|29.5313px|0px&#8220; global_colors_info=&#8220;{}&#8220;][et_pb_column_inner saved_specialty_column_type=&#8220;3_4&#8243; _builder_version=&#8220;4.16&#8243; custom_padding=&#8220;|||&#8220; global_colors_info=&#8220;{}&#8220; custom_padding__hover=&#8220;|||&#8220;][et_pb_text _builder_version=&#8220;4.16&#8243; custom_padding=&#8220;17px|||||&#8220; global_colors_info=&#8220;{}&#8220;]<\/p>\n<h4>Kontaktieren Sie uns f\u00fcr Informationen zu unseren Italienischkursen f\u00fcr Familien<\/h4>\n<p>Bitte <strong><a title=\"Kontaktieren Sie die Italienisch-Sprachschule Parola\" href=\"de_kontakt\">kontaktieren<\/a><\/strong><span style=\"font-size: 18px;\">\u00a0Sie uns <strong>f\u00fcr weitere Informationen zu unseren Kursen f\u00fcr ausl\u00e4ndische Familien<\/strong> in Florenz oder um Fragen zu unseren Italienischkursen in Montecatini zu stellen.<\/span><\/p>\n<p>[\/et_pb_text][et_pb_button button_url=&#8220;https:\/\/www.parola.it\/de\/de_kontakt&#8220; button_text=&#8220;KONTAKT&#8220; admin_label=&#8220;Pulsante Kontakt&#8220; _builder_version=&#8220;4.5.3&#8243; background_layout=&#8220;dark&#8220; global_module=&#8220;43015&#8243; saved_tabs=&#8220;all&#8220; global_colors_info=&#8220;{}&#8220;][\/et_pb_button][\/et_pb_column_inner][\/et_pb_row_inner][\/et_pb_column][et_pb_column type=&#8220;1_4&#8243; _builder_version=&#8220;4.16&#8243; custom_padding=&#8220;|||&#8220; global_colors_info=&#8220;{}&#8220; custom_padding__hover=&#8220;|||&#8220;][et_pb_text admin_label=&#8220;KONTAKT TESTO INFO&#8220; _builder_version=&#8220;4.22.2&#8243; module_alignment=&#8220;left&#8220; custom_margin=&#8220;3px||||false|false&#8220; global_module=&#8220;43302&#8243; locked=&#8220;off&#8220; global_colors_info=&#8220;{}&#8220;]<\/p>\n<h5>KONTAKT<\/h5>\n<p><strong>F\u00fcr weitere Informationen kontaktieren Sie uns hier!<\/strong><\/p>\n<p>\u00a0\u00a0Schreiben Sie uns:\u00a0<strong><a href=\"mailto:info@parola.it\">info@parola.it<\/a><\/strong><\/p>\n<p>\u00a0 Rufen Sie uns an unter dieser Nr <a href=\"tel:+39055242182\"><strong>+39 055 242182<\/strong><\/a> oder <a href=\"tel:+393288997420\"><strong>+39 328 8997420<\/strong><\/a><\/p>\n<p>\u00a0 Treffen wir uns:<\/p>\n<p><strong><a href=\"https:\/\/www.parola.it\/de\/\">Borgo Santa Croce, <\/a><\/strong><strong><a href=\"https:\/\/www.parola.it\/de\/\">17 <\/a><\/strong><\/p>\n<p><strong><a href=\"https:\/\/www.parola.it\/de\/\">50122 Florenz<\/a><\/strong><\/p>\n<p>[\/et_pb_text][et_pb_social_media_follow url_new_window=&#8220;off&#8220; admin_label=&#8220;SOCIAL MEDIA LOGO&#8220; _builder_version=&#8220;4.16&#8243; background_layout=&#8220;dark&#8220; custom_margin=&#8220;20px|||||&#8220; z_index_tablet=&#8220;500&#8243; button_text_shadow_horizontal_length_tablet=&#8220;0px&#8220; button_text_shadow_vertical_length_tablet=&#8220;0px&#8220; button_text_shadow_blur_strength_tablet=&#8220;1px&#8220; box_shadow_horizontal_tablet=&#8220;0px&#8220; box_shadow_vertical_tablet=&#8220;0px&#8220; box_shadow_blur_tablet=&#8220;40px&#8220; box_shadow_spread_tablet=&#8220;0px&#8220; box_shadow_horizontal_button_tablet=&#8220;0px&#8220; box_shadow_vertical_button_tablet=&#8220;0px&#8220; box_shadow_blur_button_tablet=&#8220;40px&#8220; box_shadow_spread_button_tablet=&#8220;0px&#8220; text_shadow_horizontal_length_tablet=&#8220;0px&#8220; text_shadow_vertical_length_tablet=&#8220;0px&#8220; text_shadow_blur_strength_tablet=&#8220;1px&#8220; saved_tabs=&#8220;all&#8220; global_colors_info=&#8220;{}&#8220;][et_pb_social_media_follow_network social_network=&#8220;facebook&#8220; url=&#8220;https:\/\/www.facebook.com\/Italian.language.school.florence%20\/&#8220; _builder_version=&#8220;4.16&#8243; background_color=&#8220;#3b5998&#8243; global_colors_info=&#8220;{}&#8220; follow_button=&#8220;off&#8220; url_new_window=&#8220;off&#8220;]<\/p>\n<p>Facebook<\/p>\n<p>[\/et_pb_social_media_follow_network][et_pb_social_media_follow_network social_network=&#8220;twitter&#8220; url=&#8220;https:\/\/twitter.com\/&#8220; _builder_version=&#8220;4.22.2&#8243; background_color=&#8220;#000000&#8243; global_colors_info=&#8220;{}&#8220; follow_button=&#8220;off&#8220; url_new_window=&#8220;off&#8220;]<\/p>\n<p>Twitter<\/p>\n<p>[\/et_pb_social_media_follow_network][et_pb_social_media_follow_network social_network=&#8220;linkedin&#8220; url=&#8220;https:\/\/www.linkedin.com\/feed\/&#8220; _builder_version=&#8220;4.16&#8243; background_color=&#8220;#007bb6&#8243; global_colors_info=&#8220;{}&#8220; follow_button=&#8220;off&#8220; url_new_window=&#8220;off&#8220;]<\/p>\n<p>LinkedIn<\/p>\n<p>[\/et_pb_social_media_follow_network][et_pb_social_media_follow_network social_network=&#8220;instagram&#8220; url=&#8220;https:\/\/www.instagram.com\/scuola_parola\/?hl=it&#8220; _builder_version=&#8220;4.16&#8243; background_color=&#8220;#ea2c59&#8243; global_colors_info=&#8220;{}&#8220; follow_button=&#8220;off&#8220; url_new_window=&#8220;off&#8220;]<\/p>\n<p>Instagram<\/p>\n<p>[\/et_pb_social_media_follow_network][\/et_pb_social_media_follow][et_pb_image src=&#8220;https:\/\/www.parola.it\/wp-content\/uploads\/2019\/11\/cils-certified-center.png&#8220; alt=&#8220;CILS logo of Parola Italian language school&#8220; admin_label=&#8220;CILS Certified&#8220; _builder_version=&#8220;4.16&#8243; custom_margin=&#8220;||10px|0px|false|false&#8220; custom_padding=&#8220;|||26px|false|false&#8220; z_index_tablet=&#8220;500&#8243; box_shadow_horizontal_tablet=&#8220;0px&#8220; box_shadow_vertical_tablet=&#8220;0px&#8220; box_shadow_blur_tablet=&#8220;40px&#8220; box_shadow_spread_tablet=&#8220;0px&#8220; saved_tabs=&#8220;all&#8220; global_colors_info=&#8220;{}&#8220;][\/et_pb_image][et_pb_text admin_label=&#8220;Language international&#8220; _builder_version=&#8220;4.16&#8243; z_index_tablet=&#8220;500&#8243; text_text_shadow_horizontal_length_tablet=&#8220;0px&#8220; text_text_shadow_vertical_length_tablet=&#8220;0px&#8220; text_text_shadow_blur_strength_tablet=&#8220;1px&#8220; link_text_shadow_horizontal_length_tablet=&#8220;0px&#8220; link_text_shadow_vertical_length_tablet=&#8220;0px&#8220; link_text_shadow_blur_strength_tablet=&#8220;1px&#8220; ul_text_shadow_horizontal_length_tablet=&#8220;0px&#8220; ul_text_shadow_vertical_length_tablet=&#8220;0px&#8220; ul_text_shadow_blur_strength_tablet=&#8220;1px&#8220; ol_text_shadow_horizontal_length_tablet=&#8220;0px&#8220; ol_text_shadow_vertical_length_tablet=&#8220;0px&#8220; ol_text_shadow_blur_strength_tablet=&#8220;1px&#8220; quote_text_shadow_horizontal_length_tablet=&#8220;0px&#8220; quote_text_shadow_vertical_length_tablet=&#8220;0px&#8220; quote_text_shadow_blur_strength_tablet=&#8220;1px&#8220; header_text_shadow_horizontal_length_tablet=&#8220;0px&#8220; header_text_shadow_vertical_length_tablet=&#8220;0px&#8220; header_text_shadow_blur_strength_tablet=&#8220;1px&#8220; header_2_text_shadow_horizontal_length_tablet=&#8220;0px&#8220; header_2_text_shadow_vertical_length_tablet=&#8220;0px&#8220; header_2_text_shadow_blur_strength_tablet=&#8220;1px&#8220; header_3_text_shadow_horizontal_length_tablet=&#8220;0px&#8220; header_3_text_shadow_vertical_length_tablet=&#8220;0px&#8220; header_3_text_shadow_blur_strength_tablet=&#8220;1px&#8220; header_4_text_shadow_horizontal_length_tablet=&#8220;0px&#8220; header_4_text_shadow_vertical_length_tablet=&#8220;0px&#8220; header_4_text_shadow_blur_strength_tablet=&#8220;1px&#8220; header_5_text_shadow_horizontal_length_tablet=&#8220;0px&#8220; header_5_text_shadow_vertical_length_tablet=&#8220;0px&#8220; header_5_text_shadow_blur_strength_tablet=&#8220;1px&#8220; header_6_text_shadow_horizontal_length_tablet=&#8220;0px&#8220; header_6_text_shadow_vertical_length_tablet=&#8220;0px&#8220; header_6_text_shadow_blur_strength_tablet=&#8220;1px&#8220; box_shadow_horizontal_tablet=&#8220;0px&#8220; box_shadow_vertical_tablet=&#8220;0px&#8220; box_shadow_blur_tablet=&#8220;40px&#8220; box_shadow_spread_tablet=&#8220;0px&#8220; saved_tabs=&#8220;all&#8220; global_colors_info=&#8220;{}&#8220;]<\/p>\n<div id=\"LI-CEO\"><script src=\"https:\/\/www.languageinternational.com\/badge\/coe?id=68832\"><\/script><\/div>\n<p>[\/et_pb_text][et_pb_text admin_label=&#8220;Sprachkurse der Parola Schule &#8220; _builder_version=&#8220;4.22.2&#8243; module_alignment=&#8220;left&#8220; custom_margin=&#8220;40px|||&#8220; global_module=&#8220;29013&#8243; saved_tabs=&#8220;all&#8220; locked=&#8220;off&#8220; global_colors_info=&#8220;{}&#8220;]<\/p>\n<p><span style=\"font-size: x-large;\"><strong><span style=\"color: #0c71c3;\">SPRACHKURSE<\/span><\/strong><\/span><\/p>\n<p><a href=\"https:\/\/www.parola.it\/de\/de-italienisch-grammatik-florenz\/?et_fb=1\"><strong>GRUPPENKURSE<\/strong><\/a><\/p>\n<p><a href=\"https:\/\/www.parola.it\/de\/de-einzelsprachkurse-italienisch\/?et_fb=1\"><strong>EINZELSPRACHKURSE<\/strong><\/a><\/p>\n<p><a href=\"https:\/\/www.parola.it\/de\/de-zusammengesetzte-kurse\/?et_fb=1\"><strong>KOMBINIERTE KURSE<\/strong><\/a><\/p>\n<p><strong><a href=\"https:\/\/www.parola.it\/de\/online-sprachkurse\/\">ONLINE-KURSE<\/a><\/strong><\/p>\n<p><a href=\"https:\/\/www.parola.it\/de\/de_aupair_kurse\/\" title=\"Sprachkurs f\u00fcr Au Pairs in Florenz\"><strong>AU PAIR KURS<\/strong><\/a><\/p>\n<p><strong><a href=\"https:\/\/www.parola.it\/de\/italienisch-aussprache\/\" title=\"Italienisch Aussprache mit Parola Schule \">AUSSPRACHE<\/a><\/strong><\/p>\n<p><strong><a href=\"https:\/\/www.parola.it\/de\/de-cils-certifikat-italien\/\" title=\"Cils Zertifikat an der Parola Sprachschule in Florenz\">CILS ZERTIFIKAT\u00a0<\/a><\/strong><\/p>\n<p><a href=\"https:\/\/www.parola.it\/de\/de_italienisch_kurse\/?et_fb=1\"><strong>ITALIENISCHKURSE<\/strong><\/a><\/p>\n<p>[\/et_pb_text][et_pb_text admin_label=&#8220;Informationen \u00fcber die Parola Schule &#8220; _builder_version=&#8220;4.5.3&#8243; text_font=&#8220;||||&#8220; header_font=&#8220;||||&#8220; module_alignment=&#8220;left&#8220; custom_margin=&#8220;22px|||||&#8220; use_border_color=&#8220;off&#8220; global_module=&#8220;9468&#8243; saved_tabs=&#8220;all&#8220; global_colors_info=&#8220;{}&#8220;]<\/p>\n<p><span style=\"font-size: x-large;\"><strong><span style=\"color: #0c71c3;\">INFORMATIONEN<\/span><\/strong><\/span><\/p>\n<p><strong><a href=\"https:\/\/www.parola.it\/de\/de_preise_schule\/?et_fb=1\">PREISE<\/a><\/strong><\/p>\n<p><strong><a href=\"https:\/\/www.parola.it\/de\/de_kontakt\/?et_fb=1\">KONTAKT<\/a><\/strong><\/p>\n<p><strong><a href=\"de-sprachschule-parola-lage\/\">LAGE DER SCHULE<\/a><\/strong><\/p>\n<p><a href=\"de-termine-sprachkurse-florenz\/\"><strong>DATEN <\/strong><\/a><\/p>\n<p><a href=\"de_freizeit\/\"><strong>FREIZEITAKTIVIT\u00c4TEN <\/strong><\/a><\/p>\n<p><a href=\"de-rabatte-italienisch-sprachkurse\/\"><strong>RABATTE<\/strong><\/a><\/p>\n<p><a href=\"de-lehrer-methoden\/\"><strong>LEHRMETHODEN<\/strong><\/a><\/p>\n<p><a href=\"de-gestellte-fragen-sprachschule\/\"><strong>H\u00c4UFIG GESTELLTE FRAGEN<\/strong><\/a><\/p>\n<p><strong><span style=\"font-size: x-large;\"><span style=\"color: #0c71c3;\">MEHR ERFAHREN<\/span><\/span><\/strong><\/p>\n<p><a href=\"de-lernen-italienisch-warum\/\"><strong>LERNEN IN FLORENZ<\/strong><\/a><\/p>\n<p><a href=\"de_stipendien_cils\/\"><strong>STIPENDIEN<\/strong><\/a><\/p>\n<p><a href=\"de_unterkunft\/\"><strong>UNTERKUNFT IN FLORENZ<\/strong><\/a><\/p>\n<p>[\/et_pb_text][\/et_pb_column][\/et_pb_section][et_pb_section fb_built=&#8220;1&#8243; fullwidth=&#8220;on&#8220; _builder_version=&#8220;4.16&#8243; global_colors_info=&#8220;{}&#8220;][et_pb_fullwidth_menu menu_id=&#8220;2060&#8243; _builder_version=&#8220;4.16&#8243; global_colors_info=&#8220;{}&#8220;][\/et_pb_fullwidth_menu][\/et_pb_section]<\/p>\n","protected":false},"excerpt":{"rendered":"<p>Italienischkurse f\u00fcr Familien in Florenz Ein Italienischkurs f\u00fcr Familien, die Italienisch lernen m\u00f6chten Ausl\u00e4ndische Familien, deren Kinder Italienisch lernen sollen oder die selbst einen Sprachkurs in Florenz machen wollen,\u00a0 k\u00f6nnen\u00a0 sich \u00fcber einen Sprachkurs in einer kleineren Gruppe informieren, f\u00fcr ihre Kinder, aber auch f\u00fcr die Eltern. Leichtes und unterhaltsames Sprachprogramm in Florenz Unsere Sprachkurse [&hellip;]<\/p>\n","protected":false},"author":1,"featured_media":8742,"parent":0,"menu_order":0,"comment_status":"closed","ping_status":"closed","template":"","meta":{"_et_pb_use_builder":"on","_et_pb_old_content":"","_et_gb_content_width":"","footnotes":""},"class_list":["post-9681","page","type-page","status-publish","has-post-thumbnail","hentry"],"yoast_head":"<!-- This site is optimized with the Yoast SEO plugin v27.4 - https:\/\/yoast.com\/product\/yoast-seo-wordpress\/ -->\n<title>Italienisch-Sprachkurse f\u00fcr Familien in Florenz | Parola Schule<\/title>\n<meta name=\"description\" content=\"Lerne Italienisch mit deinen Kindern in unserer Sprachschule in Florenz. Genie\u00dfen Sie unseren engagierten Kurs f\u00fcr Familien: Eltern mit ihren Kindern.\" \/>\n<meta name=\"robots\" content=\"index, follow, max-snippet:-1, max-image-preview:large, max-video-preview:-1\" \/>\n<link rel=\"canonical\" href=\"https:\/\/www.parola.it\/de\/de_italienischkurse_50\/\" \/>\n<meta property=\"og:locale\" content=\"de_DE\" \/>\n<meta property=\"og:type\" content=\"article\" \/>\n<meta property=\"og:title\" content=\"Italienisch-Sprachkurse f\u00fcr Familien in Florenz | Parola Schule\" \/>\n<meta property=\"og:description\" content=\"Lerne Italienisch mit deinen Kindern in unserer Sprachschule in Florenz. Genie\u00dfen Sie unseren engagierten Kurs f\u00fcr Familien: Eltern mit ihren Kindern.\" \/>\n<meta property=\"og:url\" content=\"https:\/\/www.parola.it\/de\/de_italienischkurse_50\/\" \/>\n<meta property=\"og:site_name\" content=\"Italian Language School in Florence | Parola School\" \/>\n<meta property=\"article:publisher\" content=\"https:\/\/www.facebook.com\/Italian.language.school.florence\/\" \/>\n<meta property=\"article:modified_time\" content=\"2025-03-24T12:04:12+00:00\" \/>\n<meta property=\"og:image\" content=\"https:\/\/www.parola.it\/wp-content\/uploads\/2018\/02\/kids-learning-italian.jpg\" \/>\n\t<meta property=\"og:image:width\" content=\"1300\" \/>\n\t<meta property=\"og:image:height\" content=\"642\" \/>\n\t<meta property=\"og:image:type\" content=\"image\/jpeg\" \/>\n<meta name=\"twitter:card\" content=\"summary_large_image\" \/>\n<meta name=\"twitter:site\" content=\"@Parola_School\" \/>\n<meta name=\"twitter:label1\" content=\"Gesch\u00e4tzte Lesezeit\" \/>\n\t<meta name=\"twitter:data1\" content=\"14\u00a0Minuten\" \/>\n<script type=\"application\/ld+json\" class=\"yoast-schema-graph\">{\"@context\":\"https:\\\/\\\/schema.org\",\"@graph\":[{\"@type\":\"WebPage\",\"@id\":\"https:\\\/\\\/www.parola.it\\\/de\\\/de_italienischkurse_50\\\/\",\"url\":\"https:\\\/\\\/www.parola.it\\\/de\\\/de_italienischkurse_50\\\/\",\"name\":\"Italienisch-Sprachkurse f\u00fcr Familien in Florenz | Parola Schule\",\"isPartOf\":{\"@id\":\"https:\\\/\\\/www.parola.it\\\/#website\"},\"primaryImageOfPage\":{\"@id\":\"https:\\\/\\\/www.parola.it\\\/de\\\/de_italienischkurse_50\\\/#primaryimage\"},\"image\":{\"@id\":\"https:\\\/\\\/www.parola.it\\\/de\\\/de_italienischkurse_50\\\/#primaryimage\"},\"thumbnailUrl\":\"https:\\\/\\\/www.parola.it\\\/wp-content\\\/uploads\\\/2018\\\/02\\\/kids-learning-italian.jpg\",\"datePublished\":\"2018-01-11T14:27:23+00:00\",\"dateModified\":\"2025-03-24T12:04:12+00:00\",\"description\":\"Lerne Italienisch mit deinen Kindern in unserer Sprachschule in Florenz. Genie\u00dfen Sie unseren engagierten Kurs f\u00fcr Familien: Eltern mit ihren Kindern.\",\"breadcrumb\":{\"@id\":\"https:\\\/\\\/www.parola.it\\\/de\\\/de_italienischkurse_50\\\/#breadcrumb\"},\"inLanguage\":\"de\",\"potentialAction\":[{\"@type\":\"ReadAction\",\"target\":[\"https:\\\/\\\/www.parola.it\\\/de\\\/de_italienischkurse_50\\\/\"]}]},{\"@type\":\"ImageObject\",\"inLanguage\":\"de\",\"@id\":\"https:\\\/\\\/www.parola.it\\\/de\\\/de_italienischkurse_50\\\/#primaryimage\",\"url\":\"https:\\\/\\\/www.parola.it\\\/wp-content\\\/uploads\\\/2018\\\/02\\\/kids-learning-italian.jpg\",\"contentUrl\":\"https:\\\/\\\/www.parola.it\\\/wp-content\\\/uploads\\\/2018\\\/02\\\/kids-learning-italian.jpg\",\"width\":1300,\"height\":642,\"caption\":\"Bambini che imparano la lingua italiana a Firenze\"},{\"@type\":\"BreadcrumbList\",\"@id\":\"https:\\\/\\\/www.parola.it\\\/de\\\/de_italienischkurse_50\\\/#breadcrumb\",\"itemListElement\":[{\"@type\":\"ListItem\",\"position\":1,\"name\":\"Accueil\",\"item\":\"https:\\\/\\\/www.parola.it\\\/de\\\/\"},{\"@type\":\"ListItem\",\"position\":2,\"name\":\"SPRACHKURSE F\u00dcR FAMILIEN\"}]},{\"@type\":\"WebSite\",\"@id\":\"https:\\\/\\\/www.parola.it\\\/#website\",\"url\":\"https:\\\/\\\/www.parola.it\\\/\",\"name\":\"Italian Language School in Florence | Parola School\",\"description\":\"Learn Italian with Parola Italian language school in Florence. Language courses at a competitive price with quality teaching.\",\"publisher\":{\"@id\":\"https:\\\/\\\/www.parola.it\\\/#organization\"},\"alternateName\":\"Parola School\",\"potentialAction\":[{\"@type\":\"SearchAction\",\"target\":{\"@type\":\"EntryPoint\",\"urlTemplate\":\"https:\\\/\\\/www.parola.it\\\/?s={search_term_string}\"},\"query-input\":{\"@type\":\"PropertyValueSpecification\",\"valueRequired\":true,\"valueName\":\"search_term_string\"}}],\"inLanguage\":\"de\"},{\"@type\":\"Organization\",\"@id\":\"https:\\\/\\\/www.parola.it\\\/#organization\",\"name\":\"Parola Italian Language School in Florence\",\"alternateName\":\"Italian Language Courses in Florence\",\"url\":\"https:\\\/\\\/www.parola.it\\\/\",\"logo\":{\"@type\":\"ImageObject\",\"inLanguage\":\"de\",\"@id\":\"https:\\\/\\\/www.parola.it\\\/#\\\/schema\\\/logo\\\/image\\\/\",\"url\":\"https:\\\/\\\/www.parola.it\\\/wp-content\\\/uploads\\\/2019\\\/03\\\/logo-parola-language-school-1-e1721760774400.png\",\"contentUrl\":\"https:\\\/\\\/www.parola.it\\\/wp-content\\\/uploads\\\/2019\\\/03\\\/logo-parola-language-school-1-e1721760774400.png\",\"width\":145,\"height\":53,\"caption\":\"Parola Italian Language School in Florence\"},\"image\":{\"@id\":\"https:\\\/\\\/www.parola.it\\\/#\\\/schema\\\/logo\\\/image\\\/\"},\"sameAs\":[\"https:\\\/\\\/www.facebook.com\\\/Italian.language.school.florence\\\/\",\"https:\\\/\\\/x.com\\\/Parola_School\",\"https:\\\/\\\/www.instagram.com\\\/scuola_parola\\\/?hl=it\",\"https:\\\/\\\/www.linkedin.com\\\/in\\\/parola-italian-language-school-0a504114\\\/\",\"https:\\\/\\\/it.pinterest.com\\\/pin\\\/10344274122092210\\\/\",\"https:\\\/\\\/www.youtube.com\\\/channel\\\/UCKQkiBkXnIh9Df27KWD66rA?view_as=subscriber\",\"https:\\\/\\\/www.tripadvisor.com\\\/Attraction_Review-g187895-d4133618-Reviews-Parola_Italian_Language_School-Florence_Tuscany\"]}]}<\/script>\n<!-- \/ Yoast SEO plugin. -->","yoast_head_json":{"title":"Italienisch-Sprachkurse f\u00fcr Familien in Florenz | Parola Schule","description":"Lerne Italienisch mit deinen Kindern in unserer Sprachschule in Florenz. Genie\u00dfen Sie unseren engagierten Kurs f\u00fcr Familien: Eltern mit ihren Kindern.","robots":{"index":"index","follow":"follow","max-snippet":"max-snippet:-1","max-image-preview":"max-image-preview:large","max-video-preview":"max-video-preview:-1"},"canonical":"https:\/\/www.parola.it\/de\/de_italienischkurse_50\/","og_locale":"de_DE","og_type":"article","og_title":"Italienisch-Sprachkurse f\u00fcr Familien in Florenz | Parola Schule","og_description":"Lerne Italienisch mit deinen Kindern in unserer Sprachschule in Florenz. Genie\u00dfen Sie unseren engagierten Kurs f\u00fcr Familien: Eltern mit ihren Kindern.","og_url":"https:\/\/www.parola.it\/de\/de_italienischkurse_50\/","og_site_name":"Italian Language School in Florence | Parola School","article_publisher":"https:\/\/www.facebook.com\/Italian.language.school.florence\/","article_modified_time":"2025-03-24T12:04:12+00:00","og_image":[{"width":1300,"height":642,"url":"https:\/\/www.parola.it\/wp-content\/uploads\/2018\/02\/kids-learning-italian.jpg","type":"image\/jpeg"}],"twitter_card":"summary_large_image","twitter_site":"@Parola_School","twitter_misc":{"Gesch\u00e4tzte Lesezeit":"14\u00a0Minuten"},"schema":{"@context":"https:\/\/schema.org","@graph":[{"@type":"WebPage","@id":"https:\/\/www.parola.it\/de\/de_italienischkurse_50\/","url":"https:\/\/www.parola.it\/de\/de_italienischkurse_50\/","name":"Italienisch-Sprachkurse f\u00fcr Familien in Florenz | Parola Schule","isPartOf":{"@id":"https:\/\/www.parola.it\/#website"},"primaryImageOfPage":{"@id":"https:\/\/www.parola.it\/de\/de_italienischkurse_50\/#primaryimage"},"image":{"@id":"https:\/\/www.parola.it\/de\/de_italienischkurse_50\/#primaryimage"},"thumbnailUrl":"https:\/\/www.parola.it\/wp-content\/uploads\/2018\/02\/kids-learning-italian.jpg","datePublished":"2018-01-11T14:27:23+00:00","dateModified":"2025-03-24T12:04:12+00:00","description":"Lerne Italienisch mit deinen Kindern in unserer Sprachschule in Florenz. Genie\u00dfen Sie unseren engagierten Kurs f\u00fcr Familien: Eltern mit ihren Kindern.","breadcrumb":{"@id":"https:\/\/www.parola.it\/de\/de_italienischkurse_50\/#breadcrumb"},"inLanguage":"de","potentialAction":[{"@type":"ReadAction","target":["https:\/\/www.parola.it\/de\/de_italienischkurse_50\/"]}]},{"@type":"ImageObject","inLanguage":"de","@id":"https:\/\/www.parola.it\/de\/de_italienischkurse_50\/#primaryimage","url":"https:\/\/www.parola.it\/wp-content\/uploads\/2018\/02\/kids-learning-italian.jpg","contentUrl":"https:\/\/www.parola.it\/wp-content\/uploads\/2018\/02\/kids-learning-italian.jpg","width":1300,"height":642,"caption":"Bambini che imparano la lingua italiana a Firenze"},{"@type":"BreadcrumbList","@id":"https:\/\/www.parola.it\/de\/de_italienischkurse_50\/#breadcrumb","itemListElement":[{"@type":"ListItem","position":1,"name":"Accueil","item":"https:\/\/www.parola.it\/de\/"},{"@type":"ListItem","position":2,"name":"SPRACHKURSE F\u00dcR FAMILIEN"}]},{"@type":"WebSite","@id":"https:\/\/www.parola.it\/#website","url":"https:\/\/www.parola.it\/","name":"Italian Language School in Florence | Parola School","description":"Learn Italian with Parola Italian language school in Florence. Language courses at a competitive price with quality teaching.","publisher":{"@id":"https:\/\/www.parola.it\/#organization"},"alternateName":"Parola School","potentialAction":[{"@type":"SearchAction","target":{"@type":"EntryPoint","urlTemplate":"https:\/\/www.parola.it\/?s={search_term_string}"},"query-input":{"@type":"PropertyValueSpecification","valueRequired":true,"valueName":"search_term_string"}}],"inLanguage":"de"},{"@type":"Organization","@id":"https:\/\/www.parola.it\/#organization","name":"Parola Italian Language School in Florence","alternateName":"Italian Language Courses in Florence","url":"https:\/\/www.parola.it\/","logo":{"@type":"ImageObject","inLanguage":"de","@id":"https:\/\/www.parola.it\/#\/schema\/logo\/image\/","url":"https:\/\/www.parola.it\/wp-content\/uploads\/2019\/03\/logo-parola-language-school-1-e1721760774400.png","contentUrl":"https:\/\/www.parola.it\/wp-content\/uploads\/2019\/03\/logo-parola-language-school-1-e1721760774400.png","width":145,"height":53,"caption":"Parola Italian Language School in Florence"},"image":{"@id":"https:\/\/www.parola.it\/#\/schema\/logo\/image\/"},"sameAs":["https:\/\/www.facebook.com\/Italian.language.school.florence\/","https:\/\/x.com\/Parola_School","https:\/\/www.instagram.com\/scuola_parola\/?hl=it","https:\/\/www.linkedin.com\/in\/parola-italian-language-school-0a504114\/","https:\/\/it.pinterest.com\/pin\/10344274122092210\/","https:\/\/www.youtube.com\/channel\/UCKQkiBkXnIh9Df27KWD66rA?view_as=subscriber","https:\/\/www.tripadvisor.com\/Attraction_Review-g187895-d4133618-Reviews-Parola_Italian_Language_School-Florence_Tuscany"]}]}},"_links":{"self":[{"href":"https:\/\/www.parola.it\/de\/wp-json\/wp\/v2\/pages\/9681","targetHints":{"allow":["GET"]}}],"collection":[{"href":"https:\/\/www.parola.it\/de\/wp-json\/wp\/v2\/pages"}],"about":[{"href":"https:\/\/www.parola.it\/de\/wp-json\/wp\/v2\/types\/page"}],"author":[{"embeddable":true,"href":"https:\/\/www.parola.it\/de\/wp-json\/wp\/v2\/users\/1"}],"replies":[{"embeddable":true,"href":"https:\/\/www.parola.it\/de\/wp-json\/wp\/v2\/comments?post=9681"}],"version-history":[{"count":4,"href":"https:\/\/www.parola.it\/de\/wp-json\/wp\/v2\/pages\/9681\/revisions"}],"predecessor-version":[{"id":75137,"href":"https:\/\/www.parola.it\/de\/wp-json\/wp\/v2\/pages\/9681\/revisions\/75137"}],"wp:featuredmedia":[{"embeddable":true,"href":"https:\/\/www.parola.it\/de\/wp-json\/wp\/v2\/media\/8742"}],"wp:attachment":[{"href":"https:\/\/www.parola.it\/de\/wp-json\/wp\/v2\/media?parent=9681"}],"curies":[{"name":"wp","href":"https:\/\/api.w.org\/{rel}","templated":true}]}}