{"id":9633,"date":"2018-01-11T17:06:19","date_gmt":"2018-01-11T16:06:19","guid":{"rendered":"https:\/\/www.parola.it\/starting-dates-courses\/"},"modified":"2025-12-28T17:34:31","modified_gmt":"2025-12-28T16:34:31","slug":"de-termine-sprachkurse-florenz-2","status":"publish","type":"page","link":"https:\/\/www.parola.it\/de\/de-termine-sprachkurse-florenz-2\/","title":{"rendered":"TERMINE DER SPRACHKURSE"},"content":{"rendered":"<p>[et_pb_section bb_built=&#8220;1&#8243; fullwidth=&#8220;on&#8220; _builder_version=&#8220;4.16&#8243; global_colors_info=&#8220;{}&#8220; next_background_color=&#8220;#000000&#8243;][et_pb_fullwidth_slider show_content_on_mobile=&#8220;off&#8220; show_cta_on_mobile=&#8220;off&#8220; _builder_version=&#8220;4.16&#8243; header_font_size=&#8220;40&#8243; background_position=&#8220;top_left&#8220; custom_padding=&#8220;|||&#8220; auto=&#8220;on&#8220; auto_speed=&#8220;3000&#8243; auto_ignore_hover=&#8220;on&#8220; global_colors_info=&#8220;{}&#8220; button_text_size__hover_enabled=&#8220;off&#8220; button_one_text_size__hover_enabled=&#8220;off&#8220; button_two_text_size__hover_enabled=&#8220;off&#8220; button_text_color__hover_enabled=&#8220;off&#8220; button_one_text_color__hover_enabled=&#8220;off&#8220; button_two_text_color__hover_enabled=&#8220;off&#8220; button_border_width__hover_enabled=&#8220;off&#8220; button_one_border_width__hover_enabled=&#8220;off&#8220; button_two_border_width__hover_enabled=&#8220;off&#8220; button_border_color__hover_enabled=&#8220;off&#8220; button_one_border_color__hover_enabled=&#8220;off&#8220; button_two_border_color__hover_enabled=&#8220;off&#8220; button_border_radius__hover_enabled=&#8220;off&#8220; button_one_border_radius__hover_enabled=&#8220;off&#8220; button_two_border_radius__hover_enabled=&#8220;off&#8220; button_letter_spacing__hover_enabled=&#8220;off&#8220; button_one_letter_spacing__hover_enabled=&#8220;off&#8220; button_two_letter_spacing__hover_enabled=&#8220;off&#8220; button_bg_color__hover_enabled=&#8220;off&#8220; button_one_bg_color__hover_enabled=&#8220;off&#8220; button_two_bg_color__hover_enabled=&#8220;off&#8220;][et_pb_slide heading=&#8220;Termine unserer Italienischkurse in Florenz&#8220; button_text=&#8220;ITALIENISCHKURSE&#8220; button_link=&#8220;https:\/\/www.parola.it\/de\/de_italienisch_kurse&#8220; use_bg_overlay=&#8220;on&#8220; bg_overlay_color=&#8220;rgba(0,0,0,0.1)&#8220; use_text_overlay=&#8220;off&#8220; _builder_version=&#8220;4.16&#8243; header_font=&#8220;||||&#8220; body_font=&#8220;||||&#8220; background_color=&#8220;#ffffff&#8220; background_image=&#8220;https:\/\/www.parola.it\/wp-content\/uploads\/2018\/12\/course-calender.jpg&#8220; button_on_hover=&#8220;on&#8220; global_colors_info=&#8220;{}&#8220; button_text_size__hover_enabled=&#8220;off&#8220; button_one_text_size__hover_enabled=&#8220;off&#8220; button_two_text_size__hover_enabled=&#8220;off&#8220; button_text_color__hover_enabled=&#8220;off&#8220; button_one_text_color__hover_enabled=&#8220;off&#8220; button_two_text_color__hover_enabled=&#8220;off&#8220; button_border_width__hover_enabled=&#8220;off&#8220; button_one_border_width__hover_enabled=&#8220;off&#8220; button_two_border_width__hover_enabled=&#8220;off&#8220; button_border_color__hover_enabled=&#8220;off&#8220; button_one_border_color__hover_enabled=&#8220;off&#8220; button_two_border_color__hover_enabled=&#8220;off&#8220; button_border_radius__hover_enabled=&#8220;off&#8220; button_one_border_radius__hover_enabled=&#8220;off&#8220; button_two_border_radius__hover_enabled=&#8220;off&#8220; button_letter_spacing__hover_enabled=&#8220;off&#8220; button_one_letter_spacing__hover_enabled=&#8220;off&#8220; button_two_letter_spacing__hover_enabled=&#8220;off&#8220; button_bg_color__hover_enabled=&#8220;off&#8220; button_one_bg_color__hover_enabled=&#8220;off&#8220; button_two_bg_color__hover_enabled=&#8220;off&#8220; sticky_transition=&#8220;on&#8220;][\/et_pb_slide][\/et_pb_fullwidth_slider][\/et_pb_section][et_pb_section bb_built=&#8220;1&#8243; specialty=&#8220;on&#8220; _builder_version=&#8220;4.16&#8243; custom_padding=&#8220;0px|0px|38px|0px|false|false&#8220; global_colors_info=&#8220;{}&#8220; prev_background_color=&#8220;#000000&#8243; next_background_color=&#8220;#000000&#8243;][et_pb_column type=&#8220;3_4&#8243; specialty_columns=&#8220;3&#8243;][et_pb_row_inner admin_label=&#8220;Riga&#8220; column_structure=&#8220;undefined&#8220; _builder_version=&#8220;4.16&#8243; custom_padding=&#8220;22px|0px|5px|0px&#8220; global_colors_info=&#8220;{}&#8220;][et_pb_column_inner type=&#8220;undefined&#8220; saved_specialty_column_type=&#8220;3_4&#8243; _builder_version=&#8220;4.16&#8243; custom_padding=&#8220;|||&#8220; global_colors_info=&#8220;{}&#8220; custom_padding__hover=&#8220;|||&#8220; saved_specialty_column_type=&#8220;3_4&#8243;][et_pb_text _builder_version=&#8220;4.16&#8243; text_orientation=&#8220;justified&#8220; global_colors_info=&#8220;{}&#8220;]<\/p>\n<h1>Startdaten der Italienischkurse von Parola Schule<\/h1>\n<h2>Termine unserer Sprachkurse f\u00fcr absolute Anf\u00e4nger<\/h2>\n<p>Sind Sie bereit f\u00fcr eine Sprachreise? An der Parola-Schule <strong>laden wir Sie ein, in die Sch\u00f6nheit der italienischen Sprache<\/strong> einzutauchen. Sehen Sie sich die Startdaten f\u00fcr absolute Anf\u00e4nger unserer <strong><a href=\"https:\/\/www.parola.it\/de\/de_italienisch_kurse\/\">Italienischkurse<\/a><\/strong> in Florenz an.<\/p>\n<p>Nachfolgend sind die monatlichen Startdaten f\u00fcr<strong> Sch\u00fcler mit geringen bis keinen Kenntnissen der italienischen<\/strong> Sprache aufgef\u00fchrt.<\/p>\n<p>[\/et_pb_text][et_pb_divider admin_label=&#8220;Modulo separatore giusto&#8220; color=&#8220;#d6d6d6&#8243; _builder_version=&#8220;4.16&#8243; background_color=&#8220;#ffffff&#8220; min_height=&#8220;0px&#8220; height=&#8220;3px&#8220; custom_margin=&#8220;27px||20px||false|false&#8220; custom_padding=&#8220;0px||||false|false&#8220; border_color_all=&#8220;rgba(0,0,0,0)&#8220; border_style_all=&#8220;none&#8220; border_color_top=&#8220;#999999&#8243; border_style_top=&#8220;solid&#8220; border_style_left=&#8220;outset&#8220; saved_tabs=&#8220;all&#8220; global_colors_info=&#8220;{}&#8220;]<\/p>\n<p>[\/et_pb_divider][et_pb_text _builder_version=&#8220;4.16&#8243; text_orientation=&#8220;justified&#8220; global_colors_info=&#8220;{}&#8220;]<\/p>\n<p>Der Kursbeginn der Italienisch-Sprachkurse f\u00fcr Anf\u00e4nger an der <strong><a href=\"https:\/\/www.parola.it\/de\/de-italienisch-sprachschule-florenz\/\">Parola Sprachschule<\/a><\/strong> in Florenz ist<strong>\u00a0zwei Mal pro Monat<\/strong>\u00a0m\u00f6glich.<\/p>\n<p>Studenten, die Anf\u00e4nger in italienischer Sprache sind, k\u00f6nnen aus <strong>unseren verf\u00fcgbaren Startdaten pro Monat w\u00e4hlen<\/strong>, um einen Italienischkurs in Florenz zu beginnen.<\/p>\n<p>Au\u00dferdem haben die Studenten mit Vorkenntnissen die <strong>M\u00f6glichkeit, jeden Montag<\/strong>\u00a0anzufangen.<\/p>\n<p>[\/et_pb_text][et_pb_button button_url=&#8220;https:\/\/www.parola.it\/de\/de_italienisch_kurse&#8220; button_text=&#8220;SPRACHKURSE&#8220; _builder_version=&#8220;4.16&#8243; background_layout=&#8220;dark&#8220; global_colors_info=&#8220;{}&#8220; button_text_size__hover_enabled=&#8220;off&#8220; button_one_text_size__hover_enabled=&#8220;off&#8220; button_two_text_size__hover_enabled=&#8220;off&#8220; button_text_color__hover_enabled=&#8220;off&#8220; button_one_text_color__hover_enabled=&#8220;off&#8220; button_two_text_color__hover_enabled=&#8220;off&#8220; button_border_width__hover_enabled=&#8220;off&#8220; button_one_border_width__hover_enabled=&#8220;off&#8220; button_two_border_width__hover_enabled=&#8220;off&#8220; button_border_color__hover_enabled=&#8220;off&#8220; button_one_border_color__hover_enabled=&#8220;off&#8220; button_two_border_color__hover_enabled=&#8220;off&#8220; button_border_radius__hover_enabled=&#8220;off&#8220; button_one_border_radius__hover_enabled=&#8220;off&#8220; button_two_border_radius__hover_enabled=&#8220;off&#8220; button_letter_spacing__hover_enabled=&#8220;off&#8220; button_one_letter_spacing__hover_enabled=&#8220;off&#8220; button_two_letter_spacing__hover_enabled=&#8220;off&#8220; button_bg_color__hover_enabled=&#8220;off&#8220; button_one_bg_color__hover_enabled=&#8220;off&#8220; button_two_bg_color__hover_enabled=&#8220;off&#8220;]<\/p>\n<p>[\/et_pb_button][\/et_pb_column_inner][\/et_pb_row_inner][et_pb_row_inner admin_label=&#8220;Riga&#8220; column_structure=&#8220;undefined&#8220; _builder_version=&#8220;4.16&#8243; custom_padding=&#8220;27.375px|0px|0px|0px&#8220; global_colors_info=&#8220;{}&#8220;][et_pb_column_inner type=&#8220;undefined&#8220; saved_specialty_column_type=&#8220;3_4&#8243; _builder_version=&#8220;4.16&#8243; custom_padding=&#8220;|||&#8220; global_colors_info=&#8220;{}&#8220; custom_padding__hover=&#8220;|||&#8220; saved_specialty_column_type=&#8220;3_4&#8243;][et_pb_text admin_label=&#8220;Ueber die Termine 2026&#8243; _builder_version=&#8220;4.25.1&#8243; text_orientation=&#8220;justified&#8220; module_alignment=&#8220;left&#8220; z_index_tablet=&#8220;500&#8243; text_text_shadow_horizontal_length_tablet=&#8220;0px&#8220; text_text_shadow_vertical_length_tablet=&#8220;0px&#8220; text_text_shadow_blur_strength_tablet=&#8220;1px&#8220; link_text_shadow_horizontal_length_tablet=&#8220;0px&#8220; link_text_shadow_vertical_length_tablet=&#8220;0px&#8220; link_text_shadow_blur_strength_tablet=&#8220;1px&#8220; ul_text_shadow_horizontal_length_tablet=&#8220;0px&#8220; ul_text_shadow_vertical_length_tablet=&#8220;0px&#8220; ul_text_shadow_blur_strength_tablet=&#8220;1px&#8220; ol_text_shadow_horizontal_length_tablet=&#8220;0px&#8220; ol_text_shadow_vertical_length_tablet=&#8220;0px&#8220; ol_text_shadow_blur_strength_tablet=&#8220;1px&#8220; quote_text_shadow_horizontal_length_tablet=&#8220;0px&#8220; quote_text_shadow_vertical_length_tablet=&#8220;0px&#8220; quote_text_shadow_blur_strength_tablet=&#8220;1px&#8220; header_text_shadow_horizontal_length_tablet=&#8220;0px&#8220; header_text_shadow_vertical_length_tablet=&#8220;0px&#8220; header_text_shadow_blur_strength_tablet=&#8220;1px&#8220; header_2_text_shadow_horizontal_length_tablet=&#8220;0px&#8220; header_2_text_shadow_vertical_length_tablet=&#8220;0px&#8220; header_2_text_shadow_blur_strength_tablet=&#8220;1px&#8220; header_3_text_shadow_horizontal_length_tablet=&#8220;0px&#8220; header_3_text_shadow_vertical_length_tablet=&#8220;0px&#8220; header_3_text_shadow_blur_strength_tablet=&#8220;1px&#8220; header_4_text_shadow_horizontal_length_tablet=&#8220;0px&#8220; header_4_text_shadow_vertical_length_tablet=&#8220;0px&#8220; header_4_text_shadow_blur_strength_tablet=&#8220;1px&#8220; header_5_text_shadow_horizontal_length_tablet=&#8220;0px&#8220; header_5_text_shadow_vertical_length_tablet=&#8220;0px&#8220; header_5_text_shadow_blur_strength_tablet=&#8220;1px&#8220; header_6_text_shadow_horizontal_length_tablet=&#8220;0px&#8220; header_6_text_shadow_vertical_length_tablet=&#8220;0px&#8220; header_6_text_shadow_blur_strength_tablet=&#8220;1px&#8220; box_shadow_horizontal_tablet=&#8220;0px&#8220; box_shadow_vertical_tablet=&#8220;0px&#8220; box_shadow_blur_tablet=&#8220;40px&#8220; box_shadow_spread_tablet=&#8220;0px&#8220; global_colors_info=&#8220;{}&#8220; background_pattern_color=&#8220;rgba(0,0,0,0.2)&#8220; background_mask_color=&#8220;#ffffff&#8220; text_text_shadow_horizontal_length=&#8220;text_text_shadow_style,%91object Object%93&#8243; text_text_shadow_vertical_length=&#8220;text_text_shadow_style,%91object Object%93&#8243; text_text_shadow_blur_strength=&#8220;text_text_shadow_style,%91object Object%93&#8243; link_text_shadow_horizontal_length=&#8220;link_text_shadow_style,%91object Object%93&#8243; link_text_shadow_vertical_length=&#8220;link_text_shadow_style,%91object Object%93&#8243; link_text_shadow_blur_strength=&#8220;link_text_shadow_style,%91object Object%93&#8243; ul_text_shadow_horizontal_length=&#8220;ul_text_shadow_style,%91object Object%93&#8243; ul_text_shadow_vertical_length=&#8220;ul_text_shadow_style,%91object Object%93&#8243; ul_text_shadow_blur_strength=&#8220;ul_text_shadow_style,%91object Object%93&#8243; ol_text_shadow_horizontal_length=&#8220;ol_text_shadow_style,%91object Object%93&#8243; ol_text_shadow_vertical_length=&#8220;ol_text_shadow_style,%91object Object%93&#8243; ol_text_shadow_blur_strength=&#8220;ol_text_shadow_style,%91object Object%93&#8243; quote_text_shadow_horizontal_length=&#8220;quote_text_shadow_style,%91object Object%93&#8243; quote_text_shadow_vertical_length=&#8220;quote_text_shadow_style,%91object Object%93&#8243; quote_text_shadow_blur_strength=&#8220;quote_text_shadow_style,%91object Object%93&#8243; header_text_shadow_horizontal_length=&#8220;header_text_shadow_style,%91object Object%93&#8243; header_text_shadow_vertical_length=&#8220;header_text_shadow_style,%91object Object%93&#8243; header_text_shadow_blur_strength=&#8220;header_text_shadow_style,%91object Object%93&#8243; header_2_text_shadow_horizontal_length=&#8220;header_2_text_shadow_style,%91object Object%93&#8243; header_2_text_shadow_vertical_length=&#8220;header_2_text_shadow_style,%91object Object%93&#8243; header_2_text_shadow_blur_strength=&#8220;header_2_text_shadow_style,%91object Object%93&#8243; header_3_text_shadow_horizontal_length=&#8220;header_3_text_shadow_style,%91object Object%93&#8243; header_3_text_shadow_vertical_length=&#8220;header_3_text_shadow_style,%91object Object%93&#8243; header_3_text_shadow_blur_strength=&#8220;header_3_text_shadow_style,%91object Object%93&#8243; header_4_text_shadow_horizontal_length=&#8220;header_4_text_shadow_style,%91object Object%93&#8243; header_4_text_shadow_vertical_length=&#8220;header_4_text_shadow_style,%91object Object%93&#8243; header_4_text_shadow_blur_strength=&#8220;header_4_text_shadow_style,%91object Object%93&#8243; header_5_text_shadow_horizontal_length=&#8220;header_5_text_shadow_style,%91object Object%93&#8243; header_5_text_shadow_vertical_length=&#8220;header_5_text_shadow_style,%91object Object%93&#8243; header_5_text_shadow_blur_strength=&#8220;header_5_text_shadow_style,%91object Object%93&#8243; header_6_text_shadow_horizontal_length=&#8220;header_6_text_shadow_style,%91object Object%93&#8243; header_6_text_shadow_vertical_length=&#8220;header_6_text_shadow_style,%91object Object%93&#8243; header_6_text_shadow_blur_strength=&#8220;header_6_text_shadow_style,%91object Object%93&#8243; vertical_offset_tablet=&#8220;0&#8243; horizontal_offset_tablet=&#8220;0&#8243;]<\/p>\n<h3>Kursbeginn f\u00fcr Anf\u00e4nger in 2026 an unserer Sprachschule<\/h3>\n<p>Dies sind die <strong>Starttermine f\u00fcr absolute Anf\u00e4nger<\/strong> in 2026 an unserer Sprachschule in Florenz.<\/p>\n<p>In einigen Monaten kann unsere Sprachschule\u00a0<strong>zus\u00e4tzliche Termine<\/strong>\u00a0f\u00fcr ihre Sprachkurse hinzuf\u00fcgen, daher kann der Student uns kontaktieren, um weitere Informationen zu unseren Startdaten zu erhalten.<\/p>\n<p>[\/et_pb_text][et_pb_text admin_label=&#8220;2026 Sprachkurse&#8220; _builder_version=&#8220;4.25.1&#8243; text_orientation=&#8220;justified&#8220; module_alignment=&#8220;left&#8220; hover_enabled=&#8220;0&#8243; z_index_tablet=&#8220;500&#8243; text_text_shadow_horizontal_length_tablet=&#8220;0px&#8220; text_text_shadow_vertical_length_tablet=&#8220;0px&#8220; text_text_shadow_blur_strength_tablet=&#8220;1px&#8220; link_text_shadow_horizontal_length_tablet=&#8220;0px&#8220; link_text_shadow_vertical_length_tablet=&#8220;0px&#8220; link_text_shadow_blur_strength_tablet=&#8220;1px&#8220; ul_text_shadow_horizontal_length_tablet=&#8220;0px&#8220; ul_text_shadow_vertical_length_tablet=&#8220;0px&#8220; ul_text_shadow_blur_strength_tablet=&#8220;1px&#8220; ol_text_shadow_horizontal_length_tablet=&#8220;0px&#8220; ol_text_shadow_vertical_length_tablet=&#8220;0px&#8220; ol_text_shadow_blur_strength_tablet=&#8220;1px&#8220; quote_text_shadow_horizontal_length_tablet=&#8220;0px&#8220; quote_text_shadow_vertical_length_tablet=&#8220;0px&#8220; quote_text_shadow_blur_strength_tablet=&#8220;1px&#8220; header_text_shadow_horizontal_length_tablet=&#8220;0px&#8220; header_text_shadow_vertical_length_tablet=&#8220;0px&#8220; header_text_shadow_blur_strength_tablet=&#8220;1px&#8220; header_2_text_shadow_horizontal_length_tablet=&#8220;0px&#8220; header_2_text_shadow_vertical_length_tablet=&#8220;0px&#8220; header_2_text_shadow_blur_strength_tablet=&#8220;1px&#8220; header_3_text_shadow_horizontal_length_tablet=&#8220;0px&#8220; header_3_text_shadow_vertical_length_tablet=&#8220;0px&#8220; header_3_text_shadow_blur_strength_tablet=&#8220;1px&#8220; header_4_text_shadow_horizontal_length_tablet=&#8220;0px&#8220; header_4_text_shadow_vertical_length_tablet=&#8220;0px&#8220; header_4_text_shadow_blur_strength_tablet=&#8220;1px&#8220; header_5_text_shadow_horizontal_length_tablet=&#8220;0px&#8220; header_5_text_shadow_vertical_length_tablet=&#8220;0px&#8220; header_5_text_shadow_blur_strength_tablet=&#8220;1px&#8220; header_6_text_shadow_horizontal_length_tablet=&#8220;0px&#8220; header_6_text_shadow_vertical_length_tablet=&#8220;0px&#8220; header_6_text_shadow_blur_strength_tablet=&#8220;1px&#8220; box_shadow_horizontal_tablet=&#8220;0px&#8220; box_shadow_vertical_tablet=&#8220;0px&#8220; box_shadow_blur_tablet=&#8220;40px&#8220; box_shadow_spread_tablet=&#8220;0px&#8220; global_colors_info=&#8220;{}&#8220; sticky_enabled=&#8220;0&#8243;]<\/p>\n\n<table id=\"tablepress-94\" class=\"tablepress tablepress-id-94\">\n<thead>\n<tr class=\"row-1\">\n\t<th class=\"column-1\">MONAT<\/th><td class=\"column-2\"><\/td><td class=\"column-3\"><\/td><td class=\"column-4\"><\/td><th class=\"column-5\">MONAT<\/th><td class=\"column-6\"><\/td><td class=\"column-7\"><\/td><td class=\"column-8\"><\/td>\n<\/tr>\n<\/thead>\n<tbody class=\"row-hover\">\n<tr class=\"row-2\">\n\t<td class=\"column-1\">JANUAR<\/td><td class=\"column-2\">5<\/td><td class=\"column-3\">12<\/td><td class=\"column-4\">19<\/td><td class=\"column-5\">JULI<\/td><td class=\"column-6\">6<\/td><td class=\"column-7\">13<\/td><td class=\"column-8\">27<\/td>\n<\/tr>\n<tr class=\"row-3\">\n\t<td class=\"column-1\">FEBRUAR<\/td><td class=\"column-2\">2<\/td><td class=\"column-3\">16<\/td><td class=\"column-4\"><\/td><td class=\"column-5\">AUGUST<\/td><td class=\"column-6\">3<\/td><td class=\"column-7\">17<\/td><td class=\"column-8\">24<\/td>\n<\/tr>\n<tr class=\"row-4\">\n\t<td class=\"column-1\">M\u00c4RZ<\/td><td class=\"column-2\">2<\/td><td class=\"column-3\">16<\/td><td class=\"column-4\"><\/td><td class=\"column-5\">SEPTEMBER<\/td><td class=\"column-6\">7<\/td><td class=\"column-7\">14<\/td><td class=\"column-8\">28<\/td>\n<\/tr>\n<tr class=\"row-5\">\n\t<td class=\"column-1\">APRIL<\/td><td class=\"column-2\">7<\/td><td class=\"column-3\">20<\/td><td class=\"column-4\"><\/td><td class=\"column-5\">OKTOBER<\/td><td class=\"column-6\">5<\/td><td class=\"column-7\">19<\/td><td class=\"column-8\"><\/td>\n<\/tr>\n<tr class=\"row-6\">\n\t<td class=\"column-1\">MAI<\/td><td class=\"column-2\">4<\/td><td class=\"column-3\">18<\/td><td class=\"column-4\">25<\/td><td class=\"column-5\">NOVEMBER<\/td><td class=\"column-6\">2<\/td><td class=\"column-7\">16<\/td><td class=\"column-8\">23<\/td>\n<\/tr>\n<tr class=\"row-7\">\n\t<td class=\"column-1\">JUNI<\/td><td class=\"column-2\">1<\/td><td class=\"column-3\">15<\/td><td class=\"column-4\">29<\/td><td class=\"column-5\">DEZEMBER<\/td><td class=\"column-6\">7<\/td><td class=\"column-7\">14<\/td><td class=\"column-8\"><\/td>\n<\/tr>\n<\/tbody>\n<\/table>\n<!-- #tablepress-94 from cache -->\n<p><strong><span style=\"color: #e02b20;\">Hinweis:<\/span> Einzelkurse k\u00f6nnen jeden Tag<\/strong> w\u00e4hrend des ganzen Jahres begonnen werden.<\/p>\n<p>[\/et_pb_text][et_pb_text admin_label=&#8220;Termine 2027&#8243; _builder_version=&#8220;4.25.1&#8243; text_orientation=&#8220;justified&#8220; module_alignment=&#8220;left&#8220; z_index_tablet=&#8220;500&#8243; text_text_shadow_horizontal_length_tablet=&#8220;0px&#8220; text_text_shadow_vertical_length_tablet=&#8220;0px&#8220; text_text_shadow_blur_strength_tablet=&#8220;1px&#8220; link_text_shadow_horizontal_length_tablet=&#8220;0px&#8220; link_text_shadow_vertical_length_tablet=&#8220;0px&#8220; link_text_shadow_blur_strength_tablet=&#8220;1px&#8220; ul_text_shadow_horizontal_length_tablet=&#8220;0px&#8220; ul_text_shadow_vertical_length_tablet=&#8220;0px&#8220; ul_text_shadow_blur_strength_tablet=&#8220;1px&#8220; ol_text_shadow_horizontal_length_tablet=&#8220;0px&#8220; ol_text_shadow_vertical_length_tablet=&#8220;0px&#8220; ol_text_shadow_blur_strength_tablet=&#8220;1px&#8220; quote_text_shadow_horizontal_length_tablet=&#8220;0px&#8220; quote_text_shadow_vertical_length_tablet=&#8220;0px&#8220; quote_text_shadow_blur_strength_tablet=&#8220;1px&#8220; header_text_shadow_horizontal_length_tablet=&#8220;0px&#8220; header_text_shadow_vertical_length_tablet=&#8220;0px&#8220; header_text_shadow_blur_strength_tablet=&#8220;1px&#8220; header_2_text_shadow_horizontal_length_tablet=&#8220;0px&#8220; header_2_text_shadow_vertical_length_tablet=&#8220;0px&#8220; header_2_text_shadow_blur_strength_tablet=&#8220;1px&#8220; header_3_text_shadow_horizontal_length_tablet=&#8220;0px&#8220; header_3_text_shadow_vertical_length_tablet=&#8220;0px&#8220; header_3_text_shadow_blur_strength_tablet=&#8220;1px&#8220; header_4_text_shadow_horizontal_length_tablet=&#8220;0px&#8220; header_4_text_shadow_vertical_length_tablet=&#8220;0px&#8220; header_4_text_shadow_blur_strength_tablet=&#8220;1px&#8220; header_5_text_shadow_horizontal_length_tablet=&#8220;0px&#8220; header_5_text_shadow_vertical_length_tablet=&#8220;0px&#8220; header_5_text_shadow_blur_strength_tablet=&#8220;1px&#8220; header_6_text_shadow_horizontal_length_tablet=&#8220;0px&#8220; header_6_text_shadow_vertical_length_tablet=&#8220;0px&#8220; header_6_text_shadow_blur_strength_tablet=&#8220;1px&#8220; box_shadow_horizontal_tablet=&#8220;0px&#8220; box_shadow_vertical_tablet=&#8220;0px&#8220; box_shadow_blur_tablet=&#8220;40px&#8220; box_shadow_spread_tablet=&#8220;0px&#8220; global_colors_info=&#8220;{}&#8220; background_pattern_color=&#8220;rgba(0,0,0,0.2)&#8220; background_mask_color=&#8220;#ffffff&#8220; text_text_shadow_horizontal_length=&#8220;text_text_shadow_style,%91object Object%93&#8243; text_text_shadow_vertical_length=&#8220;text_text_shadow_style,%91object Object%93&#8243; text_text_shadow_blur_strength=&#8220;text_text_shadow_style,%91object Object%93&#8243; link_text_shadow_horizontal_length=&#8220;link_text_shadow_style,%91object Object%93&#8243; link_text_shadow_vertical_length=&#8220;link_text_shadow_style,%91object Object%93&#8243; link_text_shadow_blur_strength=&#8220;link_text_shadow_style,%91object Object%93&#8243; ul_text_shadow_horizontal_length=&#8220;ul_text_shadow_style,%91object Object%93&#8243; ul_text_shadow_vertical_length=&#8220;ul_text_shadow_style,%91object Object%93&#8243; ul_text_shadow_blur_strength=&#8220;ul_text_shadow_style,%91object Object%93&#8243; ol_text_shadow_horizontal_length=&#8220;ol_text_shadow_style,%91object Object%93&#8243; ol_text_shadow_vertical_length=&#8220;ol_text_shadow_style,%91object Object%93&#8243; ol_text_shadow_blur_strength=&#8220;ol_text_shadow_style,%91object Object%93&#8243; quote_text_shadow_horizontal_length=&#8220;quote_text_shadow_style,%91object Object%93&#8243; quote_text_shadow_vertical_length=&#8220;quote_text_shadow_style,%91object Object%93&#8243; quote_text_shadow_blur_strength=&#8220;quote_text_shadow_style,%91object Object%93&#8243; header_text_shadow_horizontal_length=&#8220;header_text_shadow_style,%91object Object%93&#8243; header_text_shadow_vertical_length=&#8220;header_text_shadow_style,%91object Object%93&#8243; header_text_shadow_blur_strength=&#8220;header_text_shadow_style,%91object Object%93&#8243; header_2_text_shadow_horizontal_length=&#8220;header_2_text_shadow_style,%91object Object%93&#8243; header_2_text_shadow_vertical_length=&#8220;header_2_text_shadow_style,%91object Object%93&#8243; header_2_text_shadow_blur_strength=&#8220;header_2_text_shadow_style,%91object Object%93&#8243; header_3_text_shadow_horizontal_length=&#8220;header_3_text_shadow_style,%91object Object%93&#8243; header_3_text_shadow_vertical_length=&#8220;header_3_text_shadow_style,%91object Object%93&#8243; header_3_text_shadow_blur_strength=&#8220;header_3_text_shadow_style,%91object Object%93&#8243; header_4_text_shadow_horizontal_length=&#8220;header_4_text_shadow_style,%91object Object%93&#8243; header_4_text_shadow_vertical_length=&#8220;header_4_text_shadow_style,%91object Object%93&#8243; header_4_text_shadow_blur_strength=&#8220;header_4_text_shadow_style,%91object Object%93&#8243; header_5_text_shadow_horizontal_length=&#8220;header_5_text_shadow_style,%91object Object%93&#8243; header_5_text_shadow_vertical_length=&#8220;header_5_text_shadow_style,%91object Object%93&#8243; header_5_text_shadow_blur_strength=&#8220;header_5_text_shadow_style,%91object Object%93&#8243; header_6_text_shadow_horizontal_length=&#8220;header_6_text_shadow_style,%91object Object%93&#8243; header_6_text_shadow_vertical_length=&#8220;header_6_text_shadow_style,%91object Object%93&#8243; header_6_text_shadow_blur_strength=&#8220;header_6_text_shadow_style,%91object Object%93&#8243; vertical_offset_tablet=&#8220;0&#8243; horizontal_offset_tablet=&#8220;0&#8243;]<\/p>\n<h3>Kursbeginn f\u00fcr Anf\u00e4nger in 2027 an unserer Sprachschule<\/h3>\n<p>Dies sind die <strong>Starttermine f\u00fcr absolute Anf\u00e4nger<\/strong> in 2027 an unserer Italienisch-Sprachschule in Florenz.<\/p>\n<p>In einigen Monaten kann unsere Sprachschule\u00a0<strong>zus\u00e4tzliche Termine<\/strong>\u00a0f\u00fcr ihre Sprachkurse hinzuf\u00fcgen, daher kann der Student uns kontaktieren, um <strong>weitere Informationen zu unseren Startdaten zu erhalten<\/strong>.<\/p>\n\n<table id=\"tablepress-100\" class=\"tablepress tablepress-id-100\">\n<thead>\n<tr class=\"row-1\">\n\t<th class=\"column-1\">MONAT<\/th><td class=\"column-2\"><\/td><td class=\"column-3\"><\/td><td class=\"column-4\"><\/td><td class=\"column-5\"><\/td><th class=\"column-6\">MONAT<\/th><td class=\"column-7\"><\/td><td class=\"column-8\"><\/td><td class=\"column-9\"><\/td>\n<\/tr>\n<\/thead>\n<tbody class=\"row-hover\">\n<tr class=\"row-2\">\n\t<td class=\"column-1\">JANUAR<\/td><td class=\"column-2\">4<\/td><td class=\"column-3\">11<\/td><td class=\"column-4\">25<\/td><td class=\"column-5\"><\/td><td class=\"column-6\">JULI<\/td><td class=\"column-7\">5<\/td><td class=\"column-8\">19<\/td><td class=\"column-9\">26<\/td>\n<\/tr>\n<tr class=\"row-3\">\n\t<td class=\"column-1\">FEBRUAR<\/td><td class=\"column-2\">1<\/td><td class=\"column-3\">15<\/td><td class=\"column-4\"><\/td><td class=\"column-5\"><\/td><td class=\"column-6\">AUGUST<\/td><td class=\"column-7\">2<\/td><td class=\"column-8\">16<\/td><td class=\"column-9\">30<\/td>\n<\/tr>\n<tr class=\"row-4\">\n\t<td class=\"column-1\">M\u00c4RZ<\/td><td class=\"column-2\">1<\/td><td class=\"column-3\">15<\/td><td class=\"column-4\">30<\/td><td class=\"column-5\"><\/td><td class=\"column-6\">SEPTEMBER<\/td><td class=\"column-7\">6<\/td><td class=\"column-8\">20<\/td><td class=\"column-9\">27<\/td>\n<\/tr>\n<tr class=\"row-5\">\n\t<td class=\"column-1\">APRIL<\/td><td class=\"column-2\">12<\/td><td class=\"column-3\">26<\/td><td class=\"column-4\"><\/td><td class=\"column-5\"><\/td><td class=\"column-6\">OKTOBER<\/td><td class=\"column-7\">4<\/td><td class=\"column-8\">18<\/td><td class=\"column-9\"><\/td>\n<\/tr>\n<tr class=\"row-6\">\n\t<td class=\"column-1\">MAI<\/td><td class=\"column-2\">10<\/td><td class=\"column-3\">24<\/td><td class=\"column-4\">31<\/td><td class=\"column-5\"><\/td><td class=\"column-6\">NOVEMBER<\/td><td class=\"column-7\">1<\/td><td class=\"column-8\">22<\/td><td class=\"column-9\">29<\/td>\n<\/tr>\n<tr class=\"row-7\">\n\t<td class=\"column-1\">JUNI<\/td><td class=\"column-2\">14<\/td><td class=\"column-3\">28<\/td><td class=\"column-4\"><\/td><td class=\"column-5\"><\/td><td class=\"column-6\">DEZEMBER<\/td><td class=\"column-7\">6<\/td><td class=\"column-8\">13<\/td><td class=\"column-9\"><\/td>\n<\/tr>\n<\/tbody>\n<\/table>\n<!-- #tablepress-100 from cache -->\n<p><strong><span style=\"color: #e02b20;\">Hinweis:<\/span> Einzelkurse k\u00f6nnen jeden Tag<\/strong> w\u00e4hrend des ganzen Jahres begonnen werden.<\/p>\n<p>[\/et_pb_text][\/et_pb_column_inner][\/et_pb_row_inner][et_pb_row_inner admin_label=&#8220;Riga&#8220; column_structure=&#8220;undefined&#8220; _builder_version=&#8220;4.16&#8243; custom_padding=&#8220;27.375px|0px|0px|0px&#8220; global_colors_info=&#8220;{}&#8220;][et_pb_column_inner type=&#8220;undefined&#8220; saved_specialty_column_type=&#8220;3_4&#8243; _builder_version=&#8220;4.16&#8243; custom_padding=&#8220;|||&#8220; global_colors_info=&#8220;{}&#8220; custom_padding__hover=&#8220;|||&#8220; saved_specialty_column_type=&#8220;3_4&#8243;][et_pb_image admin_label=&#8220;Immagine Desk&#8220; src=&#8220;https:\/\/www.parola.it\/wp-content\/uploads\/2018\/03\/students-parola-course.jpg&#8220; alt=&#8220;Student an der Italienisch-Sprachschule Parola in Florenz&#8220; _builder_version=&#8220;4.16&#8243; global_colors_info=&#8220;{}&#8220;]<\/p>\n<p>[\/et_pb_image][et_pb_text _builder_version=&#8220;4.16&#8243; global_colors_info=&#8220;{}&#8220;]<\/p>\n<h3>Termine f\u00fcr Online-Italienischkurse<\/h3>\n<p>Die Daten der Online-Italienischkurse sind<strong> die gleichen wie in unserer Sprachschule<\/strong>\u00a0in Florenz.<\/p>\n<p>Sie k\u00f6nnen uns unter <strong><a href=\"mailto:info@parola.it\">info@parola.it<\/a><\/strong>\u00a0kontaktieren oder unter <strong>+39 055 242182<\/strong> anrufen, um Informationen zu den Daten der Fernkurse zu erhalten.<\/p>\n<p>[\/et_pb_text][et_pb_contact_form admin_label=&#8220;Modulo contatto &#8211; tedesco&#8220; email=&#8220;info@parola.it &#8220; title=&#8220;Testen Sie einen unserer Online-Italienischkurse kostenlos&#8220; success_message=&#8220;Danke, dass sie uns kontaktiert haben. Wir werden uns umgehend bei Ihnen melden.&#8220; submit_button_text=&#8220;Senden&#8220; _builder_version=&#8220;4.16&#8243; _unique_id=&#8220;0a244a3a-39b9-4638-b0d9-59606ddf4a4e&#8220; title_level=&#8220;h3&#8243; custom_button=&#8220;on&#8220; button_text_color=&#8220;#ffffff&#8220; locked=&#8220;off&#8220; global_colors_info=&#8220;{}&#8220;][et_pb_contact_field field_id=&#8220;Name&#8220; field_title=&#8220;Name&#8220; _builder_version=&#8220;4.16&#8243; global_colors_info=&#8220;{}&#8220; button_text_size__hover_enabled=&#8220;off&#8220; button_one_text_size__hover_enabled=&#8220;off&#8220; button_two_text_size__hover_enabled=&#8220;off&#8220; button_text_color__hover_enabled=&#8220;off&#8220; button_one_text_color__hover_enabled=&#8220;off&#8220; button_two_text_color__hover_enabled=&#8220;off&#8220; button_border_width__hover_enabled=&#8220;off&#8220; button_one_border_width__hover_enabled=&#8220;off&#8220; button_two_border_width__hover_enabled=&#8220;off&#8220; button_border_color__hover_enabled=&#8220;off&#8220; button_one_border_color__hover_enabled=&#8220;off&#8220; button_two_border_color__hover_enabled=&#8220;off&#8220; button_border_radius__hover_enabled=&#8220;off&#8220; button_one_border_radius__hover_enabled=&#8220;off&#8220; button_two_border_radius__hover_enabled=&#8220;off&#8220; button_letter_spacing__hover_enabled=&#8220;off&#8220; button_one_letter_spacing__hover_enabled=&#8220;off&#8220; button_two_letter_spacing__hover_enabled=&#8220;off&#8220; button_bg_color__hover_enabled=&#8220;off&#8220; button_one_bg_color__hover_enabled=&#8220;off&#8220; button_two_bg_color__hover_enabled=&#8220;off&#8220;][\/et_pb_contact_field][et_pb_contact_field field_id=&#8220;Email&#8220; field_title=&#8220;E-Mail-Addresse&#8220; field_type=&#8220;email&#8220; _builder_version=&#8220;4.16&#8243; global_colors_info=&#8220;{}&#8220; button_text_size__hover_enabled=&#8220;off&#8220; button_one_text_size__hover_enabled=&#8220;off&#8220; button_two_text_size__hover_enabled=&#8220;off&#8220; button_text_color__hover_enabled=&#8220;off&#8220; button_one_text_color__hover_enabled=&#8220;off&#8220; button_two_text_color__hover_enabled=&#8220;off&#8220; button_border_width__hover_enabled=&#8220;off&#8220; button_one_border_width__hover_enabled=&#8220;off&#8220; button_two_border_width__hover_enabled=&#8220;off&#8220; button_border_color__hover_enabled=&#8220;off&#8220; button_one_border_color__hover_enabled=&#8220;off&#8220; button_two_border_color__hover_enabled=&#8220;off&#8220; button_border_radius__hover_enabled=&#8220;off&#8220; button_one_border_radius__hover_enabled=&#8220;off&#8220; button_two_border_radius__hover_enabled=&#8220;off&#8220; button_letter_spacing__hover_enabled=&#8220;off&#8220; button_one_letter_spacing__hover_enabled=&#8220;off&#8220; button_two_letter_spacing__hover_enabled=&#8220;off&#8220; button_bg_color__hover_enabled=&#8220;off&#8220; button_one_bg_color__hover_enabled=&#8220;off&#8220; button_two_bg_color__hover_enabled=&#8220;off&#8220;][\/et_pb_contact_field][et_pb_contact_field field_id=&#8220;Message&#8220; field_title=&#8220;Botschaft&#8220; field_type=&#8220;text&#8220; fullwidth_field=&#8220;on&#8220; _builder_version=&#8220;4.16&#8243; global_colors_info=&#8220;{}&#8220; button_text_size__hover_enabled=&#8220;off&#8220; button_one_text_size__hover_enabled=&#8220;off&#8220; button_two_text_size__hover_enabled=&#8220;off&#8220; button_text_color__hover_enabled=&#8220;off&#8220; button_one_text_color__hover_enabled=&#8220;off&#8220; button_two_text_color__hover_enabled=&#8220;off&#8220; button_border_width__hover_enabled=&#8220;off&#8220; button_one_border_width__hover_enabled=&#8220;off&#8220; button_two_border_width__hover_enabled=&#8220;off&#8220; button_border_color__hover_enabled=&#8220;off&#8220; button_one_border_color__hover_enabled=&#8220;off&#8220; button_two_border_color__hover_enabled=&#8220;off&#8220; button_border_radius__hover_enabled=&#8220;off&#8220; button_one_border_radius__hover_enabled=&#8220;off&#8220; button_two_border_radius__hover_enabled=&#8220;off&#8220; button_letter_spacing__hover_enabled=&#8220;off&#8220; button_one_letter_spacing__hover_enabled=&#8220;off&#8220; button_two_letter_spacing__hover_enabled=&#8220;off&#8220; button_bg_color__hover_enabled=&#8220;off&#8220; button_one_bg_color__hover_enabled=&#8220;off&#8220; button_two_bg_color__hover_enabled=&#8220;off&#8220;][\/et_pb_contact_field][\/et_pb_contact_form][et_pb_text admin_label=&#8220;Daten CILS&#8220; _builder_version=&#8220;4.16&#8243; global_colors_info=&#8220;{}&#8220;]<\/p>\n<h3>Daten der CILS-Pr\u00fcfung in Florenz mit Parola in 2025<\/h3>\n<p>Die Italienisch Sprachschule Parola bereitet auf das\u00a0<strong><a title=\"CILS-Zertificat der Sprachschule Parola in Florenz\" href=\"de-cils-certifikat-italien\">CILS-Zertifikat<\/a><\/strong>\u00a0in Florenz vor.<\/p>\n<p>Die <strong>CILS-Pr\u00fcfungen finden zweimal im Jahr<\/strong> an unserer Sprachschule in Florenz statt, die offiziell von der Universit\u00e4t Siena autorisiert wurde.<\/p>\n<p>&nbsp;<\/p>\n<div id=\"tablepress-84_wrapper\" class=\"dataTables_wrapper no-footer\">\n<table id=\"tablepress-84\" class=\"tablepress tablepress-id-84 dataTable no-footer\">\n<caption style=\"caption-side: bottom; text-align: left; border: none; background: none; margin: 0; padding: 0;\"><a href=\"https:\/\/www.parola.it\/wp-admin\/admin.php?page=tablepress&amp;action=edit&amp;table_id=84\" rel=\"nofollow\">Edit<\/a><\/caption>\n<thead>\n<tr class=\"row-1 odd\">\n<th class=\"column-1 sorting_disabled\" rowspan=\"1\" colspan=\"1\" style=\"width: 153.056px;\">DATE<\/th>\n<th class=\"column-2 sorting_disabled\" rowspan=\"1\" colspan=\"1\" style=\"width: 166.771px;\">CLASSIFICAZIONE<\/th>\n<th class=\"column-3 sorting_disabled\" rowspan=\"1\" colspan=\"1\" style=\"width: 372.882px;\">LIVELLO<\/th>\n<\/tr>\n<\/thead>\n<tbody class=\"row-hover\">\n<tr class=\"row-2 even\">\n<td class=\"column-1\">13 febbraio 2025<\/td>\n<td class=\"column-2\">CILS immigrati<\/td>\n<td class=\"column-3\">B1 Cittadinanza<\/td>\n<\/tr>\n<tr class=\"row-3 odd\">\n<td class=\"column-1\">9 aprile 2025<\/td>\n<td class=\"column-2\">CILS vari<\/td>\n<td class=\"column-3\">&#8211; integrazione B1 <br \/>&#8211; cittadinanza B1 <br \/>&#8211; adolescenti B2 <br \/>&#8211; C1 solo per gli specializzandi di medicina<\/td>\n<\/tr>\n<tr class=\"row-4 even\">\n<td class=\"column-1\">11 giugno 2025<\/td>\n<td class=\"column-2\">CILS tutti<\/td>\n<td class=\"column-3\">B1 standard<br \/>B1 cittadinanza <br \/>B2 <br \/>C1 <br \/>C2 <\/td>\n<\/tr>\n<tr class=\"row-5 odd\">\n<td class=\"column-1\">16 luglio 2025<\/td>\n<td class=\"column-2\">CILS immigrati<\/td>\n<td class=\"column-3\">B1 Cittadinanza<\/td>\n<\/tr>\n<tr class=\"row-6 even\">\n<td class=\"column-1\">16 ottobre 2025<\/td>\n<td class=\"column-2\">CILS vari<\/td>\n<td class=\"column-3\">B1 Cittadinanza<\/td>\n<\/tr>\n<tr class=\"row-7 odd\">\n<td class=\"column-1\">4 dicembre 2025<\/td>\n<td class=\"column-2\">CILS tutti<\/td>\n<td class=\"column-3\">B1 standard<br \/>B1 cittadinanza <br \/>B2 <br \/>C1 <br \/>C2<\/td>\n<\/tr>\n<\/tbody>\n<\/table>\n<\/div>\n<p>&nbsp;<\/p>\n<p>[\/et_pb_text][\/et_pb_column_inner][\/et_pb_row_inner][et_pb_row_inner admin_label=&#8220;Riga&#8220; column_structure=&#8220;undefined&#8220; _builder_version=&#8220;4.16&#8243; custom_padding=&#8220;0px|0px|0px|0px&#8220; global_colors_info=&#8220;{}&#8220;][et_pb_column_inner type=&#8220;undefined&#8220; saved_specialty_column_type=&#8220;3_4&#8243; _builder_version=&#8220;4.16&#8243; custom_padding=&#8220;|||&#8220; global_colors_info=&#8220;{}&#8220; custom_padding__hover=&#8220;|||&#8220; saved_specialty_column_type=&#8220;3_4&#8243;][et_pb_text _builder_version=&#8220;4.16&#8243; global_colors_info=&#8220;{}&#8220;]<\/p>\n<h4>Kontaktieren Sie bitte unsere Sprachschule in Florenz<\/h4>\n<p>F\u00fcr weitere <strong>Informationen zu unseren Daten\u00a0<a title=\"kontakt die italienische Sprachschule Parola\" href=\"de_kontakt\">kontaktieren<\/a><\/strong>\u00a0Sie bitte die Sprachschule Parola in Florenz.<\/p>\n<p>[\/et_pb_text][et_pb_button admin_label=&#8220;Pulsante Kontakt&#8220; button_url=&#8220;https:\/\/www.parola.it\/de\/de_kontakt&#8220; button_text=&#8220;KONTAKT&#8220; _builder_version=&#8220;4.5.3&#8243; background_layout=&#8220;dark&#8220; global_module=&#8220;43015&#8243; saved_tabs=&#8220;all&#8220; global_colors_info=&#8220;{}&#8220;]<\/p>\n<p>[\/et_pb_button][\/et_pb_column_inner][\/et_pb_row_inner][\/et_pb_column][et_pb_column type=&#8220;1_4&#8243;][et_pb_text admin_label=&#8220;KONTAKT TESTO INFO&#8220; _builder_version=&#8220;4.25.1&#8243; module_alignment=&#8220;left&#8220; custom_margin=&#8220;3px||||false|false&#8220; global_module=&#8220;43302&#8243; locked=&#8220;off&#8220; global_colors_info=&#8220;{}&#8220;]<\/p>\n<h5>KONTAKT<\/h5>\n<p>F\u00fcr<strong> weitere Informationen <\/strong>kontaktieren Sie uns hier!<\/p>\n<p>\u00a0\u00a0Schreiben Sie uns:\u00a0<strong><a href=\"mailto:info@parola.it\">info@parola.it<\/a><\/strong><\/p>\n<p>\u00a0 Rufen Sie uns an unter dieser Nr<\/p>\n<p><a href=\"tel:+39055242182\"><strong>+39 055 242182<\/strong><\/a><\/p>\n<p>oder<\/p>\n<p><a href=\"tel:+393288997420\"><strong>+39 328 8997420<\/strong><\/a><\/p>\n<p>\u00a0 Treffen wir uns:<\/p>\n<p><strong><a href=\"https:\/\/www.parola.it\/de\/\">Borgo Santa Croce, <\/a><\/strong><strong><a href=\"https:\/\/www.parola.it\/de\/\">17 <\/a><\/strong><\/p>\n<p><strong><a href=\"https:\/\/www.parola.it\/de\/\">50122 Florenz<\/a><\/strong><\/p>\n<p>[\/et_pb_text][et_pb_social_media_follow url_new_window=&#8220;off&#8220; _builder_version=&#8220;4.16&#8243; background_layout=&#8220;dark&#8220; saved_tabs=&#8220;all&#8220; global_colors_info=&#8220;{}&#8220;][et_pb_social_media_follow_network social_network=&#8220;facebook&#8220; url=&#8220;https:\/\/www.facebook.com\/Italian.language.school.florence%20\/&#8220; _builder_version=&#8220;4.16&#8243; background_color=&#8220;#3b5998&#8243; z_index=&#8220;0&#8243; global_colors_info=&#8220;{}&#8220; follow_button=&#8220;off&#8220; url_new_window=&#8220;off&#8220;] Facebook [\/et_pb_social_media_follow_network][et_pb_social_media_follow_network social_network=&#8220;twitter&#8220; url=&#8220;https:\/\/twitter.com\/&#8220; _builder_version=&#8220;4.22.2&#8243; background_color=&#8220;#000000&#8243; z_index=&#8220;0&#8243; global_colors_info=&#8220;{}&#8220; follow_button=&#8220;off&#8220; url_new_window=&#8220;off&#8220;] Twitter [\/et_pb_social_media_follow_network][et_pb_social_media_follow_network social_network=&#8220;linkedin&#8220; url=&#8220;https:\/\/www.linkedin.com\/feed\/&#8220; _builder_version=&#8220;4.16&#8243; background_color=&#8220;#007bb6&#8243; z_index=&#8220;0&#8243; global_colors_info=&#8220;{}&#8220; follow_button=&#8220;off&#8220; url_new_window=&#8220;off&#8220;] LinkedIn [\/et_pb_social_media_follow_network][et_pb_social_media_follow_network social_network=&#8220;instagram&#8220; url=&#8220;https:\/\/www.instagram.com\/scuola_parola\/?hl=it&#8220; _builder_version=&#8220;4.16&#8243; background_color=&#8220;#ea2c59&#8243; z_index=&#8220;0&#8243; global_colors_info=&#8220;{}&#8220; follow_button=&#8220;off&#8220; url_new_window=&#8220;off&#8220;] Instagram [\/et_pb_social_media_follow_network][\/et_pb_social_media_follow][et_pb_image admin_label=&#8220;CILS Certified&#8220; src=&#8220;https:\/\/www.parola.it\/wp-content\/uploads\/2019\/11\/cils-certified-center.png&#8220; alt=&#8220;CILS logo of Parola school&#8220; url=&#8220;https:\/\/www.unistrasi.it\/2\/531\/2761\/CILS_centre.htm&#8220; _builder_version=&#8220;4.16&#8243; custom_margin=&#8220;||10px|0px|false|false&#8220; custom_padding=&#8220;|||26px|false|false&#8220; z_index_tablet=&#8220;500&#8243; box_shadow_horizontal_tablet=&#8220;0px&#8220; box_shadow_vertical_tablet=&#8220;0px&#8220; box_shadow_blur_tablet=&#8220;40px&#8220; box_shadow_spread_tablet=&#8220;0px&#8220; saved_tabs=&#8220;all&#8220; global_colors_info=&#8220;{}&#8220;]<\/p>\n<p>[\/et_pb_image][et_pb_text admin_label=&#8220;Language international&#8220; _builder_version=&#8220;4.16&#8243; z_index_tablet=&#8220;500&#8243; text_text_shadow_horizontal_length_tablet=&#8220;0px&#8220; text_text_shadow_vertical_length_tablet=&#8220;0px&#8220; text_text_shadow_blur_strength_tablet=&#8220;1px&#8220; link_text_shadow_horizontal_length_tablet=&#8220;0px&#8220; link_text_shadow_vertical_length_tablet=&#8220;0px&#8220; link_text_shadow_blur_strength_tablet=&#8220;1px&#8220; ul_text_shadow_horizontal_length_tablet=&#8220;0px&#8220; ul_text_shadow_vertical_length_tablet=&#8220;0px&#8220; ul_text_shadow_blur_strength_tablet=&#8220;1px&#8220; ol_text_shadow_horizontal_length_tablet=&#8220;0px&#8220; ol_text_shadow_vertical_length_tablet=&#8220;0px&#8220; ol_text_shadow_blur_strength_tablet=&#8220;1px&#8220; quote_text_shadow_horizontal_length_tablet=&#8220;0px&#8220; quote_text_shadow_vertical_length_tablet=&#8220;0px&#8220; quote_text_shadow_blur_strength_tablet=&#8220;1px&#8220; header_text_shadow_horizontal_length_tablet=&#8220;0px&#8220; header_text_shadow_vertical_length_tablet=&#8220;0px&#8220; header_text_shadow_blur_strength_tablet=&#8220;1px&#8220; header_2_text_shadow_horizontal_length_tablet=&#8220;0px&#8220; header_2_text_shadow_vertical_length_tablet=&#8220;0px&#8220; header_2_text_shadow_blur_strength_tablet=&#8220;1px&#8220; header_3_text_shadow_horizontal_length_tablet=&#8220;0px&#8220; header_3_text_shadow_vertical_length_tablet=&#8220;0px&#8220; header_3_text_shadow_blur_strength_tablet=&#8220;1px&#8220; header_4_text_shadow_horizontal_length_tablet=&#8220;0px&#8220; header_4_text_shadow_vertical_length_tablet=&#8220;0px&#8220; header_4_text_shadow_blur_strength_tablet=&#8220;1px&#8220; header_5_text_shadow_horizontal_length_tablet=&#8220;0px&#8220; header_5_text_shadow_vertical_length_tablet=&#8220;0px&#8220; header_5_text_shadow_blur_strength_tablet=&#8220;1px&#8220; header_6_text_shadow_horizontal_length_tablet=&#8220;0px&#8220; header_6_text_shadow_vertical_length_tablet=&#8220;0px&#8220; header_6_text_shadow_blur_strength_tablet=&#8220;1px&#8220; box_shadow_horizontal_tablet=&#8220;0px&#8220; box_shadow_vertical_tablet=&#8220;0px&#8220; box_shadow_blur_tablet=&#8220;40px&#8220; box_shadow_spread_tablet=&#8220;0px&#8220; saved_tabs=&#8220;all&#8220; global_colors_info=&#8220;{}&#8220;]<\/p>\n<div id=\"LI-CEO\"><script src=\"https:\/\/www.languageinternational.com\/badge\/coe?id=68832\"><\/script><\/div>\n<p>[\/et_pb_text][et_pb_image admin_label=&#8220;Excellent&#8220; src=&#8220;https:\/\/www.parola.it\/wp-content\/uploads\/2024\/05\/ExcellenceAward-2024_web_72dpi.webp&#8220; alt=&#8220;Certificate of excellence to Parola Italian language school in Florence&#8220; title_text=&#8220;ExcellenceAward-2024_web_72dpi&#8220; _builder_version=&#8220;4.25.1&#8243; _module_preset=&#8220;default&#8220; global_colors_info=&#8220;{}&#8220;]<\/p>\n<p>[\/et_pb_image][et_pb_text admin_label=&#8220;Sprachkurse der Parola Schule &#8220; _builder_version=&#8220;4.22.2&#8243; module_alignment=&#8220;left&#8220; custom_margin=&#8220;40px|||&#8220; global_module=&#8220;29013&#8243; saved_tabs=&#8220;all&#8220; locked=&#8220;off&#8220; global_colors_info=&#8220;{}&#8220;]<\/p>\n<p><span style=\"font-size: x-large;\"><strong><span style=\"color: #0c71c3;\">SPRACHKURSE<\/span><\/strong><\/span><\/p>\n<p><a href=\"https:\/\/www.parola.it\/de\/de-italienisch-grammatik-florenz\/?et_fb=1\"><strong>GRUPPENKURSE<\/strong><\/a><\/p>\n<p><a href=\"https:\/\/www.parola.it\/de\/de-einzelsprachkurse-italienisch\/?et_fb=1\"><strong>EINZELSPRACHKURSE<\/strong><\/a><\/p>\n<p><a href=\"https:\/\/www.parola.it\/de\/de-zusammengesetzte-kurse\/?et_fb=1\"><strong>KOMBINIERTE KURSE<\/strong><\/a><\/p>\n<p><strong><a href=\"https:\/\/www.parola.it\/de\/online-sprachkurse\/\">ONLINE-KURSE<\/a><\/strong><\/p>\n<p><a href=\"https:\/\/www.parola.it\/de\/de_aupair_kurse\/\" title=\"Sprachkurs f\u00fcr Au Pairs in Florenz\"><strong>AU PAIR KURS<\/strong><\/a><\/p>\n<p><strong><a href=\"https:\/\/www.parola.it\/de\/italienisch-aussprache\/\" title=\"Italienisch Aussprache mit Parola Schule \">AUSSPRACHE<\/a><\/strong><\/p>\n<p><strong><a href=\"https:\/\/www.parola.it\/de\/de-cils-certifikat-italien\/\" title=\"Cils Zertifikat an der Parola Sprachschule in Florenz\">CILS ZERTIFIKAT\u00a0<\/a><\/strong><\/p>\n<p><a href=\"https:\/\/www.parola.it\/de\/de_italienisch_kurse\/?et_fb=1\"><strong>ITALIENISCHKURSE<\/strong><\/a><\/p>\n<p>[\/et_pb_text][et_pb_text admin_label=&#8220;Informationen \u00fcber die Parola Schule &#8220; _builder_version=&#8220;4.25.1&#8243; text_font=&#8220;||||&#8220; header_font=&#8220;||||&#8220; module_alignment=&#8220;left&#8220; custom_margin=&#8220;22px|||||&#8220; use_border_color=&#8220;off&#8220; global_module=&#8220;9468&#8243; saved_tabs=&#8220;all&#8220; locked=&#8220;off&#8220; global_colors_info=&#8220;{}&#8220;]<\/p>\n<p><span style=\"font-size: x-large;\"><strong><span style=\"color: #0c71c3;\">INFORMATIONEN<\/span><\/strong><\/span><\/p>\n<p><strong><a href=\"https:\/\/www.parola.it\/de\/de_preise_schule\/?et_fb=1\">PREISE<\/a><\/strong><\/p>\n<p><strong><a href=\"https:\/\/www.parola.it\/de\/de_kontakt\/?et_fb=1\">KONTAKT<\/a><\/strong><\/p>\n<p><strong><a href=\"de-sprachschule-parola-lage\/\">LAGE DER SCHULE<\/a><\/strong><\/p>\n<p><a href=\"https:\/\/www.parola.it\/de\/de-termine-sprachkurse-florenz-2\/\" title=\"Daten\"><strong>DATEN <\/strong><\/a><\/p>\n<p><a href=\"de_freizeit\/\"><strong>FREIZEITAKTIVIT\u00c4TEN <\/strong><\/a><\/p>\n<p><a href=\"de-rabatte-italienisch-sprachkurse\/\"><strong>RABATTE<\/strong><\/a><\/p>\n<p><a href=\"de-lehrer-methoden\/\"><strong>LEHRMETHODEN<\/strong><\/a><\/p>\n<p><a href=\"de-gestellte-fragen-sprachschule\/\"><strong>H\u00c4UFIG GESTELLTE FRAGEN<\/strong><\/a><\/p>\n<p><strong><span style=\"font-size: x-large;\"><span style=\"color: #0c71c3;\">MEHR ERFAHREN<\/span><\/span><\/strong><\/p>\n<p><a href=\"de-lernen-italienisch-warum\/\"><strong>LERNEN IN FLORENZ<\/strong><\/a><\/p>\n<p><a href=\"de_stipendien_cils\/\"><strong>STIPENDIEN<\/strong><\/a><\/p>\n<p><a href=\"de_unterkunft\/\"><strong>UNTERKUNFT IN FLORENZ<\/strong><\/a><\/p>\n<p>[\/et_pb_text][\/et_pb_column][\/et_pb_section][et_pb_section bb_built=&#8220;1&#8243; fullwidth=&#8220;on&#8220; _builder_version=&#8220;4.16&#8243; custom_margin=&#8220;0px||0px||false|false&#8220; custom_padding=&#8220;0px||0px||false|false&#8220; global_colors_info=&#8220;{}&#8220; prev_background_color=&#8220;#000000&#8243;][et_pb_fullwidth_menu menu_id=&#8220;2060&#8243; _builder_version=&#8220;4.16&#8243; global_colors_info=&#8220;{}&#8220;]<\/p>\n<p>[\/et_pb_fullwidth_menu][\/et_pb_section]<\/p>\n","protected":false},"excerpt":{"rendered":"<p>Startdaten der Italienischkurse von Parola Schule Termine unserer Sprachkurse f\u00fcr absolute Anf\u00e4nger Sind Sie bereit f\u00fcr eine Sprachreise? An der Parola-Schule laden wir Sie ein, in die Sch\u00f6nheit der italienischen Sprache einzutauchen. Sehen Sie sich die Startdaten f\u00fcr absolute Anf\u00e4nger unserer Italienischkurse in Florenz an. Nachfolgend sind die monatlichen Startdaten f\u00fcr Sch\u00fcler mit geringen bis [&hellip;]<\/p>\n","protected":false},"author":1,"featured_media":20538,"parent":0,"menu_order":0,"comment_status":"closed","ping_status":"closed","template":"","meta":{"_et_pb_use_builder":"on","_et_pb_old_content":"","_et_gb_content_width":"","footnotes":""},"class_list":["post-9633","page","type-page","status-publish","has-post-thumbnail","hentry"],"yoast_head":"<!-- This site is optimized with the Yoast SEO plugin v27.4 - https:\/\/yoast.com\/product\/yoast-seo-wordpress\/ -->\n<title>Termine der Sprachkurse in Florenz | Schule Parola<\/title>\n<meta name=\"description\" content=\"Termine unserer Italienisch Sprachkurse in Florenz. Gruppenkurse, Einzelkurse, und Zuzammengesezte Kurse an der Sprachschule Parola.\" \/>\n<meta name=\"robots\" content=\"index, follow, max-snippet:-1, max-image-preview:large, max-video-preview:-1\" \/>\n<link rel=\"canonical\" href=\"https:\/\/www.parola.it\/de\/de-termine-sprachkurse-florenz-2\/\" \/>\n<meta property=\"og:locale\" content=\"de_DE\" \/>\n<meta property=\"og:type\" content=\"article\" \/>\n<meta property=\"og:title\" content=\"Termine der Sprachkurse in Florenz | Schule Parola\" \/>\n<meta property=\"og:description\" content=\"Termine unserer Italienisch Sprachkurse in Florenz. Gruppenkurse, Einzelkurse, und Zuzammengesezte Kurse an der Sprachschule Parola.\" \/>\n<meta property=\"og:url\" content=\"https:\/\/www.parola.it\/de\/de-termine-sprachkurse-florenz-2\/\" \/>\n<meta property=\"og:site_name\" content=\"Italian Language School in Florence | Parola School\" \/>\n<meta property=\"article:publisher\" content=\"https:\/\/www.facebook.com\/Italian.language.school.florence\/\" \/>\n<meta property=\"article:modified_time\" content=\"2025-12-28T16:34:31+00:00\" \/>\n<meta property=\"og:image\" content=\"https:\/\/www.parola.it\/wp-content\/uploads\/2018\/12\/course-calender.jpg\" \/>\n\t<meta property=\"og:image:width\" content=\"1228\" \/>\n\t<meta property=\"og:image:height\" content=\"640\" \/>\n\t<meta property=\"og:image:type\" content=\"image\/jpeg\" \/>\n<meta name=\"twitter:card\" content=\"summary_large_image\" \/>\n<meta name=\"twitter:site\" content=\"@Parola_School\" \/>\n<meta name=\"twitter:label1\" content=\"Gesch\u00e4tzte Lesezeit\" \/>\n\t<meta name=\"twitter:data1\" content=\"5\u00a0Minuten\" \/>\n<script type=\"application\/ld+json\" class=\"yoast-schema-graph\">{\"@context\":\"https:\\\/\\\/schema.org\",\"@graph\":[{\"@type\":\"WebPage\",\"@id\":\"https:\\\/\\\/www.parola.it\\\/de\\\/de-termine-sprachkurse-florenz-2\\\/\",\"url\":\"https:\\\/\\\/www.parola.it\\\/de\\\/de-termine-sprachkurse-florenz-2\\\/\",\"name\":\"Termine der Sprachkurse in Florenz | Schule Parola\",\"isPartOf\":{\"@id\":\"https:\\\/\\\/www.parola.it\\\/#website\"},\"primaryImageOfPage\":{\"@id\":\"https:\\\/\\\/www.parola.it\\\/de\\\/de-termine-sprachkurse-florenz-2\\\/#primaryimage\"},\"image\":{\"@id\":\"https:\\\/\\\/www.parola.it\\\/de\\\/de-termine-sprachkurse-florenz-2\\\/#primaryimage\"},\"thumbnailUrl\":\"https:\\\/\\\/www.parola.it\\\/wp-content\\\/uploads\\\/2018\\\/12\\\/course-calender.jpg\",\"datePublished\":\"2018-01-11T16:06:19+00:00\",\"dateModified\":\"2025-12-28T16:34:31+00:00\",\"description\":\"Termine unserer Italienisch Sprachkurse in Florenz. Gruppenkurse, Einzelkurse, und Zuzammengesezte Kurse an der Sprachschule Parola.\",\"breadcrumb\":{\"@id\":\"https:\\\/\\\/www.parola.it\\\/de\\\/de-termine-sprachkurse-florenz-2\\\/#breadcrumb\"},\"inLanguage\":\"de\",\"potentialAction\":[{\"@type\":\"ReadAction\",\"target\":[\"https:\\\/\\\/www.parola.it\\\/de\\\/de-termine-sprachkurse-florenz-2\\\/\"]}]},{\"@type\":\"ImageObject\",\"inLanguage\":\"de\",\"@id\":\"https:\\\/\\\/www.parola.it\\\/de\\\/de-termine-sprachkurse-florenz-2\\\/#primaryimage\",\"url\":\"https:\\\/\\\/www.parola.it\\\/wp-content\\\/uploads\\\/2018\\\/12\\\/course-calender.jpg\",\"contentUrl\":\"https:\\\/\\\/www.parola.it\\\/wp-content\\\/uploads\\\/2018\\\/12\\\/course-calender.jpg\",\"width\":1228,\"height\":640,\"caption\":\"Course calender for our school courses in Florence\"},{\"@type\":\"BreadcrumbList\",\"@id\":\"https:\\\/\\\/www.parola.it\\\/de\\\/de-termine-sprachkurse-florenz-2\\\/#breadcrumb\",\"itemListElement\":[{\"@type\":\"ListItem\",\"position\":1,\"name\":\"Accueil\",\"item\":\"https:\\\/\\\/www.parola.it\\\/de\\\/\"},{\"@type\":\"ListItem\",\"position\":2,\"name\":\"TERMINE DER SPRACHKURSE\"}]},{\"@type\":\"WebSite\",\"@id\":\"https:\\\/\\\/www.parola.it\\\/#website\",\"url\":\"https:\\\/\\\/www.parola.it\\\/\",\"name\":\"Italian Language School in Florence | Parola School\",\"description\":\"Learn Italian with Parola Italian language school in Florence. Language courses at a competitive price with quality teaching.\",\"publisher\":{\"@id\":\"https:\\\/\\\/www.parola.it\\\/#organization\"},\"alternateName\":\"Parola School\",\"potentialAction\":[{\"@type\":\"SearchAction\",\"target\":{\"@type\":\"EntryPoint\",\"urlTemplate\":\"https:\\\/\\\/www.parola.it\\\/?s={search_term_string}\"},\"query-input\":{\"@type\":\"PropertyValueSpecification\",\"valueRequired\":true,\"valueName\":\"search_term_string\"}}],\"inLanguage\":\"de\"},{\"@type\":\"Organization\",\"@id\":\"https:\\\/\\\/www.parola.it\\\/#organization\",\"name\":\"Parola Italian Language School in Florence\",\"alternateName\":\"Italian Language Courses in Florence\",\"url\":\"https:\\\/\\\/www.parola.it\\\/\",\"logo\":{\"@type\":\"ImageObject\",\"inLanguage\":\"de\",\"@id\":\"https:\\\/\\\/www.parola.it\\\/#\\\/schema\\\/logo\\\/image\\\/\",\"url\":\"https:\\\/\\\/www.parola.it\\\/wp-content\\\/uploads\\\/2019\\\/03\\\/logo-parola-language-school-1-e1721760774400.png\",\"contentUrl\":\"https:\\\/\\\/www.parola.it\\\/wp-content\\\/uploads\\\/2019\\\/03\\\/logo-parola-language-school-1-e1721760774400.png\",\"width\":145,\"height\":53,\"caption\":\"Parola Italian Language School in Florence\"},\"image\":{\"@id\":\"https:\\\/\\\/www.parola.it\\\/#\\\/schema\\\/logo\\\/image\\\/\"},\"sameAs\":[\"https:\\\/\\\/www.facebook.com\\\/Italian.language.school.florence\\\/\",\"https:\\\/\\\/x.com\\\/Parola_School\",\"https:\\\/\\\/www.instagram.com\\\/scuola_parola\\\/?hl=it\",\"https:\\\/\\\/www.linkedin.com\\\/in\\\/parola-italian-language-school-0a504114\\\/\",\"https:\\\/\\\/it.pinterest.com\\\/pin\\\/10344274122092210\\\/\",\"https:\\\/\\\/www.youtube.com\\\/channel\\\/UCKQkiBkXnIh9Df27KWD66rA?view_as=subscriber\",\"https:\\\/\\\/www.tripadvisor.com\\\/Attraction_Review-g187895-d4133618-Reviews-Parola_Italian_Language_School-Florence_Tuscany\"]}]}<\/script>\n<!-- \/ Yoast SEO plugin. -->","yoast_head_json":{"title":"Termine der Sprachkurse in Florenz | Schule Parola","description":"Termine unserer Italienisch Sprachkurse in Florenz. Gruppenkurse, Einzelkurse, und Zuzammengesezte Kurse an der Sprachschule Parola.","robots":{"index":"index","follow":"follow","max-snippet":"max-snippet:-1","max-image-preview":"max-image-preview:large","max-video-preview":"max-video-preview:-1"},"canonical":"https:\/\/www.parola.it\/de\/de-termine-sprachkurse-florenz-2\/","og_locale":"de_DE","og_type":"article","og_title":"Termine der Sprachkurse in Florenz | Schule Parola","og_description":"Termine unserer Italienisch Sprachkurse in Florenz. Gruppenkurse, Einzelkurse, und Zuzammengesezte Kurse an der Sprachschule Parola.","og_url":"https:\/\/www.parola.it\/de\/de-termine-sprachkurse-florenz-2\/","og_site_name":"Italian Language School in Florence | Parola School","article_publisher":"https:\/\/www.facebook.com\/Italian.language.school.florence\/","article_modified_time":"2025-12-28T16:34:31+00:00","og_image":[{"width":1228,"height":640,"url":"https:\/\/www.parola.it\/wp-content\/uploads\/2018\/12\/course-calender.jpg","type":"image\/jpeg"}],"twitter_card":"summary_large_image","twitter_site":"@Parola_School","twitter_misc":{"Gesch\u00e4tzte Lesezeit":"5\u00a0Minuten"},"schema":{"@context":"https:\/\/schema.org","@graph":[{"@type":"WebPage","@id":"https:\/\/www.parola.it\/de\/de-termine-sprachkurse-florenz-2\/","url":"https:\/\/www.parola.it\/de\/de-termine-sprachkurse-florenz-2\/","name":"Termine der Sprachkurse in Florenz | Schule Parola","isPartOf":{"@id":"https:\/\/www.parola.it\/#website"},"primaryImageOfPage":{"@id":"https:\/\/www.parola.it\/de\/de-termine-sprachkurse-florenz-2\/#primaryimage"},"image":{"@id":"https:\/\/www.parola.it\/de\/de-termine-sprachkurse-florenz-2\/#primaryimage"},"thumbnailUrl":"https:\/\/www.parola.it\/wp-content\/uploads\/2018\/12\/course-calender.jpg","datePublished":"2018-01-11T16:06:19+00:00","dateModified":"2025-12-28T16:34:31+00:00","description":"Termine unserer Italienisch Sprachkurse in Florenz. Gruppenkurse, Einzelkurse, und Zuzammengesezte Kurse an der Sprachschule Parola.","breadcrumb":{"@id":"https:\/\/www.parola.it\/de\/de-termine-sprachkurse-florenz-2\/#breadcrumb"},"inLanguage":"de","potentialAction":[{"@type":"ReadAction","target":["https:\/\/www.parola.it\/de\/de-termine-sprachkurse-florenz-2\/"]}]},{"@type":"ImageObject","inLanguage":"de","@id":"https:\/\/www.parola.it\/de\/de-termine-sprachkurse-florenz-2\/#primaryimage","url":"https:\/\/www.parola.it\/wp-content\/uploads\/2018\/12\/course-calender.jpg","contentUrl":"https:\/\/www.parola.it\/wp-content\/uploads\/2018\/12\/course-calender.jpg","width":1228,"height":640,"caption":"Course calender for our school courses in Florence"},{"@type":"BreadcrumbList","@id":"https:\/\/www.parola.it\/de\/de-termine-sprachkurse-florenz-2\/#breadcrumb","itemListElement":[{"@type":"ListItem","position":1,"name":"Accueil","item":"https:\/\/www.parola.it\/de\/"},{"@type":"ListItem","position":2,"name":"TERMINE DER SPRACHKURSE"}]},{"@type":"WebSite","@id":"https:\/\/www.parola.it\/#website","url":"https:\/\/www.parola.it\/","name":"Italian Language School in Florence | Parola School","description":"Learn Italian with Parola Italian language school in Florence. Language courses at a competitive price with quality teaching.","publisher":{"@id":"https:\/\/www.parola.it\/#organization"},"alternateName":"Parola School","potentialAction":[{"@type":"SearchAction","target":{"@type":"EntryPoint","urlTemplate":"https:\/\/www.parola.it\/?s={search_term_string}"},"query-input":{"@type":"PropertyValueSpecification","valueRequired":true,"valueName":"search_term_string"}}],"inLanguage":"de"},{"@type":"Organization","@id":"https:\/\/www.parola.it\/#organization","name":"Parola Italian Language School in Florence","alternateName":"Italian Language Courses in Florence","url":"https:\/\/www.parola.it\/","logo":{"@type":"ImageObject","inLanguage":"de","@id":"https:\/\/www.parola.it\/#\/schema\/logo\/image\/","url":"https:\/\/www.parola.it\/wp-content\/uploads\/2019\/03\/logo-parola-language-school-1-e1721760774400.png","contentUrl":"https:\/\/www.parola.it\/wp-content\/uploads\/2019\/03\/logo-parola-language-school-1-e1721760774400.png","width":145,"height":53,"caption":"Parola Italian Language School in Florence"},"image":{"@id":"https:\/\/www.parola.it\/#\/schema\/logo\/image\/"},"sameAs":["https:\/\/www.facebook.com\/Italian.language.school.florence\/","https:\/\/x.com\/Parola_School","https:\/\/www.instagram.com\/scuola_parola\/?hl=it","https:\/\/www.linkedin.com\/in\/parola-italian-language-school-0a504114\/","https:\/\/it.pinterest.com\/pin\/10344274122092210\/","https:\/\/www.youtube.com\/channel\/UCKQkiBkXnIh9Df27KWD66rA?view_as=subscriber","https:\/\/www.tripadvisor.com\/Attraction_Review-g187895-d4133618-Reviews-Parola_Italian_Language_School-Florence_Tuscany"]}]}},"_links":{"self":[{"href":"https:\/\/www.parola.it\/de\/wp-json\/wp\/v2\/pages\/9633","targetHints":{"allow":["GET"]}}],"collection":[{"href":"https:\/\/www.parola.it\/de\/wp-json\/wp\/v2\/pages"}],"about":[{"href":"https:\/\/www.parola.it\/de\/wp-json\/wp\/v2\/types\/page"}],"author":[{"embeddable":true,"href":"https:\/\/www.parola.it\/de\/wp-json\/wp\/v2\/users\/1"}],"replies":[{"embeddable":true,"href":"https:\/\/www.parola.it\/de\/wp-json\/wp\/v2\/comments?post=9633"}],"version-history":[{"count":5,"href":"https:\/\/www.parola.it\/de\/wp-json\/wp\/v2\/pages\/9633\/revisions"}],"predecessor-version":[{"id":76755,"href":"https:\/\/www.parola.it\/de\/wp-json\/wp\/v2\/pages\/9633\/revisions\/76755"}],"wp:featuredmedia":[{"embeddable":true,"href":"https:\/\/www.parola.it\/de\/wp-json\/wp\/v2\/media\/20538"}],"wp:attachment":[{"href":"https:\/\/www.parola.it\/de\/wp-json\/wp\/v2\/media?parent=9633"}],"curies":[{"name":"wp","href":"https:\/\/api.w.org\/{rel}","templated":true}]}}