{"id":9596,"date":"2018-01-11T17:07:08","date_gmt":"2018-01-11T16:07:08","guid":{"rendered":"https:\/\/www.parola.it\/school-parola-faq\/"},"modified":"2025-03-24T13:04:08","modified_gmt":"2025-03-24T12:04:08","slug":"de-gestellte-fragen-sprachschule","status":"publish","type":"page","link":"https:\/\/www.parola.it\/de\/de-gestellte-fragen-sprachschule\/","title":{"rendered":"H\u00c4UFIG GESTELLTE FRAGEN"},"content":{"rendered":"<p>[et_pb_section fb_built=&#8220;1&#8243; fullwidth=&#8220;on&#8220; _builder_version=&#8220;4.16&#8243; global_colors_info=&#8220;{}&#8220;][et_pb_fullwidth_slider show_content_on_mobile=&#8220;off&#8220; show_cta_on_mobile=&#8220;off&#8220; _builder_version=&#8220;4.22.2&#8243; header_font_size=&#8220;40&#8243; background_position=&#8220;top_left&#8220; custom_padding=&#8220;|||&#8220; auto=&#8220;on&#8220; auto_speed=&#8220;3000&#8243; auto_ignore_hover=&#8220;on&#8220; hover_enabled=&#8220;0&#8243; global_colors_info=&#8220;{}&#8220; button_text_size__hover_enabled=&#8220;off&#8220; button_one_text_size__hover_enabled=&#8220;off&#8220; button_two_text_size__hover_enabled=&#8220;off&#8220; button_text_color__hover_enabled=&#8220;off&#8220; button_one_text_color__hover_enabled=&#8220;off&#8220; button_two_text_color__hover_enabled=&#8220;off&#8220; button_border_width__hover_enabled=&#8220;off&#8220; button_one_border_width__hover_enabled=&#8220;off&#8220; button_two_border_width__hover_enabled=&#8220;off&#8220; button_border_color__hover_enabled=&#8220;off&#8220; button_one_border_color__hover_enabled=&#8220;off&#8220; button_two_border_color__hover_enabled=&#8220;off&#8220; button_border_radius__hover_enabled=&#8220;off&#8220; button_one_border_radius__hover_enabled=&#8220;off&#8220; button_two_border_radius__hover_enabled=&#8220;off&#8220; button_letter_spacing__hover_enabled=&#8220;off&#8220; button_one_letter_spacing__hover_enabled=&#8220;off&#8220; button_two_letter_spacing__hover_enabled=&#8220;off&#8220; button_bg_color__hover_enabled=&#8220;off&#8220; button_one_bg_color__hover_enabled=&#8220;off&#8220; button_two_bg_color__hover_enabled=&#8220;off&#8220; sticky_enabled=&#8220;0&#8243;][et_pb_slide heading=&#8220;H\u00e4ufig gestellte Fragen&#8220; button_text=&#8220;UNSERE SCHULE &#8220; button_link=&#8220;https:\/\/www.parola.it\/de\/&#8220; use_bg_overlay=&#8220;on&#8220; bg_overlay_color=&#8220;rgba(0,0,0,0.1)&#8220; use_text_overlay=&#8220;off&#8220; _builder_version=&#8220;4.22.2&#8243; header_font=&#8220;||||&#8220; body_font=&#8220;||||&#8220; background_color=&#8220;#ffffff&#8220; background_image=&#8220;https:\/\/www.parola.it\/wp-content\/uploads\/2018\/12\/asking-beautiful-brainstorming.jpeg&#8220; button_on_hover=&#8220;on&#8220; hover_enabled=&#8220;0&#8243; global_colors_info=&#8220;{}&#8220; button_text_size__hover_enabled=&#8220;off&#8220; button_one_text_size__hover_enabled=&#8220;off&#8220; button_two_text_size__hover_enabled=&#8220;off&#8220; button_text_color__hover_enabled=&#8220;off&#8220; button_one_text_color__hover_enabled=&#8220;off&#8220; button_two_text_color__hover_enabled=&#8220;off&#8220; button_border_width__hover_enabled=&#8220;off&#8220; button_one_border_width__hover_enabled=&#8220;off&#8220; button_two_border_width__hover_enabled=&#8220;off&#8220; button_border_color__hover_enabled=&#8220;off&#8220; button_one_border_color__hover_enabled=&#8220;off&#8220; button_two_border_color__hover_enabled=&#8220;off&#8220; button_border_radius__hover_enabled=&#8220;off&#8220; button_one_border_radius__hover_enabled=&#8220;off&#8220; button_two_border_radius__hover_enabled=&#8220;off&#8220; button_letter_spacing__hover_enabled=&#8220;off&#8220; button_one_letter_spacing__hover_enabled=&#8220;off&#8220; button_two_letter_spacing__hover_enabled=&#8220;off&#8220; button_bg_color__hover_enabled=&#8220;off&#8220; button_one_bg_color__hover_enabled=&#8220;off&#8220; button_two_bg_color__hover_enabled=&#8220;off&#8220; sticky_transition=&#8220;on&#8220; sticky_enabled=&#8220;0&#8243;][\/et_pb_slide][\/et_pb_fullwidth_slider][\/et_pb_section][et_pb_section fb_built=&#8220;1&#8243; specialty=&#8220;on&#8220; _builder_version=&#8220;4.16&#8243; global_colors_info=&#8220;{}&#8220;][et_pb_column type=&#8220;3_4&#8243; specialty_columns=&#8220;3&#8243; _builder_version=&#8220;4.16&#8243; custom_padding=&#8220;|||&#8220; global_colors_info=&#8220;{}&#8220; custom_padding__hover=&#8220;|||&#8220;][et_pb_row_inner admin_label=&#8220;Riga&#8220; _builder_version=&#8220;4.16&#8243; global_colors_info=&#8220;{}&#8220;][et_pb_column_inner saved_specialty_column_type=&#8220;3_4&#8243; _builder_version=&#8220;4.16&#8243; custom_padding=&#8220;|||&#8220; global_colors_info=&#8220;{}&#8220; custom_padding__hover=&#8220;|||&#8220;][et_pb_text _builder_version=&#8220;4.16&#8243; global_colors_info=&#8220;{}&#8220;]<\/p>\n<h1>H\u00e4ufig gestellte Fragen \u00fcber die Sprachschule<\/h1>\n<p>Die am meisten<strong> gestellten Fragen an die Parola-Sprachschule<\/strong>\u00a0in Florenz drehen sich um die Grammatikkurse, die Lehrmethoden und die Konversationskurse.<\/p>\n<p>Auf dieser Seite beantworten wir alle Fragen, die regelm\u00e4\u00dfig an uns gestellt werden.<\/p>\n<p>[\/et_pb_text][et_pb_divider color=&#8220;#d6d6d6&#8243; admin_label=&#8220;Modulo separatore giusto&#8220; _builder_version=&#8220;4.16&#8243; background_color=&#8220;#ffffff&#8220; min_height=&#8220;0px&#8220; height=&#8220;3px&#8220; custom_margin=&#8220;27px||20px||false|false&#8220; custom_padding=&#8220;0px||||false|false&#8220; border_color_all=&#8220;rgba(0,0,0,0)&#8220; border_style_all=&#8220;none&#8220; border_color_top=&#8220;#999999&#8243; border_style_top=&#8220;solid&#8220; border_style_left=&#8220;outset&#8220; saved_tabs=&#8220;all&#8220; global_colors_info=&#8220;{}&#8220;][\/et_pb_divider][et_pb_text _builder_version=&#8220;4.16&#8243; global_colors_info=&#8220;{}&#8220;]<\/p>\n<p>Unsere Sch\u00fcler w\u00fcnschen sich eine Klasse mit vielen verschiedenen Nationalit\u00e4ten sowie ein Programm f\u00fcr die Freizeit, genau das finden Sie an unserer Schule.<\/p>\n<p><strong><a title=\"Kontaktiere die Sprachschule Parola in Florenz\" href=\"de_kontakt\">Kontaktieren Sie\u00a0<\/a><\/strong>uns f\u00fcr weitere Informationen zu den Sprachkursen und unseren kostenlosen Aktivit\u00e4ten am Nachmittag.<\/p>\n<p>[\/et_pb_text][\/et_pb_column_inner][\/et_pb_row_inner][et_pb_row_inner admin_label=&#8220;Riga&#8220; _builder_version=&#8220;4.16&#8243; custom_padding=&#8220;0px|0px|0px|0px||&#8220; global_colors_info=&#8220;{}&#8220;][et_pb_column_inner saved_specialty_column_type=&#8220;3_4&#8243; _builder_version=&#8220;4.16&#8243; custom_padding=&#8220;|||&#8220; global_colors_info=&#8220;{}&#8220; custom_padding__hover=&#8220;|||&#8220;][et_pb_text _builder_version=&#8220;4.16&#8243; text_orientation=&#8220;justified&#8220; min_height=&#8220;317px&#8220; global_colors_info=&#8220;{}&#8220;]<\/p>\n<h3>Was ist im Preis f\u00fcr einen Italienisch-Kurs in der Schule Parola inbegriffen?<\/h3>\n<p>Dies sind die Vorteile, die die <strong>Italienisch-Sprachschule Parola mit all ihren Sprachprogrammen<\/strong> bieten kann:<\/p>\n<p>&nbsp;<\/p>\n<ul>\n<li><span>Das <strong>Buch Ihrer Kursstufe als Datei<\/strong> (Grammtikerkl\u00e4rung und \u00dcbungen)<\/span><\/li>\n<li><span style=\"font-size: 18px;\">Ihr <strong>Sprachzertifikat<\/strong><\/span><\/li>\n<li><strong>kostenlose gemeinsame Aktivit\u00e4ten<\/strong> am Nachmittag mit den Parola-Lehrern<\/li>\n<li>Internet und Nutzung unseres Sch\u00fcler-Computers<\/li>\n<li>Verleih von italienischen Filmen auf DVD<\/li>\n<li>Rat und Tat rund um Ihren Aufenthalt in Florenz<\/li>\n<li>Rabatte in einigen Restaurants und Caf\u00e9s in Florenz<\/li>\n<\/ul>\n<p>[\/et_pb_text][et_pb_button button_url=&#8220;https:\/\/www.parola.it\/de\/de_italienisch_kurse&#8220; button_text=&#8220;ITALIENISCHKURSE&#8220; _builder_version=&#8220;4.16&#8243; background_layout=&#8220;dark&#8220; global_colors_info=&#8220;{}&#8220;][\/et_pb_button][et_pb_text admin_label=&#8220;Lage der Schule&#8220; _builder_version=&#8220;4.16&#8243; text_orientation=&#8220;justified&#8220; custom_margin=&#8220;||80px||false|false&#8220; global_colors_info=&#8220;{}&#8220;]<\/p>\n<h3>Wo ist die Sprachschule Parola in Florenz?<\/h3>\n<p>Die Sprachschule finden Sie im <strong><a href=\"https:\/\/www.parola.it\/de\/de-sprachschule-parola-lage\/\">historischen Zentrum von Florenz<\/a><\/strong>, direkt an der Kirche Santa Croce und ganz in der N\u00e4he vom Platz &#8222;Piazza della Signoria&#8220;.<\/p>\n<p>Unsere Sprachschule befindet sich in der N\u00e4he der wichtigsten Kunstst\u00e4tten in Florenz. Aber auch in der N\u00e4he von tollen Restaurants und ausgezeichneten italienischen Bars.<\/p>\n<p>[\/et_pb_text][et_pb_map address=&#8220;Palazzo Mori Ubaldini degli Alberti, Borgo Santa Croce, 17, 50122 Firenze FI, Italia&#8220; address_lat=&#8220;43.76799651264&#8243; address_lng=&#8220;11.260571853442&#8243; _builder_version=&#8220;4.16&#8243; custom_margin=&#8220;71px||||false|false&#8220; z_index_tablet=&#8220;500&#8243; box_shadow_horizontal_tablet=&#8220;0px&#8220; box_shadow_vertical_tablet=&#8220;0px&#8220; box_shadow_blur_tablet=&#8220;40px&#8220; box_shadow_spread_tablet=&#8220;0px&#8220; saved_tabs=&#8220;all&#8220; global_colors_info=&#8220;{}&#8220;][et_pb_map_pin title=&#8220;Adresse&#8220; pin_address=&#8220;Palazzo Mori Ubaldini degli Alberti, Borgo Santa Croce, 17, 50122 Firenze FI, Italia&#8220; pin_address_lat=&#8220;43.7682782&#8243; pin_address_lng=&#8220;11.2610142&#8243; _builder_version=&#8220;4.9.10&#8243; global_colors_info=&#8220;{}&#8220;]<\/p>\n<p>Borgo Santa Croce, 17 &#8211; 50122 Firenze &#8211; Italia<\/p>\n<p>[\/et_pb_map_pin][\/et_pb_map][et_pb_text _builder_version=&#8220;4.16&#8243; text_orientation=&#8220;justified&#8220; global_colors_info=&#8220;{}&#8220;]<\/p>\n<h3>Wie viele Sch\u00fcler sind in einer Klasse?<\/h3>\n<p>In jedem Kurs sind maximal 12 Sch\u00fcler (Regeln f\u00fcr Sprachschulen von der EU). In der Regel sind unsere Klassen klein und haben im Durchschnitt 6 Sch\u00fcler.<\/p>\n<p>[\/et_pb_text][et_pb_text _builder_version=&#8220;4.16&#8243; text_orientation=&#8220;justified&#8220; global_colors_info=&#8220;{}&#8220;]<\/p>\n<h3>Aus welchen L\u00e4ndern kommen unsere Sch\u00fcler?<\/h3>\n<p>Unsere Sprachschule bietet das ganze Jahr \u00fcber Italienischunterricht f\u00fcr <strong>Sch\u00fcler aller Altersgruppen und Nationalit\u00e4ten an<\/strong>.<\/p>\n<p>Dies sind die Nationalit\u00e4ten, die haupts\u00e4chlich unser Sprachzentrum in Florenz besuchen:<\/p>\n<p>&nbsp;<\/p>\n<ul>\n<li>10% Deutsche<\/li>\n<li>40% englisch-Muttersprachler<\/li>\n<li><span style=\"font-size: 18px;\">15% Spanier<\/span><\/li>\n<li><span style=\"font-size: 18px;\">10% Brasilianer<\/span><\/li>\n<li><span style=\"font-size: 18px;\">10% T\u00fcrken<\/span><\/li>\n<li><span style=\"font-size: 18px;\">15% Andere<\/span><\/li>\n<\/ul>\n<p>[\/et_pb_text][et_pb_text _builder_version=&#8220;4.16&#8243; text_orientation=&#8220;justified&#8220; global_colors_info=&#8220;{}&#8220;]<\/p>\n<h3>Wie lange dauert eine Unterrichtsstunde?<\/h3>\n<p>Eine Lektion im Gruppenkurs dauert 55 Minuten. Bei Einzelunterricht sind es 60 Minuten.<\/p>\n<p>[\/et_pb_text][et_pb_text admin_label=&#8220;Student plan&#8220; _builder_version=&#8220;4.16&#8243; text_orientation=&#8220;justified&#8220; global_colors_info=&#8220;{}&#8220;]<\/p>\n<h3>Wie ist der Stundenplan an der Parola-Sprachschule?<\/h3>\n<p>Die Parola-Sprachschule ist von Montag bis Freitag von 8:30 Uhr bis 20 Uhr ge\u00f6ffnet.<\/p>\n<p>Die Sprachkurse finden statt:<\/p>\n<ul>\n<li>09:00 Uhr bis 10:50 Uhr Grammatikkurs<\/li>\n<li>20 Minuten Pause von 10:50 bis 11:10 Uhr<\/li>\n<li>11:10 bis 13:00 Uhr Konversationskurs<\/li>\n<\/ul>\n<p>Der\u00a0<strong><a href=\"https:\/\/www.parola.it\/de\/de-einzelsprachkurse-italienisch\/\">Einzelunterricht<\/a><\/strong> findet in der Regel nachmittags nach 14 Uhr statt. Jede Einzelstunde dauert 60 Minuten.<\/p>\n<p>Hier<strong> k\u00f6nnen wir ganz individuell auf Ihre Bed\u00fcrfnisse\u00a0<\/strong>eingehen, ebenso sind die Termine frei w\u00e4hlbar.<\/p>\n<p>[\/et_pb_text][et_pb_image src=&#8220;https:\/\/www.parola.it\/wp-content\/uploads\/2019\/09\/extracurricular-lesson.jpg&#8220; alt=&#8220;Supplementary course at Parola Italian language school in Florence&#8220; title_text=&#8220;extracurricular-lesson&#8220; _builder_version=&#8220;4.16&#8243; global_colors_info=&#8220;{}&#8220;][\/et_pb_image][et_pb_text _builder_version=&#8220;4.16&#8243; text_orientation=&#8220;justified&#8220; hover_enabled=&#8220;0&#8243; global_colors_info=&#8220;{}&#8220; sticky_enabled=&#8220;0&#8243;]<\/p>\n<h3>Wie viele Grammatik-Level gibt es an der Parola-Sprachschule?<\/h3>\n<p>Wir bieten<strong> 6 Grammatik-Level und den <a href=\"https:\/\/www.parola.it\/de\/de-cils-certifikat-italien\/\">CILS-Vorbereitungskurs<\/a><\/strong> an. Sie k\u00f6nnen bei uns das Sprachexamen zweimal j\u00e4hrlich ablegen.\u00a0<\/p>\n<p>[\/et_pb_text][et_pb_text _builder_version=&#8220;4.16&#8243; text_orientation=&#8220;justified&#8220; global_colors_info=&#8220;{}&#8220;]<\/p>\n<h3>Wie sind die Konversations-Stunden?<\/h3>\n<p><span style=\"font-size: 18px;\">Die\u00a0<\/span>Sch\u00fcler k\u00f6nnen <strong style=\"font-size: 18px;\">B\u00fccher, Filme, Laptop und Internet nutzen<\/strong><span style=\"font-size: 18px;\">. Abh\u00e4ngig vom Level variieren die Themen aus dem Alltagsleben (bis Level 3) bis hin zu Politik, aktuelle Nachrichten und Literatur (ab Level 4).<\/span><\/p>\n<p>[\/et_pb_text][et_pb_button button_url=&#8220;https:\/\/www.parola.it\/de\/de_freizeit&#8220; button_text=&#8220;FREIZEITAKTIVIT\u00c4TEN&#8220; _builder_version=&#8220;4.16&#8243; background_layout=&#8220;dark&#8220; global_colors_info=&#8220;{}&#8220;][\/et_pb_button][et_pb_text _builder_version=&#8220;4.16&#8243; text_orientation=&#8220;justified&#8220; global_colors_info=&#8220;{}&#8220;]<\/p>\n<h3>Gibt es Freizeitaktivit\u00e4ten und wann finden sie statt?<\/h3>\n<p>Wir bieten mehrmals w\u00f6chentlich kostenlose Aktivit\u00e4ten am Nachmittag in Florenz oder der Toskana\u00a0an.\u00a0<\/p>\n<p>Die Sch\u00fcler zahlen nur eventuelle Kosten f\u00fcr den Bus oder Zug.<\/p>\n<h3>Gibt es Rabatte f\u00fcr Parola-Sch\u00fcler?<\/h3>\n<p>Ja, mit dem Schulausweis der Parola Sprachschule gibt in einigen Bars und Restaurants im historischen Zentrum von Florenz Rabatte f\u00fcr unsere Sch\u00fcler.<\/p>\n<p>[\/et_pb_text][et_pb_text _builder_version=&#8220;4.16&#8243; global_colors_info=&#8220;{}&#8220;]<\/p>\n<h3>Gibt es Online-Italienischkurse der Parola-Schule?<\/h3>\n<p>Ja, die Parola-Schule bietet Online-Italienischkurse mit Einzel- und Gruppenunterricht an. Unsere <strong><a href=\"https:\/\/www.parola.it\/de\/online-sprachkurse\/\">Online-Lektionen<\/a><\/strong> werden das ganze Jahr \u00fcber von <strong>erfahrenen und professionellen Lehrern<\/strong> abgehalten.<\/p>\n<p>[\/et_pb_text][et_pb_image src=&#8220;https:\/\/www.parola.it\/wp-content\/uploads\/2020\/05\/online-italian-course-2.jpg&#8220; alt=&#8220;Online Italian course with language students&#8220; title_text=&#8220;online-italian-course&#8220; _builder_version=&#8220;4.16&#8243; global_colors_info=&#8220;{}&#8220;][\/et_pb_image][et_pb_text _builder_version=&#8220;4.16&#8243; text_orientation=&#8220;justified&#8220; custom_padding=&#8220;||0px|||&#8220; global_colors_info=&#8220;{}&#8220;]<\/p>\n<h3>Was sind die meist besuchten Kurse an der Parola Sprachschule?<\/h3>\n<p>W\u00e4hrend der Hauptsaison Juni bis September sind die meist besuchten Kurse folgende:<\/p>\n<ul>\n<li>Der <strong>Kurs &#8222;Allegro&#8220;, 4 Stunden am Tag <\/strong>(2, 3 oder 4 Wochen)<\/li>\n<li>Der Kurs &#8222;Andante&#8220; (2 Stunden am Tag f\u00fcr 2, 3 oder 4 Wochen)<\/li>\n<li>Der Kurs &#8222;Allegretto&#8220; (4 Stunden am Tag plus 1 Privatstunde, 3 mal die Woche)<\/li>\n<\/ul>\n<p>[\/et_pb_text][et_pb_divider color=&#8220;#d6d6d6&#8243; admin_label=&#8220;Modulo separatore giusto&#8220; _builder_version=&#8220;4.16&#8243; background_color=&#8220;#ffffff&#8220; min_height=&#8220;0px&#8220; height=&#8220;3px&#8220; custom_margin=&#8220;27px||20px||false|false&#8220; custom_padding=&#8220;0px||||false|false&#8220; border_color_all=&#8220;rgba(0,0,0,0)&#8220; border_style_all=&#8220;none&#8220; border_color_top=&#8220;#999999&#8243; border_style_top=&#8220;solid&#8220; border_style_left=&#8220;outset&#8220; saved_tabs=&#8220;all&#8220; global_colors_info=&#8220;{}&#8220;][\/et_pb_divider][et_pb_text _builder_version=&#8220;4.16&#8243; global_colors_info=&#8220;{}&#8220;]<\/p>\n<p>F\u00fcr den Einzelsprachkurs ist die die Variante &#8222;Brio&#8220; sehr beliebt, Einzelstunden mit Mittagessen oder bzw. der Einzelstunden in den Abendstunden\u00a0 (2 oder 4 Wochen).<\/p>\n<p>In der Nebensaison zwischen Dezember und Februar sind die beliebtesten Kurse: &#8222;Allegro&#8220; (3 Wochen) und &#8222;Andante&#8220; (4 Wochen), der Sprachkurs f\u00fcr Au Pairs und Einzelkurse f\u00fcr 1 oder 2 Wochen.<\/p>\n<p>[\/et_pb_text][et_pb_text _builder_version=&#8220;4.16&#8243; text_orientation=&#8220;justified&#8220; global_colors_info=&#8220;{}&#8220;]<\/p>\n<h3>Welche Sprachen spricht das Parola-Team?<\/h3>\n<p>Neben unserer Muttersprache Italienisch sprechen wir Englisch, Deutsch, Franz\u00f6sisch, Spanisch und Portugiesisch.<\/p>\n<p>[\/et_pb_text][et_pb_text _builder_version=&#8220;4.16&#8243; text_orientation=&#8220;justified&#8220; global_colors_info=&#8220;{}&#8220;]<\/p>\n<h3>Gibt es Sprachkurse am Nachmittag?<\/h3>\n<p>Ja, auf Nachfrage bieten wir individuelle Nachmittags- und Abendkurse (Kursende 20 Uhr) an.<\/p>\n<p>[\/et_pb_text][et_pb_text _builder_version=&#8220;4.16&#8243; text_orientation=&#8220;justified&#8220; global_colors_info=&#8220;{}&#8220;]<\/p>\n<h3>Gibt es einen Kurs zur richtigen Aussprache?<\/h3>\n<p>Ja, diesen Kurs bieten wir auf Nachfrage an.<\/p>\n<p>[\/et_pb_text][\/et_pb_column_inner][\/et_pb_row_inner][et_pb_row_inner admin_label=&#8220;Riga&#8220; _builder_version=&#8220;4.16&#8243; global_colors_info=&#8220;{}&#8220;][et_pb_column_inner saved_specialty_column_type=&#8220;3_4&#8243; _builder_version=&#8220;4.16&#8243; custom_padding=&#8220;|||&#8220; global_colors_info=&#8220;{}&#8220; custom_padding__hover=&#8220;|||&#8220;][et_pb_text _builder_version=&#8220;4.16&#8243; global_colors_info=&#8220;{}&#8220;]<\/p>\n<h4>Kontaktieren Sie die Parola-Sprachschule f\u00fcr weitere Informationen<\/h4>\n<p><strong><a title=\"Kontaktiere die Sprachschule Parola in Florenz\" href=\"https:\/\/www.parola.it\/de\/de_kontakt\/\">Kontaktieren Sie uns<\/a><\/strong>\u00a0gerne bei weiteren Fragen zu unseren Kursen oder Preisen.<\/p>\n<p>[\/et_pb_text][et_pb_button button_url=&#8220;https:\/\/www.parola.it\/de\/de_kontakt&#8220; button_text=&#8220;KONTAKT&#8220; _builder_version=&#8220;4.16&#8243; background_layout=&#8220;dark&#8220; global_colors_info=&#8220;{}&#8220;][\/et_pb_button][\/et_pb_column_inner][\/et_pb_row_inner][\/et_pb_column][et_pb_column type=&#8220;1_4&#8243; _builder_version=&#8220;4.16&#8243; custom_padding=&#8220;|||&#8220; global_colors_info=&#8220;{}&#8220; custom_padding__hover=&#8220;|||&#8220;][et_pb_text admin_label=&#8220;KONTAKT TESTO INFO&#8220; _builder_version=&#8220;4.22.2&#8243; module_alignment=&#8220;left&#8220; custom_margin=&#8220;3px||||false|false&#8220; global_module=&#8220;43302&#8243; locked=&#8220;off&#8220; global_colors_info=&#8220;{}&#8220;]<\/p>\n<h5>KONTAKT<\/h5>\n<p><strong>F\u00fcr weitere Informationen kontaktieren Sie uns hier!<\/strong><\/p>\n<p>\u00a0\u00a0Schreiben Sie uns:\u00a0<strong><a href=\"mailto:info@parola.it\">info@parola.it<\/a><\/strong><\/p>\n<p>\u00a0 Rufen Sie uns unter dieser Nr\u00a0<a href=\"tel:+39055242182\"><strong>+39 055 242182<\/strong><\/a> oder <a href=\"tel:+393288997420\"><strong>+39 328 8997420<\/strong><\/a><\/p>\n<p>\u00a0 Treffen wir uns:<\/p>\n<p><strong><a href=\"https:\/\/www.parola.it\/de\/\">Borgo Santa Croce, <\/a><\/strong><strong><a href=\"https:\/\/www.parola.it\/de\/\">17 <\/a><\/strong><\/p>\n<p><strong><a href=\"https:\/\/www.parola.it\/de\/\">50122 Florenz<\/a><\/strong><\/p>\n<p>[\/et_pb_text][et_pb_social_media_follow url_new_window=&#8220;off&#8220; admin_label=&#8220;SOCIAL MEDIA LOGO&#8220; _builder_version=&#8220;4.16&#8243; background_layout=&#8220;dark&#8220; height=&#8220;50px&#8220; saved_tabs=&#8220;all&#8220; global_colors_info=&#8220;{}&#8220;][et_pb_social_media_follow_network social_network=&#8220;facebook&#8220; url=&#8220;https:\/\/www.facebook.com\/online.italian.course&#8220; _builder_version=&#8220;4.16&#8243; background_color=&#8220;#3b5998&#8243; global_colors_info=&#8220;{}&#8220; follow_button=&#8220;off&#8220; url_new_window=&#8220;off&#8220;]<\/p>\n<p>Facebook<\/p>\n<p>[\/et_pb_social_media_follow_network][et_pb_social_media_follow_network social_network=&#8220;twitter&#8220; url=&#8220;https:\/\/twitter.com\/&#8220; _builder_version=&#8220;4.22.2&#8243; background_color=&#8220;#000000&#8243; global_colors_info=&#8220;{}&#8220; follow_button=&#8220;off&#8220; url_new_window=&#8220;off&#8220;]<\/p>\n<p>Twitter<\/p>\n<p>[\/et_pb_social_media_follow_network][et_pb_social_media_follow_network social_network=&#8220;linkedin&#8220; url=&#8220;https:\/\/www.linkedin.com\/feed\/&#8220; _builder_version=&#8220;4.16&#8243; background_color=&#8220;#007bb6&#8243; global_colors_info=&#8220;{}&#8220; follow_button=&#8220;off&#8220; url_new_window=&#8220;off&#8220;]<\/p>\n<p>LinkedIn<\/p>\n<p>[\/et_pb_social_media_follow_network][et_pb_social_media_follow_network social_network=&#8220;instagram&#8220; url=&#8220;https:\/\/www.instagram.com\/scuola_parola\/?hl=it&#8220; _builder_version=&#8220;4.16&#8243; background_color=&#8220;#ea2c59&#8243; global_colors_info=&#8220;{}&#8220; follow_button=&#8220;off&#8220; url_new_window=&#8220;off&#8220;]<\/p>\n<p>Instagram<\/p>\n<p>[\/et_pb_social_media_follow_network][\/et_pb_social_media_follow][et_pb_image src=&#8220;https:\/\/www.parola.it\/wp-content\/uploads\/2019\/11\/cils-certified-center.png&#8220; alt=&#8220;CILS logo of Parola Italian language school&#8220; url=&#8220;https:\/\/www.unistrasi.it\/2\/531\/2761\/CILS_centre.htm&#8220; admin_label=&#8220;CILS Certified&#8220; _builder_version=&#8220;4.16&#8243; custom_margin=&#8220;||10px|0px|false|false&#8220; custom_padding=&#8220;|||26px|false|false&#8220; z_index_tablet=&#8220;500&#8243; box_shadow_horizontal_tablet=&#8220;0px&#8220; box_shadow_vertical_tablet=&#8220;0px&#8220; box_shadow_blur_tablet=&#8220;40px&#8220; box_shadow_spread_tablet=&#8220;0px&#8220; saved_tabs=&#8220;all&#8220; global_colors_info=&#8220;{}&#8220;][\/et_pb_image][et_pb_text admin_label=&#8220;Language international&#8220; _builder_version=&#8220;4.16&#8243; z_index_tablet=&#8220;500&#8243; text_text_shadow_horizontal_length_tablet=&#8220;0px&#8220; text_text_shadow_vertical_length_tablet=&#8220;0px&#8220; text_text_shadow_blur_strength_tablet=&#8220;1px&#8220; link_text_shadow_horizontal_length_tablet=&#8220;0px&#8220; link_text_shadow_vertical_length_tablet=&#8220;0px&#8220; link_text_shadow_blur_strength_tablet=&#8220;1px&#8220; ul_text_shadow_horizontal_length_tablet=&#8220;0px&#8220; ul_text_shadow_vertical_length_tablet=&#8220;0px&#8220; ul_text_shadow_blur_strength_tablet=&#8220;1px&#8220; ol_text_shadow_horizontal_length_tablet=&#8220;0px&#8220; ol_text_shadow_vertical_length_tablet=&#8220;0px&#8220; ol_text_shadow_blur_strength_tablet=&#8220;1px&#8220; quote_text_shadow_horizontal_length_tablet=&#8220;0px&#8220; quote_text_shadow_vertical_length_tablet=&#8220;0px&#8220; quote_text_shadow_blur_strength_tablet=&#8220;1px&#8220; header_text_shadow_horizontal_length_tablet=&#8220;0px&#8220; header_text_shadow_vertical_length_tablet=&#8220;0px&#8220; header_text_shadow_blur_strength_tablet=&#8220;1px&#8220; header_2_text_shadow_horizontal_length_tablet=&#8220;0px&#8220; header_2_text_shadow_vertical_length_tablet=&#8220;0px&#8220; header_2_text_shadow_blur_strength_tablet=&#8220;1px&#8220; header_3_text_shadow_horizontal_length_tablet=&#8220;0px&#8220; header_3_text_shadow_vertical_length_tablet=&#8220;0px&#8220; header_3_text_shadow_blur_strength_tablet=&#8220;1px&#8220; header_4_text_shadow_horizontal_length_tablet=&#8220;0px&#8220; header_4_text_shadow_vertical_length_tablet=&#8220;0px&#8220; header_4_text_shadow_blur_strength_tablet=&#8220;1px&#8220; header_5_text_shadow_horizontal_length_tablet=&#8220;0px&#8220; header_5_text_shadow_vertical_length_tablet=&#8220;0px&#8220; header_5_text_shadow_blur_strength_tablet=&#8220;1px&#8220; header_6_text_shadow_horizontal_length_tablet=&#8220;0px&#8220; header_6_text_shadow_vertical_length_tablet=&#8220;0px&#8220; header_6_text_shadow_blur_strength_tablet=&#8220;1px&#8220; box_shadow_horizontal_tablet=&#8220;0px&#8220; box_shadow_vertical_tablet=&#8220;0px&#8220; box_shadow_blur_tablet=&#8220;40px&#8220; box_shadow_spread_tablet=&#8220;0px&#8220; text_text_align=&#8220;left&#8220; saved_tabs=&#8220;all&#8220; global_colors_info=&#8220;{}&#8220;]<\/p>\n<div id=\"LI-CEO\"><script src=\"https:\/\/www.languageinternational.com\/badge\/coe?id=68832\"><\/script><\/div>\n<p>[\/et_pb_text][et_pb_text admin_label=&#8220;Sprachkurse der Parola Schule &#8220; _builder_version=&#8220;4.22.2&#8243; module_alignment=&#8220;left&#8220; custom_margin=&#8220;40px|||&#8220; global_module=&#8220;29013&#8243; saved_tabs=&#8220;all&#8220; locked=&#8220;off&#8220; global_colors_info=&#8220;{}&#8220;]<\/p>\n<p><span style=\"font-size: x-large;\"><strong><span style=\"color: #0c71c3;\">SPRACHKURSE<\/span><\/strong><\/span><\/p>\n<p><a href=\"https:\/\/www.parola.it\/de\/de-italienisch-grammatik-florenz\/?et_fb=1\"><strong>GRUPPENKURSE<\/strong><\/a><\/p>\n<p><a href=\"https:\/\/www.parola.it\/de\/de-einzelsprachkurse-italienisch\/?et_fb=1\"><strong>EINZELSPRACHKURSE<\/strong><\/a><\/p>\n<p><a href=\"https:\/\/www.parola.it\/de\/de-zusammengesetzte-kurse\/?et_fb=1\"><strong>KOMBINIERTE KURSE<\/strong><\/a><\/p>\n<p><strong><a href=\"https:\/\/www.parola.it\/de\/online-sprachkurse\/\">ONLINE-KURSE<\/a><\/strong><\/p>\n<p><a href=\"https:\/\/www.parola.it\/de\/de_aupair_kurse\/\" title=\"Sprachkurs f\u00fcr Au Pairs in Florenz\"><strong>AU PAIR KURS<\/strong><\/a><\/p>\n<p><strong><a href=\"https:\/\/www.parola.it\/de\/italienisch-aussprache\/\" title=\"Italienisch Aussprache mit Parola Schule \">AUSSPRACHE<\/a><\/strong><\/p>\n<p><strong><a href=\"https:\/\/www.parola.it\/de\/de-cils-certifikat-italien\/\" title=\"Cils Zertifikat an der Parola Sprachschule in Florenz\">CILS ZERTIFIKAT\u00a0<\/a><\/strong><\/p>\n<p><a href=\"https:\/\/www.parola.it\/de\/de_italienisch_kurse\/?et_fb=1\"><strong>ITALIENISCHKURSE<\/strong><\/a><\/p>\n<p>[\/et_pb_text][et_pb_text admin_label=&#8220;Informationen \u00fcber die Parola Schule &#8220; _builder_version=&#8220;4.5.3&#8243; text_font=&#8220;||||&#8220; header_font=&#8220;||||&#8220; module_alignment=&#8220;left&#8220; custom_margin=&#8220;22px|||||&#8220; use_border_color=&#8220;off&#8220; global_module=&#8220;9468&#8243; saved_tabs=&#8220;all&#8220; global_colors_info=&#8220;{}&#8220;]<\/p>\n<p><span style=\"font-size: x-large;\"><strong><span style=\"color: #0c71c3;\">INFORMATIONEN<\/span><\/strong><\/span><\/p>\n<p><strong><a href=\"https:\/\/www.parola.it\/de\/de_preise_schule\/?et_fb=1\">PREISE<\/a><\/strong><\/p>\n<p><strong><a href=\"https:\/\/www.parola.it\/de\/de_kontakt\/?et_fb=1\">KONTAKT<\/a><\/strong><\/p>\n<p><strong><a href=\"de-sprachschule-parola-lage\/\">LAGE DER SCHULE<\/a><\/strong><\/p>\n<p><a href=\"de-termine-sprachkurse-florenz\/\"><strong>DATEN <\/strong><\/a><\/p>\n<p><a href=\"de_freizeit\/\"><strong>FREIZEITAKTIVIT\u00c4TEN <\/strong><\/a><\/p>\n<p><a href=\"de-rabatte-italienisch-sprachkurse\/\"><strong>RABATTE<\/strong><\/a><\/p>\n<p><a href=\"de-lehrer-methoden\/\"><strong>LEHRMETHODEN<\/strong><\/a><\/p>\n<p><a href=\"de-gestellte-fragen-sprachschule\/\"><strong>H\u00c4UFIG GESTELLTE FRAGEN<\/strong><\/a><\/p>\n<p><strong><span style=\"font-size: x-large;\"><span style=\"color: #0c71c3;\">MEHR ERFAHREN<\/span><\/span><\/strong><\/p>\n<p><a href=\"de-lernen-italienisch-warum\/\"><strong>LERNEN IN FLORENZ<\/strong><\/a><\/p>\n<p><a href=\"de_stipendien_cils\/\"><strong>STIPENDIEN<\/strong><\/a><\/p>\n<p><a href=\"de_unterkunft\/\"><strong>UNTERKUNFT IN FLORENZ<\/strong><\/a><\/p>\n<p>[\/et_pb_text][\/et_pb_column][\/et_pb_section][et_pb_section fb_built=&#8220;1&#8243; fullwidth=&#8220;on&#8220; _builder_version=&#8220;4.16&#8243; global_colors_info=&#8220;{}&#8220;][et_pb_fullwidth_menu menu_id=&#8220;2060&#8243; _builder_version=&#8220;4.16&#8243; global_colors_info=&#8220;{}&#8220;][\/et_pb_fullwidth_menu][\/et_pb_section]<\/p>\n","protected":false},"excerpt":{"rendered":"<p>H\u00e4ufig gestellte Fragen \u00fcber die Sprachschule Die am meisten gestellten Fragen an die Parola-Sprachschule\u00a0in Florenz drehen sich um die Grammatikkurse, die Lehrmethoden und die Konversationskurse. Auf dieser Seite beantworten wir alle Fragen, die regelm\u00e4\u00dfig an uns gestellt werden.Unsere Sch\u00fcler w\u00fcnschen sich eine Klasse mit vielen verschiedenen Nationalit\u00e4ten sowie ein Programm f\u00fcr die Freizeit, genau das [&hellip;]<\/p>\n","protected":false},"author":1,"featured_media":20723,"parent":0,"menu_order":0,"comment_status":"closed","ping_status":"closed","template":"","meta":{"_et_pb_use_builder":"on","_et_pb_old_content":"","_et_gb_content_width":"","footnotes":""},"class_list":["post-9596","page","type-page","status-publish","has-post-thumbnail","hentry"],"yoast_head":"<!-- This site is optimized with the Yoast SEO plugin v27.4 - https:\/\/yoast.com\/product\/yoast-seo-wordpress\/ -->\n<title>H\u00e4ufig gestellte Fragen \u00fcber die Sprachschule Parola | Parola Schule<\/title>\n<meta name=\"description\" content=\"H\u00e4ufig gestellte Fragen \u00fcber die Sprachkurse der Sprachschule Parola in Florenz. Erfahren Sie mehr \u00fcber unsere Methoden, Standorte und Freizeitaktivit\u00e4ten.\" \/>\n<meta name=\"robots\" content=\"index, follow, max-snippet:-1, max-image-preview:large, max-video-preview:-1\" \/>\n<link rel=\"canonical\" href=\"https:\/\/www.parola.it\/de\/de-gestellte-fragen-sprachschule\/\" \/>\n<meta property=\"og:locale\" content=\"de_DE\" \/>\n<meta property=\"og:type\" content=\"article\" \/>\n<meta property=\"og:title\" content=\"H\u00e4ufig gestellte Fragen \u00fcber die Sprachschule Parola | Parola Schule\" \/>\n<meta property=\"og:description\" content=\"H\u00e4ufig gestellte Fragen \u00fcber die Sprachkurse der Sprachschule Parola in Florenz. Erfahren Sie mehr \u00fcber unsere Methoden, Standorte und Freizeitaktivit\u00e4ten.\" \/>\n<meta property=\"og:url\" content=\"https:\/\/www.parola.it\/de\/de-gestellte-fragen-sprachschule\/\" \/>\n<meta property=\"og:site_name\" content=\"Italian Language School in Florence | Parola School\" \/>\n<meta property=\"article:publisher\" content=\"https:\/\/www.facebook.com\/Italian.language.school.florence\/\" \/>\n<meta property=\"article:modified_time\" content=\"2025-03-24T12:04:08+00:00\" \/>\n<meta property=\"og:image\" content=\"https:\/\/www.parola.it\/wp-content\/uploads\/2018\/12\/asking-beautiful-brainstorming.jpeg\" \/>\n\t<meta property=\"og:image:width\" content=\"3999\" \/>\n\t<meta property=\"og:image:height\" content=\"2247\" \/>\n\t<meta property=\"og:image:type\" content=\"image\/jpeg\" \/>\n<meta name=\"twitter:card\" content=\"summary_large_image\" \/>\n<meta name=\"twitter:site\" content=\"@Parola_School\" \/>\n<meta name=\"twitter:label1\" content=\"Gesch\u00e4tzte Lesezeit\" \/>\n\t<meta name=\"twitter:data1\" content=\"13\u00a0Minuten\" \/>\n<script type=\"application\/ld+json\" class=\"yoast-schema-graph\">{\"@context\":\"https:\\\/\\\/schema.org\",\"@graph\":[{\"@type\":\"WebPage\",\"@id\":\"https:\\\/\\\/www.parola.it\\\/de\\\/de-gestellte-fragen-sprachschule\\\/\",\"url\":\"https:\\\/\\\/www.parola.it\\\/de\\\/de-gestellte-fragen-sprachschule\\\/\",\"name\":\"H\u00e4ufig gestellte Fragen \u00fcber die Sprachschule Parola | Parola Schule\",\"isPartOf\":{\"@id\":\"https:\\\/\\\/www.parola.it\\\/#website\"},\"primaryImageOfPage\":{\"@id\":\"https:\\\/\\\/www.parola.it\\\/de\\\/de-gestellte-fragen-sprachschule\\\/#primaryimage\"},\"image\":{\"@id\":\"https:\\\/\\\/www.parola.it\\\/de\\\/de-gestellte-fragen-sprachschule\\\/#primaryimage\"},\"thumbnailUrl\":\"https:\\\/\\\/www.parola.it\\\/wp-content\\\/uploads\\\/2018\\\/12\\\/asking-beautiful-brainstorming.jpeg\",\"datePublished\":\"2018-01-11T16:07:08+00:00\",\"dateModified\":\"2025-03-24T12:04:08+00:00\",\"description\":\"H\u00e4ufig gestellte Fragen \u00fcber die Sprachkurse der Sprachschule Parola in Florenz. Erfahren Sie mehr \u00fcber unsere Methoden, Standorte und Freizeitaktivit\u00e4ten.\",\"breadcrumb\":{\"@id\":\"https:\\\/\\\/www.parola.it\\\/de\\\/de-gestellte-fragen-sprachschule\\\/#breadcrumb\"},\"inLanguage\":\"de\",\"potentialAction\":[{\"@type\":\"ReadAction\",\"target\":[\"https:\\\/\\\/www.parola.it\\\/de\\\/de-gestellte-fragen-sprachschule\\\/\"]}]},{\"@type\":\"ImageObject\",\"inLanguage\":\"de\",\"@id\":\"https:\\\/\\\/www.parola.it\\\/de\\\/de-gestellte-fragen-sprachschule\\\/#primaryimage\",\"url\":\"https:\\\/\\\/www.parola.it\\\/wp-content\\\/uploads\\\/2018\\\/12\\\/asking-beautiful-brainstorming.jpeg\",\"contentUrl\":\"https:\\\/\\\/www.parola.it\\\/wp-content\\\/uploads\\\/2018\\\/12\\\/asking-beautiful-brainstorming.jpeg\",\"width\":3999,\"height\":2247,\"caption\":\"Students in a brainstorming during a class\"},{\"@type\":\"BreadcrumbList\",\"@id\":\"https:\\\/\\\/www.parola.it\\\/de\\\/de-gestellte-fragen-sprachschule\\\/#breadcrumb\",\"itemListElement\":[{\"@type\":\"ListItem\",\"position\":1,\"name\":\"Accueil\",\"item\":\"https:\\\/\\\/www.parola.it\\\/de\\\/\"},{\"@type\":\"ListItem\",\"position\":2,\"name\":\"H\u00c4UFIG GESTELLTE FRAGEN\"}]},{\"@type\":\"WebSite\",\"@id\":\"https:\\\/\\\/www.parola.it\\\/#website\",\"url\":\"https:\\\/\\\/www.parola.it\\\/\",\"name\":\"Italian Language School in Florence | Parola School\",\"description\":\"Learn Italian with Parola Italian language school in Florence. Language courses at a competitive price with quality teaching.\",\"publisher\":{\"@id\":\"https:\\\/\\\/www.parola.it\\\/#organization\"},\"alternateName\":\"Parola School\",\"potentialAction\":[{\"@type\":\"SearchAction\",\"target\":{\"@type\":\"EntryPoint\",\"urlTemplate\":\"https:\\\/\\\/www.parola.it\\\/?s={search_term_string}\"},\"query-input\":{\"@type\":\"PropertyValueSpecification\",\"valueRequired\":true,\"valueName\":\"search_term_string\"}}],\"inLanguage\":\"de\"},{\"@type\":\"Organization\",\"@id\":\"https:\\\/\\\/www.parola.it\\\/#organization\",\"name\":\"Parola Italian Language School in Florence\",\"alternateName\":\"Italian Language Courses in Florence\",\"url\":\"https:\\\/\\\/www.parola.it\\\/\",\"logo\":{\"@type\":\"ImageObject\",\"inLanguage\":\"de\",\"@id\":\"https:\\\/\\\/www.parola.it\\\/#\\\/schema\\\/logo\\\/image\\\/\",\"url\":\"https:\\\/\\\/www.parola.it\\\/wp-content\\\/uploads\\\/2019\\\/03\\\/logo-parola-language-school-1-e1721760774400.png\",\"contentUrl\":\"https:\\\/\\\/www.parola.it\\\/wp-content\\\/uploads\\\/2019\\\/03\\\/logo-parola-language-school-1-e1721760774400.png\",\"width\":145,\"height\":53,\"caption\":\"Parola Italian Language School in Florence\"},\"image\":{\"@id\":\"https:\\\/\\\/www.parola.it\\\/#\\\/schema\\\/logo\\\/image\\\/\"},\"sameAs\":[\"https:\\\/\\\/www.facebook.com\\\/Italian.language.school.florence\\\/\",\"https:\\\/\\\/x.com\\\/Parola_School\",\"https:\\\/\\\/www.instagram.com\\\/scuola_parola\\\/?hl=it\",\"https:\\\/\\\/www.linkedin.com\\\/in\\\/parola-italian-language-school-0a504114\\\/\",\"https:\\\/\\\/it.pinterest.com\\\/pin\\\/10344274122092210\\\/\",\"https:\\\/\\\/www.youtube.com\\\/channel\\\/UCKQkiBkXnIh9Df27KWD66rA?view_as=subscriber\",\"https:\\\/\\\/www.tripadvisor.com\\\/Attraction_Review-g187895-d4133618-Reviews-Parola_Italian_Language_School-Florence_Tuscany\"]}]}<\/script>\n<!-- \/ Yoast SEO plugin. -->","yoast_head_json":{"title":"H\u00e4ufig gestellte Fragen \u00fcber die Sprachschule Parola | Parola Schule","description":"H\u00e4ufig gestellte Fragen \u00fcber die Sprachkurse der Sprachschule Parola in Florenz. Erfahren Sie mehr \u00fcber unsere Methoden, Standorte und Freizeitaktivit\u00e4ten.","robots":{"index":"index","follow":"follow","max-snippet":"max-snippet:-1","max-image-preview":"max-image-preview:large","max-video-preview":"max-video-preview:-1"},"canonical":"https:\/\/www.parola.it\/de\/de-gestellte-fragen-sprachschule\/","og_locale":"de_DE","og_type":"article","og_title":"H\u00e4ufig gestellte Fragen \u00fcber die Sprachschule Parola | Parola Schule","og_description":"H\u00e4ufig gestellte Fragen \u00fcber die Sprachkurse der Sprachschule Parola in Florenz. Erfahren Sie mehr \u00fcber unsere Methoden, Standorte und Freizeitaktivit\u00e4ten.","og_url":"https:\/\/www.parola.it\/de\/de-gestellte-fragen-sprachschule\/","og_site_name":"Italian Language School in Florence | Parola School","article_publisher":"https:\/\/www.facebook.com\/Italian.language.school.florence\/","article_modified_time":"2025-03-24T12:04:08+00:00","og_image":[{"width":3999,"height":2247,"url":"https:\/\/www.parola.it\/wp-content\/uploads\/2018\/12\/asking-beautiful-brainstorming.jpeg","type":"image\/jpeg"}],"twitter_card":"summary_large_image","twitter_site":"@Parola_School","twitter_misc":{"Gesch\u00e4tzte Lesezeit":"13\u00a0Minuten"},"schema":{"@context":"https:\/\/schema.org","@graph":[{"@type":"WebPage","@id":"https:\/\/www.parola.it\/de\/de-gestellte-fragen-sprachschule\/","url":"https:\/\/www.parola.it\/de\/de-gestellte-fragen-sprachschule\/","name":"H\u00e4ufig gestellte Fragen \u00fcber die Sprachschule Parola | Parola Schule","isPartOf":{"@id":"https:\/\/www.parola.it\/#website"},"primaryImageOfPage":{"@id":"https:\/\/www.parola.it\/de\/de-gestellte-fragen-sprachschule\/#primaryimage"},"image":{"@id":"https:\/\/www.parola.it\/de\/de-gestellte-fragen-sprachschule\/#primaryimage"},"thumbnailUrl":"https:\/\/www.parola.it\/wp-content\/uploads\/2018\/12\/asking-beautiful-brainstorming.jpeg","datePublished":"2018-01-11T16:07:08+00:00","dateModified":"2025-03-24T12:04:08+00:00","description":"H\u00e4ufig gestellte Fragen \u00fcber die Sprachkurse der Sprachschule Parola in Florenz. Erfahren Sie mehr \u00fcber unsere Methoden, Standorte und Freizeitaktivit\u00e4ten.","breadcrumb":{"@id":"https:\/\/www.parola.it\/de\/de-gestellte-fragen-sprachschule\/#breadcrumb"},"inLanguage":"de","potentialAction":[{"@type":"ReadAction","target":["https:\/\/www.parola.it\/de\/de-gestellte-fragen-sprachschule\/"]}]},{"@type":"ImageObject","inLanguage":"de","@id":"https:\/\/www.parola.it\/de\/de-gestellte-fragen-sprachschule\/#primaryimage","url":"https:\/\/www.parola.it\/wp-content\/uploads\/2018\/12\/asking-beautiful-brainstorming.jpeg","contentUrl":"https:\/\/www.parola.it\/wp-content\/uploads\/2018\/12\/asking-beautiful-brainstorming.jpeg","width":3999,"height":2247,"caption":"Students in a brainstorming during a class"},{"@type":"BreadcrumbList","@id":"https:\/\/www.parola.it\/de\/de-gestellte-fragen-sprachschule\/#breadcrumb","itemListElement":[{"@type":"ListItem","position":1,"name":"Accueil","item":"https:\/\/www.parola.it\/de\/"},{"@type":"ListItem","position":2,"name":"H\u00c4UFIG GESTELLTE FRAGEN"}]},{"@type":"WebSite","@id":"https:\/\/www.parola.it\/#website","url":"https:\/\/www.parola.it\/","name":"Italian Language School in Florence | Parola School","description":"Learn Italian with Parola Italian language school in Florence. Language courses at a competitive price with quality teaching.","publisher":{"@id":"https:\/\/www.parola.it\/#organization"},"alternateName":"Parola School","potentialAction":[{"@type":"SearchAction","target":{"@type":"EntryPoint","urlTemplate":"https:\/\/www.parola.it\/?s={search_term_string}"},"query-input":{"@type":"PropertyValueSpecification","valueRequired":true,"valueName":"search_term_string"}}],"inLanguage":"de"},{"@type":"Organization","@id":"https:\/\/www.parola.it\/#organization","name":"Parola Italian Language School in Florence","alternateName":"Italian Language Courses in Florence","url":"https:\/\/www.parola.it\/","logo":{"@type":"ImageObject","inLanguage":"de","@id":"https:\/\/www.parola.it\/#\/schema\/logo\/image\/","url":"https:\/\/www.parola.it\/wp-content\/uploads\/2019\/03\/logo-parola-language-school-1-e1721760774400.png","contentUrl":"https:\/\/www.parola.it\/wp-content\/uploads\/2019\/03\/logo-parola-language-school-1-e1721760774400.png","width":145,"height":53,"caption":"Parola Italian Language School in Florence"},"image":{"@id":"https:\/\/www.parola.it\/#\/schema\/logo\/image\/"},"sameAs":["https:\/\/www.facebook.com\/Italian.language.school.florence\/","https:\/\/x.com\/Parola_School","https:\/\/www.instagram.com\/scuola_parola\/?hl=it","https:\/\/www.linkedin.com\/in\/parola-italian-language-school-0a504114\/","https:\/\/it.pinterest.com\/pin\/10344274122092210\/","https:\/\/www.youtube.com\/channel\/UCKQkiBkXnIh9Df27KWD66rA?view_as=subscriber","https:\/\/www.tripadvisor.com\/Attraction_Review-g187895-d4133618-Reviews-Parola_Italian_Language_School-Florence_Tuscany"]}]}},"_links":{"self":[{"href":"https:\/\/www.parola.it\/de\/wp-json\/wp\/v2\/pages\/9596","targetHints":{"allow":["GET"]}}],"collection":[{"href":"https:\/\/www.parola.it\/de\/wp-json\/wp\/v2\/pages"}],"about":[{"href":"https:\/\/www.parola.it\/de\/wp-json\/wp\/v2\/types\/page"}],"author":[{"embeddable":true,"href":"https:\/\/www.parola.it\/de\/wp-json\/wp\/v2\/users\/1"}],"replies":[{"embeddable":true,"href":"https:\/\/www.parola.it\/de\/wp-json\/wp\/v2\/comments?post=9596"}],"version-history":[{"count":4,"href":"https:\/\/www.parola.it\/de\/wp-json\/wp\/v2\/pages\/9596\/revisions"}],"predecessor-version":[{"id":75131,"href":"https:\/\/www.parola.it\/de\/wp-json\/wp\/v2\/pages\/9596\/revisions\/75131"}],"wp:featuredmedia":[{"embeddable":true,"href":"https:\/\/www.parola.it\/de\/wp-json\/wp\/v2\/media\/20723"}],"wp:attachment":[{"href":"https:\/\/www.parola.it\/de\/wp-json\/wp\/v2\/media?parent=9596"}],"curies":[{"name":"wp","href":"https:\/\/api.w.org\/{rel}","templated":true}]}}