{"id":9551,"date":"2018-01-11T17:05:03","date_gmt":"2018-01-11T16:05:03","guid":{"rendered":"https:\/\/www.parola.it\/school-parola-location\/"},"modified":"2025-05-06T15:39:02","modified_gmt":"2025-05-06T13:39:02","slug":"de-sprachschule-parola-lage","status":"publish","type":"page","link":"https:\/\/www.parola.it\/de\/de-sprachschule-parola-lage\/","title":{"rendered":"LAGE DER SPRACHSCHULE"},"content":{"rendered":"<p>[et_pb_section fb_built=&#8220;1&#8243; fullwidth=&#8220;on&#8220; _builder_version=&#8220;4.16&#8243; global_colors_info=&#8220;{}&#8220;][et_pb_fullwidth_slider show_content_on_mobile=&#8220;off&#8220; show_cta_on_mobile=&#8220;off&#8220; _builder_version=&#8220;4.16&#8243; header_font_size=&#8220;40&#8243; background_position=&#8220;top_left&#8220; custom_padding=&#8220;|||&#8220; auto=&#8220;on&#8220; auto_speed=&#8220;3000&#8243; auto_ignore_hover=&#8220;on&#8220; global_colors_info=&#8220;{}&#8220; button_text_size__hover_enabled=&#8220;off&#8220; button_one_text_size__hover_enabled=&#8220;off&#8220; button_two_text_size__hover_enabled=&#8220;off&#8220; button_text_color__hover_enabled=&#8220;off&#8220; button_one_text_color__hover_enabled=&#8220;off&#8220; button_two_text_color__hover_enabled=&#8220;off&#8220; button_border_width__hover_enabled=&#8220;off&#8220; button_one_border_width__hover_enabled=&#8220;off&#8220; button_two_border_width__hover_enabled=&#8220;off&#8220; button_border_color__hover_enabled=&#8220;off&#8220; button_one_border_color__hover_enabled=&#8220;off&#8220; button_two_border_color__hover_enabled=&#8220;off&#8220; button_border_radius__hover_enabled=&#8220;off&#8220; button_one_border_radius__hover_enabled=&#8220;off&#8220; button_two_border_radius__hover_enabled=&#8220;off&#8220; button_letter_spacing__hover_enabled=&#8220;off&#8220; button_one_letter_spacing__hover_enabled=&#8220;off&#8220; button_two_letter_spacing__hover_enabled=&#8220;off&#8220; button_bg_color__hover_enabled=&#8220;off&#8220; button_one_bg_color__hover_enabled=&#8220;off&#8220; button_two_bg_color__hover_enabled=&#8220;off&#8220;][et_pb_slide heading=&#8220;Lage von Parola Italienisch Sprachschule in Florenz&#8220; button_text=&#8220;UNSERE SCHULE&#8220; button_link=&#8220;https:\/\/www.parola.it\/de\/de-italienisch-sprachschule-florenz&#8220; use_bg_overlay=&#8220;on&#8220; bg_overlay_color=&#8220;rgba(0,0,0,0.1)&#8220; use_text_overlay=&#8220;off&#8220; _builder_version=&#8220;4.16&#8243; header_font=&#8220;||||&#8220; body_font=&#8220;||||&#8220; background_color=&#8220;#ffffff&#8220; background_image=&#8220;https:\/\/www.parola.it\/wp-content\/uploads\/2018\/01\/santa-croce-3072317_1920.jpg&#8220; button_on_hover=&#8220;on&#8220; global_colors_info=&#8220;{}&#8220; button_text_size__hover_enabled=&#8220;off&#8220; button_one_text_size__hover_enabled=&#8220;off&#8220; button_two_text_size__hover_enabled=&#8220;off&#8220; button_text_color__hover_enabled=&#8220;off&#8220; button_one_text_color__hover_enabled=&#8220;off&#8220; button_two_text_color__hover_enabled=&#8220;off&#8220; button_border_width__hover_enabled=&#8220;off&#8220; button_one_border_width__hover_enabled=&#8220;off&#8220; button_two_border_width__hover_enabled=&#8220;off&#8220; button_border_color__hover_enabled=&#8220;off&#8220; button_one_border_color__hover_enabled=&#8220;off&#8220; button_two_border_color__hover_enabled=&#8220;off&#8220; button_border_radius__hover_enabled=&#8220;off&#8220; button_one_border_radius__hover_enabled=&#8220;off&#8220; button_two_border_radius__hover_enabled=&#8220;off&#8220; button_letter_spacing__hover_enabled=&#8220;off&#8220; button_one_letter_spacing__hover_enabled=&#8220;off&#8220; button_two_letter_spacing__hover_enabled=&#8220;off&#8220; button_bg_color__hover_enabled=&#8220;off&#8220; button_one_bg_color__hover_enabled=&#8220;off&#8220; button_two_bg_color__hover_enabled=&#8220;off&#8220; sticky_transition=&#8220;on&#8220;][\/et_pb_slide][\/et_pb_fullwidth_slider][\/et_pb_section][et_pb_section fb_built=&#8220;1&#8243; specialty=&#8220;on&#8220; _builder_version=&#8220;4.16&#8243; global_colors_info=&#8220;{}&#8220;][et_pb_column type=&#8220;3_4&#8243; specialty_columns=&#8220;3&#8243; _builder_version=&#8220;4.16&#8243; custom_padding=&#8220;|||&#8220; global_colors_info=&#8220;{}&#8220; custom_padding__hover=&#8220;|||&#8220;][et_pb_row_inner admin_label=&#8220;Riga&#8220; _builder_version=&#8220;4.16&#8243; global_colors_info=&#8220;{}&#8220;][et_pb_column_inner saved_specialty_column_type=&#8220;3_4&#8243; _builder_version=&#8220;4.16&#8243; custom_padding=&#8220;|||&#8220; global_colors_info=&#8220;{}&#8220; custom_padding__hover=&#8220;|||&#8220;][et_pb_text admin_label=&#8220;Intro&#8220; _builder_version=&#8220;4.16&#8243; global_colors_info=&#8220;{}&#8220;]<\/p>\n<h1>Standort der Italienisch Sprachschule Parola in Florenz<\/h1>\n<h2>Mitten im historischen Zentrum von Florenz<\/h2>\n<p>Die Italienisch Sprachschule Parola befindet sich\u00a0im <strong>historischen\u00a0Zentrum von Florenz<\/strong>, in einem historischen Geb\u00e4ude aus dem 15. Jahrhundert, <em>Palazzo Mori Ubaldini degli Alberti<\/em>, der von Giuiliano da Maiano entworfen wurde.<\/p>\n<p>[\/et_pb_text][et_pb_divider color=&#8220;#d6d6d6&#8243; admin_label=&#8220;Modulo separatore giusto&#8220; _builder_version=&#8220;4.16&#8243; background_color=&#8220;#ffffff&#8220; min_height=&#8220;0px&#8220; height=&#8220;3px&#8220; custom_margin=&#8220;27px||20px||false|false&#8220; custom_padding=&#8220;0px||||false|false&#8220; border_color_all=&#8220;rgba(0,0,0,0)&#8220; border_style_all=&#8220;none&#8220; border_color_top=&#8220;#999999&#8243; border_style_top=&#8220;solid&#8220; border_style_left=&#8220;outset&#8220; saved_tabs=&#8220;all&#8220; global_colors_info=&#8220;{}&#8220;][\/et_pb_divider][et_pb_text _builder_version=&#8220;4.16&#8243; global_colors_info=&#8220;{}&#8220;]<\/p>\n<p>Am\u00a0<strong>Ende der Stra\u00dfe befindet sich die Basilika Santa Croce<\/strong>, eine der sch\u00f6nsten Kirchen der Welt mit der Freskenreihe von Giotto und den Gr\u00e4bern ber\u00fchmter italienischer Pers\u00f6nlichkeiten wie Michelangelo, Lorenzo Ghiberti, Galileo, Rossini, Alfieri und Machiavelli.<\/p>\n<p>Dar\u00fcber hinaus befindet sich unsere <strong><a href=\"https:\/\/www.parola.it\/de\/de-italienisch-sprachschule-florenz\">Sprachschule<\/a><\/strong>\u00a0<strong>in der N\u00e4he zu den Uffizien, Ponte Vecchio<\/strong> und weiteren Sehensw\u00fcrdigkeiten.<\/p>\n<h3>Viele sch\u00f6ne Kunstst\u00e4tten<\/h3>\n<p>Unsere <strong>Sch\u00fcler k\u00f6nnen all diese sch\u00f6nen Orte besuchen<\/strong>, nachdem sie ihren Italienischkurs an der Parola Sprachschule absolviert haben. Die meisten von ihnen organisieren Museumsbesuche und machen einen Spaziergang durch die Stadt, um Florenz zu genie\u00dfen.<\/p>\n<p>Die Parola-Sprachschule bietet ihren Sch\u00fclern auch <strong><a href=\"https:\/\/www.parola.it\/de\/de_freizeit\">Freizeitaktivit\u00e4ten<\/a><\/strong> an, nachdem sie ihren Sprachunterricht beendet haben.<\/p>\n<p>[\/et_pb_text][\/et_pb_column_inner][\/et_pb_row_inner][et_pb_row_inner admin_label=&#8220;Riga&#8220; _builder_version=&#8220;4.16&#8243; custom_padding=&#8220;7px|0px|0px|0px&#8220; global_colors_info=&#8220;{}&#8220;][et_pb_column_inner saved_specialty_column_type=&#8220;3_4&#8243; _builder_version=&#8220;4.16&#8243; custom_padding=&#8220;|||&#8220; global_colors_info=&#8220;{}&#8220; custom_padding__hover=&#8220;|||&#8220;][et_pb_image src=&#8220;https:\/\/www.parola.it\/wp-content\/uploads\/2019\/01\/firenze.jpg&#8220; alt=&#8220;Ponte Vecchio und Ponte alla Grazie in Florenz&#8220; _builder_version=&#8220;4.16&#8243; global_colors_info=&#8220;{}&#8220;][\/et_pb_image][et_pb_text admin_label=&#8220;Testo + Foto&#8220; _builder_version=&#8220;4.16&#8243; text_orientation=&#8220;justified&#8220; module_alignment=&#8220;left&#8220; global_colors_info=&#8220;{}&#8220;]<\/p>\n<h3>In direkter N\u00e4he zu den Sehensw\u00fcrdigkeiten von Florenz<\/h3>\n<p>In unmittelbarer N\u00e4he der Sprachschule Parola befinden sich <strong>viele Museen und Sehensw\u00fcrdigkeiten<\/strong>, die Sie zu Fu\u00df in wenigen Minuten erreichen:<\/p>\n<ul>\n<li>Basilika Santa Croce (5 Minuten)<\/li>\n<li>Piazza della Signoria (10 Minuten)<\/li>\n<li>Ponte Vecchio (12 Minuten)<\/li>\n<li>Uffizien (10 Minuten)<\/li>\n<li>Dom (15 Minuten)<\/li>\n<li>David von Michelangelo (20 Minuten)<\/li>\n<li>Fluss Arno (5 Minuten)<\/li>\n<li>Piazzale Michelangelo (20 Minuten)<\/li>\n<li>Hauptbahnhof Santa Maria Novella (25 Minuten)<\/li>\n<\/ul>\n<p>Unser italienisches Sprachinstitut befindet sich in der Altstadt, umgeben von historischen Geb\u00e4uden, wie die <em>Basilika Santa Croce<\/em> und die<em> Uffizien<\/em>, vielen <strong>Gesch\u00e4ften und Bars<\/strong>.<\/p>\n<p>Innerhalb <b>wenigen Minuten erreichen Sie den Fluss\u00a0Arno<\/b> und die <em>Piazzale Michelangelo<\/em>.<\/p>\n<p>Durch eine gute Verkehrsanbindung sind Sie ebenfalls schnell im Gr\u00fcnen, wie im <em>Park delle Cascine<\/em>.[\/et_pb_text][et_pb_button button_url=&#8220;https:\/\/www.parola.it\/de\/de-lernen-italienisch-warum&#8220; button_text=&#8220;LERNEN IN FLORENZ&#8220; _builder_version=&#8220;4.16&#8243; background_layout=&#8220;dark&#8220; global_colors_info=&#8220;{}&#8220;][\/et_pb_button][et_pb_text admin_label=&#8220;bar&#8220; _builder_version=&#8220;4.16&#8243; global_colors_info=&#8220;{}&#8220;]<\/p>\n<h3 style=\"text-align: justify;\">Restaurants, Cafes und Bars in der N\u00e4he der Schule<\/h3>\n<p>Mit wenigen Schritte erreichen Sie viele\u00a0<strong>Restaurants, Bars und Cafes<\/strong> sowie einen Supermarkt. Wir geben Ihnen gerne unsere Empfehlungen.\u00a0<\/p>\n<p>Nach den Italienischkursen ist es wirklich m\u00f6glich, Florentiner Paninerie, Caf\u00e9s und die Trattorie des Stadtzentrums zu genie\u00dfen.<\/p>\n<p>[\/et_pb_text][et_pb_text admin_label=&#8220;Testo 2&#8243; _builder_version=&#8220;4.16&#8243; text_orientation=&#8220;justified&#8220; module_alignment=&#8220;left&#8220; global_colors_info=&#8220;{}&#8220;]<\/p>\n<h3>Sprachschule Parola &#8211; Borgo Santa Croce, 17 &#8211; 50122 Florenz (Italien)<\/h3>\n<p>Die Sprachschule befindet sich in einer<strong> sehr guten Lage<\/strong> in Florenz. Wir sind sehr nah an den wichtigsten Sehensw\u00fcrdigkeiten der Stadt.<\/p>\n<p>[\/et_pb_text][et_pb_map address=&#8220;Palazzo Mori Ubaldini degli Alberti, Borgo Santa Croce, 17, 50122 Firenze FI, Italia&#8220; address_lat=&#8220;43.768119370764&#8243; address_lng=&#8220;11.260998106746&#8243; admin_label=&#8220;Stadtplan&#8220; _builder_version=&#8220;4.16&#8243; global_colors_info=&#8220;{}&#8220;][et_pb_map_pin title=&#8220;Borgo Santa Croce, 17, 50122 Firenze&#8220; pin_address=&#8220;Palazzo Mori Ubaldini degli Alberti, Borgo Santa Croce, 17, 50122 Firenze FI, Italia&#8220; pin_address_lat=&#8220;43.7682782&#8243; pin_address_lng=&#8220;11.2610142&#8243; _builder_version=&#8220;4.5.3&#8243; global_colors_info=&#8220;{}&#8220;][\/et_pb_map_pin][\/et_pb_map][\/et_pb_column_inner][\/et_pb_row_inner][et_pb_row_inner admin_label=&#8220;Riga&#8220; _builder_version=&#8220;4.16&#8243; global_colors_info=&#8220;{}&#8220;][et_pb_column_inner saved_specialty_column_type=&#8220;3_4&#8243; _builder_version=&#8220;4.16&#8243; custom_padding=&#8220;|||&#8220; global_colors_info=&#8220;{}&#8220; custom_padding__hover=&#8220;|||&#8220;][et_pb_text _builder_version=&#8220;4.16&#8243; global_colors_info=&#8220;{}&#8220;]<\/p>\n<h4>Kontaktieren Sie die Italienisch Sprachschule Parola in Florenz<\/h4>\n<p><strong><a title=\"Kontaktieren Sie die Sprachschule Parola in Florenz\" href=\"https:\/\/www.parola.it\/de\/de_kontakt\">Kontaktieren<\/a><\/strong>\u00a0Sie bitte die\u00a0Sprachschule Parola<strong>\u00a0<\/strong>f\u00fcr <strong>weitere Informationen \u00fcber unseren Standort in Florenz<\/strong>. Oder Sie k\u00f6nnen +39 055 242182 anrufen.<\/p>\n<p>[\/et_pb_text][et_pb_button button_url=&#8220;https:\/\/www.parola.it\/de\/de_kontakt&#8220; button_text=&#8220;KONTAKT&#8220; _builder_version=&#8220;4.16&#8243; background_layout=&#8220;dark&#8220; global_colors_info=&#8220;{}&#8220;][\/et_pb_button][\/et_pb_column_inner][\/et_pb_row_inner][\/et_pb_column][et_pb_column type=&#8220;1_4&#8243; _builder_version=&#8220;4.16&#8243; custom_padding=&#8220;|||&#8220; global_colors_info=&#8220;{}&#8220; custom_padding__hover=&#8220;|||&#8220;][et_pb_text admin_label=&#8220;KONTAKT TESTO INFO&#8220; _builder_version=&#8220;4.25.1&#8243; module_alignment=&#8220;left&#8220; custom_margin=&#8220;3px||||false|false&#8220; hover_enabled=&#8220;0&#8243; global_module=&#8220;43302&#8243; locked=&#8220;off&#8220; global_colors_info=&#8220;{}&#8220; sticky_enabled=&#8220;0&#8243;]<\/p>\n<h5>KONTAKT<\/h5>\n<p>F\u00fcr<strong> weitere Informationen <\/strong>kontaktieren Sie uns hier!<\/p>\n<p><img decoding=\"async\" src=\"https:\/\/www.parola.it\/wp-content\/uploads\/2025\/03\/MAIL.png\" \/>\u00a0 Schreiben Sie uns: <strong><a href=\"mailto:info@parola.it\">info@parola.it<\/a><\/strong><\/p>\n<p><img decoding=\"async\" src=\"https:\/\/www.parola.it\/wp-content\/uploads\/2017\/10\/TEL.png\" alt=\"phone\" \/>\u00a0 Rufen Sie uns an unter dieser Nr<\/p>\n<p><a href=\"tel:+39055242182\"><strong>+39 055 242182<\/strong><\/a><\/p>\n<p>oder<\/p>\n<p><a href=\"tel:+393288997420\"><strong>+39 328 8997420<\/strong><\/a><\/p>\n<p><img decoding=\"async\" src=\"https:\/\/www.parola.it\/wp-content\/uploads\/2025\/03\/PIN.png\" \/>\u00a0 Treffen wir uns:<\/p>\n<p><strong><a href=\"https:\/\/www.parola.it\/de\/\">Borgo Santa Croce, <\/a><\/strong><strong><a href=\"https:\/\/www.parola.it\/de\/\">17 <\/a><\/strong><\/p>\n<p><strong><a href=\"https:\/\/www.parola.it\/de\/\">50122 Florenz<\/a><\/strong><\/p>\n<p>[\/et_pb_text][et_pb_image src=&#8220;https:\/\/www.parola.it\/wp-content\/uploads\/2019\/11\/cils-certified-center.png&#8220; alt=&#8220;CILS logo of Parola Italian language school&#8220; url=&#8220;https:\/\/www.unistrasi.it\/2\/531\/2761\/CILS_centre.htm&#8220; admin_label=&#8220;CILS Certified&#8220; _builder_version=&#8220;4.16&#8243; custom_margin=&#8220;||10px|0px|false|false&#8220; custom_padding=&#8220;|||26px|false|false&#8220; z_index_tablet=&#8220;500&#8243; box_shadow_horizontal_tablet=&#8220;0px&#8220; box_shadow_vertical_tablet=&#8220;0px&#8220; box_shadow_blur_tablet=&#8220;40px&#8220; box_shadow_spread_tablet=&#8220;0px&#8220; saved_tabs=&#8220;all&#8220; global_colors_info=&#8220;{}&#8220;][\/et_pb_image][et_pb_text admin_label=&#8220;Language international&#8220; _builder_version=&#8220;4.16&#8243; z_index_tablet=&#8220;500&#8243; text_text_shadow_horizontal_length_tablet=&#8220;0px&#8220; text_text_shadow_vertical_length_tablet=&#8220;0px&#8220; text_text_shadow_blur_strength_tablet=&#8220;1px&#8220; link_text_shadow_horizontal_length_tablet=&#8220;0px&#8220; link_text_shadow_vertical_length_tablet=&#8220;0px&#8220; link_text_shadow_blur_strength_tablet=&#8220;1px&#8220; ul_text_shadow_horizontal_length_tablet=&#8220;0px&#8220; ul_text_shadow_vertical_length_tablet=&#8220;0px&#8220; ul_text_shadow_blur_strength_tablet=&#8220;1px&#8220; ol_text_shadow_horizontal_length_tablet=&#8220;0px&#8220; ol_text_shadow_vertical_length_tablet=&#8220;0px&#8220; ol_text_shadow_blur_strength_tablet=&#8220;1px&#8220; quote_text_shadow_horizontal_length_tablet=&#8220;0px&#8220; quote_text_shadow_vertical_length_tablet=&#8220;0px&#8220; quote_text_shadow_blur_strength_tablet=&#8220;1px&#8220; header_text_shadow_horizontal_length_tablet=&#8220;0px&#8220; header_text_shadow_vertical_length_tablet=&#8220;0px&#8220; header_text_shadow_blur_strength_tablet=&#8220;1px&#8220; header_2_text_shadow_horizontal_length_tablet=&#8220;0px&#8220; header_2_text_shadow_vertical_length_tablet=&#8220;0px&#8220; header_2_text_shadow_blur_strength_tablet=&#8220;1px&#8220; header_3_text_shadow_horizontal_length_tablet=&#8220;0px&#8220; header_3_text_shadow_vertical_length_tablet=&#8220;0px&#8220; header_3_text_shadow_blur_strength_tablet=&#8220;1px&#8220; header_4_text_shadow_horizontal_length_tablet=&#8220;0px&#8220; header_4_text_shadow_vertical_length_tablet=&#8220;0px&#8220; header_4_text_shadow_blur_strength_tablet=&#8220;1px&#8220; header_5_text_shadow_horizontal_length_tablet=&#8220;0px&#8220; header_5_text_shadow_vertical_length_tablet=&#8220;0px&#8220; header_5_text_shadow_blur_strength_tablet=&#8220;1px&#8220; header_6_text_shadow_horizontal_length_tablet=&#8220;0px&#8220; header_6_text_shadow_vertical_length_tablet=&#8220;0px&#8220; header_6_text_shadow_blur_strength_tablet=&#8220;1px&#8220; box_shadow_horizontal_tablet=&#8220;0px&#8220; box_shadow_vertical_tablet=&#8220;0px&#8220; box_shadow_blur_tablet=&#8220;40px&#8220; box_shadow_spread_tablet=&#8220;0px&#8220; saved_tabs=&#8220;all&#8220; global_colors_info=&#8220;{}&#8220;]<\/p>\n<div id=\"LI-CEO\"><script src=\"https:\/\/www.languageinternational.com\/badge\/coe?id=68832\"><\/script><\/div>\n<p>[\/et_pb_text][et_pb_text admin_label=&#8220;Tripadvisor&#8220; _builder_version=&#8220;4.16&#8243; background_size=&#8220;initial&#8220; background_position=&#8220;top_left&#8220; background_repeat=&#8220;repeat&#8220; text_orientation=&#8220;justified&#8220; module_alignment=&#8220;left&#8220; custom_padding=&#8220;0px|||||&#8220; global_colors_info=&#8220;{}&#8220;]<\/p>\n<div id=\"TA_socialButtonBubbles330\" class=\"TA_socialButtonBubbles\">\n<ul id=\"auklTMao\" class=\"TA_links 9RHgOJ\">\n<li id=\"1LXRe3wOOst\" class=\"rPFXxcfl\"><a href=\"https:\/\/www.tripadvisor.it\/Attraction_Review-g187895-d4133618-Reviews-Parola_Italian_Language_School-Florence_Tuscany\" target=\"_blank\" rel=\"noopener\"><img decoding=\"async\" src=\"https:\/\/static.tacdn.com\/img2\/brand_refresh\/Tripadvisor_logomark.svg\" \/><\/a><\/li>\n<\/ul>\n<\/div>\n<p><script async src=\"https:\/\/www.jscache.com\/wejs?wtype=socialButtonBubbles&amp;uniq=330&amp;locationId=4133618&amp;color=green&amp;size=rect&amp;lang=it&amp;display_version=2\" data-loadtrk onload=\"this.loadtrk=true\"><\/script><\/p>\n<p>[\/et_pb_text][et_pb_text admin_label=&#8220;Sprachkurse der Parola Schule &#8220; _builder_version=&#8220;4.22.2&#8243; module_alignment=&#8220;left&#8220; custom_margin=&#8220;40px|||&#8220; global_module=&#8220;29013&#8243; saved_tabs=&#8220;all&#8220; locked=&#8220;off&#8220; global_colors_info=&#8220;{}&#8220;]<\/p>\n<p><span style=\"font-size: x-large;\"><strong><span style=\"color: #0c71c3;\">SPRACHKURSE<\/span><\/strong><\/span><\/p>\n<p><a href=\"https:\/\/www.parola.it\/de\/de-italienisch-grammatik-florenz?et_fb=1\"><strong>GRUPPENKURSE<\/strong><\/a><\/p>\n<p><a href=\"https:\/\/www.parola.it\/de\/de-einzelsprachkurse-italienisch?et_fb=1\"><strong>EINZELSPRACHKURSE<\/strong><\/a><\/p>\n<p><a href=\"https:\/\/www.parola.it\/de\/de-zusammengesetzte-kurse?et_fb=1\"><strong>KOMBINIERTE KURSE<\/strong><\/a><\/p>\n<p><strong><a href=\"https:\/\/www.parola.it\/de\/online-sprachkurse\">ONLINE-KURSE<\/a><\/strong><\/p>\n<p><a href=\"https:\/\/www.parola.it\/de\/de_aupair_kurse\" title=\"Sprachkurs f\u00fcr Au Pairs in Florenz\"><strong>AU PAIR KURS<\/strong><\/a><\/p>\n<p><strong><a href=\"https:\/\/www.parola.it\/de\/italienisch-aussprache\" title=\"Italienisch Aussprache mit Parola Schule \">AUSSPRACHE<\/a><\/strong><\/p>\n<p><strong><a href=\"https:\/\/www.parola.it\/de\/de-cils-certifikat-italien\" title=\"Cils Zertifikat an der Parola Sprachschule in Florenz\">CILS ZERTIFIKAT\u00a0<\/a><\/strong><\/p>\n<p><a href=\"https:\/\/www.parola.it\/de\/de_italienisch_kurse?et_fb=1\"><strong>ITALIENISCHKURSE<\/strong><\/a><\/p>\n<p>[\/et_pb_text][et_pb_text admin_label=&#8220;Informationen \u00fcber die Parola Schule &#8220; _builder_version=&#8220;4.25.1&#8243; text_font=&#8220;||||&#8220; header_font=&#8220;||||&#8220; module_alignment=&#8220;left&#8220; custom_margin=&#8220;22px|||||&#8220; use_border_color=&#8220;off&#8220; global_module=&#8220;9468&#8243; saved_tabs=&#8220;all&#8220; locked=&#8220;off&#8220; global_colors_info=&#8220;{}&#8220;]<\/p>\n<p><span style=\"font-size: x-large;\"><strong><span style=\"color: #0c71c3;\">INFORMATIONEN<\/span><\/strong><\/span><\/p>\n<p><strong><a href=\"https:\/\/www.parola.it\/de\/de_preise_schule?et_fb=1\">PREISE<\/a><\/strong><\/p>\n<p><strong><a href=\"https:\/\/www.parola.it\/de\/de_kontakt?et_fb=1\">KONTAKT<\/a><\/strong><\/p>\n<p><strong><a href=\"de-sprachschule-parola-lage\/\">LAGE DER SCHULE<\/a><\/strong><\/p>\n<p><a href=\"https:\/\/www.parola.it\/de\/de-termine-sprachkurse-florenz-2\" title=\"Daten\"><strong>DATEN <\/strong><\/a><\/p>\n<p><a href=\"de_freizeit\/\"><strong>FREIZEITAKTIVIT\u00c4TEN <\/strong><\/a><\/p>\n<p><a href=\"de-rabatte-italienisch-sprachkurse\/\"><strong>RABATTE<\/strong><\/a><\/p>\n<p><a href=\"de-lehrer-methoden\/\"><strong>LEHRMETHODEN<\/strong><\/a><\/p>\n<p><a href=\"de-gestellte-fragen-sprachschule\/\"><strong>H\u00c4UFIG GESTELLTE FRAGEN<\/strong><\/a><\/p>\n<p><strong><span style=\"font-size: x-large;\"><span style=\"color: #0c71c3;\">MEHR ERFAHREN<\/span><\/span><\/strong><\/p>\n<p><a href=\"de-lernen-italienisch-warum\/\"><strong>LERNEN IN FLORENZ<\/strong><\/a><\/p>\n<p><a href=\"de_stipendien_cils\/\"><strong>STIPENDIEN<\/strong><\/a><\/p>\n<p><a href=\"de_unterkunft\/\"><strong>UNTERKUNFT IN FLORENZ<\/strong><\/a><\/p>\n<p>[\/et_pb_text][\/et_pb_column][\/et_pb_section][et_pb_section fb_built=&#8220;1&#8243; fullwidth=&#8220;on&#8220; _builder_version=&#8220;4.16&#8243; global_colors_info=&#8220;{}&#8220;][et_pb_fullwidth_menu menu_id=&#8220;2060&#8243; _builder_version=&#8220;4.16&#8243; global_colors_info=&#8220;{}&#8220;][\/et_pb_fullwidth_menu][\/et_pb_section]<\/p>\n","protected":false},"excerpt":{"rendered":"<p>Standort der Italienisch Sprachschule Parola in Florenz Mitten im historischen Zentrum von Florenz Die Italienisch Sprachschule Parola befindet sich\u00a0im historischen\u00a0Zentrum von Florenz, in einem historischen Geb\u00e4ude aus dem 15. Jahrhundert, Palazzo Mori Ubaldini degli Alberti, der von Giuiliano da Maiano entworfen wurde.Am\u00a0Ende der Stra\u00dfe befindet sich die Basilika Santa Croce, eine der sch\u00f6nsten Kirchen der [&hellip;]<\/p>\n","protected":false},"author":1,"featured_media":6916,"parent":0,"menu_order":0,"comment_status":"closed","ping_status":"closed","template":"","meta":{"_et_pb_use_builder":"on","_et_pb_old_content":"","_et_gb_content_width":"","footnotes":""},"class_list":["post-9551","page","type-page","status-publish","has-post-thumbnail","hentry"],"yoast_head":"<!-- This site is optimized with the Yoast SEO plugin v27.4 - https:\/\/yoast.com\/product\/yoast-seo-wordpress\/ -->\n<title>Standort unserer Italienisch Sprachschule in Florenz | Parola Schule<\/title>\n<meta name=\"description\" content=\"Standort der Italienisch Sprachschule Parola in Florenz. Parola befindet sich im Zentrum von Florenz in der N\u00e4he der wichtigsten Sehensw\u00fcrdigkeiten.\" \/>\n<meta name=\"robots\" content=\"index, follow, max-snippet:-1, max-image-preview:large, max-video-preview:-1\" \/>\n<link rel=\"canonical\" href=\"https:\/\/www.parola.it\/de\/de-sprachschule-parola-lage\/\" \/>\n<meta property=\"og:locale\" content=\"de_DE\" \/>\n<meta property=\"og:type\" content=\"article\" \/>\n<meta property=\"og:title\" content=\"Standort unserer Italienisch Sprachschule in Florenz | Parola Schule\" \/>\n<meta property=\"og:description\" content=\"Standort der Italienisch Sprachschule Parola in Florenz. Parola befindet sich im Zentrum von Florenz in der N\u00e4he der wichtigsten Sehensw\u00fcrdigkeiten.\" \/>\n<meta property=\"og:url\" content=\"https:\/\/www.parola.it\/de\/de-sprachschule-parola-lage\/\" \/>\n<meta property=\"og:site_name\" content=\"Italian Language School in Florence | Parola School\" \/>\n<meta property=\"article:publisher\" content=\"https:\/\/www.facebook.com\/Italian.language.school.florence\/\" \/>\n<meta property=\"article:modified_time\" content=\"2025-05-06T13:39:02+00:00\" \/>\n<meta property=\"og:image\" content=\"https:\/\/www.parola.it\/wp-content\/uploads\/2018\/01\/santa-croce-3072317_1920.jpg\" \/>\n\t<meta property=\"og:image:width\" content=\"1920\" \/>\n\t<meta property=\"og:image:height\" content=\"1305\" \/>\n\t<meta property=\"og:image:type\" content=\"image\/jpeg\" \/>\n<meta name=\"twitter:card\" content=\"summary_large_image\" \/>\n<meta name=\"twitter:site\" content=\"@Parola_School\" \/>\n<meta name=\"twitter:label1\" content=\"Gesch\u00e4tzte Lesezeit\" \/>\n\t<meta name=\"twitter:data1\" content=\"9\u00a0Minuten\" \/>\n<script type=\"application\/ld+json\" class=\"yoast-schema-graph\">{\"@context\":\"https:\\\/\\\/schema.org\",\"@graph\":[{\"@type\":\"WebPage\",\"@id\":\"https:\\\/\\\/www.parola.it\\\/de\\\/de-sprachschule-parola-lage\\\/\",\"url\":\"https:\\\/\\\/www.parola.it\\\/de\\\/de-sprachschule-parola-lage\\\/\",\"name\":\"Standort unserer Italienisch Sprachschule in Florenz | Parola Schule\",\"isPartOf\":{\"@id\":\"https:\\\/\\\/www.parola.it\\\/#website\"},\"primaryImageOfPage\":{\"@id\":\"https:\\\/\\\/www.parola.it\\\/de\\\/de-sprachschule-parola-lage\\\/#primaryimage\"},\"image\":{\"@id\":\"https:\\\/\\\/www.parola.it\\\/de\\\/de-sprachschule-parola-lage\\\/#primaryimage\"},\"thumbnailUrl\":\"https:\\\/\\\/www.parola.it\\\/wp-content\\\/uploads\\\/2018\\\/01\\\/santa-croce-3072317_1920.jpg\",\"datePublished\":\"2018-01-11T16:05:03+00:00\",\"dateModified\":\"2025-05-06T13:39:02+00:00\",\"description\":\"Standort der Italienisch Sprachschule Parola in Florenz. Parola befindet sich im Zentrum von Florenz in der N\u00e4he der wichtigsten Sehensw\u00fcrdigkeiten.\",\"breadcrumb\":{\"@id\":\"https:\\\/\\\/www.parola.it\\\/de\\\/de-sprachschule-parola-lage\\\/#breadcrumb\"},\"inLanguage\":\"de\",\"potentialAction\":[{\"@type\":\"ReadAction\",\"target\":[\"https:\\\/\\\/www.parola.it\\\/de\\\/de-sprachschule-parola-lage\\\/\"]}]},{\"@type\":\"ImageObject\",\"inLanguage\":\"de\",\"@id\":\"https:\\\/\\\/www.parola.it\\\/de\\\/de-sprachschule-parola-lage\\\/#primaryimage\",\"url\":\"https:\\\/\\\/www.parola.it\\\/wp-content\\\/uploads\\\/2018\\\/01\\\/santa-croce-3072317_1920.jpg\",\"contentUrl\":\"https:\\\/\\\/www.parola.it\\\/wp-content\\\/uploads\\\/2018\\\/01\\\/santa-croce-3072317_1920.jpg\",\"width\":1920,\"height\":1305,\"caption\":\"Church of Santa Croce in Florence\"},{\"@type\":\"BreadcrumbList\",\"@id\":\"https:\\\/\\\/www.parola.it\\\/de\\\/de-sprachschule-parola-lage\\\/#breadcrumb\",\"itemListElement\":[{\"@type\":\"ListItem\",\"position\":1,\"name\":\"Accueil\",\"item\":\"https:\\\/\\\/www.parola.it\\\/de\\\/\"},{\"@type\":\"ListItem\",\"position\":2,\"name\":\"LAGE DER SPRACHSCHULE\"}]},{\"@type\":\"WebSite\",\"@id\":\"https:\\\/\\\/www.parola.it\\\/#website\",\"url\":\"https:\\\/\\\/www.parola.it\\\/\",\"name\":\"Italian Language School in Florence | Parola School\",\"description\":\"Learn Italian with Parola Italian language school in Florence. Language courses at a competitive price with quality teaching.\",\"publisher\":{\"@id\":\"https:\\\/\\\/www.parola.it\\\/#organization\"},\"alternateName\":\"Parola School\",\"potentialAction\":[{\"@type\":\"SearchAction\",\"target\":{\"@type\":\"EntryPoint\",\"urlTemplate\":\"https:\\\/\\\/www.parola.it\\\/?s={search_term_string}\"},\"query-input\":{\"@type\":\"PropertyValueSpecification\",\"valueRequired\":true,\"valueName\":\"search_term_string\"}}],\"inLanguage\":\"de\"},{\"@type\":\"Organization\",\"@id\":\"https:\\\/\\\/www.parola.it\\\/#organization\",\"name\":\"Parola Italian Language School in Florence\",\"alternateName\":\"Italian Language Courses in Florence\",\"url\":\"https:\\\/\\\/www.parola.it\\\/\",\"logo\":{\"@type\":\"ImageObject\",\"inLanguage\":\"de\",\"@id\":\"https:\\\/\\\/www.parola.it\\\/#\\\/schema\\\/logo\\\/image\\\/\",\"url\":\"https:\\\/\\\/www.parola.it\\\/wp-content\\\/uploads\\\/2019\\\/03\\\/logo-parola-language-school-1-e1721760774400.png\",\"contentUrl\":\"https:\\\/\\\/www.parola.it\\\/wp-content\\\/uploads\\\/2019\\\/03\\\/logo-parola-language-school-1-e1721760774400.png\",\"width\":145,\"height\":53,\"caption\":\"Parola Italian Language School in Florence\"},\"image\":{\"@id\":\"https:\\\/\\\/www.parola.it\\\/#\\\/schema\\\/logo\\\/image\\\/\"},\"sameAs\":[\"https:\\\/\\\/www.facebook.com\\\/Italian.language.school.florence\\\/\",\"https:\\\/\\\/x.com\\\/Parola_School\",\"https:\\\/\\\/www.instagram.com\\\/scuola_parola\\\/?hl=it\",\"https:\\\/\\\/www.linkedin.com\\\/in\\\/parola-italian-language-school-0a504114\\\/\",\"https:\\\/\\\/it.pinterest.com\\\/pin\\\/10344274122092210\\\/\",\"https:\\\/\\\/www.youtube.com\\\/channel\\\/UCKQkiBkXnIh9Df27KWD66rA?view_as=subscriber\",\"https:\\\/\\\/www.tripadvisor.com\\\/Attraction_Review-g187895-d4133618-Reviews-Parola_Italian_Language_School-Florence_Tuscany\"]}]}<\/script>\n<!-- \/ Yoast SEO plugin. -->","yoast_head_json":{"title":"Standort unserer Italienisch Sprachschule in Florenz | Parola Schule","description":"Standort der Italienisch Sprachschule Parola in Florenz. Parola befindet sich im Zentrum von Florenz in der N\u00e4he der wichtigsten Sehensw\u00fcrdigkeiten.","robots":{"index":"index","follow":"follow","max-snippet":"max-snippet:-1","max-image-preview":"max-image-preview:large","max-video-preview":"max-video-preview:-1"},"canonical":"https:\/\/www.parola.it\/de\/de-sprachschule-parola-lage\/","og_locale":"de_DE","og_type":"article","og_title":"Standort unserer Italienisch Sprachschule in Florenz | Parola Schule","og_description":"Standort der Italienisch Sprachschule Parola in Florenz. Parola befindet sich im Zentrum von Florenz in der N\u00e4he der wichtigsten Sehensw\u00fcrdigkeiten.","og_url":"https:\/\/www.parola.it\/de\/de-sprachschule-parola-lage\/","og_site_name":"Italian Language School in Florence | Parola School","article_publisher":"https:\/\/www.facebook.com\/Italian.language.school.florence\/","article_modified_time":"2025-05-06T13:39:02+00:00","og_image":[{"width":1920,"height":1305,"url":"https:\/\/www.parola.it\/wp-content\/uploads\/2018\/01\/santa-croce-3072317_1920.jpg","type":"image\/jpeg"}],"twitter_card":"summary_large_image","twitter_site":"@Parola_School","twitter_misc":{"Gesch\u00e4tzte Lesezeit":"9\u00a0Minuten"},"schema":{"@context":"https:\/\/schema.org","@graph":[{"@type":"WebPage","@id":"https:\/\/www.parola.it\/de\/de-sprachschule-parola-lage\/","url":"https:\/\/www.parola.it\/de\/de-sprachschule-parola-lage\/","name":"Standort unserer Italienisch Sprachschule in Florenz | Parola Schule","isPartOf":{"@id":"https:\/\/www.parola.it\/#website"},"primaryImageOfPage":{"@id":"https:\/\/www.parola.it\/de\/de-sprachschule-parola-lage\/#primaryimage"},"image":{"@id":"https:\/\/www.parola.it\/de\/de-sprachschule-parola-lage\/#primaryimage"},"thumbnailUrl":"https:\/\/www.parola.it\/wp-content\/uploads\/2018\/01\/santa-croce-3072317_1920.jpg","datePublished":"2018-01-11T16:05:03+00:00","dateModified":"2025-05-06T13:39:02+00:00","description":"Standort der Italienisch Sprachschule Parola in Florenz. Parola befindet sich im Zentrum von Florenz in der N\u00e4he der wichtigsten Sehensw\u00fcrdigkeiten.","breadcrumb":{"@id":"https:\/\/www.parola.it\/de\/de-sprachschule-parola-lage\/#breadcrumb"},"inLanguage":"de","potentialAction":[{"@type":"ReadAction","target":["https:\/\/www.parola.it\/de\/de-sprachschule-parola-lage\/"]}]},{"@type":"ImageObject","inLanguage":"de","@id":"https:\/\/www.parola.it\/de\/de-sprachschule-parola-lage\/#primaryimage","url":"https:\/\/www.parola.it\/wp-content\/uploads\/2018\/01\/santa-croce-3072317_1920.jpg","contentUrl":"https:\/\/www.parola.it\/wp-content\/uploads\/2018\/01\/santa-croce-3072317_1920.jpg","width":1920,"height":1305,"caption":"Church of Santa Croce in Florence"},{"@type":"BreadcrumbList","@id":"https:\/\/www.parola.it\/de\/de-sprachschule-parola-lage\/#breadcrumb","itemListElement":[{"@type":"ListItem","position":1,"name":"Accueil","item":"https:\/\/www.parola.it\/de\/"},{"@type":"ListItem","position":2,"name":"LAGE DER SPRACHSCHULE"}]},{"@type":"WebSite","@id":"https:\/\/www.parola.it\/#website","url":"https:\/\/www.parola.it\/","name":"Italian Language School in Florence | Parola School","description":"Learn Italian with Parola Italian language school in Florence. Language courses at a competitive price with quality teaching.","publisher":{"@id":"https:\/\/www.parola.it\/#organization"},"alternateName":"Parola School","potentialAction":[{"@type":"SearchAction","target":{"@type":"EntryPoint","urlTemplate":"https:\/\/www.parola.it\/?s={search_term_string}"},"query-input":{"@type":"PropertyValueSpecification","valueRequired":true,"valueName":"search_term_string"}}],"inLanguage":"de"},{"@type":"Organization","@id":"https:\/\/www.parola.it\/#organization","name":"Parola Italian Language School in Florence","alternateName":"Italian Language Courses in Florence","url":"https:\/\/www.parola.it\/","logo":{"@type":"ImageObject","inLanguage":"de","@id":"https:\/\/www.parola.it\/#\/schema\/logo\/image\/","url":"https:\/\/www.parola.it\/wp-content\/uploads\/2019\/03\/logo-parola-language-school-1-e1721760774400.png","contentUrl":"https:\/\/www.parola.it\/wp-content\/uploads\/2019\/03\/logo-parola-language-school-1-e1721760774400.png","width":145,"height":53,"caption":"Parola Italian Language School in Florence"},"image":{"@id":"https:\/\/www.parola.it\/#\/schema\/logo\/image\/"},"sameAs":["https:\/\/www.facebook.com\/Italian.language.school.florence\/","https:\/\/x.com\/Parola_School","https:\/\/www.instagram.com\/scuola_parola\/?hl=it","https:\/\/www.linkedin.com\/in\/parola-italian-language-school-0a504114\/","https:\/\/it.pinterest.com\/pin\/10344274122092210\/","https:\/\/www.youtube.com\/channel\/UCKQkiBkXnIh9Df27KWD66rA?view_as=subscriber","https:\/\/www.tripadvisor.com\/Attraction_Review-g187895-d4133618-Reviews-Parola_Italian_Language_School-Florence_Tuscany"]}]}},"_links":{"self":[{"href":"https:\/\/www.parola.it\/de\/wp-json\/wp\/v2\/pages\/9551","targetHints":{"allow":["GET"]}}],"collection":[{"href":"https:\/\/www.parola.it\/de\/wp-json\/wp\/v2\/pages"}],"about":[{"href":"https:\/\/www.parola.it\/de\/wp-json\/wp\/v2\/types\/page"}],"author":[{"embeddable":true,"href":"https:\/\/www.parola.it\/de\/wp-json\/wp\/v2\/users\/1"}],"replies":[{"embeddable":true,"href":"https:\/\/www.parola.it\/de\/wp-json\/wp\/v2\/comments?post=9551"}],"version-history":[{"count":5,"href":"https:\/\/www.parola.it\/de\/wp-json\/wp\/v2\/pages\/9551\/revisions"}],"predecessor-version":[{"id":75728,"href":"https:\/\/www.parola.it\/de\/wp-json\/wp\/v2\/pages\/9551\/revisions\/75728"}],"wp:featuredmedia":[{"embeddable":true,"href":"https:\/\/www.parola.it\/de\/wp-json\/wp\/v2\/media\/6916"}],"wp:attachment":[{"href":"https:\/\/www.parola.it\/de\/wp-json\/wp\/v2\/media?parent=9551"}],"curies":[{"name":"wp","href":"https:\/\/api.w.org\/{rel}","templated":true}]}}