{"id":2503,"date":"2017-11-07T16:26:03","date_gmt":"2017-11-07T15:26:03","guid":{"rendered":"https:\/\/www.parola.it\/evening-italian-language-courses\/"},"modified":"2025-03-24T13:04:03","modified_gmt":"2025-03-24T12:04:03","slug":"de-abend-kurse-florenz","status":"publish","type":"page","link":"https:\/\/www.parola.it\/de\/de-abend-kurse-florenz\/","title":{"rendered":"ABENDKURSE"},"content":{"rendered":"<p>[et_pb_section fb_built=&#8220;1&#8243; fullwidth=&#8220;on&#8220; _builder_version=&#8220;4.16&#8243; global_colors_info=&#8220;{}&#8220;][et_pb_fullwidth_slider show_content_on_mobile=&#8220;off&#8220; show_cta_on_mobile=&#8220;off&#8220; _builder_version=&#8220;4.16&#8243; background_size=&#8220;initial&#8220; background_position=&#8220;top_left&#8220; background_repeat=&#8220;repeat&#8220; auto=&#8220;on&#8220; auto_speed=&#8220;3000&#8243; auto_ignore_hover=&#8220;on&#8220; global_colors_info=&#8220;{}&#8220; button_text_size__hover_enabled=&#8220;off&#8220; button_one_text_size__hover_enabled=&#8220;off&#8220; button_two_text_size__hover_enabled=&#8220;off&#8220; button_text_color__hover_enabled=&#8220;off&#8220; button_one_text_color__hover_enabled=&#8220;off&#8220; button_two_text_color__hover_enabled=&#8220;off&#8220; button_border_width__hover_enabled=&#8220;off&#8220; button_one_border_width__hover_enabled=&#8220;off&#8220; button_two_border_width__hover_enabled=&#8220;off&#8220; button_border_color__hover_enabled=&#8220;off&#8220; button_one_border_color__hover_enabled=&#8220;off&#8220; button_two_border_color__hover_enabled=&#8220;off&#8220; button_border_radius__hover_enabled=&#8220;off&#8220; button_one_border_radius__hover_enabled=&#8220;off&#8220; button_two_border_radius__hover_enabled=&#8220;off&#8220; button_letter_spacing__hover_enabled=&#8220;off&#8220; button_one_letter_spacing__hover_enabled=&#8220;off&#8220; button_two_letter_spacing__hover_enabled=&#8220;off&#8220; button_bg_color__hover_enabled=&#8220;off&#8220; button_one_bg_color__hover_enabled=&#8220;off&#8220; button_two_bg_color__hover_enabled=&#8220;off&#8220;][et_pb_slide heading=&#8220; Italienisch Sprachkurse am Abend an Parola Sprachschule&#8220; button_text=&#8220;UNSERE ITALIENISCHKURSE&#8220; button_link=&#8220;https:\/\/www.parola.it\/de\/de_italienisch_kurse&#8220; use_bg_overlay=&#8220;on&#8220; bg_overlay_color=&#8220;rgba(0,0,0,0.1)&#8220; use_text_overlay=&#8220;off&#8220; _builder_version=&#8220;4.16&#8243; header_font=&#8220;||||&#8220; body_font=&#8220;||||&#8220; background_color=&#8220;#ffffff&#8220; background_image=&#8220;https:\/\/www.parola.it\/wp-content\/uploads\/2019\/10\/evening-course-florence.jpg&#8220; background_enable_image=&#8220;on&#8220; background_position=&#8220;top_left&#8220; button_on_hover=&#8220;on&#8220; global_colors_info=&#8220;{}&#8220; button_text_size__hover_enabled=&#8220;off&#8220; button_one_text_size__hover_enabled=&#8220;off&#8220; button_two_text_size__hover_enabled=&#8220;off&#8220; button_text_color__hover_enabled=&#8220;off&#8220; button_one_text_color__hover_enabled=&#8220;off&#8220; button_two_text_color__hover_enabled=&#8220;off&#8220; button_border_width__hover_enabled=&#8220;off&#8220; button_one_border_width__hover_enabled=&#8220;off&#8220; button_two_border_width__hover_enabled=&#8220;off&#8220; button_border_color__hover_enabled=&#8220;off&#8220; button_one_border_color__hover_enabled=&#8220;off&#8220; button_two_border_color__hover_enabled=&#8220;off&#8220; button_border_radius__hover_enabled=&#8220;off&#8220; button_one_border_radius__hover_enabled=&#8220;off&#8220; button_two_border_radius__hover_enabled=&#8220;off&#8220; button_letter_spacing__hover_enabled=&#8220;off&#8220; button_one_letter_spacing__hover_enabled=&#8220;off&#8220; button_two_letter_spacing__hover_enabled=&#8220;off&#8220; button_bg_color__hover_enabled=&#8220;off&#8220; button_one_bg_color__hover_enabled=&#8220;off&#8220; button_two_bg_color__hover_enabled=&#8220;off&#8220; sticky_transition=&#8220;on&#8220;][\/et_pb_slide][\/et_pb_fullwidth_slider][\/et_pb_section][et_pb_section fb_built=&#8220;1&#8243; specialty=&#8220;on&#8220; _builder_version=&#8220;4.16&#8243; global_colors_info=&#8220;{}&#8220;][et_pb_column type=&#8220;3_4&#8243; specialty_columns=&#8220;3&#8243; _builder_version=&#8220;4.16&#8243; custom_padding=&#8220;|||&#8220; global_colors_info=&#8220;{}&#8220; custom_padding__hover=&#8220;|||&#8220;][et_pb_row_inner _builder_version=&#8220;4.22.2&#8243; custom_padding=&#8220;0px|0px|0px|0px&#8220; global_colors_info=&#8220;{}&#8220;][et_pb_column_inner saved_specialty_column_type=&#8220;3_4&#8243; _builder_version=&#8220;4.16&#8243; custom_padding=&#8220;|||&#8220; global_colors_info=&#8220;{}&#8220; custom_padding__hover=&#8220;|||&#8220;][et_pb_text _builder_version=&#8220;4.22.2&#8243; text_orientation=&#8220;justified&#8220; custom_margin=&#8220;30px||||false|false&#8220; global_colors_info=&#8220;{}&#8220;]<\/p>\n<h1>Italienisch-Abendkurse in Florenz<\/h1>\n<h2>Lernen Sie Italienisch in unseren Abendkursen<\/h2>\n<p>Verbessern Sie Ihre Sprachkenntnisse und tauchen Sie in die <strong>Sch\u00f6nheit der italienischen Kultur<\/strong> ein \u2013 mit unseren Abendkursen an der Parola-Sprachschule in Florenz.<\/p>\n<p>Die Schule bietet Italienisch-Abendkurse an, die aus einzelnen Lektionen bestehen und <strong>von Montag bis Freitag<\/strong> <strong>zwischen 16.00 und 20.00<\/strong> Uhr in der N\u00e4he der Piazza Santa Croce im historischen Zentrum von Florenz stattfinden.<\/p>\n<p>Au\u00dferdem bieten wir in unserer Sprachschule auch <strong><a href=\"https:\/\/www.parola.it\/de\/online-sprachkurse\/\">Online-Italienischkurse<\/a><\/strong> an. Diese Kurse werden von erfahrenen und professionellen Lehrern angeboten.<\/p>\n<p>[\/et_pb_text][et_pb_text _builder_version=&#8220;4.16&#8243; global_colors_info=&#8220;{}&#8220;]<\/p>\n<h3>Wer nimmt am Abendsprachkurs in der Schule Parola teil ?<\/h3>\n<p>Unsere Abendkurse richten sich an\u00a0<strong>Kunststudenten, Studenten an Modeschulen oder Berufst\u00e4tige<\/strong>, die w\u00e4hrend des Tages arbeiten und Italienisch in Florenz nach ihren t\u00e4glichen Verpflichtungen lernen wollen.<\/p>\n<p>Parola Abendkurse sind besonders geeignet f\u00fcr internationale Studenten, die andere Bereiche in Florenz studieren und ein Italienisch-Sprachtraining f\u00fcr ihr Hauptstudium brauchen.<\/p>\n<p>[\/et_pb_text][et_pb_divider color=&#8220;#d6d6d6&#8243; admin_label=&#8220;Modulo separatore giusto&#8220; _builder_version=&#8220;4.16&#8243; background_color=&#8220;#ffffff&#8220; min_height=&#8220;0px&#8220; height=&#8220;3px&#8220; custom_margin=&#8220;27px||20px||false|false&#8220; custom_padding=&#8220;0px||||false|false&#8220; border_color_all=&#8220;rgba(0,0,0,0)&#8220; border_style_all=&#8220;none&#8220; border_color_top=&#8220;#999999&#8243; border_style_top=&#8220;solid&#8220; border_style_left=&#8220;outset&#8220; saved_tabs=&#8220;all&#8220; global_colors_info=&#8220;{}&#8220;][\/et_pb_divider][et_pb_text _builder_version=&#8220;4.16&#8243; _module_preset=&#8220;default&#8220; global_colors_info=&#8220;{}&#8220;]<\/p>\n<p>Durch die Anmeldung in unseren Abend-Sprachkursen haben Studenten eine ausgezeichnete M\u00f6glichkeit, Italienisch zu einer flexibleren Zeit zu lernen.<\/p>\n<p><strong>Studenten erhalten somit professionellen Sprachunterricht<\/strong>, der f\u00fcr ihren Aufenthalt in Italien von gro\u00dfem Nutzen ist.<\/p>\n<p>[\/et_pb_text][et_pb_button button_url=&#8220;https:\/\/www.parola.it\/de\/de_kontakt&#8220; button_text=&#8220;KONTAKT&#8220; admin_label=&#8220;Pulsante Kontakt&#8220; _builder_version=&#8220;4.5.3&#8243; background_layout=&#8220;dark&#8220; global_module=&#8220;43015&#8243; saved_tabs=&#8220;all&#8220; global_colors_info=&#8220;{}&#8220;][\/et_pb_button][et_pb_image src=&#8220;https:\/\/www.parola.it\/wp-content\/uploads\/2018\/02\/italian-language-students.jpg&#8220; alt=&#8220;Studenten vor der Sprachschule Parola in Florenz&#8220; align_tablet=&#8220;center&#8220; align_phone=&#8220;&#8220; align_last_edited=&#8220;on|desktop&#8220; _builder_version=&#8220;4.16&#8243; global_colors_info=&#8220;{}&#8220;]<br \/>\n[\/et_pb_image][et_pb_text _builder_version=&#8220;4.16&#8243; global_colors_info=&#8220;{}&#8220;]<\/p>\n<p>Die Parola-Sprachschule<strong> befindet sich in Borgo Santa Croce 17 in Florenz<\/strong>, in der N\u00e4he vom Piazza Santa Croce.<\/p>\n<p><strong><a title=\"Kontaktiern Sie unsere Sprachschule\" href=\"https:\/\/www.parola.it\/de\/de_kontakt\/?et_fb=1\">Kontaktieren<\/a><\/strong>\u00a0Sie Parola f\u00fcr <strong>weitere Informationen<\/strong> \u00fcber die Abendkurse im historischen Zentrum von Florenz.<\/p>\n<p>[\/et_pb_text][\/et_pb_column_inner][\/et_pb_row_inner][et_pb_row_inner _builder_version=&#8220;4.16&#8243; global_colors_info=&#8220;{}&#8220;][et_pb_column_inner saved_specialty_column_type=&#8220;3_4&#8243; _builder_version=&#8220;4.16&#8243; custom_padding=&#8220;|||&#8220; global_colors_info=&#8220;{}&#8220; custom_padding__hover=&#8220;|||&#8220;][et_pb_text _builder_version=&#8220;4.16&#8243; global_colors_info=&#8220;{}&#8220;]<\/p>\n<h3>Preise unserer Abendkurse in Florenz<\/h3>\n<p>Unser Italienisch-Abendkurs besteht aus <strong>2 Sprachstunden pro Woche<\/strong>.<\/p>\n<p>Die Preise f\u00fcr den Sprachkurs sind wie folgt:<\/p>\n<p>[\/et_pb_text][et_pb_pricing_tables header_background_color=&#8220;#ff6600&#8243; show_bullet=&#8220;off&#8220; featured_table_bullet_color=&#8220;rgba(255,255,255,0)&#8220; show_featured_drop_shadow=&#8220;off&#8220; admin_label=&#8220;Tabella Orari&#8220; _builder_version=&#8220;4.16&#8243; header_text_color=&#8220;#ffffff&#8220; header_level=&#8220;h3&#8243; header_font_size=&#8220;15&#8243; body_text_align=&#8220;center&#8220; text_orientation=&#8220;center&#8220; custom_margin=&#8220;||30px|&#8220; custom_padding=&#8220;||-10px|&#8220; center_list_items=&#8220;on&#8220; global_colors_info=&#8220;{}&#8220; button_text_size__hover_enabled=&#8220;off&#8220; button_one_text_size__hover_enabled=&#8220;off&#8220; button_two_text_size__hover_enabled=&#8220;off&#8220; button_text_color__hover_enabled=&#8220;off&#8220; button_one_text_color__hover_enabled=&#8220;off&#8220; button_two_text_color__hover_enabled=&#8220;off&#8220; button_border_width__hover_enabled=&#8220;off&#8220; button_one_border_width__hover_enabled=&#8220;off&#8220; button_two_border_width__hover_enabled=&#8220;off&#8220; button_border_color__hover_enabled=&#8220;off&#8220; button_one_border_color__hover_enabled=&#8220;off&#8220; button_two_border_color__hover_enabled=&#8220;off&#8220; button_border_radius__hover_enabled=&#8220;off&#8220; button_one_border_radius__hover_enabled=&#8220;off&#8220; button_two_border_radius__hover_enabled=&#8220;off&#8220; button_letter_spacing__hover_enabled=&#8220;off&#8220; button_one_letter_spacing__hover_enabled=&#8220;off&#8220; button_two_letter_spacing__hover_enabled=&#8220;off&#8220; button_bg_color__hover_enabled=&#8220;off&#8220; button_one_bg_color__hover_enabled=&#8220;off&#8220; button_two_bg_color__hover_enabled=&#8220;off&#8220;][et_pb_pricing_table title=&#8220;Individueller Unterricht&#8220; _builder_version=&#8220;4.22.2&#8243; header_level=&#8220;h3&#8243; header_font=&#8220;||||&#8220; header_text_align=&#8220;center&#8220; header_text_color=&#8220;#ffffff&#8220; header_font_size=&#8220;21px&#8220; body_font=&#8220;||||&#8220; body_text_color=&#8220;#303030&#8243; subheader_font=&#8220;||||&#8220; price_font=&#8220;||||&#8220; currency_frequency_font=&#8220;||||&#8220; button_icon_placement=&#8220;right&#8220; button_on_hover=&#8220;on&#8220; global_colors_info=&#8220;{}&#8220; button_text_size__hover_enabled=&#8220;off&#8220; button_one_text_size__hover_enabled=&#8220;off&#8220; button_two_text_size__hover_enabled=&#8220;off&#8220; button_text_color__hover_enabled=&#8220;off&#8220; button_one_text_color__hover_enabled=&#8220;off&#8220; button_two_text_color__hover_enabled=&#8220;off&#8220; button_border_width__hover_enabled=&#8220;off&#8220; button_one_border_width__hover_enabled=&#8220;off&#8220; button_two_border_width__hover_enabled=&#8220;off&#8220; button_border_color__hover_enabled=&#8220;off&#8220; button_one_border_color__hover_enabled=&#8220;off&#8220; button_two_border_color__hover_enabled=&#8220;off&#8220; button_border_radius__hover_enabled=&#8220;off&#8220; button_one_border_radius__hover_enabled=&#8220;off&#8220; button_two_border_radius__hover_enabled=&#8220;off&#8220; button_letter_spacing__hover_enabled=&#8220;off&#8220; button_one_letter_spacing__hover_enabled=&#8220;off&#8220; button_two_letter_spacing__hover_enabled=&#8220;off&#8220; button_bg_color__hover_enabled=&#8220;off&#8220; button_one_bg_color__hover_enabled=&#8220;off&#8220; button_two_bg_color__hover_enabled=&#8220;off&#8220; sticky_transition=&#8220;on&#8220;]<\/p>\n<p>Einzelunterricht in der Parola Schule kostet 240\u20ac f\u00fcr 4 Wochen (8 Stunden).<\/p>\n<p>Eine individuelle Italienisch-Sprachstunde bei Ihnen zu Hause liegt bei 40\u20ac pro Stunde (mindestens 10 Stunden).<\/p>\n<p>[\/et_pb_pricing_table][et_pb_pricing_table title=&#8220;Gruppenunterricht&#8220; _builder_version=&#8220;4.22.2&#8243; header_level=&#8220;h3&#8243; header_font=&#8220;||||&#8220; header_text_align=&#8220;center&#8220; header_text_color=&#8220;#ffffff&#8220; header_font_size=&#8220;21px&#8220; body_font=&#8220;||||&#8220; body_text_color=&#8220;#303030&#8243; subheader_font=&#8220;||||&#8220; price_font=&#8220;||||&#8220; currency_frequency_font=&#8220;||||&#8220; button_icon_placement=&#8220;right&#8220; button_on_hover=&#8220;on&#8220; global_colors_info=&#8220;{}&#8220; button_text_size__hover_enabled=&#8220;off&#8220; button_one_text_size__hover_enabled=&#8220;off&#8220; button_two_text_size__hover_enabled=&#8220;off&#8220; button_text_color__hover_enabled=&#8220;off&#8220; button_one_text_color__hover_enabled=&#8220;off&#8220; button_two_text_color__hover_enabled=&#8220;off&#8220; button_border_width__hover_enabled=&#8220;off&#8220; button_one_border_width__hover_enabled=&#8220;off&#8220; button_two_border_width__hover_enabled=&#8220;off&#8220; button_border_color__hover_enabled=&#8220;off&#8220; button_one_border_color__hover_enabled=&#8220;off&#8220; button_two_border_color__hover_enabled=&#8220;off&#8220; button_border_radius__hover_enabled=&#8220;off&#8220; button_one_border_radius__hover_enabled=&#8220;off&#8220; button_two_border_radius__hover_enabled=&#8220;off&#8220; button_letter_spacing__hover_enabled=&#8220;off&#8220; button_one_letter_spacing__hover_enabled=&#8220;off&#8220; button_two_letter_spacing__hover_enabled=&#8220;off&#8220; button_bg_color__hover_enabled=&#8220;off&#8220; button_one_bg_color__hover_enabled=&#8220;off&#8220; button_two_bg_color__hover_enabled=&#8220;off&#8220; sticky_transition=&#8220;on&#8220;]<\/p>\n<p>Gruppenunterricht in der Sprachschule (10 Stunden &#8211; mindestens 2 Studenten) kostet 200\u20ac f\u00fcr jeden Sch\u00fcler.<\/p>\n<p>Gruppenunterricht zu Hause (10 Stunden &#8211; mindestens 2 Studenten) kostet 40\u20ac pro Stunde.<\/p>\n<p>[\/et_pb_pricing_table][\/et_pb_pricing_tables][et_pb_text _builder_version=&#8220;4.16&#8243; global_colors_info=&#8220;{}&#8220;]<\/p>\n<h3>Wichtige Informationen zu Abendkursen<\/h3>\n<p>Die Unterrichtszeiten werden von den Sch\u00fclern (so lange sie vor 20.00 Uhr stattfinden) festgelegt, um dem Sprachunterricht am Abend ein H\u00f6chstma\u00df an <strong>Flexibilit\u00e4t zu bieten<\/strong>.<\/p>\n<p>[\/et_pb_text][et_pb_text _builder_version=&#8220;4.16&#8243; global_colors_info=&#8220;{}&#8220;]<\/p>\n<h3>Das Parola-Abendprogramm beinhaltet:<\/h3>\n<ul>\n<li>Grammatik- und \u00dcbungsb\u00fccher von Parola-Lehrern geschrieben<\/li>\n<li>Fotokopien und Arbeitsbl\u00e4tter<\/li>\n<li>Teilnahmezertifikat<\/li>\n<li>MwSt.<\/li>\n<\/ul>\n<p>In den Kurspreisen sind optionale und <strong>au\u00dferschulische Aktivit\u00e4ten in Florenz<\/strong> mit anderen Parola Studenten ohne Aufpreis inbegriffen.<\/p>\n<p>[\/et_pb_text][et_pb_image src=&#8220;https:\/\/www.parola.it\/wp-content\/uploads\/2020\/03\/student-online-lesson.jpg&#8220; alt=&#8220;Student in an online lesson&#8220; title_text=&#8220;student-online-lesson&#8220; _builder_version=&#8220;4.16&#8243; _module_preset=&#8220;default&#8220; global_colors_info=&#8220;{}&#8220;][\/et_pb_image][\/et_pb_column_inner][\/et_pb_row_inner][et_pb_row_inner _builder_version=&#8220;4.16&#8243; custom_padding=&#8220;0px|0px|27.375px|0px&#8220; global_colors_info=&#8220;{}&#8220;][et_pb_column_inner saved_specialty_column_type=&#8220;3_4&#8243; _builder_version=&#8220;4.16&#8243; custom_padding=&#8220;|||&#8220; global_colors_info=&#8220;{}&#8220; custom_padding__hover=&#8220;|||&#8220;][et_pb_text _builder_version=&#8220;4.16&#8243; global_colors_info=&#8220;{}&#8220;]<\/p>\n<p><span style=\"font-size: x-large; color: #ff6633;\"><strong>Stundenplan:<\/strong><\/span><\/p>\n<p>Die Abendkurse finden von <strong>Montag bis Freitag zwischen 16.00 und 20.00<\/strong> Uhr statt.<\/p>\n<p>[\/et_pb_text][et_pb_text _builder_version=&#8220;4.16&#8243; global_colors_info=&#8220;{}&#8220;]<\/p>\n<h3>Stadtplan der Parola-Schule in Florenz<\/h3>\n<p>Finden Sie uns in Borgo Santa Croce, 17 in der N\u00e4he der Basilika Santa Croce.<\/p>\n<p>[\/et_pb_text][et_pb_map address=&#8220;Palazzo Mori Ubaldini degli Alberti, Borgo Santa Croce, 17, 50122 Firenze FI, Italia&#8220; address_lat=&#8220;43.7682782&#8243; address_lng=&#8220;11.2610142&#8243; _builder_version=&#8220;4.16&#8243; _module_preset=&#8220;default&#8220; global_colors_info=&#8220;{}&#8220;][et_pb_map_pin pin_address=&#8220;Palazzo Mori Ubaldini degli Alberti, Borgo Santa Croce, 17, 50122 Firenze FI, Italia&#8220; pin_address_lat=&#8220;43.7682782&#8243; pin_address_lng=&#8220;11.2610142&#8243; _builder_version=&#8220;4.9.10&#8243; _module_preset=&#8220;default&#8220; global_colors_info=&#8220;{}&#8220;][\/et_pb_map_pin][\/et_pb_map][et_pb_text _builder_version=&#8220;4.16&#8243; global_colors_info=&#8220;{}&#8220;]<\/p>\n<h4>Kontaktieren Sie unsere Sprachschule in Florenz<\/h4>\n<p><strong><a title=\"Kontaktiern Sie unsere Sprachschule\" href=\"de_kontakt?et_fb=1\">Kontaktieren<\/a><\/strong>\u00a0Sie uns f\u00fcr weitere Informationen \u00fcber unsere<strong> Italienisch Abendkurse an unserer Sprachschule<\/strong> in Florenz.<\/p>\n<p>[\/et_pb_text][et_pb_button button_url=&#8220;https:\/\/www.parola.it\/de\/de_kontakt&#8220; button_text=&#8220;KONTAKT&#8220; admin_label=&#8220;Pulsante Kontakt&#8220; _builder_version=&#8220;4.5.3&#8243; background_layout=&#8220;dark&#8220; global_module=&#8220;43015&#8243; saved_tabs=&#8220;all&#8220; global_colors_info=&#8220;{}&#8220;][\/et_pb_button][\/et_pb_column_inner][\/et_pb_row_inner][\/et_pb_column][et_pb_column type=&#8220;1_4&#8243; _builder_version=&#8220;4.16&#8243; custom_padding=&#8220;|||&#8220; global_colors_info=&#8220;{}&#8220; custom_padding__hover=&#8220;|||&#8220;][et_pb_text admin_label=&#8220;KONTAKT TESTO INFO&#8220; _builder_version=&#8220;4.22.2&#8243; module_alignment=&#8220;left&#8220; custom_margin=&#8220;3px||||false|false&#8220; global_module=&#8220;43302&#8243; locked=&#8220;off&#8220; global_colors_info=&#8220;{}&#8220;]<\/p>\n<h5>KONTAKT<\/h5>\n<p><strong>F\u00fcr weitere Informationen kontaktieren Sie uns hier!<\/strong><\/p>\n<p>\u00a0\u00a0Schreiben Sie uns:\u00a0<strong><a href=\"mailto:info@parola.it\">info@parola.it<\/a><\/strong><\/p>\n<p>\u00a0 Rufen Sie uns unter dieser Nr\u00a0<a href=\"tel:+39055242182\"><strong>+39 055 242182<\/strong><\/a> oder <a href=\"tel:+393288997420\"><strong>+39 328 8997420<\/strong><\/a><\/p>\n<p>\u00a0 Treffen wir uns:<\/p>\n<p><strong><a href=\"https:\/\/www.parola.it\/de\/\">Borgo Santa Croce, <\/a><\/strong><strong><a href=\"https:\/\/www.parola.it\/de\/\">17 <\/a><\/strong><\/p>\n<p><strong><a href=\"https:\/\/www.parola.it\/de\/\">50122 Florenz<\/a><\/strong><\/p>\n<p>[\/et_pb_text][et_pb_social_media_follow url_new_window=&#8220;off&#8220; _builder_version=&#8220;4.4.8&#8243; background_layout=&#8220;dark&#8220; global_module=&#8220;29010&#8243; saved_tabs=&#8220;all&#8220; global_colors_info=&#8220;{}&#8220;][et_pb_social_media_follow_network social_network=&#8220;facebook&#8220; url=&#8220;https:\/\/www.facebook.com\/Italian.language.school.florence%20\/&#8220; _builder_version=&#8220;4.16&#8243; background_color=&#8220;#3b5998&#8243; z_index=&#8220;0&#8243; global_colors_info=&#8220;{}&#8220; follow_button=&#8220;off&#8220; url_new_window=&#8220;off&#8220;] Facebook [\/et_pb_social_media_follow_network][et_pb_social_media_follow_network social_network=&#8220;twitter&#8220; url=&#8220;https:\/\/twitter.com\/&#8220; _builder_version=&#8220;4.22.2&#8243; background_color=&#8220;#000000&#8243; z_index=&#8220;0&#8243; global_colors_info=&#8220;{}&#8220; follow_button=&#8220;off&#8220; url_new_window=&#8220;off&#8220;] Twitter [\/et_pb_social_media_follow_network][et_pb_social_media_follow_network social_network=&#8220;linkedin&#8220; url=&#8220;https:\/\/www.linkedin.com\/feed\/&#8220; _builder_version=&#8220;4.16&#8243; background_color=&#8220;#007bb6&#8243; z_index=&#8220;0&#8243; global_colors_info=&#8220;{}&#8220; follow_button=&#8220;off&#8220; url_new_window=&#8220;off&#8220;] LinkedIn [\/et_pb_social_media_follow_network][et_pb_social_media_follow_network social_network=&#8220;instagram&#8220; url=&#8220;https:\/\/www.instagram.com\/scuola_parola\/?hl=it&#8220; _builder_version=&#8220;4.16&#8243; background_color=&#8220;#ea2c59&#8243; z_index=&#8220;0&#8243; global_colors_info=&#8220;{}&#8220; follow_button=&#8220;off&#8220; url_new_window=&#8220;off&#8220;] Instagram [\/et_pb_social_media_follow_network][\/et_pb_social_media_follow][et_pb_image src=&#8220;https:\/\/www.parola.it\/wp-content\/uploads\/2019\/11\/cils-certified-center.png&#8220; alt=&#8220;CILS logo of Parola school&#8220; url=&#8220;https:\/\/www.unistrasi.it\/2\/531\/2761\/CILS_centre.htm&#8220; admin_label=&#8220;CILS Certified&#8220; _builder_version=&#8220;4.16&#8243; custom_margin=&#8220;||10px|0px|false|false&#8220; custom_padding=&#8220;|||26px|false|false&#8220; z_index_tablet=&#8220;500&#8243; box_shadow_horizontal_tablet=&#8220;0px&#8220; box_shadow_vertical_tablet=&#8220;0px&#8220; box_shadow_blur_tablet=&#8220;40px&#8220; box_shadow_spread_tablet=&#8220;0px&#8220; saved_tabs=&#8220;all&#8220; global_colors_info=&#8220;{}&#8220;][\/et_pb_image][et_pb_text admin_label=&#8220;Language international&#8220; _builder_version=&#8220;4.16&#8243; z_index_tablet=&#8220;500&#8243; text_text_shadow_horizontal_length_tablet=&#8220;0px&#8220; text_text_shadow_vertical_length_tablet=&#8220;0px&#8220; text_text_shadow_blur_strength_tablet=&#8220;1px&#8220; link_text_shadow_horizontal_length_tablet=&#8220;0px&#8220; link_text_shadow_vertical_length_tablet=&#8220;0px&#8220; link_text_shadow_blur_strength_tablet=&#8220;1px&#8220; ul_text_shadow_horizontal_length_tablet=&#8220;0px&#8220; ul_text_shadow_vertical_length_tablet=&#8220;0px&#8220; ul_text_shadow_blur_strength_tablet=&#8220;1px&#8220; ol_text_shadow_horizontal_length_tablet=&#8220;0px&#8220; ol_text_shadow_vertical_length_tablet=&#8220;0px&#8220; ol_text_shadow_blur_strength_tablet=&#8220;1px&#8220; quote_text_shadow_horizontal_length_tablet=&#8220;0px&#8220; quote_text_shadow_vertical_length_tablet=&#8220;0px&#8220; quote_text_shadow_blur_strength_tablet=&#8220;1px&#8220; header_text_shadow_horizontal_length_tablet=&#8220;0px&#8220; header_text_shadow_vertical_length_tablet=&#8220;0px&#8220; header_text_shadow_blur_strength_tablet=&#8220;1px&#8220; header_2_text_shadow_horizontal_length_tablet=&#8220;0px&#8220; header_2_text_shadow_vertical_length_tablet=&#8220;0px&#8220; header_2_text_shadow_blur_strength_tablet=&#8220;1px&#8220; header_3_text_shadow_horizontal_length_tablet=&#8220;0px&#8220; header_3_text_shadow_vertical_length_tablet=&#8220;0px&#8220; header_3_text_shadow_blur_strength_tablet=&#8220;1px&#8220; header_4_text_shadow_horizontal_length_tablet=&#8220;0px&#8220; header_4_text_shadow_vertical_length_tablet=&#8220;0px&#8220; header_4_text_shadow_blur_strength_tablet=&#8220;1px&#8220; header_5_text_shadow_horizontal_length_tablet=&#8220;0px&#8220; header_5_text_shadow_vertical_length_tablet=&#8220;0px&#8220; header_5_text_shadow_blur_strength_tablet=&#8220;1px&#8220; header_6_text_shadow_horizontal_length_tablet=&#8220;0px&#8220; header_6_text_shadow_vertical_length_tablet=&#8220;0px&#8220; header_6_text_shadow_blur_strength_tablet=&#8220;1px&#8220; box_shadow_horizontal_tablet=&#8220;0px&#8220; box_shadow_vertical_tablet=&#8220;0px&#8220; box_shadow_blur_tablet=&#8220;40px&#8220; box_shadow_spread_tablet=&#8220;0px&#8220; saved_tabs=&#8220;all&#8220; global_colors_info=&#8220;{}&#8220;]<\/p>\n<div id=\"LI-CEO\"><script src=\"https:\/\/www.languageinternational.com\/badge\/coe?id=68832\"><\/script><\/div>\n<p>[\/et_pb_text][et_pb_text admin_label=&#8220;Sprachkurse der Parola Schule &#8220; _builder_version=&#8220;4.22.2&#8243; module_alignment=&#8220;left&#8220; custom_margin=&#8220;40px|||&#8220; global_module=&#8220;29013&#8243; saved_tabs=&#8220;all&#8220; locked=&#8220;off&#8220; global_colors_info=&#8220;{}&#8220;]<\/p>\n<p><span style=\"font-size: x-large;\"><strong><span style=\"color: #0c71c3;\">SPRACHKURSE<\/span><\/strong><\/span><\/p>\n<p><a href=\"https:\/\/www.parola.it\/de\/de-italienisch-grammatik-florenz\/?et_fb=1\"><strong>GRUPPENKURSE<\/strong><\/a><\/p>\n<p><a href=\"https:\/\/www.parola.it\/de\/de-einzelsprachkurse-italienisch\/?et_fb=1\"><strong>EINZELSPRACHKURSE<\/strong><\/a><\/p>\n<p><a href=\"https:\/\/www.parola.it\/de\/de-zusammengesetzte-kurse\/?et_fb=1\"><strong>KOMBINIERTE KURSE<\/strong><\/a><\/p>\n<p><strong><a href=\"https:\/\/www.parola.it\/de\/online-sprachkurse\/\">ONLINE-KURSE<\/a><\/strong><\/p>\n<p><a href=\"https:\/\/www.parola.it\/de\/de_aupair_kurse\/\" title=\"Sprachkurs f\u00fcr Au Pairs in Florenz\"><strong>AU PAIR KURS<\/strong><\/a><\/p>\n<p><strong><a href=\"https:\/\/www.parola.it\/de\/italienisch-aussprache\/\" title=\"Italienisch Aussprache mit Parola Schule \">AUSSPRACHE<\/a><\/strong><\/p>\n<p><strong><a href=\"https:\/\/www.parola.it\/de\/de-cils-certifikat-italien\/\" title=\"Cils Zertifikat an der Parola Sprachschule in Florenz\">CILS ZERTIFIKAT\u00a0<\/a><\/strong><\/p>\n<p><a href=\"https:\/\/www.parola.it\/de\/de_italienisch_kurse\/?et_fb=1\"><strong>ITALIENISCHKURSE<\/strong><\/a><\/p>\n<p>[\/et_pb_text][et_pb_text admin_label=&#8220;Informationen \u00fcber die Parola Schule &#8220; _builder_version=&#8220;4.5.3&#8243; text_font=&#8220;||||&#8220; header_font=&#8220;||||&#8220; module_alignment=&#8220;left&#8220; custom_margin=&#8220;22px|||||&#8220; use_border_color=&#8220;off&#8220; global_module=&#8220;9468&#8243; saved_tabs=&#8220;all&#8220; global_colors_info=&#8220;{}&#8220;]<\/p>\n<p><span style=\"font-size: x-large;\"><strong><span style=\"color: #0c71c3;\">INFORMATIONEN<\/span><\/strong><\/span><\/p>\n<p><strong><a href=\"https:\/\/www.parola.it\/de\/de_preise_schule\/?et_fb=1\">PREISE<\/a><\/strong><\/p>\n<p><strong><a href=\"https:\/\/www.parola.it\/de\/de_kontakt\/?et_fb=1\">KONTAKT<\/a><\/strong><\/p>\n<p><strong><a href=\"de-sprachschule-parola-lage\/\">LAGE DER SCHULE<\/a><\/strong><\/p>\n<p><a href=\"de-termine-sprachkurse-florenz\/\"><strong>DATEN <\/strong><\/a><\/p>\n<p><a href=\"de_freizeit\/\"><strong>FREIZEITAKTIVIT\u00c4TEN <\/strong><\/a><\/p>\n<p><a href=\"de-rabatte-italienisch-sprachkurse\/\"><strong>RABATTE<\/strong><\/a><\/p>\n<p><a href=\"de-lehrer-methoden\/\"><strong>LEHRMETHODEN<\/strong><\/a><\/p>\n<p><a href=\"de-gestellte-fragen-sprachschule\/\"><strong>H\u00c4UFIG GESTELLTE FRAGEN<\/strong><\/a><\/p>\n<p><strong><span style=\"font-size: x-large;\"><span style=\"color: #0c71c3;\">MEHR ERFAHREN<\/span><\/span><\/strong><\/p>\n<p><a href=\"de-lernen-italienisch-warum\/\"><strong>LERNEN IN FLORENZ<\/strong><\/a><\/p>\n<p><a href=\"de_stipendien_cils\/\"><strong>STIPENDIEN<\/strong><\/a><\/p>\n<p><a href=\"de_unterkunft\/\"><strong>UNTERKUNFT IN FLORENZ<\/strong><\/a><\/p>\n<p>[\/et_pb_text][\/et_pb_column][\/et_pb_section][et_pb_section fb_built=&#8220;1&#8243; fullwidth=&#8220;on&#8220; _builder_version=&#8220;4.16&#8243; _module_preset=&#8220;default&#8220; global_colors_info=&#8220;{}&#8220;][et_pb_fullwidth_menu menu_id=&#8220;2060&#8243; _builder_version=&#8220;4.16&#8243; _module_preset=&#8220;default&#8220; global_colors_info=&#8220;{}&#8220;][\/et_pb_fullwidth_menu][\/et_pb_section]<\/p>\n","protected":false},"excerpt":{"rendered":"<p>Italienisch-Abendkurse in Florenz Lernen Sie Italienisch in unseren Abendkursen Verbessern Sie Ihre Sprachkenntnisse und tauchen Sie in die Sch\u00f6nheit der italienischen Kultur ein \u2013 mit unseren Abendkursen an der Parola-Sprachschule in Florenz. Die Schule bietet Italienisch-Abendkurse an, die aus einzelnen Lektionen bestehen und von Montag bis Freitag zwischen 16.00 und 20.00 Uhr in der N\u00e4he [&hellip;]<\/p>\n","protected":false},"author":1,"featured_media":32056,"parent":0,"menu_order":0,"comment_status":"closed","ping_status":"closed","template":"","meta":{"_et_pb_use_builder":"on","_et_pb_old_content":"","_et_gb_content_width":"","footnotes":""},"class_list":["post-2503","page","type-page","status-publish","has-post-thumbnail","hentry"],"yoast_head":"<!-- This site is optimized with the Yoast SEO plugin v27.4 - https:\/\/yoast.com\/product\/yoast-seo-wordpress\/ -->\n<title>Italienisch Abendkurse in Florenz an Parola | Parola Schule<\/title>\n<meta name=\"description\" content=\"Lernen Sie Italienisch mit unserer Italienisch Abendkurse in Florenz. Die\u00a0Abendkurse von Parola Schule finden bis 20:00 Uhr statt.\" \/>\n<meta name=\"robots\" content=\"index, follow, max-snippet:-1, max-image-preview:large, max-video-preview:-1\" \/>\n<link rel=\"canonical\" href=\"https:\/\/www.parola.it\/de\/de-abend-kurse-florenz\/\" \/>\n<meta property=\"og:locale\" content=\"de_DE\" \/>\n<meta property=\"og:type\" content=\"article\" \/>\n<meta property=\"og:title\" content=\"Italienisch Abendkurse in Florenz an Parola | Parola Schule\" \/>\n<meta property=\"og:description\" content=\"Lernen Sie Italienisch mit unserer Italienisch Abendkurse in Florenz. Die\u00a0Abendkurse von Parola Schule finden bis 20:00 Uhr statt.\" \/>\n<meta property=\"og:url\" content=\"https:\/\/www.parola.it\/de\/de-abend-kurse-florenz\/\" \/>\n<meta property=\"og:site_name\" content=\"Italian Language School in Florence | Parola School\" \/>\n<meta property=\"article:publisher\" content=\"https:\/\/www.facebook.com\/Italian.language.school.florence\/\" \/>\n<meta property=\"article:modified_time\" content=\"2025-03-24T12:04:03+00:00\" \/>\n<meta property=\"og:image\" content=\"https:\/\/www.parola.it\/wp-content\/uploads\/2019\/10\/evening-course-florence.jpg\" \/>\n\t<meta property=\"og:image:width\" content=\"1920\" \/>\n\t<meta property=\"og:image:height\" content=\"1080\" \/>\n\t<meta property=\"og:image:type\" content=\"image\/jpeg\" \/>\n<meta name=\"twitter:card\" content=\"summary_large_image\" \/>\n<meta name=\"twitter:site\" content=\"@Parola_School\" \/>\n<meta name=\"twitter:label1\" content=\"Gesch\u00e4tzte Lesezeit\" \/>\n\t<meta name=\"twitter:data1\" content=\"4\u00a0Minuten\" \/>\n<script type=\"application\/ld+json\" class=\"yoast-schema-graph\">{\"@context\":\"https:\\\/\\\/schema.org\",\"@graph\":[{\"@type\":\"WebPage\",\"@id\":\"https:\\\/\\\/www.parola.it\\\/de\\\/de-abend-kurse-florenz\\\/\",\"url\":\"https:\\\/\\\/www.parola.it\\\/de\\\/de-abend-kurse-florenz\\\/\",\"name\":\"Italienisch Abendkurse in Florenz an Parola | Parola Schule\",\"isPartOf\":{\"@id\":\"https:\\\/\\\/www.parola.it\\\/#website\"},\"primaryImageOfPage\":{\"@id\":\"https:\\\/\\\/www.parola.it\\\/de\\\/de-abend-kurse-florenz\\\/#primaryimage\"},\"image\":{\"@id\":\"https:\\\/\\\/www.parola.it\\\/de\\\/de-abend-kurse-florenz\\\/#primaryimage\"},\"thumbnailUrl\":\"https:\\\/\\\/www.parola.it\\\/wp-content\\\/uploads\\\/2019\\\/10\\\/evening-course-florence.jpg\",\"datePublished\":\"2017-11-07T15:26:03+00:00\",\"dateModified\":\"2025-03-24T12:04:03+00:00\",\"description\":\"Lernen Sie Italienisch mit unserer Italienisch Abendkurse in Florenz. Die\u00a0Abendkurse von Parola Schule finden bis 20:00 Uhr statt.\",\"breadcrumb\":{\"@id\":\"https:\\\/\\\/www.parola.it\\\/de\\\/de-abend-kurse-florenz\\\/#breadcrumb\"},\"inLanguage\":\"de\",\"potentialAction\":[{\"@type\":\"ReadAction\",\"target\":[\"https:\\\/\\\/www.parola.it\\\/de\\\/de-abend-kurse-florenz\\\/\"]}]},{\"@type\":\"ImageObject\",\"inLanguage\":\"de\",\"@id\":\"https:\\\/\\\/www.parola.it\\\/de\\\/de-abend-kurse-florenz\\\/#primaryimage\",\"url\":\"https:\\\/\\\/www.parola.it\\\/wp-content\\\/uploads\\\/2019\\\/10\\\/evening-course-florence.jpg\",\"contentUrl\":\"https:\\\/\\\/www.parola.it\\\/wp-content\\\/uploads\\\/2019\\\/10\\\/evening-course-florence.jpg\",\"width\":1920,\"height\":1080,\"caption\":\"Evening Italian language course in Florence\"},{\"@type\":\"BreadcrumbList\",\"@id\":\"https:\\\/\\\/www.parola.it\\\/de\\\/de-abend-kurse-florenz\\\/#breadcrumb\",\"itemListElement\":[{\"@type\":\"ListItem\",\"position\":1,\"name\":\"Accueil\",\"item\":\"https:\\\/\\\/www.parola.it\\\/de\\\/\"},{\"@type\":\"ListItem\",\"position\":2,\"name\":\"ABENDKURSE\"}]},{\"@type\":\"WebSite\",\"@id\":\"https:\\\/\\\/www.parola.it\\\/#website\",\"url\":\"https:\\\/\\\/www.parola.it\\\/\",\"name\":\"Italian Language School in Florence | Parola School\",\"description\":\"Learn Italian with Parola Italian language school in Florence. Language courses at a competitive price with quality teaching.\",\"publisher\":{\"@id\":\"https:\\\/\\\/www.parola.it\\\/#organization\"},\"alternateName\":\"Parola School\",\"potentialAction\":[{\"@type\":\"SearchAction\",\"target\":{\"@type\":\"EntryPoint\",\"urlTemplate\":\"https:\\\/\\\/www.parola.it\\\/?s={search_term_string}\"},\"query-input\":{\"@type\":\"PropertyValueSpecification\",\"valueRequired\":true,\"valueName\":\"search_term_string\"}}],\"inLanguage\":\"de\"},{\"@type\":\"Organization\",\"@id\":\"https:\\\/\\\/www.parola.it\\\/#organization\",\"name\":\"Parola Italian Language School in Florence\",\"alternateName\":\"Italian Language Courses in Florence\",\"url\":\"https:\\\/\\\/www.parola.it\\\/\",\"logo\":{\"@type\":\"ImageObject\",\"inLanguage\":\"de\",\"@id\":\"https:\\\/\\\/www.parola.it\\\/#\\\/schema\\\/logo\\\/image\\\/\",\"url\":\"https:\\\/\\\/www.parola.it\\\/wp-content\\\/uploads\\\/2019\\\/03\\\/logo-parola-language-school-1-e1721760774400.png\",\"contentUrl\":\"https:\\\/\\\/www.parola.it\\\/wp-content\\\/uploads\\\/2019\\\/03\\\/logo-parola-language-school-1-e1721760774400.png\",\"width\":145,\"height\":53,\"caption\":\"Parola Italian Language School in Florence\"},\"image\":{\"@id\":\"https:\\\/\\\/www.parola.it\\\/#\\\/schema\\\/logo\\\/image\\\/\"},\"sameAs\":[\"https:\\\/\\\/www.facebook.com\\\/Italian.language.school.florence\\\/\",\"https:\\\/\\\/x.com\\\/Parola_School\",\"https:\\\/\\\/www.instagram.com\\\/scuola_parola\\\/?hl=it\",\"https:\\\/\\\/www.linkedin.com\\\/in\\\/parola-italian-language-school-0a504114\\\/\",\"https:\\\/\\\/it.pinterest.com\\\/pin\\\/10344274122092210\\\/\",\"https:\\\/\\\/www.youtube.com\\\/channel\\\/UCKQkiBkXnIh9Df27KWD66rA?view_as=subscriber\",\"https:\\\/\\\/www.tripadvisor.com\\\/Attraction_Review-g187895-d4133618-Reviews-Parola_Italian_Language_School-Florence_Tuscany\"]}]}<\/script>\n<!-- \/ Yoast SEO plugin. -->","yoast_head_json":{"title":"Italienisch Abendkurse in Florenz an Parola | Parola Schule","description":"Lernen Sie Italienisch mit unserer Italienisch Abendkurse in Florenz. Die\u00a0Abendkurse von Parola Schule finden bis 20:00 Uhr statt.","robots":{"index":"index","follow":"follow","max-snippet":"max-snippet:-1","max-image-preview":"max-image-preview:large","max-video-preview":"max-video-preview:-1"},"canonical":"https:\/\/www.parola.it\/de\/de-abend-kurse-florenz\/","og_locale":"de_DE","og_type":"article","og_title":"Italienisch Abendkurse in Florenz an Parola | Parola Schule","og_description":"Lernen Sie Italienisch mit unserer Italienisch Abendkurse in Florenz. Die\u00a0Abendkurse von Parola Schule finden bis 20:00 Uhr statt.","og_url":"https:\/\/www.parola.it\/de\/de-abend-kurse-florenz\/","og_site_name":"Italian Language School in Florence | Parola School","article_publisher":"https:\/\/www.facebook.com\/Italian.language.school.florence\/","article_modified_time":"2025-03-24T12:04:03+00:00","og_image":[{"width":1920,"height":1080,"url":"https:\/\/www.parola.it\/wp-content\/uploads\/2019\/10\/evening-course-florence.jpg","type":"image\/jpeg"}],"twitter_card":"summary_large_image","twitter_site":"@Parola_School","twitter_misc":{"Gesch\u00e4tzte Lesezeit":"4\u00a0Minuten"},"schema":{"@context":"https:\/\/schema.org","@graph":[{"@type":"WebPage","@id":"https:\/\/www.parola.it\/de\/de-abend-kurse-florenz\/","url":"https:\/\/www.parola.it\/de\/de-abend-kurse-florenz\/","name":"Italienisch Abendkurse in Florenz an Parola | Parola Schule","isPartOf":{"@id":"https:\/\/www.parola.it\/#website"},"primaryImageOfPage":{"@id":"https:\/\/www.parola.it\/de\/de-abend-kurse-florenz\/#primaryimage"},"image":{"@id":"https:\/\/www.parola.it\/de\/de-abend-kurse-florenz\/#primaryimage"},"thumbnailUrl":"https:\/\/www.parola.it\/wp-content\/uploads\/2019\/10\/evening-course-florence.jpg","datePublished":"2017-11-07T15:26:03+00:00","dateModified":"2025-03-24T12:04:03+00:00","description":"Lernen Sie Italienisch mit unserer Italienisch Abendkurse in Florenz. Die\u00a0Abendkurse von Parola Schule finden bis 20:00 Uhr statt.","breadcrumb":{"@id":"https:\/\/www.parola.it\/de\/de-abend-kurse-florenz\/#breadcrumb"},"inLanguage":"de","potentialAction":[{"@type":"ReadAction","target":["https:\/\/www.parola.it\/de\/de-abend-kurse-florenz\/"]}]},{"@type":"ImageObject","inLanguage":"de","@id":"https:\/\/www.parola.it\/de\/de-abend-kurse-florenz\/#primaryimage","url":"https:\/\/www.parola.it\/wp-content\/uploads\/2019\/10\/evening-course-florence.jpg","contentUrl":"https:\/\/www.parola.it\/wp-content\/uploads\/2019\/10\/evening-course-florence.jpg","width":1920,"height":1080,"caption":"Evening Italian language course in Florence"},{"@type":"BreadcrumbList","@id":"https:\/\/www.parola.it\/de\/de-abend-kurse-florenz\/#breadcrumb","itemListElement":[{"@type":"ListItem","position":1,"name":"Accueil","item":"https:\/\/www.parola.it\/de\/"},{"@type":"ListItem","position":2,"name":"ABENDKURSE"}]},{"@type":"WebSite","@id":"https:\/\/www.parola.it\/#website","url":"https:\/\/www.parola.it\/","name":"Italian Language School in Florence | Parola School","description":"Learn Italian with Parola Italian language school in Florence. Language courses at a competitive price with quality teaching.","publisher":{"@id":"https:\/\/www.parola.it\/#organization"},"alternateName":"Parola School","potentialAction":[{"@type":"SearchAction","target":{"@type":"EntryPoint","urlTemplate":"https:\/\/www.parola.it\/?s={search_term_string}"},"query-input":{"@type":"PropertyValueSpecification","valueRequired":true,"valueName":"search_term_string"}}],"inLanguage":"de"},{"@type":"Organization","@id":"https:\/\/www.parola.it\/#organization","name":"Parola Italian Language School in Florence","alternateName":"Italian Language Courses in Florence","url":"https:\/\/www.parola.it\/","logo":{"@type":"ImageObject","inLanguage":"de","@id":"https:\/\/www.parola.it\/#\/schema\/logo\/image\/","url":"https:\/\/www.parola.it\/wp-content\/uploads\/2019\/03\/logo-parola-language-school-1-e1721760774400.png","contentUrl":"https:\/\/www.parola.it\/wp-content\/uploads\/2019\/03\/logo-parola-language-school-1-e1721760774400.png","width":145,"height":53,"caption":"Parola Italian Language School in Florence"},"image":{"@id":"https:\/\/www.parola.it\/#\/schema\/logo\/image\/"},"sameAs":["https:\/\/www.facebook.com\/Italian.language.school.florence\/","https:\/\/x.com\/Parola_School","https:\/\/www.instagram.com\/scuola_parola\/?hl=it","https:\/\/www.linkedin.com\/in\/parola-italian-language-school-0a504114\/","https:\/\/it.pinterest.com\/pin\/10344274122092210\/","https:\/\/www.youtube.com\/channel\/UCKQkiBkXnIh9Df27KWD66rA?view_as=subscriber","https:\/\/www.tripadvisor.com\/Attraction_Review-g187895-d4133618-Reviews-Parola_Italian_Language_School-Florence_Tuscany"]}]}},"_links":{"self":[{"href":"https:\/\/www.parola.it\/de\/wp-json\/wp\/v2\/pages\/2503","targetHints":{"allow":["GET"]}}],"collection":[{"href":"https:\/\/www.parola.it\/de\/wp-json\/wp\/v2\/pages"}],"about":[{"href":"https:\/\/www.parola.it\/de\/wp-json\/wp\/v2\/types\/page"}],"author":[{"embeddable":true,"href":"https:\/\/www.parola.it\/de\/wp-json\/wp\/v2\/users\/1"}],"replies":[{"embeddable":true,"href":"https:\/\/www.parola.it\/de\/wp-json\/wp\/v2\/comments?post=2503"}],"version-history":[{"count":5,"href":"https:\/\/www.parola.it\/de\/wp-json\/wp\/v2\/pages\/2503\/revisions"}],"predecessor-version":[{"id":75120,"href":"https:\/\/www.parola.it\/de\/wp-json\/wp\/v2\/pages\/2503\/revisions\/75120"}],"wp:featuredmedia":[{"embeddable":true,"href":"https:\/\/www.parola.it\/de\/wp-json\/wp\/v2\/media\/32056"}],"wp:attachment":[{"href":"https:\/\/www.parola.it\/de\/wp-json\/wp\/v2\/media?parent=2503"}],"curies":[{"name":"wp","href":"https:\/\/api.w.org\/{rel}","templated":true}]}}