{"id":2298,"date":"2017-11-07T13:46:49","date_gmt":"2017-11-07T12:46:49","guid":{"rendered":"https:\/\/www.parola.it\/drawing_course_florence\/"},"modified":"2025-03-24T13:04:02","modified_gmt":"2025-03-24T12:04:02","slug":"de-zeichenkurs-florenz","status":"publish","type":"page","link":"https:\/\/www.parola.it\/de\/de-zeichenkurs-florenz\/","title":{"rendered":"ZEICHENKURS"},"content":{"rendered":"<p>[et_pb_section fb_built=&#8220;1&#8243; fullwidth=&#8220;on&#8220; _builder_version=&#8220;4.16&#8243; global_colors_info=&#8220;{}&#8220;][et_pb_fullwidth_slider show_content_on_mobile=&#8220;off&#8220; show_cta_on_mobile=&#8220;off&#8220; _builder_version=&#8220;4.22.2&#8243; header_font_size=&#8220;40&#8243; background_size=&#8220;initial&#8220; background_position=&#8220;top_left&#8220; background_repeat=&#8220;repeat&#8220; auto=&#8220;on&#8220; auto_speed=&#8220;3000&#8243; auto_ignore_hover=&#8220;on&#8220; global_colors_info=&#8220;{}&#8220; button_text_size__hover_enabled=&#8220;off&#8220; button_one_text_size__hover_enabled=&#8220;off&#8220; button_two_text_size__hover_enabled=&#8220;off&#8220; button_text_color__hover_enabled=&#8220;off&#8220; button_one_text_color__hover_enabled=&#8220;off&#8220; button_two_text_color__hover_enabled=&#8220;off&#8220; button_border_width__hover_enabled=&#8220;off&#8220; button_one_border_width__hover_enabled=&#8220;off&#8220; button_two_border_width__hover_enabled=&#8220;off&#8220; button_border_color__hover_enabled=&#8220;off&#8220; button_one_border_color__hover_enabled=&#8220;off&#8220; button_two_border_color__hover_enabled=&#8220;off&#8220; button_border_radius__hover_enabled=&#8220;off&#8220; button_one_border_radius__hover_enabled=&#8220;off&#8220; button_two_border_radius__hover_enabled=&#8220;off&#8220; button_letter_spacing__hover_enabled=&#8220;off&#8220; button_one_letter_spacing__hover_enabled=&#8220;off&#8220; button_two_letter_spacing__hover_enabled=&#8220;off&#8220; button_bg_color__hover_enabled=&#8220;off&#8220; button_one_bg_color__hover_enabled=&#8220;off&#8220; button_two_bg_color__hover_enabled=&#8220;off&#8220;][et_pb_slide heading=&#8220;Zeichenkurse mit Italienisch an unserer Sprachschule in Florenz&#8220; button_text=&#8220;UNSERE ZUSATZKURSE&#8220; button_link=&#8220;https:\/\/www.parola.it\/de\/de_zusatzkurse_florenz&#8220; use_bg_overlay=&#8220;on&#8220; bg_overlay_color=&#8220;rgba(0,0,0,0.1)&#8220; use_text_overlay=&#8220;off&#8220; _builder_version=&#8220;4.22.2&#8243; header_font=&#8220;||||&#8220; body_font=&#8220;||||&#8220; background_color=&#8220;#ffffff&#8220; background_image=&#8220;https:\/\/www.parola.it\/wp-content\/uploads\/2018\/02\/drawing-florence.jpg&#8220; background_position=&#8220;top_left&#8220; button_on_hover=&#8220;on&#8220; global_colors_info=&#8220;{}&#8220; button_text_size__hover_enabled=&#8220;off&#8220; button_one_text_size__hover_enabled=&#8220;off&#8220; button_two_text_size__hover_enabled=&#8220;off&#8220; button_text_color__hover_enabled=&#8220;off&#8220; button_one_text_color__hover_enabled=&#8220;off&#8220; button_two_text_color__hover_enabled=&#8220;off&#8220; button_border_width__hover_enabled=&#8220;off&#8220; button_one_border_width__hover_enabled=&#8220;off&#8220; button_two_border_width__hover_enabled=&#8220;off&#8220; button_border_color__hover_enabled=&#8220;off&#8220; button_one_border_color__hover_enabled=&#8220;off&#8220; button_two_border_color__hover_enabled=&#8220;off&#8220; button_border_radius__hover_enabled=&#8220;off&#8220; button_one_border_radius__hover_enabled=&#8220;off&#8220; button_two_border_radius__hover_enabled=&#8220;off&#8220; button_letter_spacing__hover_enabled=&#8220;off&#8220; button_one_letter_spacing__hover_enabled=&#8220;off&#8220; button_two_letter_spacing__hover_enabled=&#8220;off&#8220; button_bg_color__hover_enabled=&#8220;off&#8220; button_one_bg_color__hover_enabled=&#8220;off&#8220; button_two_bg_color__hover_enabled=&#8220;off&#8220; sticky_transition=&#8220;on&#8220;][\/et_pb_slide][\/et_pb_fullwidth_slider][\/et_pb_section][et_pb_section fb_built=&#8220;1&#8243; specialty=&#8220;on&#8220; _builder_version=&#8220;4.16&#8243; global_colors_info=&#8220;{}&#8220;][et_pb_column type=&#8220;3_4&#8243; specialty_columns=&#8220;3&#8243; _builder_version=&#8220;4.16&#8243; custom_padding=&#8220;|||&#8220; global_colors_info=&#8220;{}&#8220; custom_padding__hover=&#8220;|||&#8220;][et_pb_row_inner _builder_version=&#8220;4.16&#8243; custom_padding=&#8220;0px|0px|0px|0px&#8220; global_colors_info=&#8220;{}&#8220;][et_pb_column_inner saved_specialty_column_type=&#8220;3_4&#8243; _builder_version=&#8220;4.16&#8243; custom_padding=&#8220;|||&#8220; global_colors_info=&#8220;{}&#8220; custom_padding__hover=&#8220;|||&#8220;][et_pb_text _builder_version=&#8220;4.22.2&#8243; text_orientation=&#8220;justified&#8220; custom_padding=&#8220;23px|||||&#8220; hover_enabled=&#8220;0&#8243; global_colors_info=&#8220;{}&#8220; sticky_enabled=&#8220;0&#8243;]<\/p>\n<h1>Kombinierter Zeichen- und Sprachkurs in Florenz<\/h1>\n<h2>Lernen Sie Zeichnen und Italienisch an der Parola-Sprachschule<\/h2>\n<p>Sind Sie bereit f\u00fcr ein einzigartiges Lernerlebnis in der bezaubernden Stadt Florenz? An der Parola School bieten wir eine einzigartige Kombination aus einem technischen Zeichenkurs und einem Italienisch-Sprachkurs an.<\/p>\n<p>Die Sprachschule bietet einen<strong>\u00a0technischen Zeichenkurs zusammen mit einem Italienisch-Sprachkurs\u00a0<\/strong>an.<\/p>\n<p>Unsere Zeichenkurse k\u00f6nnen f\u00fcr Anf\u00e4nger oder f\u00fcr Fortgeschrittene sein und <strong>sie werden alle in einem Maleratelier in der N\u00e4he der Schule<\/strong> festgehalten.<\/p>\n<p>[\/et_pb_text][et_pb_button button_url=&#8220;https:\/\/www.parola.it\/de\/de_italienisch_kurse&#8220; button_text=&#8220;SPRACHKURSE&#8220; _builder_version=&#8220;4.16&#8243; background_layout=&#8220;dark&#8220; global_colors_info=&#8220;{}&#8220;][\/et_pb_button][et_pb_text _builder_version=&#8220;4.16&#8243; global_colors_info=&#8220;{}&#8220;]<\/p>\n<h3>Italienischkurs am Morgen und Zeichenkurse am Nachmittag<\/h3>\n<p>Unser Programm ist in zwei H\u00e4lften unterteilt:<\/p>\n<ul>\n<li>Am Morgen von 9.00 bis 11.00 Uhr- 3 mal pro Woche- bietet unsere Sprachschule Italienisch-Sprachkurse (zusammen mit anderen regul\u00e4ren Studenten) an<\/li>\n<li>Der<strong>\u00a0Nachmittag wird dem Erlernen von Zeichentechniken<\/strong> (insbesondere spezielle Techniken aus der Altstadt von Florenz)\u00a0gewidmet<\/li>\n<\/ul>\n<p>Der Zeichenkurs kann <strong>allein oder in Kombination<\/strong> mit einem unserer Italienischkurse in einer unserer Zusatzkurse in Florenz belegt werden.<\/p>\n<p>[\/et_pb_text][et_pb_image src=&#8220;https:\/\/www.parola.it\/wp-content\/uploads\/2018\/02\/painting-lesson-florence.jpg&#8220; alt=&#8220;Zeichenkurs in einem Atelier&#8220; _builder_version=&#8220;4.16&#8243; global_colors_info=&#8220;{}&#8220;][\/et_pb_image][\/et_pb_column_inner][\/et_pb_row_inner][et_pb_row_inner _builder_version=&#8220;4.16&#8243; custom_padding=&#8220;21px|0px|0px|0px&#8220; global_colors_info=&#8220;{}&#8220;][et_pb_column_inner saved_specialty_column_type=&#8220;3_4&#8243; _builder_version=&#8220;4.16&#8243; custom_padding=&#8220;|||&#8220; global_colors_info=&#8220;{}&#8220; custom_padding__hover=&#8220;|||&#8220;][et_pb_text _builder_version=&#8220;4.16&#8243; global_colors_info=&#8220;{}&#8220;]<\/p>\n<h3>Kurspreise f\u00fcr unser\u00a0Zeichen-Italienischkurs-Programm\u00a0in Florenz<\/h3>\n<p><span class=\"style4\">Schauen Sie sich die Preise unserer <strong>Italienischkurse in Kombination mit einigen Zeichenstunden<\/strong> an: Standard-Zeichnen\/Technik-Kurse Plus Italienisch.\u00a0<\/span><\/p>\n<p><span class=\"style4\">Parola-Schule bietet auch <strong>Einzelunterrichtsstunden<\/strong> zum Preis von 27 \u20ac pro Stunde mit einem Minimum von 4 Stunden an.<\/span><\/p>\n<p>[\/et_pb_text][et_pb_pricing_tables header_background_color=&#8220;#ff6600&#8243; show_bullet=&#8220;off&#8220; featured_table_bullet_color=&#8220;rgba(255,255,255,0)&#8220; show_featured_drop_shadow=&#8220;off&#8220; admin_label=&#8220;Tabella Orari&#8220; _builder_version=&#8220;4.16&#8243; header_text_color=&#8220;#ffffff&#8220; header_level=&#8220;h3&#8243; header_font_size=&#8220;15&#8243; body_text_align=&#8220;center&#8220; text_orientation=&#8220;center&#8220; custom_padding=&#8220;||-10px|&#8220; center_list_items=&#8220;on&#8220; global_colors_info=&#8220;{}&#8220; button_text_size__hover_enabled=&#8220;off&#8220; button_one_text_size__hover_enabled=&#8220;off&#8220; button_two_text_size__hover_enabled=&#8220;off&#8220; button_text_color__hover_enabled=&#8220;off&#8220; button_one_text_color__hover_enabled=&#8220;off&#8220; button_two_text_color__hover_enabled=&#8220;off&#8220; button_border_width__hover_enabled=&#8220;off&#8220; button_one_border_width__hover_enabled=&#8220;off&#8220; button_two_border_width__hover_enabled=&#8220;off&#8220; button_border_color__hover_enabled=&#8220;off&#8220; button_one_border_color__hover_enabled=&#8220;off&#8220; button_two_border_color__hover_enabled=&#8220;off&#8220; button_border_radius__hover_enabled=&#8220;off&#8220; button_one_border_radius__hover_enabled=&#8220;off&#8220; button_two_border_radius__hover_enabled=&#8220;off&#8220; button_letter_spacing__hover_enabled=&#8220;off&#8220; button_one_letter_spacing__hover_enabled=&#8220;off&#8220; button_two_letter_spacing__hover_enabled=&#8220;off&#8220; button_bg_color__hover_enabled=&#8220;off&#8220; button_one_bg_color__hover_enabled=&#8220;off&#8220; button_two_bg_color__hover_enabled=&#8220;off&#8220;][et_pb_pricing_table title=&#8220;250 Euro pro Woche&#8220; sum=&#8220;6 Stunden Zeichenkurs&#8220; _builder_version=&#8220;4.16&#8243; header_level=&#8220;h3&#8243; header_font=&#8220;||||&#8220; header_font_size=&#8220;20&#8243; body_font=&#8220;||||&#8220; body_text_align=&#8220;center&#8220; body_line_height=&#8220;18px&#8220; subheader_font=&#8220;||||&#8220; subheader_text_align=&#8220;center&#8220; subheader_font_size=&#8220;14&#8243; price_font=&#8220;|on|||&#8220; price_text_align=&#8220;center&#8220; price_font_size=&#8220;16&#8243; price_line_height=&#8220;16px&#8220; currency_frequency_font=&#8220;||||&#8220; custom_button=&#8220;on&#8220; button_border_width=&#8220;4&#8243; button_font=&#8220;||||&#8220; button_use_icon=&#8220;on&#8220; button_icon=&#8220;&#xe025;||divi||400&#8243; button_on_hover=&#8220;on&#8220; button_alignment=&#8220;center&#8220; header_font_size_tablet=&#8220;20&#8243; header_font_size_phone=&#8220;20&#8243; body_line_height_tablet=&#8220;16px&#8220; body_line_height_phone=&#8220;16px&#8220; subheader_font_size_tablet=&#8220;14&#8243; subheader_font_size_phone=&#8220;14&#8243; price_font_size_tablet=&#8220;16&#8243; price_font_size_phone=&#8220;16&#8243; price_line_height_tablet=&#8220;16px&#8220; price_line_height_phone=&#8220;16px&#8220; global_colors_info=&#8220;{}&#8220; button_text_size__hover_enabled=&#8220;off&#8220; button_one_text_size__hover_enabled=&#8220;off&#8220; button_two_text_size__hover_enabled=&#8220;off&#8220; button_text_color__hover_enabled=&#8220;off&#8220; button_one_text_color__hover_enabled=&#8220;off&#8220; button_two_text_color__hover_enabled=&#8220;off&#8220; button_border_width__hover_enabled=&#8220;off&#8220; button_one_border_width__hover_enabled=&#8220;off&#8220; button_two_border_width__hover_enabled=&#8220;off&#8220; button_border_color__hover_enabled=&#8220;off&#8220; button_one_border_color__hover_enabled=&#8220;off&#8220; button_two_border_color__hover_enabled=&#8220;off&#8220; button_border_radius__hover_enabled=&#8220;off&#8220; button_one_border_radius__hover_enabled=&#8220;off&#8220; button_two_border_radius__hover_enabled=&#8220;off&#8220; button_letter_spacing__hover_enabled=&#8220;off&#8220; button_one_letter_spacing__hover_enabled=&#8220;off&#8220; button_two_letter_spacing__hover_enabled=&#8220;off&#8220; button_bg_color__hover_enabled=&#8220;off&#8220; button_one_bg_color__hover_enabled=&#8220;off&#8220; button_two_bg_color__hover_enabled=&#8220;off&#8220; sticky_transition=&#8220;on&#8220;]6 Stunden Zeichenkurs am Dienstag und Donnerstag + 12 Stunden Italienisch am Montag, Mittwoch und Freitag.[\/et_pb_pricing_table][et_pb_pricing_table title=&#8220;500 Euro f\u00fcr 2 Wochen &#8220; sum=&#8220;12 Stunden Zeichenkurs&#8220; _builder_version=&#8220;4.16&#8243; header_level=&#8220;h3&#8243; header_font=&#8220;||||&#8220; header_font_size=&#8220;20&#8243; body_font=&#8220;||||&#8220; body_text_align=&#8220;center&#8220; body_line_height=&#8220;18px&#8220; subheader_font=&#8220;||||&#8220; subheader_text_align=&#8220;center&#8220; subheader_font_size=&#8220;14&#8243; price_font=&#8220;|on|||&#8220; price_text_align=&#8220;center&#8220; price_font_size=&#8220;16&#8243; price_line_height=&#8220;16px&#8220; currency_frequency_font=&#8220;||||&#8220; custom_button=&#8220;on&#8220; button_border_width=&#8220;4&#8243; button_font=&#8220;||||&#8220; button_use_icon=&#8220;on&#8220; button_icon=&#8220;&#xe025;||divi||400&#8243; button_on_hover=&#8220;on&#8220; button_alignment=&#8220;center&#8220; header_font_size_tablet=&#8220;20&#8243; header_font_size_phone=&#8220;20&#8243; body_line_height_tablet=&#8220;16px&#8220; body_line_height_phone=&#8220;16px&#8220; subheader_font_size_tablet=&#8220;14&#8243; subheader_font_size_phone=&#8220;14&#8243; price_font_size_tablet=&#8220;16&#8243; price_font_size_phone=&#8220;16&#8243; price_line_height_tablet=&#8220;16px&#8220; price_line_height_phone=&#8220;16px&#8220; global_colors_info=&#8220;{}&#8220; button_text_size__hover_enabled=&#8220;off&#8220; button_one_text_size__hover_enabled=&#8220;off&#8220; button_two_text_size__hover_enabled=&#8220;off&#8220; button_text_color__hover_enabled=&#8220;off&#8220; button_one_text_color__hover_enabled=&#8220;off&#8220; button_two_text_color__hover_enabled=&#8220;off&#8220; button_border_width__hover_enabled=&#8220;off&#8220; button_one_border_width__hover_enabled=&#8220;off&#8220; button_two_border_width__hover_enabled=&#8220;off&#8220; button_border_color__hover_enabled=&#8220;off&#8220; button_one_border_color__hover_enabled=&#8220;off&#8220; button_two_border_color__hover_enabled=&#8220;off&#8220; button_border_radius__hover_enabled=&#8220;off&#8220; button_one_border_radius__hover_enabled=&#8220;off&#8220; button_two_border_radius__hover_enabled=&#8220;off&#8220; button_letter_spacing__hover_enabled=&#8220;off&#8220; button_one_letter_spacing__hover_enabled=&#8220;off&#8220; button_two_letter_spacing__hover_enabled=&#8220;off&#8220; button_bg_color__hover_enabled=&#8220;off&#8220; button_one_bg_color__hover_enabled=&#8220;off&#8220; button_two_bg_color__hover_enabled=&#8220;off&#8220; sticky_transition=&#8220;on&#8220;]12 Stunden Zeichenkurs am Dienstag und Donnerstag + 24 Stunden Italienisch am Montag, Mittwoch und Freitag.[\/et_pb_pricing_table][et_pb_pricing_table title=&#8220;750 Euro f\u00fcr 3 Wochen&#8220; sum=&#8220;18 Stunden Zeichenkurs&#8220; _builder_version=&#8220;4.16&#8243; header_level=&#8220;h3&#8243; header_font=&#8220;||||&#8220; header_font_size=&#8220;20&#8243; body_font=&#8220;||||&#8220; body_text_align=&#8220;center&#8220; body_line_height=&#8220;18px&#8220; subheader_font=&#8220;||||&#8220; subheader_text_align=&#8220;center&#8220; subheader_font_size=&#8220;14&#8243; price_font=&#8220;|on|||&#8220; price_text_align=&#8220;center&#8220; price_font_size=&#8220;16&#8243; price_line_height=&#8220;16px&#8220; currency_frequency_font=&#8220;||||&#8220; custom_button=&#8220;on&#8220; button_border_width=&#8220;4&#8243; button_font=&#8220;||||&#8220; button_use_icon=&#8220;on&#8220; button_icon=&#8220;&#xe025;||divi||400&#8243; button_on_hover=&#8220;on&#8220; button_alignment=&#8220;center&#8220; header_font_size_tablet=&#8220;20&#8243; header_font_size_phone=&#8220;20&#8243; body_line_height_tablet=&#8220;16px&#8220; body_line_height_phone=&#8220;16px&#8220; subheader_font_size_tablet=&#8220;14&#8243; subheader_font_size_phone=&#8220;14&#8243; price_font_size_tablet=&#8220;16&#8243; price_font_size_phone=&#8220;16&#8243; price_line_height_tablet=&#8220;16px&#8220; price_line_height_phone=&#8220;16px&#8220; global_colors_info=&#8220;{}&#8220; button_text_size__hover_enabled=&#8220;off&#8220; button_one_text_size__hover_enabled=&#8220;off&#8220; button_two_text_size__hover_enabled=&#8220;off&#8220; button_text_color__hover_enabled=&#8220;off&#8220; button_one_text_color__hover_enabled=&#8220;off&#8220; button_two_text_color__hover_enabled=&#8220;off&#8220; button_border_width__hover_enabled=&#8220;off&#8220; button_one_border_width__hover_enabled=&#8220;off&#8220; button_two_border_width__hover_enabled=&#8220;off&#8220; button_border_color__hover_enabled=&#8220;off&#8220; button_one_border_color__hover_enabled=&#8220;off&#8220; button_two_border_color__hover_enabled=&#8220;off&#8220; button_border_radius__hover_enabled=&#8220;off&#8220; button_one_border_radius__hover_enabled=&#8220;off&#8220; button_two_border_radius__hover_enabled=&#8220;off&#8220; button_letter_spacing__hover_enabled=&#8220;off&#8220; button_one_letter_spacing__hover_enabled=&#8220;off&#8220; button_two_letter_spacing__hover_enabled=&#8220;off&#8220; button_bg_color__hover_enabled=&#8220;off&#8220; button_one_bg_color__hover_enabled=&#8220;off&#8220; button_two_bg_color__hover_enabled=&#8220;off&#8220; sticky_transition=&#8220;on&#8220;]18 Stunden Zeichenkurs am Dienstag und Donnerstag &#8211; 36 Stunden Italienisch am Montag, Mittwoch und Freitag.[\/et_pb_pricing_table][et_pb_pricing_table title=&#8220;950 Euro f\u00fcr 4 Wochen &#8220; sum=&#8220;24 Stunden Zeichenkurs&#8220; _builder_version=&#8220;4.16&#8243; header_level=&#8220;h3&#8243; header_font=&#8220;||||&#8220; header_font_size=&#8220;20&#8243; body_font=&#8220;||||&#8220; body_text_align=&#8220;center&#8220; body_line_height=&#8220;18px&#8220; subheader_font=&#8220;||||&#8220; subheader_text_align=&#8220;center&#8220; subheader_font_size=&#8220;14&#8243; price_font=&#8220;|on|||&#8220; price_text_align=&#8220;center&#8220; price_font_size=&#8220;16&#8243; price_line_height=&#8220;16px&#8220; currency_frequency_font=&#8220;||||&#8220; custom_button=&#8220;on&#8220; button_border_width=&#8220;4&#8243; button_font=&#8220;||||&#8220; button_use_icon=&#8220;on&#8220; button_icon=&#8220;&#xe025;||divi||400&#8243; button_on_hover=&#8220;on&#8220; button_alignment=&#8220;center&#8220; header_font_size_tablet=&#8220;20&#8243; header_font_size_phone=&#8220;20&#8243; body_line_height_tablet=&#8220;16px&#8220; body_line_height_phone=&#8220;16px&#8220; subheader_font_size_tablet=&#8220;14&#8243; subheader_font_size_phone=&#8220;14&#8243; price_font_size_tablet=&#8220;16&#8243; price_font_size_phone=&#8220;16&#8243; price_line_height_tablet=&#8220;16px&#8220; price_line_height_phone=&#8220;16px&#8220; global_colors_info=&#8220;{}&#8220; button_text_size__hover_enabled=&#8220;off&#8220; button_one_text_size__hover_enabled=&#8220;off&#8220; button_two_text_size__hover_enabled=&#8220;off&#8220; button_text_color__hover_enabled=&#8220;off&#8220; button_one_text_color__hover_enabled=&#8220;off&#8220; button_two_text_color__hover_enabled=&#8220;off&#8220; button_border_width__hover_enabled=&#8220;off&#8220; button_one_border_width__hover_enabled=&#8220;off&#8220; button_two_border_width__hover_enabled=&#8220;off&#8220; button_border_color__hover_enabled=&#8220;off&#8220; button_one_border_color__hover_enabled=&#8220;off&#8220; button_two_border_color__hover_enabled=&#8220;off&#8220; button_border_radius__hover_enabled=&#8220;off&#8220; button_one_border_radius__hover_enabled=&#8220;off&#8220; button_two_border_radius__hover_enabled=&#8220;off&#8220; button_letter_spacing__hover_enabled=&#8220;off&#8220; button_one_letter_spacing__hover_enabled=&#8220;off&#8220; button_two_letter_spacing__hover_enabled=&#8220;off&#8220; button_bg_color__hover_enabled=&#8220;off&#8220; button_one_bg_color__hover_enabled=&#8220;off&#8220; button_two_bg_color__hover_enabled=&#8220;off&#8220; sticky_transition=&#8220;on&#8220;]24 Stunden Zeichenkurs am Dienstag und Donnerstag &#8211; 42 Stunden Italienisch am Montag, Mittwoch und Freitag.[\/et_pb_pricing_table][\/et_pb_pricing_tables][et_pb_text _builder_version=&#8220;4.16&#8243; global_colors_info=&#8220;{}&#8220;]<\/p>\n<p><span style=\"color: #e02b20;\">Hinweis:\u00a0<span style=\"color: #666666;\">die Materialien f\u00fcr alle Standard-Zeichenkurse sind nicht in der Kursgeb\u00fchr enthalten.\u00a0Die Kosten daf\u00fcr betragen ca. 40 Euro.<\/span><\/span><\/p>\n<p><span style=\"color: #e02b20;\">Hinweis:<\/span> f\u00fcr Gruppenunterricht sind mindestens 3 Sch\u00fcler erforderlich.<\/p>\n<p>[\/et_pb_text][\/et_pb_column_inner][\/et_pb_row_inner][et_pb_row_inner _builder_version=&#8220;4.16&#8243; global_colors_info=&#8220;{}&#8220;][et_pb_column_inner saved_specialty_column_type=&#8220;3_4&#8243; _builder_version=&#8220;4.16&#8243; custom_padding=&#8220;|||&#8220; global_colors_info=&#8220;{}&#8220; custom_padding__hover=&#8220;|||&#8220;][et_pb_text _builder_version=&#8220;4.16&#8243; global_colors_info=&#8220;{}&#8220;]<\/p>\n<h4>Kontaktieren Sie uns bitte f\u00fcr weitere Informationen<\/h4>\n<p><strong><a title=\"Kontaktieren Sie die Sprachschule Parola in Florenz\" href=\"https:\/\/www.parola.it\/de\/de_kontakt\/?et_fb=1\">Kontaktieren<\/a><\/strong>\u00a0Sie uns, um <strong>weitere Informationen \u00fcber unsere Sprachschule Parola<\/strong> in Florenz zu erhalten.<\/p>\n<h2><\/h2>\n<p>[\/et_pb_text][et_pb_button button_url=&#8220;https:\/\/www.parola.it\/de\/de_kontakt&#8220; button_text=&#8220;KONTAKT&#8220; admin_label=&#8220;Pulsante Kontakt&#8220; _builder_version=&#8220;4.5.3&#8243; background_layout=&#8220;dark&#8220; global_module=&#8220;43015&#8243; saved_tabs=&#8220;all&#8220; global_colors_info=&#8220;{}&#8220;][\/et_pb_button][\/et_pb_column_inner][\/et_pb_row_inner][\/et_pb_column][et_pb_column type=&#8220;1_4&#8243; _builder_version=&#8220;4.16&#8243; custom_padding=&#8220;|||&#8220; global_colors_info=&#8220;{}&#8220; custom_padding__hover=&#8220;|||&#8220;][et_pb_text admin_label=&#8220;KONTAKT TESTO INFO&#8220; _builder_version=&#8220;4.22.2&#8243; module_alignment=&#8220;left&#8220; custom_margin=&#8220;3px||||false|false&#8220; global_module=&#8220;43302&#8243; locked=&#8220;off&#8220; global_colors_info=&#8220;{}&#8220;]<\/p>\n<h5>KONTAKT<\/h5>\n<p><strong>F\u00fcr weitere Informationen kontaktieren Sie uns hier!<\/strong><\/p>\n<p>\u00a0\u00a0Schreiben Sie uns:\u00a0<strong><a href=\"mailto:info@parola.it\">info@parola.it<\/a><\/strong><\/p>\n<p>\u00a0 Rufen Sie uns an unter dieser Nr <a href=\"tel:+39055242182\"><strong>+39 055 242182<\/strong><\/a> oder <a href=\"tel:+393288997420\"><strong>+39 328 8997420<\/strong><\/a><\/p>\n<p>\u00a0 Treffen wir uns:<\/p>\n<p><strong><a href=\"https:\/\/www.parola.it\/de\/\">Borgo Santa Croce, <\/a><\/strong><strong><a href=\"https:\/\/www.parola.it\/de\/\">17 <\/a><\/strong><\/p>\n<p><strong><a href=\"https:\/\/www.parola.it\/de\/\">50122 Florenz<\/a><\/strong><\/p>\n<p>[\/et_pb_text][et_pb_social_media_follow url_new_window=&#8220;off&#8220; admin_label=&#8220;SOCIAL MEDIA LOGO&#8220; _builder_version=&#8220;4.16&#8243; background_layout=&#8220;dark&#8220; custom_margin=&#8220;20px|||||&#8220; z_index_tablet=&#8220;500&#8243; button_text_shadow_horizontal_length_tablet=&#8220;0px&#8220; button_text_shadow_vertical_length_tablet=&#8220;0px&#8220; button_text_shadow_blur_strength_tablet=&#8220;1px&#8220; box_shadow_horizontal_tablet=&#8220;0px&#8220; box_shadow_vertical_tablet=&#8220;0px&#8220; box_shadow_blur_tablet=&#8220;40px&#8220; box_shadow_spread_tablet=&#8220;0px&#8220; box_shadow_horizontal_button_tablet=&#8220;0px&#8220; box_shadow_vertical_button_tablet=&#8220;0px&#8220; box_shadow_blur_button_tablet=&#8220;40px&#8220; box_shadow_spread_button_tablet=&#8220;0px&#8220; text_shadow_horizontal_length_tablet=&#8220;0px&#8220; text_shadow_vertical_length_tablet=&#8220;0px&#8220; text_shadow_blur_strength_tablet=&#8220;1px&#8220; saved_tabs=&#8220;all&#8220; global_colors_info=&#8220;{}&#8220;][et_pb_social_media_follow_network social_network=&#8220;facebook&#8220; url=&#8220;https:\/\/www.facebook.com\/Italian.language.school.florence%20\/&#8220; _builder_version=&#8220;4.16&#8243; background_color=&#8220;#3b5998&#8243; global_colors_info=&#8220;{}&#8220; follow_button=&#8220;off&#8220; url_new_window=&#8220;off&#8220;]<\/p>\n<p>Facebook<\/p>\n<p>[\/et_pb_social_media_follow_network][et_pb_social_media_follow_network social_network=&#8220;twitter&#8220; url=&#8220;https:\/\/twitter.com\/&#8220; _builder_version=&#8220;4.22.2&#8243; background_color=&#8220;#000000&#8243; global_colors_info=&#8220;{}&#8220; follow_button=&#8220;off&#8220; url_new_window=&#8220;off&#8220;]<\/p>\n<p>Twitter<\/p>\n<p>[\/et_pb_social_media_follow_network][et_pb_social_media_follow_network social_network=&#8220;linkedin&#8220; url=&#8220;https:\/\/www.linkedin.com\/feed\/&#8220; _builder_version=&#8220;4.16&#8243; background_color=&#8220;#007bb6&#8243; global_colors_info=&#8220;{}&#8220; follow_button=&#8220;off&#8220; url_new_window=&#8220;off&#8220;]<\/p>\n<p>LinkedIn<\/p>\n<p>[\/et_pb_social_media_follow_network][et_pb_social_media_follow_network social_network=&#8220;instagram&#8220; url=&#8220;https:\/\/www.instagram.com\/scuola_parola\/?hl=it&#8220; _builder_version=&#8220;4.16&#8243; background_color=&#8220;#ea2c59&#8243; global_colors_info=&#8220;{}&#8220; follow_button=&#8220;off&#8220; url_new_window=&#8220;off&#8220;]<\/p>\n<p>Instagram<\/p>\n<p>[\/et_pb_social_media_follow_network][\/et_pb_social_media_follow][et_pb_image src=&#8220;https:\/\/www.parola.it\/wp-content\/uploads\/2019\/11\/cils-certified-center.png&#8220; alt=&#8220;CILS logo of Parola Italian language school&#8220; admin_label=&#8220;CILS Certified&#8220; _builder_version=&#8220;4.16&#8243; custom_margin=&#8220;||10px|0px|false|false&#8220; custom_padding=&#8220;|||26px|false|false&#8220; z_index_tablet=&#8220;500&#8243; box_shadow_horizontal_tablet=&#8220;0px&#8220; box_shadow_vertical_tablet=&#8220;0px&#8220; box_shadow_blur_tablet=&#8220;40px&#8220; box_shadow_spread_tablet=&#8220;0px&#8220; saved_tabs=&#8220;all&#8220; global_colors_info=&#8220;{}&#8220;][\/et_pb_image][et_pb_text admin_label=&#8220;Language international&#8220; _builder_version=&#8220;4.16&#8243; z_index_tablet=&#8220;500&#8243; text_text_shadow_horizontal_length_tablet=&#8220;0px&#8220; text_text_shadow_vertical_length_tablet=&#8220;0px&#8220; text_text_shadow_blur_strength_tablet=&#8220;1px&#8220; link_text_shadow_horizontal_length_tablet=&#8220;0px&#8220; link_text_shadow_vertical_length_tablet=&#8220;0px&#8220; link_text_shadow_blur_strength_tablet=&#8220;1px&#8220; ul_text_shadow_horizontal_length_tablet=&#8220;0px&#8220; ul_text_shadow_vertical_length_tablet=&#8220;0px&#8220; ul_text_shadow_blur_strength_tablet=&#8220;1px&#8220; ol_text_shadow_horizontal_length_tablet=&#8220;0px&#8220; ol_text_shadow_vertical_length_tablet=&#8220;0px&#8220; ol_text_shadow_blur_strength_tablet=&#8220;1px&#8220; quote_text_shadow_horizontal_length_tablet=&#8220;0px&#8220; quote_text_shadow_vertical_length_tablet=&#8220;0px&#8220; quote_text_shadow_blur_strength_tablet=&#8220;1px&#8220; header_text_shadow_horizontal_length_tablet=&#8220;0px&#8220; header_text_shadow_vertical_length_tablet=&#8220;0px&#8220; header_text_shadow_blur_strength_tablet=&#8220;1px&#8220; header_2_text_shadow_horizontal_length_tablet=&#8220;0px&#8220; header_2_text_shadow_vertical_length_tablet=&#8220;0px&#8220; header_2_text_shadow_blur_strength_tablet=&#8220;1px&#8220; header_3_text_shadow_horizontal_length_tablet=&#8220;0px&#8220; header_3_text_shadow_vertical_length_tablet=&#8220;0px&#8220; header_3_text_shadow_blur_strength_tablet=&#8220;1px&#8220; header_4_text_shadow_horizontal_length_tablet=&#8220;0px&#8220; header_4_text_shadow_vertical_length_tablet=&#8220;0px&#8220; header_4_text_shadow_blur_strength_tablet=&#8220;1px&#8220; header_5_text_shadow_horizontal_length_tablet=&#8220;0px&#8220; header_5_text_shadow_vertical_length_tablet=&#8220;0px&#8220; header_5_text_shadow_blur_strength_tablet=&#8220;1px&#8220; header_6_text_shadow_horizontal_length_tablet=&#8220;0px&#8220; header_6_text_shadow_vertical_length_tablet=&#8220;0px&#8220; header_6_text_shadow_blur_strength_tablet=&#8220;1px&#8220; box_shadow_horizontal_tablet=&#8220;0px&#8220; box_shadow_vertical_tablet=&#8220;0px&#8220; box_shadow_blur_tablet=&#8220;40px&#8220; box_shadow_spread_tablet=&#8220;0px&#8220; saved_tabs=&#8220;all&#8220; global_colors_info=&#8220;{}&#8220;]<\/p>\n<div id=\"LI-CEO\"><script src=\"https:\/\/www.languageinternational.com\/badge\/coe?id=68832\"><\/script><\/div>\n<p>[\/et_pb_text][et_pb_text admin_label=&#8220;Sprachkurse der Parola Schule &#8220; _builder_version=&#8220;4.22.2&#8243; module_alignment=&#8220;left&#8220; custom_margin=&#8220;40px|||&#8220; global_module=&#8220;29013&#8243; saved_tabs=&#8220;all&#8220; locked=&#8220;off&#8220; global_colors_info=&#8220;{}&#8220;]<\/p>\n<p><span style=\"font-size: x-large;\"><strong><span style=\"color: #0c71c3;\">SPRACHKURSE<\/span><\/strong><\/span><\/p>\n<p><a href=\"https:\/\/www.parola.it\/de\/de-italienisch-grammatik-florenz\/?et_fb=1\"><strong>GRUPPENKURSE<\/strong><\/a><\/p>\n<p><a href=\"https:\/\/www.parola.it\/de\/de-einzelsprachkurse-italienisch\/?et_fb=1\"><strong>EINZELSPRACHKURSE<\/strong><\/a><\/p>\n<p><a href=\"https:\/\/www.parola.it\/de\/de-zusammengesetzte-kurse\/?et_fb=1\"><strong>KOMBINIERTE KURSE<\/strong><\/a><\/p>\n<p><strong><a href=\"https:\/\/www.parola.it\/de\/online-sprachkurse\/\">ONLINE-KURSE<\/a><\/strong><\/p>\n<p><a href=\"https:\/\/www.parola.it\/de\/de_aupair_kurse\/\" title=\"Sprachkurs f\u00fcr Au Pairs in Florenz\"><strong>AU PAIR KURS<\/strong><\/a><\/p>\n<p><strong><a href=\"https:\/\/www.parola.it\/de\/italienisch-aussprache\/\" title=\"Italienisch Aussprache mit Parola Schule \">AUSSPRACHE<\/a><\/strong><\/p>\n<p><strong><a href=\"https:\/\/www.parola.it\/de\/de-cils-certifikat-italien\/\" title=\"Cils Zertifikat an der Parola Sprachschule in Florenz\">CILS ZERTIFIKAT\u00a0<\/a><\/strong><\/p>\n<p><a href=\"https:\/\/www.parola.it\/de\/de_italienisch_kurse\/?et_fb=1\"><strong>ITALIENISCHKURSE<\/strong><\/a><\/p>\n<p>[\/et_pb_text][et_pb_text admin_label=&#8220;Informationen \u00fcber die Parola Schule &#8220; _builder_version=&#8220;4.5.3&#8243; text_font=&#8220;||||&#8220; header_font=&#8220;||||&#8220; module_alignment=&#8220;left&#8220; custom_margin=&#8220;22px|||||&#8220; use_border_color=&#8220;off&#8220; global_module=&#8220;9468&#8243; saved_tabs=&#8220;all&#8220; global_colors_info=&#8220;{}&#8220;]<\/p>\n<p><span style=\"font-size: x-large;\"><strong><span style=\"color: #0c71c3;\">INFORMATIONEN<\/span><\/strong><\/span><\/p>\n<p><strong><a href=\"https:\/\/www.parola.it\/de\/de_preise_schule\/?et_fb=1\">PREISE<\/a><\/strong><\/p>\n<p><strong><a href=\"https:\/\/www.parola.it\/de\/de_kontakt\/?et_fb=1\">KONTAKT<\/a><\/strong><\/p>\n<p><strong><a href=\"de-sprachschule-parola-lage\/\">LAGE DER SCHULE<\/a><\/strong><\/p>\n<p><a href=\"de-termine-sprachkurse-florenz\/\"><strong>DATEN <\/strong><\/a><\/p>\n<p><a href=\"de_freizeit\/\"><strong>FREIZEITAKTIVIT\u00c4TEN <\/strong><\/a><\/p>\n<p><a href=\"de-rabatte-italienisch-sprachkurse\/\"><strong>RABATTE<\/strong><\/a><\/p>\n<p><a href=\"de-lehrer-methoden\/\"><strong>LEHRMETHODEN<\/strong><\/a><\/p>\n<p><a href=\"de-gestellte-fragen-sprachschule\/\"><strong>H\u00c4UFIG GESTELLTE FRAGEN<\/strong><\/a><\/p>\n<p><strong><span style=\"font-size: x-large;\"><span style=\"color: #0c71c3;\">MEHR ERFAHREN<\/span><\/span><\/strong><\/p>\n<p><a href=\"de-lernen-italienisch-warum\/\"><strong>LERNEN IN FLORENZ<\/strong><\/a><\/p>\n<p><a href=\"de_stipendien_cils\/\"><strong>STIPENDIEN<\/strong><\/a><\/p>\n<p><a href=\"de_unterkunft\/\"><strong>UNTERKUNFT IN FLORENZ<\/strong><\/a><\/p>\n<p>[\/et_pb_text][\/et_pb_column][\/et_pb_section]<\/p>\n","protected":false},"excerpt":{"rendered":"<p>Kombinierter Zeichen- und Sprachkurs in Florenz Lernen Sie Zeichnen und Italienisch an der Parola-Sprachschule Sind Sie bereit f\u00fcr ein einzigartiges Lernerlebnis in der bezaubernden Stadt Florenz? An der Parola School bieten wir eine einzigartige Kombination aus einem technischen Zeichenkurs und einem Italienisch-Sprachkurs an. Die Sprachschule bietet einen\u00a0technischen Zeichenkurs zusammen mit einem Italienisch-Sprachkurs\u00a0an. Unsere Zeichenkurse k\u00f6nnen [&hellip;]<\/p>\n","protected":false},"author":1,"featured_media":10926,"parent":0,"menu_order":0,"comment_status":"closed","ping_status":"closed","template":"","meta":{"_et_pb_use_builder":"on","_et_pb_old_content":"","_et_gb_content_width":"","footnotes":""},"class_list":["post-2298","page","type-page","status-publish","has-post-thumbnail","hentry"],"yoast_head":"<!-- This site is optimized with the Yoast SEO plugin v27.4 - https:\/\/yoast.com\/product\/yoast-seo-wordpress\/ -->\n<title>Italienischkurse mit Zeichenunterrichte in Florenz | Parola Schule<\/title>\n<meta name=\"description\" content=\"Die Parola Sprachschule bietet Italienischkurse an, die mit Zeichenunterrichte in Florenz kombiniert werden.\" \/>\n<meta name=\"robots\" content=\"index, follow, max-snippet:-1, max-image-preview:large, max-video-preview:-1\" \/>\n<link rel=\"canonical\" href=\"https:\/\/www.parola.it\/de\/de-zeichenkurs-florenz\/\" \/>\n<meta property=\"og:locale\" content=\"de_DE\" \/>\n<meta property=\"og:type\" content=\"article\" \/>\n<meta property=\"og:title\" content=\"Italienischkurse mit Zeichenunterrichte in Florenz | Parola Schule\" \/>\n<meta property=\"og:description\" content=\"Die Parola Sprachschule bietet Italienischkurse an, die mit Zeichenunterrichte in Florenz kombiniert werden.\" \/>\n<meta property=\"og:url\" content=\"https:\/\/www.parola.it\/de\/de-zeichenkurs-florenz\/\" \/>\n<meta property=\"og:site_name\" content=\"Italian Language School in Florence | Parola School\" \/>\n<meta property=\"article:publisher\" content=\"https:\/\/www.facebook.com\/Italian.language.school.florence\/\" \/>\n<meta property=\"article:modified_time\" content=\"2025-03-24T12:04:02+00:00\" \/>\n<meta property=\"og:image\" content=\"https:\/\/www.parola.it\/wp-content\/uploads\/2018\/02\/drawing-florence.jpg\" \/>\n\t<meta property=\"og:image:width\" content=\"1920\" \/>\n\t<meta property=\"og:image:height\" content=\"1080\" \/>\n\t<meta property=\"og:image:type\" content=\"image\/jpeg\" \/>\n<meta name=\"twitter:card\" content=\"summary_large_image\" \/>\n<meta name=\"twitter:site\" content=\"@Parola_School\" \/>\n<meta name=\"twitter:label1\" content=\"Gesch\u00e4tzte Lesezeit\" \/>\n\t<meta name=\"twitter:data1\" content=\"4\u00a0Minuten\" \/>\n<script type=\"application\/ld+json\" class=\"yoast-schema-graph\">{\"@context\":\"https:\\\/\\\/schema.org\",\"@graph\":[{\"@type\":\"WebPage\",\"@id\":\"https:\\\/\\\/www.parola.it\\\/de\\\/de-zeichenkurs-florenz\\\/\",\"url\":\"https:\\\/\\\/www.parola.it\\\/de\\\/de-zeichenkurs-florenz\\\/\",\"name\":\"Italienischkurse mit Zeichenunterrichte in Florenz | Parola Schule\",\"isPartOf\":{\"@id\":\"https:\\\/\\\/www.parola.it\\\/#website\"},\"primaryImageOfPage\":{\"@id\":\"https:\\\/\\\/www.parola.it\\\/de\\\/de-zeichenkurs-florenz\\\/#primaryimage\"},\"image\":{\"@id\":\"https:\\\/\\\/www.parola.it\\\/de\\\/de-zeichenkurs-florenz\\\/#primaryimage\"},\"thumbnailUrl\":\"https:\\\/\\\/www.parola.it\\\/wp-content\\\/uploads\\\/2018\\\/02\\\/drawing-florence.jpg\",\"datePublished\":\"2017-11-07T12:46:49+00:00\",\"dateModified\":\"2025-03-24T12:04:02+00:00\",\"description\":\"Die Parola Sprachschule bietet Italienischkurse an, die mit Zeichenunterrichte in Florenz kombiniert werden.\",\"breadcrumb\":{\"@id\":\"https:\\\/\\\/www.parola.it\\\/de\\\/de-zeichenkurs-florenz\\\/#breadcrumb\"},\"inLanguage\":\"de\",\"potentialAction\":[{\"@type\":\"ReadAction\",\"target\":[\"https:\\\/\\\/www.parola.it\\\/de\\\/de-zeichenkurs-florenz\\\/\"]}]},{\"@type\":\"ImageObject\",\"inLanguage\":\"de\",\"@id\":\"https:\\\/\\\/www.parola.it\\\/de\\\/de-zeichenkurs-florenz\\\/#primaryimage\",\"url\":\"https:\\\/\\\/www.parola.it\\\/wp-content\\\/uploads\\\/2018\\\/02\\\/drawing-florence.jpg\",\"contentUrl\":\"https:\\\/\\\/www.parola.it\\\/wp-content\\\/uploads\\\/2018\\\/02\\\/drawing-florence.jpg\",\"width\":1920,\"height\":1080,\"caption\":\"Drawing lesson in Florence\"},{\"@type\":\"BreadcrumbList\",\"@id\":\"https:\\\/\\\/www.parola.it\\\/de\\\/de-zeichenkurs-florenz\\\/#breadcrumb\",\"itemListElement\":[{\"@type\":\"ListItem\",\"position\":1,\"name\":\"Accueil\",\"item\":\"https:\\\/\\\/www.parola.it\\\/de\\\/\"},{\"@type\":\"ListItem\",\"position\":2,\"name\":\"ZEICHENKURS\"}]},{\"@type\":\"WebSite\",\"@id\":\"https:\\\/\\\/www.parola.it\\\/#website\",\"url\":\"https:\\\/\\\/www.parola.it\\\/\",\"name\":\"Italian Language School in Florence | Parola School\",\"description\":\"Learn Italian with Parola Italian language school in Florence. Language courses at a competitive price with quality teaching.\",\"publisher\":{\"@id\":\"https:\\\/\\\/www.parola.it\\\/#organization\"},\"alternateName\":\"Parola School\",\"potentialAction\":[{\"@type\":\"SearchAction\",\"target\":{\"@type\":\"EntryPoint\",\"urlTemplate\":\"https:\\\/\\\/www.parola.it\\\/?s={search_term_string}\"},\"query-input\":{\"@type\":\"PropertyValueSpecification\",\"valueRequired\":true,\"valueName\":\"search_term_string\"}}],\"inLanguage\":\"de\"},{\"@type\":\"Organization\",\"@id\":\"https:\\\/\\\/www.parola.it\\\/#organization\",\"name\":\"Parola Italian Language School in Florence\",\"alternateName\":\"Italian Language Courses in Florence\",\"url\":\"https:\\\/\\\/www.parola.it\\\/\",\"logo\":{\"@type\":\"ImageObject\",\"inLanguage\":\"de\",\"@id\":\"https:\\\/\\\/www.parola.it\\\/#\\\/schema\\\/logo\\\/image\\\/\",\"url\":\"https:\\\/\\\/www.parola.it\\\/wp-content\\\/uploads\\\/2019\\\/03\\\/logo-parola-language-school-1-e1721760774400.png\",\"contentUrl\":\"https:\\\/\\\/www.parola.it\\\/wp-content\\\/uploads\\\/2019\\\/03\\\/logo-parola-language-school-1-e1721760774400.png\",\"width\":145,\"height\":53,\"caption\":\"Parola Italian Language School in Florence\"},\"image\":{\"@id\":\"https:\\\/\\\/www.parola.it\\\/#\\\/schema\\\/logo\\\/image\\\/\"},\"sameAs\":[\"https:\\\/\\\/www.facebook.com\\\/Italian.language.school.florence\\\/\",\"https:\\\/\\\/x.com\\\/Parola_School\",\"https:\\\/\\\/www.instagram.com\\\/scuola_parola\\\/?hl=it\",\"https:\\\/\\\/www.linkedin.com\\\/in\\\/parola-italian-language-school-0a504114\\\/\",\"https:\\\/\\\/it.pinterest.com\\\/pin\\\/10344274122092210\\\/\",\"https:\\\/\\\/www.youtube.com\\\/channel\\\/UCKQkiBkXnIh9Df27KWD66rA?view_as=subscriber\",\"https:\\\/\\\/www.tripadvisor.com\\\/Attraction_Review-g187895-d4133618-Reviews-Parola_Italian_Language_School-Florence_Tuscany\"]}]}<\/script>\n<!-- \/ Yoast SEO plugin. -->","yoast_head_json":{"title":"Italienischkurse mit Zeichenunterrichte in Florenz | Parola Schule","description":"Die Parola Sprachschule bietet Italienischkurse an, die mit Zeichenunterrichte in Florenz kombiniert werden.","robots":{"index":"index","follow":"follow","max-snippet":"max-snippet:-1","max-image-preview":"max-image-preview:large","max-video-preview":"max-video-preview:-1"},"canonical":"https:\/\/www.parola.it\/de\/de-zeichenkurs-florenz\/","og_locale":"de_DE","og_type":"article","og_title":"Italienischkurse mit Zeichenunterrichte in Florenz | Parola Schule","og_description":"Die Parola Sprachschule bietet Italienischkurse an, die mit Zeichenunterrichte in Florenz kombiniert werden.","og_url":"https:\/\/www.parola.it\/de\/de-zeichenkurs-florenz\/","og_site_name":"Italian Language School in Florence | Parola School","article_publisher":"https:\/\/www.facebook.com\/Italian.language.school.florence\/","article_modified_time":"2025-03-24T12:04:02+00:00","og_image":[{"width":1920,"height":1080,"url":"https:\/\/www.parola.it\/wp-content\/uploads\/2018\/02\/drawing-florence.jpg","type":"image\/jpeg"}],"twitter_card":"summary_large_image","twitter_site":"@Parola_School","twitter_misc":{"Gesch\u00e4tzte Lesezeit":"4\u00a0Minuten"},"schema":{"@context":"https:\/\/schema.org","@graph":[{"@type":"WebPage","@id":"https:\/\/www.parola.it\/de\/de-zeichenkurs-florenz\/","url":"https:\/\/www.parola.it\/de\/de-zeichenkurs-florenz\/","name":"Italienischkurse mit Zeichenunterrichte in Florenz | Parola Schule","isPartOf":{"@id":"https:\/\/www.parola.it\/#website"},"primaryImageOfPage":{"@id":"https:\/\/www.parola.it\/de\/de-zeichenkurs-florenz\/#primaryimage"},"image":{"@id":"https:\/\/www.parola.it\/de\/de-zeichenkurs-florenz\/#primaryimage"},"thumbnailUrl":"https:\/\/www.parola.it\/wp-content\/uploads\/2018\/02\/drawing-florence.jpg","datePublished":"2017-11-07T12:46:49+00:00","dateModified":"2025-03-24T12:04:02+00:00","description":"Die Parola Sprachschule bietet Italienischkurse an, die mit Zeichenunterrichte in Florenz kombiniert werden.","breadcrumb":{"@id":"https:\/\/www.parola.it\/de\/de-zeichenkurs-florenz\/#breadcrumb"},"inLanguage":"de","potentialAction":[{"@type":"ReadAction","target":["https:\/\/www.parola.it\/de\/de-zeichenkurs-florenz\/"]}]},{"@type":"ImageObject","inLanguage":"de","@id":"https:\/\/www.parola.it\/de\/de-zeichenkurs-florenz\/#primaryimage","url":"https:\/\/www.parola.it\/wp-content\/uploads\/2018\/02\/drawing-florence.jpg","contentUrl":"https:\/\/www.parola.it\/wp-content\/uploads\/2018\/02\/drawing-florence.jpg","width":1920,"height":1080,"caption":"Drawing lesson in Florence"},{"@type":"BreadcrumbList","@id":"https:\/\/www.parola.it\/de\/de-zeichenkurs-florenz\/#breadcrumb","itemListElement":[{"@type":"ListItem","position":1,"name":"Accueil","item":"https:\/\/www.parola.it\/de\/"},{"@type":"ListItem","position":2,"name":"ZEICHENKURS"}]},{"@type":"WebSite","@id":"https:\/\/www.parola.it\/#website","url":"https:\/\/www.parola.it\/","name":"Italian Language School in Florence | Parola School","description":"Learn Italian with Parola Italian language school in Florence. Language courses at a competitive price with quality teaching.","publisher":{"@id":"https:\/\/www.parola.it\/#organization"},"alternateName":"Parola School","potentialAction":[{"@type":"SearchAction","target":{"@type":"EntryPoint","urlTemplate":"https:\/\/www.parola.it\/?s={search_term_string}"},"query-input":{"@type":"PropertyValueSpecification","valueRequired":true,"valueName":"search_term_string"}}],"inLanguage":"de"},{"@type":"Organization","@id":"https:\/\/www.parola.it\/#organization","name":"Parola Italian Language School in Florence","alternateName":"Italian Language Courses in Florence","url":"https:\/\/www.parola.it\/","logo":{"@type":"ImageObject","inLanguage":"de","@id":"https:\/\/www.parola.it\/#\/schema\/logo\/image\/","url":"https:\/\/www.parola.it\/wp-content\/uploads\/2019\/03\/logo-parola-language-school-1-e1721760774400.png","contentUrl":"https:\/\/www.parola.it\/wp-content\/uploads\/2019\/03\/logo-parola-language-school-1-e1721760774400.png","width":145,"height":53,"caption":"Parola Italian Language School in Florence"},"image":{"@id":"https:\/\/www.parola.it\/#\/schema\/logo\/image\/"},"sameAs":["https:\/\/www.facebook.com\/Italian.language.school.florence\/","https:\/\/x.com\/Parola_School","https:\/\/www.instagram.com\/scuola_parola\/?hl=it","https:\/\/www.linkedin.com\/in\/parola-italian-language-school-0a504114\/","https:\/\/it.pinterest.com\/pin\/10344274122092210\/","https:\/\/www.youtube.com\/channel\/UCKQkiBkXnIh9Df27KWD66rA?view_as=subscriber","https:\/\/www.tripadvisor.com\/Attraction_Review-g187895-d4133618-Reviews-Parola_Italian_Language_School-Florence_Tuscany"]}]}},"_links":{"self":[{"href":"https:\/\/www.parola.it\/de\/wp-json\/wp\/v2\/pages\/2298","targetHints":{"allow":["GET"]}}],"collection":[{"href":"https:\/\/www.parola.it\/de\/wp-json\/wp\/v2\/pages"}],"about":[{"href":"https:\/\/www.parola.it\/de\/wp-json\/wp\/v2\/types\/page"}],"author":[{"embeddable":true,"href":"https:\/\/www.parola.it\/de\/wp-json\/wp\/v2\/users\/1"}],"replies":[{"embeddable":true,"href":"https:\/\/www.parola.it\/de\/wp-json\/wp\/v2\/comments?post=2298"}],"version-history":[{"count":5,"href":"https:\/\/www.parola.it\/de\/wp-json\/wp\/v2\/pages\/2298\/revisions"}],"predecessor-version":[{"id":75119,"href":"https:\/\/www.parola.it\/de\/wp-json\/wp\/v2\/pages\/2298\/revisions\/75119"}],"wp:featuredmedia":[{"embeddable":true,"href":"https:\/\/www.parola.it\/de\/wp-json\/wp\/v2\/media\/10926"}],"wp:attachment":[{"href":"https:\/\/www.parola.it\/de\/wp-json\/wp\/v2\/media?parent=2298"}],"curies":[{"name":"wp","href":"https:\/\/api.w.org\/{rel}","templated":true}]}}