{"id":48387,"date":"2020-08-27T09:40:11","date_gmt":"2020-08-27T07:40:11","guid":{"rendered":"https:\/\/www.parola.it\/?page_id=48387"},"modified":"2021-09-07T13:47:16","modified_gmt":"2021-09-07T11:47:16","slug":"priser","status":"publish","type":"page","link":"https:\/\/www.parola.it\/da\/priser\/","title":{"rendered":"PRISER"},"content":{"rendered":"<p>[et_pb_section fb_built=&#8221;1&#8243; fullwidth=&#8221;on&#8221; _builder_version=&#8221;3.22&#8243;][et_pb_fullwidth_slider show_content_on_mobile=&#8221;off&#8221; show_cta_on_mobile=&#8221;off&#8221; _builder_version=&#8221;4.5.3&#8243; header_font_size=&#8221;40&#8243; background_size=&#8221;initial&#8221; background_position=&#8221;top_left&#8221; background_repeat=&#8221;repeat&#8221; auto=&#8221;on&#8221; auto_speed=&#8221;3000&#8243; auto_ignore_hover=&#8221;on&#8221; remove_inner_shadow=&#8221;off&#8221; hide_content_on_mobile=&#8221;off&#8221; hide_cta_on_mobile=&#8221;off&#8221; show_inner_shadow=&#8221;off&#8221; button_text_size__hover_enabled=&#8221;off&#8221; button_one_text_size__hover_enabled=&#8221;off&#8221; button_two_text_size__hover_enabled=&#8221;off&#8221; button_text_color__hover_enabled=&#8221;off&#8221; button_one_text_color__hover_enabled=&#8221;off&#8221; button_two_text_color__hover_enabled=&#8221;off&#8221; button_border_width__hover_enabled=&#8221;off&#8221; button_one_border_width__hover_enabled=&#8221;off&#8221; button_two_border_width__hover_enabled=&#8221;off&#8221; button_border_color__hover_enabled=&#8221;off&#8221; button_one_border_color__hover_enabled=&#8221;off&#8221; button_two_border_color__hover_enabled=&#8221;off&#8221; button_border_radius__hover_enabled=&#8221;off&#8221; button_one_border_radius__hover_enabled=&#8221;off&#8221; button_two_border_radius__hover_enabled=&#8221;off&#8221; button_letter_spacing__hover_enabled=&#8221;off&#8221; button_one_letter_spacing__hover_enabled=&#8221;off&#8221; button_two_letter_spacing__hover_enabled=&#8221;off&#8221; button_bg_color__hover_enabled=&#8221;off&#8221; button_one_bg_color__hover_enabled=&#8221;off&#8221; button_two_bg_color__hover_enabled=&#8221;off&#8221;][et_pb_slide heading=&#8221;De konkurrencedygtige priser p\u00e5 Parola skole i centrum af Firenze&#8221; button_text=&#8221;SPROGKURSER &#8221; button_link=&#8221;https:\/\/www.parola.it\/da\/dk-italiensk-kurser-firenze&#8221; use_bg_overlay=&#8221;on&#8221; bg_overlay_color=&#8221;rgba(0,0,0,0.1)&#8221; use_text_overlay=&#8221;off&#8221; _builder_version=&#8221;4.5.3&#8243; header_font=&#8221;||||&#8221; body_font=&#8221;||||&#8221; background_color=&#8221;#ffffff&#8221; background_image=&#8221;https:\/\/www.parola.it\/wp-content\/uploads\/2019\/08\/group-italian-conversation.jpg&#8221; background_enable_image=&#8221;on&#8221; background_position=&#8221;top_left&#8221; button_icon_placement=&#8221;right&#8221; button_on_hover=&#8221;on&#8221; button_text_size__hover_enabled=&#8221;off&#8221; button_one_text_size__hover_enabled=&#8221;off&#8221; button_two_text_size__hover_enabled=&#8221;off&#8221; button_text_color__hover_enabled=&#8221;off&#8221; button_one_text_color__hover_enabled=&#8221;off&#8221; button_two_text_color__hover_enabled=&#8221;off&#8221; button_border_width__hover_enabled=&#8221;off&#8221; button_one_border_width__hover_enabled=&#8221;off&#8221; button_two_border_width__hover_enabled=&#8221;off&#8221; button_border_color__hover_enabled=&#8221;off&#8221; button_one_border_color__hover_enabled=&#8221;off&#8221; button_two_border_color__hover_enabled=&#8221;off&#8221; button_border_radius__hover_enabled=&#8221;off&#8221; button_one_border_radius__hover_enabled=&#8221;off&#8221; button_two_border_radius__hover_enabled=&#8221;off&#8221; button_letter_spacing__hover_enabled=&#8221;off&#8221; button_one_letter_spacing__hover_enabled=&#8221;off&#8221; button_two_letter_spacing__hover_enabled=&#8221;off&#8221; button_bg_color__hover_enabled=&#8221;off&#8221; button_one_bg_color__hover_enabled=&#8221;off&#8221; button_two_bg_color__hover_enabled=&#8221;off&#8221; sticky_transition=&#8221;on&#8221;][\/et_pb_slide][\/et_pb_fullwidth_slider][\/et_pb_section][et_pb_section fb_built=&#8221;1&#8243; specialty=&#8221;on&#8221; _builder_version=&#8221;3.22&#8243;][et_pb_column type=&#8221;3_4&#8243; specialty_columns=&#8221;3&#8243; _builder_version=&#8221;3.25&#8243; custom_padding=&#8221;|||&#8221; custom_padding__hover=&#8221;|||&#8221;][et_pb_row_inner _builder_version=&#8221;3.25&#8243; custom_padding=&#8221;27.375px|0px|0px|0px&#8221;][et_pb_column_inner saved_specialty_column_type=&#8221;3_4&#8243; _builder_version=&#8221;3.25&#8243; custom_padding=&#8221;|||&#8221; custom_padding__hover=&#8221;|||&#8221;][et_pb_text admin_label=&#8221;TITOLO PAGINA&#8221; _builder_version=&#8221;4.5.3&#8243; text_line_height=&#8221;1.9em&#8221; header_text_color=&#8221;#ff6600&#8243; text_orientation=&#8221;justified&#8221;]<\/p>\n<h1>Priserne p\u00e5 de italienske kurser i Parola School<\/h1>\n<h2>L\u00e6r italiensk med kvalitetsundervisning til overkommelige priser<\/h2>\n<p>P\u00e5 Parola skole i Firenze kan du studere det<strong> italienske sprog i centrum af Firenze med kvalitetsinstruktion<\/strong> til en rimelig pris.<\/p>\n<p>Fordi vi tilbyder et interessant udvalg af kurser til <strong>konkurrencedygtige priser<\/strong>, er vi sikker p\u00e5 at im\u00f8dekomme dine sprogbehov.<\/p>\n<p>Prisen for hvert italiensk kursus inkluderer Parolas <strong>redigerede b\u00f8ger, afsluttende certifikater og studerendes aktiviteter i Firenze<\/strong>. Og ogs\u00e5 alle de moderne undervisningsmetoder til at l\u00e6re det italienske sprog effektivt.<\/p>\n<p>[\/et_pb_text][et_pb_button button_url=&#8221;https:\/\/www.parola.it\/da\/dk-italiensk-kurser-firenze&#8221; button_text=&#8221;KURSER&#8221; _builder_version=&#8221;4.5.3&#8243; _module_preset=&#8221;default&#8221; background_layout=&#8221;dark&#8221;][\/et_pb_button][\/et_pb_column_inner][\/et_pb_row_inner][et_pb_row_inner _builder_version=&#8221;3.25&#8243; custom_padding=&#8221;26px|0px|0px|0px||&#8221;][et_pb_column_inner saved_specialty_column_type=&#8221;3_4&#8243; _builder_version=&#8221;3.25&#8243; custom_padding=&#8221;|||&#8221; custom_padding__hover=&#8221;|||&#8221;][et_pb_image src=&#8221;https:\/\/www.parola.it\/wp-content\/uploads\/2019\/04\/italian-language-class-florence.jpg&#8221; alt=&#8221;Italian language class in Florence at Parola school&#8221; title_text=&#8221;italian-language-class-florence&#8221; _builder_version=&#8221;4.5.3&#8243; _module_preset=&#8221;default&#8221;][\/et_pb_image][et_pb_text admin_label=&#8221;Gruppe&#8221; _builder_version=&#8221;4.5.3&#8243; _module_preset=&#8221;default&#8221;]<\/p>\n<h3>Pris for vores gruppe italiensk sprogkurser i Firenze<\/h3>\n<p>Se p\u00e5 de <strong>konkurrencedygtige priser p\u00e5 vores gruppe italiensk<\/strong> sprogkurser i Firenze.<\/p>\n<p>Rul vandret, frem og tilbage for at se alle priser.<\/p>\n\n<table id=\"tablepress-65\" class=\"tablepress tablepress-id-65\">\n<thead>\n<tr class=\"row-1\">\n\t<th class=\"column-1\">KURSSVARIGHED<\/th><th class=\"column-2\">ALLEGRO<br \/>\nIntensiv<\/th><th class=\"column-3\">ANDANTE<br \/>\nSemi-intensive <\/th><th class=\"column-4\">MOLTO ALLEGRO <br \/>\nMeget intensiv<\/th><th class=\"column-5\">TRE VOLTE<\/th><th class=\"column-6\">TRE VOLTE PLUS<\/th><th class=\"column-7\">TONO<\/th>\n<\/tr>\n<\/thead>\n<tbody>\n<tr class=\"row-2\">\n\t<td class=\"column-1\">1 uge<\/td><td class=\"column-2\">\u20ac180 - 20 timer<\/td><td class=\"column-3\">\u20ac100 - 10 timer<\/td><td class=\"column-4\">\u20ac210 - 30 timer<\/td><td class=\"column-5\"><\/td><td class=\"column-6\"><\/td><td class=\"column-7\">\u20ac100 - 10 timer<\/td>\n<\/tr>\n<tr class=\"row-3\">\n\t<td class=\"column-1\">2 uger<\/td><td class=\"column-2\">\u20ac320 - 40 timer<\/td><td class=\"column-3\">\u20ac180 - 20 timer<\/td><td class=\"column-4\">\u20ac420 - 60 timer<\/td><td class=\"column-5\">\u20ac110 - 12 timer<\/td><td class=\"column-6\">\u20ac180 - 24 timer<\/td><td class=\"column-7\">\u20ac180 - 20 timer<\/td>\n<\/tr>\n<tr class=\"row-4\">\n\t<td class=\"column-1\">3 uger<\/td><td class=\"column-2\">\u20ac420 - 60 timer<\/td><td class=\"column-3\">\u20ac260 - 30 timer<\/td><td class=\"column-4\">\u20ac600 - 90 timer<\/td><td class=\"column-5\">\u20ac160 - 18 timer<\/td><td class=\"column-6\">\u20ac260 - 36 timer<\/td><td class=\"column-7\">\u20ac260 - 30 timer<\/td>\n<\/tr>\n<tr class=\"row-5\">\n\t<td class=\"column-1\">4 uger<\/td><td class=\"column-2\">\u20ac510 - 80 timer<\/td><td class=\"column-3\">\u20ac320 - 40 timer<\/td><td class=\"column-4\">\u20ac710 - 120 timer<\/td><td class=\"column-5\">\u20ac210 - 24 timer<\/td><td class=\"column-6\">\u20ac340 - 48 timer<\/td><td class=\"column-7\">\u20ac320 - 40 timer<\/td>\n<\/tr>\n<tr class=\"row-6\">\n\t<td class=\"column-1\">INFO<\/td><td class=\"column-2\">Grammatik og samtale<\/td><td class=\"column-3\">Grammatik eller samtale<\/td><td class=\"column-4\"><\/td><td class=\"column-5\">Bare grammatik<\/td><td class=\"column-6\">Grammatik og samtale<\/td><td class=\"column-7\">Bare samtale<\/td>\n<\/tr>\n<\/tbody>\n<\/table>\n<!-- #tablepress-65 from cache -->\n<p>Priserne ovenfor er beregnet til 4 uger. Parola skole tilbyder dog<strong> italiensk sprogkurser i en kortere eller l\u00e6ngere periode<\/strong>, fra 1 uge til 7 m\u00e5neder.<\/p>\n<p>Bem\u00e6rk, at den italienske sprogskole Parola ogs\u00e5 kan <strong>beregne en skr\u00e6ddersyet kursuspris<\/strong>, hvis en studerende ikke kan deltage i gruppeklassen p\u00e5 daglig basis.<\/p>\n<p>[\/et_pb_text][et_pb_text _builder_version=&#8221;4.5.3&#8243; text_line_height=&#8221;1.9em&#8221; text_orientation=&#8221;justified&#8221;]<\/p>\n<h3>Pris for vores individuelle italienske sprogkurser<\/h3>\n<p>Se p\u00e5 priserne p\u00e5 vores individuelle italienske lektioner. Og v\u00e6r opm\u00e6rksom p\u00e5, at hver time, <strong>hvis den tages separat, koster 30 euro<\/strong>.<\/p>\n<p>Rul vandret, frem og tilbage for at se alle priser.<\/p>\n\n<table id=\"tablepress-66\" class=\"tablepress tablepress-id-66\">\n<thead>\n<tr class=\"row-1\">\n\t<th class=\"column-1\">KURSSVARIGHED<\/th><th class=\"column-2\">PIANISSIMO<\/th><th class=\"column-3\">PIANO<\/th><th class=\"column-4\">MAESTOSO<\/th><th class=\"column-5\">BRIO<\/th><th class=\"column-6\">BRIO1<\/th><th class=\"column-7\">PRESTISSIMO<\/th><th class=\"column-8\">PRESTISSIMO1<\/th>\n<\/tr>\n<\/thead>\n<tbody class=\"row-striping row-hover\">\n<tr class=\"row-2\">\n\t<td class=\"column-1\"><strong>PER UGE<\/strong><\/td><td class=\"column-2\">1 time om dagen<\/td><td class=\"column-3\">2 timer om dagen<\/td><td class=\"column-4\">4 timer om dagen<\/td><td class=\"column-5\">6 timer om dagen<\/td><td class=\"column-6\">6 timer om dagen<\/td><td class=\"column-7\">8 timer om dagen<\/td><td class=\"column-8\">8 timer om dagen<\/td>\n<\/tr>\n<tr class=\"row-3\">\n\t<td class=\"column-1\"><strong>UGENTLIG PRIS<\/strong><\/td><td class=\"column-2\">\u20ac150<\/td><td class=\"column-3\">\u20ac300<\/td><td class=\"column-4\">\u20ac550<\/td><td class=\"column-5\">\u20ac850<\/td><td class=\"column-6\">\u20ac1150<\/td><td class=\"column-7\">\u20ac1160<\/td><td class=\"column-8\">\u20ac1600<\/td>\n<\/tr>\n<tr class=\"row-4\">\n\t<td class=\"column-1\"><strong>INFORMATION<\/strong><\/td><td class=\"column-2\"><\/td><td class=\"column-3\"><\/td><td class=\"column-4\"><\/td><td class=\"column-5\"><\/td><td class=\"column-6\">Inkluderer frokost<\/td><td class=\"column-7\"><\/td><td class=\"column-8\">Inkluderer frokost<\/td>\n<\/tr>\n<\/tbody>\n<\/table>\n<!-- #tablepress-66 from cache -->\n<h3>Pris for vores kombinerede italienske sprogkurser i Firenze<\/h3>\n<p>Se p\u00e5 prisen p\u00e5 vores <strong>gruppesprogskurser i kombination med vores individuelle italienske<\/strong> sprogundervisning i Firenze.<\/p>\n\n<table id=\"tablepress-67\" class=\"tablepress tablepress-id-67\">\n<thead>\n<tr class=\"row-1\">\n\t<th class=\"column-1\">RUTE<\/th><th class=\"column-2\">LEGGERO - Lys<\/th><th class=\"column-3\">ALLEGRETTO<\/th><th class=\"column-4\">VIVACE - Intensiv<\/th><th class=\"column-5\">PRESTO -Meget intensiv<\/th>\n<\/tr>\n<\/thead>\n<tbody>\n<tr class=\"row-2\">\n\t<td class=\"column-1\">2 uger<\/td><td class=\"column-2\">\u20ac290 - 30 h<\/td><td class=\"column-3\">\u20ac500 - 46 h<\/td><td class=\"column-4\">\u20ac620 - 50 h<\/td><td class=\"column-5\">\u20ac990 - 60 h<\/td>\n<\/tr>\n<tr class=\"row-3\">\n\t<td class=\"column-1\">3 uger<\/td><td class=\"column-2\"><\/td><td class=\"column-3\">\u20ac690 - 69 h<\/td><td class=\"column-4\">\u20ac870 - 75 h<\/td><td class=\"column-5\">\u20ac1160 - 90 h<\/td>\n<\/tr>\n<tr class=\"row-4\">\n\t<td class=\"column-1\">4 uger<\/td><td class=\"column-2\"><\/td><td class=\"column-3\">\u20ac870 - 92 h<\/td><td class=\"column-4\">\u20ac980 - 100 h<\/td><td class=\"column-5\">\u20ac1500 - 120 h<\/td>\n<\/tr>\n<tr class=\"row-5\">\n\t<td class=\"column-1\">INFORMATION<\/td><td class=\"column-2\">2 h + 1 h individuelt - dagligt<\/td><td class=\"column-3\">4 h + 1 h individuelt x 3 gange om ugen<\/td><td class=\"column-4\">4 h + 1 h individuel-dagligt<\/td><td class=\"column-5\">4 h + 2 hrs individuelle lektioner - dagligt<\/td>\n<\/tr>\n<\/tbody>\n<\/table>\n<!-- #tablepress-67 from cache -->\n<p>Rul vandret, frem og tilbage for at se alle priser.<\/p>\n<h3>Pris for Parolas online italienske sprogkurser<\/h3>\n<p>Se p\u00e5 prisen for vores online italienske kurser, der afholdes af vores venlige og <strong>ekspert indf\u00f8dte italienske l\u00e6rere<\/strong>.<\/p>\n\n<table id=\"tablepress-68\" class=\"tablepress tablepress-id-68\">\n<thead>\n<tr class=\"row-1\">\n\t<th class=\"column-1\">DURATION<\/th><th class=\"column-2\">Online individuelle lektioner<\/th><th class=\"column-3\">Online Group lektioner<\/th>\n<\/tr>\n<\/thead>\n<tbody>\n<tr class=\"row-2\">\n\t<td class=\"column-1\">1 uge<\/td><td class=\"column-2\">54 (2 timer)<\/td><td class=\"column-3\">70 <br \/>\n(5 sessioner p\u00e5 1 og 30 minutter)<\/td>\n<\/tr>\n<tr class=\"row-3\">\n\t<td class=\"column-1\">2 uger<\/td><td class=\"column-2\">100 (4 timer)<\/td><td class=\"column-3\">140 <br \/>\n(10 sessioner p\u00e5 1 og 30 minutter)<\/td>\n<\/tr>\n<tr class=\"row-4\">\n\t<td class=\"column-1\">3 uger<\/td><td class=\"column-2\">145 (6 timer)<\/td><td class=\"column-3\">190 <br \/>\n(15 sessioner p\u00e5 1 og 30 minutter)<\/td>\n<\/tr>\n<tr class=\"row-5\">\n\t<td class=\"column-1\">4 uger<\/td><td class=\"column-2\">192 (8 timer)<\/td><td class=\"column-3\">230 <br \/>\n(20 sessioner p\u00e5 1 og 30 minutter)<\/td>\n<\/tr>\n<\/tbody>\n<\/table>\n<!-- #tablepress-68 from cache -->\n<p>[\/et_pb_text][et_pb_text _builder_version=&#8221;4.5.3&#8243; _module_preset=&#8221;default&#8221;]<\/p>\n<h3>Gratis opladningsaktiviteter efter vores sproglektioner<\/h3>\n<p>En lang r\u00e6kke <strong>fritidsaktiviteter er inkluderet i prisen for hvert italiensk sprogkursus<\/strong> i Firenze.<\/p>\n<p>Disse aktiviteter tilbydes uden beregning, s\u00e5 den studerende beh\u00f8ver kun at betale omkostningerne ved indgangskort eller transport, hvis det er n\u00f8dvendigt.<\/p>\n<p>[\/et_pb_text][et_pb_button button_url=&#8221;https:\/\/www.parola.it\/da\/dk-italienske-sprogskole-parola&#8221; button_text=&#8221;OM PAROLA &#8221; _builder_version=&#8221;4.5.3&#8243; _module_preset=&#8221;default&#8221; background_layout=&#8221;dark&#8221;][\/et_pb_button][\/et_pb_column_inner][\/et_pb_row_inner][et_pb_row_inner _builder_version=&#8221;3.25&#8243;][et_pb_column_inner saved_specialty_column_type=&#8221;3_4&#8243; _builder_version=&#8221;3.25&#8243; custom_padding=&#8221;|||&#8221; custom_padding__hover=&#8221;|||&#8221;][et_pb_text _builder_version=&#8221;4.5.3&#8243;]<\/p>\n<h4>Kontakt Parola italienske sprogskole for yderligere information<\/h4>\n<p>Kontakt os for <strong>yderligere information om priser og rabatter<\/strong> p\u00e5 vores italienske sprogskole i Firenze.<\/p>\n<p>Parola giver ogs\u00e5 gerne afklaring om gebyrerne for vores yderligere kurser i Firenze og for yderligere detaljerede oplysninger om vores <strong>CILS-certificering i Firenze<\/strong> og dens priser.<\/p>\n<p>[\/et_pb_text][et_pb_button button_url=&#8221;https:\/\/www.parola.it\/da\/dk-kontakt-skole?et_fb=1&#8243; button_text=&#8221;KONTAKTE&#8221; button_alignment=&#8221;left&#8221; _builder_version=&#8221;4.2&#8243; background_layout=&#8221;dark&#8221; locked=&#8221;off&#8221; button_text_size__hover_enabled=&#8221;off&#8221; button_one_text_size__hover_enabled=&#8221;off&#8221; button_two_text_size__hover_enabled=&#8221;off&#8221; button_text_color__hover_enabled=&#8221;off&#8221; button_one_text_color__hover_enabled=&#8221;off&#8221; button_two_text_color__hover_enabled=&#8221;off&#8221; button_border_width__hover_enabled=&#8221;off&#8221; button_one_border_width__hover_enabled=&#8221;off&#8221; button_two_border_width__hover_enabled=&#8221;off&#8221; button_border_color__hover_enabled=&#8221;off&#8221; button_one_border_color__hover_enabled=&#8221;off&#8221; button_two_border_color__hover_enabled=&#8221;off&#8221; button_border_radius__hover_enabled=&#8221;off&#8221; button_one_border_radius__hover_enabled=&#8221;off&#8221; button_two_border_radius__hover_enabled=&#8221;off&#8221; button_letter_spacing__hover_enabled=&#8221;off&#8221; button_one_letter_spacing__hover_enabled=&#8221;off&#8221; button_two_letter_spacing__hover_enabled=&#8221;off&#8221; button_bg_color__hover_enabled=&#8221;off&#8221; button_one_bg_color__hover_enabled=&#8221;off&#8221; button_two_bg_color__hover_enabled=&#8221;off&#8221;]&nbsp;<br \/>\n[\/et_pb_button][\/et_pb_column_inner][\/et_pb_row_inner][\/et_pb_column][et_pb_column type=&#8221;1_4&#8243; _builder_version=&#8221;3.25&#8243; custom_padding=&#8221;|||&#8221; custom_padding__hover=&#8221;|||&#8221;][et_pb_text admin_label=&#8221;Kontakt danese&#8221; _builder_version=&#8221;4.5.3&#8243; module_alignment=&#8221;left&#8221; global_module=&#8221;48717&#8243; saved_tabs=&#8221;all&#8221;]<\/p>\n<h5>KONTAKT OS<\/h5>\n<p><strong>Oplysninger om sprogskole!<\/strong><\/p>\n<p><img loading=\"lazy\" decoding=\"async\" class=\"size-full wp-image-164 alignnone\" src=\"https:\/\/www.parola.it\/wp-content\/uploads\/2017\/10\/MAIL.png\" alt=\"e-mail logo\" width=\"20\" height=\"13\" \/>\u00a0\u00a0 Send os en e-mail:\u00a0<strong><a href=\"mailto:info@parola.it\">info@parola.it<\/a><\/strong><\/p>\n<p><img loading=\"lazy\" decoding=\"async\" class=\"alignnone size-full wp-image-167\" src=\"https:\/\/www.parola.it\/wp-content\/uploads\/2017\/10\/TEL.png\" alt=\"phone logo\" width=\"20\" height=\"20\" \/>\u00a0\u00a0 Ring til os:\u00a0<a href=\"tel:+39055242182\"><strong>+39 055242182<\/strong><\/a> or <a href=\"tel:+393288997420\"><strong>+39 328 8997420<\/strong><\/a><\/p>\n<p><img loading=\"lazy\" decoding=\"async\" class=\"alignnone size-full wp-image-165\" src=\"https:\/\/www.parola.it\/wp-content\/uploads\/2017\/10\/PIN.png\" alt=\"address logo\" width=\"20\" height=\"20\" \/>\u00a0Bes\u00f8ge skolen:<\/p>\n<p><a href=\"#\"><strong>Borgo Santa Croce, 17 50122 Florence<\/strong><\/a><\/p>\n<p>[\/et_pb_text][et_pb_image src=&#8221;https:\/\/www.parola.it\/wp-content\/uploads\/2019\/11\/cils-certified-center.png&#8221; alt=&#8221;CILS logo of Parola Italian language school&#8221; url=&#8221;https:\/\/www.unistrasi.it\/2\/531\/2761\/CILS_centre.htm&#8221; admin_label=&#8221;CILS Certified&#8221; _builder_version=&#8221;4.4.7&#8243; custom_margin=&#8221;||10px|0px|false|false&#8221; custom_padding=&#8221;|||26px|false|false&#8221; z_index_tablet=&#8221;500&#8243; box_shadow_horizontal_tablet=&#8221;0px&#8221; box_shadow_vertical_tablet=&#8221;0px&#8221; box_shadow_blur_tablet=&#8221;40px&#8221; box_shadow_spread_tablet=&#8221;0px&#8221; saved_tabs=&#8221;all&#8221;][\/et_pb_image][et_pb_text admin_label=&#8221;Language international&#8221; _builder_version=&#8221;4.5.1&#8243; z_index_tablet=&#8221;500&#8243; text_text_shadow_horizontal_length_tablet=&#8221;0px&#8221; text_text_shadow_vertical_length_tablet=&#8221;0px&#8221; text_text_shadow_blur_strength_tablet=&#8221;1px&#8221; link_text_shadow_horizontal_length_tablet=&#8221;0px&#8221; link_text_shadow_vertical_length_tablet=&#8221;0px&#8221; link_text_shadow_blur_strength_tablet=&#8221;1px&#8221; ul_text_shadow_horizontal_length_tablet=&#8221;0px&#8221; ul_text_shadow_vertical_length_tablet=&#8221;0px&#8221; ul_text_shadow_blur_strength_tablet=&#8221;1px&#8221; ol_text_shadow_horizontal_length_tablet=&#8221;0px&#8221; ol_text_shadow_vertical_length_tablet=&#8221;0px&#8221; ol_text_shadow_blur_strength_tablet=&#8221;1px&#8221; quote_text_shadow_horizontal_length_tablet=&#8221;0px&#8221; quote_text_shadow_vertical_length_tablet=&#8221;0px&#8221; quote_text_shadow_blur_strength_tablet=&#8221;1px&#8221; header_text_shadow_horizontal_length_tablet=&#8221;0px&#8221; header_text_shadow_vertical_length_tablet=&#8221;0px&#8221; header_text_shadow_blur_strength_tablet=&#8221;1px&#8221; header_2_text_shadow_horizontal_length_tablet=&#8221;0px&#8221; header_2_text_shadow_vertical_length_tablet=&#8221;0px&#8221; header_2_text_shadow_blur_strength_tablet=&#8221;1px&#8221; header_3_text_shadow_horizontal_length_tablet=&#8221;0px&#8221; header_3_text_shadow_vertical_length_tablet=&#8221;0px&#8221; header_3_text_shadow_blur_strength_tablet=&#8221;1px&#8221; header_4_text_shadow_horizontal_length_tablet=&#8221;0px&#8221; header_4_text_shadow_vertical_length_tablet=&#8221;0px&#8221; header_4_text_shadow_blur_strength_tablet=&#8221;1px&#8221; header_5_text_shadow_horizontal_length_tablet=&#8221;0px&#8221; header_5_text_shadow_vertical_length_tablet=&#8221;0px&#8221; header_5_text_shadow_blur_strength_tablet=&#8221;1px&#8221; header_6_text_shadow_horizontal_length_tablet=&#8221;0px&#8221; header_6_text_shadow_vertical_length_tablet=&#8221;0px&#8221; header_6_text_shadow_blur_strength_tablet=&#8221;1px&#8221; box_shadow_horizontal_tablet=&#8221;0px&#8221; box_shadow_vertical_tablet=&#8221;0px&#8221; box_shadow_blur_tablet=&#8221;40px&#8221; box_shadow_spread_tablet=&#8221;0px&#8221; text_text_align=&#8221;left&#8221; saved_tabs=&#8221;all&#8221;]<\/p>\n<div id=\"LI-CEO\">\n<script src=\"https:\/\/www.languageinternational.com\/badge\/coe?id=68832\"><\/script>\n<\/div>\n<p>[\/et_pb_text][et_pb_social_media_follow url_new_window=&#8221;off&#8221; admin_label=&#8221;SOCIAL MEDIA LOGO&#8221; _builder_version=&#8221;4.5.3&#8243; background_layout=&#8221;dark&#8221; height=&#8221;50px&#8221; saved_tabs=&#8221;all&#8221;][et_pb_social_media_follow_network social_network=&#8221;facebook&#8221; url=&#8221;https:\/\/www.facebook.com\/online.italian.course&#8221; _builder_version=&#8221;4.2&#8243; background_color=&#8221;#3b5998&#8243; follow_button=&#8221;off&#8221; url_new_window=&#8221;off&#8221;]<\/p>\n<p>Facebook<\/p>\n<p>[\/et_pb_social_media_follow_network][et_pb_social_media_follow_network social_network=&#8221;twitter&#8221; url=&#8221;https:\/\/twitter.com\/&#8221; _builder_version=&#8221;3.21&#8243; background_color=&#8221;#00aced&#8221; follow_button=&#8221;off&#8221; url_new_window=&#8221;off&#8221;]<\/p>\n<p>Twitter<\/p>\n<p>[\/et_pb_social_media_follow_network][et_pb_social_media_follow_network social_network=&#8221;linkedin&#8221; url=&#8221;https:\/\/www.linkedin.com\/feed\/&#8221; _builder_version=&#8221;3.21&#8243; background_color=&#8221;#007bb6&#8243; follow_button=&#8221;off&#8221; url_new_window=&#8221;off&#8221;]<\/p>\n<p>LinkedIn<\/p>\n<p>[\/et_pb_social_media_follow_network][et_pb_social_media_follow_network social_network=&#8221;instagram&#8221; url=&#8221;https:\/\/www.instagram.com\/scuola_parola\/?hl=it&#8221; _builder_version=&#8221;4.5.3&#8243; background_color=&#8221;#ea2c59&#8243; follow_button=&#8221;off&#8221; url_new_window=&#8221;off&#8221;]<\/p>\n<p>Instagram<\/p>\n<p>[\/et_pb_social_media_follow_network][\/et_pb_social_media_follow][et_pb_text admin_label=&#8221;Curser danese&#8221; _builder_version=&#8221;4.9.10&#8243; module_alignment=&#8221;left&#8221; custom_margin=&#8221;40px|||&#8221; global_module=&#8221;48718&#8243; saved_tabs=&#8221;all&#8221;]<\/p>\n<p><span style=\"color: #0c71c3; font-size: x-large;\"><strong>VORES KURSER<\/strong><\/span><\/p>\n<p><a href=\"https:\/\/www.parola.it\/da\/dk-italiensk-kurser-firenze\"><strong>ITALIENSKE KURSER<\/strong><\/a><\/p>\n<p><a href=\"https:\/\/www.parola.it\/da\/dk-individuelle-kurser-italiensk\"><strong>INDIVIDUELLE KURSER<\/strong><\/a><\/p>\n<p><a href=\"https:\/\/www.parola.it\/da\/dk-cils-firenze\"><strong>CILS CERTIFIKAT<\/strong><\/a><\/p>\n<p><strong><a href=\"https:\/\/www.parola.it\/da\/dk-italiensk-kursus-aupairs\">ITALIENSK TIL AU PAIRS<\/a><\/strong><\/p>\n<p><a href=\"https:\/\/www.parola.it\/da\/dk-aftenkurser-italiensk-firenze\"><strong>AFTENKURSER<\/strong><\/a><\/p>\n<p><a href=\"https:\/\/www.parola.it\/da\/dk-italiensk-tegnetimer-firenze\"><strong>ITALIENSK OG TEGNETIMER<\/strong><\/a><\/p>\n<p><strong><a href=\"https:\/\/www.parola.it\/da\/priser\">KURSUS PRISERNE<\/a><\/strong><\/p>\n<p>[\/et_pb_text][\/et_pb_column][\/et_pb_section]<\/p>\n","protected":false},"excerpt":{"rendered":"<p>Priserne p\u00e5 de italienske kurser i Parola School L\u00e6r italiensk med kvalitetsundervisning til overkommelige priser P\u00e5 Parola skole i Firenze kan du studere det italienske sprog i centrum af Firenze med kvalitetsinstruktion til en rimelig pris. Fordi vi tilbyder et interessant udvalg af kurser til konkurrencedygtige priser, er vi sikker p\u00e5 at im\u00f8dekomme dine sprogbehov. [&hellip;]<\/p>\n","protected":false},"author":2,"featured_media":30456,"parent":0,"menu_order":0,"comment_status":"closed","ping_status":"closed","template":"","meta":{"_et_pb_use_builder":"on","_et_pb_old_content":"","_et_gb_content_width":"","footnotes":""},"class_list":["post-48387","page","type-page","status-publish","has-post-thumbnail","hentry"],"yoast_head":"<!-- This site is optimized with the Yoast SEO plugin v27.4 - https:\/\/yoast.com\/product\/yoast-seo-wordpress\/ -->\n<title>Priser for de italienske sprogkurser i Parola i Firenze | Parola skole<\/title>\n<meta name=\"description\" content=\"Priser for de italienske sprogkurser i Firenze i Parola-skolen. De rimelige gebyrer for vores italienske sprogundervisning i Firenze.\" \/>\n<meta name=\"robots\" content=\"index, follow, max-snippet:-1, max-image-preview:large, max-video-preview:-1\" \/>\n<link rel=\"canonical\" href=\"https:\/\/www.parola.it\/da\/priser\" \/>\n<meta property=\"og:locale\" content=\"da_DK\" \/>\n<meta property=\"og:type\" content=\"article\" \/>\n<meta property=\"og:title\" content=\"Priser for de italienske sprogkurser i Parola i Firenze | Parola skole\" \/>\n<meta property=\"og:description\" content=\"Priser for de italienske sprogkurser i Firenze i Parola-skolen. De rimelige gebyrer for vores italienske sprogundervisning i Firenze.\" \/>\n<meta property=\"og:url\" content=\"https:\/\/www.parola.it\/da\/priser\" \/>\n<meta property=\"og:site_name\" content=\"Italian Language School in Florence | Parola School\" \/>\n<meta property=\"article:publisher\" content=\"https:\/\/www.facebook.com\/Italian.language.school.florence\/\" \/>\n<meta property=\"article:modified_time\" content=\"2021-09-07T11:47:16+00:00\" \/>\n<meta property=\"og:image\" content=\"https:\/\/www.parola.it\/wp-content\/uploads\/2019\/08\/group-italian-conversation.jpg\" \/>\n\t<meta property=\"og:image:width\" content=\"1920\" \/>\n\t<meta property=\"og:image:height\" content=\"1080\" \/>\n\t<meta property=\"og:image:type\" content=\"image\/jpeg\" \/>\n<meta name=\"twitter:card\" content=\"summary_large_image\" \/>\n<meta name=\"twitter:site\" content=\"@Parola_School\" \/>\n<meta name=\"twitter:label1\" content=\"Estimeret l\u00e6setid\" \/>\n\t<meta name=\"twitter:data1\" content=\"9 minutter\" \/>\n<script type=\"application\/ld+json\" class=\"yoast-schema-graph\">{\"@context\":\"https:\\\/\\\/schema.org\",\"@graph\":[{\"@type\":\"WebPage\",\"@id\":\"https:\\\/\\\/www.parola.it\\\/da\\\/priser\",\"url\":\"https:\\\/\\\/www.parola.it\\\/da\\\/priser\",\"name\":\"Priser for de italienske sprogkurser i Parola i Firenze | Parola skole\",\"isPartOf\":{\"@id\":\"https:\\\/\\\/www.parola.it\\\/#website\"},\"primaryImageOfPage\":{\"@id\":\"https:\\\/\\\/www.parola.it\\\/da\\\/priser#primaryimage\"},\"image\":{\"@id\":\"https:\\\/\\\/www.parola.it\\\/da\\\/priser#primaryimage\"},\"thumbnailUrl\":\"https:\\\/\\\/www.parola.it\\\/wp-content\\\/uploads\\\/2019\\\/08\\\/group-italian-conversation.jpg\",\"datePublished\":\"2020-08-27T07:40:11+00:00\",\"dateModified\":\"2021-09-07T11:47:16+00:00\",\"description\":\"Priser for de italienske sprogkurser i Firenze i Parola-skolen. De rimelige gebyrer for vores italienske sprogundervisning i Firenze.\",\"breadcrumb\":{\"@id\":\"https:\\\/\\\/www.parola.it\\\/da\\\/priser#breadcrumb\"},\"inLanguage\":\"da-DK\",\"potentialAction\":[{\"@type\":\"ReadAction\",\"target\":[\"https:\\\/\\\/www.parola.it\\\/da\\\/priser\"]}]},{\"@type\":\"ImageObject\",\"inLanguage\":\"da-DK\",\"@id\":\"https:\\\/\\\/www.parola.it\\\/da\\\/priser#primaryimage\",\"url\":\"https:\\\/\\\/www.parola.it\\\/wp-content\\\/uploads\\\/2019\\\/08\\\/group-italian-conversation.jpg\",\"contentUrl\":\"https:\\\/\\\/www.parola.it\\\/wp-content\\\/uploads\\\/2019\\\/08\\\/group-italian-conversation.jpg\",\"width\":1920,\"height\":1080,\"caption\":\"Italian language course in Florence with Parola school\"},{\"@type\":\"BreadcrumbList\",\"@id\":\"https:\\\/\\\/www.parola.it\\\/da\\\/priser#breadcrumb\",\"itemListElement\":[{\"@type\":\"ListItem\",\"position\":1,\"name\":\"Accueil\",\"item\":\"https:\\\/\\\/www.parola.it\\\/da\\\/home-2\\\/\"},{\"@type\":\"ListItem\",\"position\":2,\"name\":\"PRISER\"}]},{\"@type\":\"WebSite\",\"@id\":\"https:\\\/\\\/www.parola.it\\\/#website\",\"url\":\"https:\\\/\\\/www.parola.it\\\/\",\"name\":\"Italian Language School in Florence | Parola School\",\"description\":\"Learn Italian with Parola Italian language school in Florence. Language courses at a competitive price with quality teaching.\",\"publisher\":{\"@id\":\"https:\\\/\\\/www.parola.it\\\/#organization\"},\"alternateName\":\"Parola School\",\"potentialAction\":[{\"@type\":\"SearchAction\",\"target\":{\"@type\":\"EntryPoint\",\"urlTemplate\":\"https:\\\/\\\/www.parola.it\\\/?s={search_term_string}\"},\"query-input\":{\"@type\":\"PropertyValueSpecification\",\"valueRequired\":true,\"valueName\":\"search_term_string\"}}],\"inLanguage\":\"da-DK\"},{\"@type\":\"Organization\",\"@id\":\"https:\\\/\\\/www.parola.it\\\/#organization\",\"name\":\"Parola Italian Language School in Florence\",\"alternateName\":\"Italian Language Courses in Florence\",\"url\":\"https:\\\/\\\/www.parola.it\\\/\",\"logo\":{\"@type\":\"ImageObject\",\"inLanguage\":\"da-DK\",\"@id\":\"https:\\\/\\\/www.parola.it\\\/#\\\/schema\\\/logo\\\/image\\\/\",\"url\":\"https:\\\/\\\/www.parola.it\\\/wp-content\\\/uploads\\\/2019\\\/03\\\/logo-parola-language-school-1-e1721760774400.png\",\"contentUrl\":\"https:\\\/\\\/www.parola.it\\\/wp-content\\\/uploads\\\/2019\\\/03\\\/logo-parola-language-school-1-e1721760774400.png\",\"width\":145,\"height\":53,\"caption\":\"Parola Italian Language School in Florence\"},\"image\":{\"@id\":\"https:\\\/\\\/www.parola.it\\\/#\\\/schema\\\/logo\\\/image\\\/\"},\"sameAs\":[\"https:\\\/\\\/www.facebook.com\\\/Italian.language.school.florence\\\/\",\"https:\\\/\\\/x.com\\\/Parola_School\",\"https:\\\/\\\/www.instagram.com\\\/scuola_parola\\\/?hl=it\",\"https:\\\/\\\/www.linkedin.com\\\/in\\\/parola-italian-language-school-0a504114\\\/\",\"https:\\\/\\\/it.pinterest.com\\\/pin\\\/10344274122092210\\\/\",\"https:\\\/\\\/www.youtube.com\\\/channel\\\/UCKQkiBkXnIh9Df27KWD66rA?view_as=subscriber\",\"https:\\\/\\\/www.tripadvisor.com\\\/Attraction_Review-g187895-d4133618-Reviews-Parola_Italian_Language_School-Florence_Tuscany\"]}]}<\/script>\n<!-- \/ Yoast SEO plugin. -->","yoast_head_json":{"title":"Priser for de italienske sprogkurser i Parola i Firenze | Parola skole","description":"Priser for de italienske sprogkurser i Firenze i Parola-skolen. De rimelige gebyrer for vores italienske sprogundervisning i Firenze.","robots":{"index":"index","follow":"follow","max-snippet":"max-snippet:-1","max-image-preview":"max-image-preview:large","max-video-preview":"max-video-preview:-1"},"canonical":"https:\/\/www.parola.it\/da\/priser","og_locale":"da_DK","og_type":"article","og_title":"Priser for de italienske sprogkurser i Parola i Firenze | Parola skole","og_description":"Priser for de italienske sprogkurser i Firenze i Parola-skolen. De rimelige gebyrer for vores italienske sprogundervisning i Firenze.","og_url":"https:\/\/www.parola.it\/da\/priser","og_site_name":"Italian Language School in Florence | Parola School","article_publisher":"https:\/\/www.facebook.com\/Italian.language.school.florence\/","article_modified_time":"2021-09-07T11:47:16+00:00","og_image":[{"width":1920,"height":1080,"url":"https:\/\/www.parola.it\/wp-content\/uploads\/2019\/08\/group-italian-conversation.jpg","type":"image\/jpeg"}],"twitter_card":"summary_large_image","twitter_site":"@Parola_School","twitter_misc":{"Estimeret l\u00e6setid":"9 minutter"},"schema":{"@context":"https:\/\/schema.org","@graph":[{"@type":"WebPage","@id":"https:\/\/www.parola.it\/da\/priser","url":"https:\/\/www.parola.it\/da\/priser","name":"Priser for de italienske sprogkurser i Parola i Firenze | Parola skole","isPartOf":{"@id":"https:\/\/www.parola.it\/#website"},"primaryImageOfPage":{"@id":"https:\/\/www.parola.it\/da\/priser#primaryimage"},"image":{"@id":"https:\/\/www.parola.it\/da\/priser#primaryimage"},"thumbnailUrl":"https:\/\/www.parola.it\/wp-content\/uploads\/2019\/08\/group-italian-conversation.jpg","datePublished":"2020-08-27T07:40:11+00:00","dateModified":"2021-09-07T11:47:16+00:00","description":"Priser for de italienske sprogkurser i Firenze i Parola-skolen. De rimelige gebyrer for vores italienske sprogundervisning i Firenze.","breadcrumb":{"@id":"https:\/\/www.parola.it\/da\/priser#breadcrumb"},"inLanguage":"da-DK","potentialAction":[{"@type":"ReadAction","target":["https:\/\/www.parola.it\/da\/priser"]}]},{"@type":"ImageObject","inLanguage":"da-DK","@id":"https:\/\/www.parola.it\/da\/priser#primaryimage","url":"https:\/\/www.parola.it\/wp-content\/uploads\/2019\/08\/group-italian-conversation.jpg","contentUrl":"https:\/\/www.parola.it\/wp-content\/uploads\/2019\/08\/group-italian-conversation.jpg","width":1920,"height":1080,"caption":"Italian language course in Florence with Parola school"},{"@type":"BreadcrumbList","@id":"https:\/\/www.parola.it\/da\/priser#breadcrumb","itemListElement":[{"@type":"ListItem","position":1,"name":"Accueil","item":"https:\/\/www.parola.it\/da\/home-2\/"},{"@type":"ListItem","position":2,"name":"PRISER"}]},{"@type":"WebSite","@id":"https:\/\/www.parola.it\/#website","url":"https:\/\/www.parola.it\/","name":"Italian Language School in Florence | Parola School","description":"Learn Italian with Parola Italian language school in Florence. Language courses at a competitive price with quality teaching.","publisher":{"@id":"https:\/\/www.parola.it\/#organization"},"alternateName":"Parola School","potentialAction":[{"@type":"SearchAction","target":{"@type":"EntryPoint","urlTemplate":"https:\/\/www.parola.it\/?s={search_term_string}"},"query-input":{"@type":"PropertyValueSpecification","valueRequired":true,"valueName":"search_term_string"}}],"inLanguage":"da-DK"},{"@type":"Organization","@id":"https:\/\/www.parola.it\/#organization","name":"Parola Italian Language School in Florence","alternateName":"Italian Language Courses in Florence","url":"https:\/\/www.parola.it\/","logo":{"@type":"ImageObject","inLanguage":"da-DK","@id":"https:\/\/www.parola.it\/#\/schema\/logo\/image\/","url":"https:\/\/www.parola.it\/wp-content\/uploads\/2019\/03\/logo-parola-language-school-1-e1721760774400.png","contentUrl":"https:\/\/www.parola.it\/wp-content\/uploads\/2019\/03\/logo-parola-language-school-1-e1721760774400.png","width":145,"height":53,"caption":"Parola Italian Language School in Florence"},"image":{"@id":"https:\/\/www.parola.it\/#\/schema\/logo\/image\/"},"sameAs":["https:\/\/www.facebook.com\/Italian.language.school.florence\/","https:\/\/x.com\/Parola_School","https:\/\/www.instagram.com\/scuola_parola\/?hl=it","https:\/\/www.linkedin.com\/in\/parola-italian-language-school-0a504114\/","https:\/\/it.pinterest.com\/pin\/10344274122092210\/","https:\/\/www.youtube.com\/channel\/UCKQkiBkXnIh9Df27KWD66rA?view_as=subscriber","https:\/\/www.tripadvisor.com\/Attraction_Review-g187895-d4133618-Reviews-Parola_Italian_Language_School-Florence_Tuscany"]}]}},"_links":{"self":[{"href":"https:\/\/www.parola.it\/da\/wp-json\/wp\/v2\/pages\/48387","targetHints":{"allow":["GET"]}}],"collection":[{"href":"https:\/\/www.parola.it\/da\/wp-json\/wp\/v2\/pages"}],"about":[{"href":"https:\/\/www.parola.it\/da\/wp-json\/wp\/v2\/types\/page"}],"author":[{"embeddable":true,"href":"https:\/\/www.parola.it\/da\/wp-json\/wp\/v2\/users\/2"}],"replies":[{"embeddable":true,"href":"https:\/\/www.parola.it\/da\/wp-json\/wp\/v2\/comments?post=48387"}],"version-history":[{"count":0,"href":"https:\/\/www.parola.it\/da\/wp-json\/wp\/v2\/pages\/48387\/revisions"}],"wp:featuredmedia":[{"embeddable":true,"href":"https:\/\/www.parola.it\/da\/wp-json\/wp\/v2\/media\/30456"}],"wp:attachment":[{"href":"https:\/\/www.parola.it\/da\/wp-json\/wp\/v2\/media?parent=48387"}],"curies":[{"name":"wp","href":"https:\/\/api.w.org\/{rel}","templated":true}]}}