{"id":3913,"date":"2017-11-07T16:26:03","date_gmt":"2017-11-07T15:26:03","guid":{"rendered":"https:\/\/www.parola.it\/evening-italian-language-courses\/"},"modified":"2021-02-16T21:37:09","modified_gmt":"2021-02-16T20:37:09","slug":"dk-aftenkurser-italiensk-firenze","status":"publish","type":"page","link":"https:\/\/www.parola.it\/da\/dk-aftenkurser-italiensk-firenze\/","title":{"rendered":"AFTENKURSER"},"content":{"rendered":"<p>[et_pb_section fb_built=&#8221;1&#8243; fullwidth=&#8221;on&#8221; _builder_version=&#8221;3.22&#8243;][et_pb_fullwidth_slider show_content_on_mobile=&#8221;off&#8221; show_cta_on_mobile=&#8221;off&#8221; _builder_version=&#8221;4.5.3&#8243; header_font_size=&#8221;40&#8243; background_size=&#8221;initial&#8221; background_position=&#8221;top_left&#8221; background_repeat=&#8221;repeat&#8221; auto=&#8221;on&#8221; auto_speed=&#8221;3000&#8243; auto_ignore_hover=&#8221;on&#8221; remove_inner_shadow=&#8221;off&#8221; hide_content_on_mobile=&#8221;off&#8221; hide_cta_on_mobile=&#8221;off&#8221; show_inner_shadow=&#8221;off&#8221; button_text_size__hover_enabled=&#8221;off&#8221; button_one_text_size__hover_enabled=&#8221;off&#8221; button_two_text_size__hover_enabled=&#8221;off&#8221; button_text_color__hover_enabled=&#8221;off&#8221; button_one_text_color__hover_enabled=&#8221;off&#8221; button_two_text_color__hover_enabled=&#8221;off&#8221; button_border_width__hover_enabled=&#8221;off&#8221; button_one_border_width__hover_enabled=&#8221;off&#8221; button_two_border_width__hover_enabled=&#8221;off&#8221; button_border_color__hover_enabled=&#8221;off&#8221; button_one_border_color__hover_enabled=&#8221;off&#8221; button_two_border_color__hover_enabled=&#8221;off&#8221; button_border_radius__hover_enabled=&#8221;off&#8221; button_one_border_radius__hover_enabled=&#8221;off&#8221; button_two_border_radius__hover_enabled=&#8221;off&#8221; button_letter_spacing__hover_enabled=&#8221;off&#8221; button_one_letter_spacing__hover_enabled=&#8221;off&#8221; button_two_letter_spacing__hover_enabled=&#8221;off&#8221; button_bg_color__hover_enabled=&#8221;off&#8221; button_one_bg_color__hover_enabled=&#8221;off&#8221; button_two_bg_color__hover_enabled=&#8221;off&#8221;][et_pb_slide heading=&#8221;Aften italiensk kurser p\u00e5 Parola skole&#8221; use_bg_overlay=&#8221;on&#8221; bg_overlay_color=&#8221;rgba(0,0,0,0.1)&#8221; use_text_overlay=&#8221;off&#8221; _builder_version=&#8221;4.5.3&#8243; header_font=&#8221;||||&#8221; body_font=&#8221;||||&#8221; background_color=&#8221;#ffffff&#8221; background_image=&#8221;https:\/\/www.parola.it\/wp-content\/uploads\/2019\/10\/evening-course-florence.jpg&#8221; background_enable_image=&#8221;on&#8221; background_position=&#8221;top_left&#8221; button_icon_placement=&#8221;right&#8221; button_on_hover=&#8221;on&#8221; button_text_size__hover_enabled=&#8221;off&#8221; button_one_text_size__hover_enabled=&#8221;off&#8221; button_two_text_size__hover_enabled=&#8221;off&#8221; button_text_color__hover_enabled=&#8221;off&#8221; button_one_text_color__hover_enabled=&#8221;off&#8221; button_two_text_color__hover_enabled=&#8221;off&#8221; button_border_width__hover_enabled=&#8221;off&#8221; button_one_border_width__hover_enabled=&#8221;off&#8221; button_two_border_width__hover_enabled=&#8221;off&#8221; button_border_color__hover_enabled=&#8221;off&#8221; button_one_border_color__hover_enabled=&#8221;off&#8221; button_two_border_color__hover_enabled=&#8221;off&#8221; button_border_radius__hover_enabled=&#8221;off&#8221; button_one_border_radius__hover_enabled=&#8221;off&#8221; button_two_border_radius__hover_enabled=&#8221;off&#8221; button_letter_spacing__hover_enabled=&#8221;off&#8221; button_one_letter_spacing__hover_enabled=&#8221;off&#8221; button_two_letter_spacing__hover_enabled=&#8221;off&#8221; button_bg_color__hover_enabled=&#8221;off&#8221; button_one_bg_color__hover_enabled=&#8221;off&#8221; button_two_bg_color__hover_enabled=&#8221;off&#8221;][\/et_pb_slide][\/et_pb_fullwidth_slider][\/et_pb_section][et_pb_section fb_built=&#8221;1&#8243; specialty=&#8221;on&#8221; _builder_version=&#8221;3.22&#8243;][et_pb_column type=&#8221;3_4&#8243; specialty_columns=&#8221;3&#8243; _builder_version=&#8221;3.25&#8243; custom_padding=&#8221;|||&#8221; custom_padding__hover=&#8221;|||&#8221;][et_pb_row_inner _builder_version=&#8221;3.25&#8243; custom_padding=&#8221;27.375px|0px|0px|0px&#8221;][et_pb_column_inner saved_specialty_column_type=&#8221;3_4&#8243; _builder_version=&#8221;3.25&#8243; custom_padding=&#8221;|||&#8221; custom_padding__hover=&#8221;|||&#8221;][et_pb_text admin_label=&#8221;TITOLO PAGINA&#8221; _builder_version=&#8221;3.27.4&#8243; text_line_height=&#8221;1.9em&#8221; header_text_color=&#8221;#ff6600&#8243; text_orientation=&#8221;justified&#8221;]<\/p>\n<h1>Aftenkurser i Italiensk i Firenze med Parola<\/h1>\n<p>[\/et_pb_text][\/et_pb_column_inner][\/et_pb_row_inner][et_pb_row_inner _builder_version=&#8221;3.25&#8243; custom_padding=&#8221;0px|0px|0px|0px&#8221;][et_pb_column_inner saved_specialty_column_type=&#8221;3_4&#8243; _builder_version=&#8221;3.25&#8243; custom_padding=&#8221;|||&#8221; custom_padding__hover=&#8221;|||&#8221;][et_pb_text _builder_version=&#8221;3.27.4&#8243; text_line_height=&#8221;1.9em&#8221; text_orientation=&#8221;justified&#8221;]<\/p>\n<h2><\/h2>\n<h2>L\u00e6r Italiensk p\u00e5 vores aftenkurser i Firenze<\/h2>\n<p>Den Italienske sprogskole Parola i Firenze tilbyder\u00a0<strong>aftenkurser i Italiensk<\/strong>, som best\u00e5r af individuelle timer, der kan f\u00f8lges i mellem kl. 17.00 til kl. 21.00.<\/p>\n<p>Vores aftenkurser afholdes fra mandag til fredag p\u00e5 skolen, der er placeret t\u00e6t ved Piazza Santa Croce i Firenze\u2019s historiske centrum.<br \/>\n[\/et_pb_text][et_pb_text _builder_version=&#8221;3.27.4&#8243;]<\/p>\n<h2>Hvem deltager p\u00e5 Parola\u2019s sprogskurser om aftenen?<\/h2>\n<p>Vores aftenkurser er rettet mod kunst studerende, mode studerende eller dem som arbejder om dagen og \u00f8nsker at l\u00e6re Italiensk i Firenze efter deres daglige forpligtelser.<\/p>\n<p>Parola\u2019s <strong>aftenkurser er is\u00e6r egnede til de internationale studerende<\/strong>, som studerer andre fag i Firenze og har brug for tr\u00e6ning i Italiensk efter deres andre studier.<\/p>\n<p>[\/et_pb_text][et_pb_divider color=&#8221;#d6d6d6&#8243; admin_label=&#8221;Modulo separatore giusto&#8221; _builder_version=&#8221;4.5.1&#8243; background_color=&#8221;#ffffff&#8221; min_height=&#8221;0px&#8221; height=&#8221;3px&#8221; custom_margin=&#8221;27px||24px||false|false&#8221; border_color_all=&#8221;rgba(0,0,0,0)&#8221; border_style_all=&#8221;none&#8221; border_color_top=&#8221;#999999&#8243; border_style_top=&#8221;solid&#8221; border_style_left=&#8221;outset&#8221; saved_tabs=&#8221;all&#8221;][\/et_pb_divider][et_pb_text _builder_version=&#8221;4.5.3&#8243; _module_preset=&#8221;default&#8221;]Ved at tilmelde sig et af vores aftenkurser i sprogtr\u00e6ning, udnytter de studerende en fantastisk mulighed for at l\u00e6re Italiensk p\u00e5 et belejligt tidspunkt for dem. Disse studerende modtager professionel sprog undervisning, der er \u201dlet\u201d og effektiv til gavn for deres ophold i Italien.<\/p>\n<p>Den Italienske sprogskole Parola\u2019s adresse er Borgo Santa Croce 4 i Firenze, t\u00e6t ved Piazza Santa Croce.[\/et_pb_text][et_pb_image src=&#8221;https:\/\/www.parola.it\/wp-content\/uploads\/2019\/10\/parola-italian-language-lesson.jpg&#8221; alt=&#8221;Students in an Italian language course at Parola school&#8221; title_text=&#8221;parola-italian-language-lesson&#8221; align_tablet=&#8221;center&#8221; align_phone=&#8221;&#8221; align_last_edited=&#8221;on|desktop&#8221; _builder_version=&#8221;4.5.3&#8243;][\/et_pb_image][\/et_pb_column_inner][\/et_pb_row_inner][et_pb_row_inner _builder_version=&#8221;3.25&#8243; custom_padding=&#8221;25px|0px|0px|0px||&#8221;][et_pb_column_inner saved_specialty_column_type=&#8221;3_4&#8243; _builder_version=&#8221;3.25&#8243; custom_padding=&#8221;|||&#8221; custom_padding__hover=&#8221;|||&#8221;][et_pb_text _builder_version=&#8221;3.27.4&#8243;]<\/p>\n<h2>Priser p\u00e5 vores aften sprogkurser i Firenze<\/h2>\n<p>Vores aften sprogkurser best\u00e5r af 2 sprog lektioner om ugen, 1 time pr. lektion.<\/p>\n<p>Priserne er som f\u00f8lger:<br \/>\n[\/et_pb_text][et_pb_pricing_tables header_background_color=&#8221;#ff6600&#8243; show_bullet=&#8221;off&#8221; featured_table_bullet_color=&#8221;rgba(255,255,255,0)&#8221; show_featured_drop_shadow=&#8221;off&#8221; admin_label=&#8221;Tabella PREZZI&#8221; _builder_version=&#8221;4.5.3&#8243; header_text_color=&#8221;#ffffff&#8221; header_level=&#8221;h3&#8243; header_font_size=&#8221;19px&#8221; body_text_align=&#8221;center&#8221; text_orientation=&#8221;center&#8221; custom_margin=&#8221;||30px|&#8221; custom_padding=&#8221;||-10px|&#8221; center_list_items=&#8221;on&#8221; button_text_size__hover_enabled=&#8221;off&#8221; button_one_text_size__hover_enabled=&#8221;off&#8221; button_two_text_size__hover_enabled=&#8221;off&#8221; button_text_color__hover_enabled=&#8221;off&#8221; button_one_text_color__hover_enabled=&#8221;off&#8221; button_two_text_color__hover_enabled=&#8221;off&#8221; button_border_width__hover_enabled=&#8221;off&#8221; button_one_border_width__hover_enabled=&#8221;off&#8221; button_two_border_width__hover_enabled=&#8221;off&#8221; button_border_color__hover_enabled=&#8221;off&#8221; button_one_border_color__hover_enabled=&#8221;off&#8221; button_two_border_color__hover_enabled=&#8221;off&#8221; button_border_radius__hover_enabled=&#8221;off&#8221; button_one_border_radius__hover_enabled=&#8221;off&#8221; button_two_border_radius__hover_enabled=&#8221;off&#8221; button_letter_spacing__hover_enabled=&#8221;off&#8221; button_one_letter_spacing__hover_enabled=&#8221;off&#8221; button_two_letter_spacing__hover_enabled=&#8221;off&#8221; button_bg_color__hover_enabled=&#8221;off&#8221; button_one_bg_color__hover_enabled=&#8221;off&#8221; button_two_bg_color__hover_enabled=&#8221;off&#8221;][et_pb_pricing_table title=&#8221;Individuelt kursus&#8221; _builder_version=&#8221;4.5.3&#8243; header_font=&#8221;||||&#8221; body_font=&#8221;||||&#8221; body_text_color=&#8221;#303030&#8243; subheader_font=&#8221;||||&#8221; price_font=&#8221;||||&#8221; currency_frequency_font=&#8221;||||&#8221; button_icon_placement=&#8221;right&#8221; button_on_hover=&#8221;on&#8221; button_text_size__hover_enabled=&#8221;off&#8221; button_one_text_size__hover_enabled=&#8221;off&#8221; button_two_text_size__hover_enabled=&#8221;off&#8221; button_text_color__hover_enabled=&#8221;off&#8221; button_one_text_color__hover_enabled=&#8221;off&#8221; button_two_text_color__hover_enabled=&#8221;off&#8221; button_border_width__hover_enabled=&#8221;off&#8221; button_one_border_width__hover_enabled=&#8221;off&#8221; button_two_border_width__hover_enabled=&#8221;off&#8221; button_border_color__hover_enabled=&#8221;off&#8221; button_one_border_color__hover_enabled=&#8221;off&#8221; button_two_border_color__hover_enabled=&#8221;off&#8221; button_border_radius__hover_enabled=&#8221;off&#8221; button_one_border_radius__hover_enabled=&#8221;off&#8221; button_two_border_radius__hover_enabled=&#8221;off&#8221; button_letter_spacing__hover_enabled=&#8221;off&#8221; button_one_letter_spacing__hover_enabled=&#8221;off&#8221; button_two_letter_spacing__hover_enabled=&#8221;off&#8221; button_bg_color__hover_enabled=&#8221;off&#8221; button_one_bg_color__hover_enabled=&#8221;off&#8221; button_two_bg_color__hover_enabled=&#8221;off&#8221;]- En en til en sprogklasse p\u00e5 Parola School koster 300 \u20ac i 4 uger (mindst 10 timer).<br \/>\n&#8211; En individuel italiensk sprogundervisning derhjemme er \u20ac 40 pr. Time (mindst 10 timer).[\/et_pb_pricing_table][et_pb_pricing_table title=&#8221;Gruppe kursus&#8221; _builder_version=&#8221;4.5.3&#8243; header_font=&#8221;||||&#8221; body_font=&#8221;||||&#8221; body_text_color=&#8221;#303030&#8243; subheader_font=&#8221;||||&#8221; price_font=&#8221;||||&#8221; currency_frequency_font=&#8221;||||&#8221; button_icon_placement=&#8221;right&#8221; button_on_hover=&#8221;on&#8221; button_text_size__hover_enabled=&#8221;off&#8221; button_one_text_size__hover_enabled=&#8221;off&#8221; button_two_text_size__hover_enabled=&#8221;off&#8221; button_text_color__hover_enabled=&#8221;off&#8221; button_one_text_color__hover_enabled=&#8221;off&#8221; button_two_text_color__hover_enabled=&#8221;off&#8221; button_border_width__hover_enabled=&#8221;off&#8221; button_one_border_width__hover_enabled=&#8221;off&#8221; button_two_border_width__hover_enabled=&#8221;off&#8221; button_border_color__hover_enabled=&#8221;off&#8221; button_one_border_color__hover_enabled=&#8221;off&#8221; button_two_border_color__hover_enabled=&#8221;off&#8221; button_border_radius__hover_enabled=&#8221;off&#8221; button_one_border_radius__hover_enabled=&#8221;off&#8221; button_two_border_radius__hover_enabled=&#8221;off&#8221; button_letter_spacing__hover_enabled=&#8221;off&#8221; button_one_letter_spacing__hover_enabled=&#8221;off&#8221; button_two_letter_spacing__hover_enabled=&#8221;off&#8221; button_bg_color__hover_enabled=&#8221;off&#8221; button_one_bg_color__hover_enabled=&#8221;off&#8221; button_two_bg_color__hover_enabled=&#8221;off&#8221;]- En gruppe italiensk sprogundervisning p\u00e5 Parola-skolen (10 timer &#8211; minimum 2 studerende) koster 200 \u20ac for hver elev.<br \/>\n&#8211; En gruppe italiensk sprogundervisning derhjemme (10 timer &#8211; mindst 2 studerende) koster 300 \u20ac for hver elev.[\/et_pb_pricing_table][\/et_pb_pricing_tables][et_pb_text _builder_version=&#8221;3.27.4&#8243;]<\/p>\n<h4><strong>Vigtigt<\/strong><\/h4>\n<p>Bem\u00e6rk venligst at der kr\u00e6ves bindende tilmelding til mindst 10 timer for at starte p\u00e5 et sprog kursus om aftenen.<\/p>\n<p>Undervisningstiden bestemmes af eleverne (s\u00e5 l\u00e6nge, det er f\u00f8r kl. 20.00) for at s\u00f8rge for stor fleksibilitet p\u00e5 aften sprogkurserne.<\/p>\n<h2><\/h2>\n<p>[\/et_pb_text][et_pb_text _builder_version=&#8221;3.27.4&#8243;]<\/p>\n<p>Vores aftenkurser inkluderer f\u00f8lgende:<\/p>\n<ul>\n<li>Originale grammatik og opgave b\u00f8ger skrevet af Parola\u2019s professionelle<\/li>\n<li>Fotokopier og skriftligt materiale<\/li>\n<li>Deltager certifikat<\/li>\n<li>VAT (afgifter) er inkluderet i kursus prisen<\/li>\n<li>Valgfri fritidsaktiviteter i Firenze sammen med andre studerende p\u00e5 Parola uden ekstra betaling<\/li>\n<\/ul>\n<p>[\/et_pb_text][\/et_pb_column_inner][\/et_pb_row_inner][et_pb_row_inner _builder_version=&#8221;3.25&#8243; custom_padding=&#8221;0px|||||&#8221;][et_pb_column_inner saved_specialty_column_type=&#8221;3_4&#8243; _builder_version=&#8221;3.25&#8243; custom_padding=&#8221;|||&#8221; custom_padding__hover=&#8221;|||&#8221;][et_pb_text _builder_version=&#8221;4.5.3&#8243;]<\/p>\n<h3><strong>Tidspunkt for vores aften sprogkurser i Firenze<\/strong><\/h3>\n<p>Aftenkurserne afholdes i mellem kl. 17.00 og kl. 20.00 fra mandag til fredag.\u00a0P\u00e5 alle vores aftenkurser aftales tidspunktet med l\u00e6reren.<\/p>\n<p>[\/et_pb_text][et_pb_text _builder_version=&#8221;4.5.3&#8243;]<\/p>\n<h4><strong>Kontakt os for yderligere oplysninger ang\u00e5ende vores Italienske aftenkurser<\/strong><\/h4>\n<p><strong><a href=\"https:\/\/www.parola.it\/da\/dk-kontakt-skole?et_fb=1\">Kontakt<\/a><\/strong> vores sprogskole i Firenze for yderligere oplysninger vedr\u00f8rende vores aftenkursus program og specielle rabatter.<\/p>\n<p>[\/et_pb_text][et_pb_button button_url=&#8221;https:\/\/www.parola.it\/da\/dk-kontakt-skole?et_fb=1&#8243; button_text=&#8221;KONTAKTE&#8221; button_alignment=&#8221;left&#8221; _builder_version=&#8221;3.16&#8243; background_layout=&#8221;dark&#8221; locked=&#8221;off&#8221; button_text_size__hover_enabled=&#8221;off&#8221; button_one_text_size__hover_enabled=&#8221;off&#8221; button_two_text_size__hover_enabled=&#8221;off&#8221; button_text_color__hover_enabled=&#8221;off&#8221; button_one_text_color__hover_enabled=&#8221;off&#8221; button_two_text_color__hover_enabled=&#8221;off&#8221; button_border_width__hover_enabled=&#8221;off&#8221; button_one_border_width__hover_enabled=&#8221;off&#8221; button_two_border_width__hover_enabled=&#8221;off&#8221; button_border_color__hover_enabled=&#8221;off&#8221; button_one_border_color__hover_enabled=&#8221;off&#8221; button_two_border_color__hover_enabled=&#8221;off&#8221; button_border_radius__hover_enabled=&#8221;off&#8221; button_one_border_radius__hover_enabled=&#8221;off&#8221; button_two_border_radius__hover_enabled=&#8221;off&#8221; button_letter_spacing__hover_enabled=&#8221;off&#8221; button_one_letter_spacing__hover_enabled=&#8221;off&#8221; button_two_letter_spacing__hover_enabled=&#8221;off&#8221; button_bg_color__hover_enabled=&#8221;off&#8221; button_one_bg_color__hover_enabled=&#8221;off&#8221; button_two_bg_color__hover_enabled=&#8221;off&#8221;][\/et_pb_button][\/et_pb_column_inner][\/et_pb_row_inner][\/et_pb_column][et_pb_column type=&#8221;1_4&#8243; _builder_version=&#8221;3.25&#8243; custom_padding=&#8221;|||&#8221; custom_padding__hover=&#8221;|||&#8221;][et_pb_text _builder_version=&#8221;3.27.4&#8243; module_alignment=&#8221;left&#8221;]<\/p>\n<h2>KONTAKT OS<\/h2>\n<p><strong>Oplysninger om sprogskole<\/strong><\/p>\n<p><img loading=\"lazy\" decoding=\"async\" class=\"size-full wp-image-164 alignnone\" src=\"https:\/\/www.parola.it\/wp-content\/uploads\/2017\/10\/MAIL.png\" alt=\"\" width=\"20\" height=\"13\" \/>\u00a0\u00a0 Send os en e-mail:\u00a0<strong><a href=\"mailto:info@parola.it\">info@parola.it<\/a><\/strong><\/p>\n<p><img loading=\"lazy\" decoding=\"async\" class=\"alignnone size-full wp-image-167\" src=\"https:\/\/www.parola.it\/wp-content\/uploads\/2017\/10\/TEL.png\" alt=\"\" width=\"20\" height=\"20\" \/>\u00a0\u00a0 Ring til os:\u00a0<a href=\"tel:+39055242182\"><strong>+39 055242182<\/strong><\/a> or <a href=\"tel:+393288997420\"><strong>+39 328 8997420<\/strong><\/a><\/p>\n<p><img loading=\"lazy\" decoding=\"async\" class=\"alignnone size-full wp-image-165\" src=\"https:\/\/www.parola.it\/wp-content\/uploads\/2017\/10\/PIN.png\" alt=\"\" width=\"20\" height=\"20\" \/>\u00a0Bes\u00f8ge skolen: <a href=\"#\"><strong>Borgo Santa Croce, 4, 50122 Florence<\/strong><\/a><\/p>\n<p>[\/et_pb_text][et_pb_social_media_follow url_new_window=&#8221;off&#8221; admin_label=&#8221;SOCIAL MEDIA LOGO&#8221; _builder_version=&#8221;4.5.3&#8243; background_layout=&#8221;dark&#8221; height=&#8221;50px&#8221; saved_tabs=&#8221;all&#8221;][et_pb_social_media_follow_network social_network=&#8221;facebook&#8221; url=&#8221;https:\/\/www.facebook.com\/online.italian.course&#8221; _builder_version=&#8221;4.2&#8243; background_color=&#8221;#3b5998&#8243; follow_button=&#8221;off&#8221; url_new_window=&#8221;off&#8221;]<\/p>\n<p>Facebook<\/p>\n<p>[\/et_pb_social_media_follow_network][et_pb_social_media_follow_network social_network=&#8221;twitter&#8221; url=&#8221;https:\/\/twitter.com\/&#8221; _builder_version=&#8221;3.21&#8243; background_color=&#8221;#00aced&#8221; follow_button=&#8221;off&#8221; url_new_window=&#8221;off&#8221;]<\/p>\n<p>Twitter<\/p>\n<p>[\/et_pb_social_media_follow_network][et_pb_social_media_follow_network social_network=&#8221;linkedin&#8221; url=&#8221;https:\/\/www.linkedin.com\/feed\/&#8221; _builder_version=&#8221;3.21&#8243; background_color=&#8221;#007bb6&#8243; follow_button=&#8221;off&#8221; url_new_window=&#8221;off&#8221;]<\/p>\n<p>LinkedIn<\/p>\n<p>[\/et_pb_social_media_follow_network][et_pb_social_media_follow_network social_network=&#8221;instagram&#8221; url=&#8221;https:\/\/www.instagram.com\/scuola_parola\/?hl=it&#8221; _builder_version=&#8221;4.5.3&#8243; background_color=&#8221;#ea2c59&#8243; follow_button=&#8221;off&#8221; url_new_window=&#8221;off&#8221;]<\/p>\n<p>Instagram<\/p>\n<p>[\/et_pb_social_media_follow_network][\/et_pb_social_media_follow][et_pb_image src=&#8221;https:\/\/www.parola.it\/wp-content\/uploads\/2019\/11\/cils-certified-center.png&#8221; alt=&#8221;CILS logo of Parola Italian language school&#8221; url=&#8221;https:\/\/www.unistrasi.it\/2\/531\/2761\/CILS_centre.htm&#8221; admin_label=&#8221;CILS Certified&#8221; _builder_version=&#8221;4.5.3&#8243; custom_margin=&#8221;||10px|0px|false|false&#8221; custom_padding=&#8221;|||26px|false|false&#8221; hover_enabled=&#8221;0&#8243; z_index_tablet=&#8221;500&#8243; box_shadow_horizontal_tablet=&#8221;0px&#8221; box_shadow_vertical_tablet=&#8221;0px&#8221; box_shadow_blur_tablet=&#8221;40px&#8221; box_shadow_spread_tablet=&#8221;0px&#8221; saved_tabs=&#8221;all&#8221;][\/et_pb_image][et_pb_text _builder_version=&#8221;4.5.3&#8243; module_alignment=&#8221;left&#8221; custom_margin=&#8221;40px|||&#8221; hover_enabled=&#8221;0&#8243;]<\/p>\n<p><span style=\"color: #0c71c3; font-size: x-large;\"><strong>VORES KURSER<\/strong><\/span><\/p>\n<p><a href=\"https:\/\/www.parola.it\/da\/dk-italiensk-kurser-firenze\"><strong>ITALIENSKE KURSER<\/strong><\/a><\/p>\n<p><a href=\"https:\/\/www.parola.it\/da\/dk-individuelle-kurser-italiensk\"><strong>INDIVIDUELLE KURSER<\/strong><\/a><\/p>\n<p><a href=\"https:\/\/www.parola.it\/da\/dk-aftenkurser-italiensk-firenze\"><strong>AFTERKURSER<\/strong><\/a><\/p>\n<p><a href=\"https:\/\/www.parola.it\/da\/dk-italiensk-tegnetimer-firenze\"><strong>ITALIENSK OG TEGNETIMER<\/strong><\/a><\/p>\n<p><a href=\"https:\/\/www.parola.it\/da\/priser\"><strong>KURSUS PRISERNE<\/strong><\/a><\/p>\n<p><a href=\"https:\/\/www.parola.it\/da\/dk-cils-firenze\"><strong>CILS CERTIFIKAT<\/strong><\/a><\/p>\n<p>[\/et_pb_text][\/et_pb_column][\/et_pb_section]<\/p>\n","protected":false},"excerpt":{"rendered":"<p>Aftenkurser i Italiensk i Firenze med Parola L\u00e6r Italiensk p\u00e5 vores aftenkurser i Firenze Den Italienske sprogskole Parola i Firenze tilbyder\u00a0aftenkurser i Italiensk, som best\u00e5r af individuelle timer, der kan f\u00f8lges i mellem kl. 17.00 til kl. 21.00. Vores aftenkurser afholdes fra mandag til fredag p\u00e5 skolen, der er placeret t\u00e6t ved Piazza Santa Croce [&hellip;]<\/p>\n","protected":false},"author":1,"featured_media":32053,"parent":0,"menu_order":0,"comment_status":"closed","ping_status":"closed","template":"","meta":{"_et_pb_use_builder":"on","_et_pb_old_content":"","_et_gb_content_width":"","footnotes":""},"class_list":["post-3913","page","type-page","status-publish","has-post-thumbnail","hentry"],"yoast_head":"<!-- This site is optimized with the Yoast SEO plugin v27.4 - https:\/\/yoast.com\/product\/yoast-seo-wordpress\/ -->\n<title>Aften italiensk kurser til en rimelig pris | Parola Skole<\/title>\n<meta name=\"description\" content=\"L\u00e6r italiensk med vores aftenkurser i italiensk i Firenze. Individuelle lektioner eller italienske gruppetimer om aftenen p\u00e5 Parola.\" \/>\n<meta name=\"robots\" content=\"index, follow, max-snippet:-1, max-image-preview:large, max-video-preview:-1\" \/>\n<link rel=\"canonical\" href=\"https:\/\/www.parola.it\/da\/dk-aftenkurser-italiensk-firenze\" \/>\n<meta property=\"og:locale\" content=\"da_DK\" \/>\n<meta property=\"og:type\" content=\"article\" \/>\n<meta property=\"og:title\" content=\"Aften italiensk kurser til en rimelig pris | Parola Skole\" \/>\n<meta property=\"og:description\" content=\"L\u00e6r italiensk med vores aftenkurser i italiensk i Firenze. Individuelle lektioner eller italienske gruppetimer om aftenen p\u00e5 Parola.\" \/>\n<meta property=\"og:url\" content=\"https:\/\/www.parola.it\/da\/dk-aftenkurser-italiensk-firenze\" \/>\n<meta property=\"og:site_name\" content=\"Italian Language School in Florence | Parola School\" \/>\n<meta property=\"article:publisher\" content=\"https:\/\/www.facebook.com\/Italian.language.school.florence\/\" \/>\n<meta property=\"article:modified_time\" content=\"2021-02-16T20:37:09+00:00\" \/>\n<meta property=\"og:image\" content=\"https:\/\/www.parola.it\/wp-content\/uploads\/2019\/10\/evening-course-florence.jpg\" \/>\n\t<meta property=\"og:image:width\" content=\"1920\" \/>\n\t<meta property=\"og:image:height\" content=\"1080\" \/>\n\t<meta property=\"og:image:type\" content=\"image\/jpeg\" \/>\n<meta name=\"twitter:card\" content=\"summary_large_image\" \/>\n<meta name=\"twitter:site\" content=\"@Parola_School\" \/>\n<meta name=\"twitter:label1\" content=\"Estimeret l\u00e6setid\" \/>\n\t<meta name=\"twitter:data1\" content=\"11 minutter\" \/>\n<script type=\"application\/ld+json\" class=\"yoast-schema-graph\">{\"@context\":\"https:\\\/\\\/schema.org\",\"@graph\":[{\"@type\":\"WebPage\",\"@id\":\"https:\\\/\\\/www.parola.it\\\/da\\\/dk-aftenkurser-italiensk-firenze\",\"url\":\"https:\\\/\\\/www.parola.it\\\/da\\\/dk-aftenkurser-italiensk-firenze\",\"name\":\"Aften italiensk kurser til en rimelig pris | Parola Skole\",\"isPartOf\":{\"@id\":\"https:\\\/\\\/www.parola.it\\\/#website\"},\"primaryImageOfPage\":{\"@id\":\"https:\\\/\\\/www.parola.it\\\/da\\\/dk-aftenkurser-italiensk-firenze#primaryimage\"},\"image\":{\"@id\":\"https:\\\/\\\/www.parola.it\\\/da\\\/dk-aftenkurser-italiensk-firenze#primaryimage\"},\"thumbnailUrl\":\"https:\\\/\\\/www.parola.it\\\/wp-content\\\/uploads\\\/2019\\\/10\\\/evening-course-florence.jpg\",\"datePublished\":\"2017-11-07T15:26:03+00:00\",\"dateModified\":\"2021-02-16T20:37:09+00:00\",\"description\":\"L\u00e6r italiensk med vores aftenkurser i italiensk i Firenze. Individuelle lektioner eller italienske gruppetimer om aftenen p\u00e5 Parola.\",\"breadcrumb\":{\"@id\":\"https:\\\/\\\/www.parola.it\\\/da\\\/dk-aftenkurser-italiensk-firenze#breadcrumb\"},\"inLanguage\":\"da-DK\",\"potentialAction\":[{\"@type\":\"ReadAction\",\"target\":[\"https:\\\/\\\/www.parola.it\\\/da\\\/dk-aftenkurser-italiensk-firenze\"]}]},{\"@type\":\"ImageObject\",\"inLanguage\":\"da-DK\",\"@id\":\"https:\\\/\\\/www.parola.it\\\/da\\\/dk-aftenkurser-italiensk-firenze#primaryimage\",\"url\":\"https:\\\/\\\/www.parola.it\\\/wp-content\\\/uploads\\\/2019\\\/10\\\/evening-course-florence.jpg\",\"contentUrl\":\"https:\\\/\\\/www.parola.it\\\/wp-content\\\/uploads\\\/2019\\\/10\\\/evening-course-florence.jpg\",\"width\":1920,\"height\":1080,\"caption\":\"Evening Italian language course in Florence\"},{\"@type\":\"BreadcrumbList\",\"@id\":\"https:\\\/\\\/www.parola.it\\\/da\\\/dk-aftenkurser-italiensk-firenze#breadcrumb\",\"itemListElement\":[{\"@type\":\"ListItem\",\"position\":1,\"name\":\"Accueil\",\"item\":\"https:\\\/\\\/www.parola.it\\\/da\\\/home-2\\\/\"},{\"@type\":\"ListItem\",\"position\":2,\"name\":\"AFTENKURSER\"}]},{\"@type\":\"WebSite\",\"@id\":\"https:\\\/\\\/www.parola.it\\\/#website\",\"url\":\"https:\\\/\\\/www.parola.it\\\/\",\"name\":\"Italian Language School in Florence | Parola School\",\"description\":\"Learn Italian with Parola Italian language school in Florence. Language courses at a competitive price with quality teaching.\",\"publisher\":{\"@id\":\"https:\\\/\\\/www.parola.it\\\/#organization\"},\"alternateName\":\"Parola School\",\"potentialAction\":[{\"@type\":\"SearchAction\",\"target\":{\"@type\":\"EntryPoint\",\"urlTemplate\":\"https:\\\/\\\/www.parola.it\\\/?s={search_term_string}\"},\"query-input\":{\"@type\":\"PropertyValueSpecification\",\"valueRequired\":true,\"valueName\":\"search_term_string\"}}],\"inLanguage\":\"da-DK\"},{\"@type\":\"Organization\",\"@id\":\"https:\\\/\\\/www.parola.it\\\/#organization\",\"name\":\"Parola Italian Language School in Florence\",\"alternateName\":\"Italian Language Courses in Florence\",\"url\":\"https:\\\/\\\/www.parola.it\\\/\",\"logo\":{\"@type\":\"ImageObject\",\"inLanguage\":\"da-DK\",\"@id\":\"https:\\\/\\\/www.parola.it\\\/#\\\/schema\\\/logo\\\/image\\\/\",\"url\":\"https:\\\/\\\/www.parola.it\\\/wp-content\\\/uploads\\\/2019\\\/03\\\/logo-parola-language-school-1-e1721760774400.png\",\"contentUrl\":\"https:\\\/\\\/www.parola.it\\\/wp-content\\\/uploads\\\/2019\\\/03\\\/logo-parola-language-school-1-e1721760774400.png\",\"width\":145,\"height\":53,\"caption\":\"Parola Italian Language School in Florence\"},\"image\":{\"@id\":\"https:\\\/\\\/www.parola.it\\\/#\\\/schema\\\/logo\\\/image\\\/\"},\"sameAs\":[\"https:\\\/\\\/www.facebook.com\\\/Italian.language.school.florence\\\/\",\"https:\\\/\\\/x.com\\\/Parola_School\",\"https:\\\/\\\/www.instagram.com\\\/scuola_parola\\\/?hl=it\",\"https:\\\/\\\/www.linkedin.com\\\/in\\\/parola-italian-language-school-0a504114\\\/\",\"https:\\\/\\\/it.pinterest.com\\\/pin\\\/10344274122092210\\\/\",\"https:\\\/\\\/www.youtube.com\\\/channel\\\/UCKQkiBkXnIh9Df27KWD66rA?view_as=subscriber\",\"https:\\\/\\\/www.tripadvisor.com\\\/Attraction_Review-g187895-d4133618-Reviews-Parola_Italian_Language_School-Florence_Tuscany\"]}]}<\/script>\n<!-- \/ Yoast SEO plugin. -->","yoast_head_json":{"title":"Aften italiensk kurser til en rimelig pris | Parola Skole","description":"L\u00e6r italiensk med vores aftenkurser i italiensk i Firenze. Individuelle lektioner eller italienske gruppetimer om aftenen p\u00e5 Parola.","robots":{"index":"index","follow":"follow","max-snippet":"max-snippet:-1","max-image-preview":"max-image-preview:large","max-video-preview":"max-video-preview:-1"},"canonical":"https:\/\/www.parola.it\/da\/dk-aftenkurser-italiensk-firenze","og_locale":"da_DK","og_type":"article","og_title":"Aften italiensk kurser til en rimelig pris | Parola Skole","og_description":"L\u00e6r italiensk med vores aftenkurser i italiensk i Firenze. Individuelle lektioner eller italienske gruppetimer om aftenen p\u00e5 Parola.","og_url":"https:\/\/www.parola.it\/da\/dk-aftenkurser-italiensk-firenze","og_site_name":"Italian Language School in Florence | Parola School","article_publisher":"https:\/\/www.facebook.com\/Italian.language.school.florence\/","article_modified_time":"2021-02-16T20:37:09+00:00","og_image":[{"width":1920,"height":1080,"url":"https:\/\/www.parola.it\/wp-content\/uploads\/2019\/10\/evening-course-florence.jpg","type":"image\/jpeg"}],"twitter_card":"summary_large_image","twitter_site":"@Parola_School","twitter_misc":{"Estimeret l\u00e6setid":"11 minutter"},"schema":{"@context":"https:\/\/schema.org","@graph":[{"@type":"WebPage","@id":"https:\/\/www.parola.it\/da\/dk-aftenkurser-italiensk-firenze","url":"https:\/\/www.parola.it\/da\/dk-aftenkurser-italiensk-firenze","name":"Aften italiensk kurser til en rimelig pris | Parola Skole","isPartOf":{"@id":"https:\/\/www.parola.it\/#website"},"primaryImageOfPage":{"@id":"https:\/\/www.parola.it\/da\/dk-aftenkurser-italiensk-firenze#primaryimage"},"image":{"@id":"https:\/\/www.parola.it\/da\/dk-aftenkurser-italiensk-firenze#primaryimage"},"thumbnailUrl":"https:\/\/www.parola.it\/wp-content\/uploads\/2019\/10\/evening-course-florence.jpg","datePublished":"2017-11-07T15:26:03+00:00","dateModified":"2021-02-16T20:37:09+00:00","description":"L\u00e6r italiensk med vores aftenkurser i italiensk i Firenze. Individuelle lektioner eller italienske gruppetimer om aftenen p\u00e5 Parola.","breadcrumb":{"@id":"https:\/\/www.parola.it\/da\/dk-aftenkurser-italiensk-firenze#breadcrumb"},"inLanguage":"da-DK","potentialAction":[{"@type":"ReadAction","target":["https:\/\/www.parola.it\/da\/dk-aftenkurser-italiensk-firenze"]}]},{"@type":"ImageObject","inLanguage":"da-DK","@id":"https:\/\/www.parola.it\/da\/dk-aftenkurser-italiensk-firenze#primaryimage","url":"https:\/\/www.parola.it\/wp-content\/uploads\/2019\/10\/evening-course-florence.jpg","contentUrl":"https:\/\/www.parola.it\/wp-content\/uploads\/2019\/10\/evening-course-florence.jpg","width":1920,"height":1080,"caption":"Evening Italian language course in Florence"},{"@type":"BreadcrumbList","@id":"https:\/\/www.parola.it\/da\/dk-aftenkurser-italiensk-firenze#breadcrumb","itemListElement":[{"@type":"ListItem","position":1,"name":"Accueil","item":"https:\/\/www.parola.it\/da\/home-2\/"},{"@type":"ListItem","position":2,"name":"AFTENKURSER"}]},{"@type":"WebSite","@id":"https:\/\/www.parola.it\/#website","url":"https:\/\/www.parola.it\/","name":"Italian Language School in Florence | Parola School","description":"Learn Italian with Parola Italian language school in Florence. Language courses at a competitive price with quality teaching.","publisher":{"@id":"https:\/\/www.parola.it\/#organization"},"alternateName":"Parola School","potentialAction":[{"@type":"SearchAction","target":{"@type":"EntryPoint","urlTemplate":"https:\/\/www.parola.it\/?s={search_term_string}"},"query-input":{"@type":"PropertyValueSpecification","valueRequired":true,"valueName":"search_term_string"}}],"inLanguage":"da-DK"},{"@type":"Organization","@id":"https:\/\/www.parola.it\/#organization","name":"Parola Italian Language School in Florence","alternateName":"Italian Language Courses in Florence","url":"https:\/\/www.parola.it\/","logo":{"@type":"ImageObject","inLanguage":"da-DK","@id":"https:\/\/www.parola.it\/#\/schema\/logo\/image\/","url":"https:\/\/www.parola.it\/wp-content\/uploads\/2019\/03\/logo-parola-language-school-1-e1721760774400.png","contentUrl":"https:\/\/www.parola.it\/wp-content\/uploads\/2019\/03\/logo-parola-language-school-1-e1721760774400.png","width":145,"height":53,"caption":"Parola Italian Language School in Florence"},"image":{"@id":"https:\/\/www.parola.it\/#\/schema\/logo\/image\/"},"sameAs":["https:\/\/www.facebook.com\/Italian.language.school.florence\/","https:\/\/x.com\/Parola_School","https:\/\/www.instagram.com\/scuola_parola\/?hl=it","https:\/\/www.linkedin.com\/in\/parola-italian-language-school-0a504114\/","https:\/\/it.pinterest.com\/pin\/10344274122092210\/","https:\/\/www.youtube.com\/channel\/UCKQkiBkXnIh9Df27KWD66rA?view_as=subscriber","https:\/\/www.tripadvisor.com\/Attraction_Review-g187895-d4133618-Reviews-Parola_Italian_Language_School-Florence_Tuscany"]}]}},"_links":{"self":[{"href":"https:\/\/www.parola.it\/da\/wp-json\/wp\/v2\/pages\/3913","targetHints":{"allow":["GET"]}}],"collection":[{"href":"https:\/\/www.parola.it\/da\/wp-json\/wp\/v2\/pages"}],"about":[{"href":"https:\/\/www.parola.it\/da\/wp-json\/wp\/v2\/types\/page"}],"author":[{"embeddable":true,"href":"https:\/\/www.parola.it\/da\/wp-json\/wp\/v2\/users\/1"}],"replies":[{"embeddable":true,"href":"https:\/\/www.parola.it\/da\/wp-json\/wp\/v2\/comments?post=3913"}],"version-history":[{"count":0,"href":"https:\/\/www.parola.it\/da\/wp-json\/wp\/v2\/pages\/3913\/revisions"}],"wp:featuredmedia":[{"embeddable":true,"href":"https:\/\/www.parola.it\/da\/wp-json\/wp\/v2\/media\/32053"}],"wp:attachment":[{"href":"https:\/\/www.parola.it\/da\/wp-json\/wp\/v2\/media?parent=3913"}],"curies":[{"name":"wp","href":"https:\/\/api.w.org\/{rel}","templated":true}]}}