{"id":3832,"date":"2017-10-06T13:26:31","date_gmt":"2017-10-06T11:26:31","guid":{"rendered":"https:\/\/www.parola.it\/italian_language_courses\/"},"modified":"2025-03-24T13:07:09","modified_gmt":"2025-03-24T12:07:09","slug":"dk-italiensk-kurser-firenze","status":"publish","type":"page","link":"https:\/\/www.parola.it\/da\/dk-italiensk-kurser-firenze\/","title":{"rendered":"ITALIENSKE KURSER"},"content":{"rendered":"<p>[et_pb_section fb_built=&#8221;1&#8243; fullwidth=&#8221;on&#8221; _builder_version=&#8221;4.16&#8243; background_image=&#8221;https:\/\/www.parola.it\/wp-content\/uploads\/2017\/10\/FOTO1.jpg&#8221; background_repeat=&#8221;space&#8221; global_colors_info=&#8221;{}&#8221;][et_pb_fullwidth_slider show_content_on_mobile=&#8221;off&#8221; show_cta_on_mobile=&#8221;off&#8221; _builder_version=&#8221;4.16&#8243; background_size=&#8221;initial&#8221; background_position=&#8221;top_left&#8221; background_repeat=&#8221;repeat&#8221; auto=&#8221;on&#8221; auto_speed=&#8221;3000&#8243; auto_ignore_hover=&#8221;on&#8221; global_colors_info=&#8221;{}&#8221; button_text_size__hover_enabled=&#8221;off&#8221; button_one_text_size__hover_enabled=&#8221;off&#8221; button_two_text_size__hover_enabled=&#8221;off&#8221; button_text_color__hover_enabled=&#8221;off&#8221; button_one_text_color__hover_enabled=&#8221;off&#8221; button_two_text_color__hover_enabled=&#8221;off&#8221; button_border_width__hover_enabled=&#8221;off&#8221; button_one_border_width__hover_enabled=&#8221;off&#8221; button_two_border_width__hover_enabled=&#8221;off&#8221; button_border_color__hover_enabled=&#8221;off&#8221; button_one_border_color__hover_enabled=&#8221;off&#8221; button_two_border_color__hover_enabled=&#8221;off&#8221; button_border_radius__hover_enabled=&#8221;off&#8221; button_one_border_radius__hover_enabled=&#8221;off&#8221; button_two_border_radius__hover_enabled=&#8221;off&#8221; button_letter_spacing__hover_enabled=&#8221;off&#8221; button_one_letter_spacing__hover_enabled=&#8221;off&#8221; button_two_letter_spacing__hover_enabled=&#8221;off&#8221; button_bg_color__hover_enabled=&#8221;off&#8221; button_one_bg_color__hover_enabled=&#8221;off&#8221; button_two_bg_color__hover_enabled=&#8221;off&#8221;][et_pb_slide heading=&#8221;Italieniske kurser i Firenze med Parola skole&#8221; button_text=&#8221;OM PAROLA&#8221; button_link=&#8221;https:\/\/www.parola.it\/da\/dk-italienske-sprogskole-parola&#8221; use_bg_overlay=&#8221;on&#8221; bg_overlay_color=&#8221;rgba(0,0,0,0.1)&#8221; use_text_overlay=&#8221;off&#8221; _builder_version=&#8221;4.16&#8243; header_font=&#8221;||||&#8221; body_font=&#8221;||||&#8221; background_color=&#8221;#ffffff&#8221; background_image=&#8221;https:\/\/www.parola.it\/wp-content\/uploads\/2019\/10\/group-italian-language-course.jpg&#8221; background_enable_image=&#8221;on&#8221; background_position=&#8221;top_left&#8221; button_on_hover=&#8221;on&#8221; global_colors_info=&#8221;{}&#8221; button_text_size__hover_enabled=&#8221;off&#8221; button_one_text_size__hover_enabled=&#8221;off&#8221; button_two_text_size__hover_enabled=&#8221;off&#8221; button_text_color__hover_enabled=&#8221;off&#8221; button_one_text_color__hover_enabled=&#8221;off&#8221; button_two_text_color__hover_enabled=&#8221;off&#8221; button_border_width__hover_enabled=&#8221;off&#8221; button_one_border_width__hover_enabled=&#8221;off&#8221; button_two_border_width__hover_enabled=&#8221;off&#8221; button_border_color__hover_enabled=&#8221;off&#8221; button_one_border_color__hover_enabled=&#8221;off&#8221; button_two_border_color__hover_enabled=&#8221;off&#8221; button_border_radius__hover_enabled=&#8221;off&#8221; button_one_border_radius__hover_enabled=&#8221;off&#8221; button_two_border_radius__hover_enabled=&#8221;off&#8221; button_letter_spacing__hover_enabled=&#8221;off&#8221; button_one_letter_spacing__hover_enabled=&#8221;off&#8221; button_two_letter_spacing__hover_enabled=&#8221;off&#8221; button_bg_color__hover_enabled=&#8221;off&#8221; button_one_bg_color__hover_enabled=&#8221;off&#8221; button_two_bg_color__hover_enabled=&#8221;off&#8221; sticky_transition=&#8221;on&#8221;][\/et_pb_slide][\/et_pb_fullwidth_slider][\/et_pb_section][et_pb_section fb_built=&#8221;1&#8243; specialty=&#8221;on&#8221; _builder_version=&#8221;4.16&#8243; global_colors_info=&#8221;{}&#8221;][et_pb_column type=&#8221;3_4&#8243; specialty_columns=&#8221;3&#8243; _builder_version=&#8221;4.16&#8243; custom_padding=&#8221;|||&#8221; global_colors_info=&#8221;{}&#8221; custom_padding__hover=&#8221;|||&#8221;][et_pb_row_inner admin_label=&#8221;Riga&#8221; _builder_version=&#8221;4.16&#8243; custom_padding=&#8221;29.6719px|0px|18px|0px&#8221; global_colors_info=&#8221;{}&#8221;][et_pb_column_inner saved_specialty_column_type=&#8221;3_4&#8243; _builder_version=&#8221;4.16&#8243; custom_padding=&#8221;|||&#8221; global_colors_info=&#8221;{}&#8221; custom_padding__hover=&#8221;|||&#8221;][et_pb_text admin_label=&#8221;TITOLO PAGINA&#8221; _builder_version=&#8221;4.16&#8243; header_text_color=&#8221;#ff6600&#8243; text_orientation=&#8221;justified&#8221; module_alignment=&#8221;justified&#8221; global_colors_info=&#8221;{}&#8221;]<\/p>\n<h1>Italienske kurser i Firenze med Parola skole<\/h1>\n<p>[\/et_pb_text][\/et_pb_column_inner][\/et_pb_row_inner][et_pb_row_inner admin_label=&#8221;Riga&#8221; _builder_version=&#8221;4.16&#8243; custom_padding=&#8221;0px|0px|0px|0px&#8221; global_colors_info=&#8221;{}&#8221;][et_pb_column_inner saved_specialty_column_type=&#8221;3_4&#8243; _builder_version=&#8221;4.16&#8243; custom_padding=&#8221;|||&#8221; global_colors_info=&#8221;{}&#8221; custom_padding__hover=&#8221;|||&#8221;][et_pb_text _builder_version=&#8221;4.16&#8243; text_orientation=&#8221;justified&#8221; module_alignment=&#8221;justified&#8221; global_colors_info=&#8221;{}&#8221;]<\/p>\n<h2>S\u00e5ledes er kurserne tilrettelagt i Firenze<\/h2>\n<p align=\"left\">P\u00e5 Parola-skolen er der kurser hele \u00e5ret\u00a0<strong>fra mandag til fredag i Firenzes historiske centrum<\/strong>. I skolens lokaler er der lektioner b\u00e5de om for- og eftermiddag.<\/p>\n<p align=\"left\">De forskellige kurser er meget varierende da Parola har viel forskellige kursusmuligheder i italiensk, der sikrer en god fleksibilitet i indl\u00e6ringen af sproget.<\/p>\n<p align=\"left\">Skolens kurser er delt i to sektioner:<\/p>\n<ul>\n<li>\n<p align=\"left\">Undervisning i grammatik (Fra kl. 9:00 til 10:50)<\/p>\n<\/li>\n<li>\n<p align=\"left\">Samtale praktik (Fra kl. 11:15 til 13:00)<\/p>\n<\/li>\n<\/ul>\n<p align=\"left\">Disse to undervisningsemner er fordelt ligeligt i samtlige kursus forl\u00f8b, s\u00e5ledes at studenterne gives muglighed for at tilegne sig b\u00e5de grammatikken og det italienske talesprog.<\/p>\n<p>[\/et_pb_text][\/et_pb_column_inner][\/et_pb_row_inner][et_pb_row_inner admin_label=&#8221;Riga&#8221; _builder_version=&#8221;4.16&#8243; custom_padding=&#8221;26.9375px|0px|0px|0px&#8221; global_colors_info=&#8221;{}&#8221;][et_pb_column_inner saved_specialty_column_type=&#8221;3_4&#8243; _builder_version=&#8221;4.16&#8243; custom_padding=&#8221;|||&#8221; global_colors_info=&#8221;{}&#8221; custom_padding__hover=&#8221;|||&#8221;][et_pb_text admin_label=&#8221;CILS TESTO E FOTO&#8221; _builder_version=&#8221;4.16&#8243; text_orientation=&#8221;justified&#8221; module_alignment=&#8221;justified&#8221; global_colors_info=&#8221;{}&#8221;]<\/p>\n<h3>CILS center og autoriseret sprogskole<\/h3>\n<p>Den italienske sprogskole Parola er\u00a0<strong>officielt autoriseret af det italienske uddannelsesministerium<\/strong>.<\/p>\n<p><img loading=\"lazy\" decoding=\"async\" src=\"https:\/\/www.parola.it\/wp-content\/uploads\/2019\/11\/cils-certified-center.png\" width=\"90\" height=\"90\" alt=\"CILS certified center in Florence\" class=\"wp-image-32516 aligncenter size-full\" style=\"float: left;\" \/><\/p>\n<p>&nbsp;<\/p>\n<p>\u00a0Parola er ogs\u00e5 officielt certificeret af Siena Universitet til forberedelse og endelig eksamen i\u00a0<a href=\"dk-cils-firenze?et_fb=1\"><strong>italiensk CILS certifikat<\/strong><\/a>\u00a0i Firenze.<\/p>\n<p>[\/et_pb_text][et_pb_button button_url=&#8221;https:\/\/www.parola.it\/da\/dk-cils-firenze?et_fb=1&#8243; button_text=&#8221;CILS CERTIFIKAT&#8221; button_alignment=&#8221;left&#8221; _builder_version=&#8221;4.16&#8243; background_layout=&#8221;dark&#8221; global_colors_info=&#8221;{}&#8221; button_text_size__hover_enabled=&#8221;off&#8221; button_one_text_size__hover_enabled=&#8221;off&#8221; button_two_text_size__hover_enabled=&#8221;off&#8221; button_text_color__hover_enabled=&#8221;off&#8221; button_one_text_color__hover_enabled=&#8221;off&#8221; button_two_text_color__hover_enabled=&#8221;off&#8221; button_border_width__hover_enabled=&#8221;off&#8221; button_one_border_width__hover_enabled=&#8221;off&#8221; button_two_border_width__hover_enabled=&#8221;off&#8221; button_border_color__hover_enabled=&#8221;off&#8221; button_one_border_color__hover_enabled=&#8221;off&#8221; button_two_border_color__hover_enabled=&#8221;off&#8221; button_border_radius__hover_enabled=&#8221;off&#8221; button_one_border_radius__hover_enabled=&#8221;off&#8221; button_two_border_radius__hover_enabled=&#8221;off&#8221; button_letter_spacing__hover_enabled=&#8221;off&#8221; button_one_letter_spacing__hover_enabled=&#8221;off&#8221; button_two_letter_spacing__hover_enabled=&#8221;off&#8221; button_bg_color__hover_enabled=&#8221;off&#8221; button_one_bg_color__hover_enabled=&#8221;off&#8221; button_two_bg_color__hover_enabled=&#8221;off&#8221;]&nbsp;<br \/>\n[\/et_pb_button][\/et_pb_column_inner][\/et_pb_row_inner][et_pb_row_inner admin_label=&#8221;Riga&#8221; _builder_version=&#8221;4.16&#8243; custom_padding=&#8221;29.6719px|0px|0px|0px&#8221; global_colors_info=&#8221;{}&#8221;][et_pb_column_inner saved_specialty_column_type=&#8221;3_4&#8243; _builder_version=&#8221;4.16&#8243; custom_padding=&#8221;|||&#8221; global_colors_info=&#8221;{}&#8221; custom_padding__hover=&#8221;|||&#8221;][et_pb_text _builder_version=&#8221;4.16&#8243; text_orientation=&#8221;justified&#8221; module_alignment=&#8221;justified&#8221; global_colors_info=&#8221;{}&#8221;]<\/p>\n<h3 align=\"left\">Kurser i italiensk med kulturelle aktiviteter<\/h3>\n<p align=\"left\">Kurserne i italiensk indeholder alle et vist antal kulturelle initiativer og forskellige rekreative aktiviteter, som bliver organiseret af skolens undervisere. Kurserne p\u00e5 <strong><a href=\"dk-italienske-sprogskole-parola\">Parola skole<\/a><\/strong> er \u00e5bne for alle uanset alder og kultur.<\/p>\n<p align=\"left\"><strong><a title=\"Kontakt Parola sprogskole i Firenze\" href=\"dk-kontakt-skole?et_fb=1\">Kontakt<\/a><\/strong>\u00a0vores italienske sprogskole for yderligere informationer.<\/p>\n<p>[\/et_pb_text][\/et_pb_column_inner][\/et_pb_row_inner][et_pb_row_inner admin_label=&#8221;Riga&#8221; _builder_version=&#8221;4.25.1&#8243; global_colors_info=&#8221;{}&#8221;][et_pb_column_inner saved_specialty_column_type=&#8221;3_4&#8243; _builder_version=&#8221;4.16&#8243; custom_padding=&#8221;|||&#8221; global_colors_info=&#8221;{}&#8221; custom_padding__hover=&#8221;|||&#8221;][et_pb_text admin_label=&#8221;materiale didattico&#8221; _builder_version=&#8221;4.25.1&#8243; text_orientation=&#8221;justified&#8221; border_style=&#8221;solid&#8221; global_colors_info=&#8221;{}&#8221;]<\/p>\n<h3 align=\"left\">De forskellige niveauer og didaktisk materiale<\/h3>\n<p>Parola tilbyder kurser i Italiensk p\u00e5 seks forskellige niveauer og tre forskellige kategorier (I grupper, individuelle og kombinerede kurser), som har en varighed p\u00e5 2,3,4 eller flere uger.<\/p>\n<p>Priserne p\u00e5 kurserne indeholder: didaktisk materiale, kulturelle og rekreative aktiviteter og kursusbeviser.<\/p>\n<p>[\/et_pb_text][et_pb_text admin_label=&#8221;materiale didattico&#8221; _builder_version=&#8221;4.16&#8243; text_orientation=&#8221;justified&#8221; border_style=&#8221;solid&#8221; global_colors_info=&#8221;{}&#8221;]<\/p>\n<h3 align=\"left\">De forskellige niveauer og didaktisk materiale<\/h3>\n<p>Parola tilbyder kurser i Italiensk p\u00e5 seks forskellige niveauer og tre forskellige kategorier (I grupper, individuelle og kombinerede kurser), som har en varighed p\u00e5 2,3,4 eller flere uger.<\/p>\n<p>Priserne p\u00e5 kurserne indeholder: didaktisk materiale, kulturelle og rekreative aktiviteter og kursusbeviser.<\/p>\n<p>[\/et_pb_text][et_pb_text admin_label=&#8221;materiale didattico&#8221; _builder_version=&#8221;4.16&#8243; text_orientation=&#8221;justified&#8221; border_style=&#8221;solid&#8221; global_colors_info=&#8221;{}&#8221;]<\/p>\n<h3 align=\"left\">De forskellige niveauer og didaktisk materiale<\/h3>\n<p>Parola tilbyder kurser i Italiensk p\u00e5 seks forskellige niveauer og tre forskellige kategorier (I grupper, individuelle og kombinerede kurser), som har en varighed p\u00e5 2,3,4 eller flere uger.<\/p>\n<p>Priserne p\u00e5 kurserne indeholder: didaktisk materiale, kulturelle og rekreative aktiviteter og kursusbeviser.<\/p>\n<p>[\/et_pb_text][\/et_pb_column_inner][\/et_pb_row_inner][et_pb_row_inner admin_label=&#8221;Riga&#8221; _builder_version=&#8221;4.16&#8243; custom_padding=&#8221;0px|0px|29.6719px|0px&#8221; global_colors_info=&#8221;{}&#8221;][et_pb_column_inner saved_specialty_column_type=&#8221;3_4&#8243; _builder_version=&#8221;4.16&#8243; custom_padding=&#8221;|||&#8221; global_colors_info=&#8221;{}&#8221; custom_padding__hover=&#8221;|||&#8221;][et_pb_text admin_label=&#8221;corsi&#8221; _builder_version=&#8221;4.16&#8243; text_orientation=&#8221;justified&#8221; module_alignment=&#8221;justified&#8221; global_colors_info=&#8221;{}&#8221;]<\/p>\n<h3>Italieniske kurser, gruppevis i Firenze<\/h3>\n<h3><span style=\"color: #ff6600;\">Allegro &#8211; Intensivt kursus &#8211; 120 timer \/ 4 uger (80 timer + 40 rekreative timer)<\/span><\/h3>\n<p align=\"left\">4 timer om dagen som i alt giver 80 timers undervisning + 40 timers rekreativt og kulturelt program.<\/p>\n<p align=\"left\">Kurset best\u00e5r af 2 timers grammatik og 2 timers samtale om morgenen. Det er ogs\u00e5 muligt at deltage i mindre end en m\u00e5ned ved at v\u00e6lge at tage 4 timers lektion om dagen i en, to eller tre uger.<\/p>\n<h3><span style=\"color: #ff6600;\">Molto Allegro &#8211; Super-intensivt kursus &#8211; 160 timer \/ 4 uger<\/span><\/h3>\n<p align=\"left\">6 timer om dagen som i alt giver 120 timers undervisning + 40 timers rekreativt og kulturelt program.<\/p>\n<p align=\"left\">Kurset best\u00e5r af 4 timers undervisning om formiddagen og 2 om eftermiddagen som bruges til igen at gennemg\u00e5 grammatikken og samtaleteknikken. Det er ogs\u00e5 muligt at deltage i mindre end en m\u00e5ned ved at v\u00e6lge at tage 6 timers lektion om dagen i en, to eller tre uger.<\/p>\n<h3><span style=\"color: #ff6600;\">Quintetto &#8211; Mini-kursus, intensivt &#8211; 120 timer \/ 4 uger<\/span><\/h3>\n<p align=\"left\">4 timers undervisning om dagen (imellem 3 og h\u00f8jst 5 elever per hold). I alt 80 timers undervisning + mulighed for 40 timers rekreativt og kulturelt program.<\/p>\n<p align=\"left\">Dette intensive kursus er tilrettelagt for studenter, der vil forbedre og uddybe deres kundskaber mest muligt, hurtigst muligt. Fordelen ved dette kursus er det lave antal studenter p\u00e5 holdene, hvilket betyder et mere intensivt studie og hurtigere indl\u00e6ring for hver enkelt student. Det er ogs\u00e5 muligt at deltage i mindre end en m\u00e5ned (i en, to eller tre uger) eller at v\u00e6lge at tage 6 timers undervisning om dagen (i en, to, tre eller fire uger).<\/p>\n<h3><span style=\"color: #ff6600;\">Andante &#8211; Halv-intensivt kursus &#8211; 80 timer \/ 1 m\u00e5ned<\/span><\/h3>\n<p align=\"left\">2 timer om dagen, i alt 40 timers undervisning + 40 timers rekreativ og kulturelt program.<\/p>\n<p align=\"left\">Dette kursus giver deltagerne mulighed for at studere italiensk uden at bruge hele dagen p\u00e5 det: kun to timer om formiddagen, en times grammatik og en times samtale-praktik.<\/p>\n<p>[\/et_pb_text][et_pb_text admin_label=&#8221;DATE&#8221; _builder_version=&#8221;4.25.1&#8243; text_orientation=&#8221;justified&#8221; module_alignment=&#8221;justified&#8221; hover_enabled=&#8221;0&#8243; global_colors_info=&#8221;{}&#8221; sticky_enabled=&#8221;0&#8243;]<\/p>\n<h3>Datoer for begynder kursernes start i l\u00f8bet af \u00e5ret 2025<\/h3>\n<p>Italiensk sprogkurser ventes i 2025.<\/p>\n\n<table id=\"tablepress-98\" class=\"tablepress tablepress-id-98\">\n<thead>\n<tr class=\"row-1\">\n\t<th class=\"column-1\">MESE<\/th><td class=\"column-2\"><\/td><td class=\"column-3\"><\/td><td class=\"column-4\"><\/td><td class=\"column-5\"><\/td><th class=\"column-6\">MESE<\/th><td class=\"column-7\"><\/td><td class=\"column-8\"><\/td><td class=\"column-9\"><\/td>\n<\/tr>\n<\/thead>\n<tbody>\n<tr class=\"row-2\">\n\t<td class=\"column-1\">GENNAIO<\/td><td class=\"column-2\">4<\/td><td class=\"column-3\">11<\/td><td class=\"column-4\">25<\/td><td class=\"column-5\"><\/td><td class=\"column-6\">LUGLIO<\/td><td class=\"column-7\">5<\/td><td class=\"column-8\">19<\/td><td class=\"column-9\">26<\/td>\n<\/tr>\n<tr class=\"row-3\">\n\t<td class=\"column-1\">FEBBRAIO<\/td><td class=\"column-2\">1<\/td><td class=\"column-3\">15<\/td><td class=\"column-4\"><\/td><td class=\"column-5\"><\/td><td class=\"column-6\">AGOSTO<\/td><td class=\"column-7\">2<\/td><td class=\"column-8\">16<\/td><td class=\"column-9\">30<\/td>\n<\/tr>\n<tr class=\"row-4\">\n\t<td class=\"column-1\">MARZO<\/td><td class=\"column-2\">1<\/td><td class=\"column-3\">15<\/td><td class=\"column-4\">30<\/td><td class=\"column-5\"><\/td><td class=\"column-6\">SETTEMBRE<\/td><td class=\"column-7\">6<\/td><td class=\"column-8\">20<\/td><td class=\"column-9\">27<\/td>\n<\/tr>\n<tr class=\"row-5\">\n\t<td class=\"column-1\">APRILE <\/td><td class=\"column-2\">12<\/td><td class=\"column-3\">26<\/td><td class=\"column-4\"><\/td><td class=\"column-5\"><\/td><td class=\"column-6\">OTTOBRE<\/td><td class=\"column-7\">4<\/td><td class=\"column-8\">18<\/td><td class=\"column-9\"><\/td>\n<\/tr>\n<tr class=\"row-6\">\n\t<td class=\"column-1\">MAGGIO <\/td><td class=\"column-2\">10<\/td><td class=\"column-3\">24<\/td><td class=\"column-4\">31<\/td><td class=\"column-5\"><\/td><td class=\"column-6\">NOVEMBRE<\/td><td class=\"column-7\">1<\/td><td class=\"column-8\">22<\/td><td class=\"column-9\">29<\/td>\n<\/tr>\n<tr class=\"row-7\">\n\t<td class=\"column-1\">GIUGNO <\/td><td class=\"column-2\">14<\/td><td class=\"column-3\">28<\/td><td class=\"column-4\"><\/td><td class=\"column-5\"><\/td><td class=\"column-6\">DICEMBRE<\/td><td class=\"column-7\">6<\/td><td class=\"column-8\">13<\/td><td class=\"column-9\"><\/td>\n<\/tr>\n<\/tbody>\n<\/table>\n<!-- #tablepress-98 from cache -->\n<p>[\/et_pb_text][\/et_pb_column_inner][\/et_pb_row_inner][et_pb_row_inner admin_label=&#8221;Riga&#8221; _builder_version=&#8221;4.16&#8243; custom_padding=&#8221;0px|0px|0px|0px&#8221; global_colors_info=&#8221;{}&#8221;][et_pb_column_inner saved_specialty_column_type=&#8221;3_4&#8243; _builder_version=&#8221;4.16&#8243; custom_padding=&#8221;|||&#8221; global_colors_info=&#8221;{}&#8221; custom_padding__hover=&#8221;|||&#8221;][et_pb_text _builder_version=&#8221;4.16&#8243; text_orientation=&#8221;justified&#8221; module_alignment=&#8221;justified&#8221; global_colors_info=&#8221;{}&#8221;]<\/p>\n<h3><span style=\"color: #ff6600;\">Italienske kurser Au-Pair &#8211; 64 timer \/1 m\u00e5ned &#8211; (For Au-Pair piger)<\/span><\/h3>\n<p align=\"left\">2 timer om dagen, 3 dage om ugen, i alt 24 timers undervisning + mulighed for 40 timers rekreativt og kulturelt program.<\/p>\n<p align=\"left\">Dette kursus er tilt\u00e6nkt til studenter, der vil arbejde som <a href=\"dk-italiensk-kursus-aupairs\"><strong>Au-Pair i Firenze<\/strong><\/a>. De tager sig af byens b\u00f8rn og p\u00e5 samme tidspunkt modtager de undervisning i sproget i to timer om dagen tre dage i ugen.<\/p>\n<h4>Kontakt Parola i Firenze<\/h4>\n<p>For yderligere oplysninger\u00a0<a title=\"Kontakt Parola i Firenze\" href=\"dk-kontakt-skole?et_fb=1\"><strong>kontakt<\/strong><\/a>\u00a0venligst skolen. Vi vil med gl\u00e6de svare p\u00e5 alle sp\u00f8rgsm\u00e5l ang\u00e5ende vores italienske kurser og aktiviteter i Firenze.<\/p>\n<p>[\/et_pb_text][\/et_pb_column_inner][\/et_pb_row_inner][et_pb_row_inner admin_label=&#8221;Riga&#8221; _builder_version=&#8221;4.16&#8243; global_colors_info=&#8221;{}&#8221;][et_pb_column_inner saved_specialty_column_type=&#8221;3_4&#8243; _builder_version=&#8221;4.16&#8243; custom_padding=&#8221;|||&#8221; global_colors_info=&#8221;{}&#8221; custom_padding__hover=&#8221;|||&#8221;][et_pb_button button_url=&#8221;https:\/\/www.parola.it\/da\/dk-kontakt-skole?et_fb=1&#8243; button_text=&#8221;KONTAKTE&#8221; button_alignment=&#8221;left&#8221; _builder_version=&#8221;4.16&#8243; background_layout=&#8221;dark&#8221; global_colors_info=&#8221;{}&#8221; button_text_size__hover_enabled=&#8221;off&#8221; button_one_text_size__hover_enabled=&#8221;off&#8221; button_two_text_size__hover_enabled=&#8221;off&#8221; button_text_color__hover_enabled=&#8221;off&#8221; button_one_text_color__hover_enabled=&#8221;off&#8221; button_two_text_color__hover_enabled=&#8221;off&#8221; button_border_width__hover_enabled=&#8221;off&#8221; button_one_border_width__hover_enabled=&#8221;off&#8221; button_two_border_width__hover_enabled=&#8221;off&#8221; button_border_color__hover_enabled=&#8221;off&#8221; button_one_border_color__hover_enabled=&#8221;off&#8221; button_two_border_color__hover_enabled=&#8221;off&#8221; button_border_radius__hover_enabled=&#8221;off&#8221; button_one_border_radius__hover_enabled=&#8221;off&#8221; button_two_border_radius__hover_enabled=&#8221;off&#8221; button_letter_spacing__hover_enabled=&#8221;off&#8221; button_one_letter_spacing__hover_enabled=&#8221;off&#8221; button_two_letter_spacing__hover_enabled=&#8221;off&#8221; button_bg_color__hover_enabled=&#8221;off&#8221; button_one_bg_color__hover_enabled=&#8221;off&#8221; button_two_bg_color__hover_enabled=&#8221;off&#8221;]&nbsp;<br \/>\n[\/et_pb_button][\/et_pb_column_inner][\/et_pb_row_inner][\/et_pb_column][et_pb_column type=&#8221;1_4&#8243; _builder_version=&#8221;4.16&#8243; custom_padding=&#8221;|||&#8221; global_colors_info=&#8221;{}&#8221; custom_padding__hover=&#8221;|||&#8221;][et_pb_text _builder_version=&#8221;4.16&#8243; module_alignment=&#8221;left&#8221; global_colors_info=&#8221;{}&#8221;]<\/p>\n<h5><span style=\"font-size: x-large; color: #0c71c3;\"><strong>KONTAKT OS<\/strong><\/span><\/h5>\n<h5><span style=\"color: #000000; font-size: medium;\">Oplysninger om sprogskole<\/span><\/h5>\n<p>\u00a0 Send os en e-mail:\u00a0<strong><a href=\"mailto:info@parola.it\">info@parola.it<\/a><\/strong><\/p>\n<p>\u00a0Ring til os:\u00a0<a href=\"tel:+39055242182\"><strong>+39 055242182<\/strong><\/a> or <a href=\"tel:+393288997420\"><strong>+39 328 8997420<\/strong><\/a><\/p>\n<p>\u00a0Bes\u00f8ge skolen:<\/p>\n<p><a href=\"#\"><strong>Borgo Santa Croce, 17 50122 Florence<\/strong><\/a><\/p>\n<p>[\/et_pb_text][et_pb_social_media_follow url_new_window=&#8221;off&#8221; admin_label=&#8221;SOCIAL MEDIA LOGO&#8221; _builder_version=&#8221;4.16&#8243; background_layout=&#8221;dark&#8221; height=&#8221;50px&#8221; saved_tabs=&#8221;all&#8221; global_colors_info=&#8221;{}&#8221;][et_pb_social_media_follow_network social_network=&#8221;facebook&#8221; url=&#8221;https:\/\/www.facebook.com\/online.italian.course&#8221; _builder_version=&#8221;4.16&#8243; background_color=&#8221;#3b5998&#8243; global_colors_info=&#8221;{}&#8221; follow_button=&#8221;off&#8221; url_new_window=&#8221;off&#8221;]<\/p>\n<p>Facebook<\/p>\n<p>[\/et_pb_social_media_follow_network][et_pb_social_media_follow_network social_network=&#8221;twitter&#8221; url=&#8221;https:\/\/twitter.com\/&#8221; _builder_version=&#8221;4.22.2&#8243; background_color=&#8221;#000000&#8243; global_colors_info=&#8221;{}&#8221; follow_button=&#8221;off&#8221; url_new_window=&#8221;off&#8221;]<\/p>\n<p>Twitter<\/p>\n<p>[\/et_pb_social_media_follow_network][et_pb_social_media_follow_network social_network=&#8221;linkedin&#8221; url=&#8221;https:\/\/www.linkedin.com\/feed\/&#8221; _builder_version=&#8221;4.16&#8243; background_color=&#8221;#007bb6&#8243; global_colors_info=&#8221;{}&#8221; follow_button=&#8221;off&#8221; url_new_window=&#8221;off&#8221;]<\/p>\n<p>LinkedIn<\/p>\n<p>[\/et_pb_social_media_follow_network][et_pb_social_media_follow_network social_network=&#8221;instagram&#8221; url=&#8221;https:\/\/www.instagram.com\/scuola_parola\/?hl=it&#8221; _builder_version=&#8221;4.16&#8243; background_color=&#8221;#ea2c59&#8243; global_colors_info=&#8221;{}&#8221; follow_button=&#8221;off&#8221; url_new_window=&#8221;off&#8221;]<\/p>\n<p>Instagram<\/p>\n<p>[\/et_pb_social_media_follow_network][\/et_pb_social_media_follow][et_pb_image src=&#8221;https:\/\/www.parola.it\/wp-content\/uploads\/2019\/11\/cils-certified-center.png&#8221; alt=&#8221;CILS logo of Parola Italian language school&#8221; url=&#8221;https:\/\/www.unistrasi.it\/2\/531\/2761\/CILS_centre.htm&#8221; admin_label=&#8221;CILS Certified&#8221; _builder_version=&#8221;4.16&#8243; custom_margin=&#8221;||10px|0px|false|false&#8221; custom_padding=&#8221;|||26px|false|false&#8221; z_index_tablet=&#8221;500&#8243; box_shadow_horizontal_tablet=&#8221;0px&#8221; box_shadow_vertical_tablet=&#8221;0px&#8221; box_shadow_blur_tablet=&#8221;40px&#8221; box_shadow_spread_tablet=&#8221;0px&#8221; saved_tabs=&#8221;all&#8221; global_colors_info=&#8221;{}&#8221;][\/et_pb_image][et_pb_text admin_label=&#8221;Language international&#8221; _builder_version=&#8221;4.16&#8243; z_index_tablet=&#8221;500&#8243; text_text_shadow_horizontal_length_tablet=&#8221;0px&#8221; text_text_shadow_vertical_length_tablet=&#8221;0px&#8221; text_text_shadow_blur_strength_tablet=&#8221;1px&#8221; link_text_shadow_horizontal_length_tablet=&#8221;0px&#8221; link_text_shadow_vertical_length_tablet=&#8221;0px&#8221; link_text_shadow_blur_strength_tablet=&#8221;1px&#8221; ul_text_shadow_horizontal_length_tablet=&#8221;0px&#8221; ul_text_shadow_vertical_length_tablet=&#8221;0px&#8221; ul_text_shadow_blur_strength_tablet=&#8221;1px&#8221; ol_text_shadow_horizontal_length_tablet=&#8221;0px&#8221; ol_text_shadow_vertical_length_tablet=&#8221;0px&#8221; ol_text_shadow_blur_strength_tablet=&#8221;1px&#8221; quote_text_shadow_horizontal_length_tablet=&#8221;0px&#8221; quote_text_shadow_vertical_length_tablet=&#8221;0px&#8221; quote_text_shadow_blur_strength_tablet=&#8221;1px&#8221; header_text_shadow_horizontal_length_tablet=&#8221;0px&#8221; header_text_shadow_vertical_length_tablet=&#8221;0px&#8221; header_text_shadow_blur_strength_tablet=&#8221;1px&#8221; header_2_text_shadow_horizontal_length_tablet=&#8221;0px&#8221; header_2_text_shadow_vertical_length_tablet=&#8221;0px&#8221; header_2_text_shadow_blur_strength_tablet=&#8221;1px&#8221; header_3_text_shadow_horizontal_length_tablet=&#8221;0px&#8221; header_3_text_shadow_vertical_length_tablet=&#8221;0px&#8221; header_3_text_shadow_blur_strength_tablet=&#8221;1px&#8221; header_4_text_shadow_horizontal_length_tablet=&#8221;0px&#8221; header_4_text_shadow_vertical_length_tablet=&#8221;0px&#8221; header_4_text_shadow_blur_strength_tablet=&#8221;1px&#8221; header_5_text_shadow_horizontal_length_tablet=&#8221;0px&#8221; header_5_text_shadow_vertical_length_tablet=&#8221;0px&#8221; header_5_text_shadow_blur_strength_tablet=&#8221;1px&#8221; header_6_text_shadow_horizontal_length_tablet=&#8221;0px&#8221; header_6_text_shadow_vertical_length_tablet=&#8221;0px&#8221; header_6_text_shadow_blur_strength_tablet=&#8221;1px&#8221; box_shadow_horizontal_tablet=&#8221;0px&#8221; box_shadow_vertical_tablet=&#8221;0px&#8221; box_shadow_blur_tablet=&#8221;40px&#8221; box_shadow_spread_tablet=&#8221;0px&#8221; saved_tabs=&#8221;all&#8221; global_colors_info=&#8221;{}&#8221;]<\/p>\n<div id=\"LI-CEO\"><script src=\"https:\/\/www.languageinternational.com\/badge\/coe?id=68832\"><\/script><\/div>\n<p>[\/et_pb_text][et_pb_text _builder_version=&#8221;4.16&#8243; module_alignment=&#8221;left&#8221; custom_margin=&#8221;40px|||&#8221; global_colors_info=&#8221;{}&#8221;]<\/p>\n<p><strong><span style=\"color: #0c71c3;\">VORES KURSER<\/span><\/strong><\/p>\n<p><a href=\"dk-italiensk-kurser-firenze\"><strong>ITALIENSKE KURSER<\/strong><\/a><\/p>\n<p><a href=\"dk-individuelle-kurser-italiensk\"><strong>INDIVIDUELLE KURSER<\/strong><\/a><\/p>\n<p><a href=\"dk-aftenkurser-italiensk-firenze\"><strong>AFTERKURSER<\/strong><\/a><\/p>\n<p><a href=\"dk-italiensk-tegnetimer-firenze\"><strong>ITALIENSK OG TEGNETIMER<\/strong><\/a><\/p>\n<p><a href=\"https:\/\/www.parola.it\/da\/priser\/\"><strong>KURSUS PRISERNE<\/strong><\/a><\/p>\n<p><a href=\"dk-cils-firenze\"><strong>CILS CERTIFIKAT<\/strong><\/a><\/p>\n<p>[\/et_pb_text][et_pb_testimonial author=&#8221;Alina Jordan, Germany&#8221; quote_icon_color=&#8221;#ff6600&#8243; admin_label=&#8221;Testimonial inglese 1&#8243; _builder_version=&#8221;4.16&#8243; global_colors_info=&#8221;{}&#8221;]&#8221;What a nice experience! The school staff is nice and friendly, with very proactive teachers. Such a great idea to go eat Pizza or have &#8220;Aperitif&#8221; with the other students and a teacher.&#8221;<br \/>\n[\/et_pb_testimonial][et_pb_testimonial author=&#8221;Claire Morisseau, France&#8221; quote_icon_color=&#8221;#ff6600&#8243; admin_label=&#8221;Testimonial inglese 2&#8243; _builder_version=&#8221;4.16&#8243; global_colors_info=&#8221;{}&#8221;]&#8221;I have spent many good days at the school Parola. I worked as an Au Pair and I found good friends during the Italian courses!&#8221;<br \/>\n[\/et_pb_testimonial][et_pb_testimonial author=&#8221;Hakan Yapar, Turkey&#8221; quote_icon_color=&#8221;#ff6600&#8243; admin_label=&#8221;Testimonial inglese 3&#8243; _builder_version=&#8221;4.16&#8243; global_colors_info=&#8221;{}&#8221;]&#8221;Efficient and available for any questions, especially when I have risked to miss my airplane! Great help during my language course in Florence!&#8221;<br \/>\n[\/et_pb_testimonial][et_pb_image src=&#8221;https:\/\/www.parola.it\/wp-content\/uploads\/2021\/02\/scuola-parola-scritta.jpg&#8221; alt=&#8221;Scritta verticale della scuola Parola di Firenze&#8221; title_text=&#8221;Logo striscia della scuola Parola&#8221; admin_label=&#8221;Parola verticale&#8221; _builder_version=&#8221;4.16&#8243; _module_preset=&#8221;default&#8221; global_colors_info=&#8221;{}&#8221;][\/et_pb_image][\/et_pb_column][\/et_pb_section]<\/p>\n","protected":false},"excerpt":{"rendered":"<p>Italienske kurser i Firenze med Parola skole S\u00e5ledes er kurserne tilrettelagt i Firenze P\u00e5 Parola-skolen er der kurser hele \u00e5ret\u00a0fra mandag til fredag i Firenzes historiske centrum. I skolens lokaler er der lektioner b\u00e5de om for- og eftermiddag. De forskellige kurser er meget varierende da Parola har viel forskellige kursusmuligheder i italiensk, der sikrer en [&hellip;]<\/p>\n","protected":false},"author":1,"featured_media":32083,"parent":0,"menu_order":0,"comment_status":"closed","ping_status":"closed","template":"","meta":{"_et_pb_use_builder":"on","_et_pb_old_content":"","_et_gb_content_width":"","footnotes":""},"class_list":["post-3832","page","type-page","status-publish","has-post-thumbnail","hentry"],"yoast_head":"<!-- This site is optimized with the Yoast SEO plugin v27.4 - https:\/\/yoast.com\/product\/yoast-seo-wordpress\/ -->\n<title>Italienske sprogkurser i Firenze til gode priser | Parola School<\/title>\n<meta name=\"description\" content=\"L\u00e6r italiensk med vores italienske sprogkurser i Firenze. Parola school har en r\u00e6kke sprogprogrammer og uddannelsesaktiviteter.\" \/>\n<meta name=\"robots\" content=\"index, follow, max-snippet:-1, max-image-preview:large, max-video-preview:-1\" \/>\n<link rel=\"canonical\" href=\"https:\/\/www.parola.it\/da\/dk-italiensk-kurser-firenze\/\" \/>\n<meta property=\"og:locale\" content=\"da_DK\" \/>\n<meta property=\"og:type\" content=\"article\" \/>\n<meta property=\"og:title\" content=\"Italienske sprogkurser i Firenze til gode priser | Parola School\" \/>\n<meta property=\"og:description\" content=\"L\u00e6r italiensk med vores italienske sprogkurser i Firenze. Parola school har en r\u00e6kke sprogprogrammer og uddannelsesaktiviteter.\" \/>\n<meta property=\"og:url\" content=\"https:\/\/www.parola.it\/da\/dk-italiensk-kurser-firenze\/\" \/>\n<meta property=\"og:site_name\" content=\"Italian Language School in Florence | Parola School\" \/>\n<meta property=\"article:publisher\" content=\"https:\/\/www.facebook.com\/Italian.language.school.florence\/\" \/>\n<meta property=\"article:modified_time\" content=\"2025-03-24T12:07:09+00:00\" \/>\n<meta property=\"og:image\" content=\"https:\/\/www.parola.it\/wp-content\/uploads\/2019\/10\/group-italian-language-course.jpg\" \/>\n\t<meta property=\"og:image:width\" content=\"1920\" \/>\n\t<meta property=\"og:image:height\" content=\"1080\" \/>\n\t<meta property=\"og:image:type\" content=\"image\/jpeg\" \/>\n<meta name=\"twitter:card\" content=\"summary_large_image\" \/>\n<meta name=\"twitter:site\" content=\"@Parola_School\" \/>\n<meta name=\"twitter:label1\" content=\"Estimeret l\u00e6setid\" \/>\n\t<meta name=\"twitter:data1\" content=\"6 minutter\" \/>\n<script type=\"application\/ld+json\" class=\"yoast-schema-graph\">{\"@context\":\"https:\\\/\\\/schema.org\",\"@graph\":[{\"@type\":\"WebPage\",\"@id\":\"https:\\\/\\\/www.parola.it\\\/da\\\/dk-italiensk-kurser-firenze\\\/\",\"url\":\"https:\\\/\\\/www.parola.it\\\/da\\\/dk-italiensk-kurser-firenze\\\/\",\"name\":\"Italienske sprogkurser i Firenze til gode priser | Parola School\",\"isPartOf\":{\"@id\":\"https:\\\/\\\/www.parola.it\\\/#website\"},\"primaryImageOfPage\":{\"@id\":\"https:\\\/\\\/www.parola.it\\\/da\\\/dk-italiensk-kurser-firenze\\\/#primaryimage\"},\"image\":{\"@id\":\"https:\\\/\\\/www.parola.it\\\/da\\\/dk-italiensk-kurser-firenze\\\/#primaryimage\"},\"thumbnailUrl\":\"https:\\\/\\\/www.parola.it\\\/wp-content\\\/uploads\\\/2019\\\/10\\\/group-italian-language-course.jpg\",\"datePublished\":\"2017-10-06T11:26:31+00:00\",\"dateModified\":\"2025-03-24T12:07:09+00:00\",\"description\":\"L\u00e6r italiensk med vores italienske sprogkurser i Firenze. Parola school har en r\u00e6kke sprogprogrammer og uddannelsesaktiviteter.\",\"breadcrumb\":{\"@id\":\"https:\\\/\\\/www.parola.it\\\/da\\\/dk-italiensk-kurser-firenze\\\/#breadcrumb\"},\"inLanguage\":\"da-DK\",\"potentialAction\":[{\"@type\":\"ReadAction\",\"target\":[\"https:\\\/\\\/www.parola.it\\\/da\\\/dk-italiensk-kurser-firenze\\\/\"]}]},{\"@type\":\"ImageObject\",\"inLanguage\":\"da-DK\",\"@id\":\"https:\\\/\\\/www.parola.it\\\/da\\\/dk-italiensk-kurser-firenze\\\/#primaryimage\",\"url\":\"https:\\\/\\\/www.parola.it\\\/wp-content\\\/uploads\\\/2019\\\/10\\\/group-italian-language-course.jpg\",\"contentUrl\":\"https:\\\/\\\/www.parola.it\\\/wp-content\\\/uploads\\\/2019\\\/10\\\/group-italian-language-course.jpg\",\"width\":1920,\"height\":1080,\"caption\":\"Italian language course in Florence with Nadia\"},{\"@type\":\"BreadcrumbList\",\"@id\":\"https:\\\/\\\/www.parola.it\\\/da\\\/dk-italiensk-kurser-firenze\\\/#breadcrumb\",\"itemListElement\":[{\"@type\":\"ListItem\",\"position\":1,\"name\":\"Accueil\",\"item\":\"https:\\\/\\\/www.parola.it\\\/da\\\/home-2\\\/\"},{\"@type\":\"ListItem\",\"position\":2,\"name\":\"ITALIENSKE KURSER\"}]},{\"@type\":\"WebSite\",\"@id\":\"https:\\\/\\\/www.parola.it\\\/#website\",\"url\":\"https:\\\/\\\/www.parola.it\\\/\",\"name\":\"Italian Language School in Florence | Parola School\",\"description\":\"Learn Italian with Parola Italian language school in Florence. Language courses at a competitive price with quality teaching.\",\"publisher\":{\"@id\":\"https:\\\/\\\/www.parola.it\\\/#organization\"},\"alternateName\":\"Parola School\",\"potentialAction\":[{\"@type\":\"SearchAction\",\"target\":{\"@type\":\"EntryPoint\",\"urlTemplate\":\"https:\\\/\\\/www.parola.it\\\/?s={search_term_string}\"},\"query-input\":{\"@type\":\"PropertyValueSpecification\",\"valueRequired\":true,\"valueName\":\"search_term_string\"}}],\"inLanguage\":\"da-DK\"},{\"@type\":\"Organization\",\"@id\":\"https:\\\/\\\/www.parola.it\\\/#organization\",\"name\":\"Parola Italian Language School in Florence\",\"alternateName\":\"Italian Language Courses in Florence\",\"url\":\"https:\\\/\\\/www.parola.it\\\/\",\"logo\":{\"@type\":\"ImageObject\",\"inLanguage\":\"da-DK\",\"@id\":\"https:\\\/\\\/www.parola.it\\\/#\\\/schema\\\/logo\\\/image\\\/\",\"url\":\"https:\\\/\\\/www.parola.it\\\/wp-content\\\/uploads\\\/2019\\\/03\\\/logo-parola-language-school-1-e1721760774400.png\",\"contentUrl\":\"https:\\\/\\\/www.parola.it\\\/wp-content\\\/uploads\\\/2019\\\/03\\\/logo-parola-language-school-1-e1721760774400.png\",\"width\":145,\"height\":53,\"caption\":\"Parola Italian Language School in Florence\"},\"image\":{\"@id\":\"https:\\\/\\\/www.parola.it\\\/#\\\/schema\\\/logo\\\/image\\\/\"},\"sameAs\":[\"https:\\\/\\\/www.facebook.com\\\/Italian.language.school.florence\\\/\",\"https:\\\/\\\/x.com\\\/Parola_School\",\"https:\\\/\\\/www.instagram.com\\\/scuola_parola\\\/?hl=it\",\"https:\\\/\\\/www.linkedin.com\\\/in\\\/parola-italian-language-school-0a504114\\\/\",\"https:\\\/\\\/it.pinterest.com\\\/pin\\\/10344274122092210\\\/\",\"https:\\\/\\\/www.youtube.com\\\/channel\\\/UCKQkiBkXnIh9Df27KWD66rA?view_as=subscriber\",\"https:\\\/\\\/www.tripadvisor.com\\\/Attraction_Review-g187895-d4133618-Reviews-Parola_Italian_Language_School-Florence_Tuscany\"]}]}<\/script>\n<!-- \/ Yoast SEO plugin. -->","yoast_head_json":{"title":"Italienske sprogkurser i Firenze til gode priser | Parola School","description":"L\u00e6r italiensk med vores italienske sprogkurser i Firenze. Parola school har en r\u00e6kke sprogprogrammer og uddannelsesaktiviteter.","robots":{"index":"index","follow":"follow","max-snippet":"max-snippet:-1","max-image-preview":"max-image-preview:large","max-video-preview":"max-video-preview:-1"},"canonical":"https:\/\/www.parola.it\/da\/dk-italiensk-kurser-firenze\/","og_locale":"da_DK","og_type":"article","og_title":"Italienske sprogkurser i Firenze til gode priser | Parola School","og_description":"L\u00e6r italiensk med vores italienske sprogkurser i Firenze. Parola school har en r\u00e6kke sprogprogrammer og uddannelsesaktiviteter.","og_url":"https:\/\/www.parola.it\/da\/dk-italiensk-kurser-firenze\/","og_site_name":"Italian Language School in Florence | Parola School","article_publisher":"https:\/\/www.facebook.com\/Italian.language.school.florence\/","article_modified_time":"2025-03-24T12:07:09+00:00","og_image":[{"width":1920,"height":1080,"url":"https:\/\/www.parola.it\/wp-content\/uploads\/2019\/10\/group-italian-language-course.jpg","type":"image\/jpeg"}],"twitter_card":"summary_large_image","twitter_site":"@Parola_School","twitter_misc":{"Estimeret l\u00e6setid":"6 minutter"},"schema":{"@context":"https:\/\/schema.org","@graph":[{"@type":"WebPage","@id":"https:\/\/www.parola.it\/da\/dk-italiensk-kurser-firenze\/","url":"https:\/\/www.parola.it\/da\/dk-italiensk-kurser-firenze\/","name":"Italienske sprogkurser i Firenze til gode priser | Parola School","isPartOf":{"@id":"https:\/\/www.parola.it\/#website"},"primaryImageOfPage":{"@id":"https:\/\/www.parola.it\/da\/dk-italiensk-kurser-firenze\/#primaryimage"},"image":{"@id":"https:\/\/www.parola.it\/da\/dk-italiensk-kurser-firenze\/#primaryimage"},"thumbnailUrl":"https:\/\/www.parola.it\/wp-content\/uploads\/2019\/10\/group-italian-language-course.jpg","datePublished":"2017-10-06T11:26:31+00:00","dateModified":"2025-03-24T12:07:09+00:00","description":"L\u00e6r italiensk med vores italienske sprogkurser i Firenze. Parola school har en r\u00e6kke sprogprogrammer og uddannelsesaktiviteter.","breadcrumb":{"@id":"https:\/\/www.parola.it\/da\/dk-italiensk-kurser-firenze\/#breadcrumb"},"inLanguage":"da-DK","potentialAction":[{"@type":"ReadAction","target":["https:\/\/www.parola.it\/da\/dk-italiensk-kurser-firenze\/"]}]},{"@type":"ImageObject","inLanguage":"da-DK","@id":"https:\/\/www.parola.it\/da\/dk-italiensk-kurser-firenze\/#primaryimage","url":"https:\/\/www.parola.it\/wp-content\/uploads\/2019\/10\/group-italian-language-course.jpg","contentUrl":"https:\/\/www.parola.it\/wp-content\/uploads\/2019\/10\/group-italian-language-course.jpg","width":1920,"height":1080,"caption":"Italian language course in Florence with Nadia"},{"@type":"BreadcrumbList","@id":"https:\/\/www.parola.it\/da\/dk-italiensk-kurser-firenze\/#breadcrumb","itemListElement":[{"@type":"ListItem","position":1,"name":"Accueil","item":"https:\/\/www.parola.it\/da\/home-2\/"},{"@type":"ListItem","position":2,"name":"ITALIENSKE KURSER"}]},{"@type":"WebSite","@id":"https:\/\/www.parola.it\/#website","url":"https:\/\/www.parola.it\/","name":"Italian Language School in Florence | Parola School","description":"Learn Italian with Parola Italian language school in Florence. Language courses at a competitive price with quality teaching.","publisher":{"@id":"https:\/\/www.parola.it\/#organization"},"alternateName":"Parola School","potentialAction":[{"@type":"SearchAction","target":{"@type":"EntryPoint","urlTemplate":"https:\/\/www.parola.it\/?s={search_term_string}"},"query-input":{"@type":"PropertyValueSpecification","valueRequired":true,"valueName":"search_term_string"}}],"inLanguage":"da-DK"},{"@type":"Organization","@id":"https:\/\/www.parola.it\/#organization","name":"Parola Italian Language School in Florence","alternateName":"Italian Language Courses in Florence","url":"https:\/\/www.parola.it\/","logo":{"@type":"ImageObject","inLanguage":"da-DK","@id":"https:\/\/www.parola.it\/#\/schema\/logo\/image\/","url":"https:\/\/www.parola.it\/wp-content\/uploads\/2019\/03\/logo-parola-language-school-1-e1721760774400.png","contentUrl":"https:\/\/www.parola.it\/wp-content\/uploads\/2019\/03\/logo-parola-language-school-1-e1721760774400.png","width":145,"height":53,"caption":"Parola Italian Language School in Florence"},"image":{"@id":"https:\/\/www.parola.it\/#\/schema\/logo\/image\/"},"sameAs":["https:\/\/www.facebook.com\/Italian.language.school.florence\/","https:\/\/x.com\/Parola_School","https:\/\/www.instagram.com\/scuola_parola\/?hl=it","https:\/\/www.linkedin.com\/in\/parola-italian-language-school-0a504114\/","https:\/\/it.pinterest.com\/pin\/10344274122092210\/","https:\/\/www.youtube.com\/channel\/UCKQkiBkXnIh9Df27KWD66rA?view_as=subscriber","https:\/\/www.tripadvisor.com\/Attraction_Review-g187895-d4133618-Reviews-Parola_Italian_Language_School-Florence_Tuscany"]}]}},"_links":{"self":[{"href":"https:\/\/www.parola.it\/da\/wp-json\/wp\/v2\/pages\/3832","targetHints":{"allow":["GET"]}}],"collection":[{"href":"https:\/\/www.parola.it\/da\/wp-json\/wp\/v2\/pages"}],"about":[{"href":"https:\/\/www.parola.it\/da\/wp-json\/wp\/v2\/types\/page"}],"author":[{"embeddable":true,"href":"https:\/\/www.parola.it\/da\/wp-json\/wp\/v2\/users\/1"}],"replies":[{"embeddable":true,"href":"https:\/\/www.parola.it\/da\/wp-json\/wp\/v2\/comments?post=3832"}],"version-history":[{"count":5,"href":"https:\/\/www.parola.it\/da\/wp-json\/wp\/v2\/pages\/3832\/revisions"}],"predecessor-version":[{"id":75298,"href":"https:\/\/www.parola.it\/da\/wp-json\/wp\/v2\/pages\/3832\/revisions\/75298"}],"wp:featuredmedia":[{"embeddable":true,"href":"https:\/\/www.parola.it\/da\/wp-json\/wp\/v2\/media\/32083"}],"wp:attachment":[{"href":"https:\/\/www.parola.it\/da\/wp-json\/wp\/v2\/media?parent=3832"}],"curies":[{"name":"wp","href":"https:\/\/api.w.org\/{rel}","templated":true}]}}